{"id":5138,"date":"2023-11-07T22:11:25","date_gmt":"2023-11-07T21:11:25","guid":{"rendered":"https:\/\/behinderung-und-flucht.isl-ev.de\/?page_id=5138"},"modified":"2024-05-22T00:05:34","modified_gmt":"2024-05-21T22:05:34","slug":"%d0%ba%d0%be%d0%bd%d1%86%d0%b5%d1%80%d1%82%d0%b8-2","status":"publish","type":"page","link":"https:\/\/behinderung-und-flucht.isl-ev.de\/uk\/%d0%bf%d1%83%d1%82%d1%96%d0%b2%d0%bd%d0%b8%d0%ba-%d0%bf%d0%be-%d0%ba%d1%83%d0%bb%d1%8c%d1%82%d1%83%d1%80%d1%96\/%d0%bc%d1%8e%d0%bd%d1%85%d0%b5%d0%bd%d1%96\/%d0%ba%d0%be%d0%bd%d1%86%d0%b5%d1%80%d1%82%d0%b8-2\/","title":{"rendered":"\u041a\u043e\u043d\u0446\u0435\u0440\u0442\u0438 \u00a0"},"content":{"rendered":"\n<p><\/p>\n\n\n\n<div id=\"wp-block-themeisle-blocks-accordion-35e4df50\" data-has-schema=\"false\" class=\"wp-block-themeisle-blocks-accordion exclusive has-gap\">\n<details class=\"wp-block-themeisle-blocks-accordion-item\"><summary class=\"wp-block-themeisle-blocks-accordion-item__title\"><h2>\u00abMuffathalle\u00bb \u00a0<img decoding=\"async\" class=\"wp-image-2999\" style=\"width: 60px\" src=\"https:\/\/behinderung-und-flucht.isl-ev.de\/wp-content\/uploads\/2023\/02\/WKU-Icons_Zugaenglich-mit-Rollstuhl.svg\" alt=\"Zug\u00e4nglich mit Rollstuhl Den Gast erwarten keine Treppen, ggfs. ist eine Rampe vorhanden.\"><img decoding=\"async\" class=\"wp-image-2931\" style=\"width: 60px\" src=\"https:\/\/behinderung-und-flucht.isl-ev.de\/wp-content\/uploads\/2023\/02\/WKU-Icons_Barrierefreie-Toilette.svg\" alt=\"Barrierefreie Toilette Die Toilette ist barrierefrei zug\u00e4nglich und rollstuhlgerecht eingerichtet\"><img decoding=\"async\" class=\"wp-image-2947\" style=\"width: 60px;\" src=\"https:\/\/behinderung-und-flucht.isl-ev.de\/wp-content\/uploads\/2023\/02\/WKU-Icons_Behindertenparkplaetze-vorhanden.svg\" alt=\"Behindertenparkpl\u00e4tze vorhanden Es stehen gekennzeichnete Parkpl\u00e4tze in Eingangsn\u00e4he zur Verf\u00fcgung.\"><\/h2><\/summary><div class=\"wp-block-themeisle-blocks-accordion-item__content\">\n<h3 class=\"wp-block-heading\">\u00abMuffathalle\u00bb \u00a0<\/h3>\n\n\n\n<p><strong>\u041f\u043e\u044f\u0441\u043d\u0435\u043d\u043d\u044f &nbsp;<\/strong><\/p>\n\n\n\n<p>Muffathalle &#8211; \u043f\u043e\u043f\u0443\u043b\u044f\u0440\u043d\u0435 \u043c\u0456\u0441\u0446\u0435 \u0434\u043b\u044f \u043f\u0440\u043e\u0432\u0435\u0434\u0435\u043d\u043d\u044f \u043a\u043e\u043d\u0446\u0435\u0440\u0442\u0456\u0432 \u0443 \u041c\u044e\u043d\u0445\u0435\u043d\u0456. \u0412\u0456\u043d \u0454 \u0447\u0430\u0441\u0442\u0438\u043d\u043e\u044e \u0442\u0435\u0440\u0438\u0442\u043e\u0440\u0456\u0457 Muffatwerk. \u0422\u0443\u0442 \u0432\u0456\u0434\u0431\u0443\u0432\u0430\u044e\u0442\u044c\u0441\u044f \u043a\u043e\u043d\u0446\u0435\u0440\u0442\u0438 \u0440\u0456\u0437\u043d\u0438\u0445 \u043c\u0438\u0442\u0446\u0456\u0432. \u0423 \u0440\u043e\u0437\u0434\u0456\u043b\u0456 \u0441\u0432\u044f\u0442\u043a\u0443\u0432\u0430\u043d\u044c \u041a\u0443\u043b\u044c\u0442\u0443\u0440\u043d\u043e\u0433\u043e \u043f\u0443\u0442\u0456\u0432\u043d\u0438\u043a\u0430 \u043c\u043e\u0436\u043d\u0430 \u0437\u043d\u0430\u0439\u0442\u0438 \u00abAmpere\u00bb; \u0432\u0456\u043d \u0442\u0430\u043a\u043e\u0436 \u0454 \u0447\u0430\u0441\u0442\u0438\u043d\u043e\u044e &nbsp;Muffatwerk \u0456 \u0432 \u043e\u0441\u043d\u043e\u0432\u043d\u043e\u043c\u0443 \u0442\u0443\u0442 \u0432\u0456\u0434\u0431\u0443\u0432\u0430\u044e\u0442\u044c\u0441\u044f \u0432\u0435\u0447\u0456\u0440\u043a\u0438. &nbsp;<\/p>\n\n\n\n<div class=\"wp-block-columns is-style-default is-layout-flex wp-container-core-columns-is-layout-9d6595d7 wp-block-columns-is-layout-flex\">\n<div class=\"wp-block-column is-layout-flow wp-block-column-is-layout-flow\">\n<h4 class=\"wp-block-heading\"><strong><strong>\u0411\u0435\u0437\u0431\u0430\u0440&#8217;\u0454\u0440\u043d\u0456\u0441\u0442\u044c \u00a0<\/strong><\/strong><\/h4>\n\n\n\n<figure class=\"wp-block-table\"><table class=\"has-white-background-color has-background\"><tbody><tr><td><img decoding=\"async\" class=\"wp-image-2999\" style=\"width: 150px\" src=\"https:\/\/behinderung-und-flucht.isl-ev.de\/wp-content\/uploads\/2023\/02\/WKU-Icons_Zugaenglich-mit-Rollstuhl.svg\" alt=\"Zug\u00e4nglich mit Rollstuhl Den Gast erwarten keine Treppen, ggfs. ist eine Rampe vorhanden.\"><\/td><td>\u0431\u0435\u0437\u0431\u0430\u0440&#8217;\u0454\u0440\u043d\u0430 \u0430\u0432\u0442\u043e\u0441\u0442\u043e\u044f\u043d\u043a\u0430 \u00a0<\/td><\/tr><tr><td><img decoding=\"async\" class=\"wp-image-2931\" style=\"width: NaNpx\" src=\"https:\/\/behinderung-und-flucht.isl-ev.de\/wp-content\/uploads\/2023\/02\/WKU-Icons_Barrierefreie-Toilette.svg\" alt=\"Barrierefreie Toilette Die Toilette ist barrierefrei zug\u00e4nglich und rollstuhlgerecht eingerichtet\"><\/td><td>\u0431\u0435\u0437\u0431\u0430\u0440&#8217;\u0454\u0440\u043d\u0438\u0439 \u0434\u043e\u0441\u0442\u0443\u043f \u00a0<\/td><\/tr><tr><td><img decoding=\"async\" class=\"wp-image-2947\" style=\"width: NaNpx;\" src=\"https:\/\/behinderung-und-flucht.isl-ev.de\/wp-content\/uploads\/2023\/02\/WKU-Icons_Behindertenparkplaetze-vorhanden.svg\" alt=\"Behindertenparkpl\u00e4tze vorhanden Es stehen gekennzeichnete Parkpl\u00e4tze in Eingangsn\u00e4he zur Verf\u00fcgung.\"><\/td><td>\u0431\u0435\u0437\u0431\u0430\u0440&#8217;\u0454\u0440\u043d\u0438\u0439 \u0442\u0443\u0430\u043b\u0435\u0442 \u00a0<\/td><\/tr><\/tbody><\/table><\/figure>\n\n\n\n<p><strong><strong>\u0414\u043e\u0434\u0430\u0442\u043a\u043e\u0432\u0430 \u0456\u043d\u0444\u043e\u0440\u043c\u0430\u0446\u0456\u044f \u043f\u0440\u043e \u0431\u0435\u0437\u0431\u0430\u0440&#8217;\u0454\u0440\u043d\u0456\u0441\u0442\u044c \u00a0<\/strong><\/strong><\/p>\n\n\n\n<ul class=\"wp-block-list\">\n<li>\u0448\u043b\u044f\u0445 \u0434\u043e \u043c\u0456\u0441\u0446\u044f \u0440\u043e\u0437\u0442\u0430\u0448\u0443\u0432\u0430\u043d\u043d\u044f Muffatwerk \u043f\u043e\u0445\u0438\u043b\u0438\u0439, \u0432\u0438\u043a\u043b\u0430\u0434\u0435\u043d\u0438\u0439 \u0431\u0440\u0443\u043a\u0456\u0432\u043a\u043e\u044e, \u0456 \u0439\u043e\u0433\u043e \u0432\u0430\u0436\u043a\u043e \u043f\u043e\u0434\u043e\u043b\u0430\u0442\u0438 \u043d\u0430 \u0456\u043d\u0432\u0430\u043b\u0456\u0434\u043d\u043e\u043c\u0443 \u0432\u0456\u0437\u043a\u0443 \u00a0<\/li>\n\n\n\n<li>\u043d\u0430 \u0430\u0432\u0442\u043e\u0441\u0442\u043e\u044f\u043d\u0446\u0456 M\u00fcller&#8217;sches Volksbad \u0454 10 <strong>\u0431\u0435\u0437\u0431\u0430\u0440&#8217;\u0454\u0440\u043d\u0438\u0445 \u043f\u0430\u0440\u043a\u0443\u0432\u0430\u043b\u044c\u043d\u0438\u0445 \u043c\u0456\u0441\u0446\u044c<\/strong>, \u0430 \u043d\u0430 \u0430\u0432\u0442\u043e\u0441\u0442\u043e\u044f\u043d\u0446\u0456 Gasteig \u2013 19 \u00a0<\/li>\n\n\n\n<li><strong>\u0431\u0435\u0437\u0431\u0430\u0440&#8217;\u0454\u0440\u043d\u0438\u0439 \u0442\u0443\u0430\u043b\u0435\u0442<\/strong> \u0437\u043d\u0430\u0445\u043e\u0434\u0438\u0442\u044c\u0441\u044f \u0432 \u043a\u0430\u0444\u0435 Muffatwerk. \u0414\u043e \u043d\u044c\u043e\u0433\u043e \u043c\u043e\u0436\u043d\u0430 \u043f\u0456\u0434&#8217;\u0457\u0445\u0430\u0442\u0438 \u0441\u043f\u0435\u0440\u0435\u0434\u0443 \u0442\u0430 \u0437\u043b\u0456\u0432\u0430. \u0417 \u043f\u0440\u0430\u0432\u043e\u0433\u043e \u0431\u043e\u043a\u0443 \u0442\u0456\u043b\u044c\u043a\u0438 \u0437 \u0432\u0443\u0437\u044c\u043a\u0438\u043c \u0456\u043d\u0432\u0430\u043b\u0456\u0434\u043d\u0438\u043c \u0432\u0456\u0437\u043a\u043e\u043c \u0454 63 \u00a0\u0441\u043c \u043f\u0440\u043e\u0441\u0442\u043e\u0440\u0443. \u00a0<\/li>\n<\/ul>\n<\/div>\n\n\n\n<div class=\"wp-block-column is-layout-flow wp-block-column-is-layout-flow\">\n<p><strong>\u041a\u043e\u043d\u0442\u0430\u043a\u0442\u043d\u0456 \u0434\u0430\u043d\u0456 <\/strong><strong>&nbsp;<\/strong><strong><\/strong><\/p>\n\n\n\n<p>\u0426\u0435\u043b\u043b\u044c\u0448\u0442\u0440\u0430\u0441\u0441\u0435 4 &nbsp;<\/p>\n\n\n\n<p>81667 \u041c\u044e\u043d\u0445\u0435\u043d &nbsp;<\/p>\n\n\n\n<p>\u0422\u0435\u043b\u0435\u0444\u043e\u043d: 00 49 89 458 750 10 &nbsp;<\/p>\n\n\n\n<p>\u0415\u043b\u0435\u043a\u0442\u0440\u043e\u043d\u043d\u0430 \u043f\u043e\u0448\u0442\u0430: <a href=\"mailto:info@muffatwerk.de\">info@muffatwerk.de<\/a> &nbsp;<\/p>\n\n\n\n<p>\u0412\u0435\u0431-\u0441\u0430\u0439\u0442: <a href=\"https:\/\/www.muffatwerk.de\/de\/\">https:\/\/www.muffatwerk.de\/de\/<\/a> &nbsp;<\/p>\n\n\n\n<p><strong>\u0413\u043e\u0434\u0438\u043d\u0438 \u0440\u043e\u0431\u043e\u0442\u0438 &nbsp;<\/strong><\/p>\n\n\n\n<p>\u041f\u043e-\u0440\u0456\u0437\u043d\u043e\u043c\u0443 \u0437\u0430\u043b\u0435\u0436\u043d\u043e \u0432\u0456\u0434 \u0437\u0430\u0445\u043e\u0434\u0443. \u0412\u0435\u0447\u0456\u0440\u043d\u044f \u043a\u0430\u0441\u0430 \u0437\u0430\u0437\u0432\u0438\u0447\u0430\u0439 \u0432\u0456\u0434\u043a\u0440\u0438\u0432\u0430\u0454\u0442\u044c\u0441\u044f \u0437\u0430 \u0433\u043e\u0434\u0438\u043d\u0443 &nbsp;\u0434\u043e \u043f\u043e\u0447\u0430\u0442\u043a\u0443 \u0437\u0430\u0445\u043e\u0434\u0443 &nbsp;<\/p>\n\n\n\n<p><strong>\u0414\u043e\u0441\u0442\u0443\u043f\u043d\u0456\u0441\u0442\u044c \u0433\u0440\u043e\u043c\u0430\u0434\u0441\u044c\u043a\u0438\u043c \u0442\u0440\u0430\u043d\u0441\u043f\u043e\u0440\u0442\u043e\u043c &nbsp;<\/strong><\/p>\n\n\n\n<p>\u0417\u0443\u043f\u0438\u043d\u043a\u0430 \u0420\u043e\u0437\u0435\u043d\u0433\u0430\u0439\u043c\u0435\u0440 \u041f\u043b\u0430\u0446 (Rosenheimer Platz) &nbsp;<\/p>\n\n\n\n<p>S-Bahn: S1, S2, S4, S6, S7, S8 &nbsp;<\/p>\n\n\n\n<p>\u0422\u0440\u0430\u043c\u0432\u0430\u0439: 25, E7 &nbsp;<\/p>\n\n\n\n<p><strong>\u0417\u043d\u0438\u0436\u043a\u0430 \u0437 M\u00fcnchen-Pass &nbsp;<\/strong><\/p>\n\n\n\n<p>\u041d\u0435\u043c\u0430\u0454 &nbsp;<\/p>\n\n\n\n<p><strong>\u041f\u0440\u043e\u043f\u043e\u0437\u0438\u0446\u0456\u044f \u0434\u043b\u044f \u0431\u0456\u0436\u0435\u043d\u0446\u0456\u0432 &nbsp;<\/strong><\/p>\n\n\n\n<p>\u041d\u0435\u043c\u0430\u0454 &nbsp;<\/p>\n\n\n\n<p><strong>\u0412\u0445\u0456\u0434\u043d\u0456 \u043a\u0432\u0438\u0442\u043a\u0438 &nbsp;<\/strong><\/p>\n\n\n\n<p>\u041f\u043e-\u0440\u0456\u0437\u043d\u043e\u043c\u0443 \u0437\u0430\u043b\u0435\u0436\u043d\u043e \u0432\u0456\u0434 \u0437\u0430\u0445\u043e\u0434\u0443 &nbsp;<\/p>\n<\/div>\n<\/div>\n<\/div><\/details>\n\n\n\n<details class=\"wp-block-themeisle-blocks-accordion-item\"><summary class=\"wp-block-themeisle-blocks-accordion-item__title\"><h2><strong>TonHalle \u00a0<\/strong> <img decoding=\"async\" class=\"wp-image-2943\" style=\"width: 60px\" src=\"https:\/\/behinderung-und-flucht.isl-ev.de\/wp-content\/uploads\/2023\/02\/WKU-Icons_Begleitperson-frei.svg\" alt=\"Begleitperson frei lnhaber*innen eines Schwerbehindertenausweises k\u00f6nnen eine Begleitperson kostenfrei mitbringen.\"><img decoding=\"async\" class=\"wp-image-2999\" style=\"width: 60px\" src=\"https:\/\/behinderung-und-flucht.isl-ev.de\/wp-content\/uploads\/2023\/02\/WKU-Icons_Zugaenglich-mit-Rollstuhl.svg\" alt=\"Zug\u00e4nglich mit Rollstuhl Den Gast erwarten keine Treppen, ggfs. ist eine Rampe vorhanden.\"><img decoding=\"async\" class=\"wp-image-2947\" style=\"width: 60px;\" src=\"https:\/\/behinderung-und-flucht.isl-ev.de\/wp-content\/uploads\/2023\/02\/WKU-Icons_Behindertenparkplaetze-vorhanden.svg\" alt=\"Behindertenparkpl\u00e4tze vorhanden Es stehen gekennzeichnete Parkpl\u00e4tze in Eingangsn\u00e4he zur Verf\u00fcgung.\"><img decoding=\"async\" class=\"wp-image-2955\" style=\"width: 60px;\" src=\"https:\/\/behinderung-und-flucht.isl-ev.de\/wp-content\/uploads\/2023\/02\/WKU-Icons_Erhoehtes-Podest.svg\" alt=\"Erh\u00f6htes Podest Die Veranstaltungsst\u00e4tte verf\u00fcgt \u00fcber ein mit Rollstuhl befahr-bares, erh\u00f6htes Podest mit Blick auf die B\u00fchne.\"><img decoding=\"async\" class=\"wp-image-2931\" style=\"width: 60px;\" src=\"https:\/\/behinderung-und-flucht.isl-ev.de\/wp-content\/uploads\/2023\/02\/WKU-Icons_Barrierefreie-Toilette.svg\" alt=\"Barrierefreie Toilette Die Toilette ist barrierefrei zug\u00e4nglich und rollstuhlgerecht eingerichtet\"><\/h2><\/summary><div class=\"wp-block-themeisle-blocks-accordion-item__content\">\n<h3 class=\"wp-block-heading\">TonHalle \u00a0<\/h3>\n\n\n\n<p><strong>\u041f\u043e\u044f\u0441\u043d\u0435\u043d\u043d\u044f &nbsp;<\/strong><\/p>\n\n\n\n<p>TonHalle \u0454 \u0447\u0430\u0441\u0442\u0438\u043d\u043e\u044e Eventfabrik M\u00fcnchen GmbH \u0456 \u0440\u043e\u0437\u0442\u0430\u0448\u043e\u0432\u0430\u043d\u0438\u0439 \u043d\u0430 \u0442\u0435\u0440\u0438\u0442\u043e\u0440\u0456\u0457 &nbsp;Werksviertel. \u0422\u0443\u0442 \u0432\u0456\u0434\u0431\u0443\u0432\u0430\u044e\u0442\u044c\u0441\u044f \u043a\u043e\u043d\u0446\u0435\u0440\u0442\u0438 \u0440\u0456\u0437\u043d\u0438\u0445 \u043c\u0438\u0442\u0446\u0456\u0432 \u0437 \u0440\u0456\u0437\u043d\u0438\u0445 \u043c\u0443\u0437\u0438\u0447\u043d\u0438\u0445 \u043d\u0430\u043f\u0440\u044f\u043c\u043a\u0456\u0432. &nbsp;<\/p>\n\n\n\n<div class=\"wp-block-columns is-style-default is-layout-flex wp-container-core-columns-is-layout-9d6595d7 wp-block-columns-is-layout-flex\">\n<div class=\"wp-block-column is-layout-flow wp-block-column-is-layout-flow\">\n<h4 class=\"wp-block-heading\"><strong><strong>\u0411\u0435\u0437\u0431\u0430\u0440&#8217;\u0454\u0440\u043d\u0456\u0441\u0442\u044c \u00a0<\/strong><\/strong><\/h4>\n\n\n\n<figure class=\"wp-block-table\"><table class=\"has-white-background-color has-background\"><tbody><tr><td><img decoding=\"async\" class=\"wp-image-2947\" style=\"width: 150px\" src=\"https:\/\/behinderung-und-flucht.isl-ev.de\/wp-content\/uploads\/2023\/02\/WKU-Icons_Behindertenparkplaetze-vorhanden.svg\" alt=\"Behindertenparkpl\u00e4tze vorhanden Es stehen gekennzeichnete Parkpl\u00e4tze in Eingangsn\u00e4he zur Verf\u00fcgung.\"><\/td><td>\u0431\u0435\u0437\u0431\u0430\u0440&#8217;\u0454\u0440\u043d\u0430 \u0430\u0432\u0442\u043e\u0441\u0442\u043e\u044f\u043d\u043a\u0430 \u00a0<\/td><\/tr><tr><td><img decoding=\"async\" class=\"wp-image-2943\" style=\"width: NaNpx\" src=\"https:\/\/behinderung-und-flucht.isl-ev.de\/wp-content\/uploads\/2023\/02\/WKU-Icons_Begleitperson-frei.svg\" alt=\"Begleitperson frei lnhaber*innen eines Schwerbehindertenausweises k\u00f6nnen eine Begleitperson kostenfrei mitbringen.\"><\/td><td>\u0441\u0443\u043f\u0440\u043e\u0432\u043e\u0434\u0436\u0443\u044e\u0447\u0430 \u043e\u0441\u043e\u0431\u0430 \u0431\u0435\u0437\u043a\u043e\u0448\u0442\u043e\u0432\u043d\u043e \u00a0<\/td><\/tr><tr><td><img decoding=\"async\" class=\"wp-image-2999\" style=\"width: NaNpx\" src=\"https:\/\/behinderung-und-flucht.isl-ev.de\/wp-content\/uploads\/2023\/02\/WKU-Icons_Zugaenglich-mit-Rollstuhl.svg\" alt=\"Zug\u00e4nglich mit Rollstuhl Den Gast erwarten keine Treppen, ggfs. ist eine Rampe vorhanden.\"><\/td><td>\u0434\u043e\u0441\u0442\u0443\u043f\u043d\u0435 \u0434\u043b\u044f \u043b\u044e\u0434\u0435\u0439 \u043d\u0430 \u0456\u043d\u0432\u0430\u043b\u0456\u0434\u043d\u0438\u0445 \u0432\u0456\u0437\u043a\u0430\u0445 \u00a0<\/td><\/tr><tr><td><img decoding=\"async\" class=\"wp-image-2931\" style=\"width: NaNpx\" src=\"https:\/\/behinderung-und-flucht.isl-ev.de\/wp-content\/uploads\/2023\/02\/WKU-Icons_Barrierefreie-Toilette.svg\" alt=\"Barrierefreie Toilette Die Toilette ist barrierefrei zug\u00e4nglich und rollstuhlgerecht eingerichtet\"><\/td><td>\u0431\u0435\u0437\u0431\u0430\u0440&#8217;\u0454\u0440\u043d\u0438\u0439 \u0442\u0443\u0430\u043b\u0435\u0442 \u00a0<\/td><\/tr><tr><td><img decoding=\"async\" class=\"wp-image-2955\" style=\"width: NaNpx\" src=\"https:\/\/behinderung-und-flucht.isl-ev.de\/wp-content\/uploads\/2023\/02\/WKU-Icons_Erhoehtes-Podest.svg\" alt=\"Erh\u00f6htes Podest Die Veranstaltungsst\u00e4tte verf\u00fcgt \u00fcber ein mit Rollstuhl befahr-bares, erh\u00f6htes Podest mit Blick auf die B\u00fchne.\"><\/td><td>\u043f\u0456\u0434\u0432\u0438\u0449\u0435\u043d\u0430 \u043f\u043b\u0430\u0442\u0444\u043e\u0440\u043c\u0430 \u00a0<\/td><\/tr><\/tbody><\/table><\/figure>\n\n\n\n<p><strong><strong>\u0414\u043e\u0434\u0430\u0442\u043a\u043e\u0432\u0430 \u0456\u043d\u0444\u043e\u0440\u043c\u0430\u0446\u0456\u044f \u043f\u0440\u043e \u0431\u0435\u0437\u0431\u0430\u0440&#8217;\u0454\u0440\u043d\u0456\u0441\u0442\u044c<\/strong><\/strong><\/p>\n\n\n\n<ul class=\"wp-block-list\">\n<li>\u0431\u0435\u0437\u0431\u0430\u0440&#8217;\u0454\u0440\u043d\u0430 \u0430\u0432\u0442\u043e\u0441\u0442\u043e\u044f\u043d\u043a\u0430 \u0437\u043d\u0430\u0445\u043e\u0434\u0438\u0442\u044c\u0441\u044f \u0432 \u043f\u0456\u0434\u0437\u0435\u043c\u043d\u043e\u043c\u0443 \u043f\u0430\u0440\u043a\u0456\u043d\u0433\u0443 Werksviertel Mitte<\/li>\n\n\n\n<li>\u0434\u043e \u0433\u0430\u043b\u0435\u0440\u0435\u0457 \u0432 TonHalle \u043c\u043e\u0436\u043d\u0430 \u043f\u043e\u0442\u0440\u0430\u043f\u0438\u0442\u0438 \u043b\u0438\u0448\u0435 \u0441\u0445\u043e\u0434\u0430\u043c\u0438 \u00a0<\/li>\n\n\n\n<li>\u0447\u0438 \u043c\u0430\u0454 \u0441\u0443\u043f\u0440\u043e\u0432\u043e\u0434\u0436\u0443\u044e\u0447\u0430 \u043e\u0441\u043e\u0431\u0430 \u043f\u0440\u0430\u0432\u043e \u043d\u0430 \u0431\u0435\u0437\u043a\u043e\u0448\u0442\u043e\u0432\u043d\u0438\u0439 \u0432\u0445\u0456\u0434 \u0456 \u0447\u0438 \u0454 \u043f\u0456\u0434\u043d\u044f\u0442\u0430 \u043f\u043b\u0430\u0442\u0444\u043e\u0440\u043c\u0430, \u0441\u043b\u0456\u0434 \u0437\u0430\u043f\u0438\u0442\u0443\u0432\u0430\u0442\u0438 \u0443 \u0432\u0456\u0434\u043f\u043e\u0432\u0456\u0434\u043d\u043e\u0433\u043e \u043e\u0440\u0433\u0430\u043d\u0456\u0437\u0430\u0442\u043e\u0440\u0430 \u043a\u043e\u043d\u0446\u0435\u0440\u0442\u0443 \u00a0<\/li>\n\n\n\n<li>\u0431\u0435\u0437\u0431\u0430\u0440&#8217;\u0454\u0440\u043d\u0456 \u0442\u0443\u0430\u043b\u0435\u0442\u0438 \u043c\u043e\u0436\u043d\u0430 \u0432\u0456\u0434\u0447\u0438\u043d\u0438\u0442\u0438 \u0437\u0430 \u0434\u043e\u043f\u043e\u043c\u043e\u0433\u043e\u044e \u0454\u0432\u0440\u043e-\u043a\u043b\u044e\u0447\u0430 \u00a0<\/li>\n<\/ul>\n<\/div>\n\n\n\n<div class=\"wp-block-column is-layout-flow wp-block-column-is-layout-flow\">\n<p><strong>\u041a\u043e\u043d\u0442\u0430\u043a\u0442\u043d\u0456 \u0434\u0430\u043d\u0456 &nbsp;<\/strong><\/p>\n\n\n\n<p>\u0410\u0442\u0435\u043b\u044c\u0454\u0448\u0442\u0440\u0430\u0441\u0441\u0435 1 &nbsp;<\/p>\n\n\n\n<p>81671 \u041c\u044e\u043d\u0445\u0435\u043d<\/p>\n\n\n\n<p>\u0422\u0435\u043b\u0435\u0444\u043e\u043d: 00 49 89 62 83 44 411 &nbsp;<\/p>\n\n\n\n<p>\u0415\u043b\u0435\u043a\u0442\u0440\u043e\u043d\u043d\u0430 \u043f\u043e\u0448\u0442\u0430: <a href=\"mailto:info@eventfabrik-muenchen.de\">info@eventfabrik-muenchen.de<\/a> &nbsp;<\/p>\n\n\n\n<p>\u0412\u0435\u0431-\u0441\u0430\u0439\u0442: <a href=\"https:\/\/www.eventfabrik-muenchen.de\/tonhalle-muenchen\/\">https:\/\/www.eventfabrik-muenchen.de\/tonhalle-muenchen\/<\/a> &nbsp;<\/p>\n\n\n\n<p><strong>\u0413\u043e\u0434\u0438\u043d\u0438 \u0440\u043e\u0431\u043e\u0442\u0438 &nbsp;<\/strong><\/p>\n\n\n\n<p>\u041f\u043e-\u0440\u0456\u0437\u043d\u043e\u043c\u0443 \u0437\u0430\u043b\u0435\u0436\u043d\u043e \u0432\u0456\u0434 \u0437\u0430\u0445\u043e\u0434\u0443. &nbsp;<\/p>\n\n\n\n<p><strong>\u0414\u043e\u0441\u0442\u0443\u043f\u043d\u0456\u0441\u0442\u044c \u0433\u0440\u043e\u043c\u0430\u0434\u0441\u044c\u043a\u0438\u043c \u0442\u0440\u0430\u043d\u0441\u043f\u043e\u0440\u0442\u043e\u043c &nbsp;<\/strong><\/p>\n\n\n\n<p>\u0417\u0443\u043f\u0438\u043d\u043a\u0430: \u0421\u0445\u0456\u0434\u043d\u0438\u0439 \u0437\u0430\u043b\u0456\u0437\u043d\u0438\u0447\u043d\u0438\u0439 \u0432\u043e\u043a\u0437\u0430\u043b \u041c\u044e\u043d\u0445\u0435\u043d\u0430 (Ostbahnhof M\u00fcnchen) &nbsp;<\/p>\n\n\n\n<p>S-Bahn: S1, S2, S3, S4, S6, S7, S8 &nbsp;<\/p>\n\n\n\n<p>\u041c\u0435\u0442\u0440\u043e: U5 &nbsp;<\/p>\n\n\n\n<p>\u0422\u0440\u0430\u043c\u0432\u0430\u0439: 21, E7, N19 &nbsp;<\/p>\n\n\n\n<p>\u0410\u0432\u0442\u043e\u0431\u0443\u0441: 54, 55,58, 62, 68, 100, 145, N43, N44, N45, N74, N75, X30, X200 &nbsp;<\/p>\n\n\n\n<p><strong>\u0417\u043d\u0438\u0436\u043a\u0430 \u0437 M\u00fcnchen-Pass &nbsp;<\/strong><\/p>\n\n\n\n<p>\u041d\u0435\u043c\u0430\u0454 &nbsp;<\/p>\n\n\n\n<p><strong>\u041f\u0440\u043e\u043f\u043e\u0437\u0438\u0446\u0456\u044f \u0434\u043b\u044f \u0431\u0456\u0436\u0435\u043d\u0446\u0456\u0432 &nbsp;<\/strong><\/p>\n\n\n\n<p>\u041d\u0435\u043c\u0430\u0454 &nbsp;<\/p>\n\n\n\n<p><strong>\u0412\u0445\u0456\u0434\u043d\u0456 \u043a\u0432\u0438\u0442\u043a\u0438 &nbsp;<\/strong><\/p>\n\n\n\n<p>\u041f\u043e-\u0440\u0456\u0437\u043d\u043e\u043c\u0443 \u0437\u0430\u043b\u0435\u0436\u043d\u043e \u0432\u0456\u0434 \u0437\u0430\u0445\u043e\u0434\u0443 &nbsp;<\/p>\n<\/div>\n<\/div>\n<\/div><\/details>\n\n\n\n<details class=\"wp-block-themeisle-blocks-accordion-item\"><summary class=\"wp-block-themeisle-blocks-accordion-item__title\"><h2><strong>Zenith &#8211; Die Kulturhalle<\/strong> <img decoding=\"async\" class=\"wp-image-2943\" style=\"width: 60px\" src=\"https:\/\/behinderung-und-flucht.isl-ev.de\/wp-content\/uploads\/2023\/02\/WKU-Icons_Begleitperson-frei.svg\" alt=\"Begleitperson frei lnhaber*innen eines Schwerbehindertenausweises k\u00f6nnen eine Begleitperson kostenfrei mitbringen.\"><img decoding=\"async\" class=\"wp-image-2911\" style=\"width: 60px\" src=\"https:\/\/behinderung-und-flucht.isl-ev.de\/wp-content\/uploads\/2023\/02\/WKU-Icons_Assistenzhund-willkommen.svg\" alt=\"Assistenzhund willkommen Es ist m\u00f6glich einen Assistenzhund mitzuf\u00fchren.\"><img decoding=\"async\" class=\"wp-image-2999\" style=\"width: 60px\" src=\"https:\/\/behinderung-und-flucht.isl-ev.de\/wp-content\/uploads\/2023\/02\/WKU-Icons_Zugaenglich-mit-Rollstuhl.svg\" alt=\"Zug\u00e4nglich mit Rollstuhl Den Gast erwarten keine Treppen, ggfs. ist eine Rampe vorhanden.\"><img decoding=\"async\" class=\"wp-image-2931\" style=\"width: 60px;\" src=\"https:\/\/behinderung-und-flucht.isl-ev.de\/wp-content\/uploads\/2023\/02\/WKU-Icons_Barrierefreie-Toilette.svg\" alt=\"Barrierefreie Toilette Die Toilette ist barrierefrei zug\u00e4nglich und rollstuhlgerecht eingerichtet\"><img decoding=\"async\" class=\"wp-image-2955\" style=\"width: 60px;\" src=\"https:\/\/behinderung-und-flucht.isl-ev.de\/wp-content\/uploads\/2023\/02\/WKU-Icons_Erhoehtes-Podest.svg\" alt=\"Erh\u00f6htes Podest Die Veranstaltungsst\u00e4tte verf\u00fcgt \u00fcber ein mit Rollstuhl befahr-bares, erh\u00f6htes Podest mit Blick auf die B\u00fchne.\"><\/h2><\/summary><div class=\"wp-block-themeisle-blocks-accordion-item__content\">\n<h3 class=\"wp-block-heading\">Zenith &#8211; Die Kulturhalle<\/h3>\n\n\n\n<h4 class=\"wp-block-heading\">Erkl\u00e4rung<\/h4>\n\n\n\n<p>Das Zenith ist eine gro\u00dfe Kulturhalle auf dem Gel\u00e4nde der Motorworld M\u00fcnchen. Hier finden Konzerte, Shows, Events und Messen statt. Auf den Konzerten treten K\u00fcnstler*innen verschiedener Genres auf. Maximal haben 5.880 Personen im Zenith Platz.<\/p>\n\n\n\n<div class=\"wp-block-columns is-style-default is-layout-flex wp-container-core-columns-is-layout-9d6595d7 wp-block-columns-is-layout-flex\">\n<div class=\"wp-block-column is-layout-flow wp-block-column-is-layout-flow\">\n<h4 class=\"wp-block-heading\"><strong>Barrierefreiheit<\/strong><\/h4>\n\n\n\n<figure class=\"wp-block-table\"><table class=\"has-white-background-color has-background\"><tbody><tr><td><img decoding=\"async\" class=\"wp-image-2911\" style=\"width: 150px\" src=\"https:\/\/behinderung-und-flucht.isl-ev.de\/wp-content\/uploads\/2023\/02\/WKU-Icons_Assistenzhund-willkommen.svg\" alt=\"Assistenzhund willkommen Es ist m\u00f6glich einen Assistenzhund mitzuf\u00fchren.\"><\/td><td>Assistenzhunde willkommen<\/td><\/tr><tr><td><img decoding=\"async\" class=\"wp-image-2943\" style=\"width: NaNpx\" src=\"https:\/\/behinderung-und-flucht.isl-ev.de\/wp-content\/uploads\/2023\/02\/WKU-Icons_Begleitperson-frei.svg\" alt=\"Begleitperson frei lnhaber*innen eines Schwerbehindertenausweises k\u00f6nnen eine Begleitperson kostenfrei mitbringen.\"><\/td><td>Begleitperson frei<\/td><\/tr><tr><td><img decoding=\"async\" class=\"wp-image-2999\" style=\"width: NaNpx\" src=\"https:\/\/behinderung-und-flucht.isl-ev.de\/wp-content\/uploads\/2023\/02\/WKU-Icons_Zugaenglich-mit-Rollstuhl.svg\" alt=\"Zug\u00e4nglich mit Rollstuhl Den Gast erwarten keine Treppen, ggfs. ist eine Rampe vorhanden.\"><\/td><td>zug\u00e4nglich mit Rollstuhl<\/td><\/tr><tr><td><img decoding=\"async\" class=\"wp-image-2931\" style=\"width: NaNpx\" src=\"https:\/\/behinderung-und-flucht.isl-ev.de\/wp-content\/uploads\/2023\/02\/WKU-Icons_Barrierefreie-Toilette.svg\" alt=\"Barrierefreie Toilette Die Toilette ist barrierefrei zug\u00e4nglich und rollstuhlgerecht eingerichtet\"><\/td><td>barrierefreie Toilette<\/td><\/tr><tr><td><img decoding=\"async\" class=\"wp-image-2955\" style=\"width: NaNpx\" src=\"https:\/\/behinderung-und-flucht.isl-ev.de\/wp-content\/uploads\/2023\/02\/WKU-Icons_Erhoehtes-Podest.svg\" alt=\"Erh\u00f6htes Podest Die Veranstaltungsst\u00e4tte verf\u00fcgt \u00fcber ein mit Rollstuhl befahr-bares, erh\u00f6htes Podest mit Blick auf die B\u00fchne.\"><\/td><td>erh\u00f6htes Podest<\/td><\/tr><\/tbody><\/table><\/figure>\n\n\n\n<p><strong>Weitere Hinweise zur Barrierefreiheit<\/strong><\/p>\n\n\n\n<ul class=\"wp-block-list\">\n<li>das <strong>erh\u00f6hte Podest <\/strong>ist je nach Veranstaltung verf\u00fcgbar. F\u00fcr eine genaue Auskunft muss der\/die Veranstalter*in vorher kontaktiert werden<\/li>\n\n\n\n<li>die <strong>barrierefreie Toilette<\/strong> ist ausschlie\u00dflich von vorne anfahrbar. Links und Rechts vom Toilettensitz sind feste B\u00fcgel verbaut.<\/li>\n<\/ul>\n<\/div>\n\n\n\n<div class=\"wp-block-column is-layout-flow wp-block-column-is-layout-flow\">\n<h4 class=\"wp-block-heading\">Kontaktdaten<\/h4>\n\n\n\n<p>Lilienthalallee 29<\/p>\n\n\n\n<p>80939 M\u00fcnchen<\/p>\n\n\n\n<p>Telefon: 00 49 89 36 03 51 711&nbsp; (keine Auskunft zu einzelnen Veranstaltungen)<\/p>\n\n\n\n<p>E-Mail: muenchen@motorworld.de<\/p>\n\n\n\n<p>Website: <a href=\"https:\/\/motorworld.de\/muenchen\/eventlocations\/zenith\/\">https:\/\/motorworld.de\/muenchen\/eventlocations\/zenith\/<\/a><\/p>\n\n\n\n<h4 class=\"wp-block-heading\"><strong>\u00d6ffnungszeiten<\/strong><\/h4>\n\n\n\n<p>Unterschiedlich, je nach Veranstaltung<\/p>\n\n\n\n<h4 class=\"wp-block-heading\"><strong>Erreichbarkeit mit \u00f6ffentlichen Verkehrsmitteln<\/strong><\/h4>\n\n\n\n<p>Haltestelle: Alois-Wolfm\u00fcller-Stra\u00dfe<\/p>\n\n\n\n<p>Bus: 178<\/p>\n\n\n\n<p>Haltestelle Freimann<\/p>\n\n\n\n<p>U-Bahn: U6<\/p>\n\n\n\n<h4 class=\"wp-block-heading\"><strong>Erm\u00e4\u00dfigung mit dem M\u00fcnchen-Pass<\/strong><\/h4>\n\n\n\n<p>Nein<\/p>\n\n\n\n<h4 class=\"wp-block-heading\"><strong>Angebot f\u00fcr Gefl\u00fcchtete<\/strong><\/h4>\n\n\n\n<p>Nein<\/p>\n\n\n\n<h4 class=\"wp-block-heading\"><strong>Eintritt<\/strong><\/h4>\n\n\n\n<p>Unterschiedlich je nach Veranstaltung<\/p>\n<\/div>\n<\/div>\n<\/div><\/details>\n<\/div>\n\n\n\n<div class=\"wp-block-buttons is-horizontal is-content-justification-left is-layout-flex wp-container-core-buttons-is-layout-7e5fce0a wp-block-buttons-is-layout-flex\">\n<div class=\"wp-block-button has-custom-font-size has-small-font-size\"><a class=\"wp-block-button__link has-background wp-element-button\" href=\"https:\/\/behinderung-und-flucht.isl-ev.de\/kulturguide\/muenchen\/\" style=\"border-radius:55px;background-color:#91025b;padding-top:var(--wp--preset--spacing--20);padding-right:var(--wp--preset--spacing--20);padding-bottom:var(--wp--preset--spacing--20);padding-left:var(--wp--preset--spacing--20)\">Zur\u00fcck zur \u00dcbersicht<\/a><\/div>\n<\/div>\n","protected":false},"excerpt":{"rendered":"","protected":false},"author":1,"featured_media":0,"parent":5122,"menu_order":0,"comment_status":"closed","ping_status":"closed","template":"","meta":{"ub_ctt_via":"","inline_featured_image":false,"_themeisle_gutenberg_block_has_review":false,"_mc_calendar":[],"footnotes":""},"categories":[],"tags":[],"class_list":["post-5138","page","type-page","status-publish","hentry","entry"],"featured_image_src":null,"yoast_head":"<!-- This site is optimized with the Yoast SEO plugin v21.4 - https:\/\/yoast.com\/wordpress\/plugins\/seo\/ -->\n<title>\u041a\u043e\u043d\u0446\u0435\u0440\u0442\u0438 \u00a0 - Infoseite der Interessenvertretung Selbstbestimmt Leben in Deutschland e.V.<\/title>\n<meta name=\"robots\" content=\"index, follow, max-snippet:-1, max-image-preview:large, max-video-preview:-1\" \/>\n<link rel=\"canonical\" href=\"https:\/\/behinderung-und-flucht.isl-ev.de\/uk\/%d0%bf%d1%83%d1%82%d1%96%d0%b2%d0%bd%d0%b8%d0%ba-%d0%bf%d0%be-%d0%ba%d1%83%d0%bb%d1%8c%d1%82%d1%83%d1%80%d1%96\/%d0%bc%d1%8e%d0%bd%d1%85%d0%b5%d0%bd%d1%96\/%d0%ba%d0%be%d0%bd%d1%86%d0%b5%d1%80%d1%82%d0%b8-2\/\" \/>\n<meta property=\"og:locale\" content=\"uk_UA\" \/>\n<meta property=\"og:type\" content=\"article\" \/>\n<meta property=\"og:title\" content=\"\u041a\u043e\u043d\u0446\u0435\u0440\u0442\u0438 \u00a0 - Infoseite der Interessenvertretung Selbstbestimmt Leben in Deutschland e.V.\" \/>\n<meta property=\"og:url\" content=\"https:\/\/behinderung-und-flucht.isl-ev.de\/uk\/%d0%bf%d1%83%d1%82%d1%96%d0%b2%d0%bd%d0%b8%d0%ba-%d0%bf%d0%be-%d0%ba%d1%83%d0%bb%d1%8c%d1%82%d1%83%d1%80%d1%96\/%d0%bc%d1%8e%d0%bd%d1%85%d0%b5%d0%bd%d1%96\/%d0%ba%d0%be%d0%bd%d1%86%d0%b5%d1%80%d1%82%d0%b8-2\/\" \/>\n<meta property=\"og:site_name\" content=\"Infoseite der Interessenvertretung Selbstbestimmt Leben in Deutschland e.V.\" \/>\n<meta property=\"article:modified_time\" content=\"2024-05-21T22:05:34+00:00\" \/>\n<meta property=\"og:image\" content=\"https:\/\/behinderung-und-flucht.isl-ev.de\/wp-content\/uploads\/2023\/02\/WKU-Icons_Zugaenglich-mit-Rollstuhl.svg\" \/>\n<meta name=\"twitter:card\" content=\"summary_large_image\" \/>\n<meta name=\"twitter:label1\" content=\"\u041f\u0440\u0438\u0431\u043b. \u0447\u0430\u0441 \u0447\u0438\u0442\u0430\u043d\u043d\u044f\" \/>\n\t<meta name=\"twitter:data1\" content=\"8 \u0445\u0432\u0438\u043b\u0438\u043d\" \/>\n<script type=\"application\/ld+json\" class=\"yoast-schema-graph\">{\"@context\":\"https:\/\/schema.org\",\"@graph\":[{\"@type\":\"WebPage\",\"@id\":\"https:\/\/behinderung-und-flucht.isl-ev.de\/uk\/%d0%bf%d1%83%d1%82%d1%96%d0%b2%d0%bd%d0%b8%d0%ba-%d0%bf%d0%be-%d0%ba%d1%83%d0%bb%d1%8c%d1%82%d1%83%d1%80%d1%96\/%d0%bc%d1%8e%d0%bd%d1%85%d0%b5%d0%bd%d1%96\/%d0%ba%d0%be%d0%bd%d1%86%d0%b5%d1%80%d1%82%d0%b8-2\/\",\"url\":\"https:\/\/behinderung-und-flucht.isl-ev.de\/uk\/%d0%bf%d1%83%d1%82%d1%96%d0%b2%d0%bd%d0%b8%d0%ba-%d0%bf%d0%be-%d0%ba%d1%83%d0%bb%d1%8c%d1%82%d1%83%d1%80%d1%96\/%d0%bc%d1%8e%d0%bd%d1%85%d0%b5%d0%bd%d1%96\/%d0%ba%d0%be%d0%bd%d1%86%d0%b5%d1%80%d1%82%d0%b8-2\/\",\"name\":\"\u041a\u043e\u043d\u0446\u0435\u0440\u0442\u0438 \u00a0 - Infoseite der Interessenvertretung Selbstbestimmt Leben in Deutschland e.V.\",\"isPartOf\":{\"@id\":\"https:\/\/behinderung-und-flucht.isl-ev.de\/uk\/#website\"},\"datePublished\":\"2023-11-07T21:11:25+00:00\",\"dateModified\":\"2024-05-21T22:05:34+00:00\",\"breadcrumb\":{\"@id\":\"https:\/\/behinderung-und-flucht.isl-ev.de\/uk\/%d0%bf%d1%83%d1%82%d1%96%d0%b2%d0%bd%d0%b8%d0%ba-%d0%bf%d0%be-%d0%ba%d1%83%d0%bb%d1%8c%d1%82%d1%83%d1%80%d1%96\/%d0%bc%d1%8e%d0%bd%d1%85%d0%b5%d0%bd%d1%96\/%d0%ba%d0%be%d0%bd%d1%86%d0%b5%d1%80%d1%82%d0%b8-2\/#breadcrumb\"},\"inLanguage\":\"uk\",\"potentialAction\":[{\"@type\":\"ReadAction\",\"target\":[\"https:\/\/behinderung-und-flucht.isl-ev.de\/uk\/%d0%bf%d1%83%d1%82%d1%96%d0%b2%d0%bd%d0%b8%d0%ba-%d0%bf%d0%be-%d0%ba%d1%83%d0%bb%d1%8c%d1%82%d1%83%d1%80%d1%96\/%d0%bc%d1%8e%d0%bd%d1%85%d0%b5%d0%bd%d1%96\/%d0%ba%d0%be%d0%bd%d1%86%d0%b5%d1%80%d1%82%d0%b8-2\/\"]}]},{\"@type\":\"BreadcrumbList\",\"@id\":\"https:\/\/behinderung-und-flucht.isl-ev.de\/uk\/%d0%bf%d1%83%d1%82%d1%96%d0%b2%d0%bd%d0%b8%d0%ba-%d0%bf%d0%be-%d0%ba%d1%83%d0%bb%d1%8c%d1%82%d1%83%d1%80%d1%96\/%d0%bc%d1%8e%d0%bd%d1%85%d0%b5%d0%bd%d1%96\/%d0%ba%d0%be%d0%bd%d1%86%d0%b5%d1%80%d1%82%d0%b8-2\/#breadcrumb\",\"itemListElement\":[{\"@type\":\"ListItem\",\"position\":1,\"name\":\"Startseite\",\"item\":\"https:\/\/behinderung-und-flucht.isl-ev.de\/uk\/\"},{\"@type\":\"ListItem\",\"position\":2,\"name\":\"\u041f\u0443\u0442\u0456\u0432\u043d\u0438\u043a \u043f\u043e \u043a\u0443\u043b\u044c\u0442\u0443\u0440\u0456\",\"item\":\"https:\/\/behinderung-und-flucht.isl-ev.de\/uk\/%d0%bf%d1%83%d1%82%d1%96%d0%b2%d0%bd%d0%b8%d0%ba-%d0%bf%d0%be-%d0%ba%d1%83%d0%bb%d1%8c%d1%82%d1%83%d1%80%d1%96\/\"},{\"@type\":\"ListItem\",\"position\":3,\"name\":\"\u041c\u044e\u043d\u0445\u0435\u043d\u0456\",\"item\":\"https:\/\/behinderung-und-flucht.isl-ev.de\/uk\/%d0%bf%d1%83%d1%82%d1%96%d0%b2%d0%bd%d0%b8%d0%ba-%d0%bf%d0%be-%d0%ba%d1%83%d0%bb%d1%8c%d1%82%d1%83%d1%80%d1%96\/%d0%bc%d1%8e%d0%bd%d1%85%d0%b5%d0%bd%d1%96\/\"},{\"@type\":\"ListItem\",\"position\":4,\"name\":\"\u041a\u043e\u043d\u0446\u0435\u0440\u0442\u0438 \u00a0\"}]},{\"@type\":\"WebSite\",\"@id\":\"https:\/\/behinderung-und-flucht.isl-ev.de\/uk\/#website\",\"url\":\"https:\/\/behinderung-und-flucht.isl-ev.de\/uk\/\",\"name\":\"Infoseite f\u00fcr gefl\u00fcchtete Menschen mit Behinderungen oder chronischen Erkrankungen\",\"description\":\"Informationen f\u00fcr gefl\u00fcchtete Menschen mit Behinderungen oder chronischen Erkrankungen\",\"publisher\":{\"@id\":\"https:\/\/behinderung-und-flucht.isl-ev.de\/uk\/#organization\"},\"alternateName\":\"Infoseite f\u00fcr gefl\u00fcchtete Menschen mit Behinderungen\",\"potentialAction\":[{\"@type\":\"SearchAction\",\"target\":{\"@type\":\"EntryPoint\",\"urlTemplate\":\"https:\/\/behinderung-und-flucht.isl-ev.de\/uk\/?s={search_term_string}\"},\"query-input\":\"required name=search_term_string\"}],\"inLanguage\":\"uk\"},{\"@type\":\"Organization\",\"@id\":\"https:\/\/behinderung-und-flucht.isl-ev.de\/uk\/#organization\",\"name\":\"Infoseite der Interessenvertretung Selbstbestimmt Leben in Deutschland e.V.\",\"url\":\"https:\/\/behinderung-und-flucht.isl-ev.de\/uk\/\",\"logo\":{\"@type\":\"ImageObject\",\"inLanguage\":\"uk\",\"@id\":\"https:\/\/behinderung-und-flucht.isl-ev.de\/uk\/#\/schema\/logo\/image\/\",\"url\":\"https:\/\/behinderung-und-flucht.isl-ev.de\/wp-content\/uploads\/2022\/09\/logo-infoseite-04.svg\",\"contentUrl\":\"https:\/\/behinderung-und-flucht.isl-ev.de\/wp-content\/uploads\/2022\/09\/logo-infoseite-04.svg\",\"caption\":\"Infoseite der Interessenvertretung Selbstbestimmt Leben in Deutschland e.V.\"},\"image\":{\"@id\":\"https:\/\/behinderung-und-flucht.isl-ev.de\/uk\/#\/schema\/logo\/image\/\"}}]}<\/script>\n<!-- \/ Yoast SEO plugin. -->","yoast_head_json":{"title":"\u041a\u043e\u043d\u0446\u0435\u0440\u0442\u0438 \u00a0 - Infoseite der Interessenvertretung Selbstbestimmt Leben in Deutschland e.V.","robots":{"index":"index","follow":"follow","max-snippet":"max-snippet:-1","max-image-preview":"max-image-preview:large","max-video-preview":"max-video-preview:-1"},"canonical":"https:\/\/behinderung-und-flucht.isl-ev.de\/uk\/%d0%bf%d1%83%d1%82%d1%96%d0%b2%d0%bd%d0%b8%d0%ba-%d0%bf%d0%be-%d0%ba%d1%83%d0%bb%d1%8c%d1%82%d1%83%d1%80%d1%96\/%d0%bc%d1%8e%d0%bd%d1%85%d0%b5%d0%bd%d1%96\/%d0%ba%d0%be%d0%bd%d1%86%d0%b5%d1%80%d1%82%d0%b8-2\/","og_locale":"uk_UA","og_type":"article","og_title":"\u041a\u043e\u043d\u0446\u0435\u0440\u0442\u0438 \u00a0 - Infoseite der Interessenvertretung Selbstbestimmt Leben in Deutschland e.V.","og_url":"https:\/\/behinderung-und-flucht.isl-ev.de\/uk\/%d0%bf%d1%83%d1%82%d1%96%d0%b2%d0%bd%d0%b8%d0%ba-%d0%bf%d0%be-%d0%ba%d1%83%d0%bb%d1%8c%d1%82%d1%83%d1%80%d1%96\/%d0%bc%d1%8e%d0%bd%d1%85%d0%b5%d0%bd%d1%96\/%d0%ba%d0%be%d0%bd%d1%86%d0%b5%d1%80%d1%82%d0%b8-2\/","og_site_name":"Infoseite der Interessenvertretung Selbstbestimmt Leben in Deutschland e.V.","article_modified_time":"2024-05-21T22:05:34+00:00","og_image":[{"url":"https:\/\/behinderung-und-flucht.isl-ev.de\/wp-content\/uploads\/2023\/02\/WKU-Icons_Zugaenglich-mit-Rollstuhl.svg"}],"twitter_card":"summary_large_image","twitter_misc":{"\u041f\u0440\u0438\u0431\u043b. \u0447\u0430\u0441 \u0447\u0438\u0442\u0430\u043d\u043d\u044f":"8 \u0445\u0432\u0438\u043b\u0438\u043d"},"schema":{"@context":"https:\/\/schema.org","@graph":[{"@type":"WebPage","@id":"https:\/\/behinderung-und-flucht.isl-ev.de\/uk\/%d0%bf%d1%83%d1%82%d1%96%d0%b2%d0%bd%d0%b8%d0%ba-%d0%bf%d0%be-%d0%ba%d1%83%d0%bb%d1%8c%d1%82%d1%83%d1%80%d1%96\/%d0%bc%d1%8e%d0%bd%d1%85%d0%b5%d0%bd%d1%96\/%d0%ba%d0%be%d0%bd%d1%86%d0%b5%d1%80%d1%82%d0%b8-2\/","url":"https:\/\/behinderung-und-flucht.isl-ev.de\/uk\/%d0%bf%d1%83%d1%82%d1%96%d0%b2%d0%bd%d0%b8%d0%ba-%d0%bf%d0%be-%d0%ba%d1%83%d0%bb%d1%8c%d1%82%d1%83%d1%80%d1%96\/%d0%bc%d1%8e%d0%bd%d1%85%d0%b5%d0%bd%d1%96\/%d0%ba%d0%be%d0%bd%d1%86%d0%b5%d1%80%d1%82%d0%b8-2\/","name":"\u041a\u043e\u043d\u0446\u0435\u0440\u0442\u0438 \u00a0 - Infoseite der Interessenvertretung Selbstbestimmt Leben in Deutschland e.V.","isPartOf":{"@id":"https:\/\/behinderung-und-flucht.isl-ev.de\/uk\/#website"},"datePublished":"2023-11-07T21:11:25+00:00","dateModified":"2024-05-21T22:05:34+00:00","breadcrumb":{"@id":"https:\/\/behinderung-und-flucht.isl-ev.de\/uk\/%d0%bf%d1%83%d1%82%d1%96%d0%b2%d0%bd%d0%b8%d0%ba-%d0%bf%d0%be-%d0%ba%d1%83%d0%bb%d1%8c%d1%82%d1%83%d1%80%d1%96\/%d0%bc%d1%8e%d0%bd%d1%85%d0%b5%d0%bd%d1%96\/%d0%ba%d0%be%d0%bd%d1%86%d0%b5%d1%80%d1%82%d0%b8-2\/#breadcrumb"},"inLanguage":"uk","potentialAction":[{"@type":"ReadAction","target":["https:\/\/behinderung-und-flucht.isl-ev.de\/uk\/%d0%bf%d1%83%d1%82%d1%96%d0%b2%d0%bd%d0%b8%d0%ba-%d0%bf%d0%be-%d0%ba%d1%83%d0%bb%d1%8c%d1%82%d1%83%d1%80%d1%96\/%d0%bc%d1%8e%d0%bd%d1%85%d0%b5%d0%bd%d1%96\/%d0%ba%d0%be%d0%bd%d1%86%d0%b5%d1%80%d1%82%d0%b8-2\/"]}]},{"@type":"BreadcrumbList","@id":"https:\/\/behinderung-und-flucht.isl-ev.de\/uk\/%d0%bf%d1%83%d1%82%d1%96%d0%b2%d0%bd%d0%b8%d0%ba-%d0%bf%d0%be-%d0%ba%d1%83%d0%bb%d1%8c%d1%82%d1%83%d1%80%d1%96\/%d0%bc%d1%8e%d0%bd%d1%85%d0%b5%d0%bd%d1%96\/%d0%ba%d0%be%d0%bd%d1%86%d0%b5%d1%80%d1%82%d0%b8-2\/#breadcrumb","itemListElement":[{"@type":"ListItem","position":1,"name":"Startseite","item":"https:\/\/behinderung-und-flucht.isl-ev.de\/uk\/"},{"@type":"ListItem","position":2,"name":"\u041f\u0443\u0442\u0456\u0432\u043d\u0438\u043a \u043f\u043e \u043a\u0443\u043b\u044c\u0442\u0443\u0440\u0456","item":"https:\/\/behinderung-und-flucht.isl-ev.de\/uk\/%d0%bf%d1%83%d1%82%d1%96%d0%b2%d0%bd%d0%b8%d0%ba-%d0%bf%d0%be-%d0%ba%d1%83%d0%bb%d1%8c%d1%82%d1%83%d1%80%d1%96\/"},{"@type":"ListItem","position":3,"name":"\u041c\u044e\u043d\u0445\u0435\u043d\u0456","item":"https:\/\/behinderung-und-flucht.isl-ev.de\/uk\/%d0%bf%d1%83%d1%82%d1%96%d0%b2%d0%bd%d0%b8%d0%ba-%d0%bf%d0%be-%d0%ba%d1%83%d0%bb%d1%8c%d1%82%d1%83%d1%80%d1%96\/%d0%bc%d1%8e%d0%bd%d1%85%d0%b5%d0%bd%d1%96\/"},{"@type":"ListItem","position":4,"name":"\u041a\u043e\u043d\u0446\u0435\u0440\u0442\u0438 \u00a0"}]},{"@type":"WebSite","@id":"https:\/\/behinderung-und-flucht.isl-ev.de\/uk\/#website","url":"https:\/\/behinderung-und-flucht.isl-ev.de\/uk\/","name":"Infoseite f\u00fcr gefl\u00fcchtete Menschen mit Behinderungen oder chronischen Erkrankungen","description":"Informationen f\u00fcr gefl\u00fcchtete Menschen mit Behinderungen oder chronischen Erkrankungen","publisher":{"@id":"https:\/\/behinderung-und-flucht.isl-ev.de\/uk\/#organization"},"alternateName":"Infoseite f\u00fcr gefl\u00fcchtete Menschen mit Behinderungen","potentialAction":[{"@type":"SearchAction","target":{"@type":"EntryPoint","urlTemplate":"https:\/\/behinderung-und-flucht.isl-ev.de\/uk\/?s={search_term_string}"},"query-input":"required name=search_term_string"}],"inLanguage":"uk"},{"@type":"Organization","@id":"https:\/\/behinderung-und-flucht.isl-ev.de\/uk\/#organization","name":"Infoseite der Interessenvertretung Selbstbestimmt Leben in Deutschland e.V.","url":"https:\/\/behinderung-und-flucht.isl-ev.de\/uk\/","logo":{"@type":"ImageObject","inLanguage":"uk","@id":"https:\/\/behinderung-und-flucht.isl-ev.de\/uk\/#\/schema\/logo\/image\/","url":"https:\/\/behinderung-und-flucht.isl-ev.de\/wp-content\/uploads\/2022\/09\/logo-infoseite-04.svg","contentUrl":"https:\/\/behinderung-und-flucht.isl-ev.de\/wp-content\/uploads\/2022\/09\/logo-infoseite-04.svg","caption":"Infoseite der Interessenvertretung Selbstbestimmt Leben in Deutschland e.V."},"image":{"@id":"https:\/\/behinderung-und-flucht.isl-ev.de\/uk\/#\/schema\/logo\/image\/"}}]}},"_links":{"self":[{"href":"https:\/\/behinderung-und-flucht.isl-ev.de\/uk\/wp-json\/wp\/v2\/pages\/5138","targetHints":{"allow":["GET"]}}],"collection":[{"href":"https:\/\/behinderung-und-flucht.isl-ev.de\/uk\/wp-json\/wp\/v2\/pages"}],"about":[{"href":"https:\/\/behinderung-und-flucht.isl-ev.de\/uk\/wp-json\/wp\/v2\/types\/page"}],"author":[{"embeddable":true,"href":"https:\/\/behinderung-und-flucht.isl-ev.de\/uk\/wp-json\/wp\/v2\/users\/1"}],"replies":[{"embeddable":true,"href":"https:\/\/behinderung-und-flucht.isl-ev.de\/uk\/wp-json\/wp\/v2\/comments?post=5138"}],"version-history":[{"count":2,"href":"https:\/\/behinderung-und-flucht.isl-ev.de\/uk\/wp-json\/wp\/v2\/pages\/5138\/revisions"}],"predecessor-version":[{"id":5140,"href":"https:\/\/behinderung-und-flucht.isl-ev.de\/uk\/wp-json\/wp\/v2\/pages\/5138\/revisions\/5140"}],"up":[{"embeddable":true,"href":"https:\/\/behinderung-und-flucht.isl-ev.de\/uk\/wp-json\/wp\/v2\/pages\/5122"}],"wp:attachment":[{"href":"https:\/\/behinderung-und-flucht.isl-ev.de\/uk\/wp-json\/wp\/v2\/media?parent=5138"}],"wp:term":[{"taxonomy":"category","embeddable":true,"href":"https:\/\/behinderung-und-flucht.isl-ev.de\/uk\/wp-json\/wp\/v2\/categories?post=5138"},{"taxonomy":"post_tag","embeddable":true,"href":"https:\/\/behinderung-und-flucht.isl-ev.de\/uk\/wp-json\/wp\/v2\/tags?post=5138"}],"curies":[{"name":"wp","href":"https:\/\/api.w.org\/{rel}","templated":true}]}}