{"id":5117,"date":"2023-11-02T21:59:00","date_gmt":"2023-11-02T20:59:00","guid":{"rendered":"https:\/\/behinderung-und-flucht.isl-ev.de\/?page_id=5117"},"modified":"2024-05-20T22:44:07","modified_gmt":"2024-05-20T20:44:07","slug":"%d1%80%d1%96%d0%b7%d0%bd%d0%b5-2","status":"publish","type":"page","link":"https:\/\/behinderung-und-flucht.isl-ev.de\/uk\/%d0%bf%d1%83%d1%82%d1%96%d0%b2%d0%bd%d0%b8%d0%ba-%d0%bf%d0%be-%d0%ba%d1%83%d0%bb%d1%8c%d1%82%d1%83%d1%80%d1%96\/%d0%b3%d0%b0%d0%bc%d0%b1%d1%83%d1%80%d0%b7%d1%96\/%d1%80%d1%96%d0%b7%d0%bd%d0%b5-2\/","title":{"rendered":"\u0420\u0456\u0437\u043d\u0435"},"content":{"rendered":"\n<p><\/p>\n\n\n\n<div id=\"wp-block-themeisle-blocks-accordion-35e4df50\" data-has-schema=\"false\" class=\"wp-block-themeisle-blocks-accordion exclusive has-gap\">\n<details class=\"wp-block-themeisle-blocks-accordion-item\"><summary class=\"wp-block-themeisle-blocks-accordion-item__title\"><h2><strong>Hamburger Kulturschl\u00fcssel (\u041a\u043b\u044e\u0447 \u0434\u043e \u043a\u0443\u043b\u044c\u0442\u0443\u0440\u0438 \u0413\u0430\u043c\u0431\u0443\u0440\u0433\u0430)\u00a0 <\/strong> <img decoding=\"async\" class=\"wp-image-2983\" style=\"width: 60px\" src=\"https:\/\/behinderung-und-flucht.isl-ev.de\/wp-content\/uploads\/2023\/02\/WKU-Icons_Leichte-Sprache.svg\" alt=\"Leichte Sprache Die Veranstaltungsinformationen stehen auch in leichter Sprache zur Verf\u00fcgung.\"><\/h2><\/summary><div class=\"wp-block-themeisle-blocks-accordion-item__content\">\n<h3 class=\"wp-block-heading\">Hamburger Kulturschl\u00fcssel (\u041a\u043b\u044e\u0447 \u0434\u043e \u043a\u0443\u043b\u044c\u0442\u0443\u0440\u0438 \u0413\u0430\u043c\u0431\u0443\u0440\u0433\u0430)\u00a0<\/h3>\n\n\n\n<h4 class=\"wp-block-heading\"><strong>\u041f\u043e\u044f\u0441\u043d\u0435\u043d\u043d\u044f\u00a0<\/strong><\/h4>\n\n\n\n<p>Hamburger Kulturschl\u00fcssel \u043e\u0431\u2019\u0454\u0434\u043d\u0443\u0454 \u043b\u044e\u0434\u0435\u0439, \u044f\u043a\u0456 \u043d\u0435 \u043c\u043e\u0436\u0443\u0442\u044c \u0432\u0456\u0434\u0432\u0456\u0434\u0443\u0432\u0430\u0442\u0438 \u043a\u0443\u043b\u044c\u0442\u0443\u0440\u043d\u0456 \u00a0\u0437\u0430\u0445\u043e\u0434\u0438 (\u043f\u043e\u043e\u0434\u0438\u043d\u0446\u0456) \u0447\u0435\u0440\u0435\u0437 \u0441\u0432\u043e\u044e \u0456\u043d\u0432\u0430\u043b\u0456\u0434\u043d\u0456\u0441\u0442\u044c, \u0432\u0456\u043a, \u043f\u043e\u0445\u043e\u0434\u0436\u0435\u043d\u043d\u044f \u0447\u0438 \u0434\u043e\u0445\u0456\u0434, \u0456 \u043b\u044e\u0434\u0435\u0439, \u044f\u043a\u0456 \u00a0\u0445\u043e\u0442\u0456\u043b\u0438 \u0431 \u0441\u0443\u043f\u0440\u043e\u0432\u043e\u0434\u0436\u0443\u0432\u0430\u0442\u0438 \u0446\u0438\u0445 \u043b\u044e\u0434\u0435\u0439. \u0420\u0435\u0454\u0441\u0442\u0440\u0430\u0446\u0456\u044f \u0432\u0456\u0434\u0431\u0443\u0432\u0430\u0454\u0442\u044c\u0441\u044f \u043d\u0430 \u0432\u0435\u0431-\u0441\u0430\u0439\u0442\u0456 \u00a0Hamburger Kulturschl\u00fcssel.\u00a0<\/p>\n\n\n\n<div class=\"wp-block-columns is-style-default is-layout-flex wp-container-core-columns-is-layout-9d6595d7 wp-block-columns-is-layout-flex\">\n<div class=\"wp-block-column is-layout-flow wp-block-column-is-layout-flow\">\n<h4 class=\"wp-block-heading\"><strong><strong>\u0411\u0435\u0437\u0431\u0430\u0440&#8217;\u0454\u0440\u043d\u0456\u0441\u0442\u044c\u00a0<\/strong><\/strong><\/h4>\n\n\n\n<figure class=\"wp-block-table\"><table class=\"has-white-background-color has-background\"><tbody><tr><td><img decoding=\"async\" class=\"wp-image-2983\" style=\"width: 150px\" src=\"https:\/\/behinderung-und-flucht.isl-ev.de\/wp-content\/uploads\/2023\/02\/WKU-Icons_Leichte-Sprache.svg\" alt=\"Leichte Sprache Die Veranstaltungsinformationen stehen auch in leichter Sprache zur Verf\u00fcgung.\"><\/td><td>\u041b\u0435\u0433\u043a\u0430 \u043c\u043e\u0432\u0430<\/td><\/tr><\/tbody><\/table><\/figure>\n\n\n\n<p><strong><strong>\u0414\u043e\u0434\u0430\u0442\u043a\u043e\u0432\u0430 \u0456\u043d\u0444\u043e\u0440\u043c\u0430\u0446\u0456\u044f \u043f\u0440\u043e \u0431\u0435\u0437\u0431\u0430\u0440&#8217;\u0454\u0440\u043d\u0456\u0441\u0442\u044c\u00a0<\/strong><\/strong><\/p>\n\n\n\n<ul class=\"wp-block-list\">\n<li>\u0422\u0443\u0442 \u0432\u0438 \u043c\u043e\u0436\u0435\u0442\u0435 \u0437\u043d\u0430\u0439\u0442\u0438 \u0456\u043d\u0444\u043e\u0440\u043c\u0430\u0446\u0456\u044e \u041b\u0435\u0433\u043a\u043e\u044e \u043c\u043e\u0432\u043e\u044e:\u00a0<\/li>\n\n\n\n<li><a href=\"https:\/\/www.hamburger-kulturschluessel.de\/leichte-sprach.html\">https:\/\/www.hamburger-kulturschluessel.de\/leichte-sprach.html<\/a><\/li>\n<\/ul>\n<\/div>\n\n\n\n<div class=\"wp-block-column is-layout-flow wp-block-column-is-layout-flow\">\n<h4 class=\"wp-block-heading\"><strong>\u041a\u043e\u043d\u0442\u0430\u043a\u0442\u043d\u0456\u00a0\u0434\u0430\u043d\u0456<\/strong><\/h4>\n\n\n\n<p>\u0417\u044e\u0434\u0440\u0456\u043d\u0491 36\u00a0<\/p>\n\n\n\n<p>22303 \u0413\u0430\u043c\u0431\u0443\u0440\u0433\u00a0<\/p>\n\n\n\n<p>\u0422\u0435\u043b\u0435\u0444\u043e\u043d: 00 49 40 27 07 90 601\u00a0<\/p>\n\n\n\n<p>\u0415\u043b\u0435\u043a\u0442\u0440\u043e\u043d\u043d\u0430 \u0430\u0434\u0440\u0435\u0441\u0430: <a href=\"mailto:kulturschluessel@lmbhh.de\">kulturschluessel@lmbhh.de<\/a>\u00a0<\/p>\n\n\n\n<p>\u0412\u0435\u0431-\u0441\u0430\u0439\u0442: <a href=\"https:\/\/www.hamburger-kulturschluessel.de\/\">https:\/\/www.hamburger-kulturschluessel.de\/<\/a>\u00a0<\/p>\n\n\n\n<h4 class=\"wp-block-heading\"><strong><strong>\u0413\u043e\u0434\u0438\u043d\u0438\u00a0 \u0440\u043e\u0431\u043e\u0442\u0438\u00a0<\/strong><\/strong><\/h4>\n\n\n\n<p>\u041f\u043e\u043d\u0435\u0434\u0456\u043b\u043e\u043a, \u0441\u0435\u0440\u0435\u0434\u0430 \u0442\u0430 \u0447\u0435\u0442\u0432\u0435\u0440 \u0437 12:00 \u0434\u043e 14:00\u00a0<\/p>\n\n\n\n<h4 class=\"wp-block-heading\"><strong><strong>\u0414\u043e\u0441\u0442\u0443\u043f\u043d\u0456\u0441\u0442\u044c \u0433\u0440\u043e\u043c\u0430\u0434\u0441\u044c\u043a\u0438\u043c \u0442\u0440\u0430\u043d\u0441\u043f\u043e\u0440\u0442\u043e\u043c\u00a0<\/strong><\/strong><\/h4>\n\n\n\n<p>\u0417\u0443\u043f\u0438\u043d\u043a\u0430 \u0411\u043e\u0440\u0491\u0432\u0435\u0491 (\u0428\u0442\u0430\u0434\u0442\u043f\u0430\u0440\u043a) (Borgweg (Stadtpark))\u00a0<\/p>\n\n\n\n<p>\u041c\u0435\u0442\u0440\u043e: U3<\/p>\n\n\n\n<p>\u0410\u0432\u0442\u043e\u0431\u0443\u0441: 6, 17, 179\u00a0<\/p>\n\n\n\n<h4 class=\"wp-block-heading\"><strong><strong><strong>\u041f\u0440\u043e\u043f\u043e\u0437\u0438\u0446\u0456\u044f \u0434\u043b\u044f \u0431\u0456\u0436\u0435\u043d\u0446\u0456\u0432\u00a0<\/strong><\/strong><\/strong><\/h4>\n\n\n\n<p>\u041d\u0435\u043c\u0430\u0454<\/p>\n\n\n\n<h4 class=\"wp-block-heading\"><strong><strong>\u0412\u0445\u0456\u0434<\/strong><\/strong><\/h4>\n\n\n\n<p>\u0420\u0435\u0454\u0441\u0442\u0440\u0430\u0446\u0456\u044f \u0431\u0435\u0437\u043a\u043e\u0448\u0442\u043e\u0432\u043d\u0430\u00a0<\/p>\n<\/div>\n<\/div>\n<\/div><\/details>\n\n\n\n<details class=\"wp-block-themeisle-blocks-accordion-item\"><summary class=\"wp-block-themeisle-blocks-accordion-item__title\"><h2>KulturLeben Hamburg e.V. (\u041a\u0443\u043b\u044c\u0442\u0443\u0440\u043d\u0435 \u0436\u0438\u0442\u0442\u044f \u0413\u0430\u043c\u0431\u0443\u0440\u0433)\u00a0<\/h2><\/summary><div class=\"wp-block-themeisle-blocks-accordion-item__content\">\n<h3 class=\"wp-block-heading\">KulturLeben Hamburg e.V. (\u041a\u0443\u043b\u044c\u0442\u0443\u0440\u043d\u0435 \u0436\u0438\u0442\u0442\u044f \u0413\u0430\u043c\u0431\u0443\u0440\u0433)\u00a0<\/h3>\n\n\n\n<h4 class=\"wp-block-heading\"><strong>\u041f\u043e\u044f\u0441\u043d\u0435\u043d\u043d\u044f\u00a0<\/strong><\/h4>\n\n\n\n<p>Kulturleben Hamburg e.V. \u0445\u043e\u0447\u0435 \u043d\u0430\u0434\u0430\u0442\u0438 \u043b\u044e\u0434\u044f\u043c \u0437 \u043d\u0438\u0437\u044c\u043a\u0438\u043c\u0438 \u0434\u043e\u0445\u043e\u0434\u0430\u043c\u0438 \u0434\u043e\u0441\u0442\u0443\u043f \u0434\u043e \u043a\u0443\u043b\u044c\u0442\u0443\u0440\u043d\u0438\u0445 \u0437\u0430\u0445\u043e\u0434\u0456\u0432. \u042f\u043a KulturGast (\u043a\u0443\u043b\u044c\u0442\u0443\u0440\u043d\u0438\u0439 \u0433\u0456\u0441\u0442\u044c) \u0432\u0438 \u043c\u0430\u0454\u0442\u0435 \u043c\u043e\u0436\u043b\u0438\u0432\u0456\u0441\u0442\u044c \u043e\u0442\u0440\u0438\u043c\u0430\u0442\u0438 \u00a0\u0431\u0435\u0437\u043a\u043e\u0448\u0442\u043e\u0432\u043d\u0456 \u043a\u0432\u0438\u0442\u043a\u0438 \u043d\u0430 \u0443\u043b\u044e\u0431\u043b\u0435\u043d\u0438\u0439 \u0437\u0430\u0445\u0456\u0434. \u0412\u0441\u0435, \u0449\u043e \u0432\u0430\u043c \u043f\u043e\u0442\u0440\u0456\u0431\u043d\u043e \u0437\u0440\u043e\u0431\u0438\u0442\u0438, \u0446\u0435 \u0437\u0430\u0440\u0435\u0454\u0441\u0442\u0440\u0443\u0432\u0430\u0442\u0438\u0441\u044f \u043f\u043e\u0448\u0442\u043e\u044e \u0430\u0431\u043e \u0435\u043b\u0435\u043a\u0442\u0440\u043e\u043d\u043d\u043e\u044e \u043f\u043e\u0448\u0442\u043e\u044e.\u00a0<\/p>\n\n\n\n<div class=\"wp-block-columns is-style-default is-layout-flex wp-container-core-columns-is-layout-9d6595d7 wp-block-columns-is-layout-flex\">\n<div class=\"wp-block-column is-layout-flow wp-block-column-is-layout-flow\">\n<h4 class=\"wp-block-heading\"><strong><strong>\u0411\u0435\u0437\u0431\u0430\u0440&#8217;\u0454\u0440\u043d\u0456\u0441\u0442\u044c\u00a0<\/strong><\/strong><\/h4>\n\n\n\n<p>&#8211;<\/p>\n<\/div>\n\n\n\n<div class=\"wp-block-column is-layout-flow wp-block-column-is-layout-flow\">\n<h4 class=\"wp-block-heading\"><strong>\u041a\u043e\u043d\u0442\u0430\u043a\u0442\u043d\u0456\u00a0\u0434\u0430\u043d\u0456\u00a0<\/strong><\/h4>\n\n\n\n<p>\u041e\u0444\u0456\u0441 \u0430\u0441\u043e\u0446\u0456\u0430\u0446\u0456\u0457 KulturLeben Hamburg e.V.\u00a0<\/p>\n\n\n\n<p>\u041d\u043e\u0454\u0440 \u041a\u0430\u043c\u043f 31\u00a0<\/p>\n\n\n\n<p>Rindermarkthalle St. Pauli, \u0441\u0445\u043e\u0434\u0438 D\u00a0<\/p>\n\n\n\n<p>20359 \u0413\u0430\u043c\u0431\u0443\u0440\u0433\u00a0<\/p>\n\n\n\n<p>\u0422\u0435\u043b\u0435\u0444\u043e\u043d: 00 49 800 01 80 105 (\u0431\u0435\u0437\u043a\u043e\u0448\u0442\u043e\u0432\u043d\u043e)\u00a0<\/p>\n\n\n\n<p>\u0415\u043b\u0435\u043a\u0442\u0440\u043e\u043d\u043d\u0430 \u0430\u0434\u0440\u0435\u0441\u0430: <a href=\"mailto:info@kulturleben-hamburg.de\">info@kulturleben-hamburg.de<\/a>\u00a0<\/p>\n\n\n\n<p>\u0412\u0435\u0431-\u0441\u0430\u0439\u0442: <a href=\"https:\/\/www.kulturleben-hamburg.de\/\">https:\/\/www.kulturleben-hamburg.de\/<\/a>\u00a0<\/p>\n\n\n\n<h4 class=\"wp-block-heading\"><strong><strong>\u0413\u043e\u0434\u0438\u043d\u0438\u00a0\u0440\u043e\u0431\u043e\u0442\u0438\u00a0<\/strong><\/strong><\/h4>\n\n\n\n<p>\u041f\u043e\u043d\u0435\u0434\u0456\u043b\u043e\u043a \u2013 \u0447\u0435\u0442\u0432\u0435\u0440: \u0437 14:30 \u0434\u043e 17:30&nbsp;<\/p>\n\n\n\n<p>\u041f\u2019\u044f\u0442\u043d\u0438\u0446\u044f \u0437 10:00 \u0434\u043e 12:00\u00a0<\/p>\n\n\n\n<h4 class=\"wp-block-heading\"><strong><strong>\u0414\u043e\u0441\u0442\u0443\u043f\u043d\u0456\u0441\u0442\u044c \u0433\u0440\u043e\u043c\u0430\u0434\u0441\u044c\u043a\u0438\u043c \u0442\u0440\u0430\u043d\u0441\u043f\u043e\u0440\u0442\u043e\u043c\u00a0<\/strong><\/strong><\/h4>\n\n\n\n<p>\u0417\u0443\u043f\u0438\u043d\u043a\u0430 \u0424\u0435\u043b\u044c\u0434\u0448\u0442\u0440\u0430\u0441\u0441\u0435 (Feldstra\u00dfe).\u00a0<\/p>\n\n\n\n<p>\u041c\u0435\u0442\u0440\u043e: U3\u00a0<\/p>\n\n\n\n<p>\u0417\u0443\u043f\u0438\u043d\u043a\u0430 \u041f\u0430\u0443\u043b\u0456\u043d\u0435\u043d\u0448\u0442\u0440\u0430\u0441\u0441\u0435\u00a0 (Paulinenstra\u00dfe)\u00a0<\/p>\n\n\n\n<p>\u0410\u0432\u0442\u043e\u0431\u0443\u0441: 17\u00a0<\/p>\n\n\n\n<h4 class=\"wp-block-heading\"><strong><strong><strong>\u041f\u0440\u043e\u043f\u043e\u0437\u0438\u0446\u0456\u044f \u0434\u043b\u044f \u0431\u0456\u0436\u0435\u043d\u0446\u0456\u0432\u00a0<\/strong><\/strong><\/strong><\/h4>\n\n\n\n<p>\u041d\u0435\u043c\u0430\u0454\u00a0<\/p>\n\n\n\n<h4 class=\"wp-block-heading\"><strong><strong>\u0412\u0445\u0456\u0434\u00a0<\/strong><\/strong><\/h4>\n\n\n\n<p>\u0420\u0435\u0454\u0441\u0442\u0440\u0430\u0446\u0456\u044f \u0431\u0435\u0437\u043a\u043e\u0448\u0442\u043e\u0432\u043d\u0430\u00a0<\/p>\n<\/div>\n<\/div>\n<\/div><\/details>\n\n\n\n<details class=\"wp-block-themeisle-blocks-accordion-item\"><summary class=\"wp-block-themeisle-blocks-accordion-item__title\"><h2><strong>Kulturperlen Hamburg\u00a0 (\u041f\u0435\u0440\u043b\u0438\u043d\u0438 \u043a\u0443\u043b\u044c\u0442\u0443\u0440\u0438 \u0413\u0430\u043c\u0431\u0443\u0440\u0433)\u00a0<\/strong><img decoding=\"async\" class=\"wp-image-2907\" style=\"width: 60px\" src=\"https:\/\/behinderung-und-flucht.isl-ev.de\/wp-content\/uploads\/2023\/02\/WKU-Icons_Angebote-in-Gebaerdensprache.svg\" alt=\"Dolmetschung in Geb\u00e4rdensprache Die Veranstaltung wird von Geb\u00e4rdensprachdolmetschenden begleitet.\"><\/h2><\/summary><div class=\"wp-block-themeisle-blocks-accordion-item__content\">\n<h3 class=\"wp-block-heading\">Kulturperlen Hamburg\u00a0 (\u041f\u0435\u0440\u043b\u0438\u043d\u0438 \u043a\u0443\u043b\u044c\u0442\u0443\u0440\u0438 \u0413\u0430\u043c\u0431\u0443\u0440\u0433)\u00a0<\/h3>\n\n\n\n<h4 class=\"wp-block-heading\"><strong>\u041f\u043e\u044f\u0441\u043d\u0435\u043d\u043d\u044f\u00a0<\/strong><\/h4>\n\n\n\n<p>\u0412\u0435\u0431-\u0441\u0430\u0439\u0442 Kulturperlen \u043d\u0430\u0434\u0430\u0454 \u0456\u043d\u0444\u043e\u0440\u043c\u0430\u0446\u0456\u044e \u043f\u0440\u043e \u0440\u0456\u0437\u043d\u043e\u043c\u0430\u043d\u0456\u0442\u043d\u0456 \u0431\u0435\u0437\u0431\u0430\u0440\u2019\u0454\u0440\u043d\u0456 \u043a\u0443\u043b\u044c\u0442\u0443\u0440\u043d\u0456 \u00a0\u043f\u0440\u043e\u043f\u043e\u0437\u0438\u0446\u0456\u0457 \u0432 \u0413\u0430\u043c\u0431\u0443\u0440\u0437\u0456. \u0404 \u043a\u0430\u0442\u0435\u0433\u043e\u0440\u0456\u0457 \u043c\u0443\u0437\u0435\u0439\/\u0432\u0438\u0441\u0442\u0430\u0432\u043a\u0430, \u0442\u0435\u0430\u0442\u0440, \u043a\u0456\u043d\u043e, \u043c\u0443\u0437\u0438\u043a\u0430, \u043a\u0443\u043b\u044c\u0442\u0443\u0440\u0430 \u00a0\u0440\u0430\u0439\u043e\u043d\u0443 \u043c\u0456\u0441\u0442\u0430 \u0442\u0430 \u043a\u043b\u0443\u0431. \u0423\u0441\u0456 \u0440\u043e\u0437\u0434\u0456\u043b\u0438 \u043c\u0456\u0441\u0442\u044f\u0442\u044c \u0456\u043d\u0444\u043e\u0440\u043c\u0430\u0446\u0456\u044e \u043f\u0440\u043e \u0431\u0435\u0437\u0431\u0430\u0440\u2019\u0454\u0440\u043d\u0456\u0441\u0442\u044c \u0434\u043b\u044f \u043b\u044e\u0434\u0435\u0439 \u0437 \u0440\u0456\u0437\u043d\u0438\u043c\u0438 \u043e\u0431\u043c\u0435\u0436\u0435\u043d\u0438\u043c\u0438 \u043c\u043e\u0436\u043b\u0438\u0432\u043e\u0441\u0442\u044f\u043c\u0438.\u00a0<\/p>\n\n\n\n<div class=\"wp-block-columns is-style-default is-layout-flex wp-container-core-columns-is-layout-9d6595d7 wp-block-columns-is-layout-flex\">\n<div class=\"wp-block-column is-layout-flow wp-block-column-is-layout-flow\">\n<h4 class=\"wp-block-heading\"><strong><strong>\u0411\u0435\u0437\u0431\u0430\u0440\u2019\u0454\u0440\u043d\u0456\u0441\u0442\u044c\u00a0<\/strong><\/strong><\/h4>\n\n\n\n<figure class=\"wp-block-table\"><table class=\"has-white-background-color has-background\"><tbody><tr><td><img decoding=\"async\" class=\"wp-image-2907\" style=\"width: 150px\" src=\"https:\/\/behinderung-und-flucht.isl-ev.de\/wp-content\/uploads\/2023\/02\/WKU-Icons_Angebote-in-Gebaerdensprache.svg\" alt=\"Dolmetschung in Geb\u00e4rdensprache Die Veranstaltung wird von Geb\u00e4rdensprachdolmetschenden begleitet.\"><\/td><td>\u0423\u0441\u043d\u0438\u0439 \u043f\u0435\u0440\u0435\u043a\u043b\u0430\u0434 \u0436\u0435\u0441\u0442\u043e\u0432\u043e\u044e \u043c\u043e\u0432\u043e\u044e\u00a0<\/td><\/tr><\/tbody><\/table><\/figure>\n\n\n\n<p><strong>Weitere Hinweise zur Barrierefreiheit\u0414\u043e\u0434\u0430\u0442\u043a\u043e\u0432\u0430 \u0456\u043d\u0444\u043e\u0440\u043c\u0430\u0446\u0456\u044f \u043f\u0440\u043e \u0431\u0435\u0437\u0431\u0430\u0440\u2019\u0454\u0440\u043d\u0456\u0441\u0442\u044c\u00a0Weitere Hinweise zur Barrierefreiheit<\/strong><\/p>\n\n\n\n<ul class=\"wp-block-list\">\n<li>\u0422\u0443\u0442 \u0432\u0438 \u043c\u043e\u0436\u0435\u0442\u0435 \u0437\u043d\u0430\u0439\u0442\u0438 \u0432\u0456\u0434\u0435\u043e \u0437 \u0456\u043d\u0444\u043e\u0440\u043c\u0430\u0446\u0456\u0454\u044e \u043f\u0440\u043e KulturPerlen \u043d\u0456\u043c\u0435\u0446\u044c\u043a\u043e\u044e \u043c\u043e\u0432\u043e\u044e \u0436\u0435\u0441\u0442\u0456\u0432: <a href=\"https:\/\/kulturperlen.hamburg\/dgs-1\/\">https:\/\/kulturperlen.hamburg\/dgs-1\/<\/a>\u00a0<\/li>\n<\/ul>\n<\/div>\n\n\n\n<div class=\"wp-block-column is-layout-flow wp-block-column-is-layout-flow\">\n<h4 class=\"wp-block-heading\"><strong>\u041a\u043e\u043d\u0442\u0430\u043a\u0442\u043d\u0456\u00a0 \u0434\u0430\u043d\u0456\u00a0<\/strong><\/h4>\n\n\n\n<p>&nbsp; \u0410\u043b\u044c\u0441\u0442\u0435\u0440\u0434\u043e\u0440\u0444\u0435\u0440 \u041c\u0430\u0440\u043a\u0442, 8&nbsp;<\/p>\n\n\n\n<p>&nbsp; 22297 \u0413\u0430\u043c\u0431\u0443\u0440\u0433&nbsp;<\/p>\n\n\n\n<p>&nbsp; \u0422\u0435\u043b\u0435\u0444\u043e\u043d: 00 49 40 23 54 64 98&nbsp;<\/p>\n\n\n\n<p>&nbsp; \u0415\u043b\u0435\u043a\u0442\u0440\u043e\u043d\u043d\u0430 \u0430\u0434\u0440\u0435\u0441\u0430: <a href=\"mailto:post@kulturperlen.hamburg\">post@kulturperlen.hamburg<\/a>&nbsp;<\/p>\n\n\n\n<p>&nbsp; \u0412\u0435\u0431-\u0441\u0430\u0439\u0442: <a href=\"https:\/\/kulturperlen.hamburg\/\">https:\/\/kulturperlen.hamburg\/<\/a>&nbsp;<\/p>\n\n\n\n<h4 class=\"wp-block-heading\"><strong><strong>\u0413\u043e\u0434\u0438\u043d\u0438\u00a0 \u0440\u043e\u0431\u043e\u0442\u0438\u00a0<\/strong><\/strong><\/h4>\n\n\n\n<p>&#8211;<\/p>\n\n\n\n<h4 class=\"wp-block-heading\"><strong><strong>\u0414\u043e\u0441\u0442\u0443\u043f\u043d\u0456\u0441\u0442\u044c \u0433\u0440\u043e\u043c\u0430\u0434\u0441\u044c\u043a\u0438\u043c \u0442\u0440\u0430\u043d\u0441\u043f\u043e\u0440\u0442\u043e\u043c\u00a0<\/strong><\/strong><\/h4>\n\n\n\n<p>&#8211;<\/p>\n\n\n\n<h4 class=\"wp-block-heading\"><strong><strong>\u041f\u0440\u043e\u043f\u043e\u0437\u0438\u0446\u0456\u044f \u0434\u043b\u044f \u0431\u0456\u0436\u0435\u043d\u0446\u0456\u0432\u00a0<\/strong><\/strong><\/h4>\n\n\n\n<p>\u00a0\u041d\u0435\u043c\u0430\u0454<\/p>\n\n\n\n<h4 class=\"wp-block-heading\"><strong><strong>\u0412\u0445\u0456\u0434<\/strong><\/strong><\/h4>\n\n\n\n<p>\u0406\u043d\u0444\u043e\u0440\u043c\u0430\u0446\u0456\u044f \u0434\u043e\u0441\u0442\u0443\u043f\u043d\u0430 \u043d\u0430 \u0441\u0430\u0439\u0442\u0456 \u0431\u0435\u0437\u043a\u043e\u0448\u0442\u043e\u0432\u043d\u043e\u00a0<\/p>\n<\/div>\n<\/div>\n<\/div><\/details>\n<\/div>\n\n\n\n<div class=\"wp-block-buttons is-horizontal is-content-justification-left is-layout-flex wp-container-core-buttons-is-layout-7e5fce0a wp-block-buttons-is-layout-flex\">\n<div class=\"wp-block-button has-custom-font-size has-small-font-size\"><a class=\"wp-block-button__link has-background wp-element-button\" href=\"https:\/\/behinderung-und-flucht.isl-ev.de\/kulturguide\/bonn\/\" style=\"border-radius:55px;background-color:#91025b;padding-top:var(--wp--preset--spacing--20);padding-right:var(--wp--preset--spacing--20);padding-bottom:var(--wp--preset--spacing--20);padding-left:var(--wp--preset--spacing--20)\">\u041f\u043e\u0432\u0435\u0440\u043d\u0443\u0442\u0438\u0441\u044f \u0434\u043e \u043e\u0433\u043b\u044f\u0434\u0443<\/a><\/div>\n<\/div>\n","protected":false},"excerpt":{"rendered":"","protected":false},"author":1,"featured_media":0,"parent":5080,"menu_order":0,"comment_status":"closed","ping_status":"closed","template":"","meta":{"ub_ctt_via":"","inline_featured_image":false,"_themeisle_gutenberg_block_has_review":false,"_mc_calendar":[],"footnotes":""},"categories":[],"tags":[],"class_list":["post-5117","page","type-page","status-publish","hentry","entry"],"featured_image_src":null,"yoast_head":"<!-- This site is optimized with the Yoast SEO plugin v21.4 - https:\/\/yoast.com\/wordpress\/plugins\/seo\/ -->\n<title>\u0420\u0456\u0437\u043d\u0435 - Infoseite der Interessenvertretung Selbstbestimmt Leben in Deutschland e.V.<\/title>\n<meta name=\"robots\" content=\"index, follow, max-snippet:-1, max-image-preview:large, max-video-preview:-1\" \/>\n<link rel=\"canonical\" href=\"https:\/\/behinderung-und-flucht.isl-ev.de\/uk\/%d0%bf%d1%83%d1%82%d1%96%d0%b2%d0%bd%d0%b8%d0%ba-%d0%bf%d0%be-%d0%ba%d1%83%d0%bb%d1%8c%d1%82%d1%83%d1%80%d1%96\/%d0%b3%d0%b0%d0%bc%d0%b1%d1%83%d1%80%d0%b7%d1%96\/%d1%80%d1%96%d0%b7%d0%bd%d0%b5-2\/\" \/>\n<meta property=\"og:locale\" content=\"uk_UA\" \/>\n<meta property=\"og:type\" content=\"article\" \/>\n<meta property=\"og:title\" content=\"\u0420\u0456\u0437\u043d\u0435 - Infoseite der Interessenvertretung Selbstbestimmt Leben in Deutschland e.V.\" \/>\n<meta property=\"og:url\" content=\"https:\/\/behinderung-und-flucht.isl-ev.de\/uk\/%d0%bf%d1%83%d1%82%d1%96%d0%b2%d0%bd%d0%b8%d0%ba-%d0%bf%d0%be-%d0%ba%d1%83%d0%bb%d1%8c%d1%82%d1%83%d1%80%d1%96\/%d0%b3%d0%b0%d0%bc%d0%b1%d1%83%d1%80%d0%b7%d1%96\/%d1%80%d1%96%d0%b7%d0%bd%d0%b5-2\/\" \/>\n<meta property=\"og:site_name\" content=\"Infoseite der Interessenvertretung Selbstbestimmt Leben in Deutschland e.V.\" \/>\n<meta property=\"article:modified_time\" content=\"2024-05-20T20:44:07+00:00\" \/>\n<meta property=\"og:image\" content=\"https:\/\/behinderung-und-flucht.isl-ev.de\/wp-content\/uploads\/2023\/02\/WKU-Icons_Leichte-Sprache.svg\" \/>\n<meta name=\"twitter:card\" content=\"summary_large_image\" \/>\n<meta name=\"twitter:label1\" content=\"\u041f\u0440\u0438\u0431\u043b. \u0447\u0430\u0441 \u0447\u0438\u0442\u0430\u043d\u043d\u044f\" \/>\n\t<meta name=\"twitter:data1\" content=\"3 \u0445\u0432\u0438\u043b\u0438\u043d\u0438\" \/>\n<script type=\"application\/ld+json\" class=\"yoast-schema-graph\">{\"@context\":\"https:\/\/schema.org\",\"@graph\":[{\"@type\":\"WebPage\",\"@id\":\"https:\/\/behinderung-und-flucht.isl-ev.de\/uk\/%d0%bf%d1%83%d1%82%d1%96%d0%b2%d0%bd%d0%b8%d0%ba-%d0%bf%d0%be-%d0%ba%d1%83%d0%bb%d1%8c%d1%82%d1%83%d1%80%d1%96\/%d0%b3%d0%b0%d0%bc%d0%b1%d1%83%d1%80%d0%b7%d1%96\/%d1%80%d1%96%d0%b7%d0%bd%d0%b5-2\/\",\"url\":\"https:\/\/behinderung-und-flucht.isl-ev.de\/uk\/%d0%bf%d1%83%d1%82%d1%96%d0%b2%d0%bd%d0%b8%d0%ba-%d0%bf%d0%be-%d0%ba%d1%83%d0%bb%d1%8c%d1%82%d1%83%d1%80%d1%96\/%d0%b3%d0%b0%d0%bc%d0%b1%d1%83%d1%80%d0%b7%d1%96\/%d1%80%d1%96%d0%b7%d0%bd%d0%b5-2\/\",\"name\":\"\u0420\u0456\u0437\u043d\u0435 - Infoseite der Interessenvertretung Selbstbestimmt Leben in Deutschland e.V.\",\"isPartOf\":{\"@id\":\"https:\/\/behinderung-und-flucht.isl-ev.de\/uk\/#website\"},\"datePublished\":\"2023-11-02T20:59:00+00:00\",\"dateModified\":\"2024-05-20T20:44:07+00:00\",\"breadcrumb\":{\"@id\":\"https:\/\/behinderung-und-flucht.isl-ev.de\/uk\/%d0%bf%d1%83%d1%82%d1%96%d0%b2%d0%bd%d0%b8%d0%ba-%d0%bf%d0%be-%d0%ba%d1%83%d0%bb%d1%8c%d1%82%d1%83%d1%80%d1%96\/%d0%b3%d0%b0%d0%bc%d0%b1%d1%83%d1%80%d0%b7%d1%96\/%d1%80%d1%96%d0%b7%d0%bd%d0%b5-2\/#breadcrumb\"},\"inLanguage\":\"uk\",\"potentialAction\":[{\"@type\":\"ReadAction\",\"target\":[\"https:\/\/behinderung-und-flucht.isl-ev.de\/uk\/%d0%bf%d1%83%d1%82%d1%96%d0%b2%d0%bd%d0%b8%d0%ba-%d0%bf%d0%be-%d0%ba%d1%83%d0%bb%d1%8c%d1%82%d1%83%d1%80%d1%96\/%d0%b3%d0%b0%d0%bc%d0%b1%d1%83%d1%80%d0%b7%d1%96\/%d1%80%d1%96%d0%b7%d0%bd%d0%b5-2\/\"]}]},{\"@type\":\"BreadcrumbList\",\"@id\":\"https:\/\/behinderung-und-flucht.isl-ev.de\/uk\/%d0%bf%d1%83%d1%82%d1%96%d0%b2%d0%bd%d0%b8%d0%ba-%d0%bf%d0%be-%d0%ba%d1%83%d0%bb%d1%8c%d1%82%d1%83%d1%80%d1%96\/%d0%b3%d0%b0%d0%bc%d0%b1%d1%83%d1%80%d0%b7%d1%96\/%d1%80%d1%96%d0%b7%d0%bd%d0%b5-2\/#breadcrumb\",\"itemListElement\":[{\"@type\":\"ListItem\",\"position\":1,\"name\":\"Startseite\",\"item\":\"https:\/\/behinderung-und-flucht.isl-ev.de\/uk\/\"},{\"@type\":\"ListItem\",\"position\":2,\"name\":\"\u041f\u0443\u0442\u0456\u0432\u043d\u0438\u043a \u043f\u043e \u043a\u0443\u043b\u044c\u0442\u0443\u0440\u0456\",\"item\":\"https:\/\/behinderung-und-flucht.isl-ev.de\/uk\/%d0%bf%d1%83%d1%82%d1%96%d0%b2%d0%bd%d0%b8%d0%ba-%d0%bf%d0%be-%d0%ba%d1%83%d0%bb%d1%8c%d1%82%d1%83%d1%80%d1%96\/\"},{\"@type\":\"ListItem\",\"position\":3,\"name\":\"\u0413\u0430\u043c\u0431\u0443\u0440\u0437\u0456\u00a0\",\"item\":\"https:\/\/behinderung-und-flucht.isl-ev.de\/uk\/%d0%bf%d1%83%d1%82%d1%96%d0%b2%d0%bd%d0%b8%d0%ba-%d0%bf%d0%be-%d0%ba%d1%83%d0%bb%d1%8c%d1%82%d1%83%d1%80%d1%96\/%d0%b3%d0%b0%d0%bc%d0%b1%d1%83%d1%80%d0%b7%d1%96\/\"},{\"@type\":\"ListItem\",\"position\":4,\"name\":\"\u0420\u0456\u0437\u043d\u0435\"}]},{\"@type\":\"WebSite\",\"@id\":\"https:\/\/behinderung-und-flucht.isl-ev.de\/uk\/#website\",\"url\":\"https:\/\/behinderung-und-flucht.isl-ev.de\/uk\/\",\"name\":\"Infoseite f\u00fcr gefl\u00fcchtete Menschen mit Behinderungen oder chronischen Erkrankungen\",\"description\":\"Informationen f\u00fcr gefl\u00fcchtete Menschen mit Behinderungen oder chronischen Erkrankungen\",\"publisher\":{\"@id\":\"https:\/\/behinderung-und-flucht.isl-ev.de\/uk\/#organization\"},\"alternateName\":\"Infoseite f\u00fcr gefl\u00fcchtete Menschen mit Behinderungen\",\"potentialAction\":[{\"@type\":\"SearchAction\",\"target\":{\"@type\":\"EntryPoint\",\"urlTemplate\":\"https:\/\/behinderung-und-flucht.isl-ev.de\/uk\/?s={search_term_string}\"},\"query-input\":\"required name=search_term_string\"}],\"inLanguage\":\"uk\"},{\"@type\":\"Organization\",\"@id\":\"https:\/\/behinderung-und-flucht.isl-ev.de\/uk\/#organization\",\"name\":\"Infoseite der Interessenvertretung Selbstbestimmt Leben in Deutschland e.V.\",\"url\":\"https:\/\/behinderung-und-flucht.isl-ev.de\/uk\/\",\"logo\":{\"@type\":\"ImageObject\",\"inLanguage\":\"uk\",\"@id\":\"https:\/\/behinderung-und-flucht.isl-ev.de\/uk\/#\/schema\/logo\/image\/\",\"url\":\"https:\/\/behinderung-und-flucht.isl-ev.de\/wp-content\/uploads\/2022\/09\/logo-infoseite-04.svg\",\"contentUrl\":\"https:\/\/behinderung-und-flucht.isl-ev.de\/wp-content\/uploads\/2022\/09\/logo-infoseite-04.svg\",\"caption\":\"Infoseite der Interessenvertretung Selbstbestimmt Leben in Deutschland e.V.\"},\"image\":{\"@id\":\"https:\/\/behinderung-und-flucht.isl-ev.de\/uk\/#\/schema\/logo\/image\/\"}}]}<\/script>\n<!-- \/ Yoast SEO plugin. -->","yoast_head_json":{"title":"\u0420\u0456\u0437\u043d\u0435 - Infoseite der Interessenvertretung Selbstbestimmt Leben in Deutschland e.V.","robots":{"index":"index","follow":"follow","max-snippet":"max-snippet:-1","max-image-preview":"max-image-preview:large","max-video-preview":"max-video-preview:-1"},"canonical":"https:\/\/behinderung-und-flucht.isl-ev.de\/uk\/%d0%bf%d1%83%d1%82%d1%96%d0%b2%d0%bd%d0%b8%d0%ba-%d0%bf%d0%be-%d0%ba%d1%83%d0%bb%d1%8c%d1%82%d1%83%d1%80%d1%96\/%d0%b3%d0%b0%d0%bc%d0%b1%d1%83%d1%80%d0%b7%d1%96\/%d1%80%d1%96%d0%b7%d0%bd%d0%b5-2\/","og_locale":"uk_UA","og_type":"article","og_title":"\u0420\u0456\u0437\u043d\u0435 - Infoseite der Interessenvertretung Selbstbestimmt Leben in Deutschland e.V.","og_url":"https:\/\/behinderung-und-flucht.isl-ev.de\/uk\/%d0%bf%d1%83%d1%82%d1%96%d0%b2%d0%bd%d0%b8%d0%ba-%d0%bf%d0%be-%d0%ba%d1%83%d0%bb%d1%8c%d1%82%d1%83%d1%80%d1%96\/%d0%b3%d0%b0%d0%bc%d0%b1%d1%83%d1%80%d0%b7%d1%96\/%d1%80%d1%96%d0%b7%d0%bd%d0%b5-2\/","og_site_name":"Infoseite der Interessenvertretung Selbstbestimmt Leben in Deutschland e.V.","article_modified_time":"2024-05-20T20:44:07+00:00","og_image":[{"url":"https:\/\/behinderung-und-flucht.isl-ev.de\/wp-content\/uploads\/2023\/02\/WKU-Icons_Leichte-Sprache.svg"}],"twitter_card":"summary_large_image","twitter_misc":{"\u041f\u0440\u0438\u0431\u043b. \u0447\u0430\u0441 \u0447\u0438\u0442\u0430\u043d\u043d\u044f":"3 \u0445\u0432\u0438\u043b\u0438\u043d\u0438"},"schema":{"@context":"https:\/\/schema.org","@graph":[{"@type":"WebPage","@id":"https:\/\/behinderung-und-flucht.isl-ev.de\/uk\/%d0%bf%d1%83%d1%82%d1%96%d0%b2%d0%bd%d0%b8%d0%ba-%d0%bf%d0%be-%d0%ba%d1%83%d0%bb%d1%8c%d1%82%d1%83%d1%80%d1%96\/%d0%b3%d0%b0%d0%bc%d0%b1%d1%83%d1%80%d0%b7%d1%96\/%d1%80%d1%96%d0%b7%d0%bd%d0%b5-2\/","url":"https:\/\/behinderung-und-flucht.isl-ev.de\/uk\/%d0%bf%d1%83%d1%82%d1%96%d0%b2%d0%bd%d0%b8%d0%ba-%d0%bf%d0%be-%d0%ba%d1%83%d0%bb%d1%8c%d1%82%d1%83%d1%80%d1%96\/%d0%b3%d0%b0%d0%bc%d0%b1%d1%83%d1%80%d0%b7%d1%96\/%d1%80%d1%96%d0%b7%d0%bd%d0%b5-2\/","name":"\u0420\u0456\u0437\u043d\u0435 - Infoseite der Interessenvertretung Selbstbestimmt Leben in Deutschland e.V.","isPartOf":{"@id":"https:\/\/behinderung-und-flucht.isl-ev.de\/uk\/#website"},"datePublished":"2023-11-02T20:59:00+00:00","dateModified":"2024-05-20T20:44:07+00:00","breadcrumb":{"@id":"https:\/\/behinderung-und-flucht.isl-ev.de\/uk\/%d0%bf%d1%83%d1%82%d1%96%d0%b2%d0%bd%d0%b8%d0%ba-%d0%bf%d0%be-%d0%ba%d1%83%d0%bb%d1%8c%d1%82%d1%83%d1%80%d1%96\/%d0%b3%d0%b0%d0%bc%d0%b1%d1%83%d1%80%d0%b7%d1%96\/%d1%80%d1%96%d0%b7%d0%bd%d0%b5-2\/#breadcrumb"},"inLanguage":"uk","potentialAction":[{"@type":"ReadAction","target":["https:\/\/behinderung-und-flucht.isl-ev.de\/uk\/%d0%bf%d1%83%d1%82%d1%96%d0%b2%d0%bd%d0%b8%d0%ba-%d0%bf%d0%be-%d0%ba%d1%83%d0%bb%d1%8c%d1%82%d1%83%d1%80%d1%96\/%d0%b3%d0%b0%d0%bc%d0%b1%d1%83%d1%80%d0%b7%d1%96\/%d1%80%d1%96%d0%b7%d0%bd%d0%b5-2\/"]}]},{"@type":"BreadcrumbList","@id":"https:\/\/behinderung-und-flucht.isl-ev.de\/uk\/%d0%bf%d1%83%d1%82%d1%96%d0%b2%d0%bd%d0%b8%d0%ba-%d0%bf%d0%be-%d0%ba%d1%83%d0%bb%d1%8c%d1%82%d1%83%d1%80%d1%96\/%d0%b3%d0%b0%d0%bc%d0%b1%d1%83%d1%80%d0%b7%d1%96\/%d1%80%d1%96%d0%b7%d0%bd%d0%b5-2\/#breadcrumb","itemListElement":[{"@type":"ListItem","position":1,"name":"Startseite","item":"https:\/\/behinderung-und-flucht.isl-ev.de\/uk\/"},{"@type":"ListItem","position":2,"name":"\u041f\u0443\u0442\u0456\u0432\u043d\u0438\u043a \u043f\u043e \u043a\u0443\u043b\u044c\u0442\u0443\u0440\u0456","item":"https:\/\/behinderung-und-flucht.isl-ev.de\/uk\/%d0%bf%d1%83%d1%82%d1%96%d0%b2%d0%bd%d0%b8%d0%ba-%d0%bf%d0%be-%d0%ba%d1%83%d0%bb%d1%8c%d1%82%d1%83%d1%80%d1%96\/"},{"@type":"ListItem","position":3,"name":"\u0413\u0430\u043c\u0431\u0443\u0440\u0437\u0456\u00a0","item":"https:\/\/behinderung-und-flucht.isl-ev.de\/uk\/%d0%bf%d1%83%d1%82%d1%96%d0%b2%d0%bd%d0%b8%d0%ba-%d0%bf%d0%be-%d0%ba%d1%83%d0%bb%d1%8c%d1%82%d1%83%d1%80%d1%96\/%d0%b3%d0%b0%d0%bc%d0%b1%d1%83%d1%80%d0%b7%d1%96\/"},{"@type":"ListItem","position":4,"name":"\u0420\u0456\u0437\u043d\u0435"}]},{"@type":"WebSite","@id":"https:\/\/behinderung-und-flucht.isl-ev.de\/uk\/#website","url":"https:\/\/behinderung-und-flucht.isl-ev.de\/uk\/","name":"Infoseite f\u00fcr gefl\u00fcchtete Menschen mit Behinderungen oder chronischen Erkrankungen","description":"Informationen f\u00fcr gefl\u00fcchtete Menschen mit Behinderungen oder chronischen Erkrankungen","publisher":{"@id":"https:\/\/behinderung-und-flucht.isl-ev.de\/uk\/#organization"},"alternateName":"Infoseite f\u00fcr gefl\u00fcchtete Menschen mit Behinderungen","potentialAction":[{"@type":"SearchAction","target":{"@type":"EntryPoint","urlTemplate":"https:\/\/behinderung-und-flucht.isl-ev.de\/uk\/?s={search_term_string}"},"query-input":"required name=search_term_string"}],"inLanguage":"uk"},{"@type":"Organization","@id":"https:\/\/behinderung-und-flucht.isl-ev.de\/uk\/#organization","name":"Infoseite der Interessenvertretung Selbstbestimmt Leben in Deutschland e.V.","url":"https:\/\/behinderung-und-flucht.isl-ev.de\/uk\/","logo":{"@type":"ImageObject","inLanguage":"uk","@id":"https:\/\/behinderung-und-flucht.isl-ev.de\/uk\/#\/schema\/logo\/image\/","url":"https:\/\/behinderung-und-flucht.isl-ev.de\/wp-content\/uploads\/2022\/09\/logo-infoseite-04.svg","contentUrl":"https:\/\/behinderung-und-flucht.isl-ev.de\/wp-content\/uploads\/2022\/09\/logo-infoseite-04.svg","caption":"Infoseite der Interessenvertretung Selbstbestimmt Leben in Deutschland e.V."},"image":{"@id":"https:\/\/behinderung-und-flucht.isl-ev.de\/uk\/#\/schema\/logo\/image\/"}}]}},"_links":{"self":[{"href":"https:\/\/behinderung-und-flucht.isl-ev.de\/uk\/wp-json\/wp\/v2\/pages\/5117","targetHints":{"allow":["GET"]}}],"collection":[{"href":"https:\/\/behinderung-und-flucht.isl-ev.de\/uk\/wp-json\/wp\/v2\/pages"}],"about":[{"href":"https:\/\/behinderung-und-flucht.isl-ev.de\/uk\/wp-json\/wp\/v2\/types\/page"}],"author":[{"embeddable":true,"href":"https:\/\/behinderung-und-flucht.isl-ev.de\/uk\/wp-json\/wp\/v2\/users\/1"}],"replies":[{"embeddable":true,"href":"https:\/\/behinderung-und-flucht.isl-ev.de\/uk\/wp-json\/wp\/v2\/comments?post=5117"}],"version-history":[{"count":3,"href":"https:\/\/behinderung-und-flucht.isl-ev.de\/uk\/wp-json\/wp\/v2\/pages\/5117\/revisions"}],"predecessor-version":[{"id":5121,"href":"https:\/\/behinderung-und-flucht.isl-ev.de\/uk\/wp-json\/wp\/v2\/pages\/5117\/revisions\/5121"}],"up":[{"embeddable":true,"href":"https:\/\/behinderung-und-flucht.isl-ev.de\/uk\/wp-json\/wp\/v2\/pages\/5080"}],"wp:attachment":[{"href":"https:\/\/behinderung-und-flucht.isl-ev.de\/uk\/wp-json\/wp\/v2\/media?parent=5117"}],"wp:term":[{"taxonomy":"category","embeddable":true,"href":"https:\/\/behinderung-und-flucht.isl-ev.de\/uk\/wp-json\/wp\/v2\/categories?post=5117"},{"taxonomy":"post_tag","embeddable":true,"href":"https:\/\/behinderung-und-flucht.isl-ev.de\/uk\/wp-json\/wp\/v2\/tags?post=5117"}],"curies":[{"name":"wp","href":"https:\/\/api.w.org\/{rel}","templated":true}]}}