{"id":5101,"date":"2023-10-31T20:03:33","date_gmt":"2023-10-31T19:03:33","guid":{"rendered":"https:\/\/behinderung-und-flucht.isl-ev.de\/?page_id=5101"},"modified":"2024-05-15T18:00:52","modified_gmt":"2024-05-15T16:00:52","slug":"%d1%82%d0%b5%d0%b0%d1%82%d1%80-2","status":"publish","type":"page","link":"https:\/\/behinderung-und-flucht.isl-ev.de\/uk\/%d0%bf%d1%83%d1%82%d1%96%d0%b2%d0%bd%d0%b8%d0%ba-%d0%bf%d0%be-%d0%ba%d1%83%d0%bb%d1%8c%d1%82%d1%83%d1%80%d1%96\/%d0%b3%d0%b0%d0%bc%d0%b1%d1%83%d1%80%d0%b7%d1%96\/%d1%82%d0%b5%d0%b0%d1%82%d1%80-2\/","title":{"rendered":"\u0422\u0435\u0430\u0442\u0440 \u00a0"},"content":{"rendered":"\n<p><\/p>\n\n\n\n<div id=\"wp-block-themeisle-blocks-accordion-35e4df50\" data-has-schema=\"false\" class=\"wp-block-themeisle-blocks-accordion exclusive has-gap\">\n<details class=\"wp-block-themeisle-blocks-accordion-item\"><summary class=\"wp-block-themeisle-blocks-accordion-item__title\"><h2><strong>\u0422\u0435\u0430\u0442\u0440 \u0410\u043b\u044c\u0442\u043e\u043d\u0438\u00a0<\/strong><img decoding=\"async\" class=\"wp-image-2999\" style=\"width: 60px\" src=\"https:\/\/behinderung-und-flucht.isl-ev.de\/wp-content\/uploads\/2023\/02\/WKU-Icons_Zugaenglich-mit-Rollstuhl.svg\" alt=\"Zug\u00e4nglich mit Rollstuhl Den Gast erwarten keine Treppen, ggfs. ist eine Rampe vorhanden.\"><img decoding=\"async\" class=\"wp-image-2931\" style=\"width: 60px\" src=\"https:\/\/behinderung-und-flucht.isl-ev.de\/wp-content\/uploads\/2023\/02\/WKU-Icons_Barrierefreie-Toilette.svg\" alt=\"Barrierefreie Toilette Die Toilette ist barrierefrei zug\u00e4nglich und rollstuhlgerecht eingerichtet\"><\/h2><\/summary><div class=\"wp-block-themeisle-blocks-accordion-item__content\">\n<h3 class=\"wp-block-heading\">\u0422\u0435\u0430\u0442\u0440 \u0410\u043b\u044c\u0442\u043e\u043d\u0438\u00a0<\/h3>\n\n\n\n<h4 class=\"wp-block-heading\"><strong>\u041f\u043e\u044f\u0441\u043d\u0435\u043d\u043d\u044f \u00a0<\/strong><\/h4>\n\n\n\n<p>\u0423 \u0442\u0435\u0430\u0442\u0440\u0456 \u0410\u043b\u044c\u0442\u043e\u043d\u0438 \u0441\u0442\u0430\u0432\u043b\u044f\u0442\u044c \u043f\u2019\u0454\u0441\u0438 \u0437\u0430 \u0432\u0456\u0434\u043e\u043c\u0438\u043c\u0438 \u043a\u043d\u0438\u0433\u0430\u043c\u0438. \u0423 \u0446\u044c\u043e\u043c\u0443 \u0442\u0435\u0430\u0442\u0440\u0456 \u0442\u0430\u043a\u043e\u0436 \u00a0\u0432\u0456\u0434\u0431\u0443\u0432\u0430\u044e\u0442\u044c\u0441\u044f \u0447\u0438\u0442\u0430\u043d\u043d\u044f \u0440\u0456\u0437\u043d\u0438\u0445 \u0430\u0432\u0442\u043e\u0440\u0456\u0432.\u00a0<\/p>\n\n\n\n<div class=\"wp-block-columns is-style-default is-layout-flex wp-container-core-columns-is-layout-9d6595d7 wp-block-columns-is-layout-flex\">\n<div class=\"wp-block-column is-layout-flow wp-block-column-is-layout-flow\">\n<h4 class=\"wp-block-heading\"><strong><strong>\u0411\u0435\u0437\u0431\u0430\u0440&#8217;\u0454\u0440\u043d\u0456\u0441\u0442\u044c<\/strong><\/strong><\/h4>\n\n\n\n<figure class=\"wp-block-table\"><table class=\"has-white-background-color has-background\"><tbody><tr><td><img decoding=\"async\" class=\"wp-image-2999\" style=\"width: 150px\" src=\"https:\/\/behinderung-und-flucht.isl-ev.de\/wp-content\/uploads\/2023\/02\/WKU-Icons_Zugaenglich-mit-Rollstuhl.svg\" alt=\"Zug\u00e4nglich mit Rollstuhl Den Gast erwarten keine Treppen, ggfs. ist eine Rampe vorhanden.\"><\/td><td>\u0434\u043e\u0441\u0442\u0443\u043f\u043d\u0430 \u0434\u043b\u044f \u0456\u043d\u0432\u0430\u043b\u0456\u0434\u043d\u0438\u0445 \u0432\u0456\u0437\u043a\u0456\u0432\u00a0<\/td><\/tr><tr><td><img decoding=\"async\" class=\"wp-image-2931\" style=\"width: 150px;\" src=\"https:\/\/behinderung-und-flucht.isl-ev.de\/wp-content\/uploads\/2023\/02\/WKU-Icons_Barrierefreie-Toilette.svg\" alt=\"Barrierefreie Toilette Die Toilette ist barrierefrei zug\u00e4nglich und rollstuhlgerecht eingerichtet\"><\/td><td>\u0431\u0435\u0437\u0431\u0430\u0440&#8217;\u0454\u0440\u043d\u0438\u0439 \u0442\u0443\u0430\u043b\u0435\u0442\u00a0<\/td><\/tr><\/tbody><\/table><\/figure>\n\n\n\n<p><strong><strong>\u0414\u043e\u0434\u0430\u0442\u043a\u043e\u0432\u0430 \u0456\u043d\u0444\u043e\u0440\u043c\u0430\u0446\u0456\u044f \u043f\u0440\u043e \u0431\u0435\u0437\u0431\u0430\u0440\u2019\u0454\u0440\u043d\u0456\u0441\u0442\u044c\u00a0<\/strong><\/strong><\/p>\n\n\n\n<ul class=\"wp-block-list\">\n<li>\u0410\u043a\u0442\u0443\u0430\u043b\u044c\u043d\u0430 \u0456\u043d\u0444\u043e\u0440\u043c\u0430\u0446\u0456\u044f \u043f\u0440\u043e \u0434\u043e\u0441\u0442\u0443\u043f\u043d\u0456\u0441\u0442\u044c \u043d\u0430 \u0441\u0430\u0439\u0442\u0456:\u00a0<\/li>\n\n\n\n<li><a href=\"https:\/\/www.altonaer-theater.de\/service\/barrierfreedom\/\">https:\/\/www.altonaer-theater.de\/service\/barrierfreedom\/<\/a><\/li>\n\n\n\n<li>\u0414\u043e \u0442\u0435\u0430\u0442\u0440\u0443 \u043c\u043e\u0436\u043d\u0430 \u043f\u043e\u0442\u0440\u0430\u043f\u0438\u0442\u0438 \u043f\u043e \u043f\u0430\u043d\u0434\u0443\u0441\u0443 \u0437 \u0443\u0445\u0438\u043b\u043e\u043c 13%.\u00a0<\/li>\n\n\n\n<li>\u041b\u044e\u0434\u0438 \u0437 \u043e\u0431\u043c\u0435\u0436\u0435\u043d\u0438\u043c\u0438 \u043c\u043e\u0436\u043b\u0438\u0432\u043e\u0441\u0442\u044f\u043c\u0438 \u043e\u0442\u0440\u0438\u043c\u0443\u044e\u0442\u044c \u043f\u0456\u043b\u044c\u0433\u043e\u0432\u0438\u0439 \u0432\u0445\u0456\u0434 \u0456\u0437 \u0441\u0442\u0443\u043f\u0435\u043d\u0435\u043c \u0456\u043d\u0432\u0430\u043b\u0456\u0434\u043d\u043e\u0441\u0442\u0456 50% \u0430\u0431\u043e \u0431\u0456\u043b\u044c\u0448\u0435\u00a0<\/li>\n\n\n\n<li>\u042f\u043a\u0449\u043e \u0432 \u043f\u043e\u0441\u0432\u0456\u0434\u0447\u0435\u043d\u043d\u0456 \u0456\u043d\u0432\u0430\u043b\u0456\u0434\u0430 \u0454 \u043b\u0456\u0442\u0435\u0440\u0430 B, \u0441\u0443\u043f\u0440\u043e\u0432\u043e\u0434\u0436\u0443\u044e\u0447\u0430 \u043e\u0441\u043e\u0431\u0430 \u0442\u0430\u043a\u043e\u0436 \u043e\u0442\u0440\u0438\u043c\u0443\u0454 \u043f\u0456\u043b\u044c\u0433\u043e\u0432\u0438\u0439 \u043f\u0440\u043e\u043f\u0443\u0441\u043a\u00a0<\/li>\n\n\n\n<li>\u0423 \u043f\u0430\u0440\u0442\u0435\u0440\u0456 \u0442\u0435\u0430\u0442\u0440\u0443 \u0454 \u0442\u0440\u0438 \u043c\u0456\u0441\u0446\u044f \u0434\u043b\u044f \u0456\u043d\u0432\u0430\u043b\u0456\u0434\u0456\u0432\u00a0<\/li>\n\n\n\n<li>\u0414\u0435\u043d\u043d\u0430 \u043a\u0430\u0441\u0430 \u043d\u0435 \u043c\u0430\u0454 \u0431\u0435\u0437\u0431\u0430\u0440&#8217;\u0454\u0440\u043d\u043e\u0433\u043e \u0434\u043e\u0441\u0442\u0443\u043f\u0443\u00a0<\/li>\n<\/ul>\n<\/div>\n\n\n\n<div class=\"wp-block-column is-layout-flow wp-block-column-is-layout-flow\">\n<h4 class=\"wp-block-heading\"><strong>\u041a\u043e\u043d\u0442\u0430\u043a\u0442\u043d\u0456\u00a0 \u0434\u0430\u043d\u0456\u00a0<\/strong><\/h4>\n\n\n\n<p>M\u0443\u0437\u0435\u0443\u043c\u0441\u0448\u0442\u0440\u0430\u0441\u0441\u0435 17&nbsp;<\/p>\n\n\n\n<p>22765 \u0413\u0430\u043c\u0431\u0443\u0440\u0433&nbsp;<\/p>\n\n\n\n<p>\u0422\u0435\u043b\u0435\u0444\u043e\u043d (\u043a\u0432\u0438\u0442\u043a\u0438): 00 49 40 39 90 58 70&nbsp;<\/p>\n\n\n\n<p>\u0415\u043b\u0435\u043a\u0442\u0440\u043e\u043d\u043d\u0430 \u043f\u043e\u0448\u0442\u0430 (\u043a\u0432\u0438\u0442\u043a\u0438): <a href=\"mailto:tickets@altonaer-theater.de\">tickets@altonaer-theater.de<\/a>&nbsp;<\/p>\n\n\n\n<p>\u0412\u0435\u0431-\u0441\u0430\u0439\u0442: <a href=\"https:\/\/www.altonaer-theater.de\/\">https:\/\/www.altonaer-theater.de\/<\/a>&nbsp;<\/p>\n\n\n\n<h4 class=\"wp-block-heading\"><strong><strong>\u0413\u043e\u0434\u0438\u043d\u0438\u00a0 \u0440\u043e\u0431\u043e\u0442\u0438\u00a0<\/strong><\/strong><\/h4>\n\n\n\n<p>\u0412\u0435\u0447\u0456\u0440\u043d\u044f \u043a\u0430\u0441\u0430 \u0432\u0456\u0434\u043a\u0440\u0438\u0432\u0430\u0454\u0442\u044c\u0441\u044f \u0437\u0430 \u0433\u043e\u0434\u0438\u043d\u0443 \u0434\u043e \u043f\u043e\u0447\u0430\u0442\u043a\u0443 \u0432\u0438\u0441\u0442\u0430\u0432\u0438\u00a0<\/p>\n\n\n\n<h4 class=\"wp-block-heading\"><strong>\u0414\u043e\u0441\u0442\u0443\u043f\u043d\u0456\u0441\u0442\u044c \u0433\u0440\u043e\u043c\u0430\u0434\u0441\u044c\u043a\u0438\u043c \u0442\u0440\u0430\u043d\u0441\u043f\u043e\u0440\u0442\u043e\u043c<\/strong><\/h4>\n\n\n\n<p>\u0417\u0443\u043f\u0438\u043d\u043a\u0430 \u0420\u0430\u0442\u0443\u0448\u0430 \u0410\u043b\u044c\u0442\u043e\u043d\u0430 (Rathaus Altona)&nbsp;<\/p>\n\n\n\n<p>\u0410\u0432\u0442\u043e\u0431\u0443\u0441: 2, 15&nbsp;<\/p>\n\n\n\n<p>\u0417\u0443\u043f\u0438\u043d\u043a\u0430 \u0417\u0430\u043b\u0456\u0437\u043d\u0438\u0447\u043d\u0438\u0439 \u0432\u043e\u043a\u0437\u0430\u043b \u0410\u043b\u044c\u0442\u043e\u043d\u0430 (Bahnhof Altona)&nbsp;<\/p>\n\n\n\n<p>S-Bahn: S1, S2, S3, S11, S21, S31&nbsp;<\/p>\n\n\n\n<p>\u0410\u0432\u0442\u043e\u0431\u0443\u0441\u0438: 1, 2, 15, 16, 20, 25, 112, 113, 115, 150, 180, 183, 250, 288, 600, 601, 621, 641, 688&nbsp;<\/p>\n\n\n\n<h4 class=\"wp-block-heading\"><strong><strong>\u041f\u0440\u043e\u043f\u043e\u0437\u0438\u0446\u0456\u044f \u0434\u043b\u044f \u0431\u0456\u0436\u0435\u043d\u0446\u0456\u0432\u00a0<\/strong><\/strong><\/h4>\n\n\n\n<p>\u041d\u0435\u043c\u0430\u0454\u00a0<\/p>\n\n\n\n<h4 class=\"wp-block-heading\"><strong><strong>\u0412\u0445\u0456\u0434\u00a0<\/strong><\/strong><\/h4>\n\n\n\n<p>\u0412\u0456\u0434 15 \u0454\u0432\u0440\u043e\u00a0<\/p>\n<\/div>\n<\/div>\n<\/div><\/details>\n\n\n\n<details class=\"wp-block-themeisle-blocks-accordion-item\"><summary class=\"wp-block-themeisle-blocks-accordion-item__title\"><h2><strong>Deutsches Schauspielhaus (\u041d\u0456\u043c\u0435\u0446\u044c\u043a\u0438\u0439 \u0442\u0435\u0430\u0442\u0440)\u00a0<\/strong><img decoding=\"async\" class=\"wp-image-2911\" style=\"width: 60px\" src=\"https:\/\/behinderung-und-flucht.isl-ev.de\/wp-content\/uploads\/2023\/02\/WKU-Icons_Assistenzhund-willkommen.svg\" alt=\"Assistenzhund willkommen Es ist m\u00f6glich einen Assistenzhund mitzuf\u00fchren.\"><img decoding=\"async\" class=\"wp-image-2999\" style=\"width: 60px\" src=\"https:\/\/behinderung-und-flucht.isl-ev.de\/wp-content\/uploads\/2023\/02\/WKU-Icons_Zugaenglich-mit-Rollstuhl.svg\" alt=\"Zug\u00e4nglich mit Rollstuhl Den Gast erwarten keine Treppen, ggfs. ist eine Rampe vorhanden.\"><img decoding=\"async\" class=\"wp-image-2931\" style=\"width: 60px;\" src=\"https:\/\/behinderung-und-flucht.isl-ev.de\/wp-content\/uploads\/2023\/02\/WKU-Icons_Barrierefreie-Toilette.svg\" alt=\"Barrierefreie Toilette Die Toilette ist barrierefrei zug\u00e4nglich und rollstuhlgerecht eingerichtet\"><img decoding=\"async\" class=\"wp-image-2971\" style=\"width: 60px;\" src=\"https:\/\/behinderung-und-flucht.isl-ev.de\/wp-content\/uploads\/2023\/02\/WKU-Icons_Induktionsschleife-vorhanden.svg\" alt=\"Induktionsschleife vorhanden Tr\u00e4ger*innen eines H\u00f6rger\u00e4ts\/ Cl k\u00f6nnen Signale einer induktiven H\u00f6ranlage empfangen.\"><\/h2><\/summary><div class=\"wp-block-themeisle-blocks-accordion-item__content\">\n<h3 class=\"wp-block-heading\">Deutsches Schauspielhaus (\u041d\u0456\u043c\u0435\u0446\u044c\u043a\u0438\u0439 \u0442\u0435\u0430\u0442\u0440)\u00a0<\/h3>\n\n\n\n<h4 class=\"wp-block-heading\"><strong>\u041f\u043e\u044f\u0441\u043d\u0435\u043d\u043d\u044f \u00a0<\/strong><\/h4>\n\n\n\n<p>Deutsches Schauspielhaus Hamburg \u2014 \u043d\u0430\u0439\u0431\u0456\u043b\u044c\u0448\u0438\u0439 \u0440\u043e\u0437\u043c\u043e\u0432\u043d\u0438\u0439 \u0442\u0435\u0430\u0442\u0440 \u0443 \u041d\u0456\u043c\u0435\u0447\u0447\u0438\u043d\u0456, \u00a0\u044f\u043a\u0438\u0439 \u0432\u043c\u0456\u0449\u0443\u0454 1200 \u043e\u0441\u0456\u0431. \u041f\u043e\u0440\u044f\u0434 \u0437 \u0432\u0435\u043b\u0438\u043a\u0438\u043c \u0431\u0443\u0434\u0438\u043d\u043a\u043e\u043c\u00a0 \u0443 MalerSaal \u0456 \u043d\u0430 \u0441\u0446\u0435\u043d\u0430\u0445 \u041c\u043e\u043b\u043e\u0434\u043e\u0433\u043e \u0422\u0435\u0430\u0442\u0440\u0443 \u043c\u043e\u0436\u043d\u0430 \u0432\u0456\u0434\u0432\u0456\u0434\u0430\u0442\u0438 \u0442\u0430\u043a\u043e\u0436 \u0446\u0456\u043a\u0430\u0432\u0456 \u0432\u0438\u0441\u0442\u0430\u0432\u0438.\u00a0<\/p>\n\n\n\n<div class=\"wp-block-columns is-style-default is-layout-flex wp-container-core-columns-is-layout-9d6595d7 wp-block-columns-is-layout-flex\">\n<div class=\"wp-block-column is-layout-flow wp-block-column-is-layout-flow\">\n<h4 class=\"wp-block-heading\"><strong><strong>\u0411\u0435\u0437\u0431\u0430\u0440&#8217;\u0454\u0440\u043d\u0456\u0441\u0442\u044c\u00a0<\/strong><\/strong><\/h4>\n\n\n\n<figure class=\"wp-block-table\"><table class=\"has-white-background-color has-background\"><tbody><tr><td><img decoding=\"async\" class=\"wp-image-2911\" style=\"width: 150px\" src=\"https:\/\/behinderung-und-flucht.isl-ev.de\/wp-content\/uploads\/2023\/02\/WKU-Icons_Assistenzhund-willkommen.svg\" alt=\"Assistenzhund willkommen Es ist m\u00f6glich einen Assistenzhund mitzuf\u00fchren.\"><\/td><td>A\u0434\u043e\u043f\u0443\u0441\u043a\u0430\u044e\u0442\u044c\u0441\u044f \u0441\u043e\u0431\u0430\u043a\u0438-\u043f\u043e\u043c\u0456\u0447\u043d\u0438\u043a\u0438\u00a0<\/td><\/tr><tr><td><img decoding=\"async\" class=\"wp-image-2999\" style=\"width: NaNpx;\" src=\"https:\/\/behinderung-und-flucht.isl-ev.de\/wp-content\/uploads\/2023\/02\/WKU-Icons_Zugaenglich-mit-Rollstuhl.svg\" alt=\"Zug\u00e4nglich mit Rollstuhl Den Gast erwarten keine Treppen, ggfs. ist eine Rampe vorhanden.\"><\/td><td>\u0434\u043e\u0441\u0442\u0443\u043f\u043d\u043e \u0434\u043b\u044f \u0456\u043d\u0432\u0430\u043b\u0456\u0434\u043d\u0438\u0445 \u0432\u0456\u0437\u043a\u0456\u0432\u00a0<\/td><\/tr><tr><td><img decoding=\"async\" class=\"wp-image-2931\" style=\"width: NaNpx;\" src=\"https:\/\/behinderung-und-flucht.isl-ev.de\/wp-content\/uploads\/2023\/02\/WKU-Icons_Barrierefreie-Toilette.svg\" alt=\"Barrierefreie Toilette Die Toilette ist barrierefrei zug\u00e4nglich und rollstuhlgerecht eingerichtet\"><\/td><td>b\u0431\u0435\u0437\u0431\u0430\u0440&#8217;\u0454\u0440\u043d\u0438\u0439 \u0442\u0443\u0430\u043b\u0435\u0442\u00a0<\/td><\/tr><tr><td><img decoding=\"async\" class=\"wp-image-2971\" style=\"width: NaNpx\" src=\"https:\/\/behinderung-und-flucht.isl-ev.de\/wp-content\/uploads\/2023\/02\/WKU-Icons_Induktionsschleife-vorhanden.svg\" alt=\"Induktionsschleife vorhanden Tr\u00e4ger*innen eines H\u00f6rger\u00e4ts\/ Cl k\u00f6nnen Signale einer induktiven H\u00f6ranlage empfangen.\"><\/td><td>\u0434\u043e\u0441\u0442\u0443\u043f\u043d\u0430 \u0456\u043d\u0434\u0443\u043a\u0446\u0456\u0439\u043d\u0430 \u043f\u0435\u0442\u043b\u044f\u00a0<\/td><\/tr><\/tbody><\/table><\/figure>\n\n\n\n<p><strong><strong>\u0414\u043e\u0434\u0430\u0442\u043a\u043e\u0432\u0430 \u0456\u043d\u0444\u043e\u0440\u043c\u0430\u0446\u0456\u044f \u043f\u0440\u043e \u0431\u0435\u0437\u0431\u0430\u0440\u2019\u0454\u0440\u043d\u0456\u0441\u0442\u044c\u00a0<\/strong><\/strong><\/p>\n\n\n\n<ul class=\"wp-block-list\">\n<li>&#8211; \u0430\u043a\u0442\u0443\u0430\u043b\u044c\u043d\u0430 \u0456\u043d\u0444\u043e\u0440\u043c\u0430\u0446\u0456\u044f \u043f\u0440\u043e \u0431\u0435\u0437\u0431\u0430\u0440\u2019\u0454\u0440\u043d\u0456\u0441\u0442\u044c \u043d\u0430 \u0441\u0430\u0439\u0442\u0456 \u0432 \u0440\u043e\u0437\u0434\u0456\u043b\u0456 \u0431\u0435\u0437\u0431\u0430\u0440\u2019\u0454\u0440\u043d\u0456\u0441\u0442\u044c:\u00a0<\/li>\n\n\n\n<li><a href=\"https:\/\/schauspielhaus.de\/ihr-visit\">https:\/\/schauspielhaus.de\/ihr-visit<\/a><\/li>\n\n\n\n<li>\u2013 \u041e\u0442\u0440\u0438\u043c\u0443\u044e\u0442\u044c \u043b\u044e\u0434\u0438 \u0437\u0456 \u0441\u0442\u0443\u043f\u0435\u043d\u0435\u043c \u0456\u043d\u0432\u0430\u043b\u0456\u0434\u043d\u043e\u0441\u0442\u0456 \u043d\u0435 \u043c\u0435\u043d\u0448\u0435 50%.\u00a0 \u0417\u043d\u0438\u0436\u043a\u0430 50%, \u044f\u043a\u0449\u043e \u0432 \u043f\u043e\u0441\u0432\u0456\u0434\u0447\u0435\u043d\u043d\u0456 \u0456\u043d\u0432\u0430\u043b\u0456\u0434\u0430 \u0437 \u0442\u044f\u0436\u043a\u043e\u044e \u0444\u043e\u0440\u043c\u043e\u044e \u0456\u043d\u0432\u0430\u043b\u0456\u0434\u043d\u043e\u0441\u0442\u0456 \u0441\u0442\u043e\u0457\u0442\u044c \u043f\u043e\u0437\u043d\u0430\u0447\u043a\u0430 \u00ab\u0412\u00bb,\u00a0 \u0441\u0443\u043f\u0440\u043e\u0432\u043e\u0434\u0436\u0443\u044e\u0447\u0430 \u043e\u0441\u043e\u0431\u0430 \u0442\u0430\u043a\u043e\u0436 \u043e\u0442\u0440\u0438\u043c\u0443\u0454 \u043a\u0432\u0438\u0442\u043e\u043a \u0437\u0456 \u0437\u043d\u0438\u0436\u043a\u043e\u044e 50%.\u00a0<\/li>\n\n\n\n<li>\u2013 \u041c\u0456\u0441\u0446\u044f \u0434\u043b\u044f \u043a\u043e\u043b\u044f\u0441\u043e\u043a \u0443 \u043f\u0430\u0440\u0442\u0435\u0440\u0456\u00a0<\/li>\n\n\n\n<li>&#8211; \u0406\u043d\u0444\u043e\u0440\u043c\u0430\u0446\u0456\u044e \u043f\u0440\u043e \u043f\u043e\u0441\u0438\u043b\u0435\u043d\u043d\u044f \u0441\u043b\u0443\u0445\u0443 \u0432 Schauspielhaus \u043c\u043e\u0436\u043d\u0430 \u0437\u0430\u0432\u0430\u043d\u0442\u0430\u0436\u0438\u0442\u0438 \u0443 \u0444\u043e\u0440\u043c\u0430\u0442\u0456 PDF:\u00a0<\/li>\n\n\n\n<li><a href=\"https:\/\/schauspielhaus.de\/sites\/default\/files\/2023-02\/Ansicht_DSH_095_Ho%CC%88rversta%CC%88rkung_Flyer_I.pdf\">https:\/\/schauspielhaus.de\/sites\/default\/files\/2023-02\/Ansicht_DSH_095_Ho%CC%88rversta%CC%88rkung_Flyer_I.pdf<\/a><\/li>\n<\/ul>\n<\/div>\n\n\n\n<div class=\"wp-block-column is-layout-flow wp-block-column-is-layout-flow\">\n<h4 class=\"wp-block-heading\"><strong>\u041a\u043e\u043d\u0442\u0430\u043a\u0442\u043d\u0456\u00a0 \u0434\u0430\u043d\u0456\u00a0<\/strong><\/h4>\n\n\n\n<p>\u041a\u0456\u0440\u0445\u0435\u043d\u0430\u043b\u0435\u0435 39&nbsp;<\/p>\n\n\n\n<p>20099 \u0413\u0430\u043c\u0431\u0443\u0440\u0433&nbsp;<\/p>\n\n\n\n<p>\u0422\u0435\u043b\u0435\u0444\u043e\u043d: 00 49 40 24 87 10&nbsp;<\/p>\n\n\n\n<p>\u0415\u043b\u0435\u043a\u0442\u0440\u043e\u043d\u043d\u0430 \u0430\u0434\u0440\u0435\u0441\u0430: <a href=\"mailto:kontakt@schauspielhaus.de\">kontakt@schauspielhaus.de<\/a>&nbsp;<\/p>\n\n\n\n<p>\u0412\u0435\u0431-\u0441\u0430\u0439\u0442: <a href=\"https:\/\/schauspielhaus.de\/\">https:\/\/schauspielhaus.de\/<\/a>&nbsp;<\/p>\n\n\n\n<h4 class=\"wp-block-heading\"><strong><strong>\u0413\u043e\u0434\u0438\u043d\u0438\u00a0 \u0440\u043e\u0431\u043e\u0442\u0438\u00a0<\/strong><\/strong><\/h4>\n\n\n\n<p>\u0412\u0435\u0447\u0456\u0440\u043d\u044f \u043a\u0430\u0441\u0430 \u0432\u0456\u0434\u0447\u0438\u043d\u044f\u0454\u0442\u044c\u0441\u044f \u0437\u0430 \u0433\u043e\u0434\u0438\u043d\u0443 \u0434\u043e \u043f\u043e\u0447\u0430\u0442\u043a\u0443 \u0432\u0438\u0441\u0442\u0430\u0432\u0438\u00a0<\/p>\n\n\n\n<h4 class=\"wp-block-heading\"><strong><strong>\u0414\u043e\u0441\u0442\u0443\u043f\u043d\u0456\u0441\u0442\u044c \u0433\u0440\u043e\u043c\u0430\u0434\u0441\u044c\u043a\u0438\u043c \u0442\u0440\u0430\u043d\u0441\u043f\u043e\u0440\u0442\u043e\u043c\u00a0<\/strong><\/strong><\/h4>\n\n\n\n<p>\u0417\u0443\u043f\u0438\u043d\u043a\u0430 \u0413\u043e\u043b\u043e\u0432\u043d\u0438\u0439 \u0437\u0430\u043b\u0456\u0437\u043d\u0438\u0447\u043d\u0438\u0439 \u0432\u043e\u043a\u0437\u0430\u043b (Hauptbahnhof)&nbsp;<\/p>\n\n\n\n<p>\u041c\u0435\u0442\u0440\u043e: U1 U2 U3 U4&nbsp;<\/p>\n\n\n\n<p>S-Bahn: S1, S2, S3, S11, S21, S31&nbsp;<\/p>\n\n\n\n<p>\u0417\u0443\u043f\u0438\u043d\u043a\u0430 \u0413\u043e\u043b\u043e\u0432\u043d\u0438\u0439&nbsp; \u0437\u0430\u043b\u0456\u0437\u043d\u0438\u0447\u043d\u0438\u0439 \u0432\u043e\u043a\u0437\u0430\u043b \/ \u041a\u0456\u0440\u0445\u0435\u043d\u0430\u043b\u0435\u0435 (Kirchenallee)&nbsp;<\/p>\n\n\n\n<p>\u0410\u0432\u0442\u043e\u0431\u0443\u0441: 6, 17, 18, 606, 607&nbsp;<\/p>\n\n\n\n<h4 class=\"wp-block-heading\"><strong><strong>\u041f\u0440\u043e\u043f\u043e\u0437\u0438\u0446\u0456\u044f \u0434\u043b\u044f \u0431\u0456\u0436\u0435\u043d\u0446\u0456\u0432\u00a0<\/strong><\/strong><\/h4>\n\n\n\n<p>Nein\u041d\u0435\u043c\u0430\u0454\u00a0Nein<\/p>\n\n\n\n<h4 class=\"wp-block-heading\"><strong><strong>\u0412\u0445\u0456\u0434 \u00a0<\/strong><\/strong><\/h4>\n\n\n\n<p>\u0412\u0456\u0434 8 \u0454\u0432\u0440\u043e\u00a0<\/p>\n<\/div>\n<\/div>\n<\/div><\/details>\n\n\n\n<details class=\"wp-block-themeisle-blocks-accordion-item\"><summary class=\"wp-block-themeisle-blocks-accordion-item__title\"><h2><strong>\u0422\u0435\u0430\u0442\u0440 Ohnsorg\u00a0<\/strong><img decoding=\"async\" class=\"wp-image-2911\" style=\"width: 60px\" src=\"https:\/\/behinderung-und-flucht.isl-ev.de\/wp-content\/uploads\/2023\/02\/WKU-Icons_Assistenzhund-willkommen.svg\" alt=\"Assistenzhund willkommen Es ist m\u00f6glich einen Assistenzhund mitzuf\u00fchren.\"><img decoding=\"async\" class=\"wp-image-2999\" style=\"width: 60px\" src=\"https:\/\/behinderung-und-flucht.isl-ev.de\/wp-content\/uploads\/2023\/02\/WKU-Icons_Zugaenglich-mit-Rollstuhl.svg\" alt=\"Zug\u00e4nglich mit Rollstuhl Den Gast erwarten keine Treppen, ggfs. ist eine Rampe vorhanden.\"><img decoding=\"async\" class=\"wp-image-2931\" style=\"width: 60px\" src=\"https:\/\/behinderung-und-flucht.isl-ev.de\/wp-content\/uploads\/2023\/02\/WKU-Icons_Barrierefreie-Toilette.svg\" alt=\"Barrierefreie Toilette Die Toilette ist barrierefrei zug\u00e4nglich und rollstuhlgerecht eingerichtet\"><img decoding=\"async\" class=\"wp-image-2971\" style=\"width: 60px\" src=\"https:\/\/behinderung-und-flucht.isl-ev.de\/wp-content\/uploads\/2023\/02\/WKU-Icons_Induktionsschleife-vorhanden.svg\" alt=\"Induktionsschleife vorhanden Tr\u00e4ger*innen eines H\u00f6rger\u00e4ts\/ Cl k\u00f6nnen Signale einer induktiven H\u00f6ranlage empfangen.\"><\/h2><\/summary><div class=\"wp-block-themeisle-blocks-accordion-item__content\">\n<h3 class=\"wp-block-heading\">\u0422\u0435\u0430\u0442\u0440 Ohnsorg\u00a0<\/h3>\n\n\n\n<h4 class=\"wp-block-heading\"><strong>\u041f\u043e\u044f\u0441\u043d\u0435\u043d\u043d\u044f\u00a0<\/strong><\/h4>\n\n\n\n<p>\u0423 \u0446\u0435\u043d\u0442\u0440\u0456 \u043c\u0456\u0441\u0442\u0430 \u0442\u0435\u0430\u0442\u0440 Ohnsorg \u043f\u043e\u043a\u0430\u0437\u0443\u0454 \u0440\u0456\u0437\u043d\u043e\u043c\u0430\u043d\u0456\u0442\u043d\u0443 \u043f\u0440\u043e\u0433\u0440\u0430\u043c\u0443: \u043a\u043e\u043c\u0435\u0434\u0456\u0457, \u0441\u0435\u0440\u0439\u043e\u0437\u043d\u0456 \u00a0\u043f\u2019\u0454\u0441\u0438, \u0431\u0430\u0433\u0430\u0442\u043e \u043c\u0443\u0437\u0438\u043a\u0438, \u0430 \u0442\u0430\u043a\u043e\u0436 \u0454 \u0449\u043e\u0441\u044c \u0434\u043b\u044f \u0434\u0456\u0442\u0435\u0439 \u0442\u0430 \u043c\u043e\u043b\u043e\u0434\u0456 \u0432 Ohnsorg Studio. \u0411\u0456\u043b\u044c\u0448\u0456\u0441\u0442\u044c \u043f\u2019\u0454\u0441 \u0443 \u0442\u0435\u0430\u0442\u0440\u0456 Ohnsorg \u0454 \u0434\u0432\u043e\u043c\u043e\u0432\u043d\u0438\u043c\u0438 \u2013 \u043d\u0438\u0436\u043d\u044c\u043e\u043d\u0456\u043c\u0435\u0446\u044c\u043a\u043e\u044e \u00a0\u0442\u0430 \u043b\u0456\u0442\u0435\u0440\u0430\u0442\u0443\u0440\u043d\u043e\u044e \u00a0\u043d\u0456\u043c\u0435\u0446\u044c\u043a\u043e\u044e \u043c\u043e\u0432\u043e\u044e.\u00a0<\/p>\n\n\n\n<div class=\"wp-block-columns is-style-default is-layout-flex wp-container-core-columns-is-layout-9d6595d7 wp-block-columns-is-layout-flex\">\n<div class=\"wp-block-column is-layout-flow wp-block-column-is-layout-flow\">\n<h4 class=\"wp-block-heading\"><strong><strong>\u0411\u0435\u0437\u0431\u0430\u0440&#8217;\u0454\u0440\u043d\u0456\u0441\u0442\u044c\u00a0<\/strong><\/strong><\/h4>\n\n\n\n<figure class=\"wp-block-table\"><table class=\"has-white-background-color has-background\"><tbody><tr><td><img decoding=\"async\" class=\"wp-image-2911\" style=\"width: 150px\" src=\"https:\/\/behinderung-und-flucht.isl-ev.de\/wp-content\/uploads\/2023\/02\/WKU-Icons_Assistenzhund-willkommen.svg\" alt=\"Assistenzhund willkommen Es ist m\u00f6glich einen Assistenzhund mitzuf\u00fchren.\"><\/td><td>A\u0434\u043e\u043f\u0443\u0441\u043a\u0430\u044e\u0442\u044c\u0441\u044f \u0441\u043e\u0431\u0430\u043a\u0438-\u043f\u043e\u043c\u0456\u0447\u043d\u0438\u043a\u0438\u00a0<\/td><\/tr><tr><td><img decoding=\"async\" class=\"wp-image-2999\" style=\"width: NaNpx\" src=\"https:\/\/behinderung-und-flucht.isl-ev.de\/wp-content\/uploads\/2023\/02\/WKU-Icons_Zugaenglich-mit-Rollstuhl.svg\" alt=\"Zug\u00e4nglich mit Rollstuhl Den Gast erwarten keine Treppen, ggfs. ist eine Rampe vorhanden.\"><\/td><td>\u0434\u043e\u0441\u0442\u0443\u043f\u043d\u043e \u0434\u043b\u044f \u0456\u043d\u0432\u0430\u043b\u0456\u0434\u043d\u0438\u0445 \u0432\u0456\u0437\u043a\u0456\u0432\u00a0<\/td><\/tr><tr><td><img decoding=\"async\" class=\"wp-image-2931\" style=\"width: NaNpx\" src=\"https:\/\/behinderung-und-flucht.isl-ev.de\/wp-content\/uploads\/2023\/02\/WKU-Icons_Barrierefreie-Toilette.svg\" alt=\"Barrierefreie Toilette Die Toilette ist barrierefrei zug\u00e4nglich und rollstuhlgerecht eingerichtet\"><\/td><td>\u0431\u0435\u0437\u0431\u0430\u0440&#8217;\u0454\u0440\u043d\u0438\u0439 \u0442\u0443\u0430\u043b\u0435\u0442\u00a0<\/td><\/tr><tr><td><img decoding=\"async\" class=\"wp-image-2971\" style=\"width: NaNpx\" src=\"https:\/\/behinderung-und-flucht.isl-ev.de\/wp-content\/uploads\/2023\/02\/WKU-Icons_Induktionsschleife-vorhanden.svg\" alt=\"Induktionsschleife vorhanden Tr\u00e4ger*innen eines H\u00f6rger\u00e4ts\/ Cl k\u00f6nnen Signale einer induktiven H\u00f6ranlage empfangen.\"><\/td><td>\u0434\u043e\u0441\u0442\u0443\u043f\u043d\u0430 \u0456\u043d\u0434\u0443\u043a\u0446\u0456\u0439\u043d\u0430 \u043f\u0435\u0442\u043b\u044f\u00a0<\/td><\/tr><\/tbody><\/table><\/figure>\n\n\n\n<p><strong><strong>\u0414\u043e\u0434\u0430\u0442\u043a\u043e\u0432\u0430 \u0456\u043d\u0444\u043e\u0440\u043c\u0430\u0446\u0456\u044f \u043f\u0440\u043e \u0431\u0435\u0437\u0431\u0430\u0440\u2019\u0454\u0440\u043d\u0456\u0441\u0442\u044c\u00a0<\/strong><\/strong><\/p>\n\n\n\n<ul class=\"wp-block-list\">\n<li>\u0430\u043a\u0442\u0443\u0430\u043b\u044c\u043d\u0430 \u0456\u043d\u0444\u043e\u0440\u043c\u0430\u0446\u0456\u044f \u043f\u0440\u043e \u0431\u0435\u0437\u0431\u0430\u0440\u2019\u0454\u0440\u043d\u0456\u0441\u0442\u044c \u043d\u0430 \u0432\u0435\u0431-\u0441\u0430\u0439\u0442\u0456:\u00a0<\/li>\n\n\n\n<li><a href=\"https:\/\/www.ohnsorg.de\/service\/barrierfreedom-am-ohnsorg-theater\/\">https:\/\/www.ohnsorg.de\/service\/barrierfreedom-am-ohnsorg-theater\/<\/a><\/li>\n\n\n\n<li>\u0423 \u0432\u0445\u0456\u0434\u043d\u0456\u0439 \u0447\u0430\u0441\u0442\u0438\u043d\u0456 \u0442\u0435\u0430\u0442\u0440\u0443 \u0432\u0441\u0442\u0430\u043d\u043e\u0432\u043b\u0435\u043d\u0456 <strong>\u043f\u043e\u0440\u043e\u0433\u0438<\/strong> \u043d\u0438\u0436\u0447\u0435 2 \u0441\u043c.\u00a0<\/li>\n\n\n\n<li>\u041f\u0440\u0438 \u0456\u043d\u0432\u0430\u043b\u0456\u0434\u043d\u043e\u0441\u0442\u0456 60% \u0456 \u0431\u0456\u043b\u044c\u0448\u0435 \u0456\u043d\u0432\u0430\u043b\u0456\u0434\u0430\u043c \u043d\u0430\u0434\u0430\u0454\u0442\u044c\u0441\u044f <strong>\u0437\u043d\u0438\u0436\u043a\u0430<\/strong> 25%, \u0442\u0430\u043a\u043e\u0436 \u0446\u044f \u0437\u043d\u0438\u0436\u043a\u0430 \u043f\u043e\u0448\u0438\u0440\u044e\u0454\u0442\u044c\u0441\u044f \u043d\u0430 \u0441\u0443\u043f\u0440\u043e\u0432\u043e\u0434\u0436\u0443\u044e\u0447\u0443 \u043e\u0441\u043e\u0431\u0443, \u044f\u043a\u0449\u043e \u0432 \u043f\u043e\u0441\u0432\u0456\u0434\u0447\u0435\u043d\u043d\u0456 \u043e\u0441\u043e\u0431\u0438 \u0437 \u0442\u044f\u0436\u043a\u043e\u044e \u0456\u043d\u0432\u0430\u043b\u0456\u0434\u043d\u0456\u0441\u0442\u044e \u0441\u0442\u043e\u0457\u0442\u044c \u043f\u043e\u0437\u043d\u0430\u0447\u043a\u0430 \u00ab\u0412\u00bb.\u00a0<\/li>\n\n\n\n<li><strong>\u041c\u0456\u0441\u0446\u044f \u0434\u043b\u044f \u0456\u043d\u0432\u0430\u043b\u0456\u0434\u043d\u0438\u0445 \u043a\u043e\u043b\u044f\u0441\u043e\u043a<\/strong> \u0440\u043e\u0437\u0442\u0430\u0448\u043e\u0432\u0430\u043d\u0456 \u0443 \u043f\u0430\u0440\u0442\u0435\u0440\u0456, \u0431\u0440\u043e\u043d\u044e\u0432\u0430\u0442\u0438 \u0457\u0445 \u043c\u043e\u0436\u043d\u0430 \u043b\u0438\u0448\u0435 \u0437\u0430 \u0442\u0435\u043b\u0435\u0444\u043e\u043d\u043e\u043c 00 49 40 35 08 03 21\u00a0<\/li>\n\n\n\n<li>\u044f\u043a\u0449\u043e \u0432\u0438 \u0431\u0430\u0436\u0430\u0454\u0442\u0435 \u0432\u0456\u0434\u0432\u0456\u0434\u0430\u0442\u0438 \u0442\u0435\u0430\u0442\u0440 \u0456\u0437 <strong>\u0441\u043e\u0431\u0430\u043a\u043e\u044e-\u043f\u043e\u043c\u0456\u0447\u043d\u0438\u043a\u043e\u043c<\/strong>, \u0432\u0430\u043c \u0442\u0430\u043a\u043e\u0436 \u043d\u0435\u043e\u0431\u0445\u0456\u0434\u043d\u043e \u0437\u0430\u0431\u0440\u043e\u043d\u044e\u0432\u0430\u0442\u0438 \u043a\u0432\u0438\u0442\u043a\u0438 \u0437\u0430 \u0442\u0435\u043b\u0435\u0444\u043e\u043d\u043e\u043c 00 49 40 35 08 03 21.\u00a0<\/li>\n<\/ul>\n<\/div>\n\n\n\n<div class=\"wp-block-column is-layout-flow wp-block-column-is-layout-flow\">\n<h4 class=\"wp-block-heading\"><strong>\u041a\u043e\u043d\u0442\u0430\u043a\u0442\u043d\u0456\u00a0 \u0434\u0430\u043d\u0456\u00a0<\/strong><\/h4>\n\n\n\n<p>\u0413\u0430\u0439\u0434\u0456 \u041a\u0430\u0431\u0435\u043b\u044c \u043f\u043b\u0430\u0446 1 &nbsp;<\/p>\n\n\n\n<p>20099 \u0413\u0430\u043c\u0431\u0443\u0440\u0433&nbsp;<\/p>\n\n\n\n<p>\u0422\u0435\u043b\u0435\u0444\u043e\u043d: 00 49 40 35 08 03 0&nbsp;<\/p>\n\n\n\n<p>\u0415\u043b\u0435\u043a\u0442\u0440\u043e\u043d\u043d\u0430 \u0430\u0434\u0440\u0435\u0441\u0430: <a href=\"mailto:info@ohnsorg.de\">info@ohnsorg.de<\/a>&nbsp;<\/p>\n\n\n\n<p>\u0412\u0435\u0431-\u0441\u0430\u0439\u0442: <a href=\"https:\/\/www.ohnsorg.de\/\">https:\/\/www.ohnsorg.de\/<\/a>&nbsp;<\/p>\n\n\n\n<h4 class=\"wp-block-heading\"><strong><strong>\u0413\u043e\u0434\u0438\u043d\u0438 \u0440\u043e\u0431\u043e\u0442\u0438 \u00a0<\/strong><\/strong><\/h4>\n\n\n\n<p>Unterschiedlich, je nach Veranstaltung\u041f\u043e-\u0440\u0456\u0437\u043d\u043e\u043c\u0443 \u0437\u0430\u043b\u0435\u0436\u043d\u043e \u0432\u0456\u0434 \u0437\u0430\u0445\u043e\u0434\u0443<\/p>\n\n\n\n<h4 class=\"wp-block-heading\"><strong><strong>\u0414\u043e\u0441\u0442\u0443\u043f\u043d\u0456\u0441\u0442\u044c \u0433\u0440\u043e\u043c\u0430\u0434\u0441\u044c\u043a\u0438\u043c \u0442\u0440\u0430\u043d\u0441\u043f\u043e\u0440\u0442\u043e\u043c\u00a0<\/strong><\/strong><\/h4>\n\n\n\n<p>\u0417\u0443\u043f\u0438\u043d\u043a\u0430 \u0413\u043e\u043b\u043e\u0432\u043d\u0438\u0439 \u0437\u0430\u043b\u0456\u0437\u043d\u0438\u0447\u043d\u0438\u0439 \u0432\u043e\u043a\u0437\u0430\u043b (Hauptbahnhof)&nbsp;<\/p>\n\n\n\n<p>\u041c\u0435\u0442\u0440\u043e: U1 U2 U3 U4<\/p>\n\n\n\n<p>S-Bahn: S1, S2, S3, S11, S21, S31<\/p>\n\n\n\n<p>\u0417\u0443\u043f\u0438\u043d\u043a\u0430 \u0413\u043e\u043b\u043e\u0432\u043d\u0438\u0439&nbsp; \u0437\u0430\u043b\u0456\u0437\u043d\u0438\u0447\u043d\u0438\u0439 \u0432\u043e\u043a\u0437\u0430\u043b \/ \u041a\u0456\u0440\u0445\u0435\u043d\u0430\u043b\u0435\u0435 (Kirchenallee)<\/p>\n\n\n\n<p>\u0410\u0432\u0442\u043e\u0431\u0443\u0441: 6, 17, 18, 606, 607<\/p>\n\n\n\n<h4 class=\"wp-block-heading\"><strong><strong>\u041f\u0440\u043e\u043f\u043e\u0437\u0438\u0446\u0456\u044f \u0434\u043b\u044f \u0431\u0456\u0436\u0435\u043d\u0446\u0456\u0432\u00a0<\/strong><\/strong><\/h4>\n\n\n\n<p>\u041d\u0435\u043c\u0430\u0454\u00a0<\/p>\n\n\n\n<h4 class=\"wp-block-heading\"><strong><strong>\u0412\u0445\u0456\u0434\u00a0<\/strong><\/strong><\/h4>\n\n\n\n<p>\u0412\u0456\u0434 24 \u0454\u0432\u0440\u043e\u00a0<\/p>\n<\/div>\n<\/div>\n<\/div><\/details>\n\n\n\n<details class=\"wp-block-themeisle-blocks-accordion-item\"><summary class=\"wp-block-themeisle-blocks-accordion-item__title\"><h2><strong>\u0422\u0435\u0430\u0442\u0440 Schmidt\u00a0<\/strong><img decoding=\"async\" class=\"wp-image-2911\" style=\"width: 60px\" src=\"https:\/\/behinderung-und-flucht.isl-ev.de\/wp-content\/uploads\/2023\/02\/WKU-Icons_Assistenzhund-willkommen.svg\" alt=\"Assistenzhund willkommen Es ist m\u00f6glich einen Assistenzhund mitzuf\u00fchren.\"><img decoding=\"async\" class=\"wp-image-2999\" style=\"width: 60px\" src=\"https:\/\/behinderung-und-flucht.isl-ev.de\/wp-content\/uploads\/2023\/02\/WKU-Icons_Zugaenglich-mit-Rollstuhl.svg\" alt=\"Zug\u00e4nglich mit Rollstuhl Den Gast erwarten keine Treppen, ggfs. ist eine Rampe vorhanden.\"><img decoding=\"async\" class=\"wp-image-2931\" style=\"width: 60px\" src=\"https:\/\/behinderung-und-flucht.isl-ev.de\/wp-content\/uploads\/2023\/02\/WKU-Icons_Barrierefreie-Toilette.svg\" alt=\"Barrierefreie Toilette Die Toilette ist barrierefrei zug\u00e4nglich und rollstuhlgerecht eingerichtet\"><\/h2><\/summary><div class=\"wp-block-themeisle-blocks-accordion-item__content\">\n<h3 class=\"wp-block-heading\">\u0422\u0435\u0430\u0442\u0440 Schmidt\u00a0<\/h3>\n\n\n\n<h4 class=\"wp-block-heading\"><strong>\u041f\u043e\u044f\u0441\u043d\u0435\u043d\u043d\u044f\u00a0<\/strong><\/h4>\n\n\n\n<p>\u041d\u0430 \u0442\u0440\u044c\u043e\u0445 \u0441\u0446\u0435\u043d\u0430\u0445 \u00abSchmidts Theater\u00bb, \u00abSchmidts Tivoli\u00bb \u0456 \u00abSchmidtchen\u00bb \u043f\u0440\u0435\u0434\u0441\u0442\u0430\u0432\u043b\u044f\u044e\u0442\u044c\u0441\u044f \u0432\u043b\u0430\u0441\u043d\u0456 \u043c\u0443\u0437\u0438\u0447\u043d\u0456 \u043f\u043e\u0441\u0442\u0430\u043d\u043e\u0432\u043a\u0438, \u043a\u043e\u043c\u0435\u0434\u0456\u0439\u043d\u0456 \u0448\u043e\u0443 \u0442\u0430 \u0456\u043d\u0448\u0456 \u0440\u043e\u0437\u0432\u0430\u0436\u0430\u043b\u044c\u043d\u0456 \u0448\u043e\u0443. \u0422\u0443\u0442 \u00a0\u0434\u043e \u043f\u0456\u0437\u043d\u044c\u043e\u0457 \u043d\u043e\u0447\u0456 \u043f\u0440\u043e\u0445\u043e\u0434\u044f\u0442\u044c \u0432\u0438\u0441\u0442\u0430\u0432\u0438, \u044f\u043a\u0456 \u0449\u043e\u0440\u043e\u043a\u0443 \u0432\u0456\u0434\u0432\u0456\u0434\u0443\u044e\u0442\u044c \u0431\u043b\u0438\u0437\u044c\u043a\u043e 400 000 \u0433\u043e\u0441\u0442\u0435\u0439.\u00a0<\/p>\n\n\n\n<div class=\"wp-block-columns is-style-default is-layout-flex wp-container-core-columns-is-layout-9d6595d7 wp-block-columns-is-layout-flex\">\n<div class=\"wp-block-column is-layout-flow wp-block-column-is-layout-flow\">\n<h4 class=\"wp-block-heading\"><strong><strong>\u0411\u0435\u0437\u0431\u0430\u0440&#8217;\u0454\u0440\u043d\u0456\u0441\u0442\u044c\u00a0<\/strong><\/strong><\/h4>\n\n\n\n<figure class=\"wp-block-table\"><table class=\"has-white-background-color has-background\"><tbody><tr><td><img decoding=\"async\" class=\"wp-image-2911\" style=\"width: 150px\" src=\"https:\/\/behinderung-und-flucht.isl-ev.de\/wp-content\/uploads\/2023\/02\/WKU-Icons_Assistenzhund-willkommen.svg\" alt=\"Assistenzhund willkommen Es ist m\u00f6glich einen Assistenzhund mitzuf\u00fchren.\"><\/td><td>\u0434\u043e\u043f\u0443\u0441\u043a\u0430\u044e\u0442\u044c\u0441\u044f \u0441\u043e\u0431\u0430\u043a\u0438-\u043f\u043e\u043c\u0456\u0447\u043d\u0438\u043a\u0438\u00a0<\/td><\/tr><tr><td><img decoding=\"async\" class=\"wp-image-2999\" style=\"width: NaNpx\" src=\"https:\/\/behinderung-und-flucht.isl-ev.de\/wp-content\/uploads\/2023\/02\/WKU-Icons_Zugaenglich-mit-Rollstuhl.svg\" alt=\"Zug\u00e4nglich mit Rollstuhl Den Gast erwarten keine Treppen, ggfs. ist eine Rampe vorhanden.\"><\/td><td>\u0434\u043e\u0441\u0442\u0443\u043f\u043d\u043e \u0434\u043b\u044f \u0456\u043d\u0432\u0430\u043b\u0456\u0434\u043d\u0438\u0445 \u0432\u0456\u0437\u043a\u0456\u0432\u00a0<\/td><\/tr><tr><td><img decoding=\"async\" class=\"wp-image-2931\" style=\"width: NaNpx\" src=\"https:\/\/behinderung-und-flucht.isl-ev.de\/wp-content\/uploads\/2023\/02\/WKU-Icons_Barrierefreie-Toilette.svg\" alt=\"Barrierefreie Toilette Die Toilette ist barrierefrei zug\u00e4nglich und rollstuhlgerecht eingerichtet\"><\/td><td>\u0431\u0435\u0437\u0431\u0430\u0440&#8217;\u0454\u0440\u043d\u0438\u0439 \u0442\u0443\u0430\u043b\u0435\u0442\u00a0<\/td><\/tr><\/tbody><\/table><\/figure>\n\n\n\n<p><strong><strong>\u0414\u043e\u0434\u0430\u0442\u043a\u043e\u0432\u0430 \u0456\u043d\u0444\u043e\u0440\u043c\u0430\u0446\u0456\u044f \u043f\u0440\u043e \u0431\u0435\u0437\u0431\u0430\u0440&#8217;\u0454\u0440\u043d\u0456\u0441\u0442\u044c\u00a0<\/strong><\/strong><\/p>\n\n\n\n<ul class=\"wp-block-list\">\n<li>\u0430\u043a\u0442\u0443\u0430\u043b\u044c\u043d\u0430 \u0456\u043d\u0444\u043e\u0440\u043c\u0430\u0446\u0456\u044f \u043f\u0440\u043e \u0431\u0435\u0437\u0431\u0430\u0440&#8217;\u0454\u0440\u043d\u0456\u0441\u0442\u044c \u043d\u0430 \u043c\u0456\u0441\u0446\u0456:\u00a0<\/li>\n\n\n\n<li><a href=\"https:\/\/www.tivoli.de\/service-kontakt\/barrier-freedom\">https:\/\/www.tivoli.de\/service-kontakt\/barrier-freedom<\/a><\/li>\n\n\n\n<li><strong>\u041c\u0456\u0441\u0446\u044f \u0434\u043b\u044f \u0456\u043d\u0432\u0430\u043b\u0456\u0434\u043d\u0438\u0445 \u0432\u0456\u0437\u043a\u0456\u0432<\/strong> \u043d\u0435\u043e\u0431\u0445\u0456\u0434\u043d\u043e \u0431\u0440\u043e\u043d\u044e\u0432\u0430\u0442\u0438 \u043f\u043e \u0442\u0435\u043b\u0435\u0444\u043e\u043d\u0443 (00 49 40 31 77 88 61) \u0430\u0431\u043e \u0435\u043b\u0435\u043a\u0442\u0440\u043e\u043d\u043d\u043e\u044e \u043f\u043e\u0448\u0442\u043e\u044e (<a href=\"mailto:Barrierfrei@tivoli.de\">barrierfrei@tivoli.de<\/a>).\u00a0<\/li>\n\n\n\n<li><strong>\u0411\u0435\u0437\u0431\u0430\u0440&#8217;\u0454\u0440\u043d\u0438\u0439 \u0442\u0443\u0430\u043b\u0435\u0442<\/strong> \u0432 \u0422\u0435\u0430\u0442\u0440\u0456 Schmidt \u0437\u043d\u0430\u0445\u043e\u0434\u0438\u0442\u044c\u0441\u044f \u0432 \u043f\u0456\u0434\u0432\u0430\u043b\u0456. \u0414\u043e\u0441\u0442\u0443\u043f \u043d\u0435\u043e\u0431\u0445\u0456\u0434\u043d\u043e \u0437\u0430\u043f\u0438\u0442\u0443\u0432\u0430\u0442\u0438 \u0443 \u043f\u0435\u0440\u0441\u043e\u043d\u0430\u043b\u0443.\u00a0<\/li>\n\n\n\n<li><strong>\u0411\u0435\u0437\u0431\u0430\u0440&#8217;\u0454\u0440\u043d\u0438\u0439 \u0434\u043e\u0441\u0442\u0443\u043f<\/strong> \u0434\u043e \u00abTivoli\u00bb \u0437 \u0437\u0430\u0434\u043d\u044c\u043e\u0433\u043e \u0432\u0445\u043e\u0434\u0443. \u0414\u043e\u0441\u0442\u0443\u043f \u043d\u0435\u043e\u0431\u0445\u0456\u0434\u043d\u043e \u0437\u0430\u043f\u0438\u0442\u0443\u0432\u0430\u0442\u0438 \u0443 \u043f\u0435\u0440\u0441\u043e\u043d\u0430\u043b\u0443. \u0423 \u00abTivoli\u00bb \u00a0\u043d\u0435\u043c\u0430\u0454 \u0432\u043b\u0430\u0441\u043d\u043e\u0433\u043e \u0431\u0435\u0437\u0431\u0430\u0440&#8217;\u0454\u0440\u043d\u043e\u0433\u043e \u0442\u0443\u0430\u043b\u0435\u0442\u0443, \u043c\u043e\u0436\u043d\u0430 \u0441\u043a\u043e\u0440\u0438\u0441\u0442\u0430\u0442\u0438\u0441\u044f \u0431\u0435\u0437\u0431\u0430\u0440&#8217;\u0454\u0440\u043d\u0438\u043c \u0442\u0443\u0430\u043b\u0435\u0442\u043e\u043c \u0443 \u0422\u0435\u0430\u0442\u0440\u0456 Schmidt. \u0411\u0435\u0437\u0431\u0430\u0440&#8217;\u0454\u0440\u043d\u0438\u0439 \u0448\u043b\u044f\u0445 \u0441\u0442\u0430\u043d\u043e\u0432\u0438\u0442\u044c \u043f\u0440\u0438\u0431\u043b\u0438\u0437\u043d\u043e 200 \u043c\u0435\u0442\u0440\u0456\u0432.\u00a0<\/li>\n\n\n\n<li>\u041b\u044e\u0434\u0438 \u0437\u0456 \u0441\u0442\u0443\u043f\u0435\u043d\u0435\u043c \u00a0\u0456\u043d\u0432\u0430\u043b\u0456\u0434\u043d\u043e\u0441\u0442\u0456 \u0432\u0456\u0434 70 \u0456 \u0431\u0456\u043b\u044c\u0448\u0435 \u043e\u0442\u0440\u0438\u043c\u0443\u044e\u0442\u044c <strong>\u0437\u043d\u0438\u0436\u043a\u0443<\/strong> 50%. \u042f\u043a\u0449\u043e \u0432 \u00a0\u043f\u043e\u0441\u0432\u0456\u0434\u0447\u0435\u043d\u043d\u0456 \u0456\u043d\u0432\u0430\u043b\u0456\u0434\u0430 \u0441\u0442\u043e\u0457\u0442\u044c \u043f\u043e\u0437\u043d\u0430\u0447\u043a\u0430 B, \u0441\u0443\u043f\u0440\u043e\u0432\u043e\u0434\u0436\u0443\u044e\u0447\u0430 \u043e\u0441\u043e\u0431\u0430 \u0442\u0430\u043a\u043e\u0436 \u043e\u0442\u0440\u0438\u043c\u0443\u0454 50% \u00a0\u0437\u043d\u0438\u0436\u043a\u0443.\u00a0<\/li>\n<\/ul>\n<\/div>\n\n\n\n<div class=\"wp-block-column is-layout-flow wp-block-column-is-layout-flow\">\n<h4 class=\"wp-block-heading\"><strong>\u041a\u043e\u043d\u0442\u0430\u043a\u0442\u043d\u0456\u00a0 \u0434\u0430\u043d\u0456\u00a0<\/strong><\/h4>\n\n\n\n<p>\u0428\u043f\u0456\u043b\u044c\u0431\u0443\u0434\u0435\u043d\u043f\u043b\u0430\u0446 27-28&nbsp;<\/p>\n\n\n\n<p>20359 \u0413\u0430\u043c\u0431\u0443\u0440\u0433&nbsp;<\/p>\n\n\n\n<p>\u0422\u0435\u043b\u0435\u0444\u043e\u043d: 00 49 40 31 77 88 0 (\u043f\u0440\u0438\u0439\u043c\u0430\u043b\u044c\u043d\u044f)&nbsp;<\/p>\n\n\n\n<p>\u0415\u043b\u0435\u043a\u0442\u0440\u043e\u043d\u043d\u0430 \u0430\u0434\u0440\u0435\u0441\u0430: <a href=\"mailto:info@tivoli.de\">info@tivoli.de<\/a>&nbsp;<\/p>\n\n\n\n<p>\u0412\u0435\u0431-\u0441\u0430\u0439\u0442: <a href=\"https:\/\/www.tivoli.de\/\">https:\/\/www.tivoli.de\/<\/a>&nbsp;<\/p>\n\n\n\n<h4 class=\"wp-block-heading\"><strong><strong>\u0413\u043e\u0434\u0438\u043d\u0438\u00a0 \u0440\u043e\u0431\u043e\u0442\u0438\u00a0<\/strong><\/strong><\/h4>\n\n\n\n<p>\u0412\u0435\u0447\u0456\u0440\u043d\u044f \u043a\u0430\u0441\u0430 \u0432\u0456\u0434\u0447\u0438\u043d\u044f\u0454\u0442\u044c\u0441\u044f \u0437\u0430 \u0433\u043e\u0434\u0438\u043d\u0443 \u0434\u043e \u043f\u043e\u0447\u0430\u0442\u043a\u0443 \u0432\u0438\u0441\u0442\u0430\u0432\u0438\u00a0<\/p>\n\n\n\n<h4 class=\"wp-block-heading\"><strong><strong>\u0414\u043e\u0441\u0442\u0443\u043f\u043d\u0456\u0441\u0442\u044c \u0433\u0440\u043e\u043c\u0430\u0434\u0441\u044c\u043a\u0438\u043c \u0442\u0440\u0430\u043d\u0441\u043f\u043e\u0440\u0442\u043e\u043c\u00a0<\/strong><\/strong><\/h4>\n\n\n\n<p>\u0417\u0443\u043f\u0438\u043d\u043a\u0430 \u0421\u0430\u043d\u043a\u0442-\u041f\u0430\u0443\u043b\u0456 (St. Pauli)&nbsp;<\/p>\n\n\n\n<p>\u041c\u0435\u0442\u0440\u043e: 3&nbsp;<\/p>\n\n\n\n<p>\u0410\u0432\u0442\u043e\u0431\u0443\u0441: 16, 17&nbsp;<\/p>\n\n\n\n<p>\u0417\u0443\u043f\u0438\u043d\u043a\u0430 \u0414\u0430\u0432\u0456\u0434\u0448\u0442\u0440\u0430\u0441\u0441\u0435 (Davidstra\u00dfe)&nbsp;&nbsp;<\/p>\n\n\n\n<p>\u0410\u0432\u0442\u043e\u0431\u0443\u0441: 16, 111, 112&nbsp;<\/p>\n\n\n\n<h4 class=\"wp-block-heading\"><strong><strong>\u041f\u0440\u043e\u043f\u043e\u0437\u0438\u0446\u0456\u044f \u0434\u043b\u044f \u0431\u0456\u0436\u0435\u043d\u0446\u0456\u0432\u00a0<\/strong><\/strong><\/h4>\n\n\n\n<p>\u041d\u0435\u043c\u0430\u0454\u00a0<\/p>\n\n\n\n<h4 class=\"wp-block-heading\"><strong><strong>\u0412\u0445\u0456\u0434\u00a0<\/strong><\/strong><\/h4>\n\n\n\n<p>\u041f\u043e-\u0440\u0456\u0437\u043d\u043e\u043c\u0443, \u0432 \u0437\u0430\u043b\u0435\u0436\u043d\u043e\u0441\u0442\u0456 \u0432\u0456\u0434 \u0437\u0430\u0445\u043e\u0434\u0443\u00a0<\/p>\n<\/div>\n<\/div>\n<\/div><\/details>\n<\/div>\n\n\n\n<div class=\"wp-block-buttons is-horizontal is-content-justification-left is-layout-flex wp-container-core-buttons-is-layout-7e5fce0a wp-block-buttons-is-layout-flex\">\n<div class=\"wp-block-button has-custom-font-size has-small-font-size\"><a class=\"wp-block-button__link has-background wp-element-button\" href=\"https:\/\/behinderung-und-flucht.isl-ev.de\/kulturguide\/hamburg\/\" style=\"border-radius:55px;background-color:#91025b;padding-top:var(--wp--preset--spacing--20);padding-right:var(--wp--preset--spacing--20);padding-bottom:var(--wp--preset--spacing--20);padding-left:var(--wp--preset--spacing--20)\">\u041f\u043e\u0432\u0435\u0440\u043d\u0443\u0442\u0438\u0441\u044f \u0434\u043e \u043e\u0433\u043b\u044f\u0434\u0443<\/a><\/div>\n<\/div>\n","protected":false},"excerpt":{"rendered":"","protected":false},"author":1,"featured_media":0,"parent":5080,"menu_order":0,"comment_status":"closed","ping_status":"closed","template":"","meta":{"ub_ctt_via":"","inline_featured_image":false,"_themeisle_gutenberg_block_has_review":false,"_mc_calendar":[],"footnotes":""},"categories":[],"tags":[],"class_list":["post-5101","page","type-page","status-publish","hentry","entry"],"featured_image_src":null,"yoast_head":"<!-- This site is optimized with the Yoast SEO plugin v21.4 - https:\/\/yoast.com\/wordpress\/plugins\/seo\/ -->\n<title>\u0422\u0435\u0430\u0442\u0440 \u00a0 - Infoseite der Interessenvertretung Selbstbestimmt Leben in Deutschland e.V.<\/title>\n<meta name=\"robots\" content=\"index, follow, max-snippet:-1, max-image-preview:large, max-video-preview:-1\" \/>\n<link rel=\"canonical\" href=\"https:\/\/behinderung-und-flucht.isl-ev.de\/uk\/%d0%bf%d1%83%d1%82%d1%96%d0%b2%d0%bd%d0%b8%d0%ba-%d0%bf%d0%be-%d0%ba%d1%83%d0%bb%d1%8c%d1%82%d1%83%d1%80%d1%96\/%d0%b3%d0%b0%d0%bc%d0%b1%d1%83%d1%80%d0%b7%d1%96\/%d1%82%d0%b5%d0%b0%d1%82%d1%80-2\/\" \/>\n<meta property=\"og:locale\" content=\"uk_UA\" \/>\n<meta property=\"og:type\" content=\"article\" \/>\n<meta property=\"og:title\" content=\"\u0422\u0435\u0430\u0442\u0440 \u00a0 - Infoseite der Interessenvertretung Selbstbestimmt Leben in Deutschland e.V.\" \/>\n<meta property=\"og:url\" content=\"https:\/\/behinderung-und-flucht.isl-ev.de\/uk\/%d0%bf%d1%83%d1%82%d1%96%d0%b2%d0%bd%d0%b8%d0%ba-%d0%bf%d0%be-%d0%ba%d1%83%d0%bb%d1%8c%d1%82%d1%83%d1%80%d1%96\/%d0%b3%d0%b0%d0%bc%d0%b1%d1%83%d1%80%d0%b7%d1%96\/%d1%82%d0%b5%d0%b0%d1%82%d1%80-2\/\" \/>\n<meta property=\"og:site_name\" content=\"Infoseite der Interessenvertretung Selbstbestimmt Leben in Deutschland e.V.\" \/>\n<meta property=\"article:modified_time\" content=\"2024-05-15T16:00:52+00:00\" \/>\n<meta property=\"og:image\" content=\"https:\/\/behinderung-und-flucht.isl-ev.de\/wp-content\/uploads\/2023\/02\/WKU-Icons_Zugaenglich-mit-Rollstuhl.svg\" \/>\n<meta name=\"twitter:card\" content=\"summary_large_image\" \/>\n<meta name=\"twitter:label1\" content=\"\u041f\u0440\u0438\u0431\u043b. \u0447\u0430\u0441 \u0447\u0438\u0442\u0430\u043d\u043d\u044f\" \/>\n\t<meta name=\"twitter:data1\" content=\"10 \u0445\u0432\u0438\u043b\u0438\u043d\" \/>\n<script type=\"application\/ld+json\" class=\"yoast-schema-graph\">{\"@context\":\"https:\/\/schema.org\",\"@graph\":[{\"@type\":\"WebPage\",\"@id\":\"https:\/\/behinderung-und-flucht.isl-ev.de\/uk\/%d0%bf%d1%83%d1%82%d1%96%d0%b2%d0%bd%d0%b8%d0%ba-%d0%bf%d0%be-%d0%ba%d1%83%d0%bb%d1%8c%d1%82%d1%83%d1%80%d1%96\/%d0%b3%d0%b0%d0%bc%d0%b1%d1%83%d1%80%d0%b7%d1%96\/%d1%82%d0%b5%d0%b0%d1%82%d1%80-2\/\",\"url\":\"https:\/\/behinderung-und-flucht.isl-ev.de\/uk\/%d0%bf%d1%83%d1%82%d1%96%d0%b2%d0%bd%d0%b8%d0%ba-%d0%bf%d0%be-%d0%ba%d1%83%d0%bb%d1%8c%d1%82%d1%83%d1%80%d1%96\/%d0%b3%d0%b0%d0%bc%d0%b1%d1%83%d1%80%d0%b7%d1%96\/%d1%82%d0%b5%d0%b0%d1%82%d1%80-2\/\",\"name\":\"\u0422\u0435\u0430\u0442\u0440 \u00a0 - Infoseite der Interessenvertretung Selbstbestimmt Leben in Deutschland e.V.\",\"isPartOf\":{\"@id\":\"https:\/\/behinderung-und-flucht.isl-ev.de\/uk\/#website\"},\"datePublished\":\"2023-10-31T19:03:33+00:00\",\"dateModified\":\"2024-05-15T16:00:52+00:00\",\"breadcrumb\":{\"@id\":\"https:\/\/behinderung-und-flucht.isl-ev.de\/uk\/%d0%bf%d1%83%d1%82%d1%96%d0%b2%d0%bd%d0%b8%d0%ba-%d0%bf%d0%be-%d0%ba%d1%83%d0%bb%d1%8c%d1%82%d1%83%d1%80%d1%96\/%d0%b3%d0%b0%d0%bc%d0%b1%d1%83%d1%80%d0%b7%d1%96\/%d1%82%d0%b5%d0%b0%d1%82%d1%80-2\/#breadcrumb\"},\"inLanguage\":\"uk\",\"potentialAction\":[{\"@type\":\"ReadAction\",\"target\":[\"https:\/\/behinderung-und-flucht.isl-ev.de\/uk\/%d0%bf%d1%83%d1%82%d1%96%d0%b2%d0%bd%d0%b8%d0%ba-%d0%bf%d0%be-%d0%ba%d1%83%d0%bb%d1%8c%d1%82%d1%83%d1%80%d1%96\/%d0%b3%d0%b0%d0%bc%d0%b1%d1%83%d1%80%d0%b7%d1%96\/%d1%82%d0%b5%d0%b0%d1%82%d1%80-2\/\"]}]},{\"@type\":\"BreadcrumbList\",\"@id\":\"https:\/\/behinderung-und-flucht.isl-ev.de\/uk\/%d0%bf%d1%83%d1%82%d1%96%d0%b2%d0%bd%d0%b8%d0%ba-%d0%bf%d0%be-%d0%ba%d1%83%d0%bb%d1%8c%d1%82%d1%83%d1%80%d1%96\/%d0%b3%d0%b0%d0%bc%d0%b1%d1%83%d1%80%d0%b7%d1%96\/%d1%82%d0%b5%d0%b0%d1%82%d1%80-2\/#breadcrumb\",\"itemListElement\":[{\"@type\":\"ListItem\",\"position\":1,\"name\":\"Startseite\",\"item\":\"https:\/\/behinderung-und-flucht.isl-ev.de\/uk\/\"},{\"@type\":\"ListItem\",\"position\":2,\"name\":\"\u041f\u0443\u0442\u0456\u0432\u043d\u0438\u043a \u043f\u043e \u043a\u0443\u043b\u044c\u0442\u0443\u0440\u0456\",\"item\":\"https:\/\/behinderung-und-flucht.isl-ev.de\/uk\/%d0%bf%d1%83%d1%82%d1%96%d0%b2%d0%bd%d0%b8%d0%ba-%d0%bf%d0%be-%d0%ba%d1%83%d0%bb%d1%8c%d1%82%d1%83%d1%80%d1%96\/\"},{\"@type\":\"ListItem\",\"position\":3,\"name\":\"\u0413\u0430\u043c\u0431\u0443\u0440\u0437\u0456\u00a0\",\"item\":\"https:\/\/behinderung-und-flucht.isl-ev.de\/uk\/%d0%bf%d1%83%d1%82%d1%96%d0%b2%d0%bd%d0%b8%d0%ba-%d0%bf%d0%be-%d0%ba%d1%83%d0%bb%d1%8c%d1%82%d1%83%d1%80%d1%96\/%d0%b3%d0%b0%d0%bc%d0%b1%d1%83%d1%80%d0%b7%d1%96\/\"},{\"@type\":\"ListItem\",\"position\":4,\"name\":\"\u0422\u0435\u0430\u0442\u0440 \u00a0\"}]},{\"@type\":\"WebSite\",\"@id\":\"https:\/\/behinderung-und-flucht.isl-ev.de\/uk\/#website\",\"url\":\"https:\/\/behinderung-und-flucht.isl-ev.de\/uk\/\",\"name\":\"Infoseite f\u00fcr gefl\u00fcchtete Menschen mit Behinderungen oder chronischen Erkrankungen\",\"description\":\"Informationen f\u00fcr gefl\u00fcchtete Menschen mit Behinderungen oder chronischen Erkrankungen\",\"publisher\":{\"@id\":\"https:\/\/behinderung-und-flucht.isl-ev.de\/uk\/#organization\"},\"alternateName\":\"Infoseite f\u00fcr gefl\u00fcchtete Menschen mit Behinderungen\",\"potentialAction\":[{\"@type\":\"SearchAction\",\"target\":{\"@type\":\"EntryPoint\",\"urlTemplate\":\"https:\/\/behinderung-und-flucht.isl-ev.de\/uk\/?s={search_term_string}\"},\"query-input\":\"required name=search_term_string\"}],\"inLanguage\":\"uk\"},{\"@type\":\"Organization\",\"@id\":\"https:\/\/behinderung-und-flucht.isl-ev.de\/uk\/#organization\",\"name\":\"Infoseite der Interessenvertretung Selbstbestimmt Leben in Deutschland e.V.\",\"url\":\"https:\/\/behinderung-und-flucht.isl-ev.de\/uk\/\",\"logo\":{\"@type\":\"ImageObject\",\"inLanguage\":\"uk\",\"@id\":\"https:\/\/behinderung-und-flucht.isl-ev.de\/uk\/#\/schema\/logo\/image\/\",\"url\":\"https:\/\/behinderung-und-flucht.isl-ev.de\/wp-content\/uploads\/2022\/09\/logo-infoseite-04.svg\",\"contentUrl\":\"https:\/\/behinderung-und-flucht.isl-ev.de\/wp-content\/uploads\/2022\/09\/logo-infoseite-04.svg\",\"caption\":\"Infoseite der Interessenvertretung Selbstbestimmt Leben in Deutschland e.V.\"},\"image\":{\"@id\":\"https:\/\/behinderung-und-flucht.isl-ev.de\/uk\/#\/schema\/logo\/image\/\"}}]}<\/script>\n<!-- \/ Yoast SEO plugin. -->","yoast_head_json":{"title":"\u0422\u0435\u0430\u0442\u0440 \u00a0 - Infoseite der Interessenvertretung Selbstbestimmt Leben in Deutschland e.V.","robots":{"index":"index","follow":"follow","max-snippet":"max-snippet:-1","max-image-preview":"max-image-preview:large","max-video-preview":"max-video-preview:-1"},"canonical":"https:\/\/behinderung-und-flucht.isl-ev.de\/uk\/%d0%bf%d1%83%d1%82%d1%96%d0%b2%d0%bd%d0%b8%d0%ba-%d0%bf%d0%be-%d0%ba%d1%83%d0%bb%d1%8c%d1%82%d1%83%d1%80%d1%96\/%d0%b3%d0%b0%d0%bc%d0%b1%d1%83%d1%80%d0%b7%d1%96\/%d1%82%d0%b5%d0%b0%d1%82%d1%80-2\/","og_locale":"uk_UA","og_type":"article","og_title":"\u0422\u0435\u0430\u0442\u0440 \u00a0 - Infoseite der Interessenvertretung Selbstbestimmt Leben in Deutschland e.V.","og_url":"https:\/\/behinderung-und-flucht.isl-ev.de\/uk\/%d0%bf%d1%83%d1%82%d1%96%d0%b2%d0%bd%d0%b8%d0%ba-%d0%bf%d0%be-%d0%ba%d1%83%d0%bb%d1%8c%d1%82%d1%83%d1%80%d1%96\/%d0%b3%d0%b0%d0%bc%d0%b1%d1%83%d1%80%d0%b7%d1%96\/%d1%82%d0%b5%d0%b0%d1%82%d1%80-2\/","og_site_name":"Infoseite der Interessenvertretung Selbstbestimmt Leben in Deutschland e.V.","article_modified_time":"2024-05-15T16:00:52+00:00","og_image":[{"url":"https:\/\/behinderung-und-flucht.isl-ev.de\/wp-content\/uploads\/2023\/02\/WKU-Icons_Zugaenglich-mit-Rollstuhl.svg"}],"twitter_card":"summary_large_image","twitter_misc":{"\u041f\u0440\u0438\u0431\u043b. \u0447\u0430\u0441 \u0447\u0438\u0442\u0430\u043d\u043d\u044f":"10 \u0445\u0432\u0438\u043b\u0438\u043d"},"schema":{"@context":"https:\/\/schema.org","@graph":[{"@type":"WebPage","@id":"https:\/\/behinderung-und-flucht.isl-ev.de\/uk\/%d0%bf%d1%83%d1%82%d1%96%d0%b2%d0%bd%d0%b8%d0%ba-%d0%bf%d0%be-%d0%ba%d1%83%d0%bb%d1%8c%d1%82%d1%83%d1%80%d1%96\/%d0%b3%d0%b0%d0%bc%d0%b1%d1%83%d1%80%d0%b7%d1%96\/%d1%82%d0%b5%d0%b0%d1%82%d1%80-2\/","url":"https:\/\/behinderung-und-flucht.isl-ev.de\/uk\/%d0%bf%d1%83%d1%82%d1%96%d0%b2%d0%bd%d0%b8%d0%ba-%d0%bf%d0%be-%d0%ba%d1%83%d0%bb%d1%8c%d1%82%d1%83%d1%80%d1%96\/%d0%b3%d0%b0%d0%bc%d0%b1%d1%83%d1%80%d0%b7%d1%96\/%d1%82%d0%b5%d0%b0%d1%82%d1%80-2\/","name":"\u0422\u0435\u0430\u0442\u0440 \u00a0 - Infoseite der Interessenvertretung Selbstbestimmt Leben in Deutschland e.V.","isPartOf":{"@id":"https:\/\/behinderung-und-flucht.isl-ev.de\/uk\/#website"},"datePublished":"2023-10-31T19:03:33+00:00","dateModified":"2024-05-15T16:00:52+00:00","breadcrumb":{"@id":"https:\/\/behinderung-und-flucht.isl-ev.de\/uk\/%d0%bf%d1%83%d1%82%d1%96%d0%b2%d0%bd%d0%b8%d0%ba-%d0%bf%d0%be-%d0%ba%d1%83%d0%bb%d1%8c%d1%82%d1%83%d1%80%d1%96\/%d0%b3%d0%b0%d0%bc%d0%b1%d1%83%d1%80%d0%b7%d1%96\/%d1%82%d0%b5%d0%b0%d1%82%d1%80-2\/#breadcrumb"},"inLanguage":"uk","potentialAction":[{"@type":"ReadAction","target":["https:\/\/behinderung-und-flucht.isl-ev.de\/uk\/%d0%bf%d1%83%d1%82%d1%96%d0%b2%d0%bd%d0%b8%d0%ba-%d0%bf%d0%be-%d0%ba%d1%83%d0%bb%d1%8c%d1%82%d1%83%d1%80%d1%96\/%d0%b3%d0%b0%d0%bc%d0%b1%d1%83%d1%80%d0%b7%d1%96\/%d1%82%d0%b5%d0%b0%d1%82%d1%80-2\/"]}]},{"@type":"BreadcrumbList","@id":"https:\/\/behinderung-und-flucht.isl-ev.de\/uk\/%d0%bf%d1%83%d1%82%d1%96%d0%b2%d0%bd%d0%b8%d0%ba-%d0%bf%d0%be-%d0%ba%d1%83%d0%bb%d1%8c%d1%82%d1%83%d1%80%d1%96\/%d0%b3%d0%b0%d0%bc%d0%b1%d1%83%d1%80%d0%b7%d1%96\/%d1%82%d0%b5%d0%b0%d1%82%d1%80-2\/#breadcrumb","itemListElement":[{"@type":"ListItem","position":1,"name":"Startseite","item":"https:\/\/behinderung-und-flucht.isl-ev.de\/uk\/"},{"@type":"ListItem","position":2,"name":"\u041f\u0443\u0442\u0456\u0432\u043d\u0438\u043a \u043f\u043e \u043a\u0443\u043b\u044c\u0442\u0443\u0440\u0456","item":"https:\/\/behinderung-und-flucht.isl-ev.de\/uk\/%d0%bf%d1%83%d1%82%d1%96%d0%b2%d0%bd%d0%b8%d0%ba-%d0%bf%d0%be-%d0%ba%d1%83%d0%bb%d1%8c%d1%82%d1%83%d1%80%d1%96\/"},{"@type":"ListItem","position":3,"name":"\u0413\u0430\u043c\u0431\u0443\u0440\u0437\u0456\u00a0","item":"https:\/\/behinderung-und-flucht.isl-ev.de\/uk\/%d0%bf%d1%83%d1%82%d1%96%d0%b2%d0%bd%d0%b8%d0%ba-%d0%bf%d0%be-%d0%ba%d1%83%d0%bb%d1%8c%d1%82%d1%83%d1%80%d1%96\/%d0%b3%d0%b0%d0%bc%d0%b1%d1%83%d1%80%d0%b7%d1%96\/"},{"@type":"ListItem","position":4,"name":"\u0422\u0435\u0430\u0442\u0440 \u00a0"}]},{"@type":"WebSite","@id":"https:\/\/behinderung-und-flucht.isl-ev.de\/uk\/#website","url":"https:\/\/behinderung-und-flucht.isl-ev.de\/uk\/","name":"Infoseite f\u00fcr gefl\u00fcchtete Menschen mit Behinderungen oder chronischen Erkrankungen","description":"Informationen f\u00fcr gefl\u00fcchtete Menschen mit Behinderungen oder chronischen Erkrankungen","publisher":{"@id":"https:\/\/behinderung-und-flucht.isl-ev.de\/uk\/#organization"},"alternateName":"Infoseite f\u00fcr gefl\u00fcchtete Menschen mit Behinderungen","potentialAction":[{"@type":"SearchAction","target":{"@type":"EntryPoint","urlTemplate":"https:\/\/behinderung-und-flucht.isl-ev.de\/uk\/?s={search_term_string}"},"query-input":"required name=search_term_string"}],"inLanguage":"uk"},{"@type":"Organization","@id":"https:\/\/behinderung-und-flucht.isl-ev.de\/uk\/#organization","name":"Infoseite der Interessenvertretung Selbstbestimmt Leben in Deutschland e.V.","url":"https:\/\/behinderung-und-flucht.isl-ev.de\/uk\/","logo":{"@type":"ImageObject","inLanguage":"uk","@id":"https:\/\/behinderung-und-flucht.isl-ev.de\/uk\/#\/schema\/logo\/image\/","url":"https:\/\/behinderung-und-flucht.isl-ev.de\/wp-content\/uploads\/2022\/09\/logo-infoseite-04.svg","contentUrl":"https:\/\/behinderung-und-flucht.isl-ev.de\/wp-content\/uploads\/2022\/09\/logo-infoseite-04.svg","caption":"Infoseite der Interessenvertretung Selbstbestimmt Leben in Deutschland e.V."},"image":{"@id":"https:\/\/behinderung-und-flucht.isl-ev.de\/uk\/#\/schema\/logo\/image\/"}}]}},"_links":{"self":[{"href":"https:\/\/behinderung-und-flucht.isl-ev.de\/uk\/wp-json\/wp\/v2\/pages\/5101","targetHints":{"allow":["GET"]}}],"collection":[{"href":"https:\/\/behinderung-und-flucht.isl-ev.de\/uk\/wp-json\/wp\/v2\/pages"}],"about":[{"href":"https:\/\/behinderung-und-flucht.isl-ev.de\/uk\/wp-json\/wp\/v2\/types\/page"}],"author":[{"embeddable":true,"href":"https:\/\/behinderung-und-flucht.isl-ev.de\/uk\/wp-json\/wp\/v2\/users\/1"}],"replies":[{"embeddable":true,"href":"https:\/\/behinderung-und-flucht.isl-ev.de\/uk\/wp-json\/wp\/v2\/comments?post=5101"}],"version-history":[{"count":3,"href":"https:\/\/behinderung-und-flucht.isl-ev.de\/uk\/wp-json\/wp\/v2\/pages\/5101\/revisions"}],"predecessor-version":[{"id":5106,"href":"https:\/\/behinderung-und-flucht.isl-ev.de\/uk\/wp-json\/wp\/v2\/pages\/5101\/revisions\/5106"}],"up":[{"embeddable":true,"href":"https:\/\/behinderung-und-flucht.isl-ev.de\/uk\/wp-json\/wp\/v2\/pages\/5080"}],"wp:attachment":[{"href":"https:\/\/behinderung-und-flucht.isl-ev.de\/uk\/wp-json\/wp\/v2\/media?parent=5101"}],"wp:term":[{"taxonomy":"category","embeddable":true,"href":"https:\/\/behinderung-und-flucht.isl-ev.de\/uk\/wp-json\/wp\/v2\/categories?post=5101"},{"taxonomy":"post_tag","embeddable":true,"href":"https:\/\/behinderung-und-flucht.isl-ev.de\/uk\/wp-json\/wp\/v2\/tags?post=5101"}],"curies":[{"name":"wp","href":"https:\/\/api.w.org\/{rel}","templated":true}]}}