{"id":5052,"date":"2023-10-30T20:18:00","date_gmt":"2023-10-30T19:18:00","guid":{"rendered":"https:\/\/behinderung-und-flucht.isl-ev.de\/?page_id=5052"},"modified":"2024-03-01T20:22:52","modified_gmt":"2024-03-01T19:22:52","slug":"%d1%82%d0%b5%d0%b0%d1%82%d1%80","status":"publish","type":"page","link":"https:\/\/behinderung-und-flucht.isl-ev.de\/uk\/%d0%bf%d1%83%d1%82%d1%96%d0%b2%d0%bd%d0%b8%d0%ba-%d0%bf%d0%be-%d0%ba%d1%83%d0%bb%d1%8c%d1%82%d1%83%d1%80%d1%96\/%d0%b1%d0%b5%d1%80%d0%bb%d1%96%d0%bd%d1%96\/%d1%82%d0%b5%d0%b0%d1%82%d1%80\/","title":{"rendered":"\u0422\u0435\u0430\u0442\u0440"},"content":{"rendered":"\n<p><\/p>\n\n\n\n<div id=\"wp-block-themeisle-blocks-accordion-35e4df50\" data-has-schema=\"false\" class=\"wp-block-themeisle-blocks-accordion exclusive has-gap\">\n<details class=\"wp-block-themeisle-blocks-accordion-item\"><summary class=\"wp-block-themeisle-blocks-accordion-item__title\"><h2><strong>\u0422\u0435\u0430\u0442\u0440 Thikwa \u00a0<\/strong> <img decoding=\"async\" class=\"wp-image-2999\" style=\"width: 60px\" src=\"https:\/\/behinderung-und-flucht.isl-ev.de\/wp-content\/uploads\/2023\/02\/WKU-Icons_Zugaenglich-mit-Rollstuhl.svg\" alt=\"Zug\u00e4nglich mit Rollstuhl Den Gast erwarten keine Treppen, ggfs. ist eine Rampe vorhanden.\"><img decoding=\"async\" class=\"wp-image-2931\" style=\"width: 60px\" src=\"https:\/\/behinderung-und-flucht.isl-ev.de\/wp-content\/uploads\/2023\/02\/WKU-Icons_Barrierefreie-Toilette.svg\" alt=\"Barrierefreie Toilette Die Toilette ist barrierefrei zug\u00e4nglich und rollstuhlgerecht eingerichtet\"><img decoding=\"async\" class=\"wp-image-2911\" style=\"width: 60px\" src=\"https:\/\/behinderung-und-flucht.isl-ev.de\/wp-content\/uploads\/2023\/02\/WKU-Icons_Assistenzhund-willkommen.svg\" alt=\"Assistenzhund willkommen Es ist m\u00f6glich einen Assistenzhund mitzuf\u00fchren.\"><img decoding=\"async\" class=\"wp-image-2943\" style=\"width: 60px\" src=\"https:\/\/behinderung-und-flucht.isl-ev.de\/wp-content\/uploads\/2023\/02\/WKU-Icons_Begleitperson-frei.svg\" alt=\"Begleitperson frei lnhaber*innen eines Schwerbehindertenausweises k\u00f6nnen eine Begleitperson kostenfrei mitbringen.\"><img decoding=\"async\" class=\"wp-image-2915\" style=\"width: 60px\" src=\"https:\/\/behinderung-und-flucht.isl-ev.de\/wp-content\/uploads\/2023\/02\/WKU-Icons_Audiodeskription.svg\" alt=\"Audiodeskription F\u00fcr visuelle Beitr\u00e4ge ist eine akustische Bildbeschreibung verf\u00fcgbar.\"><img decoding=\"async\" class=\"wp-image-2983\" style=\"width: 60px\" src=\"https:\/\/behinderung-und-flucht.isl-ev.de\/wp-content\/uploads\/2023\/02\/WKU-Icons_Leichte-Sprache.svg\" alt=\"Leichte Sprache Die Veranstaltungsinformationen stehen auch in leichter Sprache zur Verf\u00fcgung.\"><img decoding=\"async\" class=\"wp-image-2907\" style=\"width: 60px\" src=\"https:\/\/behinderung-und-flucht.isl-ev.de\/wp-content\/uploads\/2023\/02\/WKU-Icons_Angebote-in-Gebaerdensprache.svg\" alt=\"Dolmetschung in Geb\u00e4rdensprache Die Veranstaltung wird von Geb\u00e4rdensprachdolmetschenden begleitet.\"><\/h2><\/summary><div class=\"wp-block-themeisle-blocks-accordion-item__content\">\n<h3 class=\"wp-block-heading\">\u0422\u0435\u0430\u0442\u0440 Thikwa \u00a0<\/h3>\n\n\n\n<h4 class=\"wp-block-heading\"><strong>\u041f\u043e\u044f\u0441\u043d\u0435\u043d\u043d\u044f \u00a0<\/strong><\/h4>\n\n\n\n<p>\u041d\u0430 \u0441\u0446\u0435\u043d\u0456 \u0442\u0435\u0430\u0442\u0440\u0443 Thikwa \u0432\u0438\u0441\u0442\u0443\u043f\u0430\u044e\u0442\u044c \u043c\u0438\u0442\u0446\u0456 \u0437 \u0456\u043d\u0432\u0430\u043b\u0456\u0434\u043d\u0456\u0441\u0442\u044e \u0442\u0430 \u0431\u0435\u0437. \u0412\u043e\u043d\u0438 \u043f\u0440\u0435\u0434\u0441\u0442\u0430\u0432\u043b\u044f\u044e\u0442\u044c \u043f\u0435\u0440\u0444\u043e\u0440\u043c\u0430\u043d\u0441\u0438, \u0442\u0430\u043d\u0446\u044e\u0432\u0430\u043b\u044c\u043d\u0438\u0439, \u0442\u0435\u043a\u0441\u0442\u043e\u0432\u0438\u0439 \u0442\u0430 \u043c\u0443\u0437\u0438\u0447\u043d\u0438\u0439 \u0442\u0435\u0430\u0442\u0440. \u00a0<\/p>\n\n\n\n<div class=\"wp-block-columns is-style-default is-layout-flex wp-container-core-columns-is-layout-9d6595d7 wp-block-columns-is-layout-flex\">\n<div class=\"wp-block-column is-layout-flow wp-block-column-is-layout-flow\">\n<h4 class=\"wp-block-heading\"><strong>\u0411\u0435\u0437\u0431\u0430\u0440&#8217;\u0454\u0440\u043d\u0456\u0441\u0442\u044c \u00a0<\/strong><\/h4>\n\n\n\n<figure class=\"wp-block-table\"><table class=\"has-white-background-color has-background\"><tbody><tr><td><img decoding=\"async\" class=\"wp-image-2999\" style=\"width: 150px\" src=\"https:\/\/behinderung-und-flucht.isl-ev.de\/wp-content\/uploads\/2023\/02\/WKU-Icons_Zugaenglich-mit-Rollstuhl.svg\" alt=\"Zug\u00e4nglich mit Rollstuhl Den Gast erwarten keine Treppen, ggfs. ist eine Rampe vorhanden.\"><\/td><td>\u0434\u043e\u043f\u0443\u0441\u043a\u0430\u044e\u0442\u044c\u0441\u044f \u0441\u043e\u0431\u0430\u043a\u0438-\u043f\u043e\u043c\u0456\u0447\u043d\u0438\u043a\u0438 \u00a0<\/td><\/tr><tr><td><img decoding=\"async\" class=\"wp-image-2931\" style=\"width: NaNpx\" src=\"https:\/\/behinderung-und-flucht.isl-ev.de\/wp-content\/uploads\/2023\/02\/WKU-Icons_Barrierefreie-Toilette.svg\" alt=\"Barrierefreie Toilette Die Toilette ist barrierefrei zug\u00e4nglich und rollstuhlgerecht eingerichtet\"><\/td><td>\u0441\u0443\u043f\u0440\u043e\u0432\u043e\u0434\u0436\u0443\u044e\u0447\u0430 \u043e\u0441\u043e\u0431\u0430 \u0431\u0435\u0437\u043a\u043e\u0448\u0442\u043e\u0432\u043d\u043e \u00a0<\/td><\/tr><tr><td><img decoding=\"async\" class=\"wp-image-2943\" style=\"width: NaNpx\" src=\"https:\/\/behinderung-und-flucht.isl-ev.de\/wp-content\/uploads\/2023\/02\/WKU-Icons_Begleitperson-frei.svg\" alt=\"Begleitperson frei lnhaber*innen eines Schwerbehindertenausweises k\u00f6nnen eine Begleitperson kostenfrei mitbringen.\"><\/td><td>\u0434\u043e\u0441\u0442\u0443\u043f\u043d\u0438\u0439 \u0437 \u0456\u043d\u0432\u0430\u043b\u0456\u0434\u043d\u0438\u043c \u0432\u0456\u0437\u043a\u043e\u043c \u00a0<\/td><\/tr><tr><td><img decoding=\"async\" class=\"wp-image-2911\" style=\"width: NaNpx\" src=\"https:\/\/behinderung-und-flucht.isl-ev.de\/wp-content\/uploads\/2023\/02\/WKU-Icons_Assistenzhund-willkommen.svg\" alt=\"Assistenzhund willkommen Es ist m\u00f6glich einen Assistenzhund mitzuf\u00fchren.\"><\/td><td>\u0431\u0435\u0437\u0431\u0430\u0440&#8217;\u0454\u0440\u043d\u0438\u0439 \u0442\u0443\u0430\u043b\u0435\u0442 \u00a0<\/td><\/tr><tr><td><img decoding=\"async\" class=\"wp-image-2915\" style=\"width: NaNpx\" src=\"https:\/\/behinderung-und-flucht.isl-ev.de\/wp-content\/uploads\/2023\/02\/WKU-Icons_Audiodeskription.svg\" alt=\"Audiodeskription F\u00fcr visuelle Beitr\u00e4ge ist eine akustische Bildbeschreibung verf\u00fcgbar.\"><\/td><td>\u0442\u0438\u0444\u043b\u043e\u043a\u043e\u043c\u0435\u043d\u0442\u0443\u0432\u0430\u043d\u043d\u044f \u00a0<\/td><\/tr><tr><td><img decoding=\"async\" class=\"wp-image-2983\" style=\"width: NaNpx\" src=\"https:\/\/behinderung-und-flucht.isl-ev.de\/wp-content\/uploads\/2023\/02\/WKU-Icons_Leichte-Sprache.svg\" alt=\"Leichte Sprache Die Veranstaltungsinformationen stehen auch in leichter Sprache zur Verf\u00fcgung.\"><\/td><td>\u041b\u0435\u0433\u043a\u0430 \u043c\u043e\u0432\u0430 \u00a0<\/td><\/tr><tr><td><img decoding=\"async\" class=\"wp-image-2907\" style=\"width: NaNpx\" src=\"https:\/\/behinderung-und-flucht.isl-ev.de\/wp-content\/uploads\/2023\/02\/WKU-Icons_Angebote-in-Gebaerdensprache.svg\" alt=\"Dolmetschung in Geb\u00e4rdensprache Die Veranstaltung wird von Geb\u00e4rdensprachdolmetschenden begleitet.\"><\/td><td>\u043f\u0435\u0440\u0435\u043a\u043b\u0430\u0434 \u0436\u0435\u0441\u0442\u043e\u0432\u043e\u044e \u043c\u043e\u0432\u043e\u044e \u00a0<\/td><\/tr><\/tbody><\/table><\/figure>\n\n\n\n<p><strong>\u0414\u043e\u0434\u0430\u0442\u043a\u043e\u0432\u0430 \u0456\u043d\u0444\u043e\u0440\u043c\u0430\u0446\u0456\u044f \u043f\u0440\u043e \u0431\u0435\u0437\u0431\u0430\u0440&#8217;\u0454\u0440\u043d\u0456\u0441\u0442\u044c \u00a0<\/strong><\/p>\n\n\n\n<ul class=\"wp-block-list\">\n<li>\u0430\u043a\u0442\u0443\u0430\u043b\u044c\u043d\u0430 \u0456\u043d\u0444\u043e\u0440\u043c\u0430\u0446\u0456\u044f \u043f\u0440\u043e \u0431\u0435\u0437\u0431\u0430\u0440&#8217;\u0454\u0440\u043d\u0456\u0441\u0442\u044c:\u00a0<\/li>\n\n\n\n<li><a href=\"https:\/\/www.thikwa.de\/service\/barrierefreiheit\/\">https:\/\/www.thikwa.de\/service\/barrierefreiheit\/<\/a><\/li>\n\n\n\n<li>\u0456\u043d\u0444\u043e\u0440\u043c\u0430\u0446\u0456\u044f \u043f\u0440\u043e \u0442\u0435\u0430\u0442\u0440 Thikwa \u043f\u0440\u043e\u0441\u0442\u043e\u044e \u043c\u043e\u0432\u043e\u044e:\u00a0<\/li>\n\n\n\n<li><a href=\"https:\/\/www.thikwa.de\/leichte-sprache\/\">https:\/\/www.thikwa.de\/leichte-sprache\/<\/a><\/li>\n\n\n\n<li>\u041a\u0432\u0438\u0442\u043a\u0438 \u0434\u043b\u044f \u0432\u0456\u0434\u0432\u0456\u0434\u0443\u0432\u0430\u0447\u0456\u0432 \u043d\u0430 \u0456\u043d\u0432\u0430\u043b\u0456\u0434\u043d\u0438\u0445 \u0432\u0456\u0437\u043a\u0430\u0445 \u043c\u043e\u0436\u043d\u0430 \u043f\u0440\u0438\u0434\u0431\u0430\u0442\u0438 \u0437\u0430 \u0442\u0435\u043b\u0435\u0444\u043e\u043d\u043e\u043c (00 49 30 61 20 26 20) \u00a0<\/li>\n\n\n\n<li>\u041c\u0430\u0439\u0436\u0435 \u043d\u0430 \u0432\u0441\u0456 \u0432\u0438\u0441\u0442\u0430\u0432\u0438 \u043f\u0440\u043e\u043f\u043e\u043d\u0443\u0454\u0442\u044c\u0441\u044f <strong>\u0440\u0430\u043d\u043d\u044f \u043f\u043e\u0441\u0430\u0434\u043a\u0430<\/strong>. \u0426\u0435 \u0434\u0430\u0454 \u0432\u0430\u043c \u043c\u043e\u0436\u043b\u0438\u0432\u0456\u0441\u0442\u044c \u043f\u043e\u0442\u0440\u0430\u043f\u0438\u0442\u0438 \u0434\u043e \u0442\u0435\u0430\u0442\u0440\u0443 \u0434\u043e \u043e\u0444\u0456\u0446\u0456\u0439\u043d\u043e\u0433\u043e \u0432\u0445\u043e\u0434\u0443 \u0456 \u0432\u0438\u0431\u0440\u0430\u0442\u0438 \u043c\u0456\u0441\u0446\u0435 \u043d\u0430 \u0441\u0432\u0456\u0439 \u0440\u043e\u0437\u0441\u0443\u0434 \u00a0<\/li>\n\n\n\n<li>\u041c\u0430\u0439\u0436\u0435 \u043d\u0430 \u0432\u0441\u0456 \u0432\u0438\u0441\u0442\u0430\u0432\u0438 \u043f\u0440\u043e\u043f\u043e\u043d\u0443\u044e\u0442\u044c\u0441\u044f \u0430\u043b\u044c\u0442\u0435\u0440\u043d\u0430\u0442\u0438\u0432\u043d\u0456 \u043c\u0456\u0441\u0446\u044f \u0434\u043b\u044f \u0441\u0438\u0434\u0456\u043d\u043d\u044f \u0442\u0430 \u043b\u0435\u0436\u0430\u043d\u043d\u044f \u00a0<\/li>\n\n\n\n<li>\u041f\u043e \u0441\u0435\u0440\u0435\u0434\u0430\u0445 \u0456 \u0441\u0443\u0431\u043e\u0442\u0430\u0445 \u0442\u0435\u0430\u0442\u0440\u0430\u043b\u044c\u043d\u0456 \u0432\u0438\u0441\u0442\u0430\u0432\u0438 \u0434\u0435\u043c\u043e\u043d\u0441\u0442\u0440\u0443\u044e\u0442\u044c\u0441\u044f \u0437 <strong>\u0441\u0443\u0431\u0442\u0438\u0442\u0440\u0430\u043c\u0438<\/strong>. \u0417\u0430 \u0432\u0438\u043d\u044f\u0442\u043a\u043e\u043c \u0442\u0430\u043d\u0446\u044e\u0432\u0430\u043b\u044c\u043d\u0456 \u0432\u0438\u0441\u0442\u0430\u0432 \u0442\u0430 \u0456\u043d\u0448\u0438\u0445 \u0444\u043e\u0440\u043c\u0430\u0442\u0456\u0432 \u0437 \u043d\u0435\u0432\u0435\u043b\u0438\u043a\u043e\u044e \u043a\u0456\u043b\u044c\u043a\u0456\u0441\u0442\u044e \u0442\u0435\u043a\u0441\u0442\u0443 \u00a0<\/li>\n\n\n\n<li>\u0414\u043b\u044f \u0431\u0430\u0433\u0430\u0442\u044c\u043e\u0445 \u0432\u0438\u0441\u0442\u0430\u0432 \u0434\u043e\u0441\u0442\u0443\u043f\u043d\u0456 \u043e\u043f\u0438\u0441\u0438 <strong>\u041b\u0435\u0433\u043a\u043e\u044e \u043c\u043e\u0432\u043e\u044e \u00a0<\/strong><\/li>\n\n\n\n<li>\u041e\u043a\u0440\u0435\u043c\u0456 \u043f\u043e\u0434\u0456\u0457 \u0441\u0443\u043f\u0440\u043e\u0432\u043e\u0434\u0436\u0443\u044e\u0442\u044c\u0441\u044f \u0442\u0438\u0444\u043b\u043e\u043a\u043e\u043c\u0435\u043d\u0442\u0443\u0432\u0430\u043d\u043d\u044f\u043c \u0442\u0430 \u043f\u0435\u0440\u0435\u043a\u043b\u0430\u0434\u043e\u043c \u043d\u0430 <strong>\u043d\u0456\u043c\u0435\u0446\u044c\u043a\u0443 \u043c\u043e\u0432\u0443 \u0436\u0435\u0441\u0442\u0456\u0432<\/strong>. \u00a0\u00a0<\/li>\n<\/ul>\n<\/div>\n\n\n\n<div class=\"wp-block-column is-layout-flow wp-block-column-is-layout-flow\">\n<h4 class=\"wp-block-heading\"><strong>\u041a\u043e\u043d\u0442\u0430\u043a\u0442\u043d\u0456 \u0434\u0430\u043d\u0456 \u00a0<\/strong><\/h4>\n\n\n\n<p>\u0424\u0456\u0434\u0456\u0446\u0456\u043d\u0448\u0442\u0440\u0430\u0441\u0441\u0435 40 &nbsp;<\/p>\n\n\n\n<p>10965 \u0411\u0435\u0440\u043b\u0456\u043d &nbsp;<\/p>\n\n\n\n<p>\u0422\u0435\u043b\u0435\u0444\u043e\u043d (\u0456\u043d\u0444\u043e\u0440\u043c\u0430\u0446\u0456\u044f): 00 49 30 61 46 467 &nbsp;<\/p>\n\n\n\n<p>\u0422\u0435\u043b\u0435\u0444\u043e\u043d (\u0431\u0440\u043e\u043d\u044e\u0432\u0430\u043d\u043d\u044f \u043a\u0432\u0438\u0442\u043a\u0456\u0432): 00 49 30 61 20 26 20 &nbsp;<\/p>\n\n\n\n<p>\u0415\u043b\u0435\u043a\u0442\u0440\u043e\u043d\u043d\u0430 \u043f\u043e\u0448\u0442\u0430: <a href=\"mailto:mail@thikwa.de\">mail@thikwa.de<\/a> &nbsp;<\/p>\n\n\n\n<p>\u0412\u0435\u0431-\u0441\u0430\u0439\u0442: <a href=\"https:\/\/www.thikwa.de\/\">https:\/\/www.thikwa.de\/<\/a> &nbsp;<\/p>\n\n\n\n<h4 class=\"wp-block-heading\"><strong>\u0413\u043e\u0434\u0438\u043d\u0438 \u0440\u043e\u0431\u043e\u0442\u0438 \u00a0<\/strong><\/h4>\n\n\n\n<p>\u041f\u043e-\u0440\u0456\u0437\u043d\u043e\u043c\u0443, \u0437\u0430\u043b\u0435\u0436\u043d\u043e \u0432\u0456\u0434 \u0437\u0430\u0445\u043e\u0434\u0443 \u00a0<\/p>\n\n\n\n<h4 class=\"wp-block-heading\"><strong>\u0414\u043e\u0441\u0442\u0443\u043f\u043d\u0456\u0441\u0442\u044c \u0433\u0440\u043e\u043c\u0430\u0434\u0441\u044c\u043a\u0438\u043c \u0442\u0440\u0430\u043d\u0441\u043f\u043e\u0440\u0442\u043e\u043c \u00a0<\/strong><\/h4>\n\n\n\n<p>\u0417\u0443\u043f\u0438\u043d\u043a\u0430: \u041c\u0435\u0440\u0456\u043d\u0491\u0434\u0430\u043c (Mehringdamm) &nbsp;<\/p>\n\n\n\n<p>\u041c\u0435\u0442\u0440\u043e: U6, U7 &nbsp;<\/p>\n\n\n\n<p>\u0410\u0432\u0442\u043e\u0431\u0443\u0441: 140, M19, N6, N7, N42 &nbsp;<\/p>\n\n\n\n<p>\u0417\u0443\u043f\u0438\u043d\u043a\u0430: \u041f\u043b\u0430\u0442\u0446 \u0434\u0435\u0440 \u041b\u044e\u0444\u0442\u0431\u0440\u044e\u043a\u043a\u0435 &nbsp;<\/p>\n\n\n\n<p>\u041c\u0435\u0442\u0440\u043e: U6 (\u043d\u0435 \u0434\u043e\u0441\u0442\u0443\u043f\u043d\u0435 \u0434\u043b\u044f \u043b\u044e\u0434\u0435\u0439 \u0437 \u043e\u0431\u043c\u0435\u0436\u0435\u043d\u0438\u043c\u0438 \u043c\u043e\u0436\u043b\u0438\u0432\u043e\u0441\u0442\u044f\u043c\u0438 \u043f\u0435\u0440\u0435\u0441\u0443\u0432\u0430\u043d\u043d\u044f) &nbsp;<\/p>\n\n\n\n<p>\u0410\u0432\u0442\u043e\u0431\u0443\u0441: 248, M43 &nbsp;<\/p>\n\n\n\n<h4 class=\"wp-block-heading\"><strong>\u0417\u043d\u0438\u0436\u043a\u0430 \u0437 Berlin-Ticket S \u00a0<\/strong><\/h4>\n\n\n\n<p>\u0412\u043b\u0430\u0441\u043d\u0438\u043a\u0438 Berlin-Ticket S \u043e\u0442\u0440\u0438\u043c\u0443\u044e\u0442\u044c \u043f\u0456\u043b\u044c\u0433\u043e\u0432\u0438\u0439 \u0432\u0445\u0456\u0434 \u00a0<\/p>\n\n\n\n<h4 class=\"wp-block-heading\"><strong>\u041f\u0440\u043e\u043f\u043e\u0437\u0438\u0446\u0456\u044f \u0434\u043b\u044f \u0431\u0456\u0436\u0435\u043d\u0446\u0456\u0432 \u00a0<\/strong><\/h4>\n\n\n\n<p>\u041d\u0435\u043c\u0430\u0454 \u00a0<\/p>\n\n\n\n<h4 class=\"wp-block-heading\"><strong>\u0412\u0445\u0456\u0434 \u00a0<\/strong><\/h4>\n\n\n\n<p>\u041f\u043e-\u0440\u0456\u0437\u043d\u043e\u043c\u0443, \u0432 \u0437\u0430\u043b\u0435\u0436\u043d\u043e\u0441\u0442\u0456 \u0432\u0456\u0434 \u0437\u0430\u0445\u043e\u0434\u0443 \u00a0<\/p>\n<\/div>\n<\/div>\n<\/div><\/details>\n\n\n\n<details class=\"wp-block-themeisle-blocks-accordion-item\"><summary class=\"wp-block-themeisle-blocks-accordion-item__title\"><h2><strong>\u041d\u0456\u043c\u0435\u0446\u044c\u043a\u0438\u0439 \u0442\u0435\u0430\u0442\u0440 \u0443 \u0411\u0435\u0440\u043b\u0456\u043d\u0456 (Deutsches Theater Berlin) <\/strong> <img decoding=\"async\" class=\"wp-image-2999\" style=\"width: 60px\" src=\"https:\/\/behinderung-und-flucht.isl-ev.de\/wp-content\/uploads\/2023\/02\/WKU-Icons_Zugaenglich-mit-Rollstuhl.svg\" alt=\"Zug\u00e4nglich mit Rollstuhl Den Gast erwarten keine Treppen, ggfs. ist eine Rampe vorhanden.\"><img decoding=\"async\" class=\"wp-image-2947\" style=\"width: 60px\" src=\"https:\/\/behinderung-und-flucht.isl-ev.de\/wp-content\/uploads\/2023\/02\/WKU-Icons_Behindertenparkplaetze-vorhanden.svg\" alt=\"Behindertenparkpl\u00e4tze vorhanden Es stehen gekennzeichnete Parkpl\u00e4tze in Eingangsn\u00e4he zur Verf\u00fcgung.\"><img decoding=\"async\" class=\"wp-image-2931\" style=\"width: 60px\" src=\"https:\/\/behinderung-und-flucht.isl-ev.de\/wp-content\/uploads\/2023\/02\/WKU-Icons_Barrierefreie-Toilette.svg\" alt=\"Barrierefreie Toilette Die Toilette ist barrierefrei zug\u00e4nglich und rollstuhlgerecht eingerichtet\"><img decoding=\"async\" class=\"wp-image-2971\" style=\"width: 60px\" src=\"https:\/\/behinderung-und-flucht.isl-ev.de\/wp-content\/uploads\/2023\/02\/WKU-Icons_Induktionsschleife-vorhanden.svg\" alt=\"Induktionsschleife vorhanden Tr\u00e4ger*innen eines H\u00f6rger\u00e4ts\/ Cl k\u00f6nnen Signale einer induktiven H\u00f6ranlage empfangen.\"><img decoding=\"async\" class=\"wp-image-2915\" style=\"width: 60px\" src=\"https:\/\/behinderung-und-flucht.isl-ev.de\/wp-content\/uploads\/2023\/02\/WKU-Icons_Audiodeskription.svg\" alt=\"Audiodeskription F\u00fcr visuelle Beitr\u00e4ge ist eine akustische Bildbeschreibung verf\u00fcgbar.\"><img decoding=\"async\" class=\"wp-image-2995\" style=\"width: 60px\" src=\"https:\/\/behinderung-und-flucht.isl-ev.de\/wp-content\/uploads\/2023\/02\/WKU-Icons_Untertitel.svg\" alt=\"Untertitel Video- und Audio-Beitr\u00e4ge enthalten Untertitel.\"><\/h2><\/summary><div class=\"wp-block-themeisle-blocks-accordion-item__content\">\n<h3 class=\"wp-block-heading\">\u041d\u0456\u043c\u0435\u0446\u044c\u043a\u0438\u0439 \u0442\u0435\u0430\u0442\u0440 \u0443 \u0411\u0435\u0440\u043b\u0456\u043d\u0456 (Deutsches Theater Berlin) \u00a0<\/h3>\n\n\n\n<h4 class=\"wp-block-heading\"><strong>\u041f\u043e\u044f\u0441\u043d\u0435\u043d\u043d\u044f \u00a0<\/strong><\/h4>\n\n\n\n<p>\u041d\u0456\u043c\u0435\u0446\u044c\u043a\u0438\u0439 \u0442\u0435\u0430\u0442\u0440 \u0443 \u0411\u0435\u0440\u043b\u0456\u043d\u0456 \u0454 \u043e\u0434\u043d\u0456\u0454\u044e \u0437 \u043d\u0430\u0439\u0432\u0430\u0436\u043b\u0438\u0432\u0456\u0448\u0438\u0445 \u0440\u043e\u0437\u043c\u043e\u0432\u043d\u0438\u0445 \u0442\u0435\u0430\u0442\u0440\u0430\u043b\u044c\u043d\u0438\u0445 \u0441\u0446\u0435\u043d \u0443 \u041d\u0456\u043c\u0435\u0447\u0447\u0438\u043d\u0456. \u0422\u0435\u0430\u0442\u0440 \u043c\u0430\u0454 \u0442\u0440\u0438 \u0440\u0456\u0437\u043d\u0456 \u0442\u0435\u0430\u0442\u0440\u0430\u043b\u044c\u043d\u0456 \u0441\u0446\u0435\u043d\u0438. \u041d\u0456\u043c\u0435\u0446\u044c\u043a\u0438\u0439 \u0442\u0435\u0430\u0442\u0440 (\u0431\u043b\u0438\u0437\u044c\u043a\u043e 600 \u043c\u0456\u0441\u0446\u044c), \u041a\u0430\u043c\u0435\u0440\u0448\u043f\u0456\u043b\u0454 (\u0431\u043b\u0438\u0437\u044c\u043a\u043e 230 \u043c\u0456\u0441\u0446\u044c) \u0456 \u0411\u043b\u0435\u043a\u0431\u043e\u043a\u0441 (\u0431\u043b\u0438\u0437\u044c\u043a\u043e 80 \u043c\u0456\u0441\u0446\u044c). \u041d\u0430 \u0440\u0456\u0437\u043d\u0438\u0445 \u0441\u0446\u0435\u043d\u0430\u0445 \u043f\u0440\u0435\u0434\u0441\u0442\u0430\u0432\u043b\u0435\u043d\u0456 \u043a\u043b\u0430\u0441\u0438\u0447\u043d\u0456 \u0442\u0435\u0430\u0442\u0440\u0430\u043b\u044c\u043d\u0456 \u043f&#8217;\u0454\u0441\u0438, \u0441\u0443\u0447\u0430\u0441\u043d\u0456 \u0432\u0438\u0441\u0442\u0430\u0432\u0438 \u0442\u0430 \u0430\u043a\u0442\u0443\u0430\u043b\u044c\u043d\u0456 \u0442\u0435\u043c\u0438. \u00a0<\/p>\n\n\n\n<div class=\"wp-block-columns is-style-default is-layout-flex wp-container-core-columns-is-layout-9d6595d7 wp-block-columns-is-layout-flex\">\n<div class=\"wp-block-column is-layout-flow wp-block-column-is-layout-flow\">\n<h4 class=\"wp-block-heading\"><strong>\u0411\u0435\u0437\u0431\u0430\u0440&#8217;\u0454\u0440\u043d\u0456\u0441\u0442\u044c \u00a0<\/strong><\/h4>\n\n\n\n<figure class=\"wp-block-table\"><table class=\"has-white-background-color has-background\"><tbody><tr><td><img decoding=\"async\" class=\"wp-image-2947\" style=\"width: 150px\" src=\"https:\/\/behinderung-und-flucht.isl-ev.de\/wp-content\/uploads\/2023\/02\/WKU-Icons_Behindertenparkplaetze-vorhanden.svg\" alt=\"Behindertenparkpl\u00e4tze vorhanden Es stehen gekennzeichnete Parkpl\u00e4tze in Eingangsn\u00e4he zur Verf\u00fcgung.\"><\/td><td>2 \u0433\u0440\u043e\u043c\u0430\u0434\u0441\u044c\u043a\u0456 \u043c\u0456\u0441\u0446\u044f \u0434\u043b\u044f \u043f\u0430\u0440\u043a\u0443\u0432\u0430\u043d\u043d\u044f \u0456\u043d\u0432\u0430\u043b\u0456\u0434\u0456\u0432 \u00a0<\/td><\/tr><tr><td><img decoding=\"async\" class=\"wp-image-2999\" style=\"width: NaNpx\" src=\"https:\/\/behinderung-und-flucht.isl-ev.de\/wp-content\/uploads\/2023\/02\/WKU-Icons_Zugaenglich-mit-Rollstuhl.svg\" alt=\"Zug\u00e4nglich mit Rollstuhl Den Gast erwarten keine Treppen, ggfs. ist eine Rampe vorhanden.\"><\/td><td>\u0434\u043e\u0441\u0442\u0443\u043f\u043d\u0435 \u0434\u043b\u044f \u043b\u044e\u0434\u0435\u0439 \u043d\u0430 \u0456\u043d\u0432\u0430\u043b\u0456\u0434\u043d\u0438\u0445 \u0432\u0456\u0437\u043a\u0430\u0445 \u00a0<\/td><\/tr><tr><td><img decoding=\"async\" class=\"wp-image-2931\" style=\"width: NaNpx\" src=\"https:\/\/behinderung-und-flucht.isl-ev.de\/wp-content\/uploads\/2023\/02\/WKU-Icons_Barrierefreie-Toilette.svg\" alt=\"Barrierefreie Toilette Die Toilette ist barrierefrei zug\u00e4nglich und rollstuhlgerecht eingerichtet\"><\/td><td>\u0431\u0435\u0437\u0431\u0430\u0440&#8217;\u0454\u0440\u043d\u0438\u0439 \u0442\u0443\u0430\u043b\u0435\u0442 \u00a0<\/td><\/tr><tr><td><img decoding=\"async\" class=\"wp-image-2971\" style=\"width: NaNpx\" src=\"https:\/\/behinderung-und-flucht.isl-ev.de\/wp-content\/uploads\/2023\/02\/WKU-Icons_Induktionsschleife-vorhanden.svg\" alt=\"Induktionsschleife vorhanden Tr\u00e4ger*innen eines H\u00f6rger\u00e4ts\/ Cl k\u00f6nnen Signale einer induktiven H\u00f6ranlage empfangen.\"><\/td><td>\u0434\u043e\u0441\u0442\u0443\u043f\u043d\u0430 \u0456\u043d\u0434\u0443\u043a\u0446\u0456\u0439\u043d\u0430 \u043f\u0435\u0442\u043b\u044f \u00a0<\/td><\/tr><tr><td><img decoding=\"async\" class=\"wp-image-2915\" style=\"width: NaNpx\" src=\"https:\/\/behinderung-und-flucht.isl-ev.de\/wp-content\/uploads\/2023\/02\/WKU-Icons_Audiodeskription.svg\" alt=\"Audiodeskription F\u00fcr visuelle Beitr\u00e4ge ist eine akustische Bildbeschreibung verf\u00fcgbar.\"><\/td><td>\u0442\u0438\u0444\u043b\u043e\u043a\u043e\u043c\u0435\u043d\u0442\u0443\u0432\u0430\u043d\u043d\u044f \u00a0<\/td><\/tr><tr><td><img decoding=\"async\" class=\"wp-image-2995\" style=\"width: NaNpx\" src=\"https:\/\/behinderung-und-flucht.isl-ev.de\/wp-content\/uploads\/2023\/02\/WKU-Icons_Untertitel.svg\" alt=\"Untertitel Video- und Audio-Beitr\u00e4ge enthalten Untertitel.\"><\/td><td>\u0441\u0443\u043f\u0435\u0440\u0442\u0438\u0442\u0440\u0438 \u00a0<\/td><\/tr><\/tbody><\/table><\/figure>\n\n\n\n<p><strong>\u0414\u043e\u0434\u0430\u0442\u043a\u043e\u0432\u0430 \u0456\u043d\u0444\u043e\u0440\u043c\u0430\u0446\u0456\u044f \u043f\u0440\u043e \u0431\u0435\u0437\u0431\u0430\u0440&#8217;\u0454\u0440\u043d\u0456\u0441\u0442\u044c \u00a0<\/strong><\/p>\n\n\n\n<ul class=\"wp-block-list\">\n<li>\u0410\u043a\u0442\u0443\u0430\u043b\u044c\u043d\u0430 \u0456\u043d\u0444\u043e\u0440\u043c\u0430\u0446\u0456\u044f \u043f\u0440\u043e \u0431\u0435\u0437\u0431\u0430\u0440&#8217;\u0454\u0440\u043d\u0456\u0441\u0442\u044c: \u00a0<\/li>\n\n\n\n<li><a href=\"https:\/\/www.deutschestheater.de\/karten\/barrierefreiheit\/\">https:\/\/www.deutschestheater.de\/karten\/barrierefreiheit\/<\/a><\/li>\n\n\n\n<li>\u0422\u0443\u0442 \u0432\u0438 \u043c\u043e\u0436\u0435\u0442\u0435 \u043f\u0440\u043e\u0441\u043b\u0443\u0445\u0430\u0442\u0438 \u043c\u0430\u0440\u0448\u0440\u0443\u0442 \u0432\u0456\u0434 \u0437\u0443\u043f\u0438\u043d\u043e\u043a \u0424\u0440\u0456\u0434\u0440\u0456\u0445\u0448\u0442\u0440\u0430\u0441\u0441\u0435 \u0442\u0430 \u041e\u0440\u0430\u043d\u0456\u0454\u043d\u0431\u0443\u0440\u0491\u0435\u0440 \u0422\u043e\u0440: \u00a0<\/li>\n\n\n\n<li><a href=\"https:\/\/www.deutschestheater.de\/karten\/ihr_theaterbesuch\/\">https:\/\/www.deutschestheater.de\/karten\/ihr_theaterbesuch\/<\/a><\/li>\n\n\n\n<li>\u0412\u0456\u0434\u0432\u0456\u0434\u0443\u0432\u0430\u0447\u0456 \u043d\u0430 \u0456\u043d\u0432\u0430\u043b\u0456\u0434\u043d\u0438\u0445 \u0432\u0456\u0437\u043a\u0430\u0445 \u043f\u043e\u0432\u0438\u043d\u043d\u0456 \u043f\u043e\u0432\u0456\u0434\u043e\u043c\u0438\u0442\u0438 \u043f\u0440\u043e \u0441\u0432\u0456\u0439 \u0432\u0456\u0437\u0438\u0442 \u043d\u0435 \u043f\u0456\u0437\u043d\u0456\u0448\u0435, \u043d\u0456\u0436 \u0437\u0430 \u0434\u0435\u043d\u044c \u0434\u043e \u0432\u0438\u0441\u0442\u0430\u0432\u0438 \u00a0<\/li>\n\n\n\n<li><strong>\u0414\u043e\u0441\u0442\u0443\u043f<\/strong> \u0434\u043e \u0442\u0435\u0430\u0442\u0440\u0443 \u0447\u0435\u0440\u0435\u0437 \u043f\u0430\u043d\u0434\u0443\u0441 \u0442\u0430 \u043b\u0456\u0444\u0442 \u043d\u0430 \u0432\u0445\u043e\u0434\u0456 \u00a0<\/li>\n\n\n\n<li>\u041d\u0430 \u043e\u043a\u0440\u0435\u043c\u0456 \u0432\u0438\u0441\u0442\u0430\u0432\u0438 \u043f\u0440\u043e\u043f\u043e\u043d\u0443\u044e\u0442\u044c\u0441\u044f <strong>\u0442\u0430\u043a\u0442\u0438\u043b\u044c\u043d\u0456 \u0435\u043a\u0441\u043a\u0443\u0440\u0441\u0456\u0457<\/strong> \u0434\u043b\u044f \u043d\u0435\u0437\u0440\u044f\u0447\u0438\u0445 \u0442\u0430 \u0441\u043b\u0430\u0431\u043e\u0437\u043e\u0440\u0438\u0445 \u043b\u044e\u0434\u0435\u0439; \u0446\u0456 \u0432\u0438\u0441\u0442\u0430\u0432\u0438 \u0441\u0443\u043f\u0440\u043e\u0432\u043e\u0434\u0436\u0443\u044e\u0442\u044c\u0441\u044f <strong>\u0442\u0438\u0444\u043b\u043e\u043a\u043e\u043c\u0435\u043d\u0442\u0430\u0440\u0435\u043c<\/strong> \u00a0<\/li>\n\n\n\n<li>\u0412\u0456\u0434\u0432\u0456\u0434\u0443\u0432\u0430\u0447\u0456 \u0437 \u0456\u043d\u0432\u0430\u043b\u0456\u0434\u043d\u0456\u0441\u0442\u044e, \u044f\u043a\u0456 \u0437\u0430\u043b\u0435\u0436\u0430\u0442\u044c \u0432\u0456\u0434 \u0441\u0443\u043f\u0440\u043e\u0432\u043e\u0434\u0436\u0443\u044e\u0447\u043e\u0457 \u043e\u0441\u043e\u0431\u0438, \u043e\u0442\u0440\u0438\u043c\u0443\u044e\u0442\u044c \u0434\u0432\u0430 \u043a\u0432\u0438\u0442\u043a\u0438 \u0437\u0430 \u043f\u0456\u0432\u0446\u0456\u043d\u0438 \u00a0<\/li>\n\n\n\n<li>\u0412\u0438\u0431\u0440\u0430\u043d\u0456 \u0432\u0438\u0441\u0442\u0430\u0432\u0438 \u0441\u0443\u043f\u0440\u043e\u0432\u043e\u0434\u0436\u0443\u044e\u0442\u044c\u0441\u044f \u0430\u043d\u0433\u043b\u0456\u0439\u0441\u044c\u043a\u0438\u043c\u0438 \u0441\u0443\u043f\u0435\u0440\u0442\u0438\u0442\u0440\u0430\u043c\u0438. \u0421\u0443\u043f\u0435\u0440\u0442\u0438\u0442\u0440\u0438 \u0432 \u041d\u0456\u043c\u0435\u0446\u044c\u043a\u043e\u043c\u0443 \u0442\u0435\u0430\u0442\u0440\u0456 \u043c\u043e\u0436\u043d\u0430 \u043f\u043e\u0431\u0430\u0447\u0438\u0442\u0438 \u043d\u0430 1-\u043c\u0443 \u044f\u0440\u0443\u0441\u0456 \u0430\u0431\u043e \u0432 \u043f\u0430\u0440\u0442\u0435\u0440\u0456 \u0437 10-\u0433\u043e \u0440\u044f\u0434\u0443, \u0430 \u0432 \u041a\u0430\u043c\u0435\u0440\u043d\u043e\u043c\u0443 \u0442\u0435\u0430\u0442\u0440\u0456 \u2013 \u0437 8-\u0433\u043e \u0440\u044f\u0434\u0443. \u00a0<\/li>\n\n\n\n<li>\u0412\u0435\u0441\u0442\u0438\u0431\u044e\u043b\u044c SAAL (\u0444\u043e\u0439\u0454 \u044f\u0440\u0443\u0441\u0443) \u0443 \u041d\u0456\u043c\u0435\u0446\u044c\u043a\u043e\u043c\u0443 \u0442\u0435\u0430\u0442\u0440\u0456 \u043d\u0435 \u043f\u0440\u0438\u0441\u0442\u043e\u0441\u043e\u0432\u0430\u043d\u0438\u0439 \u0434\u043b\u044f \u043b\u044e\u0434\u0435\u0439 \u043d\u0430 \u0456\u043d\u0432\u0430\u043b\u0456\u0434\u043d\u0438\u0445 \u0432\u0456\u0437\u043a\u0430\u0445 \u00a0<\/li>\n<\/ul>\n<\/div>\n\n\n\n<div class=\"wp-block-column is-layout-flow wp-block-column-is-layout-flow\">\n<h4 class=\"wp-block-heading\"><strong>\u041a\u043e\u043d\u0442\u0430\u043a\u0442\u043d\u0456 \u0434\u0430\u043d\u0456 \u00a0<\/strong><\/h4>\n\n\n\n<p>\u0428\u0443\u043c\u0430\u043d\u0448\u0442\u0440\u0430\u0441\u0441\u0435 13\u0430 &nbsp;<\/p>\n\n\n\n<p>10117 \u0411\u0435\u0440\u043b\u0456\u043d &nbsp;<\/p>\n\n\n\n<p>\u0422\u0435\u043b\u0435\u0444\u043e\u043d: 030 28&nbsp;441 221 &nbsp;<\/p>\n\n\n\n<p>\u0422\u0435\u043b\u0435\u0444\u043e\u043d (\u043a\u0432\u0438\u0442\u043a\u0438): 030 28&nbsp;441 225 &nbsp;<\/p>\n\n\n\n<p>\u0415\u043b\u0435\u043a\u0442\u0440\u043e\u043d\u043d\u0430 \u043f\u043e\u0448\u0442\u0430: <a href=\"mailto:service@deutschestheater.de\">service@deutschestheater.de<\/a> &nbsp;<\/p>\n\n\n\n<p>\u0412\u0435\u0431-\u0441\u0430\u0439\u0442: <a href=\"https:\/\/www.deutschestheater.de\/\">https:\/\/www.deutschestheater.de\/<\/a> &nbsp;<\/p>\n\n\n\n<h4 class=\"wp-block-heading\"><strong>\u0413\u043e\u0434\u0438\u043d\u0438 \u0440\u043e\u0431\u043e\u0442\u0438 \u00a0<\/strong><\/h4>\n\n\n\n<p>\u0424\u043e\u0439\u0454 \u0432\u0456\u0434\u0447\u0438\u043d\u044f\u044e\u0442\u044c\u0441\u044f \u0437\u0430 \u0433\u043e\u0434\u0438\u043d\u0443 \u0434\u043e \u043f\u043e\u0447\u0430\u0442\u043a\u0443 \u0432\u0438\u0441\u0442\u0430\u0432\u0438. &nbsp;<\/p>\n\n\n\n<p>\u0413\u043b\u044f\u0434\u0430\u0446\u044c\u043a\u0456 \u0437\u0430\u043b\u0438 \u0432\u0456\u0434\u0447\u0438\u043d\u044f\u044e\u0442\u044c\u0441\u044f \u0437\u0430 \u0447\u0432\u0435\u0440\u0442\u044c \u0433\u043e\u0434\u0438\u043d\u0438 \u0434\u043e \u043f\u043e\u0447\u0430\u0442\u043a\u0443 \u0432\u0438\u0441\u0442\u0430\u0432\u0438. &nbsp;<\/p>\n\n\n\n<h4 class=\"wp-block-heading\"><strong>\u0414\u043e\u0441\u0442\u0443\u043f\u043d\u0456\u0441\u0442\u044c \u0433\u0440\u043e\u043c\u0430\u0434\u0441\u044c\u043a\u0438\u043c \u0442\u0440\u0430\u043d\u0441\u043f\u043e\u0440\u0442\u043e\u043c\u00a0<\/strong><\/h4>\n\n\n\n<p>\u0417\u0443\u043f\u0438\u043d\u043a\u0430: \u041e\u0440\u0430\u043d\u0456\u0454\u043d\u0431\u0443\u0440\u0491\u0435\u0440 \u0422\u043e\u0440 (Oranienburger Tor) &nbsp;<\/p>\n\n\n\n<p>\u041c\u0435\u0442\u0440\u043e: U6 &nbsp;<\/p>\n\n\n\n<p>\u0422\u0440\u0430\u043c\u0432\u0430\u0439: 12, M1, M5, M8, M10 &nbsp;<\/p>\n\n\n\n<p>\u0410\u0432\u0442\u043e\u0431\u0443\u0441: 12, M1, N6 &nbsp;<\/p>\n\n\n\n<p>\u0417\u0443\u043f\u0438\u043d\u043a\u0430: \u041d\u0456\u043c\u0435\u0446\u044c\u043a\u0438\u0439 \u0442\u0435\u0430\u0442\u0440 &nbsp;<\/p>\n\n\n\n<p>\u0410\u0432\u0442\u043e\u0431\u0443\u0441: 147, 245 &nbsp;<\/p>\n\n\n\n<h4 class=\"wp-block-heading\"><strong>\u0417\u043d\u0438\u0436\u043a\u0430 \u0437 Berlin-Ticket S \u00a0<\/strong><\/h4>\n\n\n\n<p>\u0412\u043b\u0430\u0441\u043d\u0438\u043a\u0438 Berlin-Ticket S \u043e\u0442\u0440\u0438\u043c\u0443\u044e\u0442\u044c \u043f\u0456\u043b\u044c\u0433\u043e\u0432\u0438\u0439 \u0432\u0445\u0456\u0434 \u00a0<\/p>\n\n\n\n<h4 class=\"wp-block-heading\"><strong>\u041f\u0440\u043e\u043f\u043e\u0437\u0438\u0446\u0456\u044f \u0434\u043b\u044f \u0431\u0456\u0436\u0435\u043d\u0446\u0456\u0432 \u00a0<\/strong><\/h4>\n\n\n\n<p>\u041d\u0435\u043c\u0430\u0454 \u00a0<\/p>\n\n\n\n<h4 class=\"wp-block-heading\"><strong>\u0412\u0445\u0456\u0434 \u00a0<\/strong><\/h4>\n\n\n\n<p>\u0412\u0456\u0434 5 \u0454\u0432\u0440\u043e\u00a0<\/p>\n<\/div>\n<\/div>\n<\/div><\/details>\n\n\n\n<details class=\"wp-block-themeisle-blocks-accordion-item\"><summary class=\"wp-block-themeisle-blocks-accordion-item__title\"><h2><strong>\u0422\u0435\u0430\u0442\u0440 \u0456\u043c\u0435\u043d\u0456 \u041c\u0430\u043a\u0441\u0438\u043c\u0430 \u0413\u043e\u0440\u044c\u043a\u043e\u0433\u043e \u00a0<\/strong> <img decoding=\"async\" class=\"wp-image-2911\" style=\"width: 60px\" src=\"https:\/\/behinderung-und-flucht.isl-ev.de\/wp-content\/uploads\/2023\/02\/WKU-Icons_Assistenzhund-willkommen.svg\" alt=\"Assistenzhund willkommen Es ist m\u00f6glich einen Assistenzhund mitzuf\u00fchren.\"><img decoding=\"async\" class=\"wp-image-2999\" style=\"width: 60px\" src=\"https:\/\/behinderung-und-flucht.isl-ev.de\/wp-content\/uploads\/2023\/02\/WKU-Icons_Zugaenglich-mit-Rollstuhl.svg\" alt=\"Zug\u00e4nglich mit Rollstuhl Den Gast erwarten keine Treppen, ggfs. ist eine Rampe vorhanden.\"><img decoding=\"async\" class=\"wp-image-2947\" style=\"width: 60px\" src=\"https:\/\/behinderung-und-flucht.isl-ev.de\/wp-content\/uploads\/2023\/02\/WKU-Icons_Behindertenparkplaetze-vorhanden.svg\" alt=\"Behindertenparkpl\u00e4tze vorhanden Es stehen gekennzeichnete Parkpl\u00e4tze in Eingangsn\u00e4he zur Verf\u00fcgung.\"><img decoding=\"async\" class=\"wp-image-2931\" style=\"width: 60px\" src=\"https:\/\/behinderung-und-flucht.isl-ev.de\/wp-content\/uploads\/2023\/02\/WKU-Icons_Barrierefreie-Toilette.svg\" alt=\"Barrierefreie Toilette Die Toilette ist barrierefrei zug\u00e4nglich und rollstuhlgerecht eingerichtet\"><img decoding=\"async\" class=\"wp-image-2943\" style=\"width: 60px\" src=\"https:\/\/behinderung-und-flucht.isl-ev.de\/wp-content\/uploads\/2023\/02\/WKU-Icons_Begleitperson-frei.svg\" alt=\"Begleitperson frei lnhaber*innen eines Schwerbehindertenausweises k\u00f6nnen eine Begleitperson kostenfrei mitbringen.\"><img decoding=\"async\" class=\"wp-image-2995\" style=\"width: 60px\" src=\"https:\/\/behinderung-und-flucht.isl-ev.de\/wp-content\/uploads\/2023\/02\/WKU-Icons_Untertitel.svg\" alt=\"Untertitel Video- und Audio-Beitr\u00e4ge enthalten Untertitel.\"><img decoding=\"async\" class=\"wp-image-2907\" style=\"width: 60px;\" src=\"https:\/\/behinderung-und-flucht.isl-ev.de\/wp-content\/uploads\/2023\/02\/WKU-Icons_Angebote-in-Gebaerdensprache.svg\" alt=\"Dolmetschung in Geb\u00e4rdensprache Die Veranstaltung wird von Geb\u00e4rdensprachdolmetschenden begleitet.\"><\/h2><\/summary><div class=\"wp-block-themeisle-blocks-accordion-item__content\">\n<h3 class=\"wp-block-heading\">\u0422\u0435\u0430\u0442\u0440 \u0456\u043c\u0435\u043d\u0456 \u041c\u0430\u043a\u0441\u0438\u043c\u0430 \u0413\u043e\u0440\u044c\u043a\u043e\u0433\u043e \u00a0<\/h3>\n\n\n\n<h4 class=\"wp-block-heading\"><strong>\u041f\u043e\u044f\u0441\u043d\u0435\u043d\u043d\u044f \u00a0<\/strong><\/h4>\n\n\n\n<p>\u0422\u0435\u0430\u0442\u0440 \u0456\u043c\u0435\u043d\u0456 \u041c\u0430\u043a\u0441\u0438\u043c\u0430 \u0413\u043e\u0440\u044c\u043a\u043e\u0433\u043e \u0437\u0432\u0435\u0440\u0442\u0430\u0454\u0442\u044c\u0441\u044f \u0434\u043e \u0432\u0441\u0456\u0445 \u043b\u044e\u0434\u0435\u0439, \u044f\u043a\u0456 \u043f\u0440\u0438\u0457\u0445\u0430\u043b\u0438 \u0434\u043e \u0411\u0435\u0440\u043b\u0456\u043d\u0430 \u0432 \u043e\u0441\u0442\u0430\u043d\u043d\u0456 \u0434\u0435\u0441\u044f\u0442\u0438\u043b\u0456\u0442\u0442\u044f. \u041d\u0435\u0437\u0430\u043b\u0435\u0436\u043d\u043e \u0432\u0456\u0434 \u0442\u043e\u0433\u043e, \u0447\u0438 \u0442\u043e \u0447\u0435\u0440\u0435\u0437 \u0432\u0442\u0435\u0447\u0443, \u0435\u043c\u0456\u0433\u0440\u0430\u0446\u0456\u044e, \u0456\u043c\u043c\u0456\u0433\u0440\u0430\u0446\u0456\u044e \u0430\u0431\u043e \u0436 \u0434\u043e\u0440\u043e\u0441\u043b\u0456\u0448\u0430\u043d\u043d\u044f \u0432 \u0411\u0435\u0440\u043b\u0456\u043d\u0456, \u0442\u0443\u0442 \u0440\u0430\u0434\u0456 \u0432\u0441\u0456\u043c \u043b\u044e\u0434\u044f\u043c. \u0422\u0435\u0430\u0442\u0440 \u0445\u043e\u0447\u0435 \u0441\u043f\u0440\u0438\u044f\u0442\u0438 \u043e\u0431\u0435\u0440\u0435\u0436\u043d\u0456\u0439 \u0456 \u0442\u043e\u043b\u0435\u0440\u0430\u043d\u0442\u043d\u0456\u0439 \u0434\u0438\u0441\u043a\u0443\u0441\u0456\u0457 \u043f\u0440\u043e \u043d\u0430\u0448\u0435 \u0441\u043f\u0456\u0432\u0456\u0441\u043d\u0443\u0432\u0430\u043d\u043d\u044f \u0432 \u0441\u0443\u0447\u0430\u0441\u043d\u043e\u043c\u0443 \u0440\u043e\u0437\u043c\u0430\u0457\u0442\u0442\u0456. \u00a0<\/p>\n\n\n\n<div class=\"wp-block-columns is-style-default is-layout-flex wp-container-core-columns-is-layout-9d6595d7 wp-block-columns-is-layout-flex\">\n<div class=\"wp-block-column is-layout-flow wp-block-column-is-layout-flow\">\n<h4 class=\"wp-block-heading\"><strong>\u0411\u0435\u0437\u0431\u0430\u0440&#8217;\u0454\u0440\u043d\u0456\u0441\u0442\u044c \u00a0<\/strong><\/h4>\n\n\n\n<figure class=\"wp-block-table\"><table class=\"has-white-background-color has-background\"><tbody><tr><td><img decoding=\"async\" class=\"wp-image-2947\" style=\"width: 150px\" src=\"https:\/\/behinderung-und-flucht.isl-ev.de\/wp-content\/uploads\/2023\/02\/WKU-Icons_Behindertenparkplaetze-vorhanden.svg\" alt=\"Behindertenparkpl\u00e4tze vorhanden Es stehen gekennzeichnete Parkpl\u00e4tze in Eingangsn\u00e4he zur Verf\u00fcgung.\"><\/td><td>2 \u0433\u0440\u043e\u043c\u0430\u0434\u0441\u044c\u043a\u0456 \u043c\u0456\u0441\u0446\u044f \u0434\u043b\u044f \u043f\u0430\u0440\u043a\u0443\u0432\u0430\u043d\u043d\u044f \u0456\u043d\u0432\u0430\u043b\u0456\u0434\u0456\u0432 \u00a0<\/td><\/tr><tr><td><img decoding=\"async\" class=\"wp-image-2911\" style=\"width: NaNpx\" src=\"https:\/\/behinderung-und-flucht.isl-ev.de\/wp-content\/uploads\/2023\/02\/WKU-Icons_Assistenzhund-willkommen.svg\" alt=\"Assistenzhund willkommen Es ist m\u00f6glich einen Assistenzhund mitzuf\u00fchren.\"><\/td><td>\u0434\u043e\u043f\u0443\u0441\u043a\u0430\u044e\u0442\u044c\u0441\u044f \u0441\u043e\u0431\u0430\u043a\u0438-\u043f\u043e\u043c\u0456\u0447\u043d\u0438\u043a\u0438 \u00a0<\/td><\/tr><tr><td><img decoding=\"async\" class=\"wp-image-2943\" style=\"width: NaNpx\" src=\"https:\/\/behinderung-und-flucht.isl-ev.de\/wp-content\/uploads\/2023\/02\/WKU-Icons_Begleitperson-frei.svg\" alt=\"Begleitperson frei lnhaber*innen eines Schwerbehindertenausweises k\u00f6nnen eine Begleitperson kostenfrei mitbringen.\"><\/td><td>\u0441\u0443\u043f\u0440\u043e\u0432\u043e\u0434\u0436\u0443\u044e\u0447\u0430 \u043e\u0441\u043e\u0431\u0430 \u0431\u0435\u0437\u043a\u043e\u0448\u0442\u043e\u0432\u043d\u043e \u00a0<\/td><\/tr><tr><td><img decoding=\"async\" class=\"wp-image-2999\" style=\"width: NaNpx\" src=\"https:\/\/behinderung-und-flucht.isl-ev.de\/wp-content\/uploads\/2023\/02\/WKU-Icons_Zugaenglich-mit-Rollstuhl.svg\" alt=\"Zug\u00e4nglich mit Rollstuhl Den Gast erwarten keine Treppen, ggfs. ist eine Rampe vorhanden.\"><\/td><td>\u0434\u043e\u0441\u0442\u0443\u043f\u043d\u0435 \u0434\u043b\u044f \u043b\u044e\u0434\u0435\u0439 \u043d\u0430 \u0456\u043d\u0432\u0430\u043b\u0456\u0434\u043d\u0438\u0445 \u0432\u0456\u0437\u043a\u0430\u0445 \u00a0<\/td><\/tr><tr><td><img decoding=\"async\" class=\"wp-image-2931\" style=\"width: NaNpx\" src=\"https:\/\/behinderung-und-flucht.isl-ev.de\/wp-content\/uploads\/2023\/02\/WKU-Icons_Barrierefreie-Toilette.svg\" alt=\"Barrierefreie Toilette Die Toilette ist barrierefrei zug\u00e4nglich und rollstuhlgerecht eingerichtet\"><\/td><td>\u0431\u0435\u0437\u0431\u0430\u0440&#8217;\u0454\u0440\u043d\u0438\u0439 \u0442\u0443\u0430\u043b\u0435\u0442 \u00a0<\/td><\/tr><tr><td><img decoding=\"async\" class=\"wp-image-2995\" style=\"width: NaNpx\" src=\"https:\/\/behinderung-und-flucht.isl-ev.de\/wp-content\/uploads\/2023\/02\/WKU-Icons_Untertitel.svg\" alt=\"Untertitel Video- und Audio-Beitr\u00e4ge enthalten Untertitel.\"><\/td><td>\u0441\u0443\u043f\u0435\u0440\u0442\u0438\u0442\u0440\u0438 \u00a0<\/td><\/tr><tr><td><img decoding=\"async\" class=\"wp-image-2907\" style=\"width: NaNpx;\" src=\"https:\/\/behinderung-und-flucht.isl-ev.de\/wp-content\/uploads\/2023\/02\/WKU-Icons_Angebote-in-Gebaerdensprache.svg\" alt=\"Dolmetschung in Geb\u00e4rdensprache Die Veranstaltung wird von Geb\u00e4rdensprachdolmetschenden begleitet.\"><\/td><td>\u043f\u0435\u0440\u0435\u043a\u043b\u0430\u0434 \u043d\u0430 \u043d\u0456\u043c\u0435\u0446\u044c\u043a\u0443 \u043c\u043e\u0432\u0443 \u0436\u0435\u0441\u0442\u0456\u0432 \u00a0<\/td><\/tr><\/tbody><\/table><\/figure>\n\n\n\n<p><strong>\u0414\u043e\u0434\u0430\u0442\u043a\u043e\u0432\u0430 \u0456\u043d\u0444\u043e\u0440\u043c\u0430\u0446\u0456\u044f \u043f\u0440\u043e \u0434\u043e\u0441\u0442\u0443\u043f\u043d\u0456\u0441\u0442\u044c \u00a0<\/strong><\/p>\n\n\n\n<ul class=\"wp-block-list\">\n<li>\u0410\u043a\u0442\u0443\u0430\u043b\u044c\u043d\u0430 \u0456\u043d\u0444\u043e\u0440\u043c\u0430\u0446\u0456\u044f \u043f\u0440\u043e \u0434\u043e\u0441\u0442\u0443\u043f\u043d\u0456\u0441\u0442\u044c: <a href=\"https:\/\/www.gorki.de\/de\/barrierefreiheit\">https:\/\/www.gorki.de\/de\/barrierefreiheit<\/a> \u00a0<\/li>\n\n\n\n<li><strong>\u0411\u0435\u0437\u0431\u0430\u0440&#8217;\u0454\u0440\u043d\u0438\u0439 \u0434\u043e\u0441\u0442\u0443\u043f<\/strong> \u0434\u043e \u0442\u0435\u0430\u0442\u0440\u0443 \u0437\u0434\u0456\u0439\u0441\u043d\u044e\u0454\u0442\u044c\u0441\u044f \u0447\u0435\u0440\u0435\u0437 \u043f\u0430\u043d\u0434\u0443\u0441 \u0431\u0456\u043b\u044f \u0446\u0435\u043d\u0442\u0440\u0430\u043b\u044c\u043d\u043e\u0433\u043e \u0432\u0445\u043e\u0434\u0443 \u0442\u0430 \u043b\u0456\u0444\u0442 \u043f\u0440\u0430\u0432\u043e\u0440\u0443\u0447 \u0432\u0456\u0434 \u0432\u0445\u043e\u0434\u0443 \u00a0<\/li>\n\n\n\n<li>\u043c\u0456\u0441\u0446\u044f \u0434\u043b\u044f \u0433\u043b\u044f\u0434\u0430\u0447\u0456\u0432 \u043d\u0430 \u0456\u043d\u0432\u0430\u043b\u0456\u0434\u043d\u0438\u0445 \u0432\u0456\u0437\u043a\u0430\u0445 \u0440\u043e\u0437\u0442\u0430\u0448\u043e\u0432\u0430\u043d\u0456 \u0432 \u0442\u0435\u0430\u0442\u0440\u0456 \u0443 8-\u043c\u0443 \u0442\u0430 10-\u043c\u0443 \u0440\u044f\u0434\u0430\u0445 \u00a0<\/li>\n\n\n\n<li>\u0432\u0456\u0434\u0432\u0456\u0434\u0443\u0432\u0430\u0447\u0456 \u043d\u0430 \u0432\u0456\u0437\u043a\u0430\u0445 \u043f\u043e\u0432\u0438\u043d\u043d\u0456 \u0437\u0430\u0440\u0435\u0454\u0441\u0442\u0440\u0443\u0432\u0430\u0442\u0438 \u0441\u0432\u0456\u0439 \u0432\u0456\u0437\u0438\u0442 \u0435\u043b\u0435\u043a\u0442\u0440\u043e\u043d\u043d\u043e\u044e \u043f\u043e\u0448\u0442\u043e\u044e \u0430\u0431\u043e \u0442\u0435\u043b\u0435\u0444\u043e\u043d\u043e\u043c \u043d\u0435 \u043f\u0456\u0437\u043d\u0456\u0448\u0435, \u043d\u0456\u0436 \u0437\u0430 4 \u0434\u043d\u0456 \u0434\u043e \u0432\u0438\u0441\u0442\u0430\u0432\u0438 \u00a0<\/li>\n\n\n\n<li>\u0431\u0435\u0437\u043a\u043e\u0448\u0442\u043e\u0432\u043d\u0438\u0439 \u043a\u0432\u0438\u0442\u043e\u043a \u0434\u043b\u044f <strong>\u0441\u0443\u043f\u0440\u043e\u0432\u043e\u0434\u0436\u0443\u044e\u0447\u043e\u0457 \u043e\u0441\u043e\u0431\u0438<\/strong> \u0442\u0430\u043a\u043e\u0436 \u043f\u043e\u0432\u0438\u043d\u0435\u043d \u0431\u0443\u0442\u0438 \u0437\u0430\u0440\u0435\u0454\u0441\u0442\u0440\u043e\u0432\u0430\u043d\u0438\u0439 \u00a0<\/li>\n\n\n\n<li>\u0423\u0441\u0456 \u043d\u0456\u043c\u0435\u0446\u044c\u043a\u043e\u043c\u043e\u0432\u043d\u0456 \u0442\u0435\u0430\u0442\u0440\u0430\u043b\u044c\u043d\u0456 \u0432\u0438\u0441\u0442\u0430\u0432\u0438 \u0441\u0443\u043f\u0440\u043e\u0432\u043e\u0434\u0436\u0443\u044e\u0442\u044c\u0441\u044f \u0430\u043d\u0433\u043b\u0456\u0439\u0441\u044c\u043a\u0438\u043c\u0438 <strong>\u0441\u0443\u043f\u0435\u0440\u0442\u0438\u0442\u0440\u0430\u043c\u0438<\/strong>, \u0437\u0430 \u0432\u0438\u043d\u044f\u0442\u043a\u043e\u043c \u043f\u0440\u0435\u043c&#8217;\u0454\u0440\u043d\u0438\u0445 \u0432\u0438\u0441\u0442\u0430\u0432. \u041d\u0435 \u043d\u0456\u043c\u0435\u0446\u044c\u043a\u043e\u043c\u043e\u0432\u043d\u0456 \u0432\u0438\u0441\u0442\u0430\u0432\u0438 \u0434\u0435\u043c\u043e\u043d\u0441\u0442\u0440\u0443\u044e\u0442\u044c\u0441\u044f \u0437 \u043d\u0456\u043c\u0435\u0446\u044c\u043a\u0438\u043c\u0438 \u0441\u0443\u043f\u0435\u0440\u0442\u0438\u0442\u0440\u0430\u043c\u0438 \u00a0<\/li>\n\n\n\n<li>\u043e\u043a\u0440\u0435\u043c\u0456 \u0432\u0438\u0441\u0442\u0430\u0432\u0438 \u043f\u0435\u0440\u0435\u043a\u043b\u0430\u0434\u0430\u044e\u0442\u044c\u0441\u044f \u043d\u0456\u043c\u0435\u0446\u044c\u043a\u043e\u044e \u0436\u0435\u0441\u0442\u043e\u0432\u043e\u044e \u043c\u043e\u0432\u043e\u044e \u00a0<\/li>\n<\/ul>\n<\/div>\n\n\n\n<div class=\"wp-block-column is-layout-flow wp-block-column-is-layout-flow\">\n<h4 class=\"wp-block-heading\"><strong>\u041a\u043e\u043d\u0442\u0430\u043a\u0442\u043d\u0456 \u0434\u0430\u043d\u0456 \u00a0<\/strong><\/h4>\n\n\n\n<p>\u0410\u043c \u0424\u0435\u0441\u0442\u0443\u043d\u0491\u0441\u0491\u0440\u0430\u0431\u0435\u043d 2 &nbsp;<\/p>\n\n\n\n<p>10117 \u0411\u0435\u0440\u043b\u0456\u043d &nbsp;<\/p>\n\n\n\n<p>\u0422\u0435\u043b\u0435\u0444\u043e\u043d: 00 49 30 20221-115 (\u0432\u0435\u0447\u0456\u0440\u043d\u044f \u043a\u0430\u0441\u0430) &nbsp;<\/p>\n\n\n\n<p>\u041a\u0432\u0438\u0442\u043a\u0438 \u0435\u043b\u0435\u043a\u0442\u0440\u043e\u043d\u043d\u043e\u044e \u043f\u043e\u0448\u0442\u043e\u044e: <a href=\"mailto:ticket@gorki.de\">ticket@gorki.de<\/a> &nbsp;<\/p>\n\n\n\n<p>\u0415\u043b\u0435\u043a\u0442\u0440\u043e\u043d\u043d\u0430 \u043f\u043e\u0448\u0442\u043e\u0432\u0430 \u0441\u043b\u0443\u0436\u0431\u0430 \u0434\u043b\u044f \u0432\u0456\u0434\u0432\u0456\u0434\u0443\u0432\u0430\u0447\u0456\u0432: <a href=\"mailto:besucherservice@gorki.de\">besucherservice@gorki.de<\/a><\/p>\n\n\n\n<p>\u0412\u0435\u0431-\u0441\u0430\u0439\u0442: <a href=\"https:\/\/www.gorki.de\/de\">https:\/\/www.gorki.de\/de<\/a> &nbsp;<\/p>\n\n\n\n<h4 class=\"wp-block-heading\"><strong>\u0413\u043e\u0434\u0438\u043d\u0438 \u0440\u043e\u0431\u043e\u0442\u0438 \u00a0<\/strong><\/h4>\n\n\n\n<p>\u0412\u0435\u0447\u0456\u0440\u043d\u044f \u043a\u0430\u0441\u0430 \u0432\u0456\u0434\u043a\u0440\u0438\u0432\u0430\u0454\u0442\u044c\u0441\u044f \u0437\u0430 \u0433\u043e\u0434\u0438\u043d\u0443 \u0434\u043e \u043f\u043e\u0447\u0430\u0442\u043a\u0443 \u0432\u0438\u0441\u0442\u0430\u0432\u0438 \u00a0<\/p>\n\n\n\n<h4 class=\"wp-block-heading\"><strong>\u0414\u043e\u0441\u0442\u0443\u043f\u043d\u0456\u0441\u0442\u044c \u0433\u0440\u043e\u043c\u0430\u0434\u0441\u044c\u043a\u0438\u043c \u0442\u0440\u0430\u043d\u0441\u043f\u043e\u0440\u0442\u043e\u043c \u00a0<\/strong><\/h4>\n\n\n\n<p>\u0417\u0443\u043f\u0438\u043d\u043a\u0430: \u0410\u043c \u041a\u0443\u043f\u0444\u0435\u0440\u0491\u0440\u0430\u0431\u0435\u043d &nbsp;<\/p>\n\n\n\n<p>\u0422\u0440\u0430\u043c\u0432\u0430\u0439: 12, M1 &nbsp;<\/p>\n\n\n\n<p>\u0410\u0432\u0442\u043e\u0431\u0443\u0441: 12, M1 &nbsp;<\/p>\n\n\n\n<h4 class=\"wp-block-heading\"><strong>\u0417\u043d\u0438\u0436\u043a\u0430 \u0437 Berlin-Ticket S \u00a0<\/strong><\/h4>\n\n\n\n<p>\u0412\u043b\u0430\u0441\u043d\u0438\u043a\u0438 Berlin-Ticket S \u043e\u0442\u0440\u0438\u043c\u0443\u044e\u0442\u044c \u043f\u0456\u043b\u044c\u0433\u043e\u0432\u0438\u0439 \u0432\u0445\u0456\u0434 \u00a0<\/p>\n\n\n\n<h4 class=\"wp-block-heading\"><strong>\u041f\u0440\u043e\u043f\u043e\u0437\u0438\u0446\u0456\u044f \u0434\u043b\u044f \u0431\u0456\u0436\u0435\u043d\u0446\u0456\u0432 \u00a0<\/strong><\/h4>\n\n\n\n<p>\u041d\u0435\u043c\u0430\u0454 \u00a0<\/p>\n\n\n\n<h4 class=\"wp-block-heading\"><strong>\u0412\u0445\u0456\u0434 \u00a0<\/strong><\/h4>\n\n\n\n<p>\u041f\u043e-\u0440\u0456\u0437\u043d\u043e\u043c\u0443, \u0432 \u0437\u0430\u043b\u0435\u0436\u043d\u043e\u0441\u0442\u0456 \u0432\u0456\u0434 \u0437\u0430\u0445\u043e\u0434\u0443 \u00a0<\/p>\n<\/div>\n<\/div>\n<\/div><\/details>\n\n\n\n<details class=\"wp-block-themeisle-blocks-accordion-item\"><summary class=\"wp-block-themeisle-blocks-accordion-item__title\"><h2><strong>Sophiens\u00e4le <\/strong><img decoding=\"async\" class=\"wp-image-2943\" style=\"width: 60px\" src=\"https:\/\/behinderung-und-flucht.isl-ev.de\/wp-content\/uploads\/2023\/02\/WKU-Icons_Begleitperson-frei.svg\" alt=\"Begleitperson frei lnhaber*innen eines Schwerbehindertenausweises k\u00f6nnen eine Begleitperson kostenfrei mitbringen.\"><img decoding=\"async\" class=\"wp-image-2999\" style=\"width: 60px\" src=\"https:\/\/behinderung-und-flucht.isl-ev.de\/wp-content\/uploads\/2023\/02\/WKU-Icons_Zugaenglich-mit-Rollstuhl.svg\" alt=\"Zug\u00e4nglich mit Rollstuhl Den Gast erwarten keine Treppen, ggfs. ist eine Rampe vorhanden.\"><img decoding=\"async\" class=\"wp-image-2991\" style=\"width: 60px\" src=\"https:\/\/behinderung-und-flucht.isl-ev.de\/wp-content\/uploads\/2023\/02\/WKU-Icons_Sensible-Umgebung.svg\" alt=\"Sensible Umgebung Die Umgebung ist durch sensibilisiertes Personal diskriminierungsfrei gestaltet.\"><img decoding=\"async\" class=\"wp-image-2903\" style=\"width: 60px\" src=\"https:\/\/behinderung-und-flucht.isl-ev.de\/wp-content\/uploads\/2023\/02\/WKU-Icons_Angebote-fuer-Blinde.svg\" alt=\"Angebote f\u00fcr Blinde Es gibt einen Begleit- und Unterst\u00fctzungsservice f\u00fcr blinde G\u00e4ste.\"><img decoding=\"async\" class=\"wp-image-2931\" style=\"width: 60px\" src=\"https:\/\/behinderung-und-flucht.isl-ev.de\/wp-content\/uploads\/2023\/02\/WKU-Icons_Barrierefreie-Toilette.svg\" alt=\"Barrierefreie Toilette Die Toilette ist barrierefrei zug\u00e4nglich und rollstuhlgerecht eingerichtet\"><img decoding=\"async\" class=\"wp-image-2907\" style=\"width: 60px\" src=\"https:\/\/behinderung-und-flucht.isl-ev.de\/wp-content\/uploads\/2023\/02\/WKU-Icons_Angebote-in-Gebaerdensprache.svg\" alt=\"Dolmetschung in Geb\u00e4rdensprache Die Veranstaltung wird von Geb\u00e4rdensprachdolmetschenden begleitet.\"><img decoding=\"async\" class=\"wp-image-2963\" style=\"width: 60px\" src=\"https:\/\/behinderung-und-flucht.isl-ev.de\/wp-content\/uploads\/2023\/02\/WKU-Icons_Gebaerdensprache.svg\" alt=\"Programm in Geb\u00e4rdensprache K\u00fcnstlerischer Beitrag von Tauben Performer*innen (Deaf Performance).\"><img decoding=\"async\" class=\"wp-image-2915\" style=\"width: 60px\" src=\"https:\/\/behinderung-und-flucht.isl-ev.de\/wp-content\/uploads\/2023\/02\/WKU-Icons_Audiodeskription.svg\" alt=\"Audiodeskription F\u00fcr visuelle Beitr\u00e4ge ist eine akustische Bildbeschreibung verf\u00fcgbar.\"><\/h2><\/summary><div class=\"wp-block-themeisle-blocks-accordion-item__content\">\n<h3 class=\"wp-block-heading\">Sophiens\u00e4le<\/h3>\n\n\n\n<h4 class=\"wp-block-heading\"><strong>\u041f\u043e\u044f\u0441\u043d\u0435\u043d\u043d\u044f \u00a0<\/strong><\/h4>\n\n\n\n<p>\u00abSophiens\u00e4le\u00bb \u2013 \u0446\u0435 \u0442\u0435\u0430\u0442\u0440 \u0432\u0456\u043b\u044c\u043d\u0438\u0445 \u043e\u0431\u0440\u0430\u0437\u043e\u0442\u0432\u043e\u0440\u0447\u0438\u0445 \u043c\u0438\u0441\u0442\u0435\u0446\u0442\u0432. \u041d\u0430 \u0441\u0446\u0435\u043d\u0456 \u0432\u0438\u043a\u043e\u043d\u0443\u044e\u0442\u044c\u0441\u044f \u0442\u0430\u043d\u0446\u0456, \u043f\u0435\u0440\u0444\u043e\u0440\u043c\u0430\u043d\u0441\u0438, \u0440\u043e\u0437\u043c\u043e\u0432\u043d\u0438\u0439 \u0442\u0435\u0430\u0442\u0440 \u0456 \u043c\u0443\u0437\u0438\u0447\u043d\u0438\u0439 \u0442\u0435\u0430\u0442\u0440. \u00a0<\/p>\n\n\n\n<div class=\"wp-block-columns is-style-default is-layout-flex wp-container-core-columns-is-layout-9d6595d7 wp-block-columns-is-layout-flex\">\n<div class=\"wp-block-column is-layout-flow wp-block-column-is-layout-flow\">\n<h4 class=\"wp-block-heading\"><strong>\u0411\u0435\u0437\u0431\u0430\u0440&#8217;\u0454\u0440\u043d\u0456\u0441\u0442\u044c \u00a0<\/strong><\/h4>\n\n\n\n<figure class=\"wp-block-table\"><table class=\"has-white-background-color has-background\"><tbody><tr><td><img decoding=\"async\" class=\"wp-image-2991\" style=\"width: 150px\" src=\"https:\/\/behinderung-und-flucht.isl-ev.de\/wp-content\/uploads\/2023\/02\/WKU-Icons_Sensible-Umgebung.svg\" alt=\"Sensible Umgebung Die Umgebung ist durch sensibilisiertes Personal diskriminierungsfrei gestaltet.\"><\/td><td>\u0441\u0435\u043d\u0441\u0438\u0431\u0456\u043b\u0456\u0437\u043e\u0432\u0430\u043d\u0438\u0439 \u043f\u0435\u0440\u0441\u043e\u043d\u0430\u043b \u00a0<\/td><\/tr><tr><td><img decoding=\"async\" class=\"wp-image-2943\" style=\"width: NaNpx\" src=\"https:\/\/behinderung-und-flucht.isl-ev.de\/wp-content\/uploads\/2023\/02\/WKU-Icons_Begleitperson-frei.svg\" alt=\"Begleitperson frei lnhaber*innen eines Schwerbehindertenausweises k\u00f6nnen eine Begleitperson kostenfrei mitbringen.\"><\/td><td>\u0441\u0443\u043f\u0440\u043e\u0432\u043e\u0434\u0436\u0443\u044e\u0447\u0430 \u043e\u0441\u043e\u0431\u0430 \u0431\u0435\u0437\u043a\u043e\u0448\u0442\u043e\u0432\u043d\u043e \u00a0<\/td><\/tr><tr><td><img decoding=\"async\" class=\"wp-image-2999\" style=\"width: NaNpx\" src=\"https:\/\/behinderung-und-flucht.isl-ev.de\/wp-content\/uploads\/2023\/02\/WKU-Icons_Zugaenglich-mit-Rollstuhl.svg\" alt=\"Zug\u00e4nglich mit Rollstuhl Den Gast erwarten keine Treppen, ggfs. ist eine Rampe vorhanden.\"><\/td><td>\u0434\u043e\u0441\u0442\u0443\u043f\u043d\u043e \u0437 \u0456\u043d\u0432\u0430\u043b\u0456\u0434\u043d\u0438\u043c \u0432\u0456\u0437\u043a\u043e\u043c \u00a0<\/td><\/tr><tr><td><img decoding=\"async\" class=\"wp-image-2903\" style=\"width: NaNpx\" src=\"https:\/\/behinderung-und-flucht.isl-ev.de\/wp-content\/uploads\/2023\/02\/WKU-Icons_Angebote-fuer-Blinde.svg\" alt=\"Angebote f\u00fcr Blinde Es gibt einen Begleit- und Unterst\u00fctzungsservice f\u00fcr blinde G\u00e4ste.\"><\/td><td>\u043f\u0440\u043e\u043f\u043e\u0437\u0438\u0446\u0456\u044f \u0434\u043b\u044f \u043d\u0435\u0437\u0440\u044f\u0447\u0438\u0445 \u0432\u0456\u0434\u0432\u0456\u0434\u0443\u0432\u0430\u0447\u0456\u0432 \u00a0<\/td><\/tr><tr><td><img decoding=\"async\" class=\"wp-image-2931\" style=\"width: NaNpx\" src=\"https:\/\/behinderung-und-flucht.isl-ev.de\/wp-content\/uploads\/2023\/02\/WKU-Icons_Barrierefreie-Toilette.svg\" alt=\"Barrierefreie Toilette Die Toilette ist barrierefrei zug\u00e4nglich und rollstuhlgerecht eingerichtet\"><\/td><td>\u0431\u0435\u0437\u0431\u0430\u0440&#8217;\u0454\u0440\u043d\u0438\u0439 \u0442\u0443\u0430\u043b\u0435\u0442 \u00a0<\/td><\/tr><tr><td><img decoding=\"async\" class=\"wp-image-2907\" style=\"width: NaNpx\" src=\"https:\/\/behinderung-und-flucht.isl-ev.de\/wp-content\/uploads\/2023\/02\/WKU-Icons_Angebote-in-Gebaerdensprache.svg\" alt=\"Dolmetschung in Geb\u00e4rdensprache Die Veranstaltung wird von Geb\u00e4rdensprachdolmetschenden begleitet.\"><\/td><td>\u043f\u0435\u0440\u0435\u043a\u043b\u0430\u0434 \u0436\u0435\u0441\u0442\u043e\u0432\u043e\u044e \u043c\u043e\u0432\u043e\u044e \u00a0<\/td><\/tr><tr><td><img decoding=\"async\" class=\"wp-image-2963\" style=\"width: NaNpx\" src=\"https:\/\/behinderung-und-flucht.isl-ev.de\/wp-content\/uploads\/2023\/02\/WKU-Icons_Gebaerdensprache.svg\" alt=\"Programm in Geb\u00e4rdensprache K\u00fcnstlerischer Beitrag von Tauben Performer*innen (Deaf Performance).\"><\/td><td>\u043f\u0440\u043e\u0433\u0440\u0430\u043c\u0430 \u043c\u043e\u0432\u043e\u044e \u0436\u0435\u0441\u0442\u0456\u0432 \u00a0<\/td><\/tr><tr><td><img decoding=\"async\" class=\"wp-image-2915\" style=\"width: NaNpx\" src=\"https:\/\/behinderung-und-flucht.isl-ev.de\/wp-content\/uploads\/2023\/02\/WKU-Icons_Audiodeskription.svg\" alt=\"Audiodeskription F\u00fcr visuelle Beitr\u00e4ge ist eine akustische Bildbeschreibung verf\u00fcgbar.\"><\/td><td>\u0442\u0438\u0444\u043b\u043e\u043a\u043e\u043c\u0435\u043d\u0442\u0443\u0432\u0430\u043d\u043d\u044f \u00a0<\/td><\/tr><\/tbody><\/table><\/figure>\n\n\n\n<p><strong>\u0414\u043e\u0434\u0430\u0442\u043a\u043e\u0432\u0430 \u0456\u043d\u0444\u043e\u0440\u043c\u0430\u0446\u0456\u044f \u043f\u0440\u043e \u0434\u043e\u0441\u0442\u0443\u043f\u043d\u0456\u0441\u0442\u044c \u00a0<\/strong><\/p>\n\n\n\n<ul class=\"wp-block-list\">\n<li>\u0430\u043a\u0442\u0443\u0430\u043b\u044c\u043d\u0430 \u0456\u043d\u0444\u043e\u0440\u043c\u0430\u0446\u0456\u044f \u043f\u0440\u043e \u0434\u043e\u0441\u0442\u0443\u043f\u043d\u0456\u0441\u0442\u044c: \u00a0<\/li>\n\n\n\n<li><a href=\"https:\/\/sophiensaele.com\/de\/service\/barrierefreiheit\">https:\/\/sophiensaele.com\/de\/service\/barrierefreiheit<\/a><\/li>\n\n\n\n<li>\u0432\u0456\u0434\u0432\u0456\u0434\u0443\u0432\u0430\u0447\u0430\u043c \u0437 \u0456\u043d\u0432\u0430\u043b\u0456\u0434\u043d\u0456\u0441\u0442\u044e \u043d\u0430\u0434\u0430\u0454\u0442\u044c\u0441\u044f \u043f\u0456\u043b\u044c\u0433\u043e\u0432\u0438\u0439 \u0432\u0445\u0456\u0434 \u00a0<\/li>\n\n\n\n<li>\u0440\u0435\u0433\u0443\u043b\u044f\u0440\u043d\u043e \u0432\u0456\u0434\u0431\u0443\u0432\u0430\u044e\u0442\u044c\u0441\u044f \u0432\u0438\u0441\u0442\u0430\u0432\u0438 \u0437 <strong>\u0442\u0438\u0444\u043b\u043e\u043a\u043e\u043c\u0435\u043d\u0442\u0443\u0432\u0430\u043d\u043d\u044f\u043c<\/strong>. \u041f\u0435\u0440\u0435\u0434 \u043f\u043e\u0447\u0430\u0442\u043a\u043e\u043c \u0446\u0438\u0445 \u0432\u0438\u0441\u0442\u0430\u0432 \u043f\u0440\u043e\u043f\u043e\u043d\u0443\u044e\u0442\u044c\u0441\u044f <strong>\u0441\u0435\u043d\u0441\u043e\u0440\u043d\u0456 \u0435\u043a\u0441\u043a\u0443\u0440\u0441\u0456\u0457<\/strong>. \u0423 \u0440\u0430\u0437\u0456 \u043f\u043e\u0442\u0440\u0435\u0431\u0438 \u043d\u0435\u0437\u0440\u044f\u0447\u0438\u0445 \u0442\u0430 \u0441\u043b\u0430\u0431\u043e\u0437\u043e\u0440\u0438\u0445 \u0432\u0456\u0434\u0432\u0456\u0434\u0443\u0432\u0430\u0447\u0456\u0432 \u043c\u043e\u0436\u0443\u0442\u044c \u0437\u0430\u0431\u0440\u0430\u0442\u0438 \u0437 \u043d\u0430\u0439\u0431\u043b\u0438\u0436\u0447\u0438\u0445 \u0441\u0442\u0430\u043d\u0446\u0456\u0439 \u0448\u0432\u0438\u0434\u043a\u0456\u0441\u043d\u043e\u0457 \u0437\u0430\u043b\u0456\u0437\u043d\u0438\u0446\u0456, \u043c\u0435\u0442\u0440\u043e \u0442\u0430 \u0442\u0440\u0430\u043c\u0432\u0430\u0439\u043d\u0438\u0445 \u0437\u0443\u043f\u0438\u043d\u043e\u043a \u043f\u0435\u0440\u0435\u0434 \u043f\u043e\u0447\u0430\u0442\u043a\u043e\u043c \u0435\u043a\u0441\u043a\u0443\u0440\u0441\u0456\u0457. <strong>\u041f\u043e\u0441\u043b\u0443\u0433\u0443 \u0442\u0440\u0430\u043d\u0441\u0444\u0435\u0440\u0443<\/strong> \u043d\u0435\u043e\u0431\u0445\u0456\u0434\u043d\u043e \u0437\u0430\u043c\u043e\u0432\u043b\u044f\u0442\u0438 \u0437\u0430\u0437\u0434\u0430\u043b\u0435\u0433\u0456\u0434\u044c. \u0411\u0456\u043b\u044c\u0448 \u0434\u0435\u0442\u0430\u043b\u044c\u043d\u0443 \u0456\u043d\u0444\u043e\u0440\u043c\u0430\u0446\u0456\u044e \u043c\u043e\u0436\u043d\u0430 \u0437\u043d\u0430\u0439\u0442\u0438 \u043d\u0430 \u0441\u0430\u0439\u0442\u0456. \u00a0<\/li>\n\n\n\n<li>\u0440\u0435\u0433\u0443\u043b\u044f\u0440\u043d\u043e \u043f\u0440\u043e\u0432\u043e\u0434\u044f\u0442\u044c\u0441\u044f \u0432\u0438\u0441\u0442\u0430\u0432\u0438 <strong>\u043d\u0456\u043c\u0435\u0446\u044c\u043a\u043e\u044e \u0436\u0435\u0441\u0442\u043e\u0432\u043e\u044e \u043c\u043e\u0432\u043e\u044e<\/strong>, \u0437 \u043d\u0456\u043c\u0435\u0446\u044c\u043a\u043e\u044e \u0436\u0435\u0441\u0442\u043e\u0432\u043e\u044e \u043c\u043e\u0432\u043e\u044e \u0430\u0431\u043e \u0437 \u043f\u0435\u0440\u0435\u043a\u043b\u0430\u0434\u043e\u043c \u043d\u0430 \u043d\u0456\u043c\u0435\u0446\u044c\u043a\u0443 \u0436\u0435\u0441\u0442\u043e\u0432\u0443 \u043c\u043e\u0432\u0443. \u0411\u0456\u043b\u044c\u0448 \u0434\u0435\u0442\u0430\u043b\u044c\u043d\u0443 \u0456\u043d\u0444\u043e\u0440\u043c\u0430\u0446\u0456\u044e \u043c\u043e\u0436\u043d\u0430 \u0437\u043d\u0430\u0439\u0442\u0438 \u043d\u0430 \u0432\u0435\u0431-\u0441\u0430\u0439\u0442\u0456. \u00a0<\/li>\n<\/ul>\n<\/div>\n\n\n\n<div class=\"wp-block-column is-layout-flow wp-block-column-is-layout-flow\">\n<h4 class=\"wp-block-heading\"><strong>\u041a\u043e\u043d\u0442\u0430\u043a\u0442\u043d\u0456 \u0434\u0430\u043d\u0456 \u00a0<\/strong><\/h4>\n\n\n\n<p>\u0421\u043e\u0444\u0456\u0454\u043d\u0448\u0442\u0440\u0430\u0441\u0441\u0435 18 &nbsp;<\/p>\n\n\n\n<p>10178 \u0411\u0435\u0440\u043b\u0456\u043d &nbsp;<\/p>\n\n\n\n<p>\u0422\u0435\u043b\u0435\u0444\u043e\u043d: 00 49 30 27 89 00 35 (\u043f\u0438\u0442\u0430\u043d\u043d\u044f \u0449\u043e\u0434\u043e \u0431\u0435\u0437\u0431\u0430\u0440&#8217;\u0454\u0440\u043d\u043e\u0441\u0442\u0456) &nbsp;<\/p>\n\n\n\n<p>\u0422\u0435\u043b\u0435\u0444\u043e\u043d: 00 49 30 283 52 66 (\u0431\u0440\u043e\u043d\u044e\u0432\u0430\u043d\u043d\u044f \u043a\u0432\u0438\u0442\u043a\u0456\u0432) &nbsp;<\/p>\n\n\n\n<p>\u0415\u043b\u0435\u043a\u0442\u0440\u043e\u043d\u043d\u0430 \u043f\u043e\u0448\u0442\u0430: <a href=\"mailto:barrierefreiheit@sophiensaele.com\">barrierefreiheit@sophiensaele.com<\/a> &nbsp;<\/p>\n\n\n\n<p>\u0412\u0435\u0431-\u0441\u0430\u0439\u0442: <a href=\"https:\/\/sophiensaele.com\/de\">https:\/\/sophiensaele.com\/de<\/a><\/p>\n\n\n\n<h4 class=\"wp-block-heading\"><strong>\u0413\u043e\u0434\u0438\u043d\u0438 \u0440\u043e\u0431\u043e\u0442\u0438 \u00a0<\/strong><\/h4>\n\n\n\n<p>\u0412\u0435\u0447\u0456\u0440\u043d\u044f \u043a\u0430\u0441\u0430 \u0432\u0456\u0434\u043a\u0440\u0438\u0432\u0430\u0454\u0442\u044c\u0441\u044f \u0437\u0430 2 \u0433\u043e\u0434\u0438\u043d\u0438 \u0434\u043e \u043f\u043e\u0447\u0430\u0442\u043a\u0443 \u0432\u0438\u0441\u0442\u0430\u0432\u0438 \u00a0<\/p>\n\n\n\n<h4 class=\"wp-block-heading\"><strong>\u0414\u043e\u0441\u0442\u0443\u043f\u043d\u0456\u0441\u0442\u044c \u0433\u0440\u043e\u043c\u0430\u0434\u0441\u044c\u043a\u0438\u043c \u0442\u0440\u0430\u043d\u0441\u043f\u043e\u0440\u0442\u043e\u043c \u00a0<\/strong><\/h4>\n\n\n\n<p>\u0417\u0443\u043f\u0438\u043d\u043a\u0430: \u0412\u0430\u0439\u043d\u043c\u0430\u0439\u0441\u0442\u0435\u0440\u0448\u0442\u0440\u0430\u0441\u0441\u0435 (Weinmeisterstra\u00dfe) &nbsp;<\/p>\n\n\n\n<p>\u041c\u0435\u0442\u0440\u043e: U8 (\u043d\u0435 \u0434\u043e\u0441\u0442\u0443\u043f\u043d\u0435 \u0434\u043b\u044f \u043b\u044e\u0434\u0435\u0439 \u0437 \u043e\u0431\u043c\u0435\u0436\u0435\u043d\u0438\u043c\u0438 \u043c\u043e\u0436\u043b\u0438\u0432\u043e\u0441\u0442\u044f\u043c\u0438 \u043f\u0435\u0440\u0435\u0441\u0443\u0432\u0430\u043d\u043d\u044f) &nbsp;<\/p>\n\n\n\n<p>\u0422\u0440\u0430\u043c\u0432\u0430\u0439: M2 &nbsp;<\/p>\n\n\n\n<p>\u0410\u0432\u0442\u043e\u0431\u0443\u0441: N42 &nbsp;<\/p>\n\n\n\n<p>\u0417\u0443\u043f\u0438\u043d\u043a\u0430: \u0413\u0430\u043a\u043a\u0435\u0448\u0435\u0440 \u041c\u0430\u0440\u043a\u0442 (Hackescher Markt) &nbsp;<\/p>\n\n\n\n<p>S-Bahn: S3, S5, S7, S9 &nbsp;<\/p>\n\n\n\n<p>\u0422\u0440\u0430\u043c\u0432\u0430\u0439: 12, M1, M2, M4, M5, M6, M8, M10 &nbsp;<\/p>\n\n\n\n<p>\u0410\u0432\u0442\u043e\u0431\u0443\u0441: M1, N42 &nbsp;<\/p>\n\n\n\n<h4 class=\"wp-block-heading\"><strong>\u0417\u043d\u0438\u0436\u043a\u0430 \u0437 Berlin-Ticket S \u00a0<\/strong><\/h4>\n\n\n\n<p>\u0412\u043b\u0430\u0441\u043d\u0438\u043a\u0438 Berlin-Ticket S \u043e\u0442\u0440\u0438\u043c\u0443\u044e\u0442\u044c \u043f\u0456\u043b\u044c\u0433\u043e\u0432\u0438\u0439 \u0432\u0445\u0456\u0434\u00a0<\/p>\n\n\n\n<h4 class=\"wp-block-heading\"><strong>\u041f\u0440\u043e\u043f\u043e\u0437\u0438\u0446\u0456\u044f \u0434\u043b\u044f \u0431\u0456\u0436\u0435\u043d\u0446\u0456\u0432 \u00a0<\/strong><\/h4>\n\n\n\n<p>\u041d\u0435\u043c\u0430\u0454 \u00a0<\/p>\n\n\n\n<h4 class=\"wp-block-heading\"><strong>\u0412\u0445\u0456\u0434 \u00a0<\/strong><\/h4>\n\n\n\n<p>\u041f\u043e-\u0440\u0456\u0437\u043d\u043e\u043c\u0443, \u0432 \u0437\u0430\u043b\u0435\u0436\u043d\u043e\u0441\u0442\u0456 \u0432\u0456\u0434 \u0437\u0430\u0445\u043e\u0434\u0443 \u00a0<\/p>\n<\/div>\n<\/div>\n<\/div><\/details>\n<\/div>\n\n\n\n<div class=\"wp-block-buttons is-horizontal is-content-justification-left is-layout-flex wp-container-core-buttons-is-layout-7e5fce0a wp-block-buttons-is-layout-flex\">\n<div class=\"wp-block-button has-custom-font-size has-small-font-size\"><a class=\"wp-block-button__link has-background wp-element-button\" href=\"https:\/\/behinderung-und-flucht.isl-ev.de\/kulturguide\/berlin\/\" style=\"border-radius:55px;background-color:#91025b;padding-top:var(--wp--preset--spacing--20);padding-right:var(--wp--preset--spacing--20);padding-bottom:var(--wp--preset--spacing--20);padding-left:var(--wp--preset--spacing--20)\">\u041f\u043e\u0432\u0435\u0440\u043d\u0443\u0442\u0438\u0441\u044f \u0434\u043e \u043e\u0433\u043b\u044f\u0434\u0443<\/a><\/div>\n<\/div>\n","protected":false},"excerpt":{"rendered":"","protected":false},"author":1,"featured_media":0,"parent":5216,"menu_order":6,"comment_status":"closed","ping_status":"closed","template":"","meta":{"ub_ctt_via":"","inline_featured_image":false,"_themeisle_gutenberg_block_has_review":false,"_mc_calendar":[],"footnotes":""},"categories":[],"tags":[],"class_list":["post-5052","page","type-page","status-publish","hentry","entry"],"featured_image_src":null,"yoast_head":"<!-- This site is optimized with the Yoast SEO plugin v21.4 - https:\/\/yoast.com\/wordpress\/plugins\/seo\/ -->\n<title>\u0422\u0435\u0430\u0442\u0440 - Infoseite der Interessenvertretung Selbstbestimmt Leben in Deutschland e.V.<\/title>\n<meta name=\"robots\" content=\"index, follow, max-snippet:-1, max-image-preview:large, max-video-preview:-1\" \/>\n<link rel=\"canonical\" href=\"https:\/\/behinderung-und-flucht.isl-ev.de\/uk\/%d0%bf%d1%83%d1%82%d1%96%d0%b2%d0%bd%d0%b8%d0%ba-%d0%bf%d0%be-%d0%ba%d1%83%d0%bb%d1%8c%d1%82%d1%83%d1%80%d1%96\/%d0%b1%d0%b5%d1%80%d0%bb%d1%96%d0%bd%d1%96\/%d1%82%d0%b5%d0%b0%d1%82%d1%80\/\" \/>\n<meta property=\"og:locale\" content=\"uk_UA\" \/>\n<meta property=\"og:type\" content=\"article\" \/>\n<meta property=\"og:title\" content=\"\u0422\u0435\u0430\u0442\u0440 - Infoseite der Interessenvertretung Selbstbestimmt Leben in Deutschland e.V.\" \/>\n<meta property=\"og:url\" content=\"https:\/\/behinderung-und-flucht.isl-ev.de\/uk\/%d0%bf%d1%83%d1%82%d1%96%d0%b2%d0%bd%d0%b8%d0%ba-%d0%bf%d0%be-%d0%ba%d1%83%d0%bb%d1%8c%d1%82%d1%83%d1%80%d1%96\/%d0%b1%d0%b5%d1%80%d0%bb%d1%96%d0%bd%d1%96\/%d1%82%d0%b5%d0%b0%d1%82%d1%80\/\" \/>\n<meta property=\"og:site_name\" content=\"Infoseite der Interessenvertretung Selbstbestimmt Leben in Deutschland e.V.\" \/>\n<meta property=\"article:modified_time\" content=\"2024-03-01T19:22:52+00:00\" \/>\n<meta property=\"og:image\" content=\"https:\/\/behinderung-und-flucht.isl-ev.de\/wp-content\/uploads\/2023\/02\/WKU-Icons_Zugaenglich-mit-Rollstuhl.svg\" \/>\n<meta name=\"twitter:card\" content=\"summary_large_image\" \/>\n<meta name=\"twitter:label1\" content=\"\u041f\u0440\u0438\u0431\u043b. \u0447\u0430\u0441 \u0447\u0438\u0442\u0430\u043d\u043d\u044f\" \/>\n\t<meta name=\"twitter:data1\" content=\"17 \u0445\u0432\u0438\u043b\u0438\u043d\" \/>\n<script type=\"application\/ld+json\" class=\"yoast-schema-graph\">{\"@context\":\"https:\/\/schema.org\",\"@graph\":[{\"@type\":\"WebPage\",\"@id\":\"https:\/\/behinderung-und-flucht.isl-ev.de\/uk\/%d0%bf%d1%83%d1%82%d1%96%d0%b2%d0%bd%d0%b8%d0%ba-%d0%bf%d0%be-%d0%ba%d1%83%d0%bb%d1%8c%d1%82%d1%83%d1%80%d1%96\/%d0%b1%d0%b5%d1%80%d0%bb%d1%96%d0%bd%d1%96\/%d1%82%d0%b5%d0%b0%d1%82%d1%80\/\",\"url\":\"https:\/\/behinderung-und-flucht.isl-ev.de\/uk\/%d0%bf%d1%83%d1%82%d1%96%d0%b2%d0%bd%d0%b8%d0%ba-%d0%bf%d0%be-%d0%ba%d1%83%d0%bb%d1%8c%d1%82%d1%83%d1%80%d1%96\/%d0%b1%d0%b5%d1%80%d0%bb%d1%96%d0%bd%d1%96\/%d1%82%d0%b5%d0%b0%d1%82%d1%80\/\",\"name\":\"\u0422\u0435\u0430\u0442\u0440 - Infoseite der Interessenvertretung Selbstbestimmt Leben in Deutschland e.V.\",\"isPartOf\":{\"@id\":\"https:\/\/behinderung-und-flucht.isl-ev.de\/uk\/#website\"},\"datePublished\":\"2023-10-30T19:18:00+00:00\",\"dateModified\":\"2024-03-01T19:22:52+00:00\",\"breadcrumb\":{\"@id\":\"https:\/\/behinderung-und-flucht.isl-ev.de\/uk\/%d0%bf%d1%83%d1%82%d1%96%d0%b2%d0%bd%d0%b8%d0%ba-%d0%bf%d0%be-%d0%ba%d1%83%d0%bb%d1%8c%d1%82%d1%83%d1%80%d1%96\/%d0%b1%d0%b5%d1%80%d0%bb%d1%96%d0%bd%d1%96\/%d1%82%d0%b5%d0%b0%d1%82%d1%80\/#breadcrumb\"},\"inLanguage\":\"uk\",\"potentialAction\":[{\"@type\":\"ReadAction\",\"target\":[\"https:\/\/behinderung-und-flucht.isl-ev.de\/uk\/%d0%bf%d1%83%d1%82%d1%96%d0%b2%d0%bd%d0%b8%d0%ba-%d0%bf%d0%be-%d0%ba%d1%83%d0%bb%d1%8c%d1%82%d1%83%d1%80%d1%96\/%d0%b1%d0%b5%d1%80%d0%bb%d1%96%d0%bd%d1%96\/%d1%82%d0%b5%d0%b0%d1%82%d1%80\/\"]}]},{\"@type\":\"BreadcrumbList\",\"@id\":\"https:\/\/behinderung-und-flucht.isl-ev.de\/uk\/%d0%bf%d1%83%d1%82%d1%96%d0%b2%d0%bd%d0%b8%d0%ba-%d0%bf%d0%be-%d0%ba%d1%83%d0%bb%d1%8c%d1%82%d1%83%d1%80%d1%96\/%d0%b1%d0%b5%d1%80%d0%bb%d1%96%d0%bd%d1%96\/%d1%82%d0%b5%d0%b0%d1%82%d1%80\/#breadcrumb\",\"itemListElement\":[{\"@type\":\"ListItem\",\"position\":1,\"name\":\"Startseite\",\"item\":\"https:\/\/behinderung-und-flucht.isl-ev.de\/uk\/\"},{\"@type\":\"ListItem\",\"position\":2,\"name\":\"\u0422\u0435\u0430\u0442\u0440\"}]},{\"@type\":\"WebSite\",\"@id\":\"https:\/\/behinderung-und-flucht.isl-ev.de\/uk\/#website\",\"url\":\"https:\/\/behinderung-und-flucht.isl-ev.de\/uk\/\",\"name\":\"Infoseite f\u00fcr gefl\u00fcchtete Menschen mit Behinderungen oder chronischen Erkrankungen\",\"description\":\"Informationen f\u00fcr gefl\u00fcchtete Menschen mit Behinderungen oder chronischen Erkrankungen\",\"publisher\":{\"@id\":\"https:\/\/behinderung-und-flucht.isl-ev.de\/uk\/#organization\"},\"alternateName\":\"Infoseite f\u00fcr gefl\u00fcchtete Menschen mit Behinderungen\",\"potentialAction\":[{\"@type\":\"SearchAction\",\"target\":{\"@type\":\"EntryPoint\",\"urlTemplate\":\"https:\/\/behinderung-und-flucht.isl-ev.de\/uk\/?s={search_term_string}\"},\"query-input\":\"required name=search_term_string\"}],\"inLanguage\":\"uk\"},{\"@type\":\"Organization\",\"@id\":\"https:\/\/behinderung-und-flucht.isl-ev.de\/uk\/#organization\",\"name\":\"Infoseite der Interessenvertretung Selbstbestimmt Leben in Deutschland e.V.\",\"url\":\"https:\/\/behinderung-und-flucht.isl-ev.de\/uk\/\",\"logo\":{\"@type\":\"ImageObject\",\"inLanguage\":\"uk\",\"@id\":\"https:\/\/behinderung-und-flucht.isl-ev.de\/uk\/#\/schema\/logo\/image\/\",\"url\":\"https:\/\/behinderung-und-flucht.isl-ev.de\/wp-content\/uploads\/2022\/09\/logo-infoseite-04.svg\",\"contentUrl\":\"https:\/\/behinderung-und-flucht.isl-ev.de\/wp-content\/uploads\/2022\/09\/logo-infoseite-04.svg\",\"caption\":\"Infoseite der Interessenvertretung Selbstbestimmt Leben in Deutschland e.V.\"},\"image\":{\"@id\":\"https:\/\/behinderung-und-flucht.isl-ev.de\/uk\/#\/schema\/logo\/image\/\"}}]}<\/script>\n<!-- \/ Yoast SEO plugin. -->","yoast_head_json":{"title":"\u0422\u0435\u0430\u0442\u0440 - Infoseite der Interessenvertretung Selbstbestimmt Leben in Deutschland e.V.","robots":{"index":"index","follow":"follow","max-snippet":"max-snippet:-1","max-image-preview":"max-image-preview:large","max-video-preview":"max-video-preview:-1"},"canonical":"https:\/\/behinderung-und-flucht.isl-ev.de\/uk\/%d0%bf%d1%83%d1%82%d1%96%d0%b2%d0%bd%d0%b8%d0%ba-%d0%bf%d0%be-%d0%ba%d1%83%d0%bb%d1%8c%d1%82%d1%83%d1%80%d1%96\/%d0%b1%d0%b5%d1%80%d0%bb%d1%96%d0%bd%d1%96\/%d1%82%d0%b5%d0%b0%d1%82%d1%80\/","og_locale":"uk_UA","og_type":"article","og_title":"\u0422\u0435\u0430\u0442\u0440 - Infoseite der Interessenvertretung Selbstbestimmt Leben in Deutschland e.V.","og_url":"https:\/\/behinderung-und-flucht.isl-ev.de\/uk\/%d0%bf%d1%83%d1%82%d1%96%d0%b2%d0%bd%d0%b8%d0%ba-%d0%bf%d0%be-%d0%ba%d1%83%d0%bb%d1%8c%d1%82%d1%83%d1%80%d1%96\/%d0%b1%d0%b5%d1%80%d0%bb%d1%96%d0%bd%d1%96\/%d1%82%d0%b5%d0%b0%d1%82%d1%80\/","og_site_name":"Infoseite der Interessenvertretung Selbstbestimmt Leben in Deutschland e.V.","article_modified_time":"2024-03-01T19:22:52+00:00","og_image":[{"url":"https:\/\/behinderung-und-flucht.isl-ev.de\/wp-content\/uploads\/2023\/02\/WKU-Icons_Zugaenglich-mit-Rollstuhl.svg"}],"twitter_card":"summary_large_image","twitter_misc":{"\u041f\u0440\u0438\u0431\u043b. \u0447\u0430\u0441 \u0447\u0438\u0442\u0430\u043d\u043d\u044f":"17 \u0445\u0432\u0438\u043b\u0438\u043d"},"schema":{"@context":"https:\/\/schema.org","@graph":[{"@type":"WebPage","@id":"https:\/\/behinderung-und-flucht.isl-ev.de\/uk\/%d0%bf%d1%83%d1%82%d1%96%d0%b2%d0%bd%d0%b8%d0%ba-%d0%bf%d0%be-%d0%ba%d1%83%d0%bb%d1%8c%d1%82%d1%83%d1%80%d1%96\/%d0%b1%d0%b5%d1%80%d0%bb%d1%96%d0%bd%d1%96\/%d1%82%d0%b5%d0%b0%d1%82%d1%80\/","url":"https:\/\/behinderung-und-flucht.isl-ev.de\/uk\/%d0%bf%d1%83%d1%82%d1%96%d0%b2%d0%bd%d0%b8%d0%ba-%d0%bf%d0%be-%d0%ba%d1%83%d0%bb%d1%8c%d1%82%d1%83%d1%80%d1%96\/%d0%b1%d0%b5%d1%80%d0%bb%d1%96%d0%bd%d1%96\/%d1%82%d0%b5%d0%b0%d1%82%d1%80\/","name":"\u0422\u0435\u0430\u0442\u0440 - Infoseite der Interessenvertretung Selbstbestimmt Leben in Deutschland e.V.","isPartOf":{"@id":"https:\/\/behinderung-und-flucht.isl-ev.de\/uk\/#website"},"datePublished":"2023-10-30T19:18:00+00:00","dateModified":"2024-03-01T19:22:52+00:00","breadcrumb":{"@id":"https:\/\/behinderung-und-flucht.isl-ev.de\/uk\/%d0%bf%d1%83%d1%82%d1%96%d0%b2%d0%bd%d0%b8%d0%ba-%d0%bf%d0%be-%d0%ba%d1%83%d0%bb%d1%8c%d1%82%d1%83%d1%80%d1%96\/%d0%b1%d0%b5%d1%80%d0%bb%d1%96%d0%bd%d1%96\/%d1%82%d0%b5%d0%b0%d1%82%d1%80\/#breadcrumb"},"inLanguage":"uk","potentialAction":[{"@type":"ReadAction","target":["https:\/\/behinderung-und-flucht.isl-ev.de\/uk\/%d0%bf%d1%83%d1%82%d1%96%d0%b2%d0%bd%d0%b8%d0%ba-%d0%bf%d0%be-%d0%ba%d1%83%d0%bb%d1%8c%d1%82%d1%83%d1%80%d1%96\/%d0%b1%d0%b5%d1%80%d0%bb%d1%96%d0%bd%d1%96\/%d1%82%d0%b5%d0%b0%d1%82%d1%80\/"]}]},{"@type":"BreadcrumbList","@id":"https:\/\/behinderung-und-flucht.isl-ev.de\/uk\/%d0%bf%d1%83%d1%82%d1%96%d0%b2%d0%bd%d0%b8%d0%ba-%d0%bf%d0%be-%d0%ba%d1%83%d0%bb%d1%8c%d1%82%d1%83%d1%80%d1%96\/%d0%b1%d0%b5%d1%80%d0%bb%d1%96%d0%bd%d1%96\/%d1%82%d0%b5%d0%b0%d1%82%d1%80\/#breadcrumb","itemListElement":[{"@type":"ListItem","position":1,"name":"Startseite","item":"https:\/\/behinderung-und-flucht.isl-ev.de\/uk\/"},{"@type":"ListItem","position":2,"name":"\u0422\u0435\u0430\u0442\u0440"}]},{"@type":"WebSite","@id":"https:\/\/behinderung-und-flucht.isl-ev.de\/uk\/#website","url":"https:\/\/behinderung-und-flucht.isl-ev.de\/uk\/","name":"Infoseite f\u00fcr gefl\u00fcchtete Menschen mit Behinderungen oder chronischen Erkrankungen","description":"Informationen f\u00fcr gefl\u00fcchtete Menschen mit Behinderungen oder chronischen Erkrankungen","publisher":{"@id":"https:\/\/behinderung-und-flucht.isl-ev.de\/uk\/#organization"},"alternateName":"Infoseite f\u00fcr gefl\u00fcchtete Menschen mit Behinderungen","potentialAction":[{"@type":"SearchAction","target":{"@type":"EntryPoint","urlTemplate":"https:\/\/behinderung-und-flucht.isl-ev.de\/uk\/?s={search_term_string}"},"query-input":"required name=search_term_string"}],"inLanguage":"uk"},{"@type":"Organization","@id":"https:\/\/behinderung-und-flucht.isl-ev.de\/uk\/#organization","name":"Infoseite der Interessenvertretung Selbstbestimmt Leben in Deutschland e.V.","url":"https:\/\/behinderung-und-flucht.isl-ev.de\/uk\/","logo":{"@type":"ImageObject","inLanguage":"uk","@id":"https:\/\/behinderung-und-flucht.isl-ev.de\/uk\/#\/schema\/logo\/image\/","url":"https:\/\/behinderung-und-flucht.isl-ev.de\/wp-content\/uploads\/2022\/09\/logo-infoseite-04.svg","contentUrl":"https:\/\/behinderung-und-flucht.isl-ev.de\/wp-content\/uploads\/2022\/09\/logo-infoseite-04.svg","caption":"Infoseite der Interessenvertretung Selbstbestimmt Leben in Deutschland e.V."},"image":{"@id":"https:\/\/behinderung-und-flucht.isl-ev.de\/uk\/#\/schema\/logo\/image\/"}}]}},"_links":{"self":[{"href":"https:\/\/behinderung-und-flucht.isl-ev.de\/uk\/wp-json\/wp\/v2\/pages\/5052","targetHints":{"allow":["GET"]}}],"collection":[{"href":"https:\/\/behinderung-und-flucht.isl-ev.de\/uk\/wp-json\/wp\/v2\/pages"}],"about":[{"href":"https:\/\/behinderung-und-flucht.isl-ev.de\/uk\/wp-json\/wp\/v2\/types\/page"}],"author":[{"embeddable":true,"href":"https:\/\/behinderung-und-flucht.isl-ev.de\/uk\/wp-json\/wp\/v2\/users\/1"}],"replies":[{"embeddable":true,"href":"https:\/\/behinderung-und-flucht.isl-ev.de\/uk\/wp-json\/wp\/v2\/comments?post=5052"}],"version-history":[{"count":8,"href":"https:\/\/behinderung-und-flucht.isl-ev.de\/uk\/wp-json\/wp\/v2\/pages\/5052\/revisions"}],"predecessor-version":[{"id":5064,"href":"https:\/\/behinderung-und-flucht.isl-ev.de\/uk\/wp-json\/wp\/v2\/pages\/5052\/revisions\/5064"}],"up":[{"embeddable":true,"href":"https:\/\/behinderung-und-flucht.isl-ev.de\/uk\/wp-json\/wp\/v2\/pages\/5216"}],"wp:attachment":[{"href":"https:\/\/behinderung-und-flucht.isl-ev.de\/uk\/wp-json\/wp\/v2\/media?parent=5052"}],"wp:term":[{"taxonomy":"category","embeddable":true,"href":"https:\/\/behinderung-und-flucht.isl-ev.de\/uk\/wp-json\/wp\/v2\/categories?post=5052"},{"taxonomy":"post_tag","embeddable":true,"href":"https:\/\/behinderung-und-flucht.isl-ev.de\/uk\/wp-json\/wp\/v2\/tags?post=5052"}],"curies":[{"name":"wp","href":"https:\/\/api.w.org\/{rel}","templated":true}]}}