{"id":5043,"date":"2023-10-30T18:04:43","date_gmt":"2023-10-30T17:04:43","guid":{"rendered":"https:\/\/behinderung-und-flucht.isl-ev.de\/?page_id=5043"},"modified":"2024-03-01T19:24:25","modified_gmt":"2024-03-01T18:24:25","slug":"%d1%81%d0%b2%d1%8f%d1%82%d0%ba%d1%83%d0%b2%d0%b0%d0%bd%d0%bd%d1%8f","status":"publish","type":"page","link":"https:\/\/behinderung-und-flucht.isl-ev.de\/uk\/%d0%bf%d1%83%d1%82%d1%96%d0%b2%d0%bd%d0%b8%d0%ba-%d0%bf%d0%be-%d0%ba%d1%83%d0%bb%d1%8c%d1%82%d1%83%d1%80%d1%96\/%d0%b1%d0%b5%d1%80%d0%bb%d1%96%d0%bd%d1%96\/%d1%81%d0%b2%d1%8f%d1%82%d0%ba%d1%83%d0%b2%d0%b0%d0%bd%d0%bd%d1%8f\/","title":{"rendered":"\u0421\u0432\u044f\u0442\u043a\u0443\u0432\u0430\u043d\u043d\u044f \u00a0"},"content":{"rendered":"\n<p><\/p>\n\n\n\n<div id=\"wp-block-themeisle-blocks-accordion-35e4df50\" data-has-schema=\"false\" class=\"wp-block-themeisle-blocks-accordion exclusive has-gap\">\n<details class=\"wp-block-themeisle-blocks-accordion-item\"><summary class=\"wp-block-themeisle-blocks-accordion-item__title\"><h2><strong>SchwuZ<\/strong> <img decoding=\"async\" class=\"wp-image-2999\" style=\"width: 60px\" src=\"https:\/\/behinderung-und-flucht.isl-ev.de\/wp-content\/uploads\/2023\/02\/WKU-Icons_Zugaenglich-mit-Rollstuhl.svg\" alt=\"Zug\u00e4nglich mit Rollstuhl Den Gast erwarten keine Treppen, ggfs. ist eine Rampe vorhanden.\"><img decoding=\"async\" class=\"wp-image-2931\" style=\"width: 60px\" src=\"https:\/\/behinderung-und-flucht.isl-ev.de\/wp-content\/uploads\/2023\/02\/WKU-Icons_Barrierefreie-Toilette.svg\" alt=\"Barrierefreie Toilette Die Toilette ist barrierefrei zug\u00e4nglich und rollstuhlgerecht eingerichtet\"><img decoding=\"async\" class=\"wp-image-2943\" style=\"width: 60px\" src=\"https:\/\/behinderung-und-flucht.isl-ev.de\/wp-content\/uploads\/2023\/02\/WKU-Icons_Begleitperson-frei.svg\" alt=\"Begleitperson frei lnhaber*innen eines Schwerbehindertenausweises k\u00f6nnen eine Begleitperson kostenfrei mitbringen.\"><\/h2><\/summary><div class=\"wp-block-themeisle-blocks-accordion-item__content\">\n<h3 class=\"wp-block-heading\">SchwuZ<\/h3>\n\n\n\n<h4 class=\"wp-block-heading\"><strong>\u041f\u043e\u044f\u0441\u043d\u0435\u043d\u043d\u044f \u00a0<\/strong><\/h4>\n\n\n\n<p>Schwuz \u2013 \u043d\u0430\u0439\u0431\u0456\u043b\u044c\u0448\u0438\u0439 \u043a\u0432\u0456\u0440-\u043a\u043b\u0443\u0431 \u0443 \u0411\u0435\u0440\u043b\u0456\u043d\u0456. \u0422\u0443\u0442 \u043f\u0440\u043e\u0445\u043e\u0434\u044f\u0442\u044c \u0432\u0435\u0447\u0456\u0440\u043a\u0438 \u0437 \u0440\u0456\u0437\u043d\u0438\u043c\u0438 \u043c\u0443\u0437\u0438\u0447\u043d\u0438\u043c\u0438 \u0436\u0430\u043d\u0440\u0430\u043c\u0438 \u0442\u0430 \u0442\u0435\u043c\u0430\u0442\u0438\u043a\u043e\u044e. \u0410\u043b\u0435 \u0442\u0443\u0442 \u0442\u0430\u043a\u043e\u0436 \u043c\u043e\u0436\u043d\u0430 \u0432\u0456\u0434\u0432\u0456\u0434\u0430\u0442\u0438 \u0456\u043d\u0448\u0456 \u0437\u0430\u0445\u043e\u0434\u0438, \u0442\u0430\u043a\u0456 \u00a0\u044f\u043a \u043a\u0430\u0440\u0430\u043e\u043a\u0435 \u0442\u0430 \u0448\u043e\u0443 \u0442\u0440\u0430\u043d\u0441\u0432\u0435\u0441\u0442\u0438\u0442\u0456\u0432. Schwuz \u2013 \u0446\u0435 \u043c\u0456\u0441\u0446\u0435 \u0434\u043b\u044f \u043a\u0432\u0456\u0440-\u043a\u0443\u043b\u044c\u0442\u0443\u0440\u0438 \u0442\u0430 \u0441\u043e\u0446\u0456\u0430\u043b\u044c\u043d\u043e-\u043f\u043e\u043b\u0456\u0442\u0438\u0447\u043d\u043e\u0457 \u0434\u0456\u044f\u043b\u044c\u043d\u043e\u0441\u0442\u0456. \u0422\u0443\u0442 \u0432\u0456\u0442\u0430\u044e\u0442\u044c\u0441\u044f \u0431\u0443\u0434\u044c-\u044f\u043a\u0456 \u0441\u0442\u0430\u0442\u0456! \u00a0<\/p>\n\n\n\n<div class=\"wp-block-columns is-style-default is-layout-flex wp-container-core-columns-is-layout-9d6595d7 wp-block-columns-is-layout-flex\">\n<div class=\"wp-block-column is-layout-flow wp-block-column-is-layout-flow\">\n<h4 class=\"wp-block-heading\"><strong>\u0411\u0435\u0437\u0431\u0430\u0440&#8217;\u0454\u0440\u043d\u0456\u0441\u0442\u044c \u00a0<\/strong><\/h4>\n\n\n\n<figure class=\"wp-block-table\"><table class=\"has-white-background-color has-background\"><tbody><tr><td><img decoding=\"async\" class=\"wp-image-2999\" style=\"width: 150px\" src=\"https:\/\/behinderung-und-flucht.isl-ev.de\/wp-content\/uploads\/2023\/02\/WKU-Icons_Zugaenglich-mit-Rollstuhl.svg\" alt=\"Zug\u00e4nglich mit Rollstuhl Den Gast erwarten keine Treppen, ggfs. ist eine Rampe vorhanden.\"><\/td><td>\u0434\u043e\u0441\u0442\u0443\u043f\u043d\u043e \u0434\u043b\u044f \u0456\u043d\u0432\u0430\u043b\u0456\u0434\u043d\u0438\u0445 \u0432\u0456\u0437\u043a\u0456\u0432 <\/td><\/tr><tr><td><img decoding=\"async\" class=\"wp-image-2931\" style=\"width: NaNpx\" src=\"https:\/\/behinderung-und-flucht.isl-ev.de\/wp-content\/uploads\/2023\/02\/WKU-Icons_Barrierefreie-Toilette.svg\" alt=\"Barrierefreie Toilette Die Toilette ist barrierefrei zug\u00e4nglich und rollstuhlgerecht eingerichtet\"><\/td><td>\u0431\u0435\u0437\u0431\u0430\u0440&#8217;\u0454\u0440\u043d\u0438\u0439 \u0442\u0443\u0430\u043b\u0435\u0442 \u00a0<\/td><\/tr><tr><td><img decoding=\"async\" class=\"wp-image-2943\" style=\"width: NaNpx\" src=\"https:\/\/behinderung-und-flucht.isl-ev.de\/wp-content\/uploads\/2023\/02\/WKU-Icons_Begleitperson-frei.svg\" alt=\"Begleitperson frei lnhaber*innen eines Schwerbehindertenausweises k\u00f6nnen eine Begleitperson kostenfrei mitbringen.\"><\/td><td>\u0441\u0443\u043f\u0440\u043e\u0432\u043e\u0434\u0436\u0443\u044e\u0447\u0430 \u043e\u0441\u043e\u0431\u0430 \u0431\u0435\u0437\u043a\u043e\u0448\u0442\u043e\u0432\u043d\u043e \u00a0<\/td><\/tr><\/tbody><\/table><\/figure>\n\n\n\n<p><strong>\u0414\u043e\u0434\u0430\u0442\u043a\u043e\u0432\u0430 \u0456\u043d\u0444\u043e\u0440\u043c\u0430\u0446\u0456\u044f \u043f\u0440\u043e \u0431\u0435\u0437\u0431\u0430\u0440&#8217;\u0454\u0440\u043d\u0456\u0441\u0442\u044c \u00a0<\/strong><\/p>\n\n\n\n<ul class=\"wp-block-list\">\n<li><\/li>\n<\/ul>\n<\/div>\n\n\n\n<div class=\"wp-block-column is-layout-flow wp-block-column-is-layout-flow\">\n<h4 class=\"wp-block-heading\"><strong>\u041a\u043e\u043d\u0442\u0430\u043a\u0442\u043d\u0456 \u0434\u0430\u043d\u0456<\/strong><\/h4>\n\n\n\n<p>\u0420\u043e\u043b\u044c\u0431\u0435\u0440\u0491\u0448\u0442\u0440\u0430\u0441\u0441\u0435 26 &nbsp;<\/p>\n\n\n\n<p>12053 \u0411\u0435\u0440\u043b\u0456\u043d<\/p>\n\n\n\n<p>\u0422\u0435\u043b\u0435\u0444\u043e\u043d: 00 49 30 57 70 22 70 &nbsp;<\/p>\n\n\n\n<p>\u0415\u043b\u0435\u043a\u0442\u0440\u043e\u043d\u043d\u0430 \u0430\u0434\u0440\u0435\u0441\u0430: <a href=\"mailto:pr@schwuz.de\">pr@schwuz.de<\/a> &nbsp;<\/p>\n\n\n\n<p>\u0412\u0435\u0431-\u0441\u0430\u0439\u0442: <a href=\"https:\/\/www.schwuz.de\/\">https:\/\/www.schwuz.de\/<\/a>&nbsp;<\/p>\n\n\n\n<h4 class=\"wp-block-heading\"><strong>\u0413\u043e\u0434\u0438\u043d\u0438 \u0440\u043e\u0431\u043e\u0442\u0438 \u00a0<\/strong><\/h4>\n\n\n\n<p>\u0421\u0435\u0440\u0435\u0434\u0430 \u0442\u0430 \u0447\u0435\u0442\u0432\u0435\u0440 \u0437 19:00 \u0434\u043e 1:00 &nbsp;<\/p>\n\n\n\n<p>\u041f\u2019\u044f\u0442\u043d\u0438\u0446\u044f \u0437 19:00 \u0434\u043e 7:00 &nbsp;<\/p>\n\n\n\n<p>\u0421\u0443\u0431\u043e\u0442\u0430 \u0437 19:00 \u0434\u043e 8:00 &nbsp;<\/p>\n\n\n\n<p>\u0417\u0430\u0447\u0438\u043d\u0435\u043d\u043e \u0437 \u043d\u0435\u0434\u0456\u043b\u0456 \u043f\u043e \u0432\u0456\u0432\u0442\u043e\u0440\u043e\u043a &nbsp;<\/p>\n\n\n\n<h4 class=\"wp-block-heading\"><strong>\u0414\u043e\u0441\u0442\u0443\u043f\u043d\u0456\u0441\u0442\u044c \u0433\u0440\u043e\u043c\u0430\u0434\u0441\u044c\u043a\u0438\u043c \u0442\u0440\u0430\u043d\u0441\u043f\u043e\u0440\u0442\u043e\u043c \u00a0<\/strong><\/h4>\n\n\n\n<p>\u0417\u0443\u043f\u0438\u043d\u043a\u0430: \u0440\u0430\u0442\u0443\u0448\u0430 \u041d\u043e\u0439\u043a\u0435\u043b\u044c\u043d\u0430 &nbsp;<\/p>\n\n\n\n<p>\u041c\u0435\u0442\u0440\u043e: U7 &nbsp;<\/p>\n\n\n\n<p>\u0410\u0432\u0442\u043e\u0431\u0443\u0441: 166, M43, N7 &nbsp;<\/p>\n\n\n\n<h4 class=\"wp-block-heading\"><strong>\u0417\u043d\u0438\u0436\u043a\u0430 \u0437 Berlin-Ticket S \u00a0<\/strong><\/h4>\n\n\n\n<p>\u0412\u043b\u0430\u0441\u043d\u0438\u043a\u0438 Berlin-Ticket S \u043e\u0442\u0440\u0438\u043c\u0443\u044e\u0442\u044c \u043f\u0456\u043b\u044c\u0433\u043e\u0432\u0438\u0439 \u0432\u0445\u0456\u0434 \u00a0<\/p>\n\n\n\n<h4 class=\"wp-block-heading\"><strong>\u041f\u0440\u043e\u043f\u043e\u0437\u0438\u0446\u0456\u044f \u0434\u043b\u044f \u0431\u0456\u0436\u0435\u043d\u0446\u0456\u0432 \u00a0<\/strong><\/h4>\n\n\n\n<p>\u041a\u043e\u043c\u0430\u043d\u0434\u0430 SchwuZ \u0440\u043e\u0437\u043c\u043e\u0432\u043b\u044f\u0454 \u043a\u0456\u043b\u044c\u043a\u043e\u043c\u0430 \u043c\u043e\u0432\u0430\u043c\u0438 \u00a0<\/p>\n\n\n\n<h4 class=\"wp-block-heading\"><strong>\u0412\u0445\u0456\u0434 \u00a0<\/strong><\/h4>\n\n\n\n<p>\u041f\u043e-\u0440\u0456\u0437\u043d\u043e\u043c\u0443, \u0432 \u0437\u0430\u043b\u0435\u0436\u043d\u043e\u0441\u0442\u0456 \u0432\u0456\u0434 \u0437\u0430\u0445\u043e\u0434\u0443 \u00a0<\/p>\n<\/div>\n<\/div>\n<\/div><\/details>\n\n\n\n<details class=\"wp-block-themeisle-blocks-accordion-item\"><summary class=\"wp-block-themeisle-blocks-accordion-item__title\"><h2><strong>\u0490\u0440\u0435\u0442\u0445\u0435\u043d<\/strong><img decoding=\"async\" class=\"wp-image-2943\" style=\"width: 60px\" src=\"https:\/\/behinderung-und-flucht.isl-ev.de\/wp-content\/uploads\/2023\/02\/WKU-Icons_Begleitperson-frei.svg\" alt=\"Begleitperson frei lnhaber*innen eines Schwerbehindertenausweises k\u00f6nnen eine Begleitperson kostenfrei mitbringen.\"><img decoding=\"async\" class=\"wp-image-2931\" style=\"width: 60px;\" src=\"https:\/\/behinderung-und-flucht.isl-ev.de\/wp-content\/uploads\/2023\/02\/WKU-Icons_Barrierefreie-Toilette.svg\" alt=\"Barrierefreie Toilette Die Toilette ist barrierefrei zug\u00e4nglich und rollstuhlgerecht eingerichtet\"><img decoding=\"async\" class=\"wp-image-2999\" style=\"width: 60px\" src=\"https:\/\/behinderung-und-flucht.isl-ev.de\/wp-content\/uploads\/2023\/02\/WKU-Icons_Zugaenglich-mit-Rollstuhl.svg\" alt=\"Zug\u00e4nglich mit Rollstuhl Den Gast erwarten keine Treppen, ggfs. ist eine Rampe vorhanden.\"><\/h2><\/summary><div class=\"wp-block-themeisle-blocks-accordion-item__content\">\n<h3 class=\"wp-block-heading\">\u0490\u0440\u0435\u0442\u0445\u0435\u043d \u00a0<\/h3>\n\n\n\n<h4 class=\"wp-block-heading\"><strong>\u041f\u043e\u044f\u0441\u043d\u0435\u043d\u043d\u044f \u00a0<\/strong><\/h4>\n\n\n\n<p>\u00ab\u0490\u0440\u0435\u0442\u0445\u0435\u043d\u00bb \u2013 \u0446\u0435 \u043a\u043b\u0443\u0431, \u0434\u0435 \u043d\u0430 \u0434\u0432\u043e\u0445 \u043f\u043e\u0432\u0435\u0440\u0445\u0430\u0445 \u043c\u043e\u0436\u043d\u0430 \u043f\u043e\u0432\u0435\u0441\u0435\u043b\u0438\u0442\u0438\u0441\u044f \u043f\u0456\u0434 \u043c\u0443\u0437\u0438\u043a\u0443 \u0440\u0456\u0437\u043d\u0438\u0445 \u0441\u0442\u0438\u043b\u0456\u0432. \u0426\u0435 \u0435\u043b\u0435\u043a\u0442\u0440\u043e\u043d\u0456\u043a\u0430, \u0431\u0430\u0441, \u0434\u0440\u0430\u043c-\u0435\u043d\u0434-\u0431\u0435\u0439\u0441, \u0434\u0430\u0431\u0441\u0442\u0435\u043f, \u0442\u0440\u0435\u043f, IDM, \u0435\u043b\u0435\u043a\u0442\u0440\u043e, \u00a0\u0433\u043b\u0456\u0442\u0447, \u0435\u043a\u0441\u043f\u0435\u0440\u0438\u043c\u0435\u043d\u0442\u0430\u043b, \u0430\u0432\u0430\u043d\u0433\u0430\u0440\u0434, \u0445\u0456\u043f-\u0445\u043e\u043f, \u0444\u0430\u043d\u043a, \u0441\u043e\u0443\u043b, \u0444\u043e\u043b\u043a, \u0430\u0444\u0440\u043e\u0431\u0456\u0442, \u0435\u0442\u043d\u043e-\u0434\u0436\u0430\u0437. \u00a0\u00ab\u0490\u0440\u0435\u0442\u0445\u0435\u043d\u00bb \u0447\u0430\u0441\u0442\u043e \u043d\u0430\u0434\u0430\u0454 \u0441\u0446\u0435\u043d\u0443 (\u043f\u043e\u043a\u0438 \u0449\u043e) \u043d\u0435\u0432\u0456\u0434\u043e\u043c\u0438\u043c \u0430\u0440\u0442\u0438\u0441\u0442\u0430\u043c. \u0412\u043b\u0456\u0442\u043a\u0443 \u043d\u0430 \u0437\u0430\u0434\u043d\u044c\u043e\u043c\u0443 \u0434\u0432\u043e\u0440\u0456 \u0432\u0456\u0434\u0431\u0443\u0432\u0430\u044e\u0442\u044c\u0441\u044f \u043d\u0435\u0432\u0435\u043b\u0438\u043a\u0456 \u043a\u043e\u043d\u0446\u0435\u0440\u0442\u0438. \u00a0<\/p>\n\n\n\n<div class=\"wp-block-columns is-style-default is-layout-flex wp-container-core-columns-is-layout-9d6595d7 wp-block-columns-is-layout-flex\">\n<div class=\"wp-block-column is-layout-flow wp-block-column-is-layout-flow\">\n<h4 class=\"wp-block-heading\"><strong>\u0411\u0435\u0437\u0431\u0430\u0440&#8217;\u0454\u0440\u043d\u0456\u0441\u0442\u044c \u00a0<\/strong><\/h4>\n\n\n\n<figure class=\"wp-block-table\"><table class=\"has-white-background-color has-background\"><tbody><tr><td><img decoding=\"async\" class=\"wp-image-2931\" style=\"width: 150px;\" src=\"https:\/\/behinderung-und-flucht.isl-ev.de\/wp-content\/uploads\/2023\/02\/WKU-Icons_Barrierefreie-Toilette.svg\" alt=\"Barrierefreie Toilette Die Toilette ist barrierefrei zug\u00e4nglich und rollstuhlgerecht eingerichtet\"><\/td><td>\u0441\u0443\u043f\u0440\u043e\u0432\u043e\u0434\u0436\u0443\u044e\u0447\u0430 \u043e\u0441\u043e\u0431\u0430 \u0431\u0435\u0437\u043a\u043e\u0448\u0442\u043e\u0432\u043d\u043e \u00a0<\/td><\/tr><tr><td><img decoding=\"async\" class=\"wp-image-2943\" style=\"width: NaNpx\" src=\"https:\/\/behinderung-und-flucht.isl-ev.de\/wp-content\/uploads\/2023\/02\/WKU-Icons_Begleitperson-frei.svg\" alt=\"Begleitperson frei lnhaber*innen eines Schwerbehindertenausweises k\u00f6nnen eine Begleitperson kostenfrei mitbringen.\"><\/td><td>\u0434\u043e\u0441\u0442\u0443\u043f\u043d\u043e \u0434\u043b\u044f \u0456\u043d\u0432\u0430\u043b\u0456\u0434\u043d\u0438\u0445 \u0432\u0456\u0437\u043a\u0456\u0432 \u00a0<\/td><\/tr><tr><td><img decoding=\"async\" class=\"wp-image-2999\" style=\"width: NaNpx\" src=\"https:\/\/behinderung-und-flucht.isl-ev.de\/wp-content\/uploads\/2023\/02\/WKU-Icons_Zugaenglich-mit-Rollstuhl.svg\" alt=\"Zug\u00e4nglich mit Rollstuhl Den Gast erwarten keine Treppen, ggfs. ist eine Rampe vorhanden.\"><\/td><td>\u0431\u0435\u0437\u0431\u0430\u0440&#8217;\u0454\u0440\u043d\u0438\u0439 \u0442\u0443\u0430\u043b\u0435\u0442 \u00a0<\/td><\/tr><\/tbody><\/table><\/figure>\n\n\n\n<p><strong>\u0414\u043e\u0434\u0430\u0442\u043a\u043e\u0432\u0430 \u0456\u043d\u0444\u043e\u0440\u043c\u0430\u0446\u0456\u044f \u043f\u0440\u043e \u0431\u0435\u0437\u0431\u0430\u0440&#8217;\u0454\u0440\u043d\u0456\u0441\u0442\u044c \u00a0<\/strong><\/p>\n\n\n\n<ul class=\"wp-block-list\">\n<li>\u0434\u043b\u044f \u0434\u043e\u0441\u0442\u0443\u043f\u0443 \u0454 \u043c\u043e\u0431\u0456\u043b\u044c\u043d\u0438\u0439 \u043f\u0430\u043d\u0434\u0443\u0441, \u044f\u043a\u0438\u0439 \u043c\u043e\u0436\u043d\u0430 \u0432\u0441\u0442\u0430\u043d\u043e\u0432\u0438\u0442\u0438 \u0437\u0430 \u043f\u043e\u0442\u0440\u0435\u0431\u0438\u00a0<\/li>\n\n\n\n<li>\u0431\u0435\u0437\u0431\u0430\u0440&#8217;\u0454\u0440\u043d\u0438\u0439 \u0442\u0443\u0430\u043b\u0435\u0442 \u0437\u043d\u0430\u0445\u043e\u0434\u0438\u0442\u044c\u0441\u044f \u0437\u0430 \u0441\u0446\u0435\u043d\u043e\u044e. \u041f\u0440\u043e \u0434\u043e\u0441\u0442\u0443\u043f \u0434\u043e \u0442\u0443\u0430\u043b\u0435\u0442\u0443 \u043d\u0435\u043e\u0431\u0445\u0456\u0434\u043d\u043e \u0437\u0430\u043f\u0438\u0442\u0443\u0432\u0430\u0442\u0438 \u043d\u0430 \u0432\u0445\u043e\u0434\u0456 \u0430\u0431\u043e \u0432 \u0431\u0430\u0440\u0430\u0445\u00a0<\/li>\n\n\n\n<li>\u0434\u043e\u0441\u0442\u0443\u043f \u0434\u043e \u0431\u0435\u0437\u0431\u0430\u0440&#8217;\u0454\u0440\u043d\u043e\u0433\u043e \u0442\u0443\u0430\u043b\u0435\u0442\u0443 \u0441\u043f\u0435\u0440\u0435\u0434\u0443 \u0442\u0430 \u043f\u0440\u0430\u0432\u043e\u0440\u0443\u0447, \u0442\u0435\u043b\u0435\u0444\u043e\u043d\u043d\u043e\u0457 \u043b\u0456\u043d\u0456\u0457 \u0434\u043b\u044f \u0435\u043a\u0441\u0442\u0440\u0435\u043d\u043e\u0433\u043e \u0432\u0438\u043a\u043b\u0438\u043a\u0443 \u043d\u0435 \u043f\u0435\u0440\u0435\u0434\u0431\u0430\u0447\u0435\u043d\u043e\u00a0<\/li>\n\n\n\n<li>\u0442\u0440\u0435\u0431\u0430 \u0437\u0430\u0437\u0434\u0430\u043b\u0435\u0433\u0456\u0434\u044c \u0437\u0430\u043f\u0438\u0442\u0430\u0442\u0438 \u0435\u043b\u0435\u043a\u0442\u0440\u043e\u043d\u043d\u043e\u044e \u043f\u043e\u0448\u0442\u043e\u044e, \u0447\u0438 \u043c\u043e\u0436\u043d\u0430 \u0431\u0440\u0430\u0442\u0438 \u0437 \u0441\u043e\u0431\u043e\u044e \u0441\u043e\u0431\u0430\u043a-\u043f\u043e\u043c\u0456\u0447\u043d\u0438\u043a\u0456\u0432 \u00a0<\/li>\n<\/ul>\n<\/div>\n\n\n\n<div class=\"wp-block-column is-layout-flow wp-block-column-is-layout-flow\">\n<h4 class=\"wp-block-heading\"><strong>\u041a\u043e\u043d\u0442\u0430\u043a\u0442\u043d\u0456 \u0434\u0430\u043d\u0456 \u00a0<\/strong><\/h4>\n\n\n\n<p>\u041e\u0431\u0435\u043d\u0442\u0440\u0430\u0443\u0442\u0448\u0442\u0440\u0430\u0441\u0441\u0435, 19-21 &nbsp;<\/p>\n\n\n\n<p>10963 \u0411\u0435\u0440\u043b\u0456\u043d &nbsp;<\/p>\n\n\n\n<p>\u0422\u0435\u043b\u0435\u0444\u043e\u043d: 00 49 30 25 92 27 02 &nbsp;<\/p>\n\n\n\n<p>\u0415\u043b\u0435\u043a\u0442\u0440\u043e\u043d\u043d\u0430 \u043f\u043e\u0448\u0442\u0430: <a href=\"mailto:gretchen@gretchen-club.de\">gretchen@gretchen-club.de<\/a> &nbsp;<\/p>\n\n\n\n<p>\u0412\u0435\u0431-\u0441\u0430\u0439\u0442: <a href=\"https:\/\/www.gretchen-club.de\/\">https:\/\/www.gretchen-club.de\/<\/a> &nbsp;<\/p>\n\n\n\n<h4 class=\"wp-block-heading\"><strong>\u0413\u043e\u0434\u0438\u043d\u0438 \u0440\u043e\u0431\u043e\u0442\u0438 \u00a0<\/strong><\/h4>\n\n\n\n<p>\u041f\u043e-\u0440\u0456\u0437\u043d\u043e\u043c\u0443, \u0437\u0430\u043b\u0435\u0436\u043d\u043e \u0432\u0456\u0434 \u0437\u0430\u0445\u043e\u0434\u0443 \u00a0<\/p>\n\n\n\n<h4 class=\"wp-block-heading\"><strong>\u0414\u043e\u0441\u0442\u0443\u043f\u043d\u0456\u0441\u0442\u044c \u0433\u0440\u043e\u043c\u0430\u0434\u0441\u044c\u043a\u0438\u043c \u0442\u0440\u0430\u043d\u0441\u043f\u043e\u0440\u0442\u043e\u043c \u00a0<\/strong><\/h4>\n\n\n\n<p>\u0417\u0443\u043f\u0438\u043d\u043a\u0430: \u041c\u0435\u0440\u0456\u043d\u0491\u0434\u0430\u043c (Mehringdamm) &nbsp;<\/p>\n\n\n\n<p>\u041c\u0435\u0442\u0440\u043e: U6, U7 &nbsp;<\/p>\n\n\n\n<p>\u0410\u0432\u0442\u043e\u0431\u0443\u0441: 140, M19, N6, N7, N42 &nbsp;<\/p>\n\n\n\n<p>\u0417\u0443\u043f\u0438\u043d\u043a\u0430: \u0413\u0430\u043b\u043b\u0435\u0448\u0435\u0441 \u0422\u043e\u0440 (Hallesches Tor) &nbsp;<\/p>\n\n\n\n<p>\u041c\u0435\u0442\u0440\u043e: U1, U3, U6 &nbsp;<\/p>\n\n\n\n<p>\u0410\u0432\u0442\u043e\u0431\u0443\u0441: 248, M41, N1, N42 &nbsp;<\/p>\n\n\n\n<h4 class=\"wp-block-heading\"><strong>\u0417\u043d\u0438\u0436\u043a\u0430 \u0437 Berlin-Ticket S \u00a0<\/strong><\/h4>\n\n\n\n<p>\u0412\u043b\u0430\u0441\u043d\u0438\u043a\u0438 Berlin-Ticket S \u043e\u0442\u0440\u0438\u043c\u0443\u044e\u0442\u044c \u0437\u043d\u0438\u0436\u043a\u0443 25% \u0443 \u043a\u0430\u0441\u0456 \u043d\u0430 \u0432\u043b\u0430\u0441\u043d\u0456 \u0437\u0430\u0445\u043e\u0434\u0438 \u0490\u0440\u0435\u0442\u0445\u0435\u043d (\u0446\u0435 \u043d\u0435 \u0441\u0442\u043e\u0441\u0443\u0454\u0442\u044c\u0441\u044f \u0440\u043e\u0437\u043f\u0440\u043e\u0434\u0430\u043d\u0438\u0445 \u0437\u0430\u0445\u043e\u0434\u0456\u0432) \u00a0<\/p>\n\n\n\n<h4 class=\"wp-block-heading\"><strong>\u041f\u0440\u043e\u043f\u043e\u0437\u0438\u0446\u0456\u044f \u0434\u043b\u044f \u0431\u0456\u0436\u0435\u043d\u0446\u0456\u0432 \u00a0<\/strong><\/h4>\n\n\n\n<p>\u041d\u0435\u043c\u0430\u0454 \u00a0<\/p>\n\n\n\n<h4 class=\"wp-block-heading\"><strong>\u0412\u0445\u0456\u0434 \u00a0<\/strong><\/h4>\n\n\n\n<p>\u041f\u043e-\u0440\u0456\u0437\u043d\u043e\u043c\u0443, \u0432 \u0437\u0430\u043b\u0435\u0436\u043d\u043e\u0441\u0442\u0456 \u0432\u0456\u0434 \u0437\u0430\u0445\u043e\u0434\u0443 \u00a0<\/p>\n<\/div>\n<\/div>\n<\/div><\/details>\n<\/div>\n\n\n\n<div class=\"wp-block-buttons is-horizontal is-content-justification-left is-layout-flex wp-container-core-buttons-is-layout-7e5fce0a wp-block-buttons-is-layout-flex\">\n<div class=\"wp-block-button has-custom-font-size has-small-font-size\"><a class=\"wp-block-button__link has-background wp-element-button\" href=\"https:\/\/behinderung-und-flucht.isl-ev.de\/kulturguide\/berlin\/\" style=\"border-radius:55px;background-color:#91025b;padding-top:var(--wp--preset--spacing--20);padding-right:var(--wp--preset--spacing--20);padding-bottom:var(--wp--preset--spacing--20);padding-left:var(--wp--preset--spacing--20)\">\u041f\u043e\u0432\u0435\u0440\u043d\u0443\u0442\u0438\u0441\u044f \u0434\u043e \u043e\u0433\u043b\u044f\u0434\u0443<\/a><\/div>\n<\/div>\n","protected":false},"excerpt":{"rendered":"","protected":false},"author":1,"featured_media":0,"parent":5216,"menu_order":3,"comment_status":"closed","ping_status":"closed","template":"","meta":{"ub_ctt_via":"","inline_featured_image":false,"_themeisle_gutenberg_block_has_review":false,"_mc_calendar":[],"footnotes":""},"categories":[],"tags":[],"class_list":["post-5043","page","type-page","status-publish","hentry","entry"],"featured_image_src":null,"yoast_head":"<!-- This site is optimized with the Yoast SEO plugin v21.4 - https:\/\/yoast.com\/wordpress\/plugins\/seo\/ -->\n<title>\u0421\u0432\u044f\u0442\u043a\u0443\u0432\u0430\u043d\u043d\u044f \u00a0 - Infoseite der Interessenvertretung Selbstbestimmt Leben in Deutschland e.V.<\/title>\n<meta name=\"robots\" content=\"index, follow, max-snippet:-1, max-image-preview:large, max-video-preview:-1\" \/>\n<link rel=\"canonical\" href=\"https:\/\/behinderung-und-flucht.isl-ev.de\/uk\/%d0%bf%d1%83%d1%82%d1%96%d0%b2%d0%bd%d0%b8%d0%ba-%d0%bf%d0%be-%d0%ba%d1%83%d0%bb%d1%8c%d1%82%d1%83%d1%80%d1%96\/%d0%b1%d0%b5%d1%80%d0%bb%d1%96%d0%bd%d1%96\/%d1%81%d0%b2%d1%8f%d1%82%d0%ba%d1%83%d0%b2%d0%b0%d0%bd%d0%bd%d1%8f\/\" \/>\n<meta property=\"og:locale\" content=\"uk_UA\" \/>\n<meta property=\"og:type\" content=\"article\" \/>\n<meta property=\"og:title\" content=\"\u0421\u0432\u044f\u0442\u043a\u0443\u0432\u0430\u043d\u043d\u044f \u00a0 - Infoseite der Interessenvertretung Selbstbestimmt Leben in Deutschland e.V.\" \/>\n<meta property=\"og:url\" content=\"https:\/\/behinderung-und-flucht.isl-ev.de\/uk\/%d0%bf%d1%83%d1%82%d1%96%d0%b2%d0%bd%d0%b8%d0%ba-%d0%bf%d0%be-%d0%ba%d1%83%d0%bb%d1%8c%d1%82%d1%83%d1%80%d1%96\/%d0%b1%d0%b5%d1%80%d0%bb%d1%96%d0%bd%d1%96\/%d1%81%d0%b2%d1%8f%d1%82%d0%ba%d1%83%d0%b2%d0%b0%d0%bd%d0%bd%d1%8f\/\" \/>\n<meta property=\"og:site_name\" content=\"Infoseite der Interessenvertretung Selbstbestimmt Leben in Deutschland e.V.\" \/>\n<meta property=\"article:modified_time\" content=\"2024-03-01T18:24:25+00:00\" \/>\n<meta property=\"og:image\" content=\"https:\/\/behinderung-und-flucht.isl-ev.de\/wp-content\/uploads\/2023\/02\/WKU-Icons_Zugaenglich-mit-Rollstuhl.svg\" \/>\n<meta name=\"twitter:card\" content=\"summary_large_image\" \/>\n<meta name=\"twitter:label1\" content=\"\u041f\u0440\u0438\u0431\u043b. \u0447\u0430\u0441 \u0447\u0438\u0442\u0430\u043d\u043d\u044f\" \/>\n\t<meta name=\"twitter:data1\" content=\"5 \u0445\u0432\u0438\u043b\u0438\u043d\" \/>\n<script type=\"application\/ld+json\" class=\"yoast-schema-graph\">{\"@context\":\"https:\/\/schema.org\",\"@graph\":[{\"@type\":\"WebPage\",\"@id\":\"https:\/\/behinderung-und-flucht.isl-ev.de\/uk\/%d0%bf%d1%83%d1%82%d1%96%d0%b2%d0%bd%d0%b8%d0%ba-%d0%bf%d0%be-%d0%ba%d1%83%d0%bb%d1%8c%d1%82%d1%83%d1%80%d1%96\/%d0%b1%d0%b5%d1%80%d0%bb%d1%96%d0%bd%d1%96\/%d1%81%d0%b2%d1%8f%d1%82%d0%ba%d1%83%d0%b2%d0%b0%d0%bd%d0%bd%d1%8f\/\",\"url\":\"https:\/\/behinderung-und-flucht.isl-ev.de\/uk\/%d0%bf%d1%83%d1%82%d1%96%d0%b2%d0%bd%d0%b8%d0%ba-%d0%bf%d0%be-%d0%ba%d1%83%d0%bb%d1%8c%d1%82%d1%83%d1%80%d1%96\/%d0%b1%d0%b5%d1%80%d0%bb%d1%96%d0%bd%d1%96\/%d1%81%d0%b2%d1%8f%d1%82%d0%ba%d1%83%d0%b2%d0%b0%d0%bd%d0%bd%d1%8f\/\",\"name\":\"\u0421\u0432\u044f\u0442\u043a\u0443\u0432\u0430\u043d\u043d\u044f \u00a0 - Infoseite der Interessenvertretung Selbstbestimmt Leben in Deutschland e.V.\",\"isPartOf\":{\"@id\":\"https:\/\/behinderung-und-flucht.isl-ev.de\/uk\/#website\"},\"datePublished\":\"2023-10-30T17:04:43+00:00\",\"dateModified\":\"2024-03-01T18:24:25+00:00\",\"breadcrumb\":{\"@id\":\"https:\/\/behinderung-und-flucht.isl-ev.de\/uk\/%d0%bf%d1%83%d1%82%d1%96%d0%b2%d0%bd%d0%b8%d0%ba-%d0%bf%d0%be-%d0%ba%d1%83%d0%bb%d1%8c%d1%82%d1%83%d1%80%d1%96\/%d0%b1%d0%b5%d1%80%d0%bb%d1%96%d0%bd%d1%96\/%d1%81%d0%b2%d1%8f%d1%82%d0%ba%d1%83%d0%b2%d0%b0%d0%bd%d0%bd%d1%8f\/#breadcrumb\"},\"inLanguage\":\"uk\",\"potentialAction\":[{\"@type\":\"ReadAction\",\"target\":[\"https:\/\/behinderung-und-flucht.isl-ev.de\/uk\/%d0%bf%d1%83%d1%82%d1%96%d0%b2%d0%bd%d0%b8%d0%ba-%d0%bf%d0%be-%d0%ba%d1%83%d0%bb%d1%8c%d1%82%d1%83%d1%80%d1%96\/%d0%b1%d0%b5%d1%80%d0%bb%d1%96%d0%bd%d1%96\/%d1%81%d0%b2%d1%8f%d1%82%d0%ba%d1%83%d0%b2%d0%b0%d0%bd%d0%bd%d1%8f\/\"]}]},{\"@type\":\"BreadcrumbList\",\"@id\":\"https:\/\/behinderung-und-flucht.isl-ev.de\/uk\/%d0%bf%d1%83%d1%82%d1%96%d0%b2%d0%bd%d0%b8%d0%ba-%d0%bf%d0%be-%d0%ba%d1%83%d0%bb%d1%8c%d1%82%d1%83%d1%80%d1%96\/%d0%b1%d0%b5%d1%80%d0%bb%d1%96%d0%bd%d1%96\/%d1%81%d0%b2%d1%8f%d1%82%d0%ba%d1%83%d0%b2%d0%b0%d0%bd%d0%bd%d1%8f\/#breadcrumb\",\"itemListElement\":[{\"@type\":\"ListItem\",\"position\":1,\"name\":\"Startseite\",\"item\":\"https:\/\/behinderung-und-flucht.isl-ev.de\/uk\/\"},{\"@type\":\"ListItem\",\"position\":2,\"name\":\"\u0421\u0432\u044f\u0442\u043a\u0443\u0432\u0430\u043d\u043d\u044f \u00a0\"}]},{\"@type\":\"WebSite\",\"@id\":\"https:\/\/behinderung-und-flucht.isl-ev.de\/uk\/#website\",\"url\":\"https:\/\/behinderung-und-flucht.isl-ev.de\/uk\/\",\"name\":\"Infoseite f\u00fcr gefl\u00fcchtete Menschen mit Behinderungen oder chronischen Erkrankungen\",\"description\":\"Informationen f\u00fcr gefl\u00fcchtete Menschen mit Behinderungen oder chronischen Erkrankungen\",\"publisher\":{\"@id\":\"https:\/\/behinderung-und-flucht.isl-ev.de\/uk\/#organization\"},\"alternateName\":\"Infoseite f\u00fcr gefl\u00fcchtete Menschen mit Behinderungen\",\"potentialAction\":[{\"@type\":\"SearchAction\",\"target\":{\"@type\":\"EntryPoint\",\"urlTemplate\":\"https:\/\/behinderung-und-flucht.isl-ev.de\/uk\/?s={search_term_string}\"},\"query-input\":\"required name=search_term_string\"}],\"inLanguage\":\"uk\"},{\"@type\":\"Organization\",\"@id\":\"https:\/\/behinderung-und-flucht.isl-ev.de\/uk\/#organization\",\"name\":\"Infoseite der Interessenvertretung Selbstbestimmt Leben in Deutschland e.V.\",\"url\":\"https:\/\/behinderung-und-flucht.isl-ev.de\/uk\/\",\"logo\":{\"@type\":\"ImageObject\",\"inLanguage\":\"uk\",\"@id\":\"https:\/\/behinderung-und-flucht.isl-ev.de\/uk\/#\/schema\/logo\/image\/\",\"url\":\"https:\/\/behinderung-und-flucht.isl-ev.de\/wp-content\/uploads\/2022\/09\/logo-infoseite-04.svg\",\"contentUrl\":\"https:\/\/behinderung-und-flucht.isl-ev.de\/wp-content\/uploads\/2022\/09\/logo-infoseite-04.svg\",\"caption\":\"Infoseite der Interessenvertretung Selbstbestimmt Leben in Deutschland e.V.\"},\"image\":{\"@id\":\"https:\/\/behinderung-und-flucht.isl-ev.de\/uk\/#\/schema\/logo\/image\/\"}}]}<\/script>\n<!-- \/ Yoast SEO plugin. -->","yoast_head_json":{"title":"\u0421\u0432\u044f\u0442\u043a\u0443\u0432\u0430\u043d\u043d\u044f \u00a0 - Infoseite der Interessenvertretung Selbstbestimmt Leben in Deutschland e.V.","robots":{"index":"index","follow":"follow","max-snippet":"max-snippet:-1","max-image-preview":"max-image-preview:large","max-video-preview":"max-video-preview:-1"},"canonical":"https:\/\/behinderung-und-flucht.isl-ev.de\/uk\/%d0%bf%d1%83%d1%82%d1%96%d0%b2%d0%bd%d0%b8%d0%ba-%d0%bf%d0%be-%d0%ba%d1%83%d0%bb%d1%8c%d1%82%d1%83%d1%80%d1%96\/%d0%b1%d0%b5%d1%80%d0%bb%d1%96%d0%bd%d1%96\/%d1%81%d0%b2%d1%8f%d1%82%d0%ba%d1%83%d0%b2%d0%b0%d0%bd%d0%bd%d1%8f\/","og_locale":"uk_UA","og_type":"article","og_title":"\u0421\u0432\u044f\u0442\u043a\u0443\u0432\u0430\u043d\u043d\u044f \u00a0 - Infoseite der Interessenvertretung Selbstbestimmt Leben in Deutschland e.V.","og_url":"https:\/\/behinderung-und-flucht.isl-ev.de\/uk\/%d0%bf%d1%83%d1%82%d1%96%d0%b2%d0%bd%d0%b8%d0%ba-%d0%bf%d0%be-%d0%ba%d1%83%d0%bb%d1%8c%d1%82%d1%83%d1%80%d1%96\/%d0%b1%d0%b5%d1%80%d0%bb%d1%96%d0%bd%d1%96\/%d1%81%d0%b2%d1%8f%d1%82%d0%ba%d1%83%d0%b2%d0%b0%d0%bd%d0%bd%d1%8f\/","og_site_name":"Infoseite der Interessenvertretung Selbstbestimmt Leben in Deutschland e.V.","article_modified_time":"2024-03-01T18:24:25+00:00","og_image":[{"url":"https:\/\/behinderung-und-flucht.isl-ev.de\/wp-content\/uploads\/2023\/02\/WKU-Icons_Zugaenglich-mit-Rollstuhl.svg"}],"twitter_card":"summary_large_image","twitter_misc":{"\u041f\u0440\u0438\u0431\u043b. \u0447\u0430\u0441 \u0447\u0438\u0442\u0430\u043d\u043d\u044f":"5 \u0445\u0432\u0438\u043b\u0438\u043d"},"schema":{"@context":"https:\/\/schema.org","@graph":[{"@type":"WebPage","@id":"https:\/\/behinderung-und-flucht.isl-ev.de\/uk\/%d0%bf%d1%83%d1%82%d1%96%d0%b2%d0%bd%d0%b8%d0%ba-%d0%bf%d0%be-%d0%ba%d1%83%d0%bb%d1%8c%d1%82%d1%83%d1%80%d1%96\/%d0%b1%d0%b5%d1%80%d0%bb%d1%96%d0%bd%d1%96\/%d1%81%d0%b2%d1%8f%d1%82%d0%ba%d1%83%d0%b2%d0%b0%d0%bd%d0%bd%d1%8f\/","url":"https:\/\/behinderung-und-flucht.isl-ev.de\/uk\/%d0%bf%d1%83%d1%82%d1%96%d0%b2%d0%bd%d0%b8%d0%ba-%d0%bf%d0%be-%d0%ba%d1%83%d0%bb%d1%8c%d1%82%d1%83%d1%80%d1%96\/%d0%b1%d0%b5%d1%80%d0%bb%d1%96%d0%bd%d1%96\/%d1%81%d0%b2%d1%8f%d1%82%d0%ba%d1%83%d0%b2%d0%b0%d0%bd%d0%bd%d1%8f\/","name":"\u0421\u0432\u044f\u0442\u043a\u0443\u0432\u0430\u043d\u043d\u044f \u00a0 - Infoseite der Interessenvertretung Selbstbestimmt Leben in Deutschland e.V.","isPartOf":{"@id":"https:\/\/behinderung-und-flucht.isl-ev.de\/uk\/#website"},"datePublished":"2023-10-30T17:04:43+00:00","dateModified":"2024-03-01T18:24:25+00:00","breadcrumb":{"@id":"https:\/\/behinderung-und-flucht.isl-ev.de\/uk\/%d0%bf%d1%83%d1%82%d1%96%d0%b2%d0%bd%d0%b8%d0%ba-%d0%bf%d0%be-%d0%ba%d1%83%d0%bb%d1%8c%d1%82%d1%83%d1%80%d1%96\/%d0%b1%d0%b5%d1%80%d0%bb%d1%96%d0%bd%d1%96\/%d1%81%d0%b2%d1%8f%d1%82%d0%ba%d1%83%d0%b2%d0%b0%d0%bd%d0%bd%d1%8f\/#breadcrumb"},"inLanguage":"uk","potentialAction":[{"@type":"ReadAction","target":["https:\/\/behinderung-und-flucht.isl-ev.de\/uk\/%d0%bf%d1%83%d1%82%d1%96%d0%b2%d0%bd%d0%b8%d0%ba-%d0%bf%d0%be-%d0%ba%d1%83%d0%bb%d1%8c%d1%82%d1%83%d1%80%d1%96\/%d0%b1%d0%b5%d1%80%d0%bb%d1%96%d0%bd%d1%96\/%d1%81%d0%b2%d1%8f%d1%82%d0%ba%d1%83%d0%b2%d0%b0%d0%bd%d0%bd%d1%8f\/"]}]},{"@type":"BreadcrumbList","@id":"https:\/\/behinderung-und-flucht.isl-ev.de\/uk\/%d0%bf%d1%83%d1%82%d1%96%d0%b2%d0%bd%d0%b8%d0%ba-%d0%bf%d0%be-%d0%ba%d1%83%d0%bb%d1%8c%d1%82%d1%83%d1%80%d1%96\/%d0%b1%d0%b5%d1%80%d0%bb%d1%96%d0%bd%d1%96\/%d1%81%d0%b2%d1%8f%d1%82%d0%ba%d1%83%d0%b2%d0%b0%d0%bd%d0%bd%d1%8f\/#breadcrumb","itemListElement":[{"@type":"ListItem","position":1,"name":"Startseite","item":"https:\/\/behinderung-und-flucht.isl-ev.de\/uk\/"},{"@type":"ListItem","position":2,"name":"\u0421\u0432\u044f\u0442\u043a\u0443\u0432\u0430\u043d\u043d\u044f \u00a0"}]},{"@type":"WebSite","@id":"https:\/\/behinderung-und-flucht.isl-ev.de\/uk\/#website","url":"https:\/\/behinderung-und-flucht.isl-ev.de\/uk\/","name":"Infoseite f\u00fcr gefl\u00fcchtete Menschen mit Behinderungen oder chronischen Erkrankungen","description":"Informationen f\u00fcr gefl\u00fcchtete Menschen mit Behinderungen oder chronischen Erkrankungen","publisher":{"@id":"https:\/\/behinderung-und-flucht.isl-ev.de\/uk\/#organization"},"alternateName":"Infoseite f\u00fcr gefl\u00fcchtete Menschen mit Behinderungen","potentialAction":[{"@type":"SearchAction","target":{"@type":"EntryPoint","urlTemplate":"https:\/\/behinderung-und-flucht.isl-ev.de\/uk\/?s={search_term_string}"},"query-input":"required name=search_term_string"}],"inLanguage":"uk"},{"@type":"Organization","@id":"https:\/\/behinderung-und-flucht.isl-ev.de\/uk\/#organization","name":"Infoseite der Interessenvertretung Selbstbestimmt Leben in Deutschland e.V.","url":"https:\/\/behinderung-und-flucht.isl-ev.de\/uk\/","logo":{"@type":"ImageObject","inLanguage":"uk","@id":"https:\/\/behinderung-und-flucht.isl-ev.de\/uk\/#\/schema\/logo\/image\/","url":"https:\/\/behinderung-und-flucht.isl-ev.de\/wp-content\/uploads\/2022\/09\/logo-infoseite-04.svg","contentUrl":"https:\/\/behinderung-und-flucht.isl-ev.de\/wp-content\/uploads\/2022\/09\/logo-infoseite-04.svg","caption":"Infoseite der Interessenvertretung Selbstbestimmt Leben in Deutschland e.V."},"image":{"@id":"https:\/\/behinderung-und-flucht.isl-ev.de\/uk\/#\/schema\/logo\/image\/"}}]}},"_links":{"self":[{"href":"https:\/\/behinderung-und-flucht.isl-ev.de\/uk\/wp-json\/wp\/v2\/pages\/5043","targetHints":{"allow":["GET"]}}],"collection":[{"href":"https:\/\/behinderung-und-flucht.isl-ev.de\/uk\/wp-json\/wp\/v2\/pages"}],"about":[{"href":"https:\/\/behinderung-und-flucht.isl-ev.de\/uk\/wp-json\/wp\/v2\/types\/page"}],"author":[{"embeddable":true,"href":"https:\/\/behinderung-und-flucht.isl-ev.de\/uk\/wp-json\/wp\/v2\/users\/1"}],"replies":[{"embeddable":true,"href":"https:\/\/behinderung-und-flucht.isl-ev.de\/uk\/wp-json\/wp\/v2\/comments?post=5043"}],"version-history":[{"count":4,"href":"https:\/\/behinderung-und-flucht.isl-ev.de\/uk\/wp-json\/wp\/v2\/pages\/5043\/revisions"}],"predecessor-version":[{"id":5050,"href":"https:\/\/behinderung-und-flucht.isl-ev.de\/uk\/wp-json\/wp\/v2\/pages\/5043\/revisions\/5050"}],"up":[{"embeddable":true,"href":"https:\/\/behinderung-und-flucht.isl-ev.de\/uk\/wp-json\/wp\/v2\/pages\/5216"}],"wp:attachment":[{"href":"https:\/\/behinderung-und-flucht.isl-ev.de\/uk\/wp-json\/wp\/v2\/media?parent=5043"}],"wp:term":[{"taxonomy":"category","embeddable":true,"href":"https:\/\/behinderung-und-flucht.isl-ev.de\/uk\/wp-json\/wp\/v2\/categories?post=5043"},{"taxonomy":"post_tag","embeddable":true,"href":"https:\/\/behinderung-und-flucht.isl-ev.de\/uk\/wp-json\/wp\/v2\/tags?post=5043"}],"curies":[{"name":"wp","href":"https:\/\/api.w.org\/{rel}","templated":true}]}}