{"id":4078,"date":"2023-02-19T20:48:02","date_gmt":"2023-02-19T19:48:02","guid":{"rendered":"https:\/\/behinderung-und-flucht.isl-ev.de\/?page_id=4078"},"modified":"2023-04-24T22:23:27","modified_gmt":"2023-04-24T20:23:27","slug":"%d0%ba%d0%b5%d0%bb%d1%8c%d0%bd","status":"publish","type":"page","link":"https:\/\/behinderung-und-flucht.isl-ev.de\/uk\/%d0%bf%d1%83%d1%82%d1%96%d0%b2%d0%bd%d0%b8%d0%ba-%d0%bf%d0%be-%d0%ba%d1%83%d0%bb%d1%8c%d1%82%d1%83%d1%80%d1%96\/%d0%ba%d0%b5%d0%bb%d1%8c%d0%bd\/","title":{"rendered":"\u041a\u0435\u043b\u044c\u043d"},"content":{"rendered":"\n<div class=\"wp-block-columns kachelmenu is-layout-flex wp-container-core-columns-is-layout-9d6595d7 wp-block-columns-is-layout-flex\">\n<div class=\"wp-block-column kachelspalte is-layout-flow wp-block-column-is-layout-flow\">\n<h4 class=\"wp-block-heading\"><i class=\"icon fa fa-building\" aria-hidden=\"true\"> <\/i>  \u0416\u0438\u0442\u0442\u044f \u0432 \u041a\u0435\u043b\u044c\u043d\u0456<\/h4>\n\n\n\n<p class=\"has-large-font-size\"><\/p>\n\n\n\n<div class=\"wp-block-buttons is-layout-flex wp-block-buttons-is-layout-flex\">\n<div class=\"wp-block-button\"><a class=\"wp-block-button__link wp-element-button\" href=\"https:\/\/behinderung-und-flucht.isl-ev.de\/kulturguide\/koeln\/leben-in-koeln\/\">\u041f\u0435\u0440\u0435\u0433\u043b\u044f\u043d\u0443\u0442\u0438 \u0441\u0442\u043e\u0440\u0456\u043d\u043a\u0443<\/a><\/div>\n<\/div>\n<\/div>\n\n\n\n<div class=\"wp-block-column kachelspalte is-layout-flow wp-block-column-is-layout-flow\">\n<h4 class=\"wp-block-heading\"><i class=\"icon fa fa-film\" aria-hidden=\"true\"> <\/i>  <strong>\u041a\u0456\u043d\u043e<\/strong><\/h4>\n\n\n\n<p class=\"has-large-font-size\"><\/p>\n\n\n\n<div class=\"wp-block-buttons is-layout-flex wp-block-buttons-is-layout-flex\">\n<div class=\"wp-block-button\"><a class=\"wp-block-button__link wp-element-button\" href=\"https:\/\/behinderung-und-flucht.isl-ev.de\/kulturguide\/koeln\/kinos-in-koeln\/\">\u041f\u0435\u0440\u0435\u0433\u043b\u044f\u043d\u0443\u0442\u0438 \u0441\u0442\u043e\u0440\u0456\u043d\u043a\u0443<\/a><\/div>\n<\/div>\n<\/div>\n\n\n\n<div class=\"wp-block-column is-layout-flow wp-block-column-is-layout-flow\">\n<h4 class=\"wp-block-heading\"><i class=\"icon fa fa-star\" aria-hidden=\"true\"> <\/i>  <strong>\u041a\u043e\u043d\u0446\u0435\u0440\u0442\u0438<\/strong><\/h4>\n\n\n\n<p class=\"has-large-font-size\"><\/p>\n\n\n\n<div class=\"wp-block-buttons is-layout-flex wp-block-buttons-is-layout-flex\">\n<div class=\"wp-block-button\"><a class=\"wp-block-button__link wp-element-button\" href=\"https:\/\/behinderung-und-flucht.isl-ev.de\/kulturguide\/koeln\/konzerte\/\">\u041f\u0435\u0440\u0435\u0433\u043b\u044f\u043d\u0443\u0442\u0438 \u0441\u0442\u043e\u0440\u0456\u043d\u043a\u0443<\/a><\/div>\n<\/div>\n<\/div>\n<\/div>\n\n\n\n<div class=\"wp-block-columns kachelmenu is-layout-flex wp-container-core-columns-is-layout-9d6595d7 wp-block-columns-is-layout-flex\">\n<div class=\"wp-block-column kachelspalte is-layout-flow wp-block-column-is-layout-flow\">\n<h4 class=\"wp-block-heading\"><i class=\"icon fa fa-music\" aria-hidden=\"true\"> <\/i>  <strong>\u0421\u0432\u044f\u0442\u043a\u0443\u0432\u0430\u043d\u043d\u044f &nbsp;<\/strong><\/h4>\n\n\n\n<div class=\"wp-block-buttons is-layout-flex wp-block-buttons-is-layout-flex\">\n<div class=\"wp-block-button\"><a class=\"wp-block-button__link wp-element-button\" href=\"https:\/\/behinderung-und-flucht.isl-ev.de\/kulturguide\/koeln\/feiern\/\">\u041f\u0435\u0440\u0435\u0433\u043b\u044f\u043d\u0443\u0442\u0438 \u0441\u0442\u043e\u0440\u0456\u043d\u043a\u0443<\/a><\/div>\n<\/div>\n<\/div>\n\n\n\n<div class=\"wp-block-column kachelspalte is-layout-flow wp-block-column-is-layout-flow\">\n<h4 class=\"wp-block-heading\"><i class=\"icon fa fa-rocket\" aria-hidden=\"true\"> <\/i>  <strong>\u0424\u0435\u0441\u0442\u0438\u0432\u0430\u043b\u044c<\/strong><\/h4>\n\n\n\n<div class=\"wp-block-buttons is-layout-flex wp-block-buttons-is-layout-flex\">\n<div class=\"wp-block-button\"><a class=\"wp-block-button__link wp-element-button\" href=\"https:\/\/behinderung-und-flucht.isl-ev.de\/kulturguide\/koeln\/festival\/\">\u041f\u0435\u0440\u0435\u0433\u043b\u044f\u043d\u0443\u0442\u0438 \u0441\u0442\u043e\u0440\u0456\u043d\u043a\u0443<\/a><\/div>\n<\/div>\n<\/div>\n\n\n\n<div class=\"wp-block-column is-layout-flow wp-block-column-is-layout-flow\">\n<h4 class=\"wp-block-heading\"><i class=\"icon fa fa-smile-o\" aria-hidden=\"true\"> <\/i>  <strong>\u0422\u0435\u0430\u0442\u0440<\/strong><\/h4>\n\n\n\n<div class=\"wp-block-buttons is-layout-flex wp-block-buttons-is-layout-flex\">\n<div class=\"wp-block-button\"><a class=\"wp-block-button__link wp-element-button\" href=\"https:\/\/behinderung-und-flucht.isl-ev.de\/kulturguide\/koeln\/theater-in-koeln\/\">\u041f\u0435\u0440\u0435\u0433\u043b\u044f\u043d\u0443\u0442\u0438 \u0441\u0442\u043e\u0440\u0456\u043d\u043a\u0443<\/a><\/div>\n<\/div>\n<\/div>\n<\/div>\n\n\n\n<div class=\"wp-block-columns kachelmenu is-layout-flex wp-container-core-columns-is-layout-9d6595d7 wp-block-columns-is-layout-flex\">\n<div class=\"wp-block-column kachelspalte is-layout-flow wp-block-column-is-layout-flow\">\n<h4 class=\"wp-block-heading\"><i class=\"icon fa fa-bank\" aria-hidden=\"true\"> <\/i>  <strong>\u041c\u0443\u0437\u0435\u0439<\/strong><\/h4>\n\n\n\n<div class=\"wp-block-buttons is-layout-flex wp-block-buttons-is-layout-flex\">\n<div class=\"wp-block-button\"><a class=\"wp-block-button__link wp-element-button\" href=\"https:\/\/behinderung-und-flucht.isl-ev.de\/museen-in-koeln\/\">\u041f\u0435\u0440\u0435\u0433\u043b\u044f\u043d\u0443\u0442\u0438 \u0441\u0442\u043e\u0440\u0456\u043d\u043a\u0443<\/a><\/div>\n<\/div>\n<\/div>\n\n\n\n<div class=\"wp-block-column kachelspalte is-layout-flow wp-block-column-is-layout-flow\">\n<h4 class=\"wp-block-heading\"><i class=\"icon fa fa-camera-retro\" aria-hidden=\"true\"> <\/i>  <strong>\u0414\u043e\u0437\u0432\u0456\u043b\u043b\u044f<\/strong><\/h4>\n\n\n\n<div class=\"wp-block-buttons is-layout-flex wp-block-buttons-is-layout-flex\">\n<div class=\"wp-block-button\"><a class=\"wp-block-button__link wp-element-button\" href=\"https:\/\/behinderung-und-flucht.isl-ev.de\/kulturguide\/koeln\/freizeit\/\">\u041f\u0435\u0440\u0435\u0433\u043b\u044f\u043d\u0443\u0442\u0438 \u0441\u0442\u043e\u0440\u0456\u043d\u043a\u0443<\/a><\/div>\n<\/div>\n<\/div>\n\n\n\n<div class=\"wp-block-column is-layout-flow wp-block-column-is-layout-flow\">\n<h4 class=\"wp-block-heading\"><i class=\"icon fa fa-tree\" aria-hidden=\"true\"> <\/i>  <strong>\u0420\u0456\u0437\u0434\u0432\u044f\u043d\u0438\u0439 \u044f\u0440\u043c\u0430\u0440\u043e\u043a<\/strong><\/h4>\n\n\n\n<div class=\"wp-block-buttons is-layout-flex wp-block-buttons-is-layout-flex\">\n<div class=\"wp-block-button\"><a class=\"wp-block-button__link wp-element-button\" href=\"https:\/\/behinderung-und-flucht.isl-ev.de\/kulturguide\/koeln\/weihnachtsmarkt\/\">\u041f\u0435\u0440\u0435\u0433\u043b\u044f\u043d\u0443\u0442\u0438 \u0441\u0442\u043e\u0440\u0456\u043d\u043a\u0443<\/a><\/div>\n<\/div>\n<\/div>\n<\/div>\n\n\n\n<div class=\"wp-block-columns kachelmenu is-layout-flex wp-container-core-columns-is-layout-9d6595d7 wp-block-columns-is-layout-flex\">\n<div class=\"wp-block-column kachelspalte is-layout-flow wp-block-column-is-layout-flow\">\n<h4 class=\"wp-block-heading\"><i class=\"icon fa fa-plus-circle\" aria-hidden=\"true\"> <\/i>  <strong>\u0406\u043d\u0448\u0435<\/strong><\/h4>\n\n\n\n<div class=\"wp-block-buttons is-layout-flex wp-block-buttons-is-layout-flex\">\n<div class=\"wp-block-button\"><a class=\"wp-block-button__link wp-element-button\" href=\"https:\/\/behinderung-und-flucht.isl-ev.de\/kulturguide\/koeln\/sonstiges-2\/\">\u041f\u0435\u0440\u0435\u0433\u043b\u044f\u043d\u0443\u0442\u0438 \u0441\u0442\u043e\u0440\u0456\u043d\u043a\u0443<\/a><\/div>\n<\/div>\n<\/div>\n\n\n\n<div class=\"wp-block-column kachelspalte is-layout-flow wp-block-column-is-layout-flow\"><\/div>\n\n\n\n<div class=\"wp-block-column is-layout-flow wp-block-column-is-layout-flow\"><\/div>\n<\/div>\n","protected":false},"excerpt":{"rendered":"<p>\u0416\u0438\u0442\u0442\u044f \u0432 \u041a\u0435\u043b\u044c\u043d\u0456 \u041a\u0456\u043d\u043e \u041a\u043e\u043d\u0446\u0435\u0440\u0442\u0438 \u0421\u0432\u044f\u0442\u043a\u0443\u0432\u0430\u043d\u043d\u044f &nbsp; \u0424\u0435\u0441\u0442\u0438\u0432\u0430\u043b\u044c \u0422\u0435\u0430\u0442\u0440 \u041c\u0443\u0437\u0435\u0439 \u0414\u043e\u0437\u0432\u0456\u043b\u043b\u044f \u0420\u0456\u0437\u0434\u0432\u044f\u043d\u0438\u0439 \u044f\u0440\u043c\u0430\u0440\u043e\u043a \u0406\u043d\u0448\u0435<\/p>\n","protected":false},"author":1,"featured_media":0,"parent":4031,"menu_order":0,"comment_status":"closed","ping_status":"closed","template":"","meta":{"ub_ctt_via":"","inline_featured_image":false,"_themeisle_gutenberg_block_has_review":false,"_mc_calendar":[],"footnotes":""},"categories":[],"tags":[],"class_list":["post-4078","page","type-page","status-publish","hentry","entry"],"featured_image_src":null,"yoast_head":"<!-- This site is optimized with the Yoast SEO plugin v21.4 - https:\/\/yoast.com\/wordpress\/plugins\/seo\/ -->\n<title>\u041a\u0435\u043b\u044c\u043d - Infoseite der Interessenvertretung Selbstbestimmt Leben in Deutschland e.V.<\/title>\n<meta name=\"robots\" content=\"index, follow, max-snippet:-1, max-image-preview:large, max-video-preview:-1\" \/>\n<link rel=\"canonical\" href=\"https:\/\/behinderung-und-flucht.isl-ev.de\/uk\/%d0%bf%d1%83%d1%82%d1%96%d0%b2%d0%bd%d0%b8%d0%ba-%d0%bf%d0%be-%d0%ba%d1%83%d0%bb%d1%8c%d1%82%d1%83%d1%80%d1%96\/%d0%ba%d0%b5%d0%bb%d1%8c%d0%bd\/\" \/>\n<meta property=\"og:locale\" content=\"uk_UA\" \/>\n<meta property=\"og:type\" content=\"article\" \/>\n<meta property=\"og:title\" content=\"\u041a\u0435\u043b\u044c\u043d - Infoseite der Interessenvertretung Selbstbestimmt Leben in Deutschland e.V.\" \/>\n<meta property=\"og:description\" content=\"\u0416\u0438\u0442\u0442\u044f \u0432 \u041a\u0435\u043b\u044c\u043d\u0456 \u041a\u0456\u043d\u043e \u041a\u043e\u043d\u0446\u0435\u0440\u0442\u0438 \u0421\u0432\u044f\u0442\u043a\u0443\u0432\u0430\u043d\u043d\u044f &nbsp; \u0424\u0435\u0441\u0442\u0438\u0432\u0430\u043b\u044c \u0422\u0435\u0430\u0442\u0440 \u041c\u0443\u0437\u0435\u0439 \u0414\u043e\u0437\u0432\u0456\u043b\u043b\u044f \u0420\u0456\u0437\u0434\u0432\u044f\u043d\u0438\u0439 \u044f\u0440\u043c\u0430\u0440\u043e\u043a \u0406\u043d\u0448\u0435\" \/>\n<meta property=\"og:url\" content=\"https:\/\/behinderung-und-flucht.isl-ev.de\/uk\/%d0%bf%d1%83%d1%82%d1%96%d0%b2%d0%bd%d0%b8%d0%ba-%d0%bf%d0%be-%d0%ba%d1%83%d0%bb%d1%8c%d1%82%d1%83%d1%80%d1%96\/%d0%ba%d0%b5%d0%bb%d1%8c%d0%bd\/\" \/>\n<meta property=\"og:site_name\" content=\"Infoseite der Interessenvertretung Selbstbestimmt Leben in Deutschland e.V.\" \/>\n<meta property=\"article:modified_time\" content=\"2023-04-24T20:23:27+00:00\" \/>\n<meta name=\"twitter:card\" content=\"summary_large_image\" \/>\n<meta name=\"twitter:label1\" content=\"\u041f\u0440\u0438\u0431\u043b. \u0447\u0430\u0441 \u0447\u0438\u0442\u0430\u043d\u043d\u044f\" \/>\n\t<meta name=\"twitter:data1\" content=\"1 \u0445\u0432\u0438\u043b\u0438\u043d\u0430\" \/>\n<script type=\"application\/ld+json\" class=\"yoast-schema-graph\">{\"@context\":\"https:\/\/schema.org\",\"@graph\":[{\"@type\":\"WebPage\",\"@id\":\"https:\/\/behinderung-und-flucht.isl-ev.de\/uk\/%d0%bf%d1%83%d1%82%d1%96%d0%b2%d0%bd%d0%b8%d0%ba-%d0%bf%d0%be-%d0%ba%d1%83%d0%bb%d1%8c%d1%82%d1%83%d1%80%d1%96\/%d0%ba%d0%b5%d0%bb%d1%8c%d0%bd\/\",\"url\":\"https:\/\/behinderung-und-flucht.isl-ev.de\/uk\/%d0%bf%d1%83%d1%82%d1%96%d0%b2%d0%bd%d0%b8%d0%ba-%d0%bf%d0%be-%d0%ba%d1%83%d0%bb%d1%8c%d1%82%d1%83%d1%80%d1%96\/%d0%ba%d0%b5%d0%bb%d1%8c%d0%bd\/\",\"name\":\"\u041a\u0435\u043b\u044c\u043d - Infoseite der Interessenvertretung Selbstbestimmt Leben in Deutschland e.V.\",\"isPartOf\":{\"@id\":\"https:\/\/behinderung-und-flucht.isl-ev.de\/uk\/#website\"},\"datePublished\":\"2023-02-19T19:48:02+00:00\",\"dateModified\":\"2023-04-24T20:23:27+00:00\",\"breadcrumb\":{\"@id\":\"https:\/\/behinderung-und-flucht.isl-ev.de\/uk\/%d0%bf%d1%83%d1%82%d1%96%d0%b2%d0%bd%d0%b8%d0%ba-%d0%bf%d0%be-%d0%ba%d1%83%d0%bb%d1%8c%d1%82%d1%83%d1%80%d1%96\/%d0%ba%d0%b5%d0%bb%d1%8c%d0%bd\/#breadcrumb\"},\"inLanguage\":\"uk\",\"potentialAction\":[{\"@type\":\"ReadAction\",\"target\":[\"https:\/\/behinderung-und-flucht.isl-ev.de\/uk\/%d0%bf%d1%83%d1%82%d1%96%d0%b2%d0%bd%d0%b8%d0%ba-%d0%bf%d0%be-%d0%ba%d1%83%d0%bb%d1%8c%d1%82%d1%83%d1%80%d1%96\/%d0%ba%d0%b5%d0%bb%d1%8c%d0%bd\/\"]}]},{\"@type\":\"BreadcrumbList\",\"@id\":\"https:\/\/behinderung-und-flucht.isl-ev.de\/uk\/%d0%bf%d1%83%d1%82%d1%96%d0%b2%d0%bd%d0%b8%d0%ba-%d0%bf%d0%be-%d0%ba%d1%83%d0%bb%d1%8c%d1%82%d1%83%d1%80%d1%96\/%d0%ba%d0%b5%d0%bb%d1%8c%d0%bd\/#breadcrumb\",\"itemListElement\":[{\"@type\":\"ListItem\",\"position\":1,\"name\":\"Startseite\",\"item\":\"https:\/\/behinderung-und-flucht.isl-ev.de\/uk\/\"},{\"@type\":\"ListItem\",\"position\":2,\"name\":\"\u041f\u0443\u0442\u0456\u0432\u043d\u0438\u043a \u043f\u043e \u043a\u0443\u043b\u044c\u0442\u0443\u0440\u0456\",\"item\":\"https:\/\/behinderung-und-flucht.isl-ev.de\/uk\/%d0%bf%d1%83%d1%82%d1%96%d0%b2%d0%bd%d0%b8%d0%ba-%d0%bf%d0%be-%d0%ba%d1%83%d0%bb%d1%8c%d1%82%d1%83%d1%80%d1%96\/\"},{\"@type\":\"ListItem\",\"position\":3,\"name\":\"\u041a\u0435\u043b\u044c\u043d\"}]},{\"@type\":\"WebSite\",\"@id\":\"https:\/\/behinderung-und-flucht.isl-ev.de\/uk\/#website\",\"url\":\"https:\/\/behinderung-und-flucht.isl-ev.de\/uk\/\",\"name\":\"Infoseite f\u00fcr gefl\u00fcchtete Menschen mit Behinderungen oder chronischen Erkrankungen\",\"description\":\"Informationen f\u00fcr gefl\u00fcchtete Menschen mit Behinderungen oder chronischen Erkrankungen\",\"publisher\":{\"@id\":\"https:\/\/behinderung-und-flucht.isl-ev.de\/uk\/#organization\"},\"alternateName\":\"Infoseite f\u00fcr gefl\u00fcchtete Menschen mit Behinderungen\",\"potentialAction\":[{\"@type\":\"SearchAction\",\"target\":{\"@type\":\"EntryPoint\",\"urlTemplate\":\"https:\/\/behinderung-und-flucht.isl-ev.de\/uk\/?s={search_term_string}\"},\"query-input\":\"required name=search_term_string\"}],\"inLanguage\":\"uk\"},{\"@type\":\"Organization\",\"@id\":\"https:\/\/behinderung-und-flucht.isl-ev.de\/uk\/#organization\",\"name\":\"Infoseite der Interessenvertretung Selbstbestimmt Leben in Deutschland e.V.\",\"url\":\"https:\/\/behinderung-und-flucht.isl-ev.de\/uk\/\",\"logo\":{\"@type\":\"ImageObject\",\"inLanguage\":\"uk\",\"@id\":\"https:\/\/behinderung-und-flucht.isl-ev.de\/uk\/#\/schema\/logo\/image\/\",\"url\":\"https:\/\/behinderung-und-flucht.isl-ev.de\/wp-content\/uploads\/2022\/09\/logo-infoseite-04.svg\",\"contentUrl\":\"https:\/\/behinderung-und-flucht.isl-ev.de\/wp-content\/uploads\/2022\/09\/logo-infoseite-04.svg\",\"caption\":\"Infoseite der Interessenvertretung Selbstbestimmt Leben in Deutschland e.V.\"},\"image\":{\"@id\":\"https:\/\/behinderung-und-flucht.isl-ev.de\/uk\/#\/schema\/logo\/image\/\"}}]}<\/script>\n<!-- \/ Yoast SEO plugin. -->","yoast_head_json":{"title":"\u041a\u0435\u043b\u044c\u043d - Infoseite der Interessenvertretung Selbstbestimmt Leben in Deutschland e.V.","robots":{"index":"index","follow":"follow","max-snippet":"max-snippet:-1","max-image-preview":"max-image-preview:large","max-video-preview":"max-video-preview:-1"},"canonical":"https:\/\/behinderung-und-flucht.isl-ev.de\/uk\/%d0%bf%d1%83%d1%82%d1%96%d0%b2%d0%bd%d0%b8%d0%ba-%d0%bf%d0%be-%d0%ba%d1%83%d0%bb%d1%8c%d1%82%d1%83%d1%80%d1%96\/%d0%ba%d0%b5%d0%bb%d1%8c%d0%bd\/","og_locale":"uk_UA","og_type":"article","og_title":"\u041a\u0435\u043b\u044c\u043d - Infoseite der Interessenvertretung Selbstbestimmt Leben in Deutschland e.V.","og_description":"\u0416\u0438\u0442\u0442\u044f \u0432 \u041a\u0435\u043b\u044c\u043d\u0456 \u041a\u0456\u043d\u043e \u041a\u043e\u043d\u0446\u0435\u0440\u0442\u0438 \u0421\u0432\u044f\u0442\u043a\u0443\u0432\u0430\u043d\u043d\u044f &nbsp; \u0424\u0435\u0441\u0442\u0438\u0432\u0430\u043b\u044c \u0422\u0435\u0430\u0442\u0440 \u041c\u0443\u0437\u0435\u0439 \u0414\u043e\u0437\u0432\u0456\u043b\u043b\u044f \u0420\u0456\u0437\u0434\u0432\u044f\u043d\u0438\u0439 \u044f\u0440\u043c\u0430\u0440\u043e\u043a \u0406\u043d\u0448\u0435","og_url":"https:\/\/behinderung-und-flucht.isl-ev.de\/uk\/%d0%bf%d1%83%d1%82%d1%96%d0%b2%d0%bd%d0%b8%d0%ba-%d0%bf%d0%be-%d0%ba%d1%83%d0%bb%d1%8c%d1%82%d1%83%d1%80%d1%96\/%d0%ba%d0%b5%d0%bb%d1%8c%d0%bd\/","og_site_name":"Infoseite der Interessenvertretung Selbstbestimmt Leben in Deutschland e.V.","article_modified_time":"2023-04-24T20:23:27+00:00","twitter_card":"summary_large_image","twitter_misc":{"\u041f\u0440\u0438\u0431\u043b. \u0447\u0430\u0441 \u0447\u0438\u0442\u0430\u043d\u043d\u044f":"1 \u0445\u0432\u0438\u043b\u0438\u043d\u0430"},"schema":{"@context":"https:\/\/schema.org","@graph":[{"@type":"WebPage","@id":"https:\/\/behinderung-und-flucht.isl-ev.de\/uk\/%d0%bf%d1%83%d1%82%d1%96%d0%b2%d0%bd%d0%b8%d0%ba-%d0%bf%d0%be-%d0%ba%d1%83%d0%bb%d1%8c%d1%82%d1%83%d1%80%d1%96\/%d0%ba%d0%b5%d0%bb%d1%8c%d0%bd\/","url":"https:\/\/behinderung-und-flucht.isl-ev.de\/uk\/%d0%bf%d1%83%d1%82%d1%96%d0%b2%d0%bd%d0%b8%d0%ba-%d0%bf%d0%be-%d0%ba%d1%83%d0%bb%d1%8c%d1%82%d1%83%d1%80%d1%96\/%d0%ba%d0%b5%d0%bb%d1%8c%d0%bd\/","name":"\u041a\u0435\u043b\u044c\u043d - Infoseite der Interessenvertretung Selbstbestimmt Leben in Deutschland e.V.","isPartOf":{"@id":"https:\/\/behinderung-und-flucht.isl-ev.de\/uk\/#website"},"datePublished":"2023-02-19T19:48:02+00:00","dateModified":"2023-04-24T20:23:27+00:00","breadcrumb":{"@id":"https:\/\/behinderung-und-flucht.isl-ev.de\/uk\/%d0%bf%d1%83%d1%82%d1%96%d0%b2%d0%bd%d0%b8%d0%ba-%d0%bf%d0%be-%d0%ba%d1%83%d0%bb%d1%8c%d1%82%d1%83%d1%80%d1%96\/%d0%ba%d0%b5%d0%bb%d1%8c%d0%bd\/#breadcrumb"},"inLanguage":"uk","potentialAction":[{"@type":"ReadAction","target":["https:\/\/behinderung-und-flucht.isl-ev.de\/uk\/%d0%bf%d1%83%d1%82%d1%96%d0%b2%d0%bd%d0%b8%d0%ba-%d0%bf%d0%be-%d0%ba%d1%83%d0%bb%d1%8c%d1%82%d1%83%d1%80%d1%96\/%d0%ba%d0%b5%d0%bb%d1%8c%d0%bd\/"]}]},{"@type":"BreadcrumbList","@id":"https:\/\/behinderung-und-flucht.isl-ev.de\/uk\/%d0%bf%d1%83%d1%82%d1%96%d0%b2%d0%bd%d0%b8%d0%ba-%d0%bf%d0%be-%d0%ba%d1%83%d0%bb%d1%8c%d1%82%d1%83%d1%80%d1%96\/%d0%ba%d0%b5%d0%bb%d1%8c%d0%bd\/#breadcrumb","itemListElement":[{"@type":"ListItem","position":1,"name":"Startseite","item":"https:\/\/behinderung-und-flucht.isl-ev.de\/uk\/"},{"@type":"ListItem","position":2,"name":"\u041f\u0443\u0442\u0456\u0432\u043d\u0438\u043a \u043f\u043e \u043a\u0443\u043b\u044c\u0442\u0443\u0440\u0456","item":"https:\/\/behinderung-und-flucht.isl-ev.de\/uk\/%d0%bf%d1%83%d1%82%d1%96%d0%b2%d0%bd%d0%b8%d0%ba-%d0%bf%d0%be-%d0%ba%d1%83%d0%bb%d1%8c%d1%82%d1%83%d1%80%d1%96\/"},{"@type":"ListItem","position":3,"name":"\u041a\u0435\u043b\u044c\u043d"}]},{"@type":"WebSite","@id":"https:\/\/behinderung-und-flucht.isl-ev.de\/uk\/#website","url":"https:\/\/behinderung-und-flucht.isl-ev.de\/uk\/","name":"Infoseite f\u00fcr gefl\u00fcchtete Menschen mit Behinderungen oder chronischen Erkrankungen","description":"Informationen f\u00fcr gefl\u00fcchtete Menschen mit Behinderungen oder chronischen Erkrankungen","publisher":{"@id":"https:\/\/behinderung-und-flucht.isl-ev.de\/uk\/#organization"},"alternateName":"Infoseite f\u00fcr gefl\u00fcchtete Menschen mit Behinderungen","potentialAction":[{"@type":"SearchAction","target":{"@type":"EntryPoint","urlTemplate":"https:\/\/behinderung-und-flucht.isl-ev.de\/uk\/?s={search_term_string}"},"query-input":"required name=search_term_string"}],"inLanguage":"uk"},{"@type":"Organization","@id":"https:\/\/behinderung-und-flucht.isl-ev.de\/uk\/#organization","name":"Infoseite der Interessenvertretung Selbstbestimmt Leben in Deutschland e.V.","url":"https:\/\/behinderung-und-flucht.isl-ev.de\/uk\/","logo":{"@type":"ImageObject","inLanguage":"uk","@id":"https:\/\/behinderung-und-flucht.isl-ev.de\/uk\/#\/schema\/logo\/image\/","url":"https:\/\/behinderung-und-flucht.isl-ev.de\/wp-content\/uploads\/2022\/09\/logo-infoseite-04.svg","contentUrl":"https:\/\/behinderung-und-flucht.isl-ev.de\/wp-content\/uploads\/2022\/09\/logo-infoseite-04.svg","caption":"Infoseite der Interessenvertretung Selbstbestimmt Leben in Deutschland e.V."},"image":{"@id":"https:\/\/behinderung-und-flucht.isl-ev.de\/uk\/#\/schema\/logo\/image\/"}}]}},"_links":{"self":[{"href":"https:\/\/behinderung-und-flucht.isl-ev.de\/uk\/wp-json\/wp\/v2\/pages\/4078","targetHints":{"allow":["GET"]}}],"collection":[{"href":"https:\/\/behinderung-und-flucht.isl-ev.de\/uk\/wp-json\/wp\/v2\/pages"}],"about":[{"href":"https:\/\/behinderung-und-flucht.isl-ev.de\/uk\/wp-json\/wp\/v2\/types\/page"}],"author":[{"embeddable":true,"href":"https:\/\/behinderung-und-flucht.isl-ev.de\/uk\/wp-json\/wp\/v2\/users\/1"}],"replies":[{"embeddable":true,"href":"https:\/\/behinderung-und-flucht.isl-ev.de\/uk\/wp-json\/wp\/v2\/comments?post=4078"}],"version-history":[{"count":1,"href":"https:\/\/behinderung-und-flucht.isl-ev.de\/uk\/wp-json\/wp\/v2\/pages\/4078\/revisions"}],"predecessor-version":[{"id":4079,"href":"https:\/\/behinderung-und-flucht.isl-ev.de\/uk\/wp-json\/wp\/v2\/pages\/4078\/revisions\/4079"}],"up":[{"embeddable":true,"href":"https:\/\/behinderung-und-flucht.isl-ev.de\/uk\/wp-json\/wp\/v2\/pages\/4031"}],"wp:attachment":[{"href":"https:\/\/behinderung-und-flucht.isl-ev.de\/uk\/wp-json\/wp\/v2\/media?parent=4078"}],"wp:term":[{"taxonomy":"category","embeddable":true,"href":"https:\/\/behinderung-und-flucht.isl-ev.de\/uk\/wp-json\/wp\/v2\/categories?post=4078"},{"taxonomy":"post_tag","embeddable":true,"href":"https:\/\/behinderung-und-flucht.isl-ev.de\/uk\/wp-json\/wp\/v2\/tags?post=4078"}],"curies":[{"name":"wp","href":"https:\/\/api.w.org\/{rel}","templated":true}]}}