{"id":2754,"date":"2023-02-20T14:39:12","date_gmt":"2023-02-20T13:39:12","guid":{"rendered":"https:\/\/behinderung-und-flucht.isl-ev.de\/?page_id=2754"},"modified":"2023-03-21T22:30:38","modified_gmt":"2023-03-21T21:30:38","slug":"theater-in-koeln","status":"publish","type":"page","link":"https:\/\/behinderung-und-flucht.isl-ev.de\/uk\/kulturguide\/koeln\/theater-in-koeln\/","title":{"rendered":"Theater"},"content":{"rendered":"\n<p><\/p>\n\n\n\n<div id=\"wp-block-themeisle-blocks-accordion-35e4df50\" data-has-schema=\"false\" class=\"wp-block-themeisle-blocks-accordion exclusive has-gap\">\n<details class=\"wp-block-themeisle-blocks-accordion-item\"><summary class=\"wp-block-themeisle-blocks-accordion-item__title\"><h2><strong>Schauspiel K\u00f6ln<\/strong> <img decoding=\"async\" style=\"width: 50px;\" src=\"https:\/\/behinderung-und-flucht.isl-ev.de\/wp-content\/uploads\/2023\/02\/WKU-Icons_Audiodeskription.svg\" alt=\"Audiodeskription F\u00fcr visuelle Beitr\u00e4ge ist eine akustische Bildbeschreibung verf\u00fcgbar.\"><img decoding=\"async\" src=\"https:\/\/behinderung-und-flucht.isl-ev.de\/wp-content\/uploads\/2023\/02\/WKU-Icons_Begleitperson-frei.svg\" alt=\"Begleitperson frei lnhaber*innen eines Schwerbehindertenausweises k\u00f6nnen eine Begleitperson kostenfrei mitbringen.\" style=\"width: 50px;\"><img decoding=\"async\" src=\"https:\/\/behinderung-und-flucht.isl-ev.de\/wp-content\/uploads\/2023\/02\/WKU-Icons_Behindertenparkplaetze-vorhanden.svg\" alt=\"Behindertenparkpl\u00e4tze vorhanden Es stehen gekennzeichnete Parkpl\u00e4tze in Eingangsn\u00e4he zur Verf\u00fcgung.\" style=\"width: 50px;\"><img decoding=\"async\" src=\"https:\/\/behinderung-und-flucht.isl-ev.de\/wp-content\/uploads\/2023\/02\/WKU-Icons_Zugaenglich-mit-Rollstuhl.svg\" alt=\"Zug\u00e4nglich mit Rollstuhl Den Gast erwarten keine Treppen, ggfs. ist eine Rampe vorhanden.\" style=\"width: 50px;\"><img decoding=\"async\" src=\"https:\/\/behinderung-und-flucht.isl-ev.de\/wp-content\/uploads\/2023\/02\/WKU-Icons_Induktionsschleife-vorhanden.svg\" alt=\"Induktionsschleife vorhanden Tr\u00e4ger*innen eines H\u00f6rger\u00e4ts\/ Cl k\u00f6nnen Signale einer induktiven H\u00f6ranlage empfangen.\" style=\"width: 50px;\"><img decoding=\"async\" src=\"https:\/\/behinderung-und-flucht.isl-ev.de\/wp-content\/uploads\/2023\/02\/WKU-Icons_Untertitel.svg\" alt=\"Untertitel Video- und Audio-Beitr\u00e4ge enthalten Untertitel.\" style=\"width: 50px;\"><\/h2><\/summary><div class=\"wp-block-themeisle-blocks-accordion-item__content\">\n<h3 class=\"wp-block-heading\">Schauspiel K\u00f6ln<\/h3>\n\n\n\n<h4 class=\"wp-block-heading\">Erkl\u00e4rung<\/h4>\n\n\n\n<p>Das Schauspiel K\u00f6ln ist eine traditionelle Schauspielst\u00e4tte. Hier finden viele verschiedene Theaterauff\u00fchrungen statt. Das urspr\u00fcngliche Geb\u00e4ude am Offenbachplatz in K\u00f6ln wird derzeit umgebaut und saniert. Daher finden bis zur Wiederer\u00f6ffnung alle Veranstaltungen im Depot 1 und Depot 2 auf dem Gel\u00e4nde des Carlswerks in der Schanzenstra\u00dfe statt. Alle Angaben zur Barrierefreiheit beziehen sich daher auf den aktuellen Standort in der Schanzenstra\u00dfe.<\/p>\n\n\n\n<div class=\"wp-block-columns is-style-default is-layout-flex wp-container-core-columns-is-layout-9d6595d7 wp-block-columns-is-layout-flex\">\n<div class=\"wp-block-column is-layout-flow wp-block-column-is-layout-flow\">\n<h4 class=\"wp-block-heading\"><strong>Barrierefreiheit<\/strong><\/h4>\n\n\n\n<figure class=\"wp-block-table\"><table class=\"has-white-background-color has-background\"><tbody><tr><td><img decoding=\"async\" src=\"https:\/\/behinderung-und-flucht.isl-ev.de\/wp-content\/uploads\/2023\/02\/WKU-Icons_Audiodeskription.svg\" alt=\"Audiodeskription F\u00fcr visuelle Beitr\u00e4ge ist eine akustische Bildbeschreibung verf\u00fcgbar.\" style=\"width: 150px;\"><\/td><td>Ausgew\u00e4hlte Vorstellungen werden mit Audiodeskription begleitet<\/td><\/tr><tr><td><img decoding=\"async\" src=\"https:\/\/behinderung-und-flucht.isl-ev.de\/wp-content\/uploads\/2023\/02\/WKU-Icons_Begleitperson-frei.svg\" alt=\"Begleitperson frei lnhaber*innen eines Schwerbehindertenausweises k\u00f6nnen eine Begleitperson kostenfrei mitbringen.\"><\/td><td>Begleitperson frei<\/td><\/tr><tr><td><img decoding=\"async\" src=\"https:\/\/behinderung-und-flucht.isl-ev.de\/wp-content\/uploads\/2023\/02\/WKU-Icons_Behindertenparkplaetze-vorhanden.svg\" alt=\"Behindertenparkpl\u00e4tze vorhanden Es stehen gekennzeichnete Parkpl\u00e4tze in Eingangsn\u00e4he zur Verf\u00fcgung.\"><\/td><td>4 Behindertenparkpl\u00e4tze vorhanden<\/td><\/tr><tr><td><img decoding=\"async\" src=\"https:\/\/behinderung-und-flucht.isl-ev.de\/wp-content\/uploads\/2023\/02\/WKU-Icons_Zugaenglich-mit-Rollstuhl.svg\" alt=\"Zug\u00e4nglich mit Rollstuhl Den Gast erwarten keine Treppen, ggfs. ist eine Rampe vorhanden.\"><\/td><td>zug\u00e4nglich mit Rollstuhl<\/td><\/tr><tr><td><img decoding=\"async\" src=\"https:\/\/behinderung-und-flucht.isl-ev.de\/wp-content\/uploads\/2023\/02\/WKU-Icons_Induktionsschleife-vorhanden.svg\" alt=\"Induktionsschleife vorhanden Tr\u00e4ger*innen eines H\u00f6rger\u00e4ts\/ Cl k\u00f6nnen Signale einer induktiven H\u00f6ranlage empfangen.\"><\/td><td>Induktionsschleife vorhanden<\/td><\/tr><tr><td><img decoding=\"async\" src=\"https:\/\/behinderung-und-flucht.isl-ev.de\/wp-content\/uploads\/2023\/02\/WKU-Icons_Untertitel.svg\" alt=\"Untertitel Video- und Audio-Beitr\u00e4ge enthalten Untertitel.\"><\/td><td>\u00dcbertitel bei ausgew\u00e4hlten Vorstellungen<\/td><\/tr><\/tbody><\/table><\/figure>\n\n\n\n<p><strong>Weitere Hinweise zur Barrierefreiheit<\/strong><\/p>\n\n\n\n<ul class=\"wp-block-list\">\n<li><a href=\"https:\/\/www.schauspiel.koeln\/service\/barrieresensibles-theater\/\">https:\/\/www.schauspiel.koeln\/service\/barrieresensibles-theater\/<\/a><\/li>\n\n\n\n<li>50% Erm\u00e4\u00dfigung f\u00fcr Menschen mit Behinderung<\/li>\n\n\n\n<li>es gibt neben der Induktionsschleife auch eine WLAN basierte H\u00f6ranlage<\/li>\n\n\n\n<li>es ist ein WC vorhanden, das mit dem Rollstuhl benutzt werden kann. Allerdings ist der Zugang aufgrund einer Rampe nicht alleine m\u00f6glich. Des Weiteren ist nicht weiter bekannt, ob das WC dem DIN-Standard entspricht.<\/li>\n<\/ul>\n<\/div>\n\n\n\n<div class=\"wp-block-column is-layout-flow wp-block-column-is-layout-flow\">\n<h4 class=\"wp-block-heading\">Kontaktdaten<\/h4>\n\n\n\n<p>Schanzenstra\u00dfe 6-20<br>51063 K\u00f6ln<br>Telefon (Tickets): 00 49 22 1 22 12 84 00<br>E-Mail (Tickets): tickets@buehnen.koeln&nbsp;<br>E-Mail: info@schauspiel.koeln<br>Website: https:\/\/www.schauspiel.koeln\/home\/<\/p>\n\n\n\n<h4 class=\"wp-block-heading\"><strong>\u00d6ffnungszeiten<\/strong><\/h4>\n\n\n\n<p>Unterschiedlich je nach Vorstellung<\/p>\n\n\n\n<h4 class=\"wp-block-heading\"><strong>Erreichbarkeit mit \u00f6ffentlichen Verkehrsmitteln<\/strong><\/h4>\n\n\n\n<p>Haltestelle Keupstra\u00dfe<br>Stadtbahnlinie 4<br>Haltestelle Schanzenstra\u00dfe \/ Schauspielhaus<br>Buslinie 150<\/p>\n\n\n\n<h4 class=\"wp-block-heading\"><strong>K\u00f6ln-Pass<\/strong><\/h4>\n\n\n\n<p>K\u00f6ln-Pass Inhaber*innen erhalten 50% Erm\u00e4\u00dfigung<\/p>\n\n\n\n<h4 class=\"wp-block-heading\"><strong>Angebot f\u00fcr Gefl\u00fcchtete<\/strong><\/h4>\n\n\n\n<p>Nein<\/p>\n\n\n\n<h4 class=\"wp-block-heading\"><strong>Eintritt<\/strong><\/h4>\n\n\n\n<p>Ab 10 \u20ac<\/p>\n<\/div>\n<\/div>\n<\/div><\/details>\n\n\n\n<details class=\"wp-block-themeisle-blocks-accordion-item\"><summary class=\"wp-block-themeisle-blocks-accordion-item__title\"><h2><strong>Comedia<\/strong> <img decoding=\"async\" style=\"width: 50px;\" src=\"https:\/\/behinderung-und-flucht.isl-ev.de\/wp-content\/uploads\/2023\/02\/WKU-Icons_Begleitperson-frei.svg\" alt=\"Begleitperson frei lnhaber*innen eines Schwerbehindertenausweises k\u00f6nnen eine Begleitperson kostenfrei mitbringen.\"><img decoding=\"async\" style=\"width: 50px;\" src=\"https:\/\/behinderung-und-flucht.isl-ev.de\/wp-content\/uploads\/2023\/02\/WKU-Icons_Behindertenparkplaetze-vorhanden.svg\" alt=\"Behindertenparkpl\u00e4tze vorhanden Es stehen gekennzeichnete Parkpl\u00e4tze in Eingangsn\u00e4he zur Verf\u00fcgung.\"><img decoding=\"async\" style=\"width: 50px;\" src=\"https:\/\/behinderung-und-flucht.isl-ev.de\/wp-content\/uploads\/2023\/02\/WKU-Icons_Zugaenglich-mit-Rollstuhl.svg\" alt=\"Zug\u00e4nglich mit Rollstuhl Den Gast erwarten keine Treppen, ggfs. ist eine Rampe vorhanden.\"><img decoding=\"async\" class=\"wp-image-2931\" style=\"width: 50px;\" src=\"https:\/\/behinderung-und-flucht.isl-ev.de\/wp-content\/uploads\/2023\/02\/WKU-Icons_Barrierefreie-Toilette.svg\" alt=\"Barrierefreie Toilette Die Toilette ist barrierefrei zug\u00e4nglich und rollstuhlgerecht eingerichtet\"><img decoding=\"async\" class=\"wp-image-2903\" style=\"width: 50px;\" src=\"https:\/\/behinderung-und-flucht.isl-ev.de\/wp-content\/uploads\/2023\/02\/WKU-Icons_Angebote-fuer-Blinde.svg\" alt=\"Angebote f\u00fcr Blinde Es gibt einen Begleit- und Unterst\u00fctzungsservice f\u00fcr blinde G\u00e4ste.\"><img decoding=\"async\" class=\"wp-image-2911\" style=\"width: 50px;\" src=\"https:\/\/behinderung-und-flucht.isl-ev.de\/wp-content\/uploads\/2023\/02\/WKU-Icons_Assistenzhund-willkommen.svg\" alt=\"Assistenzhund willkommen Es ist m\u00f6glich einen Assistenzhund mitzuf\u00fchren.\"><img decoding=\"async\" style=\"width: 50px;\" src=\"https:\/\/behinderung-und-flucht.isl-ev.de\/wp-content\/uploads\/2023\/02\/WKU-Icons_Induktionsschleife-vorhanden.svg\" alt=\"Induktionsschleife vorhanden Tr\u00e4ger*innen eines H\u00f6rger\u00e4ts\/ Cl k\u00f6nnen Signale einer induktiven H\u00f6ranlage empfangen.\"><\/h2><\/summary><div class=\"wp-block-themeisle-blocks-accordion-item__content\">\n<h3 class=\"wp-block-heading\">Comedia<\/h3>\n\n\n\n<h4 class=\"wp-block-heading\">Erkl\u00e4rung<\/h4>\n\n\n\n<p>Das Comedia Theater ist ein Veranstaltungsort, an dem in zwei Theaters\u00e4len Kinder- und Jugendtheaterst\u00fccke aufgef\u00fchrt werden, aber auch Veranstaltungen aus dem Bereich Kabarett, Comedy, Tanz, Lesungen, Konzerte und Theater f\u00fcr Erwachsene. Das Comedia Theater ist Teilnehmer des Projekts \u201cAccess Maker\u201d.<\/p>\n\n\n\n<div class=\"wp-block-columns is-style-default is-layout-flex wp-container-core-columns-is-layout-9d6595d7 wp-block-columns-is-layout-flex\">\n<div class=\"wp-block-column is-layout-flow wp-block-column-is-layout-flow\">\n<h4 class=\"wp-block-heading\"><strong>Barrierefreiheit<\/strong><\/h4>\n\n\n\n<figure class=\"wp-block-table\"><table class=\"has-white-background-color has-background\"><tbody><tr><td><img decoding=\"async\" style=\"width: 150px;\" src=\"https:\/\/behinderung-und-flucht.isl-ev.de\/wp-content\/uploads\/2023\/02\/WKU-Icons_Begleitperson-frei.svg\" alt=\"Begleitperson frei lnhaber*innen eines Schwerbehindertenausweises k\u00f6nnen eine Begleitperson kostenfrei mitbringen.\"><\/td><td>Begleitperson frei<\/td><\/tr><tr><td><img decoding=\"async\" style=\"width: 150px;\" src=\"https:\/\/behinderung-und-flucht.isl-ev.de\/wp-content\/uploads\/2023\/02\/WKU-Icons_Behindertenparkplaetze-vorhanden.svg\" alt=\"Behindertenparkpl\u00e4tze vorhanden Es stehen gekennzeichnete Parkpl\u00e4tze in Eingangsn\u00e4he zur Verf\u00fcgung.\"><\/td><td>1 Behindertenparkplatz vorhanden<\/td><\/tr><tr><td><img decoding=\"async\" style=\"width: 150px;\" src=\"https:\/\/behinderung-und-flucht.isl-ev.de\/wp-content\/uploads\/2023\/02\/WKU-Icons_Zugaenglich-mit-Rollstuhl.svg\" alt=\"Zug\u00e4nglich mit Rollstuhl Den Gast erwarten keine Treppen, ggfs. ist eine Rampe vorhanden.\"><\/td><td>zug\u00e4nglich mit Rollstuhl<\/td><\/tr><tr><td><img decoding=\"async\" class=\"wp-image-2931\" style=\"width: NaNpx;\" src=\"https:\/\/behinderung-und-flucht.isl-ev.de\/wp-content\/uploads\/2023\/02\/WKU-Icons_Barrierefreie-Toilette.svg\" alt=\"Barrierefreie Toilette Die Toilette ist barrierefrei zug\u00e4nglich und rollstuhlgerecht eingerichtet\"><\/td><td>barrierefreies WC<\/td><\/tr><tr><td><img decoding=\"async\" class=\"wp-image-2903\" style=\"width: NaNpx;\" src=\"https:\/\/behinderung-und-flucht.isl-ev.de\/wp-content\/uploads\/2023\/02\/WKU-Icons_Angebote-fuer-Blinde.svg\" alt=\"Angebote f\u00fcr Blinde Es gibt einen Begleit- und Unterst\u00fctzungsservice f\u00fcr blinde G\u00e4ste.\"><\/td><td>Angebot f\u00fcr Blinde (Begleitservice durch das Theaterpersonal)<\/td><\/tr><tr><td><img decoding=\"async\" class=\"wp-image-2911\" style=\"width: NaNpx;\" src=\"https:\/\/behinderung-und-flucht.isl-ev.de\/wp-content\/uploads\/2023\/02\/WKU-Icons_Assistenzhund-willkommen.svg\" alt=\"Assistenzhund willkommen Es ist m\u00f6glich einen Assistenzhund mitzuf\u00fchren.\"><\/td><td>Assistenzhunde willkommen<\/td><\/tr><tr><td><img decoding=\"async\" style=\"width: 150px;\" src=\"https:\/\/behinderung-und-flucht.isl-ev.de\/wp-content\/uploads\/2023\/02\/WKU-Icons_Induktionsschleife-vorhanden.svg\" alt=\"Induktionsschleife vorhanden Tr\u00e4ger*innen eines H\u00f6rger\u00e4ts\/ Cl k\u00f6nnen Signale einer induktiven H\u00f6ranlage empfangen.\"><\/td><td>Induktionsschleife vorhanden<\/td><\/tr><\/tbody><\/table><\/figure>\n\n\n\n<p><strong>Weitere Hinweise zur Barrierefreiheit<\/strong><\/p>\n\n\n\n<ul class=\"wp-block-list\">\n<li><a href=\"https:\/\/www.comedia-koeln.de\/haus\/ihr-besuch\/\">https:\/\/www.comedia-koeln.de\/haus\/ihr-besuch\/<\/a><\/li>\n\n\n\n<li>das barrierefreie WC hat keinen 1,50 Meter Wendekreis, die Toilette ist nicht beidseitig anfahrbar und es gibt kein Desinfektionsmittel<\/li>\n\n\n\n<li>Assistenzhunde sollten vorher per Mail oder Telefon angemeldet werden<\/li>\n\n\n\n<li>die Eingangst\u00fcr ist relativ schwer zu \u00f6ffnen, das Personal ist behilflich<\/li>\n\n\n\n<li>es gibt Erm\u00e4\u00dfigung f\u00fcr Menschen mit Behinderung<\/li>\n\n\n\n<li>die Induktionsschleife ist nur im roten Saal vorhanden<\/li>\n<\/ul>\n<\/div>\n\n\n\n<div class=\"wp-block-column is-layout-flow wp-block-column-is-layout-flow\">\n<h4 class=\"wp-block-heading\">Kontaktdaten<\/h4>\n\n\n\n<p>Vondelstra\u00dfe 4-8<br>50677 K\u00f6ln<br>Telefon: 00 49 22 1 88 87 73 33<br>E-Mail: info@comedia-koeln.de<br>Website: https:\/\/www.comedia-koeln.de\/<\/p>\n\n\n\n<h4 class=\"wp-block-heading\"><strong>\u00d6ffnungszeiten<\/strong><\/h4>\n\n\n\n<p>Die Theaterkasse im Foyer des Comedia Theaters \u00f6ffnet 1,5 Stunden vor Vorstellungsbeginn<\/p>\n\n\n\n<h4 class=\"wp-block-heading\"><strong>Erreichbarkeit mit \u00f6ffentlichen Verkehrsmitteln<\/strong><\/h4>\n\n\n\n<p>Haltestelle Chlodwigplatz<br>Stadtbahn-Linien 15 und 17<br>Buslinien 106, 132, 133 und 142<br>(Stadtbahn-Linie 16 ist nicht mit einem Rollstuhl zug\u00e4nglich)<\/p>\n\n\n\n<h4 class=\"wp-block-heading\"><strong>K\u00f6ln-Pass<\/strong><\/h4>\n\n\n\n<p>Erm\u00e4\u00dfigung f\u00fcr K\u00f6ln-Pass-Inhaber*innen<\/p>\n\n\n\n<h4 class=\"wp-block-heading\"><strong>Angebot f\u00fcr Gefl\u00fcchtete<\/strong><\/h4>\n\n\n\n<p>Nein<\/p>\n\n\n\n<h4 class=\"wp-block-heading\"><strong>Eintritt<\/strong><\/h4>\n\n\n\n<p>Kinder ab 7 \u20ac<\/p>\n\n\n\n<p>Erwachsene ab 10 \u20ac<\/p>\n<\/div>\n<\/div>\n<\/div><\/details>\n\n\n\n<details class=\"wp-block-themeisle-blocks-accordion-item\"><summary class=\"wp-block-themeisle-blocks-accordion-item__title\"><h2><strong>K\u00f6lner K\u00fcnstler Theater &#8211; KKT<\/strong> <img decoding=\"async\" class=\"wp-image-2983\" style=\"width: 50px;\" src=\"https:\/\/behinderung-und-flucht.isl-ev.de\/wp-content\/uploads\/2023\/02\/WKU-Icons_Leichte-Sprache.svg\" alt=\"Leichte Sprache Die Veranstaltungsinformationen stehen auch in leichter Sprache zur Verf\u00fcgung.\"><img decoding=\"async\" style=\"width: 50px;\" src=\"https:\/\/behinderung-und-flucht.isl-ev.de\/wp-content\/uploads\/2023\/02\/WKU-Icons_Audiodeskription.svg\" alt=\"Audiodeskription F\u00fcr visuelle Beitr\u00e4ge ist eine akustische Bildbeschreibung verf\u00fcgbar.\"><img decoding=\"async\" style=\"width: 50px;\" src=\"https:\/\/behinderung-und-flucht.isl-ev.de\/wp-content\/uploads\/2023\/02\/WKU-Icons_Begleitperson-frei.svg\" alt=\"Begleitperson frei lnhaber*innen eines Schwerbehindertenausweises k\u00f6nnen eine Begleitperson kostenfrei mitbringen.\"><img decoding=\"async\" style=\"width: 50px;\" src=\"https:\/\/behinderung-und-flucht.isl-ev.de\/wp-content\/uploads\/2023\/02\/WKU-Icons_Behindertenparkplaetze-vorhanden.svg\" alt=\"Behindertenparkpl\u00e4tze vorhanden Es stehen gekennzeichnete Parkpl\u00e4tze in Eingangsn\u00e4he zur Verf\u00fcgung.\"><img decoding=\"async\" style=\"width: 50px;\" src=\"https:\/\/behinderung-und-flucht.isl-ev.de\/wp-content\/uploads\/2023\/02\/WKU-Icons_Zugaenglich-mit-Rollstuhl.svg\" alt=\"Zug\u00e4nglich mit Rollstuhl Den Gast erwarten keine Treppen, ggfs. ist eine Rampe vorhanden.\"><img decoding=\"async\" style=\"width: 50px;\" src=\"https:\/\/behinderung-und-flucht.isl-ev.de\/wp-content\/uploads\/2023\/02\/WKU-Icons_Barrierefreie-Toilette.svg\" alt=\"Barrierefreie Toilette Die Toilette ist barrierefrei zug\u00e4nglich und rollstuhlgerecht eingerichtet\"><img decoding=\"async\" style=\"width: 50px;\" src=\"https:\/\/behinderung-und-flucht.isl-ev.de\/wp-content\/uploads\/2023\/02\/WKU-Icons_Assistenzhund-willkommen.svg\" alt=\"Assistenzhund willkommen Es ist m\u00f6glich einen Assistenzhund mitzuf\u00fchren.\"><img decoding=\"async\" style=\"width: 50px;\" src=\"https:\/\/behinderung-und-flucht.isl-ev.de\/wp-content\/uploads\/2023\/02\/WKU-Icons_Gebaerdensprache.svg\" alt=\"Programm in Geb\u00e4rdensprache K\u00fcnstlerischer Beitrag von Tauben Performer*innen (Deaf Performance).\"><img decoding=\"async\" style=\"width: 50px;\" src=\"https:\/\/behinderung-und-flucht.isl-ev.de\/wp-content\/uploads\/2023\/02\/WKU-Icons_Untertitel.svg\" alt=\"Untertitel Video- und Audio-Beitr\u00e4ge enthalten Untertitel.\"><img decoding=\"async\" style=\"width: 50px;\" src=\"https:\/\/behinderung-und-flucht.isl-ev.de\/wp-content\/uploads\/2023\/02\/WKU-Icons_Induktionsschleife-vorhanden.svg\" alt=\"Induktionsschleife vorhanden Tr\u00e4ger*innen eines H\u00f6rger\u00e4ts\/ Cl k\u00f6nnen Signale einer induktiven H\u00f6ranlage empfangen.\"><\/h2><\/summary><div class=\"wp-block-themeisle-blocks-accordion-item__content\">\n<h3 class=\"wp-block-heading\">K\u00f6lner K\u00fcnstler Theater &#8211; KKT<\/h3>\n\n\n\n<h4 class=\"wp-block-heading\">Erkl\u00e4rung<\/h4>\n\n\n\n<p>Das K\u00f6lner K\u00fcnstler Theater bezeichnet sich selbst als Theater der Vielfalt. Es ist in erster Linie ein Kinder- und Jugendtheater. An einigen Abenden gibt es aber auch Auff\u00fchrungen f\u00fcr Erwachsene.<\/p>\n\n\n\n<div class=\"wp-block-columns is-style-default is-layout-flex wp-container-core-columns-is-layout-9d6595d7 wp-block-columns-is-layout-flex\">\n<div class=\"wp-block-column is-layout-flow wp-block-column-is-layout-flow\">\n<h4 class=\"wp-block-heading\"><strong>Barrierefreiheit<\/strong><\/h4>\n\n\n\n<figure class=\"wp-block-table\"><table class=\"has-white-background-color has-background\"><tbody><tr><td><img decoding=\"async\" class=\"wp-image-2983\" style=\"width: 150px;\" src=\"https:\/\/behinderung-und-flucht.isl-ev.de\/wp-content\/uploads\/2023\/02\/WKU-Icons_Leichte-Sprache.svg\" alt=\"Leichte Sprache Die Veranstaltungsinformationen stehen auch in leichter Sprache zur Verf\u00fcgung.\"><\/td><td>Website-Infos in leichter Sprache<\/td><\/tr><tr><td><img decoding=\"async\" src=\"https:\/\/behinderung-und-flucht.isl-ev.de\/wp-content\/uploads\/2023\/02\/WKU-Icons_Audiodeskription.svg\" alt=\"Audiodeskription F\u00fcr visuelle Beitr\u00e4ge ist eine akustische Bildbeschreibung verf\u00fcgbar.\" style=\"width: 150px;\"><\/td><td>Audiodeskription f\u00fcr ausgew\u00e4hlte Theaterst\u00fccke<\/td><\/tr><tr><td><img decoding=\"async\" src=\"https:\/\/behinderung-und-flucht.isl-ev.de\/wp-content\/uploads\/2023\/02\/WKU-Icons_Begleitperson-frei.svg\" alt=\"Begleitperson frei lnhaber*innen eines Schwerbehindertenausweises k\u00f6nnen eine Begleitperson kostenfrei mitbringen.\"><\/td><td>Begleitperson frei<\/td><\/tr><tr><td><img decoding=\"async\" src=\"https:\/\/behinderung-und-flucht.isl-ev.de\/wp-content\/uploads\/2023\/02\/WKU-Icons_Behindertenparkplaetze-vorhanden.svg\" alt=\"Behindertenparkpl\u00e4tze vorhanden Es stehen gekennzeichnete Parkpl\u00e4tze in Eingangsn\u00e4he zur Verf\u00fcgung.\"><\/td><td>Behindertenparkplatz<\/td><\/tr><tr><td><img decoding=\"async\" src=\"https:\/\/behinderung-und-flucht.isl-ev.de\/wp-content\/uploads\/2023\/02\/WKU-Icons_Zugaenglich-mit-Rollstuhl.svg\" alt=\"Zug\u00e4nglich mit Rollstuhl Den Gast erwarten keine Treppen, ggfs. ist eine Rampe vorhanden.\"><\/td><td>zug\u00e4nglich mit Rollstuhl<\/td><\/tr><tr><td><img decoding=\"async\" src=\"https:\/\/behinderung-und-flucht.isl-ev.de\/wp-content\/uploads\/2023\/02\/WKU-Icons_Barrierefreie-Toilette.svg\" alt=\"Barrierefreie Toilette Die Toilette ist barrierefrei zug\u00e4nglich und rollstuhlgerecht eingerichtet\"><\/td><td>barrierefreies WC<\/td><\/tr><tr><td><img decoding=\"async\" src=\"https:\/\/behinderung-und-flucht.isl-ev.de\/wp-content\/uploads\/2023\/02\/WKU-Icons_Assistenzhund-willkommen.svg\" alt=\"Assistenzhund willkommen Es ist m\u00f6glich einen Assistenzhund mitzuf\u00fchren.\"><\/td><td>Assistenzhunde willkommen<\/td><\/tr><tr><td><img decoding=\"async\" src=\"https:\/\/behinderung-und-flucht.isl-ev.de\/wp-content\/uploads\/2023\/02\/WKU-Icons_Gebaerdensprache.svg\" alt=\"Programm in Geb\u00e4rdensprache K\u00fcnstlerischer Beitrag von Tauben Performer*innen (Deaf Performance).\"><\/td><td>\u00dcbersetzung in DGS f\u00fcr ausgew\u00e4hlte Theaterst\u00fccke<\/td><\/tr><tr><td><img decoding=\"async\" src=\"https:\/\/behinderung-und-flucht.isl-ev.de\/wp-content\/uploads\/2023\/02\/WKU-Icons_Untertitel.svg\" alt=\"Untertitel Video- und Audio-Beitr\u00e4ge enthalten Untertitel.\"><\/td><td>Untertitel f\u00fcr ausgew\u00e4hlte Theaterst\u00fccke<\/td><\/tr><tr><td><img decoding=\"async\" src=\"https:\/\/behinderung-und-flucht.isl-ev.de\/wp-content\/uploads\/2023\/02\/WKU-Icons_Induktionsschleife-vorhanden.svg\" alt=\"Induktionsschleife vorhanden Tr\u00e4ger*innen eines H\u00f6rger\u00e4ts\/ Cl k\u00f6nnen Signale einer induktiven H\u00f6ranlage empfangen.\"><\/td><td>Induktionsschleife vorhanden<\/td><\/tr><\/tbody><\/table><\/figure>\n\n\n\n<p><strong>Weitere Hinweise zur Barrierefreiheit<\/strong><\/p>\n\n\n\n<ul class=\"wp-block-list\">\n<li><a href=\"https:\/\/www.k-k-t.de\/besucherservice\/barrierefreiheit\">https:\/\/www.k-k-t.de\/besucherservice\/barrierefreiheit<\/a><\/li>\n\n\n\n<li>das barrierefreie WC hat keinen 1,50 Meter Wendekreis, kein Desinfektionsmittel und ist nur von rechts anfahrbar<\/li>\n\n\n\n<li>der Eingang des Theaters hat eine 2cm hohe T\u00fcrschwelle<\/li>\n\n\n\n<li>die Begleitperson von Menschen mit einem H im Behindertenausweis hat ebenfalls freien Eintritt<\/li>\n\n\n\n<li>die Nutzung des Behindertenparkplatz sollte vorher angemeldet werden<\/li>\n<\/ul>\n<\/div>\n\n\n\n<div class=\"wp-block-column is-layout-flow wp-block-column-is-layout-flow\">\n<h4 class=\"wp-block-heading\">Kontaktdaten<\/h4>\n\n\n\n<p>Gr\u00fcner Weg 5 \/ Melateng\u00fcrtel<br>50825 K\u00f6ln-Ehrenfeld<br>Telefon: B\u00fcro\/Karten: 00 49 22 1 510 76 86<br>E-Mail: karten@k-k-t.de<br>Website: https:\/\/www.k-k-t.de\/<\/p>\n\n\n\n<h4 class=\"wp-block-heading\"><strong>\u00d6ffnungszeiten<\/strong><\/h4>\n\n\n\n<p>Das KKT \u00f6ffnet immer eine Stunde bevor das Theaterst\u00fcck beginnt.<\/p>\n\n\n\n<h4 class=\"wp-block-heading\"><strong>Erreichbarkeit mit \u00f6ffentlichen Verkehrsmitteln<\/strong><\/h4>\n\n\n\n<p>Haltestelle Venloer Str. \/ G\u00fcrtel<br>Stadtbahn-Linien 3 und 4<br>Buslinien 141, 142 und 143<br>(Stadtbahn-Linie 13 ist nicht mit einem Rollstuhl zug\u00e4nglich)<\/p>\n\n\n\n<h4 class=\"wp-block-heading\"><strong>K\u00f6ln-Pass<\/strong><\/h4>\n\n\n\n<p>Erm\u00e4\u00dfigung f\u00fcr K\u00f6ln-Pass-Inhaber*innen<\/p>\n\n\n\n<h4 class=\"wp-block-heading\"><strong>Angebot f\u00fcr Gefl\u00fcchtete<\/strong><\/h4>\n\n\n\n<p>Es gibt ein Kontingent an Freikarten f\u00fcr gefl\u00fcchtete Menschen, diese Karten m\u00fcssen beim KKT angefragt werden<\/p>\n\n\n\n<h4 class=\"wp-block-heading\"><strong>Eintritt<\/strong><\/h4>\n\n\n\n<p>Ab 8 \u20ac <\/p>\n\n\n\n<p>Kinder, die am Tag Ihres Besuchs Geburtstag haben, m\u00fcssen keinen Eintritt zahlen<\/p>\n<\/div>\n<\/div>\n<\/div><\/details>\n<\/div>\n\n\n\n<div class=\"wp-block-buttons is-horizontal is-content-justification-left is-layout-flex wp-container-core-buttons-is-layout-7e5fce0a wp-block-buttons-is-layout-flex\">\n<div class=\"wp-block-button has-custom-font-size has-small-font-size\"><a class=\"wp-block-button__link has-background wp-element-button\" href=\"https:\/\/behinderung-und-flucht.isl-ev.de\/kulturguide\/koeln\/\" style=\"border-radius:55px;background-color:#91025b;padding-top:var(--wp--preset--spacing--20);padding-right:var(--wp--preset--spacing--20);padding-bottom:var(--wp--preset--spacing--20);padding-left:var(--wp--preset--spacing--20)\">Zur\u00fcck zur \u00dcbersicht<\/a><\/div>\n<\/div>\n","protected":false},"excerpt":{"rendered":"","protected":false},"author":1,"featured_media":0,"parent":2739,"menu_order":0,"comment_status":"closed","ping_status":"closed","template":"","meta":{"ub_ctt_via":"","inline_featured_image":false,"_themeisle_gutenberg_block_has_review":false,"_mc_calendar":[],"footnotes":""},"categories":[],"tags":[],"class_list":["post-2754","page","type-page","status-publish","hentry","entry"],"featured_image_src":null,"yoast_head":"<!-- This site is optimized with the Yoast SEO plugin v21.4 - https:\/\/yoast.com\/wordpress\/plugins\/seo\/ -->\n<title>Theater - Infoseite der Interessenvertretung Selbstbestimmt Leben in Deutschland e.V.<\/title>\n<meta name=\"robots\" content=\"index, follow, max-snippet:-1, max-image-preview:large, max-video-preview:-1\" \/>\n<link rel=\"canonical\" href=\"https:\/\/behinderung-und-flucht.isl-ev.de\/uk\/kulturguide\/koeln\/theater-in-koeln\/\" \/>\n<meta property=\"og:locale\" content=\"uk_UA\" \/>\n<meta property=\"og:type\" content=\"article\" \/>\n<meta property=\"og:title\" content=\"Theater - Infoseite der Interessenvertretung Selbstbestimmt Leben in Deutschland e.V.\" \/>\n<meta property=\"og:url\" content=\"https:\/\/behinderung-und-flucht.isl-ev.de\/uk\/kulturguide\/koeln\/theater-in-koeln\/\" \/>\n<meta property=\"og:site_name\" content=\"Infoseite der Interessenvertretung Selbstbestimmt Leben in Deutschland e.V.\" \/>\n<meta property=\"article:modified_time\" content=\"2023-03-21T21:30:38+00:00\" \/>\n<meta property=\"og:image\" content=\"https:\/\/behinderung-und-flucht.isl-ev.de\/wp-content\/uploads\/2023\/02\/WKU-Icons_Audiodeskription.svg\" \/>\n<meta name=\"twitter:card\" content=\"summary_large_image\" \/>\n<meta name=\"twitter:label1\" content=\"\u041f\u0440\u0438\u0431\u043b. \u0447\u0430\u0441 \u0447\u0438\u0442\u0430\u043d\u043d\u044f\" \/>\n\t<meta name=\"twitter:data1\" content=\"13 \u0445\u0432\u0438\u043b\u0438\u043d\" \/>\n<script type=\"application\/ld+json\" class=\"yoast-schema-graph\">{\"@context\":\"https:\/\/schema.org\",\"@graph\":[{\"@type\":\"WebPage\",\"@id\":\"https:\/\/behinderung-und-flucht.isl-ev.de\/uk\/kulturguide\/koeln\/theater-in-koeln\/\",\"url\":\"https:\/\/behinderung-und-flucht.isl-ev.de\/uk\/kulturguide\/koeln\/theater-in-koeln\/\",\"name\":\"Theater - Infoseite der Interessenvertretung Selbstbestimmt Leben in Deutschland e.V.\",\"isPartOf\":{\"@id\":\"https:\/\/behinderung-und-flucht.isl-ev.de\/uk\/#website\"},\"datePublished\":\"2023-02-20T13:39:12+00:00\",\"dateModified\":\"2023-03-21T21:30:38+00:00\",\"breadcrumb\":{\"@id\":\"https:\/\/behinderung-und-flucht.isl-ev.de\/uk\/kulturguide\/koeln\/theater-in-koeln\/#breadcrumb\"},\"inLanguage\":\"uk\",\"potentialAction\":[{\"@type\":\"ReadAction\",\"target\":[\"https:\/\/behinderung-und-flucht.isl-ev.de\/uk\/kulturguide\/koeln\/theater-in-koeln\/\"]}]},{\"@type\":\"BreadcrumbList\",\"@id\":\"https:\/\/behinderung-und-flucht.isl-ev.de\/uk\/kulturguide\/koeln\/theater-in-koeln\/#breadcrumb\",\"itemListElement\":[{\"@type\":\"ListItem\",\"position\":1,\"name\":\"Startseite\",\"item\":\"https:\/\/behinderung-und-flucht.isl-ev.de\/uk\/\"},{\"@type\":\"ListItem\",\"position\":2,\"name\":\"Kulturguide\",\"item\":\"https:\/\/behinderung-und-flucht.isl-ev.de\/uk\/kulturguide\/\"},{\"@type\":\"ListItem\",\"position\":3,\"name\":\"K\u00f6ln\",\"item\":\"https:\/\/behinderung-und-flucht.isl-ev.de\/uk\/kulturguide\/koeln\/\"},{\"@type\":\"ListItem\",\"position\":4,\"name\":\"Theater\"}]},{\"@type\":\"WebSite\",\"@id\":\"https:\/\/behinderung-und-flucht.isl-ev.de\/uk\/#website\",\"url\":\"https:\/\/behinderung-und-flucht.isl-ev.de\/uk\/\",\"name\":\"Infoseite f\u00fcr gefl\u00fcchtete Menschen mit Behinderungen oder chronischen Erkrankungen\",\"description\":\"Informationen f\u00fcr gefl\u00fcchtete Menschen mit Behinderungen oder chronischen Erkrankungen\",\"publisher\":{\"@id\":\"https:\/\/behinderung-und-flucht.isl-ev.de\/uk\/#organization\"},\"alternateName\":\"Infoseite f\u00fcr gefl\u00fcchtete Menschen mit Behinderungen\",\"potentialAction\":[{\"@type\":\"SearchAction\",\"target\":{\"@type\":\"EntryPoint\",\"urlTemplate\":\"https:\/\/behinderung-und-flucht.isl-ev.de\/uk\/?s={search_term_string}\"},\"query-input\":\"required name=search_term_string\"}],\"inLanguage\":\"uk\"},{\"@type\":\"Organization\",\"@id\":\"https:\/\/behinderung-und-flucht.isl-ev.de\/uk\/#organization\",\"name\":\"Infoseite der Interessenvertretung Selbstbestimmt Leben in Deutschland e.V.\",\"url\":\"https:\/\/behinderung-und-flucht.isl-ev.de\/uk\/\",\"logo\":{\"@type\":\"ImageObject\",\"inLanguage\":\"uk\",\"@id\":\"https:\/\/behinderung-und-flucht.isl-ev.de\/uk\/#\/schema\/logo\/image\/\",\"url\":\"https:\/\/behinderung-und-flucht.isl-ev.de\/wp-content\/uploads\/2022\/09\/logo-infoseite-04.svg\",\"contentUrl\":\"https:\/\/behinderung-und-flucht.isl-ev.de\/wp-content\/uploads\/2022\/09\/logo-infoseite-04.svg\",\"caption\":\"Infoseite der Interessenvertretung Selbstbestimmt Leben in Deutschland e.V.\"},\"image\":{\"@id\":\"https:\/\/behinderung-und-flucht.isl-ev.de\/uk\/#\/schema\/logo\/image\/\"}}]}<\/script>\n<!-- \/ Yoast SEO plugin. -->","yoast_head_json":{"title":"Theater - Infoseite der Interessenvertretung Selbstbestimmt Leben in Deutschland e.V.","robots":{"index":"index","follow":"follow","max-snippet":"max-snippet:-1","max-image-preview":"max-image-preview:large","max-video-preview":"max-video-preview:-1"},"canonical":"https:\/\/behinderung-und-flucht.isl-ev.de\/uk\/kulturguide\/koeln\/theater-in-koeln\/","og_locale":"uk_UA","og_type":"article","og_title":"Theater - Infoseite der Interessenvertretung Selbstbestimmt Leben in Deutschland e.V.","og_url":"https:\/\/behinderung-und-flucht.isl-ev.de\/uk\/kulturguide\/koeln\/theater-in-koeln\/","og_site_name":"Infoseite der Interessenvertretung Selbstbestimmt Leben in Deutschland e.V.","article_modified_time":"2023-03-21T21:30:38+00:00","og_image":[{"url":"https:\/\/behinderung-und-flucht.isl-ev.de\/wp-content\/uploads\/2023\/02\/WKU-Icons_Audiodeskription.svg"}],"twitter_card":"summary_large_image","twitter_misc":{"\u041f\u0440\u0438\u0431\u043b. \u0447\u0430\u0441 \u0447\u0438\u0442\u0430\u043d\u043d\u044f":"13 \u0445\u0432\u0438\u043b\u0438\u043d"},"schema":{"@context":"https:\/\/schema.org","@graph":[{"@type":"WebPage","@id":"https:\/\/behinderung-und-flucht.isl-ev.de\/uk\/kulturguide\/koeln\/theater-in-koeln\/","url":"https:\/\/behinderung-und-flucht.isl-ev.de\/uk\/kulturguide\/koeln\/theater-in-koeln\/","name":"Theater - Infoseite der Interessenvertretung Selbstbestimmt Leben in Deutschland e.V.","isPartOf":{"@id":"https:\/\/behinderung-und-flucht.isl-ev.de\/uk\/#website"},"datePublished":"2023-02-20T13:39:12+00:00","dateModified":"2023-03-21T21:30:38+00:00","breadcrumb":{"@id":"https:\/\/behinderung-und-flucht.isl-ev.de\/uk\/kulturguide\/koeln\/theater-in-koeln\/#breadcrumb"},"inLanguage":"uk","potentialAction":[{"@type":"ReadAction","target":["https:\/\/behinderung-und-flucht.isl-ev.de\/uk\/kulturguide\/koeln\/theater-in-koeln\/"]}]},{"@type":"BreadcrumbList","@id":"https:\/\/behinderung-und-flucht.isl-ev.de\/uk\/kulturguide\/koeln\/theater-in-koeln\/#breadcrumb","itemListElement":[{"@type":"ListItem","position":1,"name":"Startseite","item":"https:\/\/behinderung-und-flucht.isl-ev.de\/uk\/"},{"@type":"ListItem","position":2,"name":"Kulturguide","item":"https:\/\/behinderung-und-flucht.isl-ev.de\/uk\/kulturguide\/"},{"@type":"ListItem","position":3,"name":"K\u00f6ln","item":"https:\/\/behinderung-und-flucht.isl-ev.de\/uk\/kulturguide\/koeln\/"},{"@type":"ListItem","position":4,"name":"Theater"}]},{"@type":"WebSite","@id":"https:\/\/behinderung-und-flucht.isl-ev.de\/uk\/#website","url":"https:\/\/behinderung-und-flucht.isl-ev.de\/uk\/","name":"Infoseite f\u00fcr gefl\u00fcchtete Menschen mit Behinderungen oder chronischen Erkrankungen","description":"Informationen f\u00fcr gefl\u00fcchtete Menschen mit Behinderungen oder chronischen Erkrankungen","publisher":{"@id":"https:\/\/behinderung-und-flucht.isl-ev.de\/uk\/#organization"},"alternateName":"Infoseite f\u00fcr gefl\u00fcchtete Menschen mit Behinderungen","potentialAction":[{"@type":"SearchAction","target":{"@type":"EntryPoint","urlTemplate":"https:\/\/behinderung-und-flucht.isl-ev.de\/uk\/?s={search_term_string}"},"query-input":"required name=search_term_string"}],"inLanguage":"uk"},{"@type":"Organization","@id":"https:\/\/behinderung-und-flucht.isl-ev.de\/uk\/#organization","name":"Infoseite der Interessenvertretung Selbstbestimmt Leben in Deutschland e.V.","url":"https:\/\/behinderung-und-flucht.isl-ev.de\/uk\/","logo":{"@type":"ImageObject","inLanguage":"uk","@id":"https:\/\/behinderung-und-flucht.isl-ev.de\/uk\/#\/schema\/logo\/image\/","url":"https:\/\/behinderung-und-flucht.isl-ev.de\/wp-content\/uploads\/2022\/09\/logo-infoseite-04.svg","contentUrl":"https:\/\/behinderung-und-flucht.isl-ev.de\/wp-content\/uploads\/2022\/09\/logo-infoseite-04.svg","caption":"Infoseite der Interessenvertretung Selbstbestimmt Leben in Deutschland e.V."},"image":{"@id":"https:\/\/behinderung-und-flucht.isl-ev.de\/uk\/#\/schema\/logo\/image\/"}}]}},"_links":{"self":[{"href":"https:\/\/behinderung-und-flucht.isl-ev.de\/uk\/wp-json\/wp\/v2\/pages\/2754","targetHints":{"allow":["GET"]}}],"collection":[{"href":"https:\/\/behinderung-und-flucht.isl-ev.de\/uk\/wp-json\/wp\/v2\/pages"}],"about":[{"href":"https:\/\/behinderung-und-flucht.isl-ev.de\/uk\/wp-json\/wp\/v2\/types\/page"}],"author":[{"embeddable":true,"href":"https:\/\/behinderung-und-flucht.isl-ev.de\/uk\/wp-json\/wp\/v2\/users\/1"}],"replies":[{"embeddable":true,"href":"https:\/\/behinderung-und-flucht.isl-ev.de\/uk\/wp-json\/wp\/v2\/comments?post=2754"}],"version-history":[{"count":89,"href":"https:\/\/behinderung-und-flucht.isl-ev.de\/uk\/wp-json\/wp\/v2\/pages\/2754\/revisions"}],"predecessor-version":[{"id":5685,"href":"https:\/\/behinderung-und-flucht.isl-ev.de\/uk\/wp-json\/wp\/v2\/pages\/2754\/revisions\/5685"}],"up":[{"embeddable":true,"href":"https:\/\/behinderung-und-flucht.isl-ev.de\/uk\/wp-json\/wp\/v2\/pages\/2739"}],"wp:attachment":[{"href":"https:\/\/behinderung-und-flucht.isl-ev.de\/uk\/wp-json\/wp\/v2\/media?parent=2754"}],"wp:term":[{"taxonomy":"category","embeddable":true,"href":"https:\/\/behinderung-und-flucht.isl-ev.de\/uk\/wp-json\/wp\/v2\/categories?post=2754"},{"taxonomy":"post_tag","embeddable":true,"href":"https:\/\/behinderung-und-flucht.isl-ev.de\/uk\/wp-json\/wp\/v2\/tags?post=2754"}],"curies":[{"name":"wp","href":"https:\/\/api.w.org\/{rel}","templated":true}]}}