{"id":1850,"date":"2022-11-02T19:27:21","date_gmt":"2022-11-02T18:27:21","guid":{"rendered":"https:\/\/behinderung-und-flucht.isl-ev.de\/?page_id=1850"},"modified":"2022-11-05T20:32:32","modified_gmt":"2022-11-05T19:32:32","slug":"%d0%be%d0%bd%d0%bb%d0%b0%d0%b9%d0%bd-%d0%b7%d1%83%d1%81%d1%82%d1%80%d1%96%d1%87-%d0%bf%d0%be-%d1%81%d0%b5%d1%80%d0%b5%d0%b4%d0%b0%d1%85","status":"publish","type":"page","link":"https:\/\/behinderung-und-flucht.isl-ev.de\/uk\/selbstvertretung-3\/%d0%be%d0%bd%d0%bb%d0%b0%d0%b9%d0%bd-%d0%b7%d1%83%d1%81%d1%82%d1%80%d1%96%d1%87-%d0%bf%d0%be-%d1%81%d0%b5%d1%80%d0%b5%d0%b4%d0%b0%d1%85\/","title":{"rendered":"\u041e\u043d\u043b\u0430\u0439\u043d-\u0437\u0443\u0441\u0442\u0440\u0456\u0447 \u043f\u043e \u0441\u0435\u0440\u0435\u0434\u0430\u0445"},"content":{"rendered":"\n<p><strong>\u0429\u043e \u0446\u0435?<\/strong><br>\u041e\u043d\u043b\u0430\u0439\u043d \u0432\u0456\u0434\u0435\u043e\u0433\u0440\u0443\u043f\u0430 \u043f\u043e \u0441\u0435\u0440\u0435\u0434\u0430\u0445 \u2013 \u0446\u0435 \u043e\u0431\u043c\u0456\u043d \u0434\u043e\u0441\u0432\u0456\u0434\u043e\u043c \u0443\u043a\u0440\u0430\u0457\u043d\u0441\u044c\u043a\u043e\u044e\/\u0440\u043e\u0441\u0456\u0439\u0441\u044c\u043a\u043e\u044e \u043c\u043e\u0432\u0430\u043c\u0438, \u044f\u043a\u0438\u0439 \u041e\u0431\u2019\u0454\u0434\u043d\u0430\u043d\u043d\u044f \u00ab\u0421\u0430\u043c\u043e\u0441\u0442\u0456\u0439\u043d\u0435 \u0436\u0438\u0442\u0442\u044f \u0432 \u041d\u0456\u043c\u0435\u0447\u0447\u0438\u043d\u0456 e.V.\u00bb (ISL) \u043f\u0440\u043e\u043f\u043e\u043d\u0443\u0454 \u0432 \u0440\u0430\u043c\u043a\u0430\u0445 \u043f\u0440\u043e\u0454\u043a\u0442\u0443: \u00ab\u041c\u0438 \u0434\u043b\u044f \u043d\u0430\u0441! \u0421\u0430\u043c\u043e\u043f\u0440\u0435\u0434\u0441\u0442\u0430\u0432\u043d\u0438\u0446\u0442\u0432\u043e \u0431\u0456\u0436\u0435\u043d\u0446\u0456\u0432 \u0437 \u0456\u043d\u0432\u0430\u043b\u0456\u0434\u043d\u0456\u0441\u0442\u044e \u0442\u0430\/\u0430\u0431\u043e \u0445\u0440\u043e\u043d\u0456\u0447\u043d\u0438\u043c\u0438 \u0437\u0430\u0445\u0432\u043e\u0440\u044e\u0432\u0430\u043d\u043d\u044f\u043c\u0438 \u0432 \u041d\u0456\u043c\u0435\u0447\u0447\u0438\u043d\u0456\u00bb.<br>\u0412\u0456\u0434\u0431\u0443\u0432\u0430\u0454\u0442\u044c\u0441\u044f \u0449\u043e\u0441\u0435\u0440\u0435\u0434\u0438 (\u0434\u043e 16.12.2022) \u0437 17:00 \u0434\u043e 19:00. \u041f\u0435\u0440\u0435\u0434 \u0446\u0438\u043c \u043c\u043e\u0436\u043d\u0430 \u0437\u0430\u0440\u0435\u0454\u0441\u0442\u0440\u0443\u0432\u0430\u0442\u0438\u0441\u044f \u0437\u0430 \u043d\u0430\u0441\u0442\u0443\u043f\u043d\u0438\u043c \u043f\u043e\u0441\u0438\u043b\u0430\u043d\u043d\u044f\u043c:<br><a href=\"https:\/\/forms.office.com\/pages\/responsepage.aspx?id=DQSIkWdsW0yxEjajBLZtrQAAAAAAAAAAAANAAT5FdTFUMDhLTDdGU0lGVFVEUzRTNENSTE9aSFUxQy4u\">MS-Office Forms | Anmeldeformular Mittwochsgruppe.<\/a><\/p>\n\n\n\n<p><strong>\u0414\u043b\u044f \u043a\u043e\u0433\u043e \u0446\u044f \u0433\u0440\u0443\u043f\u0430:<\/strong><br>\u0411\u0456\u0436\u0435\u043d\u0446\u0456 \u0432 \u041d\u0456\u043c\u0435\u0447\u0447\u0438\u043d\u0456 \u0437 \u0456\u043d\u0432\u0430\u043b\u0456\u0434\u043d\u0456\u0441\u0442\u044e \u0442\u0430\/\u0430\u0431\u043e \u0445\u0440\u043e\u043d\u0456\u0447\u043d\u0438\u043c\u0438 \u0437\u0430\u0445\u0432\u043e\u0440\u044e\u0432\u0430\u043d\u043d\u044f\u043c\u0438, \u044f\u043a\u0456 \u0445\u043e\u0442\u0456\u043b\u0438 \u0431 \u043e\u0431\u043c\u0456\u043d\u044e\u0432\u0430\u0442\u0438\u0441\u044f \u0456\u0434\u0435\u044f\u043c\u0438 \u0442\u0430 \u0437\u043d\u0430\u0439\u043e\u043c\u0438\u0442\u0438\u0441\u044f \u043e\u0434\u0438\u043d \u0437 \u043e\u0434\u043d\u0438\u043c, \u0433\u043e\u0432\u043e\u0440\u0438\u0442\u0438 \u043e\u0434\u0438\u043d \u0437 \u043e\u0434\u043d\u0438\u043c \u043f\u0440\u043e \u043f\u0440\u043e\u0431\u043b\u0435\u043c\u0438, \u0430 \u0442\u0430\u043a\u043e\u0436 \u0445\u043e\u0442\u0456\u043b\u0438 \u0431 \u0440\u0430\u0437\u043e\u043c \u0437\u043c\u0456\u043d\u044e\u0432\u0430\u0442\u0438 \u0449\u043e\u0441\u044c \u0432 \u0443\u043c\u043e\u0432\u0430\u0445, \u0441\u043f\u0456\u043b\u044c\u043d\u043e \u043e\u0440\u0433\u0430\u043d\u0456\u0437\u043e\u0432\u0443\u0432\u0430\u0442\u0438 \u0437\u0430\u0445\u043e\u0434\u0438, \u0449\u043e\u0431 \u0437\u0440\u043e\u0431\u0438\u0442\u0438 \u0436\u0438\u0442\u0442\u044f \u0432 \u041d\u0456\u043c\u0435\u0447\u0447\u0438\u043d\u0456 \u043a\u0440\u0430\u0449\u0438\u043c \u0456 \u043b\u0435\u0433\u0448\u0438\u043c \u0434\u043b\u044f \u0441\u0435\u0431\u0435 \u0442\u0430 \u0456\u043d\u0448\u0438\u0445 \u043b\u044e\u0434\u0435\u0439 \u0437 \u0442\u0430\u043a\u0438\u043c \u0441\u0430\u043c\u043e \u0434\u043e\u0441\u0432\u0456\u0434\u043e\u043c. \u041c\u0438 \u0432 ISL \u043d\u0430\u0434\u0430\u0454\u043c\u043e \u043f\u0456\u0434\u0442\u0440\u0438\u043c\u043a\u0443 \u0441\u0432\u043e\u0457\u043c \u0434\u043e\u0441\u0432\u0456\u0434\u043e\u043c \u0443 \u0441\u0430\u043c\u043e\u043f\u0440\u0435\u0434\u0441\u0442\u0430\u0432\u043d\u0438\u0446\u0442\u0432\u0456.<\/p>\n\n\n\n<p><strong>\u0429\u043e \u0432\u0456\u0434\u0431\u0443\u0432\u0430\u0454\u0442\u044c\u0441\u044f \u0432 \u0446\u0456\u0439 \u0433\u0440\u0443\u043f\u0456?<\/strong><br>\u041c\u0438 \u0437\u0443\u0441\u0442\u0440\u0456\u0447\u0430\u0454\u043c\u043e\u0441\u044f \u0449\u043e\u0442\u0438\u0436\u043d\u044f \u043f\u043e \u0441\u0435\u0440\u0435\u0434\u0430\u0445 \u0437 17:00 \u0434\u043e 19:00 \u0447\u0435\u0440\u0435\u0437 Zoom (\u0446\u0435 \u043f\u0440\u043e\u0433\u0440\u0430\u043c\u0430, \u044f\u043a\u0430 \u0434\u043e\u0437\u0432\u043e\u043b\u044f\u0454 \u0437\u0443\u0441\u0442\u0440\u0456\u0447\u0430\u0442\u0438\u0441\u044f \u043e\u043d\u043b\u0430\u0439\u043d \u0443 \u0432\u0456\u0434\u0435\u043e\u043a\u043e\u043d\u0444\u0435\u0440\u0435\u043d\u0446\u0456\u044f\u0445) \u0434\u043b\u044f \u043e\u0431\u043c\u0456\u043d\u0443 \u0434\u0443\u043c\u043a\u0430\u043c\u0438.<br>\u041c\u043e\u0434\u0435\u0440\u0430\u0442\u043e\u0440\u043a\u0430 \u0432\u0435\u0441\u0442\u0438\u043c\u0435 \u0456 \u043f\u0456\u0434\u0442\u0440\u0438\u043c\u0443\u0432\u0430\u0442\u0438\u043c\u0435 \u0433\u0440\u0443\u043f\u0443, \u0430\u043b\u0435 \u0432 \u0456\u043d\u0448\u043e\u043c\u0443 \u0441\u0442\u0440\u0443\u043a\u0442\u0443\u0440\u0430 \u0434\u0443\u0436\u0435 \u0432\u0456\u043b\u044c\u043d\u0430, \u0456 \u0442\u0435\u043c\u0438 \u043c\u043e\u0436\u043d\u0430 \u0432\u0456\u043b\u044c\u043d\u043e \u043e\u0431\u0438\u0440\u0430\u0442\u0438. \u042f\u043a\u0449\u043e \u0432 \u0433\u0440\u0443\u043f\u0456 \u0432\u0438\u044f\u0432\u0438\u0442\u044c\u0441\u044f, \u0449\u043e \u043f\u043e\u0442\u0440\u0456\u0431\u043d\u0430 \u043f\u0435\u0432\u043d\u0430 \u0434\u043e\u043f\u043e\u043c\u043e\u0433\u0430, \u0430\u0431\u043e \u044f\u043a\u0449\u043e \u0442\u0435\u043c\u0438 \u0432 \u041d\u0456\u043c\u0435\u0447\u0447\u0438\u043d\u0456 \u043d\u0435\u0437\u0440\u043e\u0437\u0443\u043c\u0456\u043b\u0456, \u043c\u0438 \u043c\u043e\u0436\u0435\u043c\u043e \u0448\u0443\u043a\u0430\u0442\u0438 \u0440\u0456\u0448\u0435\u043d\u043d\u044f \u0442\u0430 \u043f\u043b\u0430\u043d\u0443\u0432\u0430\u0442\u0438 \u0437\u0430\u0445\u043e\u0434\u0438 \u043d\u0430 \u0431\u0430\u0436\u0430\u043d\u0456 \u0442\u0435\u043c\u0438. \u0422\u0430\u043a\u0438\u043c \u0447\u0438\u043d\u043e\u043c \u043c\u043e\u0436\u043d\u0430 \u043f\u0440\u043e\u044f\u0441\u043d\u0438\u0442\u0438 \u0434\u0456\u0439\u0441\u043d\u043e \u0431\u0430\u0436\u0430\u043d\u0456 \u0442\u0430 \u0432\u0430\u0436\u043b\u0438\u0432\u0456 \u043f\u0438\u0442\u0430\u043d\u043d\u044f.<\/p>\n\n\n\n<div class=\"wp-block-group has-white-background-color has-background\"><div class=\"wp-block-group__inner-container is-layout-constrained wp-block-group-is-layout-constrained\">\n<p>\u0422\u0443\u0442 \u043c\u043e\u0436\u043d\u0430 \u0437\u0430\u0432\u0430\u043d\u0442\u0430\u0436\u0438\u0442\u0438 \u0437\u0430\u043f\u0440\u043e\u0448\u0435\u043d\u043d\u044f \u043d\u0430 \u0449\u043e\u0442\u0438\u0436\u043d\u0435\u0432\u0443 \u0433\u0440\u0443\u043f\u0443 \u043f\u043e \u0441\u0435\u0440\u0435\u0434\u0430\u0445 \u0443\u043a\u0440\u0430\u0457\u043d\u0441\u044c\u043a\u043e\u044e\/\u0440\u043e\u0441\u0456\u0439\u0441\u044c\u043a\u043e\u044e \u043c\u043e\u0432\u043e\u044e \u0434\u043b\u044f \u043f\u043e\u0441\u0442\u0440\u0430\u0436\u0434\u0430\u043b\u0438\u0445:<\/p>\n\n\n\n<div class=\"wp-block-columns is-layout-flex wp-container-core-columns-is-layout-9d6595d7 wp-block-columns-is-layout-flex\">\n<div class=\"wp-block-column is-layout-flow wp-block-column-is-layout-flow\">\n<h5 class=\"has-text-align-left wp-block-heading\">(DE)<\/h5>\n\n\n\n<div class=\"wp-block-buttons alignwide is-layout-flex wp-block-buttons-is-layout-flex\">\n<div class=\"wp-block-button alignleft\"><a class=\"wp-block-button__link wp-element-button\" href=\"https:\/\/behinderung-und-flucht.isl-ev.de\/wp-content\/uploads\/2022\/11\/Wir-fuer-Uns-Projekt-Einladung_Deutsche-Sprache.pdf\">Einladung<\/a><\/div>\n<\/div>\n<\/div>\n\n\n\n<div class=\"wp-block-column is-layout-flow wp-block-column-is-layout-flow\">\n<h5 class=\"has-text-align-left wp-block-heading\">(UKR)<\/h5>\n\n\n\n<div class=\"wp-block-buttons alignwide is-content-justification-left is-layout-flex wp-container-core-buttons-is-layout-fdcfc74e wp-block-buttons-is-layout-flex\">\n<div class=\"wp-block-button alignleft\"><a class=\"wp-block-button__link wp-element-button\" href=\"https:\/\/behinderung-und-flucht.isl-ev.de\/wp-content\/uploads\/2022\/11\/Wir-fuer-Uns-Projekt-Einladung_Ukrainische-Sprache.pdf\">\u0437\u0430\u043f\u0440\u043e\u0448\u0435\u043d\u043d\u044f<\/a><\/div>\n<\/div>\n<\/div>\n\n\n\n<div class=\"wp-block-column is-layout-flow wp-block-column-is-layout-flow\">\n<h5 class=\"has-text-align-left wp-block-heading\">(RU)<\/h5>\n\n\n\n<div class=\"wp-block-buttons alignwide is-content-justification-left is-layout-flex wp-container-core-buttons-is-layout-fdcfc74e wp-block-buttons-is-layout-flex\">\n<div class=\"wp-block-button alignleft\"><a class=\"wp-block-button__link wp-element-button\" href=\"https:\/\/behinderung-und-flucht.isl-ev.de\/wp-content\/uploads\/2022\/11\/Wir-fuer-Uns-Projekt-Einladung_Russische-Sprache.pdf\">\u043f\u0440\u0438\u0433\u043b\u0430\u0448\u0435\u043d\u0438\u044f<\/a><\/div>\n<\/div>\n<\/div>\n<\/div>\n<\/div><\/div>\n\n\n<div style=\"gap: 20px;\" class=\"align-button-left ub-buttons orientation-button-row 1 wp-block-ub-button\" id=\"ub-button-45a54de2-95eb-437f-8e30-c2822cbea0d1\"><div class=\"ub-button-container\">\n\t\t\t<a href=\"https:\/\/forms.office.com\/pages\/responsepage.aspx?id=DQSIkWdsW0yxEjajBLZtrQAAAAAAAAAAAANAAT5FdTFUMDhLTDdGU0lGVFVEUzRTNENSTE9aSFUxQy4u\" target=\"_blank\" rel=\"noopener noreferrer  \" class=\"ub-button-block-main ub-button-medium   ub-button-flex-medium\" role=\"button\" style=\"--ub-button-background-color: transparent; --ub-button-color: #91025b; --ub-button-border: 3px solid #91025b; --ub-button-hover-color: #313131; --ub-button-hover-border: 3px solid #313131; border-radius: 37px; \">\n\t\t\t\t<div class=\"ub-button-content-holder\" style=\"flex-direction: row\">\n\t\t\t\t\t<span class=\"ub-button-block-btn\">\u0420\u0435\u0454\u0441\u0442\u0440\u0430\u0446\u0456\u044f \u0442\u0443\u0442!<\/span>\n\t\t\t\t<\/div>\n\t\t\t<\/a>\n\t\t<\/div><\/div>","protected":false},"excerpt":{"rendered":"<p>\u0429\u043e \u0446\u0435?\u041e\u043d\u043b\u0430\u0439\u043d \u0432\u0456\u0434\u0435\u043e\u0433\u0440\u0443\u043f\u0430 \u043f\u043e \u0441\u0435\u0440\u0435\u0434\u0430\u0445 \u2013 \u0446\u0435 \u043e\u0431\u043c\u0456\u043d \u0434\u043e\u0441\u0432\u0456\u0434\u043e\u043c \u0443\u043a\u0440\u0430\u0457\u043d\u0441\u044c\u043a\u043e\u044e\/\u0440\u043e\u0441\u0456\u0439\u0441\u044c\u043a\u043e\u044e \u043c\u043e\u0432\u0430\u043c\u0438, \u044f\u043a\u0438\u0439 \u041e\u0431\u2019\u0454\u0434\u043d\u0430\u043d\u043d\u044f \u00ab\u0421\u0430\u043c\u043e\u0441\u0442\u0456\u0439\u043d\u0435 \u0436\u0438\u0442\u0442\u044f \u0432 \u041d\u0456\u043c\u0435\u0447\u0447\u0438\u043d\u0456 e.V.\u00bb (ISL) \u043f\u0440\u043e\u043f\u043e\u043d\u0443\u0454 \u0432 \u0440\u0430\u043c\u043a\u0430\u0445 \u043f\u0440\u043e\u0454\u043a\u0442\u0443: \u00ab\u041c\u0438 \u0434\u043b\u044f \u043d\u0430\u0441! \u0421\u0430\u043c\u043e\u043f\u0440\u0435\u0434\u0441\u0442\u0430\u0432\u043d\u0438\u0446\u0442\u0432\u043e \u0431\u0456\u0436\u0435\u043d\u0446\u0456\u0432 \u0437 \u0456\u043d\u0432\u0430\u043b\u0456\u0434\u043d\u0456\u0441\u0442\u044e \u0442\u0430\/\u0430\u0431\u043e \u0445\u0440\u043e\u043d\u0456\u0447\u043d\u0438\u043c\u0438 \u0437\u0430\u0445\u0432\u043e\u0440\u044e\u0432\u0430\u043d\u043d\u044f\u043c\u0438 \u0432 \u041d\u0456\u043c\u0435\u0447\u0447\u0438\u043d\u0456\u00bb.\u0412\u0456\u0434\u0431\u0443\u0432\u0430\u0454\u0442\u044c\u0441\u044f \u0449\u043e\u0441\u0435\u0440\u0435\u0434\u0438 (\u0434\u043e 16.12.2022) \u0437 17:00 \u0434\u043e 19:00. \u041f\u0435\u0440\u0435\u0434 \u0446\u0438\u043c \u043c\u043e\u0436\u043d\u0430 \u0437\u0430\u0440\u0435\u0454\u0441\u0442\u0440\u0443\u0432\u0430\u0442\u0438\u0441\u044f \u0437\u0430 \u043d\u0430\u0441\u0442\u0443\u043f\u043d\u0438\u043c \u043f\u043e\u0441\u0438\u043b\u0430\u043d\u043d\u044f\u043c:MS-Office Forms | Anmeldeformular Mittwochsgruppe. \u0414\u043b\u044f \u043a\u043e\u0433\u043e&hellip; <a class=\"more-link\" href=\"https:\/\/behinderung-und-flucht.isl-ev.de\/uk\/selbstvertretung-3\/%d0%be%d0%bd%d0%bb%d0%b0%d0%b9%d0%bd-%d0%b7%d1%83%d1%81%d1%82%d1%80%d1%96%d1%87-%d0%bf%d0%be-%d1%81%d0%b5%d1%80%d0%b5%d0%b4%d0%b0%d1%85\/\">\u0427\u0438\u0442\u0430\u0442\u0438 \u0434\u0430\u043b\u0456 <span class=\"screen-reader-text\">\u041e\u043d\u043b\u0430\u0439\u043d-\u0437\u0443\u0441\u0442\u0440\u0456\u0447 \u043f\u043e \u0441\u0435\u0440\u0435\u0434\u0430\u0445<\/span><\/a><\/p>\n","protected":false},"author":1,"featured_media":0,"parent":1387,"menu_order":0,"comment_status":"closed","ping_status":"closed","template":"","meta":{"ub_ctt_via":"","inline_featured_image":false,"_themeisle_gutenberg_block_has_review":false,"_mc_calendar":[],"footnotes":""},"categories":[],"tags":[],"class_list":["post-1850","page","type-page","status-publish","hentry","entry"],"featured_image_src":null,"yoast_head":"<!-- This site is optimized with the Yoast SEO plugin v21.4 - https:\/\/yoast.com\/wordpress\/plugins\/seo\/ -->\n<title>\u041e\u043d\u043b\u0430\u0439\u043d-\u0437\u0443\u0441\u0442\u0440\u0456\u0447 \u043f\u043e \u0441\u0435\u0440\u0435\u0434\u0430\u0445 - Infoseite der Interessenvertretung Selbstbestimmt Leben in Deutschland e.V.<\/title>\n<meta name=\"robots\" content=\"index, follow, max-snippet:-1, max-image-preview:large, max-video-preview:-1\" \/>\n<link rel=\"canonical\" href=\"https:\/\/behinderung-und-flucht.isl-ev.de\/uk\/selbstvertretung-3\/%d0%be%d0%bd%d0%bb%d0%b0%d0%b9%d0%bd-%d0%b7%d1%83%d1%81%d1%82%d1%80%d1%96%d1%87-%d0%bf%d0%be-%d1%81%d0%b5%d1%80%d0%b5%d0%b4%d0%b0%d1%85\/\" \/>\n<meta property=\"og:locale\" content=\"uk_UA\" \/>\n<meta property=\"og:type\" content=\"article\" \/>\n<meta property=\"og:title\" content=\"\u041e\u043d\u043b\u0430\u0439\u043d-\u0437\u0443\u0441\u0442\u0440\u0456\u0447 \u043f\u043e \u0441\u0435\u0440\u0435\u0434\u0430\u0445 - Infoseite der Interessenvertretung Selbstbestimmt Leben in Deutschland e.V.\" \/>\n<meta property=\"og:description\" content=\"\u0429\u043e \u0446\u0435?\u041e\u043d\u043b\u0430\u0439\u043d \u0432\u0456\u0434\u0435\u043e\u0433\u0440\u0443\u043f\u0430 \u043f\u043e \u0441\u0435\u0440\u0435\u0434\u0430\u0445 \u2013 \u0446\u0435 \u043e\u0431\u043c\u0456\u043d \u0434\u043e\u0441\u0432\u0456\u0434\u043e\u043c \u0443\u043a\u0440\u0430\u0457\u043d\u0441\u044c\u043a\u043e\u044e\/\u0440\u043e\u0441\u0456\u0439\u0441\u044c\u043a\u043e\u044e \u043c\u043e\u0432\u0430\u043c\u0438, \u044f\u043a\u0438\u0439 \u041e\u0431\u2019\u0454\u0434\u043d\u0430\u043d\u043d\u044f \u00ab\u0421\u0430\u043c\u043e\u0441\u0442\u0456\u0439\u043d\u0435 \u0436\u0438\u0442\u0442\u044f \u0432 \u041d\u0456\u043c\u0435\u0447\u0447\u0438\u043d\u0456 e.V.\u00bb (ISL) \u043f\u0440\u043e\u043f\u043e\u043d\u0443\u0454 \u0432 \u0440\u0430\u043c\u043a\u0430\u0445 \u043f\u0440\u043e\u0454\u043a\u0442\u0443: \u00ab\u041c\u0438 \u0434\u043b\u044f \u043d\u0430\u0441! \u0421\u0430\u043c\u043e\u043f\u0440\u0435\u0434\u0441\u0442\u0430\u0432\u043d\u0438\u0446\u0442\u0432\u043e \u0431\u0456\u0436\u0435\u043d\u0446\u0456\u0432 \u0437 \u0456\u043d\u0432\u0430\u043b\u0456\u0434\u043d\u0456\u0441\u0442\u044e \u0442\u0430\/\u0430\u0431\u043e \u0445\u0440\u043e\u043d\u0456\u0447\u043d\u0438\u043c\u0438 \u0437\u0430\u0445\u0432\u043e\u0440\u044e\u0432\u0430\u043d\u043d\u044f\u043c\u0438 \u0432 \u041d\u0456\u043c\u0435\u0447\u0447\u0438\u043d\u0456\u00bb.\u0412\u0456\u0434\u0431\u0443\u0432\u0430\u0454\u0442\u044c\u0441\u044f \u0449\u043e\u0441\u0435\u0440\u0435\u0434\u0438 (\u0434\u043e 16.12.2022) \u0437 17:00 \u0434\u043e 19:00. \u041f\u0435\u0440\u0435\u0434 \u0446\u0438\u043c \u043c\u043e\u0436\u043d\u0430 \u0437\u0430\u0440\u0435\u0454\u0441\u0442\u0440\u0443\u0432\u0430\u0442\u0438\u0441\u044f \u0437\u0430 \u043d\u0430\u0441\u0442\u0443\u043f\u043d\u0438\u043c \u043f\u043e\u0441\u0438\u043b\u0430\u043d\u043d\u044f\u043c:MS-Office Forms | Anmeldeformular Mittwochsgruppe. \u0414\u043b\u044f \u043a\u043e\u0433\u043e&hellip; \u0427\u0438\u0442\u0430\u0442\u0438 \u0434\u0430\u043b\u0456 \u041e\u043d\u043b\u0430\u0439\u043d-\u0437\u0443\u0441\u0442\u0440\u0456\u0447 \u043f\u043e \u0441\u0435\u0440\u0435\u0434\u0430\u0445\" \/>\n<meta property=\"og:url\" content=\"https:\/\/behinderung-und-flucht.isl-ev.de\/uk\/selbstvertretung-3\/%d0%be%d0%bd%d0%bb%d0%b0%d0%b9%d0%bd-%d0%b7%d1%83%d1%81%d1%82%d1%80%d1%96%d1%87-%d0%bf%d0%be-%d1%81%d0%b5%d1%80%d0%b5%d0%b4%d0%b0%d1%85\/\" \/>\n<meta property=\"og:site_name\" content=\"Infoseite der Interessenvertretung Selbstbestimmt Leben in Deutschland e.V.\" \/>\n<meta property=\"article:modified_time\" content=\"2022-11-05T19:32:32+00:00\" \/>\n<meta name=\"twitter:card\" content=\"summary_large_image\" \/>\n<meta name=\"twitter:label1\" content=\"\u041f\u0440\u0438\u0431\u043b. \u0447\u0430\u0441 \u0447\u0438\u0442\u0430\u043d\u043d\u044f\" \/>\n\t<meta name=\"twitter:data1\" content=\"2 \u0445\u0432\u0438\u043b\u0438\u043d\u0438\" \/>\n<script type=\"application\/ld+json\" class=\"yoast-schema-graph\">{\"@context\":\"https:\/\/schema.org\",\"@graph\":[{\"@type\":\"WebPage\",\"@id\":\"https:\/\/behinderung-und-flucht.isl-ev.de\/uk\/selbstvertretung-3\/%d0%be%d0%bd%d0%bb%d0%b0%d0%b9%d0%bd-%d0%b7%d1%83%d1%81%d1%82%d1%80%d1%96%d1%87-%d0%bf%d0%be-%d1%81%d0%b5%d1%80%d0%b5%d0%b4%d0%b0%d1%85\/\",\"url\":\"https:\/\/behinderung-und-flucht.isl-ev.de\/uk\/selbstvertretung-3\/%d0%be%d0%bd%d0%bb%d0%b0%d0%b9%d0%bd-%d0%b7%d1%83%d1%81%d1%82%d1%80%d1%96%d1%87-%d0%bf%d0%be-%d1%81%d0%b5%d1%80%d0%b5%d0%b4%d0%b0%d1%85\/\",\"name\":\"\u041e\u043d\u043b\u0430\u0439\u043d-\u0437\u0443\u0441\u0442\u0440\u0456\u0447 \u043f\u043e \u0441\u0435\u0440\u0435\u0434\u0430\u0445 - Infoseite der Interessenvertretung Selbstbestimmt Leben in Deutschland e.V.\",\"isPartOf\":{\"@id\":\"https:\/\/behinderung-und-flucht.isl-ev.de\/uk\/#website\"},\"datePublished\":\"2022-11-02T18:27:21+00:00\",\"dateModified\":\"2022-11-05T19:32:32+00:00\",\"breadcrumb\":{\"@id\":\"https:\/\/behinderung-und-flucht.isl-ev.de\/uk\/selbstvertretung-3\/%d0%be%d0%bd%d0%bb%d0%b0%d0%b9%d0%bd-%d0%b7%d1%83%d1%81%d1%82%d1%80%d1%96%d1%87-%d0%bf%d0%be-%d1%81%d0%b5%d1%80%d0%b5%d0%b4%d0%b0%d1%85\/#breadcrumb\"},\"inLanguage\":\"uk\",\"potentialAction\":[{\"@type\":\"ReadAction\",\"target\":[\"https:\/\/behinderung-und-flucht.isl-ev.de\/uk\/selbstvertretung-3\/%d0%be%d0%bd%d0%bb%d0%b0%d0%b9%d0%bd-%d0%b7%d1%83%d1%81%d1%82%d1%80%d1%96%d1%87-%d0%bf%d0%be-%d1%81%d0%b5%d1%80%d0%b5%d0%b4%d0%b0%d1%85\/\"]}]},{\"@type\":\"BreadcrumbList\",\"@id\":\"https:\/\/behinderung-und-flucht.isl-ev.de\/uk\/selbstvertretung-3\/%d0%be%d0%bd%d0%bb%d0%b0%d0%b9%d0%bd-%d0%b7%d1%83%d1%81%d1%82%d1%80%d1%96%d1%87-%d0%bf%d0%be-%d1%81%d0%b5%d1%80%d0%b5%d0%b4%d0%b0%d1%85\/#breadcrumb\",\"itemListElement\":[{\"@type\":\"ListItem\",\"position\":1,\"name\":\"Startseite\",\"item\":\"https:\/\/behinderung-und-flucht.isl-ev.de\/uk\/\"},{\"@type\":\"ListItem\",\"position\":2,\"name\":\"\u0441\u0430\u043c\u043e\u0440\u0435\u043f\u0440\u0435\u0437\u0435\u043d\u0442\u0430\u0446\u0456\u044f\",\"item\":\"https:\/\/behinderung-und-flucht.isl-ev.de\/uk\/selbstvertretung-3\/\"},{\"@type\":\"ListItem\",\"position\":3,\"name\":\"\u041e\u043d\u043b\u0430\u0439\u043d-\u0437\u0443\u0441\u0442\u0440\u0456\u0447 \u043f\u043e \u0441\u0435\u0440\u0435\u0434\u0430\u0445\"}]},{\"@type\":\"WebSite\",\"@id\":\"https:\/\/behinderung-und-flucht.isl-ev.de\/uk\/#website\",\"url\":\"https:\/\/behinderung-und-flucht.isl-ev.de\/uk\/\",\"name\":\"Infoseite f\u00fcr gefl\u00fcchtete Menschen mit Behinderungen oder chronischen Erkrankungen\",\"description\":\"Informationen f\u00fcr gefl\u00fcchtete Menschen mit Behinderungen oder chronischen Erkrankungen\",\"publisher\":{\"@id\":\"https:\/\/behinderung-und-flucht.isl-ev.de\/uk\/#organization\"},\"alternateName\":\"Infoseite f\u00fcr gefl\u00fcchtete Menschen mit Behinderungen\",\"potentialAction\":[{\"@type\":\"SearchAction\",\"target\":{\"@type\":\"EntryPoint\",\"urlTemplate\":\"https:\/\/behinderung-und-flucht.isl-ev.de\/uk\/?s={search_term_string}\"},\"query-input\":\"required name=search_term_string\"}],\"inLanguage\":\"uk\"},{\"@type\":\"Organization\",\"@id\":\"https:\/\/behinderung-und-flucht.isl-ev.de\/uk\/#organization\",\"name\":\"Infoseite der Interessenvertretung Selbstbestimmt Leben in Deutschland e.V.\",\"url\":\"https:\/\/behinderung-und-flucht.isl-ev.de\/uk\/\",\"logo\":{\"@type\":\"ImageObject\",\"inLanguage\":\"uk\",\"@id\":\"https:\/\/behinderung-und-flucht.isl-ev.de\/uk\/#\/schema\/logo\/image\/\",\"url\":\"https:\/\/behinderung-und-flucht.isl-ev.de\/wp-content\/uploads\/2022\/09\/logo-infoseite-04.svg\",\"contentUrl\":\"https:\/\/behinderung-und-flucht.isl-ev.de\/wp-content\/uploads\/2022\/09\/logo-infoseite-04.svg\",\"caption\":\"Infoseite der Interessenvertretung Selbstbestimmt Leben in Deutschland e.V.\"},\"image\":{\"@id\":\"https:\/\/behinderung-und-flucht.isl-ev.de\/uk\/#\/schema\/logo\/image\/\"}}]}<\/script>\n<!-- \/ Yoast SEO plugin. -->","yoast_head_json":{"title":"\u041e\u043d\u043b\u0430\u0439\u043d-\u0437\u0443\u0441\u0442\u0440\u0456\u0447 \u043f\u043e \u0441\u0435\u0440\u0435\u0434\u0430\u0445 - Infoseite der Interessenvertretung Selbstbestimmt Leben in Deutschland e.V.","robots":{"index":"index","follow":"follow","max-snippet":"max-snippet:-1","max-image-preview":"max-image-preview:large","max-video-preview":"max-video-preview:-1"},"canonical":"https:\/\/behinderung-und-flucht.isl-ev.de\/uk\/selbstvertretung-3\/%d0%be%d0%bd%d0%bb%d0%b0%d0%b9%d0%bd-%d0%b7%d1%83%d1%81%d1%82%d1%80%d1%96%d1%87-%d0%bf%d0%be-%d1%81%d0%b5%d1%80%d0%b5%d0%b4%d0%b0%d1%85\/","og_locale":"uk_UA","og_type":"article","og_title":"\u041e\u043d\u043b\u0430\u0439\u043d-\u0437\u0443\u0441\u0442\u0440\u0456\u0447 \u043f\u043e \u0441\u0435\u0440\u0435\u0434\u0430\u0445 - Infoseite der Interessenvertretung Selbstbestimmt Leben in Deutschland e.V.","og_description":"\u0429\u043e \u0446\u0435?\u041e\u043d\u043b\u0430\u0439\u043d \u0432\u0456\u0434\u0435\u043e\u0433\u0440\u0443\u043f\u0430 \u043f\u043e \u0441\u0435\u0440\u0435\u0434\u0430\u0445 \u2013 \u0446\u0435 \u043e\u0431\u043c\u0456\u043d \u0434\u043e\u0441\u0432\u0456\u0434\u043e\u043c \u0443\u043a\u0440\u0430\u0457\u043d\u0441\u044c\u043a\u043e\u044e\/\u0440\u043e\u0441\u0456\u0439\u0441\u044c\u043a\u043e\u044e \u043c\u043e\u0432\u0430\u043c\u0438, \u044f\u043a\u0438\u0439 \u041e\u0431\u2019\u0454\u0434\u043d\u0430\u043d\u043d\u044f \u00ab\u0421\u0430\u043c\u043e\u0441\u0442\u0456\u0439\u043d\u0435 \u0436\u0438\u0442\u0442\u044f \u0432 \u041d\u0456\u043c\u0435\u0447\u0447\u0438\u043d\u0456 e.V.\u00bb (ISL) \u043f\u0440\u043e\u043f\u043e\u043d\u0443\u0454 \u0432 \u0440\u0430\u043c\u043a\u0430\u0445 \u043f\u0440\u043e\u0454\u043a\u0442\u0443: \u00ab\u041c\u0438 \u0434\u043b\u044f \u043d\u0430\u0441! \u0421\u0430\u043c\u043e\u043f\u0440\u0435\u0434\u0441\u0442\u0430\u0432\u043d\u0438\u0446\u0442\u0432\u043e \u0431\u0456\u0436\u0435\u043d\u0446\u0456\u0432 \u0437 \u0456\u043d\u0432\u0430\u043b\u0456\u0434\u043d\u0456\u0441\u0442\u044e \u0442\u0430\/\u0430\u0431\u043e \u0445\u0440\u043e\u043d\u0456\u0447\u043d\u0438\u043c\u0438 \u0437\u0430\u0445\u0432\u043e\u0440\u044e\u0432\u0430\u043d\u043d\u044f\u043c\u0438 \u0432 \u041d\u0456\u043c\u0435\u0447\u0447\u0438\u043d\u0456\u00bb.\u0412\u0456\u0434\u0431\u0443\u0432\u0430\u0454\u0442\u044c\u0441\u044f \u0449\u043e\u0441\u0435\u0440\u0435\u0434\u0438 (\u0434\u043e 16.12.2022) \u0437 17:00 \u0434\u043e 19:00. \u041f\u0435\u0440\u0435\u0434 \u0446\u0438\u043c \u043c\u043e\u0436\u043d\u0430 \u0437\u0430\u0440\u0435\u0454\u0441\u0442\u0440\u0443\u0432\u0430\u0442\u0438\u0441\u044f \u0437\u0430 \u043d\u0430\u0441\u0442\u0443\u043f\u043d\u0438\u043c \u043f\u043e\u0441\u0438\u043b\u0430\u043d\u043d\u044f\u043c:MS-Office Forms | Anmeldeformular Mittwochsgruppe. \u0414\u043b\u044f \u043a\u043e\u0433\u043e&hellip; \u0427\u0438\u0442\u0430\u0442\u0438 \u0434\u0430\u043b\u0456 \u041e\u043d\u043b\u0430\u0439\u043d-\u0437\u0443\u0441\u0442\u0440\u0456\u0447 \u043f\u043e \u0441\u0435\u0440\u0435\u0434\u0430\u0445","og_url":"https:\/\/behinderung-und-flucht.isl-ev.de\/uk\/selbstvertretung-3\/%d0%be%d0%bd%d0%bb%d0%b0%d0%b9%d0%bd-%d0%b7%d1%83%d1%81%d1%82%d1%80%d1%96%d1%87-%d0%bf%d0%be-%d1%81%d0%b5%d1%80%d0%b5%d0%b4%d0%b0%d1%85\/","og_site_name":"Infoseite der Interessenvertretung Selbstbestimmt Leben in Deutschland e.V.","article_modified_time":"2022-11-05T19:32:32+00:00","twitter_card":"summary_large_image","twitter_misc":{"\u041f\u0440\u0438\u0431\u043b. \u0447\u0430\u0441 \u0447\u0438\u0442\u0430\u043d\u043d\u044f":"2 \u0445\u0432\u0438\u043b\u0438\u043d\u0438"},"schema":{"@context":"https:\/\/schema.org","@graph":[{"@type":"WebPage","@id":"https:\/\/behinderung-und-flucht.isl-ev.de\/uk\/selbstvertretung-3\/%d0%be%d0%bd%d0%bb%d0%b0%d0%b9%d0%bd-%d0%b7%d1%83%d1%81%d1%82%d1%80%d1%96%d1%87-%d0%bf%d0%be-%d1%81%d0%b5%d1%80%d0%b5%d0%b4%d0%b0%d1%85\/","url":"https:\/\/behinderung-und-flucht.isl-ev.de\/uk\/selbstvertretung-3\/%d0%be%d0%bd%d0%bb%d0%b0%d0%b9%d0%bd-%d0%b7%d1%83%d1%81%d1%82%d1%80%d1%96%d1%87-%d0%bf%d0%be-%d1%81%d0%b5%d1%80%d0%b5%d0%b4%d0%b0%d1%85\/","name":"\u041e\u043d\u043b\u0430\u0439\u043d-\u0437\u0443\u0441\u0442\u0440\u0456\u0447 \u043f\u043e \u0441\u0435\u0440\u0435\u0434\u0430\u0445 - Infoseite der Interessenvertretung Selbstbestimmt Leben in Deutschland e.V.","isPartOf":{"@id":"https:\/\/behinderung-und-flucht.isl-ev.de\/uk\/#website"},"datePublished":"2022-11-02T18:27:21+00:00","dateModified":"2022-11-05T19:32:32+00:00","breadcrumb":{"@id":"https:\/\/behinderung-und-flucht.isl-ev.de\/uk\/selbstvertretung-3\/%d0%be%d0%bd%d0%bb%d0%b0%d0%b9%d0%bd-%d0%b7%d1%83%d1%81%d1%82%d1%80%d1%96%d1%87-%d0%bf%d0%be-%d1%81%d0%b5%d1%80%d0%b5%d0%b4%d0%b0%d1%85\/#breadcrumb"},"inLanguage":"uk","potentialAction":[{"@type":"ReadAction","target":["https:\/\/behinderung-und-flucht.isl-ev.de\/uk\/selbstvertretung-3\/%d0%be%d0%bd%d0%bb%d0%b0%d0%b9%d0%bd-%d0%b7%d1%83%d1%81%d1%82%d1%80%d1%96%d1%87-%d0%bf%d0%be-%d1%81%d0%b5%d1%80%d0%b5%d0%b4%d0%b0%d1%85\/"]}]},{"@type":"BreadcrumbList","@id":"https:\/\/behinderung-und-flucht.isl-ev.de\/uk\/selbstvertretung-3\/%d0%be%d0%bd%d0%bb%d0%b0%d0%b9%d0%bd-%d0%b7%d1%83%d1%81%d1%82%d1%80%d1%96%d1%87-%d0%bf%d0%be-%d1%81%d0%b5%d1%80%d0%b5%d0%b4%d0%b0%d1%85\/#breadcrumb","itemListElement":[{"@type":"ListItem","position":1,"name":"Startseite","item":"https:\/\/behinderung-und-flucht.isl-ev.de\/uk\/"},{"@type":"ListItem","position":2,"name":"\u0441\u0430\u043c\u043e\u0440\u0435\u043f\u0440\u0435\u0437\u0435\u043d\u0442\u0430\u0446\u0456\u044f","item":"https:\/\/behinderung-und-flucht.isl-ev.de\/uk\/selbstvertretung-3\/"},{"@type":"ListItem","position":3,"name":"\u041e\u043d\u043b\u0430\u0439\u043d-\u0437\u0443\u0441\u0442\u0440\u0456\u0447 \u043f\u043e \u0441\u0435\u0440\u0435\u0434\u0430\u0445"}]},{"@type":"WebSite","@id":"https:\/\/behinderung-und-flucht.isl-ev.de\/uk\/#website","url":"https:\/\/behinderung-und-flucht.isl-ev.de\/uk\/","name":"Infoseite f\u00fcr gefl\u00fcchtete Menschen mit Behinderungen oder chronischen Erkrankungen","description":"Informationen f\u00fcr gefl\u00fcchtete Menschen mit Behinderungen oder chronischen Erkrankungen","publisher":{"@id":"https:\/\/behinderung-und-flucht.isl-ev.de\/uk\/#organization"},"alternateName":"Infoseite f\u00fcr gefl\u00fcchtete Menschen mit Behinderungen","potentialAction":[{"@type":"SearchAction","target":{"@type":"EntryPoint","urlTemplate":"https:\/\/behinderung-und-flucht.isl-ev.de\/uk\/?s={search_term_string}"},"query-input":"required name=search_term_string"}],"inLanguage":"uk"},{"@type":"Organization","@id":"https:\/\/behinderung-und-flucht.isl-ev.de\/uk\/#organization","name":"Infoseite der Interessenvertretung Selbstbestimmt Leben in Deutschland e.V.","url":"https:\/\/behinderung-und-flucht.isl-ev.de\/uk\/","logo":{"@type":"ImageObject","inLanguage":"uk","@id":"https:\/\/behinderung-und-flucht.isl-ev.de\/uk\/#\/schema\/logo\/image\/","url":"https:\/\/behinderung-und-flucht.isl-ev.de\/wp-content\/uploads\/2022\/09\/logo-infoseite-04.svg","contentUrl":"https:\/\/behinderung-und-flucht.isl-ev.de\/wp-content\/uploads\/2022\/09\/logo-infoseite-04.svg","caption":"Infoseite der Interessenvertretung Selbstbestimmt Leben in Deutschland e.V."},"image":{"@id":"https:\/\/behinderung-und-flucht.isl-ev.de\/uk\/#\/schema\/logo\/image\/"}}]}},"_links":{"self":[{"href":"https:\/\/behinderung-und-flucht.isl-ev.de\/uk\/wp-json\/wp\/v2\/pages\/1850","targetHints":{"allow":["GET"]}}],"collection":[{"href":"https:\/\/behinderung-und-flucht.isl-ev.de\/uk\/wp-json\/wp\/v2\/pages"}],"about":[{"href":"https:\/\/behinderung-und-flucht.isl-ev.de\/uk\/wp-json\/wp\/v2\/types\/page"}],"author":[{"embeddable":true,"href":"https:\/\/behinderung-und-flucht.isl-ev.de\/uk\/wp-json\/wp\/v2\/users\/1"}],"replies":[{"embeddable":true,"href":"https:\/\/behinderung-und-flucht.isl-ev.de\/uk\/wp-json\/wp\/v2\/comments?post=1850"}],"version-history":[{"count":11,"href":"https:\/\/behinderung-und-flucht.isl-ev.de\/uk\/wp-json\/wp\/v2\/pages\/1850\/revisions"}],"predecessor-version":[{"id":1995,"href":"https:\/\/behinderung-und-flucht.isl-ev.de\/uk\/wp-json\/wp\/v2\/pages\/1850\/revisions\/1995"}],"up":[{"embeddable":true,"href":"https:\/\/behinderung-und-flucht.isl-ev.de\/uk\/wp-json\/wp\/v2\/pages\/1387"}],"wp:attachment":[{"href":"https:\/\/behinderung-und-flucht.isl-ev.de\/uk\/wp-json\/wp\/v2\/media?parent=1850"}],"wp:term":[{"taxonomy":"category","embeddable":true,"href":"https:\/\/behinderung-und-flucht.isl-ev.de\/uk\/wp-json\/wp\/v2\/categories?post=1850"},{"taxonomy":"post_tag","embeddable":true,"href":"https:\/\/behinderung-und-flucht.isl-ev.de\/uk\/wp-json\/wp\/v2\/tags?post=1850"}],"curies":[{"name":"wp","href":"https:\/\/api.w.org\/{rel}","templated":true}]}}