{"id":1268,"date":"2022-09-27T22:05:39","date_gmt":"2022-09-27T20:05:39","guid":{"rendered":"https:\/\/infoseite.lmente.de\/?page_id=1268"},"modified":"2023-05-12T20:26:02","modified_gmt":"2023-05-12T18:26:02","slug":"berlin-3","status":"publish","type":"page","link":"https:\/\/behinderung-und-flucht.isl-ev.de\/uk\/beratung-selbsthilfe-ukr\/berlin-3\/","title":{"rendered":"Berlin"},"content":{"rendered":"\n<h4 class=\"wp-block-heading has-white-background-color has-background\">\u041f\u0435\u0440\u0435\u043a\u043b\u0430\u0434 \u0442\u0440\u0438\u0432\u0430\u0454 \u0456 \u0431\u0443\u0434\u0435 \u0434\u043e\u0441\u0442\u0443\u043f\u043d\u0438\u0439 \u043d\u0430\u0439\u0431\u043b\u0438\u0436\u0447\u0438\u043c \u0447\u0430\u0441\u043e\u043c.<\/h4>\n\n\n\n<h2 class=\"wp-block-heading\">Beratungs- und Informationsangebote von Berlin:<\/h2>\n\n\n\n<div class=\"wp-block-columns has-white-background-color has-background is-layout-flex wp-container-core-columns-is-layout-f9777a04 wp-block-columns-is-layout-flex\" style=\"padding-top:var(--wp--preset--spacing--20);padding-right:var(--wp--preset--spacing--20);padding-bottom:var(--wp--preset--spacing--20);padding-left:var(--wp--preset--spacing--20)\">\n<div class=\"wp-block-column is-layout-flow wp-block-column-is-layout-flow\" style=\"flex-basis:66.66%\">\n<h3 class=\"wp-block-heading\">Bema Berlin<\/h3>\n\n\n\n<p>Beratung zu Arbeits- und Sozialrechtlichen Themen<\/p>\n\n\n\n<p><strong>Link:<\/strong> <mark><a href=\"https:\/\/bema.berlin\/\">https:\/\/bema.berlin\/<\/a><\/mark><\/p>\n<\/div>\n\n\n\n<div class=\"wp-block-column is-layout-flow wp-block-column-is-layout-flow\" style=\"flex-basis:33.33%\">\n<p><a href=\"https:\/\/www.google.com\/search?sxsrf=APwXEddItf-Twv5WDywvYzGanvVXZWtrmA:1681417999655&amp;q=bema+berlin+adresse&amp;ludocid=1994712624758358767&amp;sa=X&amp;ved=2ahUKEwjFi9qU2qf-AhWARPEDHVLOBdAQ6BN6BAhbEAI\">Adresse<\/a>:&nbsp;<br>Lorenzweg 5, 12099 Berlin<\/p>\n\n\n\n<p><a href=\"https:\/\/www.google.com\/search?sxsrf=APwXEddItf-Twv5WDywvYzGanvVXZWtrmA:1681417999655&amp;q=bema+berlin+telefon&amp;ludocid=1994712624758358767&amp;sa=X&amp;ved=2ahUKEwjFi9qU2qf-AhWARPEDHVLOBdAQ6BN6BAhREAI\">Telefon<\/a>:&nbsp;<a href=\"https:\/\/www.google.com\/search?q=Bema+Berlin&amp;oq=Bema+Berlin&amp;aqs=chrome..69i57.114j0j7&amp;sourceid=chrome&amp;ie=UTF-8#\">030 513019269<\/a><\/p>\n<\/div>\n<\/div>\n\n\n\n<div class=\"wp-block-columns has-white-background-color has-background is-layout-flex wp-container-core-columns-is-layout-f9777a04 wp-block-columns-is-layout-flex\" style=\"padding-top:var(--wp--preset--spacing--20);padding-right:var(--wp--preset--spacing--20);padding-bottom:var(--wp--preset--spacing--20);padding-left:var(--wp--preset--spacing--20)\">\n<div class=\"wp-block-column is-layout-flow wp-block-column-is-layout-flow\" style=\"flex-basis:66.66%\">\n<h3 class=\"wp-block-heading\">Berliner Beratungsnetz f\u00fcr Zugewanderte (BfZ)<\/h3>\n\n\n\n<p>Beratung zu Arbeits- und Sozialrechtlichen Themen<\/p>\n\n\n\n<p><strong>Link:<\/strong> <a href=\"https:\/\/www.beratungsnetz-migration.de\/l\/de\" target=\"_blank\" rel=\"noreferrer noopener\">https:\/\/www.beratungsnetz-migration.de\/l\/de<\/a><\/p>\n<\/div>\n\n\n\n<div class=\"wp-block-column is-layout-flow wp-block-column-is-layout-flow\" style=\"flex-basis:33.33%\">\n<p><a href=\"https:\/\/www.google.com\/search?sxsrf=APwXEdfDeiuCE-eDVJvS5NPxszzNhh8iJA:1681418103903&amp;q=berliner+beratungsnetz+f%C3%BCr+zugewanderte+bfz+adresse&amp;ludocid=14798870821748773370&amp;sa=X&amp;ved=2ahUKEwio6bTG2qf-AhUOzqQKHWgRBoYQ6BN6BAhGEAI\">Adresse<\/a>:&nbsp;<br>Petersburger Str. 92, 10247 Berlin<\/p>\n\n\n\n<p><a href=\"https:\/\/www.google.com\/search?sxsrf=APwXEdfDeiuCE-eDVJvS5NPxszzNhh8iJA:1681418103903&amp;q=berliner+beratungsnetz+f%C3%BCr+zugewanderte+bfz+telefon&amp;ludocid=14798870821748773370&amp;sa=X&amp;ved=2ahUKEwio6bTG2qf-AhUOzqQKHWgRBoYQ6BN6BAhCEAI\">Telefon<\/a>:&nbsp;<a href=\"https:\/\/www.google.com\/search?q=Berliner+Beratungsnetz+f%C3%BCr+Zugewanderte+(BfZ)&amp;oq=Berliner+Beratungsnetz+f%C3%BCr+Zugewanderte+(BfZ)&amp;aqs=chrome..69i57j0i546l3.623j0j9&amp;sourceid=chrome&amp;ie=UTF-8#\">030 29006948<\/a><\/p>\n<\/div>\n<\/div>\n\n\n\n<div class=\"wp-block-columns has-white-background-color has-background is-layout-flex wp-container-core-columns-is-layout-f9777a04 wp-block-columns-is-layout-flex\" style=\"padding-top:var(--wp--preset--spacing--20);padding-right:var(--wp--preset--spacing--20);padding-bottom:var(--wp--preset--spacing--20);padding-left:var(--wp--preset--spacing--20)\">\n<div class=\"wp-block-column is-layout-flow wp-block-column-is-layout-flow\" style=\"flex-basis:66.66%\">\n<h3 class=\"wp-block-heading\">Regionalverband Berlin\/Brandenburg<\/h3>\n\n\n\n<p><strong>Gerichtet an:<\/strong> Gefl\u00fcchtete aus der Ukraine<\/p>\n\n\n\n<p><strong>Angebot:<\/strong> Linksammlungen f\u00fcr gefl\u00fcchtete aus der Ukraine in Berlin<\/p>\n\n\n\n<p><strong>Sprache:<\/strong> deutsch<\/p>\n\n\n\n<p>Sonderseite f\u00fcr die Ukraine vom Regionalverband Berlin\/Brandenburg f\u00fcr alle gefl\u00fcchteten Menschen<\/p>\n\n\n\n<p><strong>Link<a href=\"https:\/\/www.via-in-berlin.de\/uncategorized\/ukraine-gefluechtete-unterstuetzung\/\">:<\/a><\/strong><a href=\"https:\/\/www.via-in-berlin.de\/uncategorized\/ukraine-gefluechtete-unterstuetzung\/\"> https:\/\/www.via-in-berlin.de\/uncategorized\/ukraine-gefluechtete-unterstuetzung\/<\/a><\/p>\n<\/div>\n\n\n\n<div class=\"wp-block-column is-layout-flow wp-block-column-is-layout-flow\" style=\"flex-basis:33.33%\">\n<p><a href=\"https:\/\/www.google.com\/search?sxsrf=APwXEdfDeiuCE-eDVJvS5NPxszzNhh8iJA:1681418103903&amp;q=berliner+beratungsnetz+f%C3%BCr+zugewanderte+bfz+adresse&amp;ludocid=14798870821748773370&amp;sa=X&amp;ved=2ahUKEwio6bTG2qf-AhUOzqQKHWgRBoYQ6BN6BAhGEAI\">Adresse<\/a>:&nbsp;<br>Petersburger Stra\u00dfe 92<br>D-10247 Berlin<\/p>\n\n\n\n<p><a href=\"https:\/\/www.google.com\/search?sxsrf=APwXEdfDeiuCE-eDVJvS5NPxszzNhh8iJA:1681418103903&amp;q=berliner+beratungsnetz+f%C3%BCr+zugewanderte+bfz+telefon&amp;ludocid=14798870821748773370&amp;sa=X&amp;ved=2ahUKEwio6bTG2qf-AhUOzqQKHWgRBoYQ6BN6BAhCEAI\">Telefon<\/a>:&nbsp;030 &#8211; 29 00 71 55<\/p>\n<\/div>\n<\/div>\n\n\n\n<div class=\"wp-block-columns has-white-background-color has-background is-layout-flex wp-container-core-columns-is-layout-f9777a04 wp-block-columns-is-layout-flex\" style=\"padding-top:var(--wp--preset--spacing--20);padding-right:var(--wp--preset--spacing--20);padding-bottom:var(--wp--preset--spacing--20);padding-left:var(--wp--preset--spacing--20)\">\n<div class=\"wp-block-column is-layout-flow wp-block-column-is-layout-flow\" style=\"flex-basis:66.66%\">\n<h3 class=\"wp-block-heading\">Afrikaherz<\/h3>\n\n\n\n<p><strong>Gerichtet an:<\/strong> STI, Migrant*innen ohne Aufenthaltsstatus&nbsp;<br>Subsahara-Afrika, Drittstaatler:innen aus der Ukraine<\/p>\n\n\n\n<p><strong>Ansprechpartner:<\/strong> Projektleitung: Rosaline M&#8217;Bayo <\/p>\n\n\n\n<p><strong>Projektmitarbeit:<\/strong> Stephen Amoah, Bamidele Ademiluyi<\/p>\n\n\n\n<p><strong>Angebot:<\/strong> Beratungsangebot zu \u00fcbertragbaren Infektionen (STIs) und HIV-Testangebot<\/p>\n\n\n\n<p><strong>Link:<\/strong> https:\/\/www.via-in-berlin.de\/projekt\/afrikaherz\/<\/p>\n<\/div>\n\n\n\n<div class=\"wp-block-column is-layout-flow wp-block-column-is-layout-flow\" style=\"flex-basis:33.33%\">\n<p><a href=\"https:\/\/www.google.com\/search?sxsrf=APwXEdfDeiuCE-eDVJvS5NPxszzNhh8iJA:1681418103903&amp;q=berliner+beratungsnetz+f%C3%BCr+zugewanderte+bfz+adresse&amp;ludocid=14798870821748773370&amp;sa=X&amp;ved=2ahUKEwio6bTG2qf-AhUOzqQKHWgRBoYQ6BN6BAhGEAI\">Adresse<\/a>:&nbsp;<br>Elsenstra\u00dfe 75<br>12059 Berlin<\/p>\n\n\n\n<p><a href=\"https:\/\/www.google.com\/search?sxsrf=APwXEdfDeiuCE-eDVJvS5NPxszzNhh8iJA:1681418103903&amp;q=berliner+beratungsnetz+f%C3%BCr+zugewanderte+bfz+telefon&amp;ludocid=14798870821748773370&amp;sa=X&amp;ved=2ahUKEwio6bTG2qf-AhUOzqQKHWgRBoYQ6BN6BAhCEAI\">Telefon<\/a>:&nbsp;030 35 05 00 13<\/p>\n<\/div>\n<\/div>\n\n\n\n<div class=\"wp-block-columns has-white-background-color has-background is-layout-flex wp-container-core-columns-is-layout-f9777a04 wp-block-columns-is-layout-flex\" style=\"padding-top:var(--wp--preset--spacing--20);padding-right:var(--wp--preset--spacing--20);padding-bottom:var(--wp--preset--spacing--20);padding-left:var(--wp--preset--spacing--20)\">\n<div class=\"wp-block-column is-layout-flow wp-block-column-is-layout-flow\" style=\"flex-basis:66.66%\">\n<h3 class=\"wp-block-heading\">Berliner Netzwerk f\u00fcr<br>besonders schutzbed\u00fcrftige<br>gefl\u00fcchtete Menschen<\/h3>\n\n\n\n<p><strong>Gerichtet an:<\/strong> schutzbed\u00fcrftige gefl\u00fcchtete Menschen<\/p>\n\n\n\n<p><strong>Angebot:<\/strong> Berliner Netzwerk f\u00fcr besonders schutzbed\u00fcrftige gefl\u00fcchtete Menschen<\/p>\n\n\n\n<p><strong>Sprachen:<\/strong> Deutsch, English, Franz\u00f6sisch, Arabisch, Farsi, Russisch, T\u00fcrkisch, Kurdisch<\/p>\n\n\n\n<p><strong>Link:<\/strong> <a href=\"https:\/\/bns.berlin\/\">https:\/\/bns.berlin\/<\/a><\/p>\n<\/div>\n\n\n\n<div class=\"wp-block-column is-layout-flow wp-block-column-is-layout-flow\" style=\"flex-basis:33.33%\">\n<p><\/p>\n<\/div>\n<\/div>\n\n\n\n<div class=\"wp-block-columns has-white-background-color has-background is-layout-flex wp-container-core-columns-is-layout-f9777a04 wp-block-columns-is-layout-flex\" style=\"padding-top:var(--wp--preset--spacing--20);padding-right:var(--wp--preset--spacing--20);padding-bottom:var(--wp--preset--spacing--20);padding-left:var(--wp--preset--spacing--20)\">\n<div class=\"wp-block-column is-layout-flow wp-block-column-is-layout-flow\" style=\"flex-basis:66.66%\">\n<h3 class=\"wp-block-heading\">BZSL<\/h3>\n\n\n\n<h4 class=\"wp-block-heading\">Fachstelle f\u00fcr Gefl\u00fcchtete mit Behinderung, chronischer Erkrankung und \u00c4ltere<\/h4>\n\n\n\n<p><strong>Gerichtet an:<\/strong> Gefl\u00fcchtete mit Behinderung, chronischer Erkrankung und \u00c4ltere<\/p>\n\n\n\n<p>Ansprechpartner: Kathrin Ziegler<\/p>\n\n\n\n<p><strong>Angebot:<\/strong> Unterst\u00fctzung bei Antragsstellungen und Kommunikation mit \u00c4mtern. Auf wunsch anonym<\/p>\n\n\n\n<p><strong>Sprachen:<\/strong> arabisch, farsi\/dari, kurdisch, russisch, Weitere Sprachen&nbsp; auf Anfrage<\/p>\n\n\n\n<p><strong>Link:<\/strong> <a href=\"https:\/\/bns.berlin\/fachstellen\/bzsl\/\">https:\/\/bns.berlin\/fachstellen\/bzsl\/<\/a><\/p>\n<\/div>\n\n\n\n<div class=\"wp-block-column is-layout-flow wp-block-column-is-layout-flow\" style=\"flex-basis:33.33%\">\n<p><a href=\"https:\/\/www.google.com\/search?sxsrf=APwXEdfDeiuCE-eDVJvS5NPxszzNhh8iJA:1681418103903&amp;q=berliner+beratungsnetz+f%C3%BCr+zugewanderte+bfz+adresse&amp;ludocid=14798870821748773370&amp;sa=X&amp;ved=2ahUKEwio6bTG2qf-AhUOzqQKHWgRBoYQ6BN6BAhGEAI\">Adresse<\/a>:&nbsp;<br>&nbsp;Gustav-Adolf-Strasse 130<\/p>\n\n\n\n<p><a href=\"https:\/\/www.google.com\/search?sxsrf=APwXEdfDeiuCE-eDVJvS5NPxszzNhh8iJA:1681418103903&amp;q=berliner+beratungsnetz+f%C3%BCr+zugewanderte+bfz+telefon&amp;ludocid=14798870821748773370&amp;sa=X&amp;ved=2ahUKEwio6bTG2qf-AhUOzqQKHWgRBoYQ6BN6BAhCEAI\">Telefon<\/a>:&nbsp;0157 348 349 40<\/p>\n<\/div>\n<\/div>\n\n\n\n<div class=\"wp-block-columns has-white-background-color has-background is-layout-flex wp-container-core-columns-is-layout-f9777a04 wp-block-columns-is-layout-flex\" style=\"padding-top:var(--wp--preset--spacing--20);padding-right:var(--wp--preset--spacing--20);padding-bottom:var(--wp--preset--spacing--20);padding-left:var(--wp--preset--spacing--20)\">\n<div class=\"wp-block-column is-layout-flow wp-block-column-is-layout-flow\" style=\"flex-basis:66.66%\">\n<h3 class=\"wp-block-heading\">KuB<\/h3>\n\n\n\n<h4 class=\"wp-block-heading\"><strong>Fachstelle f\u00fcr alleinerziehende, schwangere und gewaltbetroffene Frauen<\/strong><\/h4>\n\n\n\n<p><strong>Gerichtet an:<\/strong> gewaltbetroffene Frauen, (alleinerziehende und schwangere Frauen)<\/p>\n\n\n\n<p><strong>Angebot:<\/strong> Unterst\u00fctzung bei Gewalt zu Hause oder in Unterk\u00fcnften<\/p>\n\n\n\n<p>auf Wunsch anonym<\/p>\n\n\n\n<p><strong>Sprachen:<\/strong> Arabisch, Dari\/Farsi, Franz\u00f6sisch, Italienisch, Kurdisch, Portugiesisch, Russisch, Spanisch, T\u00fcrkisch<\/p>\n\n\n\n<p><strong>Link:<\/strong> <a href=\"https:\/\/bns.berlin\/fachstellen\/kub\/\">https:\/\/bns.berlin\/fachstellen\/kub\/<\/a><\/p>\n<\/div>\n\n\n\n<div class=\"wp-block-column is-layout-flow wp-block-column-is-layout-flow\" style=\"flex-basis:33.33%\">\n<p><a href=\"https:\/\/www.google.com\/search?sxsrf=APwXEdfDeiuCE-eDVJvS5NPxszzNhh8iJA:1681418103903&amp;q=berliner+beratungsnetz+f%C3%BCr+zugewanderte+bfz+adresse&amp;ludocid=14798870821748773370&amp;sa=X&amp;ved=2ahUKEwio6bTG2qf-AhUOzqQKHWgRBoYQ6BN6BAhGEAI\">Adresse<\/a>:&nbsp;<br>&nbsp;Oranienstrasse 159<\/p>\n\n\n\n<p><a href=\"https:\/\/www.google.com\/search?sxsrf=APwXEdfDeiuCE-eDVJvS5NPxszzNhh8iJA:1681418103903&amp;q=berliner+beratungsnetz+f%C3%BCr+zugewanderte+bfz+telefon&amp;ludocid=14798870821748773370&amp;sa=X&amp;ved=2ahUKEwio6bTG2qf-AhUOzqQKHWgRBoYQ6BN6BAhCEAI\">Telefon<\/a>:&nbsp;030 614 94 00<\/p>\n<\/div>\n<\/div>\n\n\n\n<div class=\"wp-block-columns has-white-background-color has-background is-layout-flex wp-container-core-columns-is-layout-f9777a04 wp-block-columns-is-layout-flex\" style=\"padding-top:var(--wp--preset--spacing--20);padding-right:var(--wp--preset--spacing--20);padding-bottom:var(--wp--preset--spacing--20);padding-left:var(--wp--preset--spacing--20)\">\n<div class=\"wp-block-column is-layout-flow wp-block-column-is-layout-flow\" style=\"flex-basis:66.66%\">\n<h3 class=\"wp-block-heading\">XENION<\/h3>\n\n\n\n<h4 class=\"wp-block-heading\">Fachstellen f\u00fcr traumatisierte gefl\u00fcchtete Menschen und \u00dcberlebende schwerer Gewalt<\/h4>\n\n\n\n<p><strong>Gerichtet an:<\/strong> Traumatisierte Personen; \u00dcberlebende von Folter; Menschen mit einer seelischen Krankheit oder seelischen Problemen<\/p>\n\n\n\n<p><strong>Angebot:<\/strong> Unterst\u00fctzung im Asylverfahren, bei psychischen Belastungen und schwerer Gewalt<\/p>\n\n\n\n<p>auf Wunsch anonym<\/p>\n\n\n\n<p><strong>Sprachen:<\/strong> auf Wunsch mit Sprachmittlung<\/p>\n\n\n\n<p><strong>Link:<\/strong> <a href=\"https:\/\/bns.berlin\/fachstellen\/xenion\/\"><a href=\"https:\/\/bns.berlin\/fachstellen\/xenion\/\">https:\/\/bns.berlin\/fachstellen\/xenion\/<\/a><\/a><\/p>\n<\/div>\n\n\n\n<div class=\"wp-block-column is-layout-flow wp-block-column-is-layout-flow\" style=\"flex-basis:33.33%\">\n<p><a href=\"https:\/\/www.google.com\/search?sxsrf=APwXEdfDeiuCE-eDVJvS5NPxszzNhh8iJA:1681418103903&amp;q=berliner+beratungsnetz+f%C3%BCr+zugewanderte+bfz+adresse&amp;ludocid=14798870821748773370&amp;sa=X&amp;ved=2ahUKEwio6bTG2qf-AhUOzqQKHWgRBoYQ6BN6BAhGEAI\">Adresse<\/a>:&nbsp;<br>Paulsenstrasse 55\/56<\/p>\n\n\n\n<p><a href=\"https:\/\/www.google.com\/search?sxsrf=APwXEdfDeiuCE-eDVJvS5NPxszzNhh8iJA:1681418103903&amp;q=berliner+beratungsnetz+f%C3%BCr+zugewanderte+bfz+telefon&amp;ludocid=14798870821748773370&amp;sa=X&amp;ved=2ahUKEwio6bTG2qf-AhUOzqQKHWgRBoYQ6BN6BAhCEAI\">Telefon<\/a>:&nbsp;030 880 66 73 22<\/p>\n<\/div>\n<\/div>\n\n\n\n<div class=\"wp-block-columns has-white-background-color has-background is-layout-flex wp-container-core-columns-is-layout-f9777a04 wp-block-columns-is-layout-flex\" style=\"padding-top:var(--wp--preset--spacing--20);padding-right:var(--wp--preset--spacing--20);padding-bottom:var(--wp--preset--spacing--20);padding-left:var(--wp--preset--spacing--20)\">\n<div class=\"wp-block-column is-layout-flow wp-block-column-is-layout-flow\" style=\"flex-basis:66.66%\">\n<h3 class=\"wp-block-heading\">Zentrum \u00dcBERLEBEN<\/h3>\n\n\n\n<h4 class=\"wp-block-heading\">Fachstelle f\u00fcr traumatisierte Gefl\u00fcchtete und \u00dcberlebende schwerer Gewalt<\/h4>\n\n\n\n<p><strong>Gerichtet an:<\/strong> Traumatisierte Personen; \u00dcberlebende von Folter; Menschen mit einer seelischen Krankheit oder seelischen Problemen<\/p>\n\n\n\n<p><strong>Angebot:<\/strong> Unterst\u00fctzung im Asylverfahren und bei bei psychischen Belastungen<\/p>\n\n\n\n<p>auf Wunsch anonym<\/p>\n\n\n\n<p><strong>Sprachen:<\/strong> auf Wunsch mit Sprachmittlung<\/p>\n\n\n\n<p><strong>Link:<\/strong> <a href=\"https:\/\/bns.berlin\/fachstellen\/zentrum-ueberleben\/\">https:\/\/bns.berlin\/fachstellen\/zentrum-ueberleben\/<\/a><\/p>\n<\/div>\n\n\n\n<div class=\"wp-block-column is-layout-flow wp-block-column-is-layout-flow\" style=\"flex-basis:33.33%\">\n<p><a href=\"https:\/\/www.google.com\/search?sxsrf=APwXEdfDeiuCE-eDVJvS5NPxszzNhh8iJA:1681418103903&amp;q=berliner+beratungsnetz+f%C3%BCr+zugewanderte+bfz+adresse&amp;ludocid=14798870821748773370&amp;sa=X&amp;ved=2ahUKEwio6bTG2qf-AhUOzqQKHWgRBoYQ6BN6BAhGEAI\">Adresse<\/a>:&nbsp;<br>Turmstrasse 21 (Haus K)<\/p>\n\n\n\n<p><a href=\"https:\/\/www.google.com\/search?sxsrf=APwXEdfDeiuCE-eDVJvS5NPxszzNhh8iJA:1681418103903&amp;q=berliner+beratungsnetz+f%C3%BCr+zugewanderte+bfz+telefon&amp;ludocid=14798870821748773370&amp;sa=X&amp;ved=2ahUKEwio6bTG2qf-AhUOzqQKHWgRBoYQ6BN6BAhCEAI\">Telefon<\/a>:&nbsp;030 880 66 73 22<\/p>\n<\/div>\n<\/div>\n\n\n\n<div class=\"wp-block-columns has-white-background-color has-background is-layout-flex wp-container-core-columns-is-layout-f9777a04 wp-block-columns-is-layout-flex\" style=\"padding-top:var(--wp--preset--spacing--20);padding-right:var(--wp--preset--spacing--20);padding-bottom:var(--wp--preset--spacing--20);padding-left:var(--wp--preset--spacing--20)\">\n<div class=\"wp-block-column is-layout-flow wp-block-column-is-layout-flow\" style=\"flex-basis:66.66%\">\n<h3 class=\"wp-block-heading\" style=\"font-style:normal;font-weight:400\">Kontaktstelle f\u00fcr gefl\u00fcchtete Familien mit Kindern\/Angeh\u00f6rigen mit Behinderung\/chronischer Erkrankung in Berlin Mitte<\/h3>\n\n\n\n<p><strong>Gerichtet an:<\/strong> Gefl\u00fcchtete Erwachsene und Kinder mit Behinderung oder chronischer Erkrankung<\/p>\n\n\n\n<p>Ansprechpartner: Theresa Mair; Paul Esser; Nadja K\u00f6rner<\/p>\n\n\n\n<p><strong>Angebot:<\/strong> Beratung &amp; Begleitung f\u00fcr gefl\u00fcchtete Menschen mit Behinderung oder chronischer Erkrankung und ihre Angeh\u00f6rigen<\/p>\n\n\n\n<p>auf Wunsch anonym<\/p>\n\n\n\n<p><strong>Sprachen:<\/strong> Arabisch, Farsi, Dari, Russisch, Ukrainisch, Kurdisch-Sorani, Franz\u00f6sisch, Englisch, Griechisch<\/p>\n\n\n\n<p><strong>Link:<\/strong> <a href=\"https:\/\/www.interaktiv-berlin.de\/de\/projekte\/kontaktstelle-fuer-gefluechtete-familien-mit-kindern-angehoerigen-mit-behinderung-chronischer-erkran\/\">https:\/\/www.interaktiv-berlin.de\/de\/projekte\/kontaktstelle-fuer-gefluechtete-familien-mit-kindern-angehoerigen-mit-behinderung-chronischer-erkran\/<\/a><\/p>\n<\/div>\n\n\n\n<div class=\"wp-block-column is-layout-flow wp-block-column-is-layout-flow\" style=\"flex-basis:33.33%\">\n<p><a href=\"https:\/\/www.google.com\/search?sxsrf=APwXEdfDeiuCE-eDVJvS5NPxszzNhh8iJA:1681418103903&amp;q=berliner+beratungsnetz+f%C3%BCr+zugewanderte+bfz+adresse&amp;ludocid=14798870821748773370&amp;sa=X&amp;ved=2ahUKEwio6bTG2qf-AhUOzqQKHWgRBoYQ6BN6BAhGEAI\">Adresse<\/a>:&nbsp;<br>Wilhelmshavener Str. 32<\/p>\n\n\n\n<p><a href=\"https:\/\/www.google.com\/search?sxsrf=APwXEdfDeiuCE-eDVJvS5NPxszzNhh8iJA:1681418103903&amp;q=berliner+beratungsnetz+f%C3%BCr+zugewanderte+bfz+telefon&amp;ludocid=14798870821748773370&amp;sa=X&amp;ved=2ahUKEwio6bTG2qf-AhUOzqQKHWgRBoYQ6BN6BAhCEAI\">Telefon<\/a>:&nbsp;030 490 88 494<\/p>\n<\/div>\n<\/div>\n\n\n\n<div class=\"wp-block-columns has-white-background-color has-background is-layout-flex wp-container-core-columns-is-layout-f9777a04 wp-block-columns-is-layout-flex\" style=\"padding-top:var(--wp--preset--spacing--20);padding-right:var(--wp--preset--spacing--20);padding-bottom:var(--wp--preset--spacing--20);padding-left:var(--wp--preset--spacing--20)\">\n<div class=\"wp-block-column is-layout-flow wp-block-column-is-layout-flow\" style=\"flex-basis:66.66%\">\n<h3 class=\"wp-block-heading\" style=\"font-style:normal;font-weight:400\">Kontaktstelle f\u00fcr gefl\u00fcchtete Familien mit Kindern\/Angeh\u00f6rigen mit Behinderung\/chronischer Erkrankung in Berlin Mitte<\/h3>\n\n\n\n<p><strong>Gerichtet an:<\/strong> Gefl\u00fcchtete mit Behinderung oder chronischer Erkrankung<\/p>\n\n\n\n<p>Ansprechpartner: Theresa Mair; Paul Esser; Julius Engel (Rechtsberatung); Nadja K\u00f6rner<\/p>\n\n\n\n<p><strong>Angebot:<\/strong> Rechts- und Sozialberatung im Bereich Gesundheits-, Hilfe- und Bildungssystem<\/p>\n\n\n\n<p><strong>Sprachen:<\/strong> Arabisch, Englisch, T\u00fcrkisch, Kurdisch, Russisch, Farsi, auf Anfrage Weitere<\/p>\n\n\n\n<p><strong>Link:<\/strong> <a href=\"https:\/\/www.interaktiv-berlin.de\/de\/projekte\/ankommen-im-gesundheits-hilfe-bildungssystem-agbh\/\">https:\/\/www.interaktiv-berlin.de\/de\/projekte\/ankommen-im-gesundheits-hilfe-bildungssystem-agbh\/<\/a><\/p>\n<\/div>\n\n\n\n<div class=\"wp-block-column is-layout-flow wp-block-column-is-layout-flow\" style=\"flex-basis:33.33%\">\n<p><a href=\"https:\/\/www.google.com\/search?sxsrf=APwXEdfDeiuCE-eDVJvS5NPxszzNhh8iJA:1681418103903&amp;q=berliner+beratungsnetz+f%C3%BCr+zugewanderte+bfz+adresse&amp;ludocid=14798870821748773370&amp;sa=X&amp;ved=2ahUKEwio6bTG2qf-AhUOzqQKHWgRBoYQ6BN6BAhGEAI\">Adresse<\/a>:&nbsp;<br>Wilhelmshavener Str. 32<\/p>\n\n\n\n<p><a href=\"https:\/\/www.google.com\/search?sxsrf=APwXEdfDeiuCE-eDVJvS5NPxszzNhh8iJA:1681418103903&amp;q=berliner+beratungsnetz+f%C3%BCr+zugewanderte+bfz+telefon&amp;ludocid=14798870821748773370&amp;sa=X&amp;ved=2ahUKEwio6bTG2qf-AhUOzqQKHWgRBoYQ6BN6BAhCEAI\">Telefon<\/a>:&nbsp;030 490 88 494<\/p>\n<\/div>\n<\/div>\n\n\n\n<div class=\"wp-block-columns has-white-background-color has-background is-layout-flex wp-container-core-columns-is-layout-f9777a04 wp-block-columns-is-layout-flex\" style=\"padding-top:var(--wp--preset--spacing--20);padding-right:var(--wp--preset--spacing--20);padding-bottom:var(--wp--preset--spacing--20);padding-left:var(--wp--preset--spacing--20)\">\n<div class=\"wp-block-column is-layout-flow wp-block-column-is-layout-flow\" style=\"flex-basis:66.66%\">\n<h3 class=\"wp-block-heading\" style=\"font-style:normal;font-weight:400\">Interkulturelle Beratungsstelle Neuk\u00f6lln<\/h3>\n\n\n\n<p><strong>Gerichtet an:<\/strong> Menschen mit Migrationshintergrund und Behinderung<\/p>\n\n\n\n<p>Ansprechpartner: Yasmin Kempf; Veli Filar<\/p>\n\n\n\n<p><strong>Angebot:<\/strong> Beratung zur Behinderung, Schwerbehindertenausweis, Leistungen f\u00fcr Menschen mit hohem Betreuungsbedarf, Kita, Schule und Erwachsenenbildung<\/p>\n\n\n\n<p><strong>Sprachen:<\/strong> T\u00fcrkisch, Arabisch, Englisch<\/p>\n\n\n\n<p><strong>Link:<\/strong> <a href=\"https:\/\/www.lebenshilfe-berlin.de\/de\/beratung\/interkulturelle-beratung\/\">https:\/\/www.lebenshilfe-berlin.de\/de\/beratung\/interkulturelle-beratung\/<\/a><\/p>\n<\/div>\n\n\n\n<div class=\"wp-block-column is-layout-flow wp-block-column-is-layout-flow\" style=\"flex-basis:33.33%\">\n<p><a href=\"https:\/\/www.google.com\/search?sxsrf=APwXEdfDeiuCE-eDVJvS5NPxszzNhh8iJA:1681418103903&amp;q=berliner+beratungsnetz+f%C3%BCr+zugewanderte+bfz+adresse&amp;ludocid=14798870821748773370&amp;sa=X&amp;ved=2ahUKEwio6bTG2qf-AhUOzqQKHWgRBoYQ6BN6BAhGEAI\">Adresse<\/a>:&nbsp;<br>Briesestra\u00dfe 1<\/p>\n\n\n\n<p><a href=\"https:\/\/www.google.com\/search?sxsrf=APwXEdfDeiuCE-eDVJvS5NPxszzNhh8iJA:1681418103903&amp;q=berliner+beratungsnetz+f%C3%BCr+zugewanderte+bfz+telefon&amp;ludocid=14798870821748773370&amp;sa=X&amp;ved=2ahUKEwio6bTG2qf-AhUOzqQKHWgRBoYQ6BN6BAhCEAI\">Telefon<\/a>:&nbsp;030 53 67 00 &#8211; 72<\/p>\n<\/div>\n<\/div>\n\n\n\n<div class=\"wp-block-columns has-white-background-color has-background is-layout-flex wp-container-core-columns-is-layout-f9777a04 wp-block-columns-is-layout-flex\" style=\"padding-top:var(--wp--preset--spacing--20);padding-right:var(--wp--preset--spacing--20);padding-bottom:var(--wp--preset--spacing--20);padding-left:var(--wp--preset--spacing--20)\">\n<div class=\"wp-block-column is-layout-flow wp-block-column-is-layout-flow\" style=\"flex-basis:66.66%\">\n<h3 class=\"wp-block-heading\" style=\"font-style:normal;font-weight:400\">MINA-Leben in Vielfalt e.V.<\/h3>\n\n\n\n<h4 class=\"wp-block-heading\">Informations- und Beratungsangebot f\u00fcr gefl\u00fcchtete Menschen mit Behinderung und deren Familien im Bezirk Tempelhof-Sch\u00f6neberg<\/h4>\n\n\n\n<p><strong>Gerichtet an:<\/strong> Gefl\u00fcchtete mit Behinderung<\/p>\n\n\n\n<p><strong>Angebot:<\/strong> Beratung und Begleitung f\u00fcr Fragen der Behindertenhilfe und des Schwerbehindertenrechts; Unterst\u00fctzung bei der Antragstellung<\/p>\n\n\n\n<p><strong>Sprachen:<\/strong> &nbsp;Deutsch, Arabisch, T\u00fcrkisch, weitere Sprachen auf Anfrage<\/p>\n\n\n\n<p><strong>Link:<\/strong> <a href=\"http:\/\/mina-berlin.eu\/informations-und-beratungsangebot-fuer-gefluechtete-menschen-mit-behinderung-und-deren-familien-im-bezirk-tempelhof-schoeneberg\/\">http:\/\/mina-berlin.eu\/informations-und-beratungsangebot-fuer-gefluechtete-menschen-mit-behinderung-und-deren-familien-im-bezirk-tempelhof-schoeneberg\/<\/a><\/p>\n<\/div>\n\n\n\n<div class=\"wp-block-column is-layout-flow wp-block-column-is-layout-flow\" style=\"flex-basis:33.33%\">\n<p><a href=\"https:\/\/www.google.com\/search?sxsrf=APwXEdfDeiuCE-eDVJvS5NPxszzNhh8iJA:1681418103903&amp;q=berliner+beratungsnetz+f%C3%BCr+zugewanderte+bfz+adresse&amp;ludocid=14798870821748773370&amp;sa=X&amp;ved=2ahUKEwio6bTG2qf-AhUOzqQKHWgRBoYQ6BN6BAhGEAI\">Adresse<\/a>:&nbsp;<br>Nahariyastra\u00dfe 19; Oberlandstra\u00dfe 105; Kurm\u00e4rkische Str. 1-3; Marienfelder Allee 60-80<\/p>\n\n\n\n<p><a href=\"https:\/\/www.google.com\/search?sxsrf=APwXEdfDeiuCE-eDVJvS5NPxszzNhh8iJA:1681418103903&amp;q=berliner+beratungsnetz+f%C3%BCr+zugewanderte+bfz+telefon&amp;ludocid=14798870821748773370&amp;sa=X&amp;ved=2ahUKEwio6bTG2qf-AhUOzqQKHWgRBoYQ6BN6BAhCEAI\">Telefon<\/a>:&nbsp;030 403 65 76-20<\/p>\n<\/div>\n<\/div>\n\n\n\n<div class=\"wp-block-columns has-white-background-color has-background is-layout-flex wp-container-core-columns-is-layout-f9777a04 wp-block-columns-is-layout-flex\" style=\"padding-top:var(--wp--preset--spacing--20);padding-right:var(--wp--preset--spacing--20);padding-bottom:var(--wp--preset--spacing--20);padding-left:var(--wp--preset--spacing--20)\">\n<div class=\"wp-block-column is-layout-flow wp-block-column-is-layout-flow\" style=\"flex-basis:66.66%\">\n<h3 class=\"wp-block-heading\" style=\"font-style:normal;font-weight:400\">MINA-Leben in Vielfalt e.V.<\/h3>\n\n\n\n<h4 class=\"wp-block-heading\">Informations- und Beratungsangebot f\u00fcr gefl\u00fcchtete Menschen mit Behinderung und deren Familien im Bezirk Tempelhof-Sch\u00f6neberg<\/h4>\n\n\n\n<p><strong>Gerichtet an:<\/strong> Gefl\u00fcchtete mit Behinderung<\/p>\n\n\n\n<p>Herkunftsland: Ukraine<\/p>\n\n\n\n<p>Ansprechpartner: Katja Fedulova; Anna Gall<\/p>\n\n\n\n<p><strong>Angebot:<\/strong> Beratung zur Schwerbehinderung, Unterst\u00fctzung bei der Pflege, medizinischen Rat, \u00dcbersetzungen<\/p>\n\n\n\n<p><strong>Sprachen:<\/strong> &nbsp;Russisch, Deutsch<\/p>\n\n\n\n<p><strong>Link:<\/strong> http:\/\/mina-berlin.eu\/beratungsangebot-fuer-menschen-mit-fluchterfahrung-und-behinderung-aus-der-ukraine\/<\/p>\n<\/div>\n\n\n\n<div class=\"wp-block-column is-layout-flow wp-block-column-is-layout-flow\" style=\"flex-basis:33.33%\">\n<p><a href=\"https:\/\/www.google.com\/search?sxsrf=APwXEdfDeiuCE-eDVJvS5NPxszzNhh8iJA:1681418103903&amp;q=berliner+beratungsnetz+f%C3%BCr+zugewanderte+bfz+adresse&amp;ludocid=14798870821748773370&amp;sa=X&amp;ved=2ahUKEwio6bTG2qf-AhUOzqQKHWgRBoYQ6BN6BAhGEAI\">Adresse<\/a>:&nbsp;<br>Friedrichstr. 1<\/p>\n\n\n\n<p><a href=\"https:\/\/www.google.com\/search?sxsrf=APwXEdfDeiuCE-eDVJvS5NPxszzNhh8iJA:1681418103903&amp;q=berliner+beratungsnetz+f%C3%BCr+zugewanderte+bfz+telefon&amp;ludocid=14798870821748773370&amp;sa=X&amp;ved=2ahUKEwio6bTG2qf-AhUOzqQKHWgRBoYQ6BN6BAhCEAI\">Telefon<\/a>:&nbsp;030 403 65 76-20<\/p>\n<\/div>\n<\/div>\n","protected":false},"excerpt":{"rendered":"<p>\u041f\u0435\u0440\u0435\u043a\u043b\u0430\u0434 \u0442\u0440\u0438\u0432\u0430\u0454 \u0456 \u0431\u0443\u0434\u0435 \u0434\u043e\u0441\u0442\u0443\u043f\u043d\u0438\u0439 \u043d\u0430\u0439\u0431\u043b\u0438\u0436\u0447\u0438\u043c \u0447\u0430\u0441\u043e\u043c. Beratungs- und Informationsangebote von Berlin: Bema Berlin Beratung zu Arbeits- und Sozialrechtlichen Themen Link: https:\/\/bema.berlin\/ Adresse:&nbsp;Lorenzweg 5, 12099 Berlin Telefon:&nbsp;030 513019269 Berliner Beratungsnetz f\u00fcr Zugewanderte (BfZ) Beratung zu Arbeits- und Sozialrechtlichen Themen Link: https:\/\/www.beratungsnetz-migration.de\/l\/de Adresse:&nbsp;Petersburger Str. 92, 10247 Berlin Telefon:&nbsp;030 29006948 Regionalverband Berlin\/Brandenburg Gerichtet an: Gefl\u00fcchtete aus der&hellip; <a class=\"more-link\" href=\"https:\/\/behinderung-und-flucht.isl-ev.de\/uk\/beratung-selbsthilfe-ukr\/berlin-3\/\">\u0427\u0438\u0442\u0430\u0442\u0438 \u0434\u0430\u043b\u0456 <span class=\"screen-reader-text\">Berlin<\/span><\/a><\/p>\n","protected":false},"author":1,"featured_media":0,"parent":765,"menu_order":75,"comment_status":"closed","ping_status":"closed","template":"","meta":{"ub_ctt_via":"","inline_featured_image":false,"_themeisle_gutenberg_block_has_review":false,"_mc_calendar":[],"footnotes":""},"categories":[],"tags":[],"class_list":["post-1268","page","type-page","status-publish","hentry","entry"],"featured_image_src":null,"yoast_head":"<!-- This site is optimized with the Yoast SEO plugin v21.4 - https:\/\/yoast.com\/wordpress\/plugins\/seo\/ -->\n<title>Berlin - Infoseite der Interessenvertretung Selbstbestimmt Leben in Deutschland e.V.<\/title>\n<meta name=\"robots\" content=\"index, follow, max-snippet:-1, max-image-preview:large, max-video-preview:-1\" \/>\n<link rel=\"canonical\" href=\"https:\/\/behinderung-und-flucht.isl-ev.de\/uk\/beratung-selbsthilfe-ukr\/berlin-3\/\" \/>\n<meta property=\"og:locale\" content=\"uk_UA\" \/>\n<meta property=\"og:type\" content=\"article\" \/>\n<meta property=\"og:title\" content=\"Berlin - Infoseite der Interessenvertretung Selbstbestimmt Leben in Deutschland e.V.\" \/>\n<meta property=\"og:description\" content=\"\u041f\u0435\u0440\u0435\u043a\u043b\u0430\u0434 \u0442\u0440\u0438\u0432\u0430\u0454 \u0456 \u0431\u0443\u0434\u0435 \u0434\u043e\u0441\u0442\u0443\u043f\u043d\u0438\u0439 \u043d\u0430\u0439\u0431\u043b\u0438\u0436\u0447\u0438\u043c \u0447\u0430\u0441\u043e\u043c. Beratungs- und Informationsangebote von Berlin: Bema Berlin Beratung zu Arbeits- und Sozialrechtlichen Themen Link: https:\/\/bema.berlin\/ Adresse:&nbsp;Lorenzweg 5, 12099 Berlin Telefon:&nbsp;030 513019269 Berliner Beratungsnetz f\u00fcr Zugewanderte (BfZ) Beratung zu Arbeits- und Sozialrechtlichen Themen Link: https:\/\/www.beratungsnetz-migration.de\/l\/de Adresse:&nbsp;Petersburger Str. 92, 10247 Berlin Telefon:&nbsp;030 29006948 Regionalverband Berlin\/Brandenburg Gerichtet an: Gefl\u00fcchtete aus der&hellip; \u0427\u0438\u0442\u0430\u0442\u0438 \u0434\u0430\u043b\u0456 Berlin\" \/>\n<meta property=\"og:url\" content=\"https:\/\/behinderung-und-flucht.isl-ev.de\/uk\/beratung-selbsthilfe-ukr\/berlin-3\/\" \/>\n<meta property=\"og:site_name\" content=\"Infoseite der Interessenvertretung Selbstbestimmt Leben in Deutschland e.V.\" \/>\n<meta property=\"article:modified_time\" content=\"2023-05-12T18:26:02+00:00\" \/>\n<meta name=\"twitter:card\" content=\"summary_large_image\" \/>\n<meta name=\"twitter:label1\" content=\"\u041f\u0440\u0438\u0431\u043b. \u0447\u0430\u0441 \u0447\u0438\u0442\u0430\u043d\u043d\u044f\" \/>\n\t<meta name=\"twitter:data1\" content=\"4 \u0445\u0432\u0438\u043b\u0438\u043d\u0438\" \/>\n<script type=\"application\/ld+json\" class=\"yoast-schema-graph\">{\"@context\":\"https:\/\/schema.org\",\"@graph\":[{\"@type\":\"WebPage\",\"@id\":\"https:\/\/behinderung-und-flucht.isl-ev.de\/uk\/beratung-selbsthilfe-ukr\/berlin-3\/\",\"url\":\"https:\/\/behinderung-und-flucht.isl-ev.de\/uk\/beratung-selbsthilfe-ukr\/berlin-3\/\",\"name\":\"Berlin - Infoseite der Interessenvertretung Selbstbestimmt Leben in Deutschland e.V.\",\"isPartOf\":{\"@id\":\"https:\/\/behinderung-und-flucht.isl-ev.de\/uk\/#website\"},\"datePublished\":\"2022-09-27T20:05:39+00:00\",\"dateModified\":\"2023-05-12T18:26:02+00:00\",\"breadcrumb\":{\"@id\":\"https:\/\/behinderung-und-flucht.isl-ev.de\/uk\/beratung-selbsthilfe-ukr\/berlin-3\/#breadcrumb\"},\"inLanguage\":\"uk\",\"potentialAction\":[{\"@type\":\"ReadAction\",\"target\":[\"https:\/\/behinderung-und-flucht.isl-ev.de\/uk\/beratung-selbsthilfe-ukr\/berlin-3\/\"]}]},{\"@type\":\"BreadcrumbList\",\"@id\":\"https:\/\/behinderung-und-flucht.isl-ev.de\/uk\/beratung-selbsthilfe-ukr\/berlin-3\/#breadcrumb\",\"itemListElement\":[{\"@type\":\"ListItem\",\"position\":1,\"name\":\"Startseite\",\"item\":\"https:\/\/behinderung-und-flucht.isl-ev.de\/uk\/\"},{\"@type\":\"ListItem\",\"position\":2,\"name\":\"\u041a\u043e\u043d\u0441\u0443\u043b\u044c\u0442\u0443\u0432\u0430\u043d\u043d\u044f\/\u0441\u0430\u043c\u043e\u043f\u043e\u043c\u0456\u0447\",\"item\":\"https:\/\/behinderung-und-flucht.isl-ev.de\/uk\/beratung-selbsthilfe-ukr\/\"},{\"@type\":\"ListItem\",\"position\":3,\"name\":\"Berlin\"}]},{\"@type\":\"WebSite\",\"@id\":\"https:\/\/behinderung-und-flucht.isl-ev.de\/uk\/#website\",\"url\":\"https:\/\/behinderung-und-flucht.isl-ev.de\/uk\/\",\"name\":\"Infoseite f\u00fcr gefl\u00fcchtete Menschen mit Behinderungen oder chronischen Erkrankungen\",\"description\":\"Informationen f\u00fcr gefl\u00fcchtete Menschen mit Behinderungen oder chronischen Erkrankungen\",\"publisher\":{\"@id\":\"https:\/\/behinderung-und-flucht.isl-ev.de\/uk\/#organization\"},\"alternateName\":\"Infoseite f\u00fcr gefl\u00fcchtete Menschen mit Behinderungen\",\"potentialAction\":[{\"@type\":\"SearchAction\",\"target\":{\"@type\":\"EntryPoint\",\"urlTemplate\":\"https:\/\/behinderung-und-flucht.isl-ev.de\/uk\/?s={search_term_string}\"},\"query-input\":\"required name=search_term_string\"}],\"inLanguage\":\"uk\"},{\"@type\":\"Organization\",\"@id\":\"https:\/\/behinderung-und-flucht.isl-ev.de\/uk\/#organization\",\"name\":\"Infoseite der Interessenvertretung Selbstbestimmt Leben in Deutschland e.V.\",\"url\":\"https:\/\/behinderung-und-flucht.isl-ev.de\/uk\/\",\"logo\":{\"@type\":\"ImageObject\",\"inLanguage\":\"uk\",\"@id\":\"https:\/\/behinderung-und-flucht.isl-ev.de\/uk\/#\/schema\/logo\/image\/\",\"url\":\"https:\/\/behinderung-und-flucht.isl-ev.de\/wp-content\/uploads\/2022\/09\/logo-infoseite-04.svg\",\"contentUrl\":\"https:\/\/behinderung-und-flucht.isl-ev.de\/wp-content\/uploads\/2022\/09\/logo-infoseite-04.svg\",\"caption\":\"Infoseite der Interessenvertretung Selbstbestimmt Leben in Deutschland e.V.\"},\"image\":{\"@id\":\"https:\/\/behinderung-und-flucht.isl-ev.de\/uk\/#\/schema\/logo\/image\/\"}}]}<\/script>\n<!-- \/ Yoast SEO plugin. -->","yoast_head_json":{"title":"Berlin - Infoseite der Interessenvertretung Selbstbestimmt Leben in Deutschland e.V.","robots":{"index":"index","follow":"follow","max-snippet":"max-snippet:-1","max-image-preview":"max-image-preview:large","max-video-preview":"max-video-preview:-1"},"canonical":"https:\/\/behinderung-und-flucht.isl-ev.de\/uk\/beratung-selbsthilfe-ukr\/berlin-3\/","og_locale":"uk_UA","og_type":"article","og_title":"Berlin - Infoseite der Interessenvertretung Selbstbestimmt Leben in Deutschland e.V.","og_description":"\u041f\u0435\u0440\u0435\u043a\u043b\u0430\u0434 \u0442\u0440\u0438\u0432\u0430\u0454 \u0456 \u0431\u0443\u0434\u0435 \u0434\u043e\u0441\u0442\u0443\u043f\u043d\u0438\u0439 \u043d\u0430\u0439\u0431\u043b\u0438\u0436\u0447\u0438\u043c \u0447\u0430\u0441\u043e\u043c. Beratungs- und Informationsangebote von Berlin: Bema Berlin Beratung zu Arbeits- und Sozialrechtlichen Themen Link: https:\/\/bema.berlin\/ Adresse:&nbsp;Lorenzweg 5, 12099 Berlin Telefon:&nbsp;030 513019269 Berliner Beratungsnetz f\u00fcr Zugewanderte (BfZ) Beratung zu Arbeits- und Sozialrechtlichen Themen Link: https:\/\/www.beratungsnetz-migration.de\/l\/de Adresse:&nbsp;Petersburger Str. 92, 10247 Berlin Telefon:&nbsp;030 29006948 Regionalverband Berlin\/Brandenburg Gerichtet an: Gefl\u00fcchtete aus der&hellip; \u0427\u0438\u0442\u0430\u0442\u0438 \u0434\u0430\u043b\u0456 Berlin","og_url":"https:\/\/behinderung-und-flucht.isl-ev.de\/uk\/beratung-selbsthilfe-ukr\/berlin-3\/","og_site_name":"Infoseite der Interessenvertretung Selbstbestimmt Leben in Deutschland e.V.","article_modified_time":"2023-05-12T18:26:02+00:00","twitter_card":"summary_large_image","twitter_misc":{"\u041f\u0440\u0438\u0431\u043b. \u0447\u0430\u0441 \u0447\u0438\u0442\u0430\u043d\u043d\u044f":"4 \u0445\u0432\u0438\u043b\u0438\u043d\u0438"},"schema":{"@context":"https:\/\/schema.org","@graph":[{"@type":"WebPage","@id":"https:\/\/behinderung-und-flucht.isl-ev.de\/uk\/beratung-selbsthilfe-ukr\/berlin-3\/","url":"https:\/\/behinderung-und-flucht.isl-ev.de\/uk\/beratung-selbsthilfe-ukr\/berlin-3\/","name":"Berlin - Infoseite der Interessenvertretung Selbstbestimmt Leben in Deutschland e.V.","isPartOf":{"@id":"https:\/\/behinderung-und-flucht.isl-ev.de\/uk\/#website"},"datePublished":"2022-09-27T20:05:39+00:00","dateModified":"2023-05-12T18:26:02+00:00","breadcrumb":{"@id":"https:\/\/behinderung-und-flucht.isl-ev.de\/uk\/beratung-selbsthilfe-ukr\/berlin-3\/#breadcrumb"},"inLanguage":"uk","potentialAction":[{"@type":"ReadAction","target":["https:\/\/behinderung-und-flucht.isl-ev.de\/uk\/beratung-selbsthilfe-ukr\/berlin-3\/"]}]},{"@type":"BreadcrumbList","@id":"https:\/\/behinderung-und-flucht.isl-ev.de\/uk\/beratung-selbsthilfe-ukr\/berlin-3\/#breadcrumb","itemListElement":[{"@type":"ListItem","position":1,"name":"Startseite","item":"https:\/\/behinderung-und-flucht.isl-ev.de\/uk\/"},{"@type":"ListItem","position":2,"name":"\u041a\u043e\u043d\u0441\u0443\u043b\u044c\u0442\u0443\u0432\u0430\u043d\u043d\u044f\/\u0441\u0430\u043c\u043e\u043f\u043e\u043c\u0456\u0447","item":"https:\/\/behinderung-und-flucht.isl-ev.de\/uk\/beratung-selbsthilfe-ukr\/"},{"@type":"ListItem","position":3,"name":"Berlin"}]},{"@type":"WebSite","@id":"https:\/\/behinderung-und-flucht.isl-ev.de\/uk\/#website","url":"https:\/\/behinderung-und-flucht.isl-ev.de\/uk\/","name":"Infoseite f\u00fcr gefl\u00fcchtete Menschen mit Behinderungen oder chronischen Erkrankungen","description":"Informationen f\u00fcr gefl\u00fcchtete Menschen mit Behinderungen oder chronischen Erkrankungen","publisher":{"@id":"https:\/\/behinderung-und-flucht.isl-ev.de\/uk\/#organization"},"alternateName":"Infoseite f\u00fcr gefl\u00fcchtete Menschen mit Behinderungen","potentialAction":[{"@type":"SearchAction","target":{"@type":"EntryPoint","urlTemplate":"https:\/\/behinderung-und-flucht.isl-ev.de\/uk\/?s={search_term_string}"},"query-input":"required name=search_term_string"}],"inLanguage":"uk"},{"@type":"Organization","@id":"https:\/\/behinderung-und-flucht.isl-ev.de\/uk\/#organization","name":"Infoseite der Interessenvertretung Selbstbestimmt Leben in Deutschland e.V.","url":"https:\/\/behinderung-und-flucht.isl-ev.de\/uk\/","logo":{"@type":"ImageObject","inLanguage":"uk","@id":"https:\/\/behinderung-und-flucht.isl-ev.de\/uk\/#\/schema\/logo\/image\/","url":"https:\/\/behinderung-und-flucht.isl-ev.de\/wp-content\/uploads\/2022\/09\/logo-infoseite-04.svg","contentUrl":"https:\/\/behinderung-und-flucht.isl-ev.de\/wp-content\/uploads\/2022\/09\/logo-infoseite-04.svg","caption":"Infoseite der Interessenvertretung Selbstbestimmt Leben in Deutschland e.V."},"image":{"@id":"https:\/\/behinderung-und-flucht.isl-ev.de\/uk\/#\/schema\/logo\/image\/"}}]}},"_links":{"self":[{"href":"https:\/\/behinderung-und-flucht.isl-ev.de\/uk\/wp-json\/wp\/v2\/pages\/1268","targetHints":{"allow":["GET"]}}],"collection":[{"href":"https:\/\/behinderung-und-flucht.isl-ev.de\/uk\/wp-json\/wp\/v2\/pages"}],"about":[{"href":"https:\/\/behinderung-und-flucht.isl-ev.de\/uk\/wp-json\/wp\/v2\/types\/page"}],"author":[{"embeddable":true,"href":"https:\/\/behinderung-und-flucht.isl-ev.de\/uk\/wp-json\/wp\/v2\/users\/1"}],"replies":[{"embeddable":true,"href":"https:\/\/behinderung-und-flucht.isl-ev.de\/uk\/wp-json\/wp\/v2\/comments?post=1268"}],"version-history":[{"count":11,"href":"https:\/\/behinderung-und-flucht.isl-ev.de\/uk\/wp-json\/wp\/v2\/pages\/1268\/revisions"}],"predecessor-version":[{"id":4312,"href":"https:\/\/behinderung-und-flucht.isl-ev.de\/uk\/wp-json\/wp\/v2\/pages\/1268\/revisions\/4312"}],"up":[{"embeddable":true,"href":"https:\/\/behinderung-und-flucht.isl-ev.de\/uk\/wp-json\/wp\/v2\/pages\/765"}],"wp:attachment":[{"href":"https:\/\/behinderung-und-flucht.isl-ev.de\/uk\/wp-json\/wp\/v2\/media?parent=1268"}],"wp:term":[{"taxonomy":"category","embeddable":true,"href":"https:\/\/behinderung-und-flucht.isl-ev.de\/uk\/wp-json\/wp\/v2\/categories?post=1268"},{"taxonomy":"post_tag","embeddable":true,"href":"https:\/\/behinderung-und-flucht.isl-ev.de\/uk\/wp-json\/wp\/v2\/tags?post=1268"}],"curies":[{"name":"wp","href":"https:\/\/api.w.org\/{rel}","templated":true}]}}