{"id":4630,"date":"2023-03-01T20:26:34","date_gmt":"2023-03-01T19:26:34","guid":{"rendered":"https:\/\/behinderung-und-flucht.isl-ev.de\/?page_id=4630"},"modified":"2023-08-29T22:38:06","modified_gmt":"2023-08-29T20:38:06","slug":"%d1%80%d0%be%d0%b6%d0%b4%d0%b5%d1%81%d1%82%d0%b2%d0%b5%d0%bd%d1%81%d0%ba%d0%b8%d0%b9-%d0%b1%d0%b0%d0%b7%d0%b0%d1%80","status":"publish","type":"page","link":"https:\/\/behinderung-und-flucht.isl-ev.de\/ru\/kulturguide\/4601-2\/%d1%80%d0%be%d0%b6%d0%b4%d0%b5%d1%81%d1%82%d0%b2%d0%b5%d0%bd%d1%81%d0%ba%d0%b8%d0%b9-%d0%b1%d0%b0%d0%b7%d0%b0%d1%80\/","title":{"rendered":"\u0420\u043e\u0436\u0434\u0435\u0441\u0442\u0432\u0435\u043d\u0441\u043a\u0438\u0439 \u0431\u0430\u0437\u0430\u0440"},"content":{"rendered":"\n<p><\/p>\n\n\n\n<div id=\"wp-block-themeisle-blocks-accordion-35e4df50\" data-has-schema=\"false\" class=\"wp-block-themeisle-blocks-accordion exclusive has-gap\">\n<details class=\"wp-block-themeisle-blocks-accordion-item\"><summary class=\"wp-block-themeisle-blocks-accordion-item__title\"><h2><strong>\u0421\u0440\u0435\u0434\u043d\u0435\u0432\u0435\u043a\u043e\u0432\u044b\u0439 \u0440\u043e\u0436\u0434\u0435\u0441\u0442\u0432\u0435\u043d\u0441\u043a\u0438\u0439 \u0431\u0430\u0437\u0430\u0440 \u0432 \u0417\u0438\u0433\u0431\u0443\u0440\u0433\u0435 <\/strong>  <img decoding=\"async\" style=\"width: 50px\" src=\"https:\/\/behinderung-und-flucht.isl-ev.de\/wp-content\/uploads\/2023\/02\/WKU-Icons_Behindertenparkplaetze-vorhanden.svg\" alt=\"Behindertenparkpl\u00e4tze vorhanden Es stehen gekennzeichnete Parkpl\u00e4tze in Eingangsn\u00e4he zur Verf\u00fcgung.\"><img decoding=\"async\" style=\"width: 50px\" src=\"https:\/\/behinderung-und-flucht.isl-ev.de\/wp-content\/uploads\/2023\/02\/WKU-Icons_Zugaenglich-mit-Rollstuhl.svg\" alt=\"Zug\u00e4nglich mit Rollstuhl Den Gast erwarten keine Treppen, ggfs. ist eine Rampe vorhanden.\"><\/h2><\/summary><div class=\"wp-block-themeisle-blocks-accordion-item__content\">\n<h3 class=\"wp-block-heading\">\u0421\u0440\u0435\u0434\u043d\u0435\u0432\u0435\u043a\u043e\u0432\u044b\u0439 \u0440\u043e\u0436\u0434\u0435\u0441\u0442\u0432\u0435\u043d\u0441\u043a\u0438\u0439 \u0431\u0430\u0437\u0430\u0440 \u0432 \u0417\u0438\u0433\u0431\u0443\u0440\u0433\u0435<\/h3>\n\n\n\n<h4 class=\"wp-block-heading\">\u041e\u0431\u044a\u044f\u0441\u043d\u0435\u043d\u0438\u0435<\/h4>\n\n\n\n<p>\u041d\u0430 \u0441\u0440\u0435\u0434\u043d\u0435\u0432\u0435\u043a\u043e\u0432\u043e\u043c \u0440\u043e\u0436\u0434\u0435\u0441\u0442\u0432\u0435\u043d\u0441\u043a\u043e\u043c \u0431\u0430\u0437\u0430\u0440\u0435 \u0432\u044b \u0447\u0443\u0432\u0441\u0442\u0432\u0443\u0435\u0442\u0435, \u0447\u0442\u043e \u043f\u043e\u043f\u0430\u0434\u0430\u0435\u0442\u0435 \u0432 \u043f\u0440\u043e\u0448\u043b\u0443\u044e \u044d\u043f\u043e\u0445\u0443. \u0421\u043a\u043e\u043c\u043e\u0440\u043e\u0445\u0438, \u0434\u0435\u0440\u0435\u0432\u044f\u043d\u043d\u044b\u0435 \u043f\u0430\u043b\u0430\u0442\u043a\u0438, \u0444\u0430\u043a\u0435\u043b\u044b \u0438 \u043d\u0435\u043f\u043e\u0432\u0442\u043e\u0440\u0438\u043c\u0430\u044f \u0430\u0442\u043c\u043e\u0441\u0444\u0435\u0440\u0430. \u0417\u0432\u0443\u0447\u0430\u0442 \u0441\u0440\u0435\u0434\u043d\u0435\u0432\u0435\u043a\u043e\u0432\u044b\u0435 \u043f\u0435\u0441\u043d\u0438, \u043f\u0440\u043e\u0434\u0435\u043b\u043a\u0438 \u0438 \u0448\u0430\u043b\u043e\u0441\u0442\u0438 \u0440\u0430\u0437\u0432\u043b\u0435\u043a\u0430\u044e\u0442 \u043f\u0443\u0431\u043b\u0438\u043a\u0443. \u0420\u0430\u0437\u043d\u043e\u043e\u0431\u0440\u0430\u0437\u043d\u044b\u0435 \u043f\u0440\u043e\u0433\u0440\u0430\u043c\u043c\u043d\u044b\u0435 \u044d\u043b\u0435\u043c\u0435\u043d\u0442\u044b \u0434\u0435\u043c\u043e\u043d\u0441\u0442\u0440\u0438\u0440\u0443\u044e\u0442\u0441\u044f \u043d\u0430 \u0441\u0446\u0435\u043d\u0435 \u0438 \u043f\u043e \u0432\u0441\u0435\u0439 \u0442\u0435\u0440\u0440\u0438\u0442\u043e\u0440\u0438\u0438 \u0440\u044b\u043d\u043a\u0430.<\/p>\n\n\n\n<div class=\"wp-block-columns is-style-default is-layout-flex wp-container-core-columns-is-layout-9d6595d7 wp-block-columns-is-layout-flex\">\n<div class=\"wp-block-column is-layout-flow wp-block-column-is-layout-flow\">\n<h4 class=\"wp-block-heading\">\u0411\u0435\u0437\u0431\u0430\u0440\u044c\u0435\u0440\u043d\u043e\u0441\u0442\u044c<\/h4>\n\n\n\n<figure class=\"wp-block-table\"><table class=\"has-white-background-color has-background\"><tbody><tr><td><img decoding=\"async\" src=\"https:\/\/behinderung-und-flucht.isl-ev.de\/wp-content\/uploads\/2023\/02\/WKU-Icons_Behindertenparkplaetze-vorhanden.svg\" alt=\"Behindertenparkpl\u00e4tze vorhanden Es stehen gekennzeichnete Parkpl\u00e4tze in Eingangsn\u00e4he zur Verf\u00fcgung.\" style=\"width: 150px\"><\/td><td>\u0438\u043c\u0435\u044e\u0442\u0441\u044f \u043f\u0430\u0440\u043a\u043e\u0432\u043e\u0447\u043d\u044b\u0435 \u043c\u0435\u0441\u0442\u0430 \u0434\u043b\u044f \u043b\u044e\u0434\u0435\u0439 \u0441 \u0438\u043d\u0432\u0430\u043b\u0438\u0434\u043d\u043e\u0441\u0442\u044c\u044e<\/td><\/tr><tr><td><img decoding=\"async\" src=\"https:\/\/behinderung-und-flucht.isl-ev.de\/wp-content\/uploads\/2023\/02\/WKU-Icons_Zugaenglich-mit-Rollstuhl.svg\" alt=\"Zug\u00e4nglich mit Rollstuhl Den Gast erwarten keine Treppen, ggfs. ist eine Rampe vorhanden.\"><\/td><td>\u0434\u043e\u0441\u0442\u0443\u043f\u043d\u043e \u0441 \u0438\u043d\u0432\u0430\u043b\u0438\u0434\u043d\u043e\u0439 \u043a\u043e\u043b\u044f\u0441\u043a\u043e\u0439<\/td><\/tr><\/tbody><\/table><\/figure>\n\n\n\n<p><strong>\u0414\u043e\u043f\u043e\u043b\u043d\u0438\u0442\u0435\u043b\u044c\u043d\u0430\u044f \u0438\u043d\u0444\u043e\u0440\u043c\u0430\u0446\u0438\u044f \u043e \u0431\u0435\u0437\u0431\u0430\u0440\u044c\u0435\u0440\u043d\u043e\u0441\u0442\u0438<\/strong><\/p>\n\n\n\n<ul class=\"wp-block-list\">\n<li>\u043c\u0435\u0441\u0442\u0430 \u0434\u043b\u044f \u043f\u0430\u0440\u043a\u043e\u0432\u043a\u0438 \u0434\u043b\u044f \u043b\u0438\u0446 \u0441 \u0438\u043d\u0432\u0430\u043b\u0438\u0434\u043d\u043e\u0441\u0442\u044c\u044e \u0440\u0430\u0441\u043f\u043e\u043b\u043e\u0436\u0435\u043d\u044b, \u0432 \u0447\u0430\u0441\u0442\u043d\u043e\u0441\u0442\u0438, \u043d\u0430 \u0420\u044b\u043d\u043e\u0447\u043d\u043e\u0439 \u043f\u043b\u043e\u0449\u0430\u0434\u0438.<\/li>\n\n\n\n<li>\u0431\u043b\u0438\u0436\u0430\u0439\u0448\u0438\u0435 \u0434\u043e\u0441\u0442\u0443\u043f\u043d\u044b\u0435 \u0442\u0443\u0430\u043b\u0435\u0442\u044b:<br>\u0432 \u0413\u043e\u0440\u043e\u0434\u0441\u043a\u043e\u043c \u043c\u0443\u0437\u0435\u0435 (Stadtmuseum) \u0434\u043e 17:00 (\u043d\u0435\u043f\u043e\u0441\u0440\u0435\u0434\u0441\u0442\u0432\u0435\u043d\u043d\u043e \u043d\u0430 \u0420\u044b\u043d\u043a\u0435)<br>\u0432 \u041a\u0430\u0443\u0444\u0445\u043e\u0444\u0435 \u0434\u043e 20:00 (\u041a\u0430\u0439\u0437\u0435\u0440\u0448\u0442\u0440\u0430\u0441\u0441\u0435)<br>\u043d\u0430 \u0436\u0435\u043b\u0435\u0437\u043d\u043e\u0434\u043e\u0440\u043e\u0436\u043d\u043e\u043c \u0432\u043e\u043a\u0437\u0430\u043b\u0435 (\u041e\u0439\u0440\u043e\u043f\u0430\u043f\u043b\u0430\u0446)<br>\u041d\u0435\u0438\u0437\u0432\u0435\u0441\u0442\u043d\u043e, \u0441\u043e\u043e\u0442\u0432\u0435\u0442\u0441\u0442\u0432\u0443\u044e\u0442 \u043b\u0438 \u0443\u043f\u043e\u043c\u044f\u043d\u0443\u0442\u044b\u0435 \u0442\u0443\u0430\u043b\u0435\u0442\u044b \u0441\u0442\u0430\u043d\u0434\u0430\u0440\u0442\u0443 DIN.<\/li>\n<\/ul>\n<\/div>\n\n\n\n<div class=\"wp-block-column is-layout-flow wp-block-column-is-layout-flow\">\n<h4 class=\"wp-block-heading\">\u041a\u043e\u043d\u0442\u0430\u043a\u0442\u043d\u0430\u044f \u0438\u043d\u0444\u043e\u0440\u043c\u0430\u0446\u0438\u044f<\/h4>\n\n\n\n<p>\u0420\u044b\u043d\u043e\u0447\u043d\u0430\u044f \u043f\u043b\u043e\u0449\u0430\u0434\u044c \u0417\u0438\u0433\u0431\u0443\u0440\u0433\u0430<br>53721 \u0417\u0438\u0433\u0431\u0443\u0440\u0433<br>\u0422\u0435\u043b\u0435\u0444\u043e\u043d: 00 49 22 41 41 10 27 53 3<br>\u042d\u043b\u0435\u043a\u0442\u0440\u043e\u043d\u043d\u0430\u044f \u043f\u043e\u0447\u0442\u0430: weihnachtsmarkt@siegburg.de<br>\u0412\u0435\u0431-\u0441\u0430\u0439\u0442: https:\/\/mittelalterlicher-markt-siegburg.de<\/p>\n\n\n\n<h4 class=\"wp-block-heading\">\u0412\u0440\u0435\u043c\u044f \u0440\u0430\u0431\u043e\u0442\u044b<\/h4>\n\n\n\n<p>25.11. \u0434\u043e 22.12.2023<br>\u0412\u043e\u0441\u043a\u0440\u0435\u0441\u0435\u043d\u044c\u0435-\u0447\u0435\u0442\u0432\u0435\u0440\u0433: 11:00 &#8212; 20:00<br>\u041f\u044f\u0442\u043d\u0438\u0446\u0430 \u0438 \u0441\u0443\u0431\u0431\u043e\u0442\u0430: 11:00 &#8212; 21:00<\/p>\n\n\n\n<h4 class=\"wp-block-heading\">\u0414\u043e\u0441\u0442\u0443\u043f\u043d\u043e\u0441\u0442\u044c \u043e\u0431\u0449\u0435\u0441\u0442\u0432\u0435\u043d\u043d\u044b\u043c \u0442\u0440\u0430\u043d\u0441\u043f\u043e\u0440\u0442\u043e\u043c<\/h4>\n\n\n\n<p>\u041e\u0441\u0442\u0430\u043d\u043e\u0432\u043a\u0430 \u0417\u0438\u0433\u0431\u0443\u0440\u0433 \/ \u0411\u043e\u043d\u043d<br>\u041c\u0430\u0440\u0448\u0440\u0443\u0442\u044b \u0448\u0442\u0430\u0434\u0442\u0431\u0430\u043d\u0430 66 \u0438 67<br>\u0410\u0432\u0442\u043e\u0431\u0443\u0441\u043d\u044b\u0435 \u043c\u0430\u0440\u0448\u0440\u0443\u0442\u044b 501, 502, 503, 509, 510, 511, 512, 513, 515, 527, 553, 555, 556, 557, 577, 640<\/p>\n\n\n\n<h4 class=\"wp-block-heading\">\u0411\u043e\u043d\u043d\u0441\u043a\u043e\u0435 \u0443\u0434\u043e\u0441\u0442\u043e\u0432\u0435\u0440\u0435\u043d\u0438\u0435<\/h4>\n\n\n\n<p>\u041d\u0435\u0442<\/p>\n\n\n\n<h4 class=\"wp-block-heading\">\u041f\u0440\u0435\u0434\u043b\u043e\u0436\u0435\u043d\u0438\u0435 \u0434\u043b\u044f \u0431\u0435\u0436\u0435\u043d\u0446\u0435\u0432<\/h4>\n\n\n\n<p>\u041d\u0435\u0442<\/p>\n\n\n\n<h4 class=\"wp-block-heading\">\u0412\u0445\u043e\u0434<\/h4>\n\n\n\n<p>\u0421\u0432\u043e\u0431\u043e\u0434\u043d\u044b\u0439<\/p>\n<\/div>\n<\/div>\n<\/div><\/details>\n\n\n\n<details class=\"wp-block-themeisle-blocks-accordion-item\"><summary class=\"wp-block-themeisle-blocks-accordion-item__title\"><h2><strong>\u0420\u043e\u0436\u0434\u0435\u0441\u0442\u0432\u0435\u043d\u0441\u043a\u0438\u0439 \u0440\u044b\u043d\u043e\u043a \u0432 \u0446\u0435\u043d\u0442\u0440\u0435 \u0411\u043e\u043d\u043d\u0430<\/strong> <img decoding=\"async\" style=\"width: 50px\" src=\"https:\/\/behinderung-und-flucht.isl-ev.de\/wp-content\/uploads\/2023\/02\/WKU-Icons_Leichte-Sprache.svg\" alt=\"Leichte Sprache Die Veranstaltungsinformationen stehen auch in leichter Sprache zur Verf\u00fcgung.\"><img decoding=\"async\" style=\"width: 50px\" src=\"https:\/\/behinderung-und-flucht.isl-ev.de\/wp-content\/uploads\/2023\/02\/WKU-Icons_Zugaenglich-mit-Rollstuhl.svg\" alt=\"Zug\u00e4nglich mit Rollstuhl Den Gast erwarten keine Treppen, ggfs. ist eine Rampe vorhanden.\"><\/h2><\/summary><div class=\"wp-block-themeisle-blocks-accordion-item__content\">\n<h3 class=\"wp-block-heading\">\u0420\u043e\u0436\u0434\u0435\u0441\u0442\u0432\u0435\u043d\u0441\u043a\u0438\u0439 \u0440\u044b\u043d\u043e\u043a \u0432 \u0446\u0435\u043d\u0442\u0440\u0435 \u0411\u043e\u043d\u043d\u0430<\/h3>\n\n\n\n<h4 class=\"wp-block-heading\">\u041e\u0431\u044a\u044f\u0441\u043d\u0435\u043d\u0438\u0435<\/h4>\n\n\n\n<p>\u0420\u043e\u0436\u0434\u0435\u0441\u0442\u0432\u0435\u043d\u0441\u043a\u0438\u0439 \u0440\u044b\u043d\u043e\u043a, \u043d\u0430\u0441\u0447\u0438\u0442\u044b\u0432\u0430\u044e\u0449\u0438\u0439 \u0431\u043e\u043b\u0435\u0435 160 \u0440\u0430\u0437\u043b\u0438\u0447\u043d\u044b\u0445 \u043a\u0438\u043e\u0441\u043a\u043e\u0432, \u043f\u0440\u0435\u0434\u043b\u0430\u0433\u0430\u0435\u0442 \u0448\u0438\u0440\u043e\u043a\u0438\u0439 \u0430\u0441\u0441\u043e\u0440\u0442\u0438\u043c\u0435\u043d\u0442 \u0442\u043e\u0432\u0430\u0440\u043e\u0432.<\/p>\n\n\n\n<div class=\"wp-block-columns is-style-default is-layout-flex wp-container-core-columns-is-layout-9d6595d7 wp-block-columns-is-layout-flex\">\n<div class=\"wp-block-column is-layout-flow wp-block-column-is-layout-flow\">\n<h4 class=\"wp-block-heading\">\u0411\u0435\u0437\u0431\u0430\u0440\u044c\u0435\u0440\u043d\u043e\u0441\u0442\u044c<\/h4>\n\n\n\n<figure class=\"wp-block-table\"><table class=\"has-white-background-color has-background\"><tbody><tr><td><img decoding=\"async\" src=\"https:\/\/behinderung-und-flucht.isl-ev.de\/wp-content\/uploads\/2023\/02\/WKU-Icons_Leichte-Sprache.svg\" alt=\"Leichte Sprache Die Veranstaltungsinformationen stehen auch in leichter Sprache zur Verf\u00fcgung.\" style=\"width: 150px\"><\/td><td>\u041b\u0451\u0433\u043a\u0438\u0439 \u044f\u0437\u044b\u043a<\/td><\/tr><tr><td><img decoding=\"async\" src=\"https:\/\/behinderung-und-flucht.isl-ev.de\/wp-content\/uploads\/2023\/02\/WKU-Icons_Zugaenglich-mit-Rollstuhl.svg\" alt=\"Zug\u00e4nglich mit Rollstuhl Den Gast erwarten keine Treppen, ggfs. ist eine Rampe vorhanden.\"><\/td><td>\u0434\u043e\u0441\u0442\u0443\u043f\u043d\u043e \u0441 \u0438\u043d\u0432\u0430\u043b\u0438\u0434\u043d\u043e\u0439 \u043a\u043e\u043b\u044f\u0441\u043a\u043e\u0439<\/td><\/tr><\/tbody><\/table><\/figure>\n\n\n\n<p><strong>\u0414\u043e\u043f\u043e\u043b\u043d\u0438\u0442\u0435\u043b\u044c\u043d\u0430\u044f \u0438\u043d\u0444\u043e\u0440\u043c\u0430\u0446\u0438\u044f \u043e \u0431\u0435\u0437\u0431\u0430\u0440\u044c\u0435\u0440\u043d\u043e\u0441\u0442\u0438<\/strong><\/p>\n\n\n\n<ul class=\"wp-block-list\">\n<li>\u0418\u043d\u0444\u043e\u0440\u043c\u0430\u0446\u0438\u044f \u043e \u0440\u043e\u0436\u0434\u0435\u0441\u0442\u0432\u0435\u043d\u0441\u043a\u043e\u043c \u0431\u0430\u0437\u0430\u0440\u0435 \u0434\u043e\u0441\u0442\u0443\u043f\u043d\u0430 \u043d\u0430 \u041b\u0451\u0433\u043a\u043e\u043c \u044f\u0437\u044b\u043a\u0435<\/li>\n\n\n\n<li>\u0434\u043e\u0441\u0442\u0443\u043f\u043d\u044b\u0439 \u0442\u0443\u0430\u043b\u0435\u0442\u043d\u044b\u0439 \u0432\u0430\u0433\u043e\u043d\u0447\u0438\u043a \u043d\u0430\u0445\u043e\u0434\u0438\u0442\u0441\u044f \u043d\u0430 \u043f\u043b\u043e\u0449\u0430\u0434\u0438 \u041c\u044e\u043d\u0441\u0442\u0435\u0440\u043f\u043b\u0430\u0446 \u043c\u0435\u0436\u0434\u0443 \u041c\u0438\u0434\u0438 \u0438 \u043a\u043e\u043b\u0435\u0441\u043e\u043c \u043e\u0431\u043e\u0437\u0440\u0435\u043d\u0438\u044f, \u0430 \u0442\u0430\u043a\u0436\u0435 \u0432 \u0440\u0430\u0431\u043e\u0447\u0438\u0435 \u0447\u0430\u0441\u044b \u0432 \u043c\u0430\u0433\u0430\u0437\u0438\u043d\u0430\u0445 \u0432\u043e\u043a\u0440\u0443\u0433, \u043d\u0430\u043f\u0440\u0438\u043c\u0435\u0440, Galeria Kaufhof, Sinn Leffers \u0438\u043b\u0438 C&amp;A.<br>\u041d\u0435\u0438\u0437\u0432\u0435\u0441\u0442\u043d\u043e, \u0441\u043e\u043e\u0442\u0432\u0435\u0442\u0441\u0442\u0432\u0443\u044e\u0442 \u043b\u0438 \u0443\u043f\u043e\u043c\u044f\u043d\u0443\u0442\u044b\u0435 \u0442\u0443\u0430\u043b\u0435\u0442\u044b \u0441\u0442\u0430\u043d\u0434\u0430\u0440\u0442\u0443 DIN<\/li>\n<\/ul>\n<\/div>\n\n\n\n<div class=\"wp-block-column is-layout-flow wp-block-column-is-layout-flow\">\n<h4 class=\"wp-block-heading\">\u041a\u043e\u043d\u0442\u0430\u043a\u0442\u043d\u0430\u044f \u0438\u043d\u0444\u043e\u0440\u043c\u0430\u0446\u0438\u044f<\/h4>\n\n\n\n<p>\u0426\u0435\u043d\u0442\u0440 \u0433\u043e\u0440\u043e\u0434\u0430 \u0411\u043e\u043d\u043d<br>\u0411\u043e\u0442\u0442\u043b\u0435\u0440-\u043f\u043b\u0430\u0446, \u0424\u0440\u0438\u0434\u0435\u043d\u0441\u043f\u043b\u0430\u0446, \u041c\u044e\u043b\u044c\u0433\u0430\u0439\u043c\u0435\u0440-\u043f\u043b\u0430\u0446 \u043c\u0435\u0436\u0434\u0443 \u0412\u0438\u043d\u0434\u0435\u043a\u0448\u0442\u0440\u0430\u0441\u0441\u0435, \u0412\u0438\u0432\u0430\u0442\u0441\u0433\u0430\u0441\u0441\u0435, \u041f\u043e\u0441\u0442\u0448\u0442\u0440\u0430\u0441\u0441\u0435 \u0438 \u041c\u044e\u043d\u0441\u0442\u0435\u0440\u043f\u043b\u0430\u0446<br>\u0412\u0435\u0431-\u0441\u0430\u0439\u0442: https:\/\/www.bonn.de\/bonn-erleben\/ausgehen-und-erleben\/weihnachtsmaerkte.php<\/p>\n\n\n\n<h4 class=\"wp-block-heading\">\u0412\u0440\u0435\u043c\u044f \u0440\u0430\u0431\u043e\u0442\u044b<\/h4>\n\n\n\n<p>\u0441 1-\u0433\u043e \u0410\u0434\u0432\u0435\u043d\u0442\u0430 \u0434\u043e 23.12.<\/p>\n\n\n\n<p>\u0421 \u0432\u043e\u0441\u043a\u0440\u0435\u0441\u0435\u043d\u044c\u044f \u043f\u043e \u0447\u0435\u0442\u0432\u0435\u0440\u0433 \u0441 11:00 \u0434\u043e 21:00 (\u0431\u0430\u0440 \u0438 \u0437\u0430\u043a\u0443\u0441\u043a\u0438 \u0434\u043e 21:30)<\/p>\n\n\n\n<p>\u041f\u044f\u0442\u043d\u0438\u0446\u0430 \u0438 \u0441\u0443\u0431\u0431\u043e\u0442\u0430 \u0441 11:00 \u0434\u043e 21:00 (\u0431\u0430\u0440 \u0438 \u0437\u0430\u043a\u0443\u0441\u043a\u0438 \u0434\u043e 22:30)<\/p>\n\n\n\n<h4 class=\"wp-block-heading\">\u0414\u043e\u0441\u0442\u0443\u043f\u043d\u043e\u0441\u0442\u044c \u043e\u0431\u0449\u0435\u0441\u0442\u0432\u0435\u043d\u043d\u044b\u043c \u0442\u0440\u0430\u043d\u0441\u043f\u043e\u0440\u0442\u043e\u043c<\/h4>\n\n\n\n<p>\u041e\u0441\u0442\u0430\u043d\u043e\u0432\u043a\u0430 \u0411\u0435\u0440\u0442\u0430-\u0444\u043e\u043d-\u0417\u0443\u0442\u0442\u043d\u0435\u0440-\u041f\u043b\u0430\u0446<br>\u041c\u0430\u0440\u0448\u0440\u0443\u0442\u044b \u0448\u0442\u0430\u0434\u0442\u0431\u0430\u043d\u0430 62, 65, 66 \u0438 67<br>\u0410\u0432\u0442\u043e\u0431\u0443\u0441\u043d\u044b\u0435 \u043c\u0430\u0440\u0448\u0440\u0443\u0442\u044b 529, 537, 550, 602, 603, 606, 607, 608, 609 \u0438 640<\/p>\n\n\n\n<h4 class=\"wp-block-heading\">\u0411\u043e\u043d\u043d\u0441\u043a\u043e\u0435 \u0443\u0434\u043e\u0441\u0442\u043e\u0432\u0435\u0440\u0435\u043d\u0438\u0435<\/h4>\n\n\n\n<p>\u041d\u0435\u0442<\/p>\n\n\n\n<h4 class=\"wp-block-heading\">\u041f\u0440\u0435\u0434\u043b\u043e\u0436\u0435\u043d\u0438\u0435 \u0434\u043b\u044f \u0431\u0435\u0436\u0435\u043d\u0446\u0435\u0432<\/h4>\n\n\n\n<p>\u041d\u0435\u0442<\/p>\n\n\n\n<h4 class=\"wp-block-heading\">\u0412\u0445\u043e\u0434<\/h4>\n\n\n\n<p>\u0412\u0445\u043e\u0434 \u0441\u0432\u043e\u0431\u043e\u0434\u043d\u044b\u0439<\/p>\n<\/div>\n<\/div>\n<\/div><\/details>\n<\/div>\n\n\n\n<div class=\"wp-block-buttons is-horizontal is-content-justification-left is-layout-flex wp-container-core-buttons-is-layout-7e5fce0a wp-block-buttons-is-layout-flex\">\n<div class=\"wp-block-button has-custom-font-size has-small-font-size\"><a class=\"wp-block-button__link has-background wp-element-button\" href=\"https:\/\/behinderung-und-flucht.isl-ev.de\/kulturguide\/bonn\/\" style=\"border-radius:55px;background-color:#91025b;padding-top:var(--wp--preset--spacing--20);padding-right:var(--wp--preset--spacing--20);padding-bottom:var(--wp--preset--spacing--20);padding-left:var(--wp--preset--spacing--20)\">Zur\u00fcck zur \u00dcbersicht<\/a><\/div>\n<\/div>\n","protected":false},"excerpt":{"rendered":"","protected":false},"author":1,"featured_media":0,"parent":4601,"menu_order":0,"comment_status":"closed","ping_status":"closed","template":"","meta":{"ub_ctt_via":"","inline_featured_image":false,"_themeisle_gutenberg_block_has_review":false,"_mc_calendar":[],"footnotes":""},"categories":[],"tags":[],"class_list":["post-4630","page","type-page","status-publish","hentry","entry"],"featured_image_src":null,"yoast_head":"<!-- This site is optimized with the Yoast SEO plugin v21.4 - https:\/\/yoast.com\/wordpress\/plugins\/seo\/ -->\n<title>\u0420\u043e\u0436\u0434\u0435\u0441\u0442\u0432\u0435\u043d\u0441\u043a\u0438\u0439 \u0431\u0430\u0437\u0430\u0440 - Infoseite der Interessenvertretung Selbstbestimmt Leben in Deutschland e.V.<\/title>\n<meta name=\"robots\" content=\"index, follow, max-snippet:-1, max-image-preview:large, max-video-preview:-1\" \/>\n<link rel=\"canonical\" href=\"https:\/\/behinderung-und-flucht.isl-ev.de\/ru\/kulturguide\/4601-2\/%d1%80%d0%be%d0%b6%d0%b4%d0%b5%d1%81%d1%82%d0%b2%d0%b5%d0%bd%d1%81%d0%ba%d0%b8%d0%b9-%d0%b1%d0%b0%d0%b7%d0%b0%d1%80\/\" \/>\n<meta property=\"og:locale\" content=\"ru_RU\" \/>\n<meta property=\"og:type\" content=\"article\" \/>\n<meta property=\"og:title\" content=\"\u0420\u043e\u0436\u0434\u0435\u0441\u0442\u0432\u0435\u043d\u0441\u043a\u0438\u0439 \u0431\u0430\u0437\u0430\u0440 - Infoseite der Interessenvertretung Selbstbestimmt Leben in Deutschland e.V.\" \/>\n<meta property=\"og:url\" content=\"https:\/\/behinderung-und-flucht.isl-ev.de\/ru\/kulturguide\/4601-2\/%d1%80%d0%be%d0%b6%d0%b4%d0%b5%d1%81%d1%82%d0%b2%d0%b5%d0%bd%d1%81%d0%ba%d0%b8%d0%b9-%d0%b1%d0%b0%d0%b7%d0%b0%d1%80\/\" \/>\n<meta property=\"og:site_name\" content=\"Infoseite der Interessenvertretung Selbstbestimmt Leben in Deutschland e.V.\" \/>\n<meta property=\"article:modified_time\" content=\"2023-08-29T20:38:06+00:00\" \/>\n<meta property=\"og:image\" content=\"https:\/\/behinderung-und-flucht.isl-ev.de\/wp-content\/uploads\/2023\/02\/WKU-Icons_Behindertenparkplaetze-vorhanden.svg\" \/>\n<meta name=\"twitter:card\" content=\"summary_large_image\" \/>\n<meta name=\"twitter:label1\" content=\"\u041f\u0440\u0438\u043c\u0435\u0440\u043d\u043e\u0435 \u0432\u0440\u0435\u043c\u044f \u0434\u043b\u044f \u0447\u0442\u0435\u043d\u0438\u044f\" \/>\n\t<meta name=\"twitter:data1\" content=\"4 \u043c\u0438\u043d\u0443\u0442\u044b\" \/>\n<script type=\"application\/ld+json\" class=\"yoast-schema-graph\">{\"@context\":\"https:\/\/schema.org\",\"@graph\":[{\"@type\":\"WebPage\",\"@id\":\"https:\/\/behinderung-und-flucht.isl-ev.de\/ru\/kulturguide\/4601-2\/%d1%80%d0%be%d0%b6%d0%b4%d0%b5%d1%81%d1%82%d0%b2%d0%b5%d0%bd%d1%81%d0%ba%d0%b8%d0%b9-%d0%b1%d0%b0%d0%b7%d0%b0%d1%80\/\",\"url\":\"https:\/\/behinderung-und-flucht.isl-ev.de\/ru\/kulturguide\/4601-2\/%d1%80%d0%be%d0%b6%d0%b4%d0%b5%d1%81%d1%82%d0%b2%d0%b5%d0%bd%d1%81%d0%ba%d0%b8%d0%b9-%d0%b1%d0%b0%d0%b7%d0%b0%d1%80\/\",\"name\":\"\u0420\u043e\u0436\u0434\u0435\u0441\u0442\u0432\u0435\u043d\u0441\u043a\u0438\u0439 \u0431\u0430\u0437\u0430\u0440 - Infoseite der Interessenvertretung Selbstbestimmt Leben in Deutschland e.V.\",\"isPartOf\":{\"@id\":\"https:\/\/behinderung-und-flucht.isl-ev.de\/ru\/#website\"},\"datePublished\":\"2023-03-01T19:26:34+00:00\",\"dateModified\":\"2023-08-29T20:38:06+00:00\",\"breadcrumb\":{\"@id\":\"https:\/\/behinderung-und-flucht.isl-ev.de\/ru\/kulturguide\/4601-2\/%d1%80%d0%be%d0%b6%d0%b4%d0%b5%d1%81%d1%82%d0%b2%d0%b5%d0%bd%d1%81%d0%ba%d0%b8%d0%b9-%d0%b1%d0%b0%d0%b7%d0%b0%d1%80\/#breadcrumb\"},\"inLanguage\":\"ru-RU\",\"potentialAction\":[{\"@type\":\"ReadAction\",\"target\":[\"https:\/\/behinderung-und-flucht.isl-ev.de\/ru\/kulturguide\/4601-2\/%d1%80%d0%be%d0%b6%d0%b4%d0%b5%d1%81%d1%82%d0%b2%d0%b5%d0%bd%d1%81%d0%ba%d0%b8%d0%b9-%d0%b1%d0%b0%d0%b7%d0%b0%d1%80\/\"]}]},{\"@type\":\"BreadcrumbList\",\"@id\":\"https:\/\/behinderung-und-flucht.isl-ev.de\/ru\/kulturguide\/4601-2\/%d1%80%d0%be%d0%b6%d0%b4%d0%b5%d1%81%d1%82%d0%b2%d0%b5%d0%bd%d1%81%d0%ba%d0%b8%d0%b9-%d0%b1%d0%b0%d0%b7%d0%b0%d1%80\/#breadcrumb\",\"itemListElement\":[{\"@type\":\"ListItem\",\"position\":1,\"name\":\"Startseite\",\"item\":\"https:\/\/behinderung-und-flucht.isl-ev.de\/ru\/\"},{\"@type\":\"ListItem\",\"position\":2,\"name\":\"\u041f\u0443\u0442\u0435\u0432\u043e\u0434\u0438\u0442\u0435\u043b\u044c \u043f\u043e \u043a\u0443\u043b\u044c\u0442\u0443\u0440\u0435\",\"item\":\"https:\/\/behinderung-und-flucht.isl-ev.de\/ru\/kulturguide\/\"},{\"@type\":\"ListItem\",\"position\":3,\"name\":\"\u0411\u043e\u043d\u043d\u0435\",\"item\":\"https:\/\/behinderung-und-flucht.isl-ev.de\/ru\/kulturguide\/4601-2\/\"},{\"@type\":\"ListItem\",\"position\":4,\"name\":\"\u0420\u043e\u0436\u0434\u0435\u0441\u0442\u0432\u0435\u043d\u0441\u043a\u0438\u0439 \u0431\u0430\u0437\u0430\u0440\"}]},{\"@type\":\"WebSite\",\"@id\":\"https:\/\/behinderung-und-flucht.isl-ev.de\/ru\/#website\",\"url\":\"https:\/\/behinderung-und-flucht.isl-ev.de\/ru\/\",\"name\":\"Infoseite f\u00fcr gefl\u00fcchtete Menschen mit Behinderungen oder chronischen Erkrankungen\",\"description\":\"Informationen f\u00fcr gefl\u00fcchtete Menschen mit Behinderungen oder chronischen Erkrankungen\",\"publisher\":{\"@id\":\"https:\/\/behinderung-und-flucht.isl-ev.de\/ru\/#organization\"},\"alternateName\":\"Infoseite f\u00fcr gefl\u00fcchtete Menschen mit Behinderungen\",\"potentialAction\":[{\"@type\":\"SearchAction\",\"target\":{\"@type\":\"EntryPoint\",\"urlTemplate\":\"https:\/\/behinderung-und-flucht.isl-ev.de\/ru\/?s={search_term_string}\"},\"query-input\":\"required name=search_term_string\"}],\"inLanguage\":\"ru-RU\"},{\"@type\":\"Organization\",\"@id\":\"https:\/\/behinderung-und-flucht.isl-ev.de\/ru\/#organization\",\"name\":\"Infoseite der Interessenvertretung Selbstbestimmt Leben in Deutschland e.V.\",\"url\":\"https:\/\/behinderung-und-flucht.isl-ev.de\/ru\/\",\"logo\":{\"@type\":\"ImageObject\",\"inLanguage\":\"ru-RU\",\"@id\":\"https:\/\/behinderung-und-flucht.isl-ev.de\/ru\/#\/schema\/logo\/image\/\",\"url\":\"https:\/\/behinderung-und-flucht.isl-ev.de\/wp-content\/uploads\/2022\/09\/logo-infoseite-04.svg\",\"contentUrl\":\"https:\/\/behinderung-und-flucht.isl-ev.de\/wp-content\/uploads\/2022\/09\/logo-infoseite-04.svg\",\"caption\":\"Infoseite der Interessenvertretung Selbstbestimmt Leben in Deutschland e.V.\"},\"image\":{\"@id\":\"https:\/\/behinderung-und-flucht.isl-ev.de\/ru\/#\/schema\/logo\/image\/\"}}]}<\/script>\n<!-- \/ Yoast SEO plugin. -->","yoast_head_json":{"title":"\u0420\u043e\u0436\u0434\u0435\u0441\u0442\u0432\u0435\u043d\u0441\u043a\u0438\u0439 \u0431\u0430\u0437\u0430\u0440 - Infoseite der Interessenvertretung Selbstbestimmt Leben in Deutschland e.V.","robots":{"index":"index","follow":"follow","max-snippet":"max-snippet:-1","max-image-preview":"max-image-preview:large","max-video-preview":"max-video-preview:-1"},"canonical":"https:\/\/behinderung-und-flucht.isl-ev.de\/ru\/kulturguide\/4601-2\/%d1%80%d0%be%d0%b6%d0%b4%d0%b5%d1%81%d1%82%d0%b2%d0%b5%d0%bd%d1%81%d0%ba%d0%b8%d0%b9-%d0%b1%d0%b0%d0%b7%d0%b0%d1%80\/","og_locale":"ru_RU","og_type":"article","og_title":"\u0420\u043e\u0436\u0434\u0435\u0441\u0442\u0432\u0435\u043d\u0441\u043a\u0438\u0439 \u0431\u0430\u0437\u0430\u0440 - Infoseite der Interessenvertretung Selbstbestimmt Leben in Deutschland e.V.","og_url":"https:\/\/behinderung-und-flucht.isl-ev.de\/ru\/kulturguide\/4601-2\/%d1%80%d0%be%d0%b6%d0%b4%d0%b5%d1%81%d1%82%d0%b2%d0%b5%d0%bd%d1%81%d0%ba%d0%b8%d0%b9-%d0%b1%d0%b0%d0%b7%d0%b0%d1%80\/","og_site_name":"Infoseite der Interessenvertretung Selbstbestimmt Leben in Deutschland e.V.","article_modified_time":"2023-08-29T20:38:06+00:00","og_image":[{"url":"https:\/\/behinderung-und-flucht.isl-ev.de\/wp-content\/uploads\/2023\/02\/WKU-Icons_Behindertenparkplaetze-vorhanden.svg"}],"twitter_card":"summary_large_image","twitter_misc":{"\u041f\u0440\u0438\u043c\u0435\u0440\u043d\u043e\u0435 \u0432\u0440\u0435\u043c\u044f \u0434\u043b\u044f \u0447\u0442\u0435\u043d\u0438\u044f":"4 \u043c\u0438\u043d\u0443\u0442\u044b"},"schema":{"@context":"https:\/\/schema.org","@graph":[{"@type":"WebPage","@id":"https:\/\/behinderung-und-flucht.isl-ev.de\/ru\/kulturguide\/4601-2\/%d1%80%d0%be%d0%b6%d0%b4%d0%b5%d1%81%d1%82%d0%b2%d0%b5%d0%bd%d1%81%d0%ba%d0%b8%d0%b9-%d0%b1%d0%b0%d0%b7%d0%b0%d1%80\/","url":"https:\/\/behinderung-und-flucht.isl-ev.de\/ru\/kulturguide\/4601-2\/%d1%80%d0%be%d0%b6%d0%b4%d0%b5%d1%81%d1%82%d0%b2%d0%b5%d0%bd%d1%81%d0%ba%d0%b8%d0%b9-%d0%b1%d0%b0%d0%b7%d0%b0%d1%80\/","name":"\u0420\u043e\u0436\u0434\u0435\u0441\u0442\u0432\u0435\u043d\u0441\u043a\u0438\u0439 \u0431\u0430\u0437\u0430\u0440 - Infoseite der Interessenvertretung Selbstbestimmt Leben in Deutschland e.V.","isPartOf":{"@id":"https:\/\/behinderung-und-flucht.isl-ev.de\/ru\/#website"},"datePublished":"2023-03-01T19:26:34+00:00","dateModified":"2023-08-29T20:38:06+00:00","breadcrumb":{"@id":"https:\/\/behinderung-und-flucht.isl-ev.de\/ru\/kulturguide\/4601-2\/%d1%80%d0%be%d0%b6%d0%b4%d0%b5%d1%81%d1%82%d0%b2%d0%b5%d0%bd%d1%81%d0%ba%d0%b8%d0%b9-%d0%b1%d0%b0%d0%b7%d0%b0%d1%80\/#breadcrumb"},"inLanguage":"ru-RU","potentialAction":[{"@type":"ReadAction","target":["https:\/\/behinderung-und-flucht.isl-ev.de\/ru\/kulturguide\/4601-2\/%d1%80%d0%be%d0%b6%d0%b4%d0%b5%d1%81%d1%82%d0%b2%d0%b5%d0%bd%d1%81%d0%ba%d0%b8%d0%b9-%d0%b1%d0%b0%d0%b7%d0%b0%d1%80\/"]}]},{"@type":"BreadcrumbList","@id":"https:\/\/behinderung-und-flucht.isl-ev.de\/ru\/kulturguide\/4601-2\/%d1%80%d0%be%d0%b6%d0%b4%d0%b5%d1%81%d1%82%d0%b2%d0%b5%d0%bd%d1%81%d0%ba%d0%b8%d0%b9-%d0%b1%d0%b0%d0%b7%d0%b0%d1%80\/#breadcrumb","itemListElement":[{"@type":"ListItem","position":1,"name":"Startseite","item":"https:\/\/behinderung-und-flucht.isl-ev.de\/ru\/"},{"@type":"ListItem","position":2,"name":"\u041f\u0443\u0442\u0435\u0432\u043e\u0434\u0438\u0442\u0435\u043b\u044c \u043f\u043e \u043a\u0443\u043b\u044c\u0442\u0443\u0440\u0435","item":"https:\/\/behinderung-und-flucht.isl-ev.de\/ru\/kulturguide\/"},{"@type":"ListItem","position":3,"name":"\u0411\u043e\u043d\u043d\u0435","item":"https:\/\/behinderung-und-flucht.isl-ev.de\/ru\/kulturguide\/4601-2\/"},{"@type":"ListItem","position":4,"name":"\u0420\u043e\u0436\u0434\u0435\u0441\u0442\u0432\u0435\u043d\u0441\u043a\u0438\u0439 \u0431\u0430\u0437\u0430\u0440"}]},{"@type":"WebSite","@id":"https:\/\/behinderung-und-flucht.isl-ev.de\/ru\/#website","url":"https:\/\/behinderung-und-flucht.isl-ev.de\/ru\/","name":"Infoseite f\u00fcr gefl\u00fcchtete Menschen mit Behinderungen oder chronischen Erkrankungen","description":"Informationen f\u00fcr gefl\u00fcchtete Menschen mit Behinderungen oder chronischen Erkrankungen","publisher":{"@id":"https:\/\/behinderung-und-flucht.isl-ev.de\/ru\/#organization"},"alternateName":"Infoseite f\u00fcr gefl\u00fcchtete Menschen mit Behinderungen","potentialAction":[{"@type":"SearchAction","target":{"@type":"EntryPoint","urlTemplate":"https:\/\/behinderung-und-flucht.isl-ev.de\/ru\/?s={search_term_string}"},"query-input":"required name=search_term_string"}],"inLanguage":"ru-RU"},{"@type":"Organization","@id":"https:\/\/behinderung-und-flucht.isl-ev.de\/ru\/#organization","name":"Infoseite der Interessenvertretung Selbstbestimmt Leben in Deutschland e.V.","url":"https:\/\/behinderung-und-flucht.isl-ev.de\/ru\/","logo":{"@type":"ImageObject","inLanguage":"ru-RU","@id":"https:\/\/behinderung-und-flucht.isl-ev.de\/ru\/#\/schema\/logo\/image\/","url":"https:\/\/behinderung-und-flucht.isl-ev.de\/wp-content\/uploads\/2022\/09\/logo-infoseite-04.svg","contentUrl":"https:\/\/behinderung-und-flucht.isl-ev.de\/wp-content\/uploads\/2022\/09\/logo-infoseite-04.svg","caption":"Infoseite der Interessenvertretung Selbstbestimmt Leben in Deutschland e.V."},"image":{"@id":"https:\/\/behinderung-und-flucht.isl-ev.de\/ru\/#\/schema\/logo\/image\/"}}]}},"_links":{"self":[{"href":"https:\/\/behinderung-und-flucht.isl-ev.de\/ru\/wp-json\/wp\/v2\/pages\/4630","targetHints":{"allow":["GET"]}}],"collection":[{"href":"https:\/\/behinderung-und-flucht.isl-ev.de\/ru\/wp-json\/wp\/v2\/pages"}],"about":[{"href":"https:\/\/behinderung-und-flucht.isl-ev.de\/ru\/wp-json\/wp\/v2\/types\/page"}],"author":[{"embeddable":true,"href":"https:\/\/behinderung-und-flucht.isl-ev.de\/ru\/wp-json\/wp\/v2\/users\/1"}],"replies":[{"embeddable":true,"href":"https:\/\/behinderung-und-flucht.isl-ev.de\/ru\/wp-json\/wp\/v2\/comments?post=4630"}],"version-history":[{"count":2,"href":"https:\/\/behinderung-und-flucht.isl-ev.de\/ru\/wp-json\/wp\/v2\/pages\/4630\/revisions"}],"predecessor-version":[{"id":4633,"href":"https:\/\/behinderung-und-flucht.isl-ev.de\/ru\/wp-json\/wp\/v2\/pages\/4630\/revisions\/4633"}],"up":[{"embeddable":true,"href":"https:\/\/behinderung-und-flucht.isl-ev.de\/ru\/wp-json\/wp\/v2\/pages\/4601"}],"wp:attachment":[{"href":"https:\/\/behinderung-und-flucht.isl-ev.de\/ru\/wp-json\/wp\/v2\/media?parent=4630"}],"wp:term":[{"taxonomy":"category","embeddable":true,"href":"https:\/\/behinderung-und-flucht.isl-ev.de\/ru\/wp-json\/wp\/v2\/categories?post=4630"},{"taxonomy":"post_tag","embeddable":true,"href":"https:\/\/behinderung-und-flucht.isl-ev.de\/ru\/wp-json\/wp\/v2\/tags?post=4630"}],"curies":[{"name":"wp","href":"https:\/\/api.w.org\/{rel}","templated":true}]}}