{"id":4531,"date":"2023-07-05T22:30:18","date_gmt":"2023-07-05T20:30:18","guid":{"rendered":"https:\/\/behinderung-und-flucht.isl-ev.de\/?page_id=4531"},"modified":"2023-07-11T22:10:27","modified_gmt":"2023-07-11T20:10:27","slug":"schleswig-holstein","status":"publish","type":"page","link":"https:\/\/behinderung-und-flucht.isl-ev.de\/ru\/beratung-selbsthilfe\/schleswig-holstein\/","title":{"rendered":"Schleswig-Holstein"},"content":{"rendered":"\n<div id=\"wp-block-themeisle-blocks-accordion-d7fbeffa\" class=\"wp-block-themeisle-blocks-accordion exclusive\">\n<details class=\"wp-block-themeisle-blocks-accordion-item\"><summary class=\"wp-block-themeisle-blocks-accordion-item__title\"><div>Kiel<\/div><\/summary><div class=\"wp-block-themeisle-blocks-accordion-item__content\">\n<div class=\"wp-block-columns has-white-background-color has-background is-layout-flex wp-container-core-columns-is-layout-f9777a04 wp-block-columns-is-layout-flex\" style=\"padding-top:var(--wp--preset--spacing--20);padding-right:var(--wp--preset--spacing--20);padding-bottom:var(--wp--preset--spacing--20);padding-left:var(--wp--preset--spacing--20)\">\n<div class=\"wp-block-column is-layout-flow wp-block-column-is-layout-flow\" style=\"flex-basis:66.66%\">\n<h3 class=\"wp-block-heading\" style=\"font-style:normal;font-weight:400\">Lebenshilfe Schleswig-Holstein<\/h3>\n\n\n\n<p>Gerichtet an: Menschen mit Behinderung und Migrationsgeschichte und ihre Angeh\u00f6rigen und Freunde<\/p>\n\n\n\n<p><strong>Ansprechpartner*in:<\/strong> Violeta Koch<\/p>\n\n\n\n<p><strong>Angebot:<\/strong> Hilfe bei Antr\u00e4gen; Vorbereitung von Terminen bei \u00c4mtern; Gr\u00fcndung von Selbsthilfegruppen; Peer-Beratung<\/p>\n\n\n\n<p><strong>Sprache:<\/strong> dolmetschergest\u00fctzt; Deutsch, T\u00fcrkisch, Farsi, Arabisch, Kurdisch-Sorani<\/p>\n\n\n\n<p><strong>Link:<\/strong> <a href=\"https:\/\/www.lebenshilfe-sh.de\/fileadmin\/user_upload\/lebenshilfe-sh\/pdf\/Flyer_Migration_Behinderung_VK_mF.pdf\">https:\/\/www.lebenshilfe-sh.de\/fileadmin\/user_upload\/lebenshilfe-sh\/pdf\/Flyer_Migration_Behinderung_VK_mF.pdf<\/a><\/p>\n<\/div>\n\n\n\n<div class=\"wp-block-column is-layout-flow wp-block-column-is-layout-flow\" style=\"flex-basis:33.33%\">\n<p>Kehdenstra\u00dfe 2-10<\/p>\n\n\n\n<p>24103 Kiel<\/p>\n\n\n\n<p><strong>Telefon:<\/strong> &nbsp;0431 66 118 20<\/p>\n<\/div>\n<\/div>\n\n\n\n<div class=\"wp-block-columns has-white-background-color has-background is-layout-flex wp-container-core-columns-is-layout-f9777a04 wp-block-columns-is-layout-flex\" style=\"padding-top:var(--wp--preset--spacing--20);padding-right:var(--wp--preset--spacing--20);padding-bottom:var(--wp--preset--spacing--20);padding-left:var(--wp--preset--spacing--20)\">\n<div class=\"wp-block-column is-layout-flow wp-block-column-is-layout-flow\" style=\"flex-basis:66.66%\">\n<h3 class=\"wp-block-heading\" style=\"font-style:normal;font-weight:400\">IQ Schleswig-Holstein<\/h3>\n\n\n\n<p>Gerichtet an: Menschen mit Migrationshintergrund, welche Diskriminierung auf dem Arbeitsmarkt durch Behinderung, ethnische Herkunft, das Geschlecht, die Religion oder Weltanschauung, das Lebensalter oder die sexuelle Identit\u00e4t erlebt haben<\/p>\n\n\n\n<p><strong>Ansprechpartner*in:<\/strong> Hanan Kadri; Stefan Wickmann; Esra Odaba\u015f\u0131<\/p>\n\n\n\n<p><strong>Angebot:<\/strong> Workshop- und Beratungsprojekt f\u00fcr Arbeitsmarktakteur*innen zum Thema Antidiskriminierung<\/p>\n\n\n\n<p><strong>Link:<\/strong> <a href=\"https:\/\/advsh.de\/unsere-projekte\/iq-schleswig-holstein\/\">https:\/\/advsh.de\/unsere-projekte\/iq-schleswig-holstein\/<\/a><\/p>\n<\/div>\n\n\n\n<div class=\"wp-block-column is-layout-flow wp-block-column-is-layout-flow\" style=\"flex-basis:33.33%\">\n<p>Herzog-Friedrich-Stra\u00dfe 49<\/p>\n\n\n\n<p>24103 Kiel<\/p>\n\n\n\n<p><strong>Telefon:<\/strong> &nbsp;0431-640 890 06<\/p>\n<\/div>\n<\/div>\n<\/div><\/details>\n\n\n\n<details class=\"wp-block-themeisle-blocks-accordion-item\"><summary class=\"wp-block-themeisle-blocks-accordion-item__title\"><div>Kiel und ganz Schleswig-Holstein<\/div><\/summary><div class=\"wp-block-themeisle-blocks-accordion-item__content\">\n<div class=\"wp-block-columns has-white-background-color has-background is-layout-flex wp-container-core-columns-is-layout-f9777a04 wp-block-columns-is-layout-flex\" style=\"padding-top:var(--wp--preset--spacing--20);padding-right:var(--wp--preset--spacing--20);padding-bottom:var(--wp--preset--spacing--20);padding-left:var(--wp--preset--spacing--20)\">\n<div class=\"wp-block-column is-layout-flow wp-block-column-is-layout-flow\" style=\"flex-basis:66.66%\">\n<h3 class=\"wp-block-heading\" style=\"font-style:normal;font-weight:400\">Beratungen f\u00fcr LSBTIQ*, Angeh\u00f6rige und Fachkr\u00e4fte<\/h3>\n\n\n\n<p><strong>Angebot:<\/strong> Beratung zu Migration, Asyl und Flucht; Gewalt und Diskriminierung; Handicaps und Behinderung; Pflege und Alter; Coming-out; Familie, Adoption und Kinderwunsch; Geschlechtliche Identit\u00e4t und Transition; Handicaps und Behinderung; Partner*innenschaft, Beziehung und Sexualit\u00e4t<\/p>\n\n\n\n<p><strong>Gerichtet an:<\/strong> Beratungen f\u00fcr LSBTIQ*, Angeh\u00f6rige und Fachkr\u00e4fte in ganz Schleswig-Holstein, auch Gefl\u00fcchtete<\/p>\n\n\n\n<p>Herkunftsland: nicht ausschlie\u00dflich, aber auch f\u00fcr Gefl\u00fcchtete<\/p>\n\n\n\n<p><strong>Art des Angebots:<\/strong> pers\u00f6nlich im HAKI-Zentrum; telefonisch; per Mail; als Video-Beratung (Zoom oder BigBlueButton)<\/p>\n\n\n\n<p><strong>Link:<\/strong> <a href=\"https:\/\/haki-sh.de\/beratung\/\">https:\/\/haki-sh.de\/beratung\/<\/a><\/p>\n<\/div>\n\n\n\n<div class=\"wp-block-column is-layout-flow wp-block-column-is-layout-flow\" style=\"flex-basis:33.33%\">\n<p>Walkerdamm 17<\/p>\n\n\n\n<p>24103 Kiel<\/p>\n\n\n\n<p><strong>Telefon:<\/strong> 0431 17090<\/p>\n<\/div>\n<\/div>\n<\/div><\/details>\n\n\n\n<details class=\"wp-block-themeisle-blocks-accordion-item\"><summary class=\"wp-block-themeisle-blocks-accordion-item__title\"><div>Angebot in Wedel (f\u00fcr den Kreis Pinneberg), Itzehoe (f\u00fcr den Kreis Steinburg), Norderstedt (f\u00fcr den Kreis Segeberg), Kiel, L\u00fcbeck, Neum\u00fcnster, Elmshorn<\/div><\/summary><div class=\"wp-block-themeisle-blocks-accordion-item__content\">\n<div class=\"wp-block-columns has-white-background-color has-background is-layout-flex wp-container-core-columns-is-layout-f9777a04 wp-block-columns-is-layout-flex\" style=\"padding-top:var(--wp--preset--spacing--20);padding-right:var(--wp--preset--spacing--20);padding-bottom:var(--wp--preset--spacing--20);padding-left:var(--wp--preset--spacing--20)\">\n<div class=\"wp-block-column is-layout-flow wp-block-column-is-layout-flow\" style=\"flex-basis:66.66%\">\n<h3 class=\"wp-block-heading\" style=\"font-style:normal;font-weight:400\">Psychosoziales Zentrum (PSZ) Braunschweig<\/h3>\n\n\n\n<p><strong>Angebot:<\/strong> Migrationsberatung: Beratung bei psychosozialen Problemen; Krisenintervention in akuten Notlagen; Beratung und Unterst\u00fctzung bei sozialen, beh\u00f6rdlichen, beruflichen, schulischen, famili\u00e4ren und pers\u00f6nlichen Anliegen, etc. Vertraulich und kostenlos<\/p>\n\n\n\n<p><strong>Gerichtet an:<\/strong> Migranten und Fl\u00fcchtlinge mit und ohne Behinderung<\/p>\n\n\n\n<p><strong>Link:<\/strong> https:\/\/www.caritas-sh.de\/beratung-hilfe\/migration-und-integration\/migrationsberatung\/migrationsberatung<\/p>\n<\/div>\n\n\n\n<div class=\"wp-block-column is-layout-flow wp-block-column-is-layout-flow\" style=\"flex-basis:33.33%\">\n<p>F\u00fcr Kontaktdaten siehe Webseite<\/p>\n<\/div>\n<\/div>\n<\/div><\/details>\n<\/div>\n","protected":false},"excerpt":{"rendered":"","protected":false},"author":1,"featured_media":0,"parent":132,"menu_order":0,"comment_status":"closed","ping_status":"closed","template":"","meta":{"ub_ctt_via":"","inline_featured_image":false,"_themeisle_gutenberg_block_has_review":false,"_mc_calendar":[],"footnotes":""},"categories":[],"tags":[],"class_list":["post-4531","page","type-page","status-publish","hentry","entry"],"featured_image_src":null,"yoast_head":"<!-- This site is optimized with the Yoast SEO plugin v21.4 - https:\/\/yoast.com\/wordpress\/plugins\/seo\/ -->\n<title>Schleswig-Holstein - Infoseite der Interessenvertretung Selbstbestimmt Leben in Deutschland e.V.<\/title>\n<meta name=\"robots\" content=\"index, follow, max-snippet:-1, max-image-preview:large, max-video-preview:-1\" \/>\n<link rel=\"canonical\" href=\"https:\/\/behinderung-und-flucht.isl-ev.de\/ru\/beratung-selbsthilfe\/schleswig-holstein\/\" \/>\n<meta property=\"og:locale\" content=\"ru_RU\" \/>\n<meta property=\"og:type\" content=\"article\" \/>\n<meta property=\"og:title\" content=\"Schleswig-Holstein - Infoseite der Interessenvertretung Selbstbestimmt Leben in Deutschland e.V.\" \/>\n<meta property=\"og:url\" content=\"https:\/\/behinderung-und-flucht.isl-ev.de\/ru\/beratung-selbsthilfe\/schleswig-holstein\/\" \/>\n<meta property=\"og:site_name\" content=\"Infoseite der Interessenvertretung Selbstbestimmt Leben in Deutschland e.V.\" \/>\n<meta property=\"article:modified_time\" content=\"2023-07-11T20:10:27+00:00\" \/>\n<meta name=\"twitter:card\" content=\"summary_large_image\" \/>\n<meta name=\"twitter:label1\" content=\"\u041f\u0440\u0438\u043c\u0435\u0440\u043d\u043e\u0435 \u0432\u0440\u0435\u043c\u044f \u0434\u043b\u044f \u0447\u0442\u0435\u043d\u0438\u044f\" \/>\n\t<meta name=\"twitter:data1\" content=\"2 \u043c\u0438\u043d\u0443\u0442\u044b\" \/>\n<script type=\"application\/ld+json\" class=\"yoast-schema-graph\">{\"@context\":\"https:\/\/schema.org\",\"@graph\":[{\"@type\":\"WebPage\",\"@id\":\"https:\/\/behinderung-und-flucht.isl-ev.de\/ru\/beratung-selbsthilfe\/schleswig-holstein\/\",\"url\":\"https:\/\/behinderung-und-flucht.isl-ev.de\/ru\/beratung-selbsthilfe\/schleswig-holstein\/\",\"name\":\"Schleswig-Holstein - Infoseite der Interessenvertretung Selbstbestimmt Leben in Deutschland e.V.\",\"isPartOf\":{\"@id\":\"https:\/\/behinderung-und-flucht.isl-ev.de\/ru\/#website\"},\"datePublished\":\"2023-07-05T20:30:18+00:00\",\"dateModified\":\"2023-07-11T20:10:27+00:00\",\"breadcrumb\":{\"@id\":\"https:\/\/behinderung-und-flucht.isl-ev.de\/ru\/beratung-selbsthilfe\/schleswig-holstein\/#breadcrumb\"},\"inLanguage\":\"ru-RU\",\"potentialAction\":[{\"@type\":\"ReadAction\",\"target\":[\"https:\/\/behinderung-und-flucht.isl-ev.de\/ru\/beratung-selbsthilfe\/schleswig-holstein\/\"]}]},{\"@type\":\"BreadcrumbList\",\"@id\":\"https:\/\/behinderung-und-flucht.isl-ev.de\/ru\/beratung-selbsthilfe\/schleswig-holstein\/#breadcrumb\",\"itemListElement\":[{\"@type\":\"ListItem\",\"position\":1,\"name\":\"Startseite\",\"item\":\"https:\/\/behinderung-und-flucht.isl-ev.de\/ru\/\"},{\"@type\":\"ListItem\",\"position\":2,\"name\":\"Beratung\/Selbsthilfe\",\"item\":\"https:\/\/behinderung-und-flucht.isl-ev.de\/ru\/beratung-selbsthilfe\/\"},{\"@type\":\"ListItem\",\"position\":3,\"name\":\"Schleswig-Holstein\"}]},{\"@type\":\"WebSite\",\"@id\":\"https:\/\/behinderung-und-flucht.isl-ev.de\/ru\/#website\",\"url\":\"https:\/\/behinderung-und-flucht.isl-ev.de\/ru\/\",\"name\":\"Infoseite f\u00fcr gefl\u00fcchtete Menschen mit Behinderungen oder chronischen Erkrankungen\",\"description\":\"Informationen f\u00fcr gefl\u00fcchtete Menschen mit Behinderungen oder chronischen Erkrankungen\",\"publisher\":{\"@id\":\"https:\/\/behinderung-und-flucht.isl-ev.de\/ru\/#organization\"},\"alternateName\":\"Infoseite f\u00fcr gefl\u00fcchtete Menschen mit Behinderungen\",\"potentialAction\":[{\"@type\":\"SearchAction\",\"target\":{\"@type\":\"EntryPoint\",\"urlTemplate\":\"https:\/\/behinderung-und-flucht.isl-ev.de\/ru\/?s={search_term_string}\"},\"query-input\":\"required name=search_term_string\"}],\"inLanguage\":\"ru-RU\"},{\"@type\":\"Organization\",\"@id\":\"https:\/\/behinderung-und-flucht.isl-ev.de\/ru\/#organization\",\"name\":\"Infoseite der Interessenvertretung Selbstbestimmt Leben in Deutschland e.V.\",\"url\":\"https:\/\/behinderung-und-flucht.isl-ev.de\/ru\/\",\"logo\":{\"@type\":\"ImageObject\",\"inLanguage\":\"ru-RU\",\"@id\":\"https:\/\/behinderung-und-flucht.isl-ev.de\/ru\/#\/schema\/logo\/image\/\",\"url\":\"https:\/\/behinderung-und-flucht.isl-ev.de\/wp-content\/uploads\/2022\/09\/logo-infoseite-04.svg\",\"contentUrl\":\"https:\/\/behinderung-und-flucht.isl-ev.de\/wp-content\/uploads\/2022\/09\/logo-infoseite-04.svg\",\"caption\":\"Infoseite der Interessenvertretung Selbstbestimmt Leben in Deutschland e.V.\"},\"image\":{\"@id\":\"https:\/\/behinderung-und-flucht.isl-ev.de\/ru\/#\/schema\/logo\/image\/\"}}]}<\/script>\n<!-- \/ Yoast SEO plugin. -->","yoast_head_json":{"title":"Schleswig-Holstein - Infoseite der Interessenvertretung Selbstbestimmt Leben in Deutschland e.V.","robots":{"index":"index","follow":"follow","max-snippet":"max-snippet:-1","max-image-preview":"max-image-preview:large","max-video-preview":"max-video-preview:-1"},"canonical":"https:\/\/behinderung-und-flucht.isl-ev.de\/ru\/beratung-selbsthilfe\/schleswig-holstein\/","og_locale":"ru_RU","og_type":"article","og_title":"Schleswig-Holstein - Infoseite der Interessenvertretung Selbstbestimmt Leben in Deutschland e.V.","og_url":"https:\/\/behinderung-und-flucht.isl-ev.de\/ru\/beratung-selbsthilfe\/schleswig-holstein\/","og_site_name":"Infoseite der Interessenvertretung Selbstbestimmt Leben in Deutschland e.V.","article_modified_time":"2023-07-11T20:10:27+00:00","twitter_card":"summary_large_image","twitter_misc":{"\u041f\u0440\u0438\u043c\u0435\u0440\u043d\u043e\u0435 \u0432\u0440\u0435\u043c\u044f \u0434\u043b\u044f \u0447\u0442\u0435\u043d\u0438\u044f":"2 \u043c\u0438\u043d\u0443\u0442\u044b"},"schema":{"@context":"https:\/\/schema.org","@graph":[{"@type":"WebPage","@id":"https:\/\/behinderung-und-flucht.isl-ev.de\/ru\/beratung-selbsthilfe\/schleswig-holstein\/","url":"https:\/\/behinderung-und-flucht.isl-ev.de\/ru\/beratung-selbsthilfe\/schleswig-holstein\/","name":"Schleswig-Holstein - Infoseite der Interessenvertretung Selbstbestimmt Leben in Deutschland e.V.","isPartOf":{"@id":"https:\/\/behinderung-und-flucht.isl-ev.de\/ru\/#website"},"datePublished":"2023-07-05T20:30:18+00:00","dateModified":"2023-07-11T20:10:27+00:00","breadcrumb":{"@id":"https:\/\/behinderung-und-flucht.isl-ev.de\/ru\/beratung-selbsthilfe\/schleswig-holstein\/#breadcrumb"},"inLanguage":"ru-RU","potentialAction":[{"@type":"ReadAction","target":["https:\/\/behinderung-und-flucht.isl-ev.de\/ru\/beratung-selbsthilfe\/schleswig-holstein\/"]}]},{"@type":"BreadcrumbList","@id":"https:\/\/behinderung-und-flucht.isl-ev.de\/ru\/beratung-selbsthilfe\/schleswig-holstein\/#breadcrumb","itemListElement":[{"@type":"ListItem","position":1,"name":"Startseite","item":"https:\/\/behinderung-und-flucht.isl-ev.de\/ru\/"},{"@type":"ListItem","position":2,"name":"Beratung\/Selbsthilfe","item":"https:\/\/behinderung-und-flucht.isl-ev.de\/ru\/beratung-selbsthilfe\/"},{"@type":"ListItem","position":3,"name":"Schleswig-Holstein"}]},{"@type":"WebSite","@id":"https:\/\/behinderung-und-flucht.isl-ev.de\/ru\/#website","url":"https:\/\/behinderung-und-flucht.isl-ev.de\/ru\/","name":"Infoseite f\u00fcr gefl\u00fcchtete Menschen mit Behinderungen oder chronischen Erkrankungen","description":"Informationen f\u00fcr gefl\u00fcchtete Menschen mit Behinderungen oder chronischen Erkrankungen","publisher":{"@id":"https:\/\/behinderung-und-flucht.isl-ev.de\/ru\/#organization"},"alternateName":"Infoseite f\u00fcr gefl\u00fcchtete Menschen mit Behinderungen","potentialAction":[{"@type":"SearchAction","target":{"@type":"EntryPoint","urlTemplate":"https:\/\/behinderung-und-flucht.isl-ev.de\/ru\/?s={search_term_string}"},"query-input":"required name=search_term_string"}],"inLanguage":"ru-RU"},{"@type":"Organization","@id":"https:\/\/behinderung-und-flucht.isl-ev.de\/ru\/#organization","name":"Infoseite der Interessenvertretung Selbstbestimmt Leben in Deutschland e.V.","url":"https:\/\/behinderung-und-flucht.isl-ev.de\/ru\/","logo":{"@type":"ImageObject","inLanguage":"ru-RU","@id":"https:\/\/behinderung-und-flucht.isl-ev.de\/ru\/#\/schema\/logo\/image\/","url":"https:\/\/behinderung-und-flucht.isl-ev.de\/wp-content\/uploads\/2022\/09\/logo-infoseite-04.svg","contentUrl":"https:\/\/behinderung-und-flucht.isl-ev.de\/wp-content\/uploads\/2022\/09\/logo-infoseite-04.svg","caption":"Infoseite der Interessenvertretung Selbstbestimmt Leben in Deutschland e.V."},"image":{"@id":"https:\/\/behinderung-und-flucht.isl-ev.de\/ru\/#\/schema\/logo\/image\/"}}]}},"_links":{"self":[{"href":"https:\/\/behinderung-und-flucht.isl-ev.de\/ru\/wp-json\/wp\/v2\/pages\/4531","targetHints":{"allow":["GET"]}}],"collection":[{"href":"https:\/\/behinderung-und-flucht.isl-ev.de\/ru\/wp-json\/wp\/v2\/pages"}],"about":[{"href":"https:\/\/behinderung-und-flucht.isl-ev.de\/ru\/wp-json\/wp\/v2\/types\/page"}],"author":[{"embeddable":true,"href":"https:\/\/behinderung-und-flucht.isl-ev.de\/ru\/wp-json\/wp\/v2\/users\/1"}],"replies":[{"embeddable":true,"href":"https:\/\/behinderung-und-flucht.isl-ev.de\/ru\/wp-json\/wp\/v2\/comments?post=4531"}],"version-history":[{"count":9,"href":"https:\/\/behinderung-und-flucht.isl-ev.de\/ru\/wp-json\/wp\/v2\/pages\/4531\/revisions"}],"predecessor-version":[{"id":4583,"href":"https:\/\/behinderung-und-flucht.isl-ev.de\/ru\/wp-json\/wp\/v2\/pages\/4531\/revisions\/4583"}],"up":[{"embeddable":true,"href":"https:\/\/behinderung-und-flucht.isl-ev.de\/ru\/wp-json\/wp\/v2\/pages\/132"}],"wp:attachment":[{"href":"https:\/\/behinderung-und-flucht.isl-ev.de\/ru\/wp-json\/wp\/v2\/media?parent=4531"}],"wp:term":[{"taxonomy":"category","embeddable":true,"href":"https:\/\/behinderung-und-flucht.isl-ev.de\/ru\/wp-json\/wp\/v2\/categories?post=4531"},{"taxonomy":"post_tag","embeddable":true,"href":"https:\/\/behinderung-und-flucht.isl-ev.de\/ru\/wp-json\/wp\/v2\/tags?post=4531"}],"curies":[{"name":"wp","href":"https:\/\/api.w.org\/{rel}","templated":true}]}}