{"id":4495,"date":"2023-06-29T21:36:23","date_gmt":"2023-06-29T19:36:23","guid":{"rendered":"https:\/\/behinderung-und-flucht.isl-ev.de\/?page_id=4495"},"modified":"2023-07-11T22:05:40","modified_gmt":"2023-07-11T20:05:40","slug":"nordrhein-westfalen-2","status":"publish","type":"page","link":"https:\/\/behinderung-und-flucht.isl-ev.de\/ru\/beratung-selbsthilfe\/nordrhein-westfalen-2\/","title":{"rendered":"Nordrhein Westfalen"},"content":{"rendered":"\n<div class=\"wp-block-columns has-white-background-color has-background is-layout-flex wp-container-core-columns-is-layout-f9777a04 wp-block-columns-is-layout-flex\" style=\"padding-top:var(--wp--preset--spacing--20);padding-right:var(--wp--preset--spacing--20);padding-bottom:var(--wp--preset--spacing--20);padding-left:var(--wp--preset--spacing--20)\">\n<div class=\"wp-block-column is-layout-flow wp-block-column-is-layout-flow\" style=\"flex-basis:66.66%\">\n<h3 class=\"wp-block-heading\" style=\"font-style:normal;font-weight:400\">Fl\u00fcchtlingsberatung<\/h3>\n\n\n\n<p><strong>Angebot:<\/strong> EVA &#8212; Niederschwellige Empowerment-Angebote f\u00fcr besonders schutzbed\u00fcrftige Fl\u00fcchtlinge<\/p>\n\n\n\n<p><strong>Gerichtet an:<\/strong> besonders schutzbed\u00fcrftige Fl\u00fcchtlinge, Traumatisierte, Schwangere, etc<\/p>\n\n\n\n<p><strong>Ansprechpartnerin:<\/strong> Daniela Br\u00f6hl<\/p>\n\n\n\n<p><strong>Sprache:<\/strong> Bei Bedarf Sprachmittler\/-innen<\/p>\n\n\n\n<p><strong>Link:<\/strong> <a href=\"https:\/\/www.diakonie-duesseldorf.de\/gesundheit-soziales\/zugewanderte\/fluechtlingsberatung\">https:\/\/www.diakonie-duesseldorf.de\/gesundheit-soziales\/zugewanderte\/fluechtlingsberatung<\/a><\/p>\n<\/div>\n\n\n\n<div class=\"wp-block-column is-layout-flow wp-block-column-is-layout-flow\" style=\"flex-basis:33.33%\">\n<p>Platz der Diakonie 2 a<\/p>\n\n\n\n<p>40233 Dresden<\/p>\n\n\n\n<p><strong>Telefon:<\/strong> 0211 9 13 18 801<\/p>\n<\/div>\n<\/div>\n\n\n\n<div class=\"wp-block-columns has-white-background-color has-background is-layout-flex wp-container-core-columns-is-layout-f9777a04 wp-block-columns-is-layout-flex\" style=\"padding-top:var(--wp--preset--spacing--20);padding-right:var(--wp--preset--spacing--20);padding-bottom:var(--wp--preset--spacing--20);padding-left:var(--wp--preset--spacing--20)\">\n<div class=\"wp-block-column is-layout-flow wp-block-column-is-layout-flow\" style=\"flex-basis:66.66%\">\n<h3 class=\"wp-block-heading\" style=\"font-style:normal;font-weight:400\">Menschenw\u00fcrdige Aufnahme f\u00fcr alle Schutzsuchenden<\/h3>\n\n\n\n<p>Gerichtet an: Traumatisierte und Psychische Beeintr\u00e4chtigungen<\/p>\n\n\n\n<p><strong>Angebot:<\/strong> Psychosoziales Zentrum f\u00fcr Fl\u00fcchtlinge D\u00fcsseldorf<\/p>\n\n\n\n<p><strong>Link:<\/strong> <a href=\"https:\/\/psz-duesseldorf.de\/\">https:\/\/psz-duesseldorf.de\/<\/a><\/p>\n<\/div>\n\n\n\n<div class=\"wp-block-column is-layout-flow wp-block-column-is-layout-flow\" style=\"flex-basis:33.33%\">\n<p>D\u00fcsseldorf<\/p>\n<\/div>\n<\/div>\n\n\n\n<div class=\"wp-block-columns has-white-background-color has-background is-layout-flex wp-container-core-columns-is-layout-f9777a04 wp-block-columns-is-layout-flex\" style=\"padding-top:var(--wp--preset--spacing--20);padding-right:var(--wp--preset--spacing--20);padding-bottom:var(--wp--preset--spacing--20);padding-left:var(--wp--preset--spacing--20)\">\n<div class=\"wp-block-column is-layout-flow wp-block-column-is-layout-flow\" style=\"flex-basis:66.66%\">\n<h3 class=\"wp-block-heading\" style=\"font-style:normal;font-weight:400\">BLICKPUNKT Auge<\/h3>\n\n\n\n<p><strong>Gerichtet an:<\/strong> Menschen mit Sehbehinderung<\/p>\n\n\n\n<p><strong>Angebot:<\/strong> Beratung zu Sehhilfen, Hilfsmittel; Rechtliche und finanzielle Anspr\u00fcche; Schulungen zur sicheren Orientierung im Stra\u00dfenverkehr; etc.<\/p>\n\n\n\n<p><strong>Art des Angebots:<\/strong> [\u00dcbersicht zu Beratungen in 13 Bundesl\u00e4ndern]<\/p>\n\n\n\n<p><strong>Link:<\/strong> <a href=\"https:\/\/blickpunkt-auge.de\/regionen.html\">https:\/\/blickpunkt-auge.de\/regionen.html<\/a><\/p>\n<\/div>\n\n\n\n<div class=\"wp-block-column is-layout-flow wp-block-column-is-layout-flow\" style=\"flex-basis:33.33%\">\n<p><\/p>\n<\/div>\n<\/div>\n","protected":false},"excerpt":{"rendered":"<p>Fl\u00fcchtlingsberatung Angebot: EVA &#8212; Niederschwellige Empowerment-Angebote f\u00fcr besonders schutzbed\u00fcrftige Fl\u00fcchtlinge Gerichtet an: besonders schutzbed\u00fcrftige Fl\u00fcchtlinge, Traumatisierte, Schwangere, etc Ansprechpartnerin: Daniela Br\u00f6hl Sprache: Bei Bedarf Sprachmittler\/-innen Link: https:\/\/www.diakonie-duesseldorf.de\/gesundheit-soziales\/zugewanderte\/fluechtlingsberatung Platz der Diakonie 2 a 40233 Dresden Telefon: 0211 9 13 18 801 Menschenw\u00fcrdige Aufnahme f\u00fcr alle Schutzsuchenden Gerichtet an: Traumatisierte und Psychische Beeintr\u00e4chtigungen Angebot: Psychosoziales Zentrum f\u00fcr&hellip; <a class=\"more-link\" href=\"https:\/\/behinderung-und-flucht.isl-ev.de\/ru\/beratung-selbsthilfe\/nordrhein-westfalen-2\/\">\u0427\u0438\u0442\u0430\u0442\u044c \u0434\u0430\u043b\u0435\u0435 <span class=\"screen-reader-text\">Nordrhein Westfalen<\/span><\/a><\/p>\n","protected":false},"author":1,"featured_media":0,"parent":132,"menu_order":0,"comment_status":"closed","ping_status":"closed","template":"","meta":{"ub_ctt_via":"","inline_featured_image":false,"_themeisle_gutenberg_block_has_review":false,"_mc_calendar":[],"footnotes":""},"categories":[],"tags":[],"class_list":["post-4495","page","type-page","status-publish","hentry","entry"],"featured_image_src":null,"yoast_head":"<!-- This site is optimized with the Yoast SEO plugin v21.4 - https:\/\/yoast.com\/wordpress\/plugins\/seo\/ -->\n<title>Nordrhein Westfalen - Infoseite der Interessenvertretung Selbstbestimmt Leben in Deutschland e.V.<\/title>\n<meta name=\"robots\" content=\"index, follow, max-snippet:-1, max-image-preview:large, max-video-preview:-1\" \/>\n<link rel=\"canonical\" href=\"https:\/\/behinderung-und-flucht.isl-ev.de\/ru\/beratung-selbsthilfe\/nordrhein-westfalen-2\/\" \/>\n<meta property=\"og:locale\" content=\"ru_RU\" \/>\n<meta property=\"og:type\" content=\"article\" \/>\n<meta property=\"og:title\" content=\"Nordrhein Westfalen - Infoseite der Interessenvertretung Selbstbestimmt Leben in Deutschland e.V.\" \/>\n<meta property=\"og:description\" content=\"Fl\u00fcchtlingsberatung Angebot: EVA &#8212; Niederschwellige Empowerment-Angebote f\u00fcr besonders schutzbed\u00fcrftige Fl\u00fcchtlinge Gerichtet an: besonders schutzbed\u00fcrftige Fl\u00fcchtlinge, Traumatisierte, Schwangere, etc Ansprechpartnerin: Daniela Br\u00f6hl Sprache: Bei Bedarf Sprachmittler\/-innen Link: https:\/\/www.diakonie-duesseldorf.de\/gesundheit-soziales\/zugewanderte\/fluechtlingsberatung Platz der Diakonie 2 a 40233 Dresden Telefon: 0211 9 13 18 801 Menschenw\u00fcrdige Aufnahme f\u00fcr alle Schutzsuchenden Gerichtet an: Traumatisierte und Psychische Beeintr\u00e4chtigungen Angebot: Psychosoziales Zentrum f\u00fcr&hellip; \u0427\u0438\u0442\u0430\u0442\u044c \u0434\u0430\u043b\u0435\u0435 Nordrhein Westfalen\" \/>\n<meta property=\"og:url\" content=\"https:\/\/behinderung-und-flucht.isl-ev.de\/ru\/beratung-selbsthilfe\/nordrhein-westfalen-2\/\" \/>\n<meta property=\"og:site_name\" content=\"Infoseite der Interessenvertretung Selbstbestimmt Leben in Deutschland e.V.\" \/>\n<meta property=\"article:modified_time\" content=\"2023-07-11T20:05:40+00:00\" \/>\n<meta name=\"twitter:card\" content=\"summary_large_image\" \/>\n<meta name=\"twitter:label1\" content=\"\u041f\u0440\u0438\u043c\u0435\u0440\u043d\u043e\u0435 \u0432\u0440\u0435\u043c\u044f \u0434\u043b\u044f \u0447\u0442\u0435\u043d\u0438\u044f\" \/>\n\t<meta name=\"twitter:data1\" content=\"1 \u043c\u0438\u043d\u0443\u0442\u0430\" \/>\n<script type=\"application\/ld+json\" class=\"yoast-schema-graph\">{\"@context\":\"https:\/\/schema.org\",\"@graph\":[{\"@type\":\"WebPage\",\"@id\":\"https:\/\/behinderung-und-flucht.isl-ev.de\/ru\/beratung-selbsthilfe\/nordrhein-westfalen-2\/\",\"url\":\"https:\/\/behinderung-und-flucht.isl-ev.de\/ru\/beratung-selbsthilfe\/nordrhein-westfalen-2\/\",\"name\":\"Nordrhein Westfalen - Infoseite der Interessenvertretung Selbstbestimmt Leben in Deutschland e.V.\",\"isPartOf\":{\"@id\":\"https:\/\/behinderung-und-flucht.isl-ev.de\/ru\/#website\"},\"datePublished\":\"2023-06-29T19:36:23+00:00\",\"dateModified\":\"2023-07-11T20:05:40+00:00\",\"breadcrumb\":{\"@id\":\"https:\/\/behinderung-und-flucht.isl-ev.de\/ru\/beratung-selbsthilfe\/nordrhein-westfalen-2\/#breadcrumb\"},\"inLanguage\":\"ru-RU\",\"potentialAction\":[{\"@type\":\"ReadAction\",\"target\":[\"https:\/\/behinderung-und-flucht.isl-ev.de\/ru\/beratung-selbsthilfe\/nordrhein-westfalen-2\/\"]}]},{\"@type\":\"BreadcrumbList\",\"@id\":\"https:\/\/behinderung-und-flucht.isl-ev.de\/ru\/beratung-selbsthilfe\/nordrhein-westfalen-2\/#breadcrumb\",\"itemListElement\":[{\"@type\":\"ListItem\",\"position\":1,\"name\":\"Startseite\",\"item\":\"https:\/\/behinderung-und-flucht.isl-ev.de\/ru\/\"},{\"@type\":\"ListItem\",\"position\":2,\"name\":\"Beratung\/Selbsthilfe\",\"item\":\"https:\/\/behinderung-und-flucht.isl-ev.de\/ru\/beratung-selbsthilfe\/\"},{\"@type\":\"ListItem\",\"position\":3,\"name\":\"Nordrhein Westfalen\"}]},{\"@type\":\"WebSite\",\"@id\":\"https:\/\/behinderung-und-flucht.isl-ev.de\/ru\/#website\",\"url\":\"https:\/\/behinderung-und-flucht.isl-ev.de\/ru\/\",\"name\":\"Infoseite f\u00fcr gefl\u00fcchtete Menschen mit Behinderungen oder chronischen Erkrankungen\",\"description\":\"Informationen f\u00fcr gefl\u00fcchtete Menschen mit Behinderungen oder chronischen Erkrankungen\",\"publisher\":{\"@id\":\"https:\/\/behinderung-und-flucht.isl-ev.de\/ru\/#organization\"},\"alternateName\":\"Infoseite f\u00fcr gefl\u00fcchtete Menschen mit Behinderungen\",\"potentialAction\":[{\"@type\":\"SearchAction\",\"target\":{\"@type\":\"EntryPoint\",\"urlTemplate\":\"https:\/\/behinderung-und-flucht.isl-ev.de\/ru\/?s={search_term_string}\"},\"query-input\":\"required name=search_term_string\"}],\"inLanguage\":\"ru-RU\"},{\"@type\":\"Organization\",\"@id\":\"https:\/\/behinderung-und-flucht.isl-ev.de\/ru\/#organization\",\"name\":\"Infoseite der Interessenvertretung Selbstbestimmt Leben in Deutschland e.V.\",\"url\":\"https:\/\/behinderung-und-flucht.isl-ev.de\/ru\/\",\"logo\":{\"@type\":\"ImageObject\",\"inLanguage\":\"ru-RU\",\"@id\":\"https:\/\/behinderung-und-flucht.isl-ev.de\/ru\/#\/schema\/logo\/image\/\",\"url\":\"https:\/\/behinderung-und-flucht.isl-ev.de\/wp-content\/uploads\/2022\/09\/logo-infoseite-04.svg\",\"contentUrl\":\"https:\/\/behinderung-und-flucht.isl-ev.de\/wp-content\/uploads\/2022\/09\/logo-infoseite-04.svg\",\"caption\":\"Infoseite der Interessenvertretung Selbstbestimmt Leben in Deutschland e.V.\"},\"image\":{\"@id\":\"https:\/\/behinderung-und-flucht.isl-ev.de\/ru\/#\/schema\/logo\/image\/\"}}]}<\/script>\n<!-- \/ Yoast SEO plugin. -->","yoast_head_json":{"title":"Nordrhein Westfalen - Infoseite der Interessenvertretung Selbstbestimmt Leben in Deutschland e.V.","robots":{"index":"index","follow":"follow","max-snippet":"max-snippet:-1","max-image-preview":"max-image-preview:large","max-video-preview":"max-video-preview:-1"},"canonical":"https:\/\/behinderung-und-flucht.isl-ev.de\/ru\/beratung-selbsthilfe\/nordrhein-westfalen-2\/","og_locale":"ru_RU","og_type":"article","og_title":"Nordrhein Westfalen - Infoseite der Interessenvertretung Selbstbestimmt Leben in Deutschland e.V.","og_description":"Fl\u00fcchtlingsberatung Angebot: EVA &#8212; Niederschwellige Empowerment-Angebote f\u00fcr besonders schutzbed\u00fcrftige Fl\u00fcchtlinge Gerichtet an: besonders schutzbed\u00fcrftige Fl\u00fcchtlinge, Traumatisierte, Schwangere, etc Ansprechpartnerin: Daniela Br\u00f6hl Sprache: Bei Bedarf Sprachmittler\/-innen Link: https:\/\/www.diakonie-duesseldorf.de\/gesundheit-soziales\/zugewanderte\/fluechtlingsberatung Platz der Diakonie 2 a 40233 Dresden Telefon: 0211 9 13 18 801 Menschenw\u00fcrdige Aufnahme f\u00fcr alle Schutzsuchenden Gerichtet an: Traumatisierte und Psychische Beeintr\u00e4chtigungen Angebot: Psychosoziales Zentrum f\u00fcr&hellip; \u0427\u0438\u0442\u0430\u0442\u044c \u0434\u0430\u043b\u0435\u0435 Nordrhein Westfalen","og_url":"https:\/\/behinderung-und-flucht.isl-ev.de\/ru\/beratung-selbsthilfe\/nordrhein-westfalen-2\/","og_site_name":"Infoseite der Interessenvertretung Selbstbestimmt Leben in Deutschland e.V.","article_modified_time":"2023-07-11T20:05:40+00:00","twitter_card":"summary_large_image","twitter_misc":{"\u041f\u0440\u0438\u043c\u0435\u0440\u043d\u043e\u0435 \u0432\u0440\u0435\u043c\u044f \u0434\u043b\u044f \u0447\u0442\u0435\u043d\u0438\u044f":"1 \u043c\u0438\u043d\u0443\u0442\u0430"},"schema":{"@context":"https:\/\/schema.org","@graph":[{"@type":"WebPage","@id":"https:\/\/behinderung-und-flucht.isl-ev.de\/ru\/beratung-selbsthilfe\/nordrhein-westfalen-2\/","url":"https:\/\/behinderung-und-flucht.isl-ev.de\/ru\/beratung-selbsthilfe\/nordrhein-westfalen-2\/","name":"Nordrhein Westfalen - Infoseite der Interessenvertretung Selbstbestimmt Leben in Deutschland e.V.","isPartOf":{"@id":"https:\/\/behinderung-und-flucht.isl-ev.de\/ru\/#website"},"datePublished":"2023-06-29T19:36:23+00:00","dateModified":"2023-07-11T20:05:40+00:00","breadcrumb":{"@id":"https:\/\/behinderung-und-flucht.isl-ev.de\/ru\/beratung-selbsthilfe\/nordrhein-westfalen-2\/#breadcrumb"},"inLanguage":"ru-RU","potentialAction":[{"@type":"ReadAction","target":["https:\/\/behinderung-und-flucht.isl-ev.de\/ru\/beratung-selbsthilfe\/nordrhein-westfalen-2\/"]}]},{"@type":"BreadcrumbList","@id":"https:\/\/behinderung-und-flucht.isl-ev.de\/ru\/beratung-selbsthilfe\/nordrhein-westfalen-2\/#breadcrumb","itemListElement":[{"@type":"ListItem","position":1,"name":"Startseite","item":"https:\/\/behinderung-und-flucht.isl-ev.de\/ru\/"},{"@type":"ListItem","position":2,"name":"Beratung\/Selbsthilfe","item":"https:\/\/behinderung-und-flucht.isl-ev.de\/ru\/beratung-selbsthilfe\/"},{"@type":"ListItem","position":3,"name":"Nordrhein Westfalen"}]},{"@type":"WebSite","@id":"https:\/\/behinderung-und-flucht.isl-ev.de\/ru\/#website","url":"https:\/\/behinderung-und-flucht.isl-ev.de\/ru\/","name":"Infoseite f\u00fcr gefl\u00fcchtete Menschen mit Behinderungen oder chronischen Erkrankungen","description":"Informationen f\u00fcr gefl\u00fcchtete Menschen mit Behinderungen oder chronischen Erkrankungen","publisher":{"@id":"https:\/\/behinderung-und-flucht.isl-ev.de\/ru\/#organization"},"alternateName":"Infoseite f\u00fcr gefl\u00fcchtete Menschen mit Behinderungen","potentialAction":[{"@type":"SearchAction","target":{"@type":"EntryPoint","urlTemplate":"https:\/\/behinderung-und-flucht.isl-ev.de\/ru\/?s={search_term_string}"},"query-input":"required name=search_term_string"}],"inLanguage":"ru-RU"},{"@type":"Organization","@id":"https:\/\/behinderung-und-flucht.isl-ev.de\/ru\/#organization","name":"Infoseite der Interessenvertretung Selbstbestimmt Leben in Deutschland e.V.","url":"https:\/\/behinderung-und-flucht.isl-ev.de\/ru\/","logo":{"@type":"ImageObject","inLanguage":"ru-RU","@id":"https:\/\/behinderung-und-flucht.isl-ev.de\/ru\/#\/schema\/logo\/image\/","url":"https:\/\/behinderung-und-flucht.isl-ev.de\/wp-content\/uploads\/2022\/09\/logo-infoseite-04.svg","contentUrl":"https:\/\/behinderung-und-flucht.isl-ev.de\/wp-content\/uploads\/2022\/09\/logo-infoseite-04.svg","caption":"Infoseite der Interessenvertretung Selbstbestimmt Leben in Deutschland e.V."},"image":{"@id":"https:\/\/behinderung-und-flucht.isl-ev.de\/ru\/#\/schema\/logo\/image\/"}}]}},"_links":{"self":[{"href":"https:\/\/behinderung-und-flucht.isl-ev.de\/ru\/wp-json\/wp\/v2\/pages\/4495","targetHints":{"allow":["GET"]}}],"collection":[{"href":"https:\/\/behinderung-und-flucht.isl-ev.de\/ru\/wp-json\/wp\/v2\/pages"}],"about":[{"href":"https:\/\/behinderung-und-flucht.isl-ev.de\/ru\/wp-json\/wp\/v2\/types\/page"}],"author":[{"embeddable":true,"href":"https:\/\/behinderung-und-flucht.isl-ev.de\/ru\/wp-json\/wp\/v2\/users\/1"}],"replies":[{"embeddable":true,"href":"https:\/\/behinderung-und-flucht.isl-ev.de\/ru\/wp-json\/wp\/v2\/comments?post=4495"}],"version-history":[{"count":5,"href":"https:\/\/behinderung-und-flucht.isl-ev.de\/ru\/wp-json\/wp\/v2\/pages\/4495\/revisions"}],"predecessor-version":[{"id":4578,"href":"https:\/\/behinderung-und-flucht.isl-ev.de\/ru\/wp-json\/wp\/v2\/pages\/4495\/revisions\/4578"}],"up":[{"embeddable":true,"href":"https:\/\/behinderung-und-flucht.isl-ev.de\/ru\/wp-json\/wp\/v2\/pages\/132"}],"wp:attachment":[{"href":"https:\/\/behinderung-und-flucht.isl-ev.de\/ru\/wp-json\/wp\/v2\/media?parent=4495"}],"wp:term":[{"taxonomy":"category","embeddable":true,"href":"https:\/\/behinderung-und-flucht.isl-ev.de\/ru\/wp-json\/wp\/v2\/categories?post=4495"},{"taxonomy":"post_tag","embeddable":true,"href":"https:\/\/behinderung-und-flucht.isl-ev.de\/ru\/wp-json\/wp\/v2\/tags?post=4495"}],"curies":[{"name":"wp","href":"https:\/\/api.w.org\/{rel}","templated":true}]}}