{"id":5713,"date":"2023-10-30T20:18:00","date_gmt":"2023-10-30T19:18:00","guid":{"rendered":"https:\/\/behinderung-und-flucht.isl-ev.de\/?page_id=5713"},"modified":"2025-03-24T16:54:32","modified_gmt":"2025-03-24T15:54:32","slug":"theater","status":"publish","type":"page","link":"https:\/\/behinderung-und-flucht.isl-ev.de\/en\/kulturguide\/berlin\/theater\/","title":{"rendered":"Theater"},"content":{"rendered":"\n<p><\/p>\n\n\n\n<div id=\"wp-block-themeisle-blocks-accordion-35e4df50\" data-has-schema=\"false\" class=\"wp-block-themeisle-blocks-accordion exclusive has-gap\">\n<details class=\"wp-block-themeisle-blocks-accordion-item\"><summary class=\"wp-block-themeisle-blocks-accordion-item__title\"><h2><strong>Theater Thikwa<\/strong> <img decoding=\"async\" class=\"wp-image-2999\" style=\"width: 60px\" src=\"https:\/\/behinderung-und-flucht.isl-ev.de\/wp-content\/uploads\/2023\/02\/WKU-Icons_Zugaenglich-mit-Rollstuhl.svg\" alt=\"Zug\u00e4nglich mit Rollstuhl Den Gast erwarten keine Treppen, ggfs. ist eine Rampe vorhanden.\"><img decoding=\"async\" class=\"wp-image-2931\" style=\"width: 60px\" src=\"https:\/\/behinderung-und-flucht.isl-ev.de\/wp-content\/uploads\/2023\/02\/WKU-Icons_Barrierefreie-Toilette.svg\" alt=\"Barrierefreie Toilette Die Toilette ist barrierefrei zug\u00e4nglich und rollstuhlgerecht eingerichtet\"><img decoding=\"async\" class=\"wp-image-2911\" style=\"width: 60px\" src=\"https:\/\/behinderung-und-flucht.isl-ev.de\/wp-content\/uploads\/2023\/02\/WKU-Icons_Assistenzhund-willkommen.svg\" alt=\"Assistenzhund willkommen Es ist m\u00f6glich einen Assistenzhund mitzuf\u00fchren.\"><img decoding=\"async\" class=\"wp-image-2943\" style=\"width: 60px\" src=\"https:\/\/behinderung-und-flucht.isl-ev.de\/wp-content\/uploads\/2023\/02\/WKU-Icons_Begleitperson-frei.svg\" alt=\"Begleitperson frei lnhaber*innen eines Schwerbehindertenausweises k\u00f6nnen eine Begleitperson kostenfrei mitbringen.\"><img decoding=\"async\" class=\"wp-image-2915\" style=\"width: 60px\" src=\"https:\/\/behinderung-und-flucht.isl-ev.de\/wp-content\/uploads\/2023\/02\/WKU-Icons_Audiodeskription.svg\" alt=\"Audiodeskription F\u00fcr visuelle Beitr\u00e4ge ist eine akustische Bildbeschreibung verf\u00fcgbar.\"><img decoding=\"async\" class=\"wp-image-2983\" style=\"width: 60px\" src=\"https:\/\/behinderung-und-flucht.isl-ev.de\/wp-content\/uploads\/2023\/02\/WKU-Icons_Leichte-Sprache.svg\" alt=\"Leichte Sprache Die Veranstaltungsinformationen stehen auch in leichter Sprache zur Verf\u00fcgung.\"><img decoding=\"async\" class=\"wp-image-2907\" style=\"width: 60px\" src=\"https:\/\/behinderung-und-flucht.isl-ev.de\/wp-content\/uploads\/2023\/02\/WKU-Icons_Angebote-in-Gebaerdensprache.svg\" alt=\"Dolmetschung in Geb\u00e4rdensprache Die Veranstaltung wird von Geb\u00e4rdensprachdolmetschenden begleitet.\"><\/h2><\/summary><div class=\"wp-block-themeisle-blocks-accordion-item__content\">\n<h3 class=\"wp-block-heading\">Theater Thikwa<\/h3>\n\n\n\n<h4 class=\"wp-block-heading\">Explanation<\/h4>\n\n\n\n<p>Artists with and without disabilities perform on the stage of Theater Thikwa, presenting performances, dance, text, and musical theater.<\/p>\n\n\n\n<div class=\"wp-block-columns is-style-default is-layout-flex wp-container-core-columns-is-layout-9d6595d7 wp-block-columns-is-layout-flex\">\n<div class=\"wp-block-column is-layout-flow wp-block-column-is-layout-flow\">\n<h4 class=\"wp-block-heading\"><strong>Accessibility<\/strong><\/h4>\n\n\n\n<figure class=\"wp-block-table\"><table class=\"has-white-background-color has-background\"><tbody><tr><td><img decoding=\"async\" class=\"wp-image-2999\" style=\"width: 150px\" src=\"https:\/\/behinderung-und-flucht.isl-ev.de\/wp-content\/uploads\/2023\/02\/WKU-Icons_Zugaenglich-mit-Rollstuhl.svg\" alt=\"Zug\u00e4nglich mit Rollstuhl Den Gast erwarten keine Treppen, ggfs. ist eine Rampe vorhanden.\"><\/td><td>wheelchair accessible<\/td><\/tr><tr><td><img decoding=\"async\" class=\"wp-image-2931\" style=\"width: NaNpx\" src=\"https:\/\/behinderung-und-flucht.isl-ev.de\/wp-content\/uploads\/2023\/02\/WKU-Icons_Barrierefreie-Toilette.svg\" alt=\"Barrierefreie Toilette Die Toilette ist barrierefrei zug\u00e4nglich und rollstuhlgerecht eingerichtet\"><\/td><td>barrier-free toilet<\/td><\/tr><tr><td><img decoding=\"async\" class=\"wp-image-2943\" style=\"width: NaNpx\" src=\"https:\/\/behinderung-und-flucht.isl-ev.de\/wp-content\/uploads\/2023\/02\/WKU-Icons_Begleitperson-frei.svg\" alt=\"Begleitperson frei lnhaber*innen eines Schwerbehindertenausweises k\u00f6nnen eine Begleitperson kostenfrei mitbringen.\"><\/td><td>Accompanying person free<\/td><\/tr><tr><td><img decoding=\"async\" class=\"wp-image-2911\" style=\"width: NaNpx\" src=\"https:\/\/behinderung-und-flucht.isl-ev.de\/wp-content\/uploads\/2023\/02\/WKU-Icons_Assistenzhund-willkommen.svg\" alt=\"Assistenzhund willkommen Es ist m\u00f6glich einen Assistenzhund mitzuf\u00fchren.\"><\/td><td>Assistance dogs welcome<\/td><\/tr><tr><td><img decoding=\"async\" class=\"wp-image-2915\" style=\"width: NaNpx\" src=\"https:\/\/behinderung-und-flucht.isl-ev.de\/wp-content\/uploads\/2023\/02\/WKU-Icons_Audiodeskription.svg\" alt=\"Audiodeskription F\u00fcr visuelle Beitr\u00e4ge ist eine akustische Bildbeschreibung verf\u00fcgbar.\"><\/td><td>Audio description<\/td><\/tr><tr><td><img decoding=\"async\" class=\"wp-image-2983\" style=\"width: NaNpx\" src=\"https:\/\/behinderung-und-flucht.isl-ev.de\/wp-content\/uploads\/2023\/02\/WKU-Icons_Leichte-Sprache.svg\" alt=\"Leichte Sprache Die Veranstaltungsinformationen stehen auch in leichter Sprache zur Verf\u00fcgung.\"><\/td><td>Easy language<\/td><\/tr><tr><td><img decoding=\"async\" class=\"wp-image-2907\" style=\"width: NaNpx\" src=\"https:\/\/behinderung-und-flucht.isl-ev.de\/wp-content\/uploads\/2023\/02\/WKU-Icons_Angebote-in-Gebaerdensprache.svg\" alt=\"Dolmetschung in Geb\u00e4rdensprache Die Veranstaltung wird von Geb\u00e4rdensprachdolmetschenden begleitet.\"><\/td><td>Interpretation in sign language<\/td><\/tr><\/tbody><\/table><\/figure>\n\n\n\n<p><strong>Further information on accessibility<\/strong><\/p>\n\n\n\n<ul class=\"wp-block-list\">\n<li>Current information on accessibility: https:\/\/www.thikwa.de\/service\/barrierefreiheit\/<\/li>\n\n\n\n<li>Information about the Thikwa Theater in Easy Language: https:\/\/www.thikwa.de\/leichte-sprache\/<\/li>\n\n\n\n<li>Tickets for visitors in wheelchairs are available by phone (00 49 30 61 20 26 20).<\/li>\n\n\n\n<li>Early boarding is offered for almost all performances. This allows you to enter the theater before the official doors open and choose your seat at your leisure.<\/li>\n\n\n\n<li>Alternative seating and reclining options are available for almost all performances.<\/li>\n\n\n\n<li>On Wednesdays and Saturdays, the plays are shown with surtitles. Dance pieces and other formats with little text are excluded.<\/li>\n\n\n\n<li>Many plays have descriptions in Easy Language.<\/li>\n\n\n\n<li>Selected events are accompanied by audio descriptions and translated into German Sign Language.<\/li>\n<\/ul>\n<\/div>\n\n\n\n<div class=\"wp-block-column is-layout-flow wp-block-column-is-layout-flow\">\n<h4 class=\"wp-block-heading\">Contact Details<\/h4>\n\n\n\n<p>Fidicinstra\u00dfe 40<br>10965 Berlin<\/p>\n\n\n\n<p>Phone (Info): +49 30 61 46 467<\/p>\n\n\n\n<p>Phone (Ticket Reservations): +49 30 61 20 26 20<\/p>\n\n\n\n<p>Email: mail@thikwa.de<\/p>\n\n\n\n<p>Website: https:\/\/www.thikwa.de\/<\/p>\n\n\n\n<p><strong>Opening Hours<\/strong><\/p>\n\n\n\n<p>Varies depending on the event<\/p>\n\n\n\n<p><strong>Accessibility by Public Transportation<\/strong><\/p>\n\n\n\n<p>Stop: Mehringdamm<\/p>\n\n\n\n<p>Subway: U6, U7<\/p>\n\n\n\n<p>Bus: 140, M19, N6, N7, N42<\/p>\n\n\n\n<p>Stop: Platz der Luftbr\u00fccke<\/p>\n\n\n\n<p>Subway: U6 (not accessible for people with limited mobility)<\/p>\n\n\n\n<p>Bus: 248, M43<\/p>\n\n\n\n<p><strong>Discount with the Berlin-Ticket S<\/strong><\/p>\n\n\n\n<p>Berlin-Ticket S holders receive reduced admission.<\/p>\n\n\n\n<p><strong>Offer for Refugees<\/strong><\/p>\n\n\n\n<p>No<\/p>\n\n\n\n<p><strong>Admission<\/strong><\/p>\n\n\n\n<p>Varies depending on the event<\/p>\n<\/div>\n<\/div>\n<\/div><\/details>\n\n\n\n<details class=\"wp-block-themeisle-blocks-accordion-item\"><summary class=\"wp-block-themeisle-blocks-accordion-item__title\"><h2><strong>Deutsches Theater Berlin<\/strong> <img decoding=\"async\" class=\"wp-image-2999\" style=\"width: 60px\" src=\"https:\/\/behinderung-und-flucht.isl-ev.de\/wp-content\/uploads\/2023\/02\/WKU-Icons_Zugaenglich-mit-Rollstuhl.svg\" alt=\"Zug\u00e4nglich mit Rollstuhl Den Gast erwarten keine Treppen, ggfs. ist eine Rampe vorhanden.\"><img decoding=\"async\" class=\"wp-image-2947\" style=\"width: 60px\" src=\"https:\/\/behinderung-und-flucht.isl-ev.de\/wp-content\/uploads\/2023\/02\/WKU-Icons_Behindertenparkplaetze-vorhanden.svg\" alt=\"Behindertenparkpl\u00e4tze vorhanden Es stehen gekennzeichnete Parkpl\u00e4tze in Eingangsn\u00e4he zur Verf\u00fcgung.\"><img decoding=\"async\" class=\"wp-image-2931\" style=\"width: 60px\" src=\"https:\/\/behinderung-und-flucht.isl-ev.de\/wp-content\/uploads\/2023\/02\/WKU-Icons_Barrierefreie-Toilette.svg\" alt=\"Barrierefreie Toilette Die Toilette ist barrierefrei zug\u00e4nglich und rollstuhlgerecht eingerichtet\"><img decoding=\"async\" class=\"wp-image-2971\" style=\"width: 60px\" src=\"https:\/\/behinderung-und-flucht.isl-ev.de\/wp-content\/uploads\/2023\/02\/WKU-Icons_Induktionsschleife-vorhanden.svg\" alt=\"Induktionsschleife vorhanden Tr\u00e4ger*innen eines H\u00f6rger\u00e4ts\/ Cl k\u00f6nnen Signale einer induktiven H\u00f6ranlage empfangen.\"><img decoding=\"async\" class=\"wp-image-2915\" style=\"width: 60px\" src=\"https:\/\/behinderung-und-flucht.isl-ev.de\/wp-content\/uploads\/2023\/02\/WKU-Icons_Audiodeskription.svg\" alt=\"Audiodeskription F\u00fcr visuelle Beitr\u00e4ge ist eine akustische Bildbeschreibung verf\u00fcgbar.\"><img decoding=\"async\" class=\"wp-image-2995\" style=\"width: 60px\" src=\"https:\/\/behinderung-und-flucht.isl-ev.de\/wp-content\/uploads\/2023\/02\/WKU-Icons_Untertitel.svg\" alt=\"Untertitel Video- und Audio-Beitr\u00e4ge enthalten Untertitel.\"><\/h2><\/summary><div class=\"wp-block-themeisle-blocks-accordion-item__content\">\n<h3 class=\"wp-block-heading\">Deutsches Theater Berlin<\/h3>\n\n\n\n<h4 class=\"wp-block-heading\">Explanation<\/h4>\n\n\n\n<p>The Deutsches Theater Berlin is one of the most important spoken-word theaters in Germany. The theater has three different stages: the Deutsches Theater (approx. 600 seats), the Kammerspiele (approx. 230 seats), and the Blackbox (approx. 80 seats). Classical plays, contemporary performances, and current events are presented on these various stages.<\/p>\n\n\n\n<div class=\"wp-block-columns is-style-default is-layout-flex wp-container-core-columns-is-layout-9d6595d7 wp-block-columns-is-layout-flex\">\n<div class=\"wp-block-column is-layout-flow wp-block-column-is-layout-flow\">\n<h4 class=\"wp-block-heading\"><strong>Accessibility<\/strong><\/h4>\n\n\n\n<figure class=\"wp-block-table\"><table class=\"has-white-background-color has-background\"><tbody><tr><td><img decoding=\"async\" class=\"wp-image-2947\" style=\"width: 150px\" src=\"https:\/\/behinderung-und-flucht.isl-ev.de\/wp-content\/uploads\/2023\/02\/WKU-Icons_Behindertenparkplaetze-vorhanden.svg\" alt=\"Behindertenparkpl\u00e4tze vorhanden Es stehen gekennzeichnete Parkpl\u00e4tze in Eingangsn\u00e4he zur Verf\u00fcgung.\"><\/td><td>2 public barrier-free parking spaces<\/td><\/tr><tr><td><img decoding=\"async\" class=\"wp-image-2999\" style=\"width: NaNpx\" src=\"https:\/\/behinderung-und-flucht.isl-ev.de\/wp-content\/uploads\/2023\/02\/WKU-Icons_Zugaenglich-mit-Rollstuhl.svg\" alt=\"Zug\u00e4nglich mit Rollstuhl Den Gast erwarten keine Treppen, ggfs. ist eine Rampe vorhanden.\"><\/td><td>accessible with wheelchair<\/td><\/tr><tr><td><img decoding=\"async\" class=\"wp-image-2931\" style=\"width: NaNpx\" src=\"https:\/\/behinderung-und-flucht.isl-ev.de\/wp-content\/uploads\/2023\/02\/WKU-Icons_Barrierefreie-Toilette.svg\" alt=\"Barrierefreie Toilette Die Toilette ist barrierefrei zug\u00e4nglich und rollstuhlgerecht eingerichtet\"><\/td><td>barrier-free toilet<\/td><\/tr><tr><td><img decoding=\"async\" class=\"wp-image-2971\" style=\"width: NaNpx\" src=\"https:\/\/behinderung-und-flucht.isl-ev.de\/wp-content\/uploads\/2023\/02\/WKU-Icons_Induktionsschleife-vorhanden.svg\" alt=\"Induktionsschleife vorhanden Tr\u00e4ger*innen eines H\u00f6rger\u00e4ts\/ Cl k\u00f6nnen Signale einer induktiven H\u00f6ranlage empfangen.\"><\/td><td>Induction loop available<\/td><\/tr><tr><td><img decoding=\"async\" class=\"wp-image-2915\" style=\"width: NaNpx\" src=\"https:\/\/behinderung-und-flucht.isl-ev.de\/wp-content\/uploads\/2023\/02\/WKU-Icons_Audiodeskription.svg\" alt=\"Audiodeskription F\u00fcr visuelle Beitr\u00e4ge ist eine akustische Bildbeschreibung verf\u00fcgbar.\"><\/td><td>Audio description<\/td><\/tr><tr><td><img decoding=\"async\" class=\"wp-image-2995\" style=\"width: NaNpx\" src=\"https:\/\/behinderung-und-flucht.isl-ev.de\/wp-content\/uploads\/2023\/02\/WKU-Icons_Untertitel.svg\" alt=\"Untertitel Video- und Audio-Beitr\u00e4ge enthalten Untertitel.\"><\/td><td>Supertitle<\/td><\/tr><\/tbody><\/table><\/figure>\n\n\n\n<p><strong>Further information on accessibility<\/strong><\/p>\n\n\n\n<ul class=\"wp-block-list\">\n<li>Current information on accessibility: https:\/\/www.deutschestheater.de\/karten\/barrierefreiheit\/<\/li>\n\n\n\n<li>You can listen to directions from the Friedrichstra\u00dfe and Oranienburger Tor stops here: https:\/\/www.deutschestheater.de\/karten\/ihr_theaterbesuch\/<\/li>\n\n\n\n<li>Visitors with wheelchairs must register their visit one day before the performance.<\/li>\n\n\n\n<li>Access to the theater is via a ramp and elevator at the entrance.<\/li>\n\n\n\n<li>Tactile tours for blind and visually impaired people are offered for selected performances, followed by audio descriptions.<\/li>\n\n\n\n<li>Visitors with disabilities who require a companion receive two tickets for half price.<\/li>\n\n\n\n<li>Selected events are accompanied by English surtitles. The surtitles can be viewed in the first tier or in the stalls from row 10 onwards at the Deutsches Theater, and from row 8 onwards at the Kammerspiele.<\/li>\n\n\n\n<li>The SAAL (gallery foyer) at the Deutsches Theater is not wheelchair accessible.<\/li>\n<\/ul>\n<\/div>\n\n\n\n<div class=\"wp-block-column is-layout-flow wp-block-column-is-layout-flow\">\n<h4 class=\"wp-block-heading\">Contact Details<\/h4>\n\n\n\n<p>Schumannstra\u00dfe 13a<br>10117 Berlin<br>Phone: +49 30 28 441 221<br>Phone (Tickets): +49 30 28 441 225<br>Email: service@deutschestheater.de<br>Website: https:\/\/www.deutschestheater.de\/<\/p>\n\n\n\n<p><strong>Opening Hours<\/strong><\/p>\n\n\n\n<p>The foyers open one hour before the performance begins.<\/p>\n\n\n\n<p>The auditoriums open fifteen minutes before the performance begins.<\/p>\n\n\n\n<p><strong>Accessibility by public transport<\/strong><\/p>\n\n\n\n<p>Stop: Oranienburger Tor<\/p>\n\n\n\n<p>Subway: U6<\/p>\n\n\n\n<p>Tram: 12, M1, M5, M8, M10<\/p>\n\n\n\n<p>Bus: 12, M1, N6<\/p>\n\n\n\n<p>Stop: Deutsches Theater<\/p>\n\n\n\n<p>Bus: 147, 245<\/p>\n\n\n\n<p><strong>Discount with the Berlin-Ticket S<\/strong><\/p>\n\n\n\n<p>Berlin-Ticket S holders receive reduced admission.<\/p>\n\n\n\n<p><strong>Offer for refugees<\/strong><\/p>\n\n\n\n<p>No<\/p>\n\n\n\n<p><strong>Admission<\/strong><\/p>\n\n\n\n<p>From \u20ac5<\/p>\n<\/div>\n<\/div>\n<\/div><\/details>\n\n\n\n<details class=\"wp-block-themeisle-blocks-accordion-item\"><summary class=\"wp-block-themeisle-blocks-accordion-item__title\"><h2><strong>Maxim Gorki Theater<\/strong> <img decoding=\"async\" class=\"wp-image-2911\" style=\"width: 60px\" src=\"https:\/\/behinderung-und-flucht.isl-ev.de\/wp-content\/uploads\/2023\/02\/WKU-Icons_Assistenzhund-willkommen.svg\" alt=\"Assistenzhund willkommen Es ist m\u00f6glich einen Assistenzhund mitzuf\u00fchren.\"><img decoding=\"async\" class=\"wp-image-2999\" style=\"width: 60px\" src=\"https:\/\/behinderung-und-flucht.isl-ev.de\/wp-content\/uploads\/2023\/02\/WKU-Icons_Zugaenglich-mit-Rollstuhl.svg\" alt=\"Zug\u00e4nglich mit Rollstuhl Den Gast erwarten keine Treppen, ggfs. ist eine Rampe vorhanden.\"><img decoding=\"async\" class=\"wp-image-2947\" style=\"width: 60px\" src=\"https:\/\/behinderung-und-flucht.isl-ev.de\/wp-content\/uploads\/2023\/02\/WKU-Icons_Behindertenparkplaetze-vorhanden.svg\" alt=\"Behindertenparkpl\u00e4tze vorhanden Es stehen gekennzeichnete Parkpl\u00e4tze in Eingangsn\u00e4he zur Verf\u00fcgung.\"><img decoding=\"async\" class=\"wp-image-2931\" style=\"width: 60px\" src=\"https:\/\/behinderung-und-flucht.isl-ev.de\/wp-content\/uploads\/2023\/02\/WKU-Icons_Barrierefreie-Toilette.svg\" alt=\"Barrierefreie Toilette Die Toilette ist barrierefrei zug\u00e4nglich und rollstuhlgerecht eingerichtet\"><img decoding=\"async\" class=\"wp-image-2943\" style=\"width: 60px\" src=\"https:\/\/behinderung-und-flucht.isl-ev.de\/wp-content\/uploads\/2023\/02\/WKU-Icons_Begleitperson-frei.svg\" alt=\"Begleitperson frei lnhaber*innen eines Schwerbehindertenausweises k\u00f6nnen eine Begleitperson kostenfrei mitbringen.\"><img decoding=\"async\" class=\"wp-image-2995\" style=\"width: 60px\" src=\"https:\/\/behinderung-und-flucht.isl-ev.de\/wp-content\/uploads\/2023\/02\/WKU-Icons_Untertitel.svg\" alt=\"Untertitel Video- und Audio-Beitr\u00e4ge enthalten Untertitel.\"><img decoding=\"async\" class=\"wp-image-2907\" style=\"width: 60px;\" src=\"https:\/\/behinderung-und-flucht.isl-ev.de\/wp-content\/uploads\/2023\/02\/WKU-Icons_Angebote-in-Gebaerdensprache.svg\" alt=\"Dolmetschung in Geb\u00e4rdensprache Die Veranstaltung wird von Geb\u00e4rdensprachdolmetschenden begleitet.\"><\/h2><\/summary><div class=\"wp-block-themeisle-blocks-accordion-item__content\">\n<h3 class=\"wp-block-heading\">Maxim Gorki Theater<\/h3>\n\n\n\n<h4 class=\"wp-block-heading\">Explanation<\/h4>\n\n\n\n<p>The Maxim Gorki Theater aims to reach out to all people who have arrived in Berlin in recent decades. Whether through flight, exile, immigration, or simply growing up in Berlin, everyone is welcome here. The theater aims to contribute to a thoughtful and patient debate about our coexistence in today&#8217;s diversity.<\/p>\n\n\n\n<div class=\"wp-block-columns is-style-default is-layout-flex wp-container-core-columns-is-layout-9d6595d7 wp-block-columns-is-layout-flex\">\n<div class=\"wp-block-column is-layout-flow wp-block-column-is-layout-flow\">\n<h4 class=\"wp-block-heading\"><strong>Accessibility<\/strong><\/h4>\n\n\n\n<figure class=\"wp-block-table\"><table class=\"has-white-background-color has-background\"><tbody><tr><td><img decoding=\"async\" class=\"wp-image-2947\" style=\"width: 150px\" src=\"https:\/\/behinderung-und-flucht.isl-ev.de\/wp-content\/uploads\/2023\/02\/WKU-Icons_Behindertenparkplaetze-vorhanden.svg\" alt=\"Behindertenparkpl\u00e4tze vorhanden Es stehen gekennzeichnete Parkpl\u00e4tze in Eingangsn\u00e4he zur Verf\u00fcgung.\"><\/td><td>2 public barrier-free parking spaces in front of the main entrance<\/td><\/tr><tr><td><img decoding=\"async\" class=\"wp-image-2911\" style=\"width: NaNpx\" src=\"https:\/\/behinderung-und-flucht.isl-ev.de\/wp-content\/uploads\/2023\/02\/WKU-Icons_Assistenzhund-willkommen.svg\" alt=\"Assistenzhund willkommen Es ist m\u00f6glich einen Assistenzhund mitzuf\u00fchren.\"><\/td><td>Assistance dogs welcome<\/td><\/tr><tr><td><img decoding=\"async\" class=\"wp-image-2943\" style=\"width: NaNpx\" src=\"https:\/\/behinderung-und-flucht.isl-ev.de\/wp-content\/uploads\/2023\/02\/WKU-Icons_Begleitperson-frei.svg\" alt=\"Begleitperson frei lnhaber*innen eines Schwerbehindertenausweises k\u00f6nnen eine Begleitperson kostenfrei mitbringen.\"><\/td><td>Accompanying person free<\/td><\/tr><tr><td><img decoding=\"async\" class=\"wp-image-2999\" style=\"width: NaNpx\" src=\"https:\/\/behinderung-und-flucht.isl-ev.de\/wp-content\/uploads\/2023\/02\/WKU-Icons_Zugaenglich-mit-Rollstuhl.svg\" alt=\"Zug\u00e4nglich mit Rollstuhl Den Gast erwarten keine Treppen, ggfs. ist eine Rampe vorhanden.\"><\/td><td>accessible with wheelchair<\/td><\/tr><tr><td><img decoding=\"async\" class=\"wp-image-2931\" style=\"width: NaNpx\" src=\"https:\/\/behinderung-und-flucht.isl-ev.de\/wp-content\/uploads\/2023\/02\/WKU-Icons_Barrierefreie-Toilette.svg\" alt=\"Barrierefreie Toilette Die Toilette ist barrierefrei zug\u00e4nglich und rollstuhlgerecht eingerichtet\"><\/td><td>barrier-free toilet<\/td><\/tr><tr><td><img decoding=\"async\" class=\"wp-image-2995\" style=\"width: NaNpx\" src=\"https:\/\/behinderung-und-flucht.isl-ev.de\/wp-content\/uploads\/2023\/02\/WKU-Icons_Untertitel.svg\" alt=\"Untertitel Video- und Audio-Beitr\u00e4ge enthalten Untertitel.\"><\/td><td>Supertitle<\/td><\/tr><tr><td><img decoding=\"async\" class=\"wp-image-2907\" style=\"width: NaNpx;\" src=\"https:\/\/behinderung-und-flucht.isl-ev.de\/wp-content\/uploads\/2023\/02\/WKU-Icons_Angebote-in-Gebaerdensprache.svg\" alt=\"Dolmetschung in Geb\u00e4rdensprache Die Veranstaltung wird von Geb\u00e4rdensprachdolmetschenden begleitet.\"><\/td><td>Translation into German Sign Language<\/td><\/tr><\/tbody><\/table><\/figure>\n\n\n\n<p><strong>Further information on accessibility<\/strong><\/p>\n\n\n\n<ul class=\"wp-block-list\">\n<li>Current information on accessibility: https:\/\/www.gorki.de\/de\/barrierefreiheit<\/li>\n\n\n\n<li>Accessible access to the theater is via a ramp at the main entrance and an elevator to the right of the entrance.<\/li>\n\n\n\n<li>Wheelchair seats are located in rows 8 and 10 of the auditorium.<\/li>\n\n\n\n<li>Wheelchair users are asked to register their visit by email or phone at least 4 days before the performance.<\/li>\n\n\n\n<li>A free ticket for the accompanying person must also be registered.<\/li>\n\n\n\n<li>All German-language plays will have English surtitles, except for premiere performances. Plays not in German will be shown with German surtitles.<\/li>\n\n\n\n<li>Selected performances will be translated into German Sign Language.<\/li>\n<\/ul>\n<\/div>\n\n\n\n<div class=\"wp-block-column is-layout-flow wp-block-column-is-layout-flow\">\n<h4 class=\"wp-block-heading\">Contact Details<\/h4>\n\n\n\n<p>Am Festungsgraben 2<\/p>\n\n\n\n<p>10117 Berlin<\/p>\n\n\n\n<p>Phone: +49 49 30 20221-115 (Box Office)<\/p>\n\n\n\n<p>Tickets: ticket@gorki.de<\/p>\n\n\n\n<p>Visitor Service: besucherservice@gorki.de<\/p>\n\n\n\n<p>Website: https:\/\/www.gorki.de\/de<\/p>\n\n\n\n<p><strong>Opening Hours<\/strong><\/p>\n\n\n\n<p>The box office opens one hour before the performance begins.<\/p>\n\n\n\n<p><strong>Accessibility by Public Transportation<\/strong><\/p>\n\n\n\n<p>Stop: Am Kupfergraben<\/p>\n\n\n\n<p>Tram: 12, M1<\/p>\n\n\n\n<p>Bus: 12, M1<\/p>\n\n\n\n<p><strong>Discount with the Berlin-Ticket S<\/strong><\/p>\n\n\n\n<p>Berlin-Ticket S holders receive reduced admission.<\/p>\n\n\n\n<p><strong>Offer for Refugees<\/strong><\/p>\n\n\n\n<p>No<\/p>\n\n\n\n<p><strong>Admission<\/strong><\/p>\n\n\n\n<p>Varies depending on the event<\/p>\n<\/div>\n<\/div>\n<\/div><\/details>\n\n\n\n<details class=\"wp-block-themeisle-blocks-accordion-item\"><summary class=\"wp-block-themeisle-blocks-accordion-item__title\"><h2><strong>Sophiens\u00e4le <\/strong><img decoding=\"async\" class=\"wp-image-2943\" style=\"width: 60px\" src=\"https:\/\/behinderung-und-flucht.isl-ev.de\/wp-content\/uploads\/2023\/02\/WKU-Icons_Begleitperson-frei.svg\" alt=\"Begleitperson frei lnhaber*innen eines Schwerbehindertenausweises k\u00f6nnen eine Begleitperson kostenfrei mitbringen.\"><img decoding=\"async\" class=\"wp-image-2999\" style=\"width: 60px\" src=\"https:\/\/behinderung-und-flucht.isl-ev.de\/wp-content\/uploads\/2023\/02\/WKU-Icons_Zugaenglich-mit-Rollstuhl.svg\" alt=\"Zug\u00e4nglich mit Rollstuhl Den Gast erwarten keine Treppen, ggfs. ist eine Rampe vorhanden.\"><img decoding=\"async\" class=\"wp-image-2991\" style=\"width: 60px\" src=\"https:\/\/behinderung-und-flucht.isl-ev.de\/wp-content\/uploads\/2023\/02\/WKU-Icons_Sensible-Umgebung.svg\" alt=\"Sensible Umgebung Die Umgebung ist durch sensibilisiertes Personal diskriminierungsfrei gestaltet.\"><img decoding=\"async\" class=\"wp-image-2903\" style=\"width: 60px\" src=\"https:\/\/behinderung-und-flucht.isl-ev.de\/wp-content\/uploads\/2023\/02\/WKU-Icons_Angebote-fuer-Blinde.svg\" alt=\"Angebote f\u00fcr Blinde Es gibt einen Begleit- und Unterst\u00fctzungsservice f\u00fcr blinde G\u00e4ste.\"><img decoding=\"async\" class=\"wp-image-2931\" style=\"width: 60px\" src=\"https:\/\/behinderung-und-flucht.isl-ev.de\/wp-content\/uploads\/2023\/02\/WKU-Icons_Barrierefreie-Toilette.svg\" alt=\"Barrierefreie Toilette Die Toilette ist barrierefrei zug\u00e4nglich und rollstuhlgerecht eingerichtet\"><img decoding=\"async\" class=\"wp-image-2907\" style=\"width: 60px\" src=\"https:\/\/behinderung-und-flucht.isl-ev.de\/wp-content\/uploads\/2023\/02\/WKU-Icons_Angebote-in-Gebaerdensprache.svg\" alt=\"Dolmetschung in Geb\u00e4rdensprache Die Veranstaltung wird von Geb\u00e4rdensprachdolmetschenden begleitet.\"><img decoding=\"async\" class=\"wp-image-2963\" style=\"width: 60px\" src=\"https:\/\/behinderung-und-flucht.isl-ev.de\/wp-content\/uploads\/2023\/02\/WKU-Icons_Gebaerdensprache.svg\" alt=\"Programm in Geb\u00e4rdensprache K\u00fcnstlerischer Beitrag von Tauben Performer*innen (Deaf Performance).\"><img decoding=\"async\" class=\"wp-image-2915\" style=\"width: 60px\" src=\"https:\/\/behinderung-und-flucht.isl-ev.de\/wp-content\/uploads\/2023\/02\/WKU-Icons_Audiodeskription.svg\" alt=\"Audiodeskription F\u00fcr visuelle Beitr\u00e4ge ist eine akustische Bildbeschreibung verf\u00fcgbar.\"><\/h2><\/summary><div class=\"wp-block-themeisle-blocks-accordion-item__content\">\n<h3 class=\"wp-block-heading\">Sophiens\u00e4le<\/h3>\n\n\n\n<h4 class=\"wp-block-heading\">Explanation<\/h4>\n\n\n\n<p>The Sophiens\u00e4le is a theater for the independent performing arts. Dance, performance, spoken word, and musical theater are performed on stage.<\/p>\n\n\n\n<div class=\"wp-block-columns is-style-default is-layout-flex wp-container-core-columns-is-layout-9d6595d7 wp-block-columns-is-layout-flex\">\n<div class=\"wp-block-column is-layout-flow wp-block-column-is-layout-flow\">\n<h4 class=\"wp-block-heading\"><strong>Accessibility<\/strong><\/h4>\n\n\n\n<figure class=\"wp-block-table\"><table class=\"has-white-background-color has-background\"><tbody><tr><td><img decoding=\"async\" class=\"wp-image-2991\" style=\"width: 150px\" src=\"https:\/\/behinderung-und-flucht.isl-ev.de\/wp-content\/uploads\/2023\/02\/WKU-Icons_Sensible-Umgebung.svg\" alt=\"Sensible Umgebung Die Umgebung ist durch sensibilisiertes Personal diskriminierungsfrei gestaltet.\"><\/td><td>sensitized staff<\/td><\/tr><tr><td><img decoding=\"async\" class=\"wp-image-2943\" style=\"width: NaNpx\" src=\"https:\/\/behinderung-und-flucht.isl-ev.de\/wp-content\/uploads\/2023\/02\/WKU-Icons_Begleitperson-frei.svg\" alt=\"Begleitperson frei lnhaber*innen eines Schwerbehindertenausweises k\u00f6nnen eine Begleitperson kostenfrei mitbringen.\"><\/td><td>Accompanying person free<\/td><\/tr><tr><td><img decoding=\"async\" class=\"wp-image-2999\" style=\"width: NaNpx\" src=\"https:\/\/behinderung-und-flucht.isl-ev.de\/wp-content\/uploads\/2023\/02\/WKU-Icons_Zugaenglich-mit-Rollstuhl.svg\" alt=\"Zug\u00e4nglich mit Rollstuhl Den Gast erwarten keine Treppen, ggfs. ist eine Rampe vorhanden.\"><\/td><td>wheelchair accessible<\/td><\/tr><tr><td><img decoding=\"async\" class=\"wp-image-2903\" style=\"width: NaNpx\" src=\"https:\/\/behinderung-und-flucht.isl-ev.de\/wp-content\/uploads\/2023\/02\/WKU-Icons_Angebote-fuer-Blinde.svg\" alt=\"Angebote f\u00fcr Blinde Es gibt einen Begleit- und Unterst\u00fctzungsservice f\u00fcr blinde G\u00e4ste.\"><\/td><td>Offer for blind visitors<\/td><\/tr><tr><td><img decoding=\"async\" class=\"wp-image-2931\" style=\"width: NaNpx\" src=\"https:\/\/behinderung-und-flucht.isl-ev.de\/wp-content\/uploads\/2023\/02\/WKU-Icons_Barrierefreie-Toilette.svg\" alt=\"Barrierefreie Toilette Die Toilette ist barrierefrei zug\u00e4nglich und rollstuhlgerecht eingerichtet\"><\/td><td>barrier-free toilet<\/td><\/tr><tr><td><img decoding=\"async\" class=\"wp-image-2907\" style=\"width: NaNpx\" src=\"https:\/\/behinderung-und-flucht.isl-ev.de\/wp-content\/uploads\/2023\/02\/WKU-Icons_Angebote-in-Gebaerdensprache.svg\" alt=\"Dolmetschung in Geb\u00e4rdensprache Die Veranstaltung wird von Geb\u00e4rdensprachdolmetschenden begleitet.\"><\/td><td>Interpretation in sign language<\/td><\/tr><tr><td><img decoding=\"async\" class=\"wp-image-2963\" style=\"width: NaNpx\" src=\"https:\/\/behinderung-und-flucht.isl-ev.de\/wp-content\/uploads\/2023\/02\/WKU-Icons_Gebaerdensprache.svg\" alt=\"Programm in Geb\u00e4rdensprache K\u00fcnstlerischer Beitrag von Tauben Performer*innen (Deaf Performance).\"><\/td><td>Sign language program<\/td><\/tr><tr><td><img decoding=\"async\" class=\"wp-image-2915\" style=\"width: NaNpx\" src=\"https:\/\/behinderung-und-flucht.isl-ev.de\/wp-content\/uploads\/2023\/02\/WKU-Icons_Audiodeskription.svg\" alt=\"Audiodeskription F\u00fcr visuelle Beitr\u00e4ge ist eine akustische Bildbeschreibung verf\u00fcgbar.\"><\/td><td>Audio description<\/td><\/tr><\/tbody><\/table><\/figure>\n\n\n\n<p><strong>Further information on accessibility<\/strong><\/p>\n\n\n\n<ul class=\"wp-block-list\">\n<li>Current information on accessibility: https:\/\/sophiensaele.com\/de\/service\/barrierefreiheit<\/li>\n\n\n\n<li>Visitors with disabilities receive reduced admission.<\/li>\n\n\n\n<li>Performances with audio description are regularly held. Touch tours are offered before these performances. If necessary, blind and visually impaired visitors can be picked up from nearby S-Bahn, U-Bahn, and tram stations before the touch tours. This pick-up service must be booked in advance. Further information can be found on the website.<\/li>\n\n\n\n<li>Performances are regularly held in German Sign Language, with German Sign Language, or with interpretation into German Sign Language. Further information can be found on the website.<\/li>\n<\/ul>\n<\/div>\n\n\n\n<div class=\"wp-block-column is-layout-flow wp-block-column-is-layout-flow\">\n<h4 class=\"wp-block-heading\">Contact Details<\/h4>\n\n\n\n<p>Sophienstra\u00dfe 18<\/p>\n\n\n\n<p>10178 Berlin<\/p>\n\n\n\n<p>Phone: +49 49 30 27 89 00 35 (Questions about accessibility)<\/p>\n\n\n\n<p>Phone: +49 49 30 283 52 66 (Ticket reservations)<\/p>\n\n\n\n<p>Email: barrierefreiheit@sophiensaele.com<\/p>\n\n\n\n<p>Website: https:\/\/sophiensaele.com\/de<\/p>\n\n\n\n<p><strong>Opening Hours<\/strong><\/p>\n\n\n\n<p>The box office opens 2 hours before the performance begins.<\/p>\n\n\n\n<p><strong>Accessibility by Public Transportation<\/strong><\/p>\n\n\n\n<p>Stop: Weinmeisterstra\u00dfe<\/p>\n\n\n\n<p>Subway: U8 (not accessible for people with limited mobility)<\/p>\n\n\n\n<p>Tram: M2<\/p>\n\n\n\n<p>Bus: N42<\/p>\n\n\n\n<p>Stop: Hackescher Markt<\/p>\n\n\n\n<p>S-Bahn: S3, S5, S7, S9<\/p>\n\n\n\n<p>Tram: 12, M1, M2, M4, M5, M6, M8 M10<\/p>\n\n\n\n<p>Bus: M1, N42<\/p>\n\n\n\n<p><strong>Discount with the Berlin-Ticket S<\/strong><\/p>\n\n\n\n<p>Berlin-Ticket S holders receive reduced admission.<\/p>\n\n\n\n<p><strong>Offer for refugees<\/strong><\/p>\n\n\n\n<p>No<\/p>\n\n\n\n<p><strong>Admission<\/strong><\/p>\n\n\n\n<p>Varies depending on the event<\/p>\n<\/div>\n<\/div>\n<\/div><\/details>\n<\/div>\n\n\n\n<div class=\"wp-block-buttons is-horizontal is-content-justification-left is-layout-flex wp-container-core-buttons-is-layout-7e5fce0a wp-block-buttons-is-layout-flex\">\n<div class=\"wp-block-button has-custom-font-size has-small-font-size\"><a class=\"wp-block-button__link has-background wp-element-button\" href=\"https:\/\/behinderung-und-flucht.isl-ev.de\/kulturguide\/berlin\/\" style=\"border-radius:55px;background-color:#91025b;padding-top:var(--wp--preset--spacing--20);padding-right:var(--wp--preset--spacing--20);padding-bottom:var(--wp--preset--spacing--20);padding-left:var(--wp--preset--spacing--20)\">Back to overview<\/a><\/div>\n<\/div>\n","protected":false},"excerpt":{"rendered":"","protected":false},"author":1,"featured_media":0,"parent":5550,"menu_order":6,"comment_status":"closed","ping_status":"closed","template":"","meta":{"ub_ctt_via":"","inline_featured_image":false,"_themeisle_gutenberg_block_has_review":false,"_mc_calendar":[],"footnotes":""},"categories":[],"tags":[],"class_list":["post-5713","page","type-page","status-publish","hentry","entry"],"featured_image_src":null,"yoast_head":"<!-- This site is optimized with the Yoast SEO plugin v21.4 - https:\/\/yoast.com\/wordpress\/plugins\/seo\/ -->\n<title>Theater - Infoseite der Interessenvertretung Selbstbestimmt Leben in Deutschland e.V.<\/title>\n<meta name=\"robots\" content=\"index, follow, max-snippet:-1, max-image-preview:large, max-video-preview:-1\" \/>\n<link rel=\"canonical\" href=\"https:\/\/behinderung-und-flucht.isl-ev.de\/en\/kulturguide\/berlin\/theater\/\" \/>\n<meta property=\"og:locale\" content=\"en_US\" \/>\n<meta property=\"og:type\" content=\"article\" \/>\n<meta property=\"og:title\" content=\"Theater - Infoseite der Interessenvertretung Selbstbestimmt Leben in Deutschland e.V.\" \/>\n<meta property=\"og:url\" content=\"https:\/\/behinderung-und-flucht.isl-ev.de\/en\/kulturguide\/berlin\/theater\/\" \/>\n<meta property=\"og:site_name\" content=\"Infoseite der Interessenvertretung Selbstbestimmt Leben in Deutschland e.V.\" \/>\n<meta property=\"article:modified_time\" content=\"2025-03-24T15:54:32+00:00\" \/>\n<meta property=\"og:image\" content=\"https:\/\/behinderung-und-flucht.isl-ev.de\/wp-content\/uploads\/2023\/02\/WKU-Icons_Zugaenglich-mit-Rollstuhl.svg\" \/>\n<meta name=\"twitter:card\" content=\"summary_large_image\" \/>\n<meta name=\"twitter:label1\" content=\"Est. reading time\" \/>\n\t<meta name=\"twitter:data1\" content=\"17 minutes\" \/>\n<script type=\"application\/ld+json\" class=\"yoast-schema-graph\">{\"@context\":\"https:\/\/schema.org\",\"@graph\":[{\"@type\":\"WebPage\",\"@id\":\"https:\/\/behinderung-und-flucht.isl-ev.de\/en\/kulturguide\/berlin\/theater\/\",\"url\":\"https:\/\/behinderung-und-flucht.isl-ev.de\/en\/kulturguide\/berlin\/theater\/\",\"name\":\"Theater - Infoseite der Interessenvertretung Selbstbestimmt Leben in Deutschland e.V.\",\"isPartOf\":{\"@id\":\"https:\/\/behinderung-und-flucht.isl-ev.de\/en\/#website\"},\"datePublished\":\"2023-10-30T19:18:00+00:00\",\"dateModified\":\"2025-03-24T15:54:32+00:00\",\"breadcrumb\":{\"@id\":\"https:\/\/behinderung-und-flucht.isl-ev.de\/en\/kulturguide\/berlin\/theater\/#breadcrumb\"},\"inLanguage\":\"en-US\",\"potentialAction\":[{\"@type\":\"ReadAction\",\"target\":[\"https:\/\/behinderung-und-flucht.isl-ev.de\/en\/kulturguide\/berlin\/theater\/\"]}]},{\"@type\":\"BreadcrumbList\",\"@id\":\"https:\/\/behinderung-und-flucht.isl-ev.de\/en\/kulturguide\/berlin\/theater\/#breadcrumb\",\"itemListElement\":[{\"@type\":\"ListItem\",\"position\":1,\"name\":\"Startseite\",\"item\":\"https:\/\/behinderung-und-flucht.isl-ev.de\/en\/\"},{\"@type\":\"ListItem\",\"position\":2,\"name\":\"Cultural Guide\",\"item\":\"https:\/\/behinderung-und-flucht.isl-ev.de\/en\/kulturguide\/\"},{\"@type\":\"ListItem\",\"position\":3,\"name\":\"Berlin\",\"item\":\"https:\/\/behinderung-und-flucht.isl-ev.de\/en\/kulturguide\/berlin\/\"},{\"@type\":\"ListItem\",\"position\":4,\"name\":\"Theater\"}]},{\"@type\":\"WebSite\",\"@id\":\"https:\/\/behinderung-und-flucht.isl-ev.de\/en\/#website\",\"url\":\"https:\/\/behinderung-und-flucht.isl-ev.de\/en\/\",\"name\":\"Infoseite f\u00fcr gefl\u00fcchtete Menschen mit Behinderungen oder chronischen Erkrankungen\",\"description\":\"Informationen f\u00fcr gefl\u00fcchtete Menschen mit Behinderungen oder chronischen Erkrankungen\",\"publisher\":{\"@id\":\"https:\/\/behinderung-und-flucht.isl-ev.de\/en\/#organization\"},\"alternateName\":\"Infoseite f\u00fcr gefl\u00fcchtete Menschen mit Behinderungen\",\"potentialAction\":[{\"@type\":\"SearchAction\",\"target\":{\"@type\":\"EntryPoint\",\"urlTemplate\":\"https:\/\/behinderung-und-flucht.isl-ev.de\/en\/?s={search_term_string}\"},\"query-input\":\"required name=search_term_string\"}],\"inLanguage\":\"en-US\"},{\"@type\":\"Organization\",\"@id\":\"https:\/\/behinderung-und-flucht.isl-ev.de\/en\/#organization\",\"name\":\"Infoseite der Interessenvertretung Selbstbestimmt Leben in Deutschland e.V.\",\"url\":\"https:\/\/behinderung-und-flucht.isl-ev.de\/en\/\",\"logo\":{\"@type\":\"ImageObject\",\"inLanguage\":\"en-US\",\"@id\":\"https:\/\/behinderung-und-flucht.isl-ev.de\/en\/#\/schema\/logo\/image\/\",\"url\":\"https:\/\/behinderung-und-flucht.isl-ev.de\/wp-content\/uploads\/2022\/09\/logo-infoseite-04.svg\",\"contentUrl\":\"https:\/\/behinderung-und-flucht.isl-ev.de\/wp-content\/uploads\/2022\/09\/logo-infoseite-04.svg\",\"caption\":\"Infoseite der Interessenvertretung Selbstbestimmt Leben in Deutschland e.V.\"},\"image\":{\"@id\":\"https:\/\/behinderung-und-flucht.isl-ev.de\/en\/#\/schema\/logo\/image\/\"}}]}<\/script>\n<!-- \/ Yoast SEO plugin. -->","yoast_head_json":{"title":"Theater - Infoseite der Interessenvertretung Selbstbestimmt Leben in Deutschland e.V.","robots":{"index":"index","follow":"follow","max-snippet":"max-snippet:-1","max-image-preview":"max-image-preview:large","max-video-preview":"max-video-preview:-1"},"canonical":"https:\/\/behinderung-und-flucht.isl-ev.de\/en\/kulturguide\/berlin\/theater\/","og_locale":"en_US","og_type":"article","og_title":"Theater - Infoseite der Interessenvertretung Selbstbestimmt Leben in Deutschland e.V.","og_url":"https:\/\/behinderung-und-flucht.isl-ev.de\/en\/kulturguide\/berlin\/theater\/","og_site_name":"Infoseite der Interessenvertretung Selbstbestimmt Leben in Deutschland e.V.","article_modified_time":"2025-03-24T15:54:32+00:00","og_image":[{"url":"https:\/\/behinderung-und-flucht.isl-ev.de\/wp-content\/uploads\/2023\/02\/WKU-Icons_Zugaenglich-mit-Rollstuhl.svg"}],"twitter_card":"summary_large_image","twitter_misc":{"Est. reading time":"17 minutes"},"schema":{"@context":"https:\/\/schema.org","@graph":[{"@type":"WebPage","@id":"https:\/\/behinderung-und-flucht.isl-ev.de\/en\/kulturguide\/berlin\/theater\/","url":"https:\/\/behinderung-und-flucht.isl-ev.de\/en\/kulturguide\/berlin\/theater\/","name":"Theater - Infoseite der Interessenvertretung Selbstbestimmt Leben in Deutschland e.V.","isPartOf":{"@id":"https:\/\/behinderung-und-flucht.isl-ev.de\/en\/#website"},"datePublished":"2023-10-30T19:18:00+00:00","dateModified":"2025-03-24T15:54:32+00:00","breadcrumb":{"@id":"https:\/\/behinderung-und-flucht.isl-ev.de\/en\/kulturguide\/berlin\/theater\/#breadcrumb"},"inLanguage":"en-US","potentialAction":[{"@type":"ReadAction","target":["https:\/\/behinderung-und-flucht.isl-ev.de\/en\/kulturguide\/berlin\/theater\/"]}]},{"@type":"BreadcrumbList","@id":"https:\/\/behinderung-und-flucht.isl-ev.de\/en\/kulturguide\/berlin\/theater\/#breadcrumb","itemListElement":[{"@type":"ListItem","position":1,"name":"Startseite","item":"https:\/\/behinderung-und-flucht.isl-ev.de\/en\/"},{"@type":"ListItem","position":2,"name":"Cultural Guide","item":"https:\/\/behinderung-und-flucht.isl-ev.de\/en\/kulturguide\/"},{"@type":"ListItem","position":3,"name":"Berlin","item":"https:\/\/behinderung-und-flucht.isl-ev.de\/en\/kulturguide\/berlin\/"},{"@type":"ListItem","position":4,"name":"Theater"}]},{"@type":"WebSite","@id":"https:\/\/behinderung-und-flucht.isl-ev.de\/en\/#website","url":"https:\/\/behinderung-und-flucht.isl-ev.de\/en\/","name":"Infoseite f\u00fcr gefl\u00fcchtete Menschen mit Behinderungen oder chronischen Erkrankungen","description":"Informationen f\u00fcr gefl\u00fcchtete Menschen mit Behinderungen oder chronischen Erkrankungen","publisher":{"@id":"https:\/\/behinderung-und-flucht.isl-ev.de\/en\/#organization"},"alternateName":"Infoseite f\u00fcr gefl\u00fcchtete Menschen mit Behinderungen","potentialAction":[{"@type":"SearchAction","target":{"@type":"EntryPoint","urlTemplate":"https:\/\/behinderung-und-flucht.isl-ev.de\/en\/?s={search_term_string}"},"query-input":"required name=search_term_string"}],"inLanguage":"en-US"},{"@type":"Organization","@id":"https:\/\/behinderung-und-flucht.isl-ev.de\/en\/#organization","name":"Infoseite der Interessenvertretung Selbstbestimmt Leben in Deutschland e.V.","url":"https:\/\/behinderung-und-flucht.isl-ev.de\/en\/","logo":{"@type":"ImageObject","inLanguage":"en-US","@id":"https:\/\/behinderung-und-flucht.isl-ev.de\/en\/#\/schema\/logo\/image\/","url":"https:\/\/behinderung-und-flucht.isl-ev.de\/wp-content\/uploads\/2022\/09\/logo-infoseite-04.svg","contentUrl":"https:\/\/behinderung-und-flucht.isl-ev.de\/wp-content\/uploads\/2022\/09\/logo-infoseite-04.svg","caption":"Infoseite der Interessenvertretung Selbstbestimmt Leben in Deutschland e.V."},"image":{"@id":"https:\/\/behinderung-und-flucht.isl-ev.de\/en\/#\/schema\/logo\/image\/"}}]}},"_links":{"self":[{"href":"https:\/\/behinderung-und-flucht.isl-ev.de\/en\/wp-json\/wp\/v2\/pages\/5713","targetHints":{"allow":["GET"]}}],"collection":[{"href":"https:\/\/behinderung-und-flucht.isl-ev.de\/en\/wp-json\/wp\/v2\/pages"}],"about":[{"href":"https:\/\/behinderung-und-flucht.isl-ev.de\/en\/wp-json\/wp\/v2\/types\/page"}],"author":[{"embeddable":true,"href":"https:\/\/behinderung-und-flucht.isl-ev.de\/en\/wp-json\/wp\/v2\/users\/1"}],"replies":[{"embeddable":true,"href":"https:\/\/behinderung-und-flucht.isl-ev.de\/en\/wp-json\/wp\/v2\/comments?post=5713"}],"version-history":[{"count":3,"href":"https:\/\/behinderung-und-flucht.isl-ev.de\/en\/wp-json\/wp\/v2\/pages\/5713\/revisions"}],"predecessor-version":[{"id":5718,"href":"https:\/\/behinderung-und-flucht.isl-ev.de\/en\/wp-json\/wp\/v2\/pages\/5713\/revisions\/5718"}],"up":[{"embeddable":true,"href":"https:\/\/behinderung-und-flucht.isl-ev.de\/en\/wp-json\/wp\/v2\/pages\/5550"}],"wp:attachment":[{"href":"https:\/\/behinderung-und-flucht.isl-ev.de\/en\/wp-json\/wp\/v2\/media?parent=5713"}],"wp:term":[{"taxonomy":"category","embeddable":true,"href":"https:\/\/behinderung-und-flucht.isl-ev.de\/en\/wp-json\/wp\/v2\/categories?post=5713"},{"taxonomy":"post_tag","embeddable":true,"href":"https:\/\/behinderung-und-flucht.isl-ev.de\/en\/wp-json\/wp\/v2\/tags?post=5713"}],"curies":[{"name":"wp","href":"https:\/\/api.w.org\/{rel}","templated":true}]}}