{"id":5681,"date":"2023-02-21T22:33:05","date_gmt":"2023-02-21T21:33:05","guid":{"rendered":"https:\/\/behinderung-und-flucht.isl-ev.de\/?page_id=5681"},"modified":"2025-03-22T12:01:32","modified_gmt":"2025-03-22T11:01:32","slug":"festival","status":"publish","type":"page","link":"https:\/\/behinderung-und-flucht.isl-ev.de\/en\/kulturguide\/cologne\/festival\/","title":{"rendered":"Festival"},"content":{"rendered":"\n<div id=\"wp-block-themeisle-blocks-accordion-35e4df50\" data-has-schema=\"false\" class=\"wp-block-themeisle-blocks-accordion exclusive has-gap\">\n<details class=\"wp-block-themeisle-blocks-accordion-item\"><summary class=\"wp-block-themeisle-blocks-accordion-item__title\"><h2><strong>lit. COLOGNE<\/strong>  <img decoding=\"async\" class=\"wp-image-2943\" style=\"width: 50px;\" src=\"https:\/\/behinderung-und-flucht.isl-ev.de\/wp-content\/uploads\/2023\/02\/WKU-Icons_Begleitperson-frei.svg\" alt=\"Begleitperson frei lnhaber*innen eines Schwerbehindertenausweises k\u00f6nnen eine Begleitperson kostenfrei mitbringen.\"><img decoding=\"async\" class=\"wp-image-2999\" style=\"width: 50px;\" src=\"https:\/\/behinderung-und-flucht.isl-ev.de\/wp-content\/uploads\/2023\/02\/WKU-Icons_Zugaenglich-mit-Rollstuhl.svg\" alt=\"Zug\u00e4nglich mit Rollstuhl Den Gast erwarten keine Treppen, ggfs. ist eine Rampe vorhanden.\"><img decoding=\"async\" class=\"wp-image-2963\" style=\"width: 50px;\" src=\"https:\/\/behinderung-und-flucht.isl-ev.de\/wp-content\/uploads\/2023\/02\/WKU-Icons_Gebaerdensprache.svg\" alt=\"Programm in Geb\u00e4rdensprache K\u00fcnstlerischer Beitrag von Tauben Performer*innen (Deaf Performance).\"><img decoding=\"async\" class=\"wp-image-2971\" style=\"width: 50px;\" src=\"https:\/\/behinderung-und-flucht.isl-ev.de\/wp-content\/uploads\/2023\/02\/WKU-Icons_Induktionsschleife-vorhanden.svg\" alt=\"Induktionsschleife vorhanden Tr\u00e4ger*innen eines H\u00f6rger\u00e4ts\/ Cl k\u00f6nnen Signale einer induktiven H\u00f6ranlage empfangen.\"><\/h2><\/summary><div class=\"wp-block-themeisle-blocks-accordion-item__content\">\n<h3 class=\"wp-block-heading\">lit. COLOGNE<\/h3>\n\n\n\n<h4 class=\"wp-block-heading\">Explanation<\/h4>\n\n\n\n<p>lit. Cologne is an international literature festival that takes place every spring. It features readings by many different national and international authors.<\/p>\n\n\n\n<div class=\"wp-block-columns is-style-default is-layout-flex wp-container-core-columns-is-layout-9d6595d7 wp-block-columns-is-layout-flex\">\n<div class=\"wp-block-column is-layout-flow wp-block-column-is-layout-flow\">\n<h4 class=\"wp-block-heading\"><strong><strong>Accessibility<\/strong><\/strong><\/h4>\n\n\n\n<figure class=\"wp-block-table\"><table class=\"has-white-background-color has-background\"><tbody><tr><td><img decoding=\"async\" class=\"wp-image-2943\" style=\"width: 150px;\" src=\"https:\/\/behinderung-und-flucht.isl-ev.de\/wp-content\/uploads\/2023\/02\/WKU-Icons_Begleitperson-frei.svg\" alt=\"Begleitperson frei lnhaber*innen eines Schwerbehindertenausweises k\u00f6nnen eine Begleitperson kostenfrei mitbringen.\"><\/td><td>Accompanying person free<\/td><\/tr><tr><td><img decoding=\"async\" class=\"wp-image-2999\" style=\"width: NaNpx;\" src=\"https:\/\/behinderung-und-flucht.isl-ev.de\/wp-content\/uploads\/2023\/02\/WKU-Icons_Zugaenglich-mit-Rollstuhl.svg\" alt=\"Zug\u00e4nglich mit Rollstuhl Den Gast erwarten keine Treppen, ggfs. ist eine Rampe vorhanden.\"><\/td><td>Wheelchair accessible for selected events<\/td><\/tr><tr><td><img decoding=\"async\" class=\"wp-image-2963\" style=\"width: NaNpx;\" src=\"https:\/\/behinderung-und-flucht.isl-ev.de\/wp-content\/uploads\/2023\/02\/WKU-Icons_Gebaerdensprache.svg\" alt=\"Programm in Geb\u00e4rdensprache K\u00fcnstlerischer Beitrag von Tauben Performer*innen (Deaf Performance).\"><\/td><td>DGS translation for selected events<\/td><\/tr><tr><td><\/td><td>Written interpreting for selected events<\/td><\/tr><tr><td><img decoding=\"async\" class=\"wp-image-2971\" style=\"width: NaNpx;\" src=\"https:\/\/behinderung-und-flucht.isl-ev.de\/wp-content\/uploads\/2023\/02\/WKU-Icons_Induktionsschleife-vorhanden.svg\" alt=\"Induktionsschleife vorhanden Tr\u00e4ger*innen eines H\u00f6rger\u00e4ts\/ Cl k\u00f6nnen Signale einer induktiven H\u00f6ranlage empfangen.\"><\/td><td>Induction loops for selected events<\/td><\/tr><\/tbody><\/table><\/figure>\n\n\n\n<p><strong><strong>Further information on accessibility<\/strong><\/strong><\/p>\n\n\n\n<ul class=\"wp-block-list\">\n<li><a href=\"https:\/\/www.litcologne.de\/de\/weitere-inhalte\/inklusion\">https:\/\/www.litcologne.de\/de\/weitere-inhalte\/inklusion<\/a>&nbsp;<\/li>\n<\/ul>\n<\/div>\n\n\n\n<div class=\"wp-block-column is-layout-flow wp-block-column-is-layout-flow\">\n<h4 class=\"wp-block-heading\">Contact details<\/h4>\n\n\n\n<p>lit. COLOGNE GmbH<br>Maria-Hilf-Str. 15-17<br>50677 Cologne<br>Phone: &#8211;<br>E-mail: info@litcologne.de<br>Website: https:\/\/www.litcologne.de\/<\/p>\n\n\n\n<p><strong>Opening hours<\/strong><\/p>\n\n\n\n<p>01.03.2023 until 11.03.2023<\/p>\n\n\n\n<p><strong>Accessibility by public transport<\/strong><\/p>\n\n\n\n<p>Different locations, therefore different accessibility<\/p>\n\n\n\n<p><strong>Cologne Pass<\/strong><\/p>\n\n\n\n<p>No<\/p>\n\n\n\n<p><strong>Offer for refugees<\/strong><\/p>\n\n\n\n<p>No<\/p>\n\n\n\n<p><strong>Admission fee<\/strong><\/p>\n\n\n\n<p>Varies, depending on the event<\/p>\n<\/div>\n<\/div>\n<\/div><\/details>\n\n\n\n<details class=\"wp-block-themeisle-blocks-accordion-item\"><summary class=\"wp-block-themeisle-blocks-accordion-item__title\"><h2><strong><strong>Sommerblut Kulturfestival<\/strong><\/strong>  <img decoding=\"async\" style=\"width: 50px;\" src=\"https:\/\/behinderung-und-flucht.isl-ev.de\/wp-content\/uploads\/2023\/02\/WKU-Icons_Begleitperson-frei.svg\" alt=\"Begleitperson frei lnhaber*innen eines Schwerbehindertenausweises k\u00f6nnen eine Begleitperson kostenfrei mitbringen.\"><img decoding=\"async\" style=\"width: 50px;\" src=\"https:\/\/behinderung-und-flucht.isl-ev.de\/wp-content\/uploads\/2023\/02\/WKU-Icons_Zugaenglich-mit-Rollstuhl.svg\" alt=\"Zug\u00e4nglich mit Rollstuhl Den Gast erwarten keine Treppen, ggfs. ist eine Rampe vorhanden.\"><img decoding=\"async\" style=\"width: 50px;\" src=\"https:\/\/behinderung-und-flucht.isl-ev.de\/wp-content\/uploads\/2023\/02\/WKU-Icons_Audiodeskription.svg\" alt=\"Audiodeskription F\u00fcr visuelle Beitr\u00e4ge ist eine akustische Bildbeschreibung verf\u00fcgbar.\"><img decoding=\"async\" style=\"width: 50px;\" src=\"https:\/\/behinderung-und-flucht.isl-ev.de\/wp-content\/uploads\/2023\/02\/WKU-Icons_Gebaerdensprache.svg\" alt=\"Programm in Geb\u00e4rdensprache K\u00fcnstlerischer Beitrag von Tauben Performer*innen (Deaf Performance).\"><img decoding=\"async\" style=\"width: 50px;\" src=\"https:\/\/behinderung-und-flucht.isl-ev.de\/wp-content\/uploads\/2023\/02\/WKU-Icons_Leichte-Sprache.svg\" alt=\"Leichte Sprache Die Veranstaltungsinformationen stehen auch in leichter Sprache zur Verf\u00fcgung.\"><\/h2><\/summary><div class=\"wp-block-themeisle-blocks-accordion-item__content\">\n<h3 class=\"wp-block-heading\"><strong><strong>Sommerblut Kulturfestival<\/strong><\/strong><\/h3>\n\n\n\n<h4 class=\"wp-block-heading\"><strong>Explanation<\/strong><\/h4>\n\n\n\n<p>The Sommerblut Festival is a two-week cultural festival that takes place every year in May. Various events from the fields of theater, dance, music, performances and exhibitions take place. It offers a stage to people from different walks of life: people with disabilities, socially disadvantaged people, refugees, the elderly and many other experts from the world of life work together with professional artists to offer a varied program.<\/p>\n\n\n\n<div class=\"wp-block-columns is-style-default is-layout-flex wp-container-core-columns-is-layout-9d6595d7 wp-block-columns-is-layout-flex\">\n<div class=\"wp-block-column is-layout-flow wp-block-column-is-layout-flow\">\n<h4 class=\"wp-block-heading\"><strong><strong>Accessibility<\/strong><\/strong><\/h4>\n\n\n\n<figure class=\"wp-block-table\"><table class=\"has-white-background-color has-background\"><tbody><tr><td><img decoding=\"async\" src=\"https:\/\/behinderung-und-flucht.isl-ev.de\/wp-content\/uploads\/2023\/02\/WKU-Icons_Begleitperson-frei.svg\" alt=\"Begleitperson frei lnhaber*innen eines Schwerbehindertenausweises k\u00f6nnen eine Begleitperson kostenfrei mitbringen.\" style=\"width: 150px;\"><\/td><td>Accompanying person free<\/td><\/tr><tr><td><img decoding=\"async\" src=\"https:\/\/behinderung-und-flucht.isl-ev.de\/wp-content\/uploads\/2023\/02\/WKU-Icons_Zugaenglich-mit-Rollstuhl.svg\" alt=\"Zug\u00e4nglich mit Rollstuhl Den Gast erwarten keine Treppen, ggfs. ist eine Rampe vorhanden.\"><\/td><td>Wheelchair accessible for selected events<\/td><\/tr><tr><td><img decoding=\"async\" src=\"https:\/\/behinderung-und-flucht.isl-ev.de\/wp-content\/uploads\/2023\/02\/WKU-Icons_Audiodeskription.svg\" alt=\"Audiodeskription F\u00fcr visuelle Beitr\u00e4ge ist eine akustische Bildbeschreibung verf\u00fcgbar.\"><\/td><td>Audio description for selected events<\/td><\/tr><tr><td><img decoding=\"async\" src=\"https:\/\/behinderung-und-flucht.isl-ev.de\/wp-content\/uploads\/2023\/02\/WKU-Icons_Gebaerdensprache.svg\" alt=\"Programm in Geb\u00e4rdensprache K\u00fcnstlerischer Beitrag von Tauben Performer*innen (Deaf Performance).\"><\/td><td>DGS translation for selected events<\/td><\/tr><tr><td><img decoding=\"async\" src=\"https:\/\/behinderung-und-flucht.isl-ev.de\/wp-content\/uploads\/2023\/02\/WKU-Icons_Leichte-Sprache.svg\" alt=\"Leichte Sprache Die Veranstaltungsinformationen stehen auch in leichter Sprache zur Verf\u00fcgung.\"><\/td><td>Translation into plain language for selected events<\/td><\/tr><\/tbody><\/table><\/figure>\n<\/div>\n\n\n\n<div class=\"wp-block-column is-layout-flow wp-block-column-is-layout-flow\">\n<h4 class=\"wp-block-heading\">Contact details<\/h4>\n\n\n\n<p>Our office<br>Metzer Street 20<br>50677 Cologne<br>Phone: 00 49 22 1 29 49 91 34<br>E-mail: info@sommerblut.de<br>Website: www.sommerblut.de<\/p>\n\n\n\n<p><strong>Opening hours<\/strong><\/p>\n\n\n\n<p>06.05.2023 until 24.05.2023<\/p>\n\n\n\n<p><strong>Accessibility by public transport<\/strong><\/p>\n\n\n\n<p>Different locations, therefore different accessibility<\/p>\n\n\n\n<p><strong>Cologne Pass<\/strong><\/p>\n\n\n\n<p>Discount for holders of the Cologne Pass<\/p>\n\n\n\n<p><strong>Offer for refugees<\/strong><\/p>\n\n\n\n<p>There are always theater productions in which refugees participate and which are therefore sometimes performed in different languages<\/p>\n\n\n\n<p><strong>Admission<\/strong><\/p>\n\n\n\n<p>There are both free events as well as events with an entrance fee from approx. 15\u20ac<\/p>\n<\/div>\n<\/div>\n<\/div><\/details>\n<\/div>\n\n\n\n<div class=\"wp-block-buttons is-horizontal is-content-justification-left is-layout-flex wp-container-core-buttons-is-layout-7e5fce0a wp-block-buttons-is-layout-flex\">\n<div class=\"wp-block-button has-custom-font-size has-small-font-size\"><a class=\"wp-block-button__link has-background wp-element-button\" href=\"https:\/\/behinderung-und-flucht.isl-ev.de\/kulturguide\/koeln\/\" style=\"border-radius:55px;background-color:#91025b;padding-top:var(--wp--preset--spacing--20);padding-right:var(--wp--preset--spacing--20);padding-bottom:var(--wp--preset--spacing--20);padding-left:var(--wp--preset--spacing--20)\">Back to overview<\/a><\/div>\n<\/div>\n","protected":false},"excerpt":{"rendered":"","protected":false},"author":1,"featured_media":0,"parent":5674,"menu_order":0,"comment_status":"closed","ping_status":"closed","template":"","meta":{"ub_ctt_via":"","inline_featured_image":false,"_themeisle_gutenberg_block_has_review":false,"_mc_calendar":[],"footnotes":""},"categories":[],"tags":[],"class_list":["post-5681","page","type-page","status-publish","hentry","entry"],"featured_image_src":null,"yoast_head":"<!-- This site is optimized with the Yoast SEO plugin v21.4 - https:\/\/yoast.com\/wordpress\/plugins\/seo\/ -->\n<title>Festival - Infoseite der Interessenvertretung Selbstbestimmt Leben in Deutschland e.V.<\/title>\n<meta name=\"robots\" content=\"index, follow, max-snippet:-1, max-image-preview:large, max-video-preview:-1\" \/>\n<link rel=\"canonical\" href=\"https:\/\/behinderung-und-flucht.isl-ev.de\/en\/kulturguide\/cologne\/festival\/\" \/>\n<meta property=\"og:locale\" content=\"en_US\" \/>\n<meta property=\"og:type\" content=\"article\" \/>\n<meta property=\"og:title\" content=\"Festival - Infoseite der Interessenvertretung Selbstbestimmt Leben in Deutschland e.V.\" \/>\n<meta property=\"og:url\" content=\"https:\/\/behinderung-und-flucht.isl-ev.de\/en\/kulturguide\/cologne\/festival\/\" \/>\n<meta property=\"og:site_name\" content=\"Infoseite der Interessenvertretung Selbstbestimmt Leben in Deutschland e.V.\" \/>\n<meta property=\"article:modified_time\" content=\"2025-03-22T11:01:32+00:00\" \/>\n<meta property=\"og:image\" content=\"https:\/\/behinderung-und-flucht.isl-ev.de\/wp-content\/uploads\/2023\/02\/WKU-Icons_Begleitperson-frei.svg\" \/>\n<meta name=\"twitter:card\" content=\"summary_large_image\" \/>\n<meta name=\"twitter:label1\" content=\"Est. reading time\" \/>\n\t<meta name=\"twitter:data1\" content=\"6 minutes\" \/>\n<script type=\"application\/ld+json\" class=\"yoast-schema-graph\">{\"@context\":\"https:\/\/schema.org\",\"@graph\":[{\"@type\":\"WebPage\",\"@id\":\"https:\/\/behinderung-und-flucht.isl-ev.de\/en\/kulturguide\/cologne\/festival\/\",\"url\":\"https:\/\/behinderung-und-flucht.isl-ev.de\/en\/kulturguide\/cologne\/festival\/\",\"name\":\"Festival - Infoseite der Interessenvertretung Selbstbestimmt Leben in Deutschland e.V.\",\"isPartOf\":{\"@id\":\"https:\/\/behinderung-und-flucht.isl-ev.de\/en\/#website\"},\"datePublished\":\"2023-02-21T21:33:05+00:00\",\"dateModified\":\"2025-03-22T11:01:32+00:00\",\"breadcrumb\":{\"@id\":\"https:\/\/behinderung-und-flucht.isl-ev.de\/en\/kulturguide\/cologne\/festival\/#breadcrumb\"},\"inLanguage\":\"en-US\",\"potentialAction\":[{\"@type\":\"ReadAction\",\"target\":[\"https:\/\/behinderung-und-flucht.isl-ev.de\/en\/kulturguide\/cologne\/festival\/\"]}]},{\"@type\":\"BreadcrumbList\",\"@id\":\"https:\/\/behinderung-und-flucht.isl-ev.de\/en\/kulturguide\/cologne\/festival\/#breadcrumb\",\"itemListElement\":[{\"@type\":\"ListItem\",\"position\":1,\"name\":\"Startseite\",\"item\":\"https:\/\/behinderung-und-flucht.isl-ev.de\/en\/\"},{\"@type\":\"ListItem\",\"position\":2,\"name\":\"Cultural Guide\",\"item\":\"https:\/\/behinderung-und-flucht.isl-ev.de\/en\/kulturguide\/\"},{\"@type\":\"ListItem\",\"position\":3,\"name\":\"Cologne\",\"item\":\"https:\/\/behinderung-und-flucht.isl-ev.de\/en\/kulturguide\/cologne\/\"},{\"@type\":\"ListItem\",\"position\":4,\"name\":\"Festival\"}]},{\"@type\":\"WebSite\",\"@id\":\"https:\/\/behinderung-und-flucht.isl-ev.de\/en\/#website\",\"url\":\"https:\/\/behinderung-und-flucht.isl-ev.de\/en\/\",\"name\":\"Infoseite f\u00fcr gefl\u00fcchtete Menschen mit Behinderungen oder chronischen Erkrankungen\",\"description\":\"Informationen f\u00fcr gefl\u00fcchtete Menschen mit Behinderungen oder chronischen Erkrankungen\",\"publisher\":{\"@id\":\"https:\/\/behinderung-und-flucht.isl-ev.de\/en\/#organization\"},\"alternateName\":\"Infoseite f\u00fcr gefl\u00fcchtete Menschen mit Behinderungen\",\"potentialAction\":[{\"@type\":\"SearchAction\",\"target\":{\"@type\":\"EntryPoint\",\"urlTemplate\":\"https:\/\/behinderung-und-flucht.isl-ev.de\/en\/?s={search_term_string}\"},\"query-input\":\"required name=search_term_string\"}],\"inLanguage\":\"en-US\"},{\"@type\":\"Organization\",\"@id\":\"https:\/\/behinderung-und-flucht.isl-ev.de\/en\/#organization\",\"name\":\"Infoseite der Interessenvertretung Selbstbestimmt Leben in Deutschland e.V.\",\"url\":\"https:\/\/behinderung-und-flucht.isl-ev.de\/en\/\",\"logo\":{\"@type\":\"ImageObject\",\"inLanguage\":\"en-US\",\"@id\":\"https:\/\/behinderung-und-flucht.isl-ev.de\/en\/#\/schema\/logo\/image\/\",\"url\":\"https:\/\/behinderung-und-flucht.isl-ev.de\/wp-content\/uploads\/2022\/09\/logo-infoseite-04.svg\",\"contentUrl\":\"https:\/\/behinderung-und-flucht.isl-ev.de\/wp-content\/uploads\/2022\/09\/logo-infoseite-04.svg\",\"caption\":\"Infoseite der Interessenvertretung Selbstbestimmt Leben in Deutschland e.V.\"},\"image\":{\"@id\":\"https:\/\/behinderung-und-flucht.isl-ev.de\/en\/#\/schema\/logo\/image\/\"}}]}<\/script>\n<!-- \/ Yoast SEO plugin. -->","yoast_head_json":{"title":"Festival - Infoseite der Interessenvertretung Selbstbestimmt Leben in Deutschland e.V.","robots":{"index":"index","follow":"follow","max-snippet":"max-snippet:-1","max-image-preview":"max-image-preview:large","max-video-preview":"max-video-preview:-1"},"canonical":"https:\/\/behinderung-und-flucht.isl-ev.de\/en\/kulturguide\/cologne\/festival\/","og_locale":"en_US","og_type":"article","og_title":"Festival - Infoseite der Interessenvertretung Selbstbestimmt Leben in Deutschland e.V.","og_url":"https:\/\/behinderung-und-flucht.isl-ev.de\/en\/kulturguide\/cologne\/festival\/","og_site_name":"Infoseite der Interessenvertretung Selbstbestimmt Leben in Deutschland e.V.","article_modified_time":"2025-03-22T11:01:32+00:00","og_image":[{"url":"https:\/\/behinderung-und-flucht.isl-ev.de\/wp-content\/uploads\/2023\/02\/WKU-Icons_Begleitperson-frei.svg"}],"twitter_card":"summary_large_image","twitter_misc":{"Est. reading time":"6 minutes"},"schema":{"@context":"https:\/\/schema.org","@graph":[{"@type":"WebPage","@id":"https:\/\/behinderung-und-flucht.isl-ev.de\/en\/kulturguide\/cologne\/festival\/","url":"https:\/\/behinderung-und-flucht.isl-ev.de\/en\/kulturguide\/cologne\/festival\/","name":"Festival - Infoseite der Interessenvertretung Selbstbestimmt Leben in Deutschland e.V.","isPartOf":{"@id":"https:\/\/behinderung-und-flucht.isl-ev.de\/en\/#website"},"datePublished":"2023-02-21T21:33:05+00:00","dateModified":"2025-03-22T11:01:32+00:00","breadcrumb":{"@id":"https:\/\/behinderung-und-flucht.isl-ev.de\/en\/kulturguide\/cologne\/festival\/#breadcrumb"},"inLanguage":"en-US","potentialAction":[{"@type":"ReadAction","target":["https:\/\/behinderung-und-flucht.isl-ev.de\/en\/kulturguide\/cologne\/festival\/"]}]},{"@type":"BreadcrumbList","@id":"https:\/\/behinderung-und-flucht.isl-ev.de\/en\/kulturguide\/cologne\/festival\/#breadcrumb","itemListElement":[{"@type":"ListItem","position":1,"name":"Startseite","item":"https:\/\/behinderung-und-flucht.isl-ev.de\/en\/"},{"@type":"ListItem","position":2,"name":"Cultural Guide","item":"https:\/\/behinderung-und-flucht.isl-ev.de\/en\/kulturguide\/"},{"@type":"ListItem","position":3,"name":"Cologne","item":"https:\/\/behinderung-und-flucht.isl-ev.de\/en\/kulturguide\/cologne\/"},{"@type":"ListItem","position":4,"name":"Festival"}]},{"@type":"WebSite","@id":"https:\/\/behinderung-und-flucht.isl-ev.de\/en\/#website","url":"https:\/\/behinderung-und-flucht.isl-ev.de\/en\/","name":"Infoseite f\u00fcr gefl\u00fcchtete Menschen mit Behinderungen oder chronischen Erkrankungen","description":"Informationen f\u00fcr gefl\u00fcchtete Menschen mit Behinderungen oder chronischen Erkrankungen","publisher":{"@id":"https:\/\/behinderung-und-flucht.isl-ev.de\/en\/#organization"},"alternateName":"Infoseite f\u00fcr gefl\u00fcchtete Menschen mit Behinderungen","potentialAction":[{"@type":"SearchAction","target":{"@type":"EntryPoint","urlTemplate":"https:\/\/behinderung-und-flucht.isl-ev.de\/en\/?s={search_term_string}"},"query-input":"required name=search_term_string"}],"inLanguage":"en-US"},{"@type":"Organization","@id":"https:\/\/behinderung-und-flucht.isl-ev.de\/en\/#organization","name":"Infoseite der Interessenvertretung Selbstbestimmt Leben in Deutschland e.V.","url":"https:\/\/behinderung-und-flucht.isl-ev.de\/en\/","logo":{"@type":"ImageObject","inLanguage":"en-US","@id":"https:\/\/behinderung-und-flucht.isl-ev.de\/en\/#\/schema\/logo\/image\/","url":"https:\/\/behinderung-und-flucht.isl-ev.de\/wp-content\/uploads\/2022\/09\/logo-infoseite-04.svg","contentUrl":"https:\/\/behinderung-und-flucht.isl-ev.de\/wp-content\/uploads\/2022\/09\/logo-infoseite-04.svg","caption":"Infoseite der Interessenvertretung Selbstbestimmt Leben in Deutschland e.V."},"image":{"@id":"https:\/\/behinderung-und-flucht.isl-ev.de\/en\/#\/schema\/logo\/image\/"}}]}},"_links":{"self":[{"href":"https:\/\/behinderung-und-flucht.isl-ev.de\/en\/wp-json\/wp\/v2\/pages\/5681","targetHints":{"allow":["GET"]}}],"collection":[{"href":"https:\/\/behinderung-und-flucht.isl-ev.de\/en\/wp-json\/wp\/v2\/pages"}],"about":[{"href":"https:\/\/behinderung-und-flucht.isl-ev.de\/en\/wp-json\/wp\/v2\/types\/page"}],"author":[{"embeddable":true,"href":"https:\/\/behinderung-und-flucht.isl-ev.de\/en\/wp-json\/wp\/v2\/users\/1"}],"replies":[{"embeddable":true,"href":"https:\/\/behinderung-und-flucht.isl-ev.de\/en\/wp-json\/wp\/v2\/comments?post=5681"}],"version-history":[{"count":1,"href":"https:\/\/behinderung-und-flucht.isl-ev.de\/en\/wp-json\/wp\/v2\/pages\/5681\/revisions"}],"predecessor-version":[{"id":5682,"href":"https:\/\/behinderung-und-flucht.isl-ev.de\/en\/wp-json\/wp\/v2\/pages\/5681\/revisions\/5682"}],"up":[{"embeddable":true,"href":"https:\/\/behinderung-und-flucht.isl-ev.de\/en\/wp-json\/wp\/v2\/pages\/5674"}],"wp:attachment":[{"href":"https:\/\/behinderung-und-flucht.isl-ev.de\/en\/wp-json\/wp\/v2\/media?parent=5681"}],"wp:term":[{"taxonomy":"category","embeddable":true,"href":"https:\/\/behinderung-und-flucht.isl-ev.de\/en\/wp-json\/wp\/v2\/categories?post=5681"},{"taxonomy":"post_tag","embeddable":true,"href":"https:\/\/behinderung-und-flucht.isl-ev.de\/en\/wp-json\/wp\/v2\/tags?post=5681"}],"curies":[{"name":"wp","href":"https:\/\/api.w.org\/{rel}","templated":true}]}}