{"id":5674,"date":"2023-02-19T20:48:02","date_gmt":"2023-02-19T19:48:02","guid":{"rendered":"https:\/\/behinderung-und-flucht.isl-ev.de\/?page_id=5674"},"modified":"2025-03-22T11:32:46","modified_gmt":"2025-03-22T10:32:46","slug":"cologne","status":"publish","type":"page","link":"https:\/\/behinderung-und-flucht.isl-ev.de\/en\/kulturguide\/cologne\/","title":{"rendered":"Cologne"},"content":{"rendered":"\n<h4 class=\"wp-block-heading has-white-background-color has-background\">The translation is in progress and will be available soon.<\/h4>\n\n\n\n<div class=\"wp-block-columns kachelmenu is-layout-flex wp-container-core-columns-is-layout-9d6595d7 wp-block-columns-is-layout-flex\">\n<div class=\"wp-block-column kachelspalte is-layout-flow wp-block-column-is-layout-flow\">\n<h4 class=\"wp-block-heading\"><i class=\"icon fa fa-building\" aria-hidden=\"true\"> <\/i> Living in Cologne<\/h4>\n\n\n\n<p class=\"has-large-font-size\"><\/p>\n\n\n\n<div class=\"wp-block-buttons is-layout-flex wp-block-buttons-is-layout-flex\">\n<div class=\"wp-block-button\"><a class=\"wp-block-button__link wp-element-button\" href=\"https:\/\/behinderung-und-flucht.isl-ev.de\/kulturguide\/koeln\/leben-in-koeln\/\">View<\/a><\/div>\n<\/div>\n<\/div>\n\n\n\n<div class=\"wp-block-column kachelspalte is-layout-flow wp-block-column-is-layout-flow\">\n<h4 class=\"wp-block-heading\"><i class=\"icon fa fa-film\" aria-hidden=\"true\"> <\/i> <strong>Cinema<\/strong><\/h4>\n\n\n\n<p class=\"has-large-font-size\"><\/p>\n\n\n\n<div class=\"wp-block-buttons is-layout-flex wp-block-buttons-is-layout-flex\">\n<div class=\"wp-block-button\"><a class=\"wp-block-button__link wp-element-button\" href=\"https:\/\/behinderung-und-flucht.isl-ev.de\/kulturguide\/koeln\/kinos-in-koeln\/\">View<\/a><\/div>\n<\/div>\n<\/div>\n\n\n\n<div class=\"wp-block-column is-layout-flow wp-block-column-is-layout-flow\">\n<h4 class=\"wp-block-heading\"><i class=\"icon fa fa-star\" aria-hidden=\"true\"> <\/i> <strong>Concerts<\/strong><\/h4>\n\n\n\n<p class=\"has-large-font-size\"><\/p>\n\n\n\n<div class=\"wp-block-buttons is-layout-flex wp-block-buttons-is-layout-flex\">\n<div class=\"wp-block-button\"><a class=\"wp-block-button__link wp-element-button\" href=\"https:\/\/behinderung-und-flucht.isl-ev.de\/kulturguide\/koeln\/konzerte\/\">View<\/a><\/div>\n<\/div>\n<\/div>\n<\/div>\n\n\n\n<div class=\"wp-block-columns kachelmenu is-layout-flex wp-container-core-columns-is-layout-9d6595d7 wp-block-columns-is-layout-flex\">\n<div class=\"wp-block-column kachelspalte is-layout-flow wp-block-column-is-layout-flow\">\n<h4 class=\"wp-block-heading\"><i class=\"icon fa fa-music\" aria-hidden=\"true\"> <\/i> <strong>Celebrate<\/strong><\/h4>\n\n\n\n<div class=\"wp-block-buttons is-layout-flex wp-block-buttons-is-layout-flex\">\n<div class=\"wp-block-button\"><a class=\"wp-block-button__link wp-element-button\" href=\"https:\/\/behinderung-und-flucht.isl-ev.de\/kulturguide\/koeln\/feiern\/\">View<\/a><\/div>\n<\/div>\n<\/div>\n\n\n\n<div class=\"wp-block-column kachelspalte is-layout-flow wp-block-column-is-layout-flow\">\n<h4 class=\"wp-block-heading\"><i class=\"icon fa fa-rocket\" aria-hidden=\"true\"> <\/i> <strong>Festivals<\/strong><\/h4>\n\n\n\n<div class=\"wp-block-buttons is-layout-flex wp-block-buttons-is-layout-flex\">\n<div class=\"wp-block-button\"><a class=\"wp-block-button__link wp-element-button\" href=\"https:\/\/behinderung-und-flucht.isl-ev.de\/kulturguide\/koeln\/festival\/\">View<\/a><\/div>\n<\/div>\n<\/div>\n\n\n\n<div class=\"wp-block-column is-layout-flow wp-block-column-is-layout-flow\">\n<h4 class=\"wp-block-heading\"><i class=\"icon fa fa-smile-o\" aria-hidden=\"true\"> <\/i>  <strong>Theater<\/strong><\/h4>\n\n\n\n<div class=\"wp-block-buttons is-layout-flex wp-block-buttons-is-layout-flex\">\n<div class=\"wp-block-button\"><a class=\"wp-block-button__link wp-element-button\" href=\"https:\/\/behinderung-und-flucht.isl-ev.de\/kulturguide\/koeln\/theater-in-koeln\/\">View<\/a><\/div>\n<\/div>\n<\/div>\n<\/div>\n\n\n\n<div class=\"wp-block-columns kachelmenu is-layout-flex wp-container-core-columns-is-layout-9d6595d7 wp-block-columns-is-layout-flex\">\n<div class=\"wp-block-column kachelspalte is-layout-flow wp-block-column-is-layout-flow\">\n<h4 class=\"wp-block-heading\"><i class=\"icon fa fa-bank\" aria-hidden=\"true\"> <\/i>  <strong>Museum<\/strong><\/h4>\n\n\n\n<div class=\"wp-block-buttons is-layout-flex wp-block-buttons-is-layout-flex\">\n<div class=\"wp-block-button\"><a class=\"wp-block-button__link wp-element-button\" href=\"https:\/\/behinderung-und-flucht.isl-ev.de\/museen-in-koeln\/\">View<\/a><\/div>\n<\/div>\n<\/div>\n\n\n\n<div class=\"wp-block-column kachelspalte is-layout-flow wp-block-column-is-layout-flow\">\n<h4 class=\"wp-block-heading\"><i class=\"icon fa fa-camera-retro\" aria-hidden=\"true\"> <\/i> Leisure time<\/h4>\n\n\n\n<div class=\"wp-block-buttons is-layout-flex wp-block-buttons-is-layout-flex\">\n<div class=\"wp-block-button\"><a class=\"wp-block-button__link wp-element-button\" href=\"https:\/\/behinderung-und-flucht.isl-ev.de\/kulturguide\/koeln\/freizeit\/\">View<\/a><\/div>\n<\/div>\n<\/div>\n\n\n\n<div class=\"wp-block-column is-layout-flow wp-block-column-is-layout-flow\">\n<h4 class=\"wp-block-heading\"><i class=\"icon fa fa-tree\" aria-hidden=\"true\"> <\/i> Christmas market<\/h4>\n\n\n\n<div class=\"wp-block-buttons is-layout-flex wp-block-buttons-is-layout-flex\">\n<div class=\"wp-block-button\"><a class=\"wp-block-button__link wp-element-button\" href=\"https:\/\/behinderung-und-flucht.isl-ev.de\/kulturguide\/koeln\/weihnachtsmarkt\/\">View<\/a><\/div>\n<\/div>\n<\/div>\n<\/div>\n\n\n\n<div class=\"wp-block-columns kachelmenu is-layout-flex wp-container-core-columns-is-layout-9d6595d7 wp-block-columns-is-layout-flex\">\n<div class=\"wp-block-column kachelspalte is-layout-flow wp-block-column-is-layout-flow\">\n<h4 class=\"wp-block-heading\"><i class=\"icon fa fa-plus-circle\" aria-hidden=\"true\"> <\/i>  Sonstiges<\/h4>\n\n\n\n<div class=\"wp-block-buttons is-layout-flex wp-block-buttons-is-layout-flex\">\n<div class=\"wp-block-button\"><a class=\"wp-block-button__link wp-element-button\" href=\"https:\/\/behinderung-und-flucht.isl-ev.de\/kulturguide\/koeln\/sonstiges-2\/\">View<\/a><\/div>\n<\/div>\n<\/div>\n\n\n\n<div class=\"wp-block-column kachelspalte is-layout-flow wp-block-column-is-layout-flow\"><\/div>\n\n\n\n<div class=\"wp-block-column is-layout-flow wp-block-column-is-layout-flow\"><\/div>\n<\/div>\n","protected":false},"excerpt":{"rendered":"<p>The translation is in progress and will be available soon. Living in Cologne Cinema Concerts Celebrate Festivals Theater Museum Leisure time Christmas market Sonstiges<\/p>\n","protected":false},"author":1,"featured_media":0,"parent":4230,"menu_order":0,"comment_status":"closed","ping_status":"closed","template":"","meta":{"ub_ctt_via":"","inline_featured_image":false,"_themeisle_gutenberg_block_has_review":false,"_mc_calendar":[],"footnotes":""},"categories":[],"tags":[],"class_list":["post-5674","page","type-page","status-publish","hentry","entry"],"featured_image_src":null,"yoast_head":"<!-- This site is optimized with the Yoast SEO plugin v21.4 - https:\/\/yoast.com\/wordpress\/plugins\/seo\/ -->\n<title>Cologne - Infoseite der Interessenvertretung Selbstbestimmt Leben in Deutschland e.V.<\/title>\n<meta name=\"robots\" content=\"index, follow, max-snippet:-1, max-image-preview:large, max-video-preview:-1\" \/>\n<link rel=\"canonical\" href=\"https:\/\/behinderung-und-flucht.isl-ev.de\/en\/kulturguide\/cologne\/\" \/>\n<meta property=\"og:locale\" content=\"en_US\" \/>\n<meta property=\"og:type\" content=\"article\" \/>\n<meta property=\"og:title\" content=\"Cologne - Infoseite der Interessenvertretung Selbstbestimmt Leben in Deutschland e.V.\" \/>\n<meta property=\"og:description\" content=\"The translation is in progress and will be available soon. Living in Cologne Cinema Concerts Celebrate Festivals Theater Museum Leisure time Christmas market Sonstiges\" \/>\n<meta property=\"og:url\" content=\"https:\/\/behinderung-und-flucht.isl-ev.de\/en\/kulturguide\/cologne\/\" \/>\n<meta property=\"og:site_name\" content=\"Infoseite der Interessenvertretung Selbstbestimmt Leben in Deutschland e.V.\" \/>\n<meta property=\"article:modified_time\" content=\"2025-03-22T10:32:46+00:00\" \/>\n<meta name=\"twitter:card\" content=\"summary_large_image\" \/>\n<meta name=\"twitter:label1\" content=\"Est. reading time\" \/>\n\t<meta name=\"twitter:data1\" content=\"1 minute\" \/>\n<script type=\"application\/ld+json\" class=\"yoast-schema-graph\">{\"@context\":\"https:\/\/schema.org\",\"@graph\":[{\"@type\":\"WebPage\",\"@id\":\"https:\/\/behinderung-und-flucht.isl-ev.de\/en\/kulturguide\/cologne\/\",\"url\":\"https:\/\/behinderung-und-flucht.isl-ev.de\/en\/kulturguide\/cologne\/\",\"name\":\"Cologne - Infoseite der Interessenvertretung Selbstbestimmt Leben in Deutschland e.V.\",\"isPartOf\":{\"@id\":\"https:\/\/behinderung-und-flucht.isl-ev.de\/en\/#website\"},\"datePublished\":\"2023-02-19T19:48:02+00:00\",\"dateModified\":\"2025-03-22T10:32:46+00:00\",\"breadcrumb\":{\"@id\":\"https:\/\/behinderung-und-flucht.isl-ev.de\/en\/kulturguide\/cologne\/#breadcrumb\"},\"inLanguage\":\"en-US\",\"potentialAction\":[{\"@type\":\"ReadAction\",\"target\":[\"https:\/\/behinderung-und-flucht.isl-ev.de\/en\/kulturguide\/cologne\/\"]}]},{\"@type\":\"BreadcrumbList\",\"@id\":\"https:\/\/behinderung-und-flucht.isl-ev.de\/en\/kulturguide\/cologne\/#breadcrumb\",\"itemListElement\":[{\"@type\":\"ListItem\",\"position\":1,\"name\":\"Startseite\",\"item\":\"https:\/\/behinderung-und-flucht.isl-ev.de\/en\/\"},{\"@type\":\"ListItem\",\"position\":2,\"name\":\"Cultural Guide\",\"item\":\"https:\/\/behinderung-und-flucht.isl-ev.de\/en\/kulturguide\/\"},{\"@type\":\"ListItem\",\"position\":3,\"name\":\"Cologne\"}]},{\"@type\":\"WebSite\",\"@id\":\"https:\/\/behinderung-und-flucht.isl-ev.de\/en\/#website\",\"url\":\"https:\/\/behinderung-und-flucht.isl-ev.de\/en\/\",\"name\":\"Infoseite f\u00fcr gefl\u00fcchtete Menschen mit Behinderungen oder chronischen Erkrankungen\",\"description\":\"Informationen f\u00fcr gefl\u00fcchtete Menschen mit Behinderungen oder chronischen Erkrankungen\",\"publisher\":{\"@id\":\"https:\/\/behinderung-und-flucht.isl-ev.de\/en\/#organization\"},\"alternateName\":\"Infoseite f\u00fcr gefl\u00fcchtete Menschen mit Behinderungen\",\"potentialAction\":[{\"@type\":\"SearchAction\",\"target\":{\"@type\":\"EntryPoint\",\"urlTemplate\":\"https:\/\/behinderung-und-flucht.isl-ev.de\/en\/?s={search_term_string}\"},\"query-input\":\"required name=search_term_string\"}],\"inLanguage\":\"en-US\"},{\"@type\":\"Organization\",\"@id\":\"https:\/\/behinderung-und-flucht.isl-ev.de\/en\/#organization\",\"name\":\"Infoseite der Interessenvertretung Selbstbestimmt Leben in Deutschland e.V.\",\"url\":\"https:\/\/behinderung-und-flucht.isl-ev.de\/en\/\",\"logo\":{\"@type\":\"ImageObject\",\"inLanguage\":\"en-US\",\"@id\":\"https:\/\/behinderung-und-flucht.isl-ev.de\/en\/#\/schema\/logo\/image\/\",\"url\":\"https:\/\/behinderung-und-flucht.isl-ev.de\/wp-content\/uploads\/2022\/09\/logo-infoseite-04.svg\",\"contentUrl\":\"https:\/\/behinderung-und-flucht.isl-ev.de\/wp-content\/uploads\/2022\/09\/logo-infoseite-04.svg\",\"caption\":\"Infoseite der Interessenvertretung Selbstbestimmt Leben in Deutschland e.V.\"},\"image\":{\"@id\":\"https:\/\/behinderung-und-flucht.isl-ev.de\/en\/#\/schema\/logo\/image\/\"}}]}<\/script>\n<!-- \/ Yoast SEO plugin. -->","yoast_head_json":{"title":"Cologne - Infoseite der Interessenvertretung Selbstbestimmt Leben in Deutschland e.V.","robots":{"index":"index","follow":"follow","max-snippet":"max-snippet:-1","max-image-preview":"max-image-preview:large","max-video-preview":"max-video-preview:-1"},"canonical":"https:\/\/behinderung-und-flucht.isl-ev.de\/en\/kulturguide\/cologne\/","og_locale":"en_US","og_type":"article","og_title":"Cologne - Infoseite der Interessenvertretung Selbstbestimmt Leben in Deutschland e.V.","og_description":"The translation is in progress and will be available soon. Living in Cologne Cinema Concerts Celebrate Festivals Theater Museum Leisure time Christmas market Sonstiges","og_url":"https:\/\/behinderung-und-flucht.isl-ev.de\/en\/kulturguide\/cologne\/","og_site_name":"Infoseite der Interessenvertretung Selbstbestimmt Leben in Deutschland e.V.","article_modified_time":"2025-03-22T10:32:46+00:00","twitter_card":"summary_large_image","twitter_misc":{"Est. reading time":"1 minute"},"schema":{"@context":"https:\/\/schema.org","@graph":[{"@type":"WebPage","@id":"https:\/\/behinderung-und-flucht.isl-ev.de\/en\/kulturguide\/cologne\/","url":"https:\/\/behinderung-und-flucht.isl-ev.de\/en\/kulturguide\/cologne\/","name":"Cologne - Infoseite der Interessenvertretung Selbstbestimmt Leben in Deutschland e.V.","isPartOf":{"@id":"https:\/\/behinderung-und-flucht.isl-ev.de\/en\/#website"},"datePublished":"2023-02-19T19:48:02+00:00","dateModified":"2025-03-22T10:32:46+00:00","breadcrumb":{"@id":"https:\/\/behinderung-und-flucht.isl-ev.de\/en\/kulturguide\/cologne\/#breadcrumb"},"inLanguage":"en-US","potentialAction":[{"@type":"ReadAction","target":["https:\/\/behinderung-und-flucht.isl-ev.de\/en\/kulturguide\/cologne\/"]}]},{"@type":"BreadcrumbList","@id":"https:\/\/behinderung-und-flucht.isl-ev.de\/en\/kulturguide\/cologne\/#breadcrumb","itemListElement":[{"@type":"ListItem","position":1,"name":"Startseite","item":"https:\/\/behinderung-und-flucht.isl-ev.de\/en\/"},{"@type":"ListItem","position":2,"name":"Cultural Guide","item":"https:\/\/behinderung-und-flucht.isl-ev.de\/en\/kulturguide\/"},{"@type":"ListItem","position":3,"name":"Cologne"}]},{"@type":"WebSite","@id":"https:\/\/behinderung-und-flucht.isl-ev.de\/en\/#website","url":"https:\/\/behinderung-und-flucht.isl-ev.de\/en\/","name":"Infoseite f\u00fcr gefl\u00fcchtete Menschen mit Behinderungen oder chronischen Erkrankungen","description":"Informationen f\u00fcr gefl\u00fcchtete Menschen mit Behinderungen oder chronischen Erkrankungen","publisher":{"@id":"https:\/\/behinderung-und-flucht.isl-ev.de\/en\/#organization"},"alternateName":"Infoseite f\u00fcr gefl\u00fcchtete Menschen mit Behinderungen","potentialAction":[{"@type":"SearchAction","target":{"@type":"EntryPoint","urlTemplate":"https:\/\/behinderung-und-flucht.isl-ev.de\/en\/?s={search_term_string}"},"query-input":"required name=search_term_string"}],"inLanguage":"en-US"},{"@type":"Organization","@id":"https:\/\/behinderung-und-flucht.isl-ev.de\/en\/#organization","name":"Infoseite der Interessenvertretung Selbstbestimmt Leben in Deutschland e.V.","url":"https:\/\/behinderung-und-flucht.isl-ev.de\/en\/","logo":{"@type":"ImageObject","inLanguage":"en-US","@id":"https:\/\/behinderung-und-flucht.isl-ev.de\/en\/#\/schema\/logo\/image\/","url":"https:\/\/behinderung-und-flucht.isl-ev.de\/wp-content\/uploads\/2022\/09\/logo-infoseite-04.svg","contentUrl":"https:\/\/behinderung-und-flucht.isl-ev.de\/wp-content\/uploads\/2022\/09\/logo-infoseite-04.svg","caption":"Infoseite der Interessenvertretung Selbstbestimmt Leben in Deutschland e.V."},"image":{"@id":"https:\/\/behinderung-und-flucht.isl-ev.de\/en\/#\/schema\/logo\/image\/"}}]}},"_links":{"self":[{"href":"https:\/\/behinderung-und-flucht.isl-ev.de\/en\/wp-json\/wp\/v2\/pages\/5674","targetHints":{"allow":["GET"]}}],"collection":[{"href":"https:\/\/behinderung-und-flucht.isl-ev.de\/en\/wp-json\/wp\/v2\/pages"}],"about":[{"href":"https:\/\/behinderung-und-flucht.isl-ev.de\/en\/wp-json\/wp\/v2\/types\/page"}],"author":[{"embeddable":true,"href":"https:\/\/behinderung-und-flucht.isl-ev.de\/en\/wp-json\/wp\/v2\/users\/1"}],"replies":[{"embeddable":true,"href":"https:\/\/behinderung-und-flucht.isl-ev.de\/en\/wp-json\/wp\/v2\/comments?post=5674"}],"version-history":[{"count":1,"href":"https:\/\/behinderung-und-flucht.isl-ev.de\/en\/wp-json\/wp\/v2\/pages\/5674\/revisions"}],"predecessor-version":[{"id":5675,"href":"https:\/\/behinderung-und-flucht.isl-ev.de\/en\/wp-json\/wp\/v2\/pages\/5674\/revisions\/5675"}],"up":[{"embeddable":true,"href":"https:\/\/behinderung-und-flucht.isl-ev.de\/en\/wp-json\/wp\/v2\/pages\/4230"}],"wp:attachment":[{"href":"https:\/\/behinderung-und-flucht.isl-ev.de\/en\/wp-json\/wp\/v2\/media?parent=5674"}],"wp:term":[{"taxonomy":"category","embeddable":true,"href":"https:\/\/behinderung-und-flucht.isl-ev.de\/en\/wp-json\/wp\/v2\/categories?post=5674"},{"taxonomy":"post_tag","embeddable":true,"href":"https:\/\/behinderung-und-flucht.isl-ev.de\/en\/wp-json\/wp\/v2\/tags?post=5674"}],"curies":[{"name":"wp","href":"https:\/\/api.w.org\/{rel}","templated":true}]}}