{"id":5568,"date":"2023-02-21T22:19:51","date_gmt":"2023-02-21T21:19:51","guid":{"rendered":"https:\/\/behinderung-und-flucht.isl-ev.de\/?page_id=5568"},"modified":"2025-01-27T20:21:48","modified_gmt":"2025-01-27T19:21:48","slug":"living-in-cologne","status":"publish","type":"page","link":"https:\/\/behinderung-und-flucht.isl-ev.de\/en\/kulturguide\/cologne\/living-in-cologne\/","title":{"rendered":"Living in Cologne"},"content":{"rendered":"\n<div id=\"wp-block-themeisle-blocks-accordion-35e4df50\" data-has-schema=\"false\" class=\"wp-block-themeisle-blocks-accordion exclusive has-gap\">\n<details class=\"wp-block-themeisle-blocks-accordion-item\"><summary class=\"wp-block-themeisle-blocks-accordion-item__title\"><h2><strong>Cologne Pass<\/strong><\/h2><\/summary><div class=\"wp-block-themeisle-blocks-accordion-item__content\">\n<h3 class=\"wp-block-heading\">Cologne Pass<\/h3>\n\n\n\n<h4 class=\"wp-block-heading\">Explanation<\/h4>\n\n\n\n<p>The K\u00f6ln-Pass is for people who have little money at their disposal. With the K\u00f6ln-Pass you can get discounts on certain services or entrance fees in Cologne. In order to receive a K\u00f6ln-Pass, you must fulfill certain requirements. For example, your main residence must be in Cologne. Some people have to apply for the Cologne Pass. And some people receive the K\u00f6ln-Pass automatically.<\/p>\n\n\n\n<p>You can read here whether you receive the pass automatically or have to apply for it: https:\/\/www.stadt-koeln.de\/leben-in-koeln\/soziales\/koeln-pass\/wer-bekommt-einen-koeln-pass<\/p>\n\n\n\n<p>Do you want to apply for the Cologne Pass? There are three different ways to do this. You can send the application documents to the City of Cologne by post, fax or e-mail. You do not have to appear in person.<\/p>\n\n\n\n<p>You can find all further information about the Cologne Pass and how to apply here: https:\/\/www.stadt-koeln.de\/leben-in-koeln\/soziales\/koeln-pass\/index.html<\/p>\n<\/div><\/details>\n\n\n\n<details class=\"wp-block-themeisle-blocks-accordion-item\"><summary class=\"wp-block-themeisle-blocks-accordion-item__title\"><h2><strong>Out and about in Cologne by public transport<\/strong><\/h2><\/summary><div class=\"wp-block-themeisle-blocks-accordion-item__content\">\n<h3 class=\"wp-block-heading\">Out and about in Cologne by public transport<\/h3>\n\n\n\n<h4 class=\"wp-block-heading\">Explanation<\/h4>\n\n\n\n<p>The buses and streetcars in Cologne belong to the K\u00f6lner Verkehrs Betriebe. The abbreviation for this is KVB. You can buy tickets for a journey at various locations. For example, at the ticket machines on the bus, on the train or at many stops and in the KVB app.<\/p>\n\n\n\n<p>The bus stops are generally wheelchair-accessible. At some stops, the next buses arriving are indicated by an electronic display.<br>There is a button on these displays. If you press this button, the next arriving buses will be announced acoustically.<br>At some bus stops there are only analog departure schedules. There are no acoustic announcements there either. Unfortunately, there is no overview of which bus stops have acoustic announcements and which do not.<\/p>\n\n\n\n<p>KVB buses are wheelchair accessible. To be able to board a bus with a wheelchair, you should give the bus driver a sign when you arrive. There is a ramp at the second bus door. The ramp is unfolded by the bus staff or other people to allow access.<br>When the destination stop is announced, the button with the wheelchair symbol should be pressed on the bus. This lets the bus driver know that you want to get off at the next stop and that they need to unfold the ramp.<\/p>\n\n\n\n<p>Not all buses announce the stops automatically. Do you need an acoustic announcement? Then let the bus driver know when you get on. And choose one of the front seats. The bus driver will then let you know when you need to get off.<\/p>\n\n\n\n<p>Not all light rail stops are wheelchair-accessible. Some streetcars can only be reached via stairs and some underground stops do not have an elevator. There is a special route network map that shows all barrier-free stops. The map is called: Tours without stairs. It can be viewed on the KVB website and the KVB app. Or you can get it in paper form at one of the KVB customer centers.<\/p>\n\n\n\n<p>Sometimes the elevators leading to the subways are out of service. You can check in the KVB app and on the KVB website: Is the elevator you want to use working? https:\/\/www.kvb.koeln\/fahrtinfo\/betriebslage\/aufzuege\/<\/p>\n\n\n\n<p>At all light rail stops there are acoustic announcements of arriving trains. This happens automatically at the subway stops. There are buttons at the above-ground stops. Press the buttons. You will then be informed of the arriving trains.<\/p>\n\n\n\n<p>Some elevators have tactile buttons. And there is usually an acoustic floor announcement if the technology in the elevator is not outdated.<\/p>\n\n\n\n<p>There are display boards at all light rail stops that provide information about arriving trains.<\/p>\n\n\n\n<p>The next stop is announced acoustically in all light rail vehicles.<\/p>\n\n\n\n<p>Information about the next stop is also provided on display boards in the train.<\/p>\n\n\n\n<p>All KVB information on accessibility can be found here: https:\/\/www.kvb.koeln\/service\/barrierefreiheit.html#ohnetreppen<\/p>\n<\/div><\/details>\n\n\n\n<details class=\"wp-block-themeisle-blocks-accordion-item\"><summary class=\"wp-block-themeisle-blocks-accordion-item__title\"><h2><strong>Carnival<\/strong><\/h2><\/summary><div class=\"wp-block-themeisle-blocks-accordion-item__content\">\n<h3 class=\"wp-block-heading\">Carnival<\/h3>\n\n\n\n<h4 class=\"wp-block-heading\">Explanation<\/h4>\n\n\n\n<p>Carnival in Cologne is also known as the fifth season. This time is very important in Cologne. It begins every November 11 at 11:11 am and ends on Ash Wednesday. The most important holidays of the Cologne carnival are November 11 and the carnival week, which begins on the Thursday before Ash Wednesday, the so-called Weiberfastnacht, culminates on Rosenmontag and ends on Veilchendienstag. So that everything is over on Ash Wednesday. On these days, carnival is celebrated in pubs and on the streets all over the city. Everywhere you go, you see people dressed up, greeting each other with \u201cK\u00f6lle Alaaf\u201d and giving each other \u201cB\u00fctzchen\u201d. \u201cK\u00f6lle Alaaf\u201d replaces \u2018Hallo\u2019 during this time and means \u2018Cologne above all\u2019. \u201cB\u00fctzchen\u201d are kisses on the cheek with which the people of Cologne express their joy on these days. People sway to carnival music. Swaying means swaying back and forth in a group of people with arms hooked underneath each other to the rhythm of the music. Carnival music is often songs in the Cologne language that sing about the carnival or the city of Cologne. Well-known carnival bands are the H\u00f6hner (e.g. with their song Viva Colonia https:\/\/www.youtube.com\/watch?v=3bUMMAhYsk8), Brings (e.g. with their song K\u00f6lsche Jung https:\/\/www.youtube.com\/watch?v=3bUMMAhYsk8) and Kasalla (e.g. with their song Alle Jl\u00e4ser Huh https:\/\/www.youtube.com\/watch?v=-S2QB1emWZo). On Rose Monday, a large carnival parade takes place in which many different groups walk through the city on a specific route and throw sweets, which they call Kamelle, and bouquets of flowers, which they call Str\u00fcssjer, around. The people of Cologne stand along the carnival procession and catch the sweets and bouquets to take them home with them. They are all dressed up and shout \u201cK\u00f6lle Alaaf\u201d.<\/p>\n<\/div><\/details>\n\n\n\n<details class=\"wp-block-themeisle-blocks-accordion-item\"><summary class=\"wp-block-themeisle-blocks-accordion-item__title\"><div><strong>K\u00f6lsch<\/strong><\/div><\/summary><div class=\"wp-block-themeisle-blocks-accordion-item__content\">\n<h3 class=\"wp-block-heading\">K\u00f6lsch<\/h3>\n\n\n\n<h4 class=\"wp-block-heading\">Explanation<\/h4>\n\n\n\n<p>K\u00f6lsch is both a type of beer and the language of the people of Cologne.<br>K\u00f6lsch beer is traditionally drunk in a tall, narrow glass. The glass is called a K\u00f6lsch glass or K\u00f6lsch bar. The glass holds 0.2 liters.<\/p>\n\n\n\n<p>The K\u00f6lsch language is a German dialect. It is mainly spoken in Cologne and the surrounding area. Most Cologne carnival songs are in the K\u00f6lsch language. You don&#8217;t have to learn the language, but sometimes it can be helpful to know a few K\u00f6lsch words.<br>So here is a selection of Cologne words and their translations:<br><\/p>\n\n\n\n<figure class=\"wp-block-table\"><table class=\"has-white-background-color has-background\"><tbody><tr><td>Kiosk<\/td><td>B\u00fcdchen<\/td><\/tr><tr><td>(City) district<\/td><td>Veedel<\/td><\/tr><tr><td>Beer waiter<\/td><td>K\u00f6bes<\/td><\/tr><tr><td>Storytelling<\/td><td>verz\u00e4hlen<\/td><\/tr><tr><td>Kiss, little kiss<\/td><td>B\u00fctzje<\/td><\/tr><tr><td>A person who talks a lot<\/td><td>Schwaatlappe<\/td><\/tr><tr><td>being on the road, traveling<\/td><td>op J\u00f6ck<\/td><\/tr><tr><td>crazy<\/td><td>jeck<\/td><\/tr><tr><td>Black pudding<\/td><td>Fl\u00f6nz<\/td><\/tr><tr><td>a 10-liter K\u00f6lsch keg<\/td><td>Pitterm\u00e4nnchen<\/td><\/tr><tr><td>People who were not<br>born in Cologne,<br>but now live in Cologne<\/td><td>Imi<\/td><\/tr><tr><td>Scaredy-cat<\/td><td>Bangedresser<\/td><\/tr><tr><td>Person who is constantly in a bad mood<\/td><td>Dr\u00f6\u00f6vsack<\/td><\/tr><tr><td>Show-off<\/td><td>Strunzb\u00fcggel<\/td><\/tr><tr><td>Pukes<\/td><td>Kotzk\u00fcmpsche<\/td><\/tr><\/tbody><\/table><\/figure>\n<\/div><\/details>\n<\/div>\n\n\n\n<div class=\"wp-block-buttons is-horizontal is-content-justification-left is-layout-flex wp-container-core-buttons-is-layout-7e5fce0a wp-block-buttons-is-layout-flex\">\n<div class=\"wp-block-button has-custom-font-size has-small-font-size\"><a class=\"wp-block-button__link has-background wp-element-button\" href=\"https:\/\/behinderung-und-flucht.isl-ev.de\/kulturguide\/koeln\/\" style=\"border-radius:55px;background-color:#91025b;padding-top:var(--wp--preset--spacing--20);padding-right:var(--wp--preset--spacing--20);padding-bottom:var(--wp--preset--spacing--20);padding-left:var(--wp--preset--spacing--20)\">Back to overview<\/a><\/div>\n<\/div>\n","protected":false},"excerpt":{"rendered":"","protected":false},"author":1,"featured_media":0,"parent":5674,"menu_order":0,"comment_status":"closed","ping_status":"closed","template":"","meta":{"ub_ctt_via":"","inline_featured_image":false,"_themeisle_gutenberg_block_has_review":false,"_mc_calendar":[],"footnotes":""},"categories":[],"tags":[],"class_list":["post-5568","page","type-page","status-publish","hentry","entry"],"featured_image_src":null,"yoast_head":"<!-- This site is optimized with the Yoast SEO plugin v21.4 - https:\/\/yoast.com\/wordpress\/plugins\/seo\/ -->\n<title>Living in Cologne - Infoseite der Interessenvertretung Selbstbestimmt Leben in Deutschland e.V.<\/title>\n<meta name=\"robots\" content=\"index, follow, max-snippet:-1, max-image-preview:large, max-video-preview:-1\" \/>\n<link rel=\"canonical\" href=\"https:\/\/behinderung-und-flucht.isl-ev.de\/en\/kulturguide\/cologne\/living-in-cologne\/\" \/>\n<meta property=\"og:locale\" content=\"en_US\" \/>\n<meta property=\"og:type\" content=\"article\" \/>\n<meta property=\"og:title\" content=\"Living in Cologne - Infoseite der Interessenvertretung Selbstbestimmt Leben in Deutschland e.V.\" \/>\n<meta property=\"og:url\" content=\"https:\/\/behinderung-und-flucht.isl-ev.de\/en\/kulturguide\/cologne\/living-in-cologne\/\" \/>\n<meta property=\"og:site_name\" content=\"Infoseite der Interessenvertretung Selbstbestimmt Leben in Deutschland e.V.\" \/>\n<meta property=\"article:modified_time\" content=\"2025-01-27T19:21:48+00:00\" \/>\n<meta name=\"twitter:card\" content=\"summary_large_image\" \/>\n<meta name=\"twitter:label1\" content=\"Est. reading time\" \/>\n\t<meta name=\"twitter:data1\" content=\"7 minutes\" \/>\n<script type=\"application\/ld+json\" class=\"yoast-schema-graph\">{\"@context\":\"https:\/\/schema.org\",\"@graph\":[{\"@type\":\"WebPage\",\"@id\":\"https:\/\/behinderung-und-flucht.isl-ev.de\/en\/kulturguide\/cologne\/living-in-cologne\/\",\"url\":\"https:\/\/behinderung-und-flucht.isl-ev.de\/en\/kulturguide\/cologne\/living-in-cologne\/\",\"name\":\"Living in Cologne - Infoseite der Interessenvertretung Selbstbestimmt Leben in Deutschland e.V.\",\"isPartOf\":{\"@id\":\"https:\/\/behinderung-und-flucht.isl-ev.de\/en\/#website\"},\"datePublished\":\"2023-02-21T21:19:51+00:00\",\"dateModified\":\"2025-01-27T19:21:48+00:00\",\"breadcrumb\":{\"@id\":\"https:\/\/behinderung-und-flucht.isl-ev.de\/en\/kulturguide\/cologne\/living-in-cologne\/#breadcrumb\"},\"inLanguage\":\"en-US\",\"potentialAction\":[{\"@type\":\"ReadAction\",\"target\":[\"https:\/\/behinderung-und-flucht.isl-ev.de\/en\/kulturguide\/cologne\/living-in-cologne\/\"]}]},{\"@type\":\"BreadcrumbList\",\"@id\":\"https:\/\/behinderung-und-flucht.isl-ev.de\/en\/kulturguide\/cologne\/living-in-cologne\/#breadcrumb\",\"itemListElement\":[{\"@type\":\"ListItem\",\"position\":1,\"name\":\"Startseite\",\"item\":\"https:\/\/behinderung-und-flucht.isl-ev.de\/en\/\"},{\"@type\":\"ListItem\",\"position\":2,\"name\":\"Living in Cologne\"}]},{\"@type\":\"WebSite\",\"@id\":\"https:\/\/behinderung-und-flucht.isl-ev.de\/en\/#website\",\"url\":\"https:\/\/behinderung-und-flucht.isl-ev.de\/en\/\",\"name\":\"Infoseite f\u00fcr gefl\u00fcchtete Menschen mit Behinderungen oder chronischen Erkrankungen\",\"description\":\"Informationen f\u00fcr gefl\u00fcchtete Menschen mit Behinderungen oder chronischen Erkrankungen\",\"publisher\":{\"@id\":\"https:\/\/behinderung-und-flucht.isl-ev.de\/en\/#organization\"},\"alternateName\":\"Infoseite f\u00fcr gefl\u00fcchtete Menschen mit Behinderungen\",\"potentialAction\":[{\"@type\":\"SearchAction\",\"target\":{\"@type\":\"EntryPoint\",\"urlTemplate\":\"https:\/\/behinderung-und-flucht.isl-ev.de\/en\/?s={search_term_string}\"},\"query-input\":\"required name=search_term_string\"}],\"inLanguage\":\"en-US\"},{\"@type\":\"Organization\",\"@id\":\"https:\/\/behinderung-und-flucht.isl-ev.de\/en\/#organization\",\"name\":\"Infoseite der Interessenvertretung Selbstbestimmt Leben in Deutschland e.V.\",\"url\":\"https:\/\/behinderung-und-flucht.isl-ev.de\/en\/\",\"logo\":{\"@type\":\"ImageObject\",\"inLanguage\":\"en-US\",\"@id\":\"https:\/\/behinderung-und-flucht.isl-ev.de\/en\/#\/schema\/logo\/image\/\",\"url\":\"https:\/\/behinderung-und-flucht.isl-ev.de\/wp-content\/uploads\/2022\/09\/logo-infoseite-04.svg\",\"contentUrl\":\"https:\/\/behinderung-und-flucht.isl-ev.de\/wp-content\/uploads\/2022\/09\/logo-infoseite-04.svg\",\"caption\":\"Infoseite der Interessenvertretung Selbstbestimmt Leben in Deutschland e.V.\"},\"image\":{\"@id\":\"https:\/\/behinderung-und-flucht.isl-ev.de\/en\/#\/schema\/logo\/image\/\"}}]}<\/script>\n<!-- \/ Yoast SEO plugin. -->","yoast_head_json":{"title":"Living in Cologne - Infoseite der Interessenvertretung Selbstbestimmt Leben in Deutschland e.V.","robots":{"index":"index","follow":"follow","max-snippet":"max-snippet:-1","max-image-preview":"max-image-preview:large","max-video-preview":"max-video-preview:-1"},"canonical":"https:\/\/behinderung-und-flucht.isl-ev.de\/en\/kulturguide\/cologne\/living-in-cologne\/","og_locale":"en_US","og_type":"article","og_title":"Living in Cologne - Infoseite der Interessenvertretung Selbstbestimmt Leben in Deutschland e.V.","og_url":"https:\/\/behinderung-und-flucht.isl-ev.de\/en\/kulturguide\/cologne\/living-in-cologne\/","og_site_name":"Infoseite der Interessenvertretung Selbstbestimmt Leben in Deutschland e.V.","article_modified_time":"2025-01-27T19:21:48+00:00","twitter_card":"summary_large_image","twitter_misc":{"Est. reading time":"7 minutes"},"schema":{"@context":"https:\/\/schema.org","@graph":[{"@type":"WebPage","@id":"https:\/\/behinderung-und-flucht.isl-ev.de\/en\/kulturguide\/cologne\/living-in-cologne\/","url":"https:\/\/behinderung-und-flucht.isl-ev.de\/en\/kulturguide\/cologne\/living-in-cologne\/","name":"Living in Cologne - Infoseite der Interessenvertretung Selbstbestimmt Leben in Deutschland e.V.","isPartOf":{"@id":"https:\/\/behinderung-und-flucht.isl-ev.de\/en\/#website"},"datePublished":"2023-02-21T21:19:51+00:00","dateModified":"2025-01-27T19:21:48+00:00","breadcrumb":{"@id":"https:\/\/behinderung-und-flucht.isl-ev.de\/en\/kulturguide\/cologne\/living-in-cologne\/#breadcrumb"},"inLanguage":"en-US","potentialAction":[{"@type":"ReadAction","target":["https:\/\/behinderung-und-flucht.isl-ev.de\/en\/kulturguide\/cologne\/living-in-cologne\/"]}]},{"@type":"BreadcrumbList","@id":"https:\/\/behinderung-und-flucht.isl-ev.de\/en\/kulturguide\/cologne\/living-in-cologne\/#breadcrumb","itemListElement":[{"@type":"ListItem","position":1,"name":"Startseite","item":"https:\/\/behinderung-und-flucht.isl-ev.de\/en\/"},{"@type":"ListItem","position":2,"name":"Living in Cologne"}]},{"@type":"WebSite","@id":"https:\/\/behinderung-und-flucht.isl-ev.de\/en\/#website","url":"https:\/\/behinderung-und-flucht.isl-ev.de\/en\/","name":"Infoseite f\u00fcr gefl\u00fcchtete Menschen mit Behinderungen oder chronischen Erkrankungen","description":"Informationen f\u00fcr gefl\u00fcchtete Menschen mit Behinderungen oder chronischen Erkrankungen","publisher":{"@id":"https:\/\/behinderung-und-flucht.isl-ev.de\/en\/#organization"},"alternateName":"Infoseite f\u00fcr gefl\u00fcchtete Menschen mit Behinderungen","potentialAction":[{"@type":"SearchAction","target":{"@type":"EntryPoint","urlTemplate":"https:\/\/behinderung-und-flucht.isl-ev.de\/en\/?s={search_term_string}"},"query-input":"required name=search_term_string"}],"inLanguage":"en-US"},{"@type":"Organization","@id":"https:\/\/behinderung-und-flucht.isl-ev.de\/en\/#organization","name":"Infoseite der Interessenvertretung Selbstbestimmt Leben in Deutschland e.V.","url":"https:\/\/behinderung-und-flucht.isl-ev.de\/en\/","logo":{"@type":"ImageObject","inLanguage":"en-US","@id":"https:\/\/behinderung-und-flucht.isl-ev.de\/en\/#\/schema\/logo\/image\/","url":"https:\/\/behinderung-und-flucht.isl-ev.de\/wp-content\/uploads\/2022\/09\/logo-infoseite-04.svg","contentUrl":"https:\/\/behinderung-und-flucht.isl-ev.de\/wp-content\/uploads\/2022\/09\/logo-infoseite-04.svg","caption":"Infoseite der Interessenvertretung Selbstbestimmt Leben in Deutschland e.V."},"image":{"@id":"https:\/\/behinderung-und-flucht.isl-ev.de\/en\/#\/schema\/logo\/image\/"}}]}},"_links":{"self":[{"href":"https:\/\/behinderung-und-flucht.isl-ev.de\/en\/wp-json\/wp\/v2\/pages\/5568","targetHints":{"allow":["GET"]}}],"collection":[{"href":"https:\/\/behinderung-und-flucht.isl-ev.de\/en\/wp-json\/wp\/v2\/pages"}],"about":[{"href":"https:\/\/behinderung-und-flucht.isl-ev.de\/en\/wp-json\/wp\/v2\/types\/page"}],"author":[{"embeddable":true,"href":"https:\/\/behinderung-und-flucht.isl-ev.de\/en\/wp-json\/wp\/v2\/users\/1"}],"replies":[{"embeddable":true,"href":"https:\/\/behinderung-und-flucht.isl-ev.de\/en\/wp-json\/wp\/v2\/comments?post=5568"}],"version-history":[{"count":1,"href":"https:\/\/behinderung-und-flucht.isl-ev.de\/en\/wp-json\/wp\/v2\/pages\/5568\/revisions"}],"predecessor-version":[{"id":5569,"href":"https:\/\/behinderung-und-flucht.isl-ev.de\/en\/wp-json\/wp\/v2\/pages\/5568\/revisions\/5569"}],"up":[{"embeddable":true,"href":"https:\/\/behinderung-und-flucht.isl-ev.de\/en\/wp-json\/wp\/v2\/pages\/5674"}],"wp:attachment":[{"href":"https:\/\/behinderung-und-flucht.isl-ev.de\/en\/wp-json\/wp\/v2\/media?parent=5568"}],"wp:term":[{"taxonomy":"category","embeddable":true,"href":"https:\/\/behinderung-und-flucht.isl-ev.de\/en\/wp-json\/wp\/v2\/categories?post=5568"},{"taxonomy":"post_tag","embeddable":true,"href":"https:\/\/behinderung-und-flucht.isl-ev.de\/en\/wp-json\/wp\/v2\/tags?post=5568"}],"curies":[{"name":"wp","href":"https:\/\/api.w.org\/{rel}","templated":true}]}}