{"id":5560,"date":"2023-10-30T21:34:02","date_gmt":"2023-10-30T20:34:02","guid":{"rendered":"https:\/\/behinderung-und-flucht.isl-ev.de\/?page_id=5560"},"modified":"2025-01-22T22:04:11","modified_gmt":"2025-01-22T21:04:11","slug":"concert","status":"publish","type":"page","link":"https:\/\/behinderung-und-flucht.isl-ev.de\/en\/kulturguide\/berlin\/concert\/","title":{"rendered":"Concert"},"content":{"rendered":"\n<p><\/p>\n\n\n\n<div id=\"wp-block-themeisle-blocks-accordion-35e4df50\" data-has-schema=\"false\" class=\"wp-block-themeisle-blocks-accordion exclusive has-gap\">\n<details class=\"wp-block-themeisle-blocks-accordion-item\"><summary class=\"wp-block-themeisle-blocks-accordion-item__title\"><h2><strong>Lido<\/strong> <img decoding=\"async\" class=\"wp-image-2999\" style=\"width: 60px\" src=\"https:\/\/behinderung-und-flucht.isl-ev.de\/wp-content\/uploads\/2023\/02\/WKU-Icons_Zugaenglich-mit-Rollstuhl.svg\" alt=\"Zug\u00e4nglich mit Rollstuhl Den Gast erwarten keine Treppen, ggfs. ist eine Rampe vorhanden.\"><img decoding=\"async\" class=\"wp-image-2931\" style=\"width: 60px\" src=\"https:\/\/behinderung-und-flucht.isl-ev.de\/wp-content\/uploads\/2023\/02\/WKU-Icons_Barrierefreie-Toilette.svg\" alt=\"Barrierefreie Toilette Die Toilette ist barrierefrei zug\u00e4nglich und rollstuhlgerecht eingerichtet\"><\/h2><\/summary><div class=\"wp-block-themeisle-blocks-accordion-item__content\">\n<h3 class=\"wp-block-heading\">Lido<\/h3>\n\n\n\n<h4 class=\"wp-block-heading\">Erkl\u00e4rung<\/h4>\n\n\n\n<p>Das Lido war fr\u00fcher ein gut besuchtes Kino, inzwischen finden hier Konzerte verschiedenster K\u00fcnstler*innen und Bands statt. Aber auch Partys zu verschiedenen Musikrichtungen k\u00f6nnen hier regelm\u00e4\u00dfig besucht werden. Es haben bis zu 600 Besucher*innen im Lido Platz.<\/p>\n\n\n\n<div class=\"wp-block-columns is-style-default is-layout-flex wp-container-core-columns-is-layout-9d6595d7 wp-block-columns-is-layout-flex\">\n<div class=\"wp-block-column is-layout-flow wp-block-column-is-layout-flow\">\n<h4 class=\"wp-block-heading\"><strong>Barrierefreiheit<\/strong><\/h4>\n\n\n\n<figure class=\"wp-block-table\"><table class=\"has-white-background-color has-background\"><tbody><tr><td><img decoding=\"async\" class=\"wp-image-2999\" style=\"width: 150px\" src=\"https:\/\/behinderung-und-flucht.isl-ev.de\/wp-content\/uploads\/2023\/02\/WKU-Icons_Zugaenglich-mit-Rollstuhl.svg\" alt=\"Zug\u00e4nglich mit Rollstuhl Den Gast erwarten keine Treppen, ggfs. ist eine Rampe vorhanden.\"><\/td><td>mit Rollstuhl zug\u00e4nglich<\/td><\/tr><tr><td><img decoding=\"async\" class=\"wp-image-2931\" style=\"width: NaNpx\" src=\"https:\/\/behinderung-und-flucht.isl-ev.de\/wp-content\/uploads\/2023\/02\/WKU-Icons_Barrierefreie-Toilette.svg\" alt=\"Barrierefreie Toilette Die Toilette ist barrierefrei zug\u00e4nglich und rollstuhlgerecht eingerichtet\"><\/td><td>barrierefreie Toilette<\/td><\/tr><\/tbody><\/table><\/figure>\n\n\n\n<p><strong>Weitere Hinweise zur Barrierefreiheit<\/strong><\/p>\n\n\n\n<ul class=\"wp-block-list\">\n<li>am Eingang gibt es eine Stufe, diese kann mit einer mobilen Rampe \u00fcberwunden werden. Das Security-Personal am Einlass ist dabei behilflich<\/li>\n\n\n\n<li>die barrierefreie Toilette befindet sich im Backstagebereich. Der Zugang dazu muss beim Personal erfragt werden. Das WC hat nur auf der rechten Seite einen Haltegriff<\/li>\n\n\n\n<li>ob die Begleitperson freien Eintritt hat muss beim jeweiligen Veranstalter erfragt werden<\/li>\n<\/ul>\n<\/div>\n\n\n\n<div class=\"wp-block-column is-layout-flow wp-block-column-is-layout-flow\">\n<h4 class=\"wp-block-heading\">Kontaktdaten<\/h4>\n\n\n\n<p>Cuvrystra\u00dfe 7<\/p>\n\n\n\n<p>10997 Berlin<\/p>\n\n\n\n<p>Telefon: 00 49 30 69 56 68 40 (kein Ticketverkauf)<\/p>\n\n\n\n<p>Mail: <a href=\"mailto:info@lido-berlin.de\">info@lido-berlin.de<\/a><\/p>\n\n\n\n<p>Website: <a href=\"https:\/\/www.lido-berlin.de\/\">https:\/\/www.lido-berlin.de\/<\/a><\/p>\n\n\n\n<h4 class=\"wp-block-heading\"><strong>\u00d6ffnungszeiten<\/strong><\/h4>\n\n\n\n<p>Unterschiedlich je nach Veranstaltung<\/p>\n\n\n\n<h4 class=\"wp-block-heading\"><strong>Erreichbarkeit mit \u00f6ffentlichen Verkehrsmitteln<\/strong><\/h4>\n\n\n\n<p>Haltestelle: Falckensteinstr.<\/p>\n\n\n\n<p>Bus: 165, 265, N60, N65<\/p>\n\n\n\n<p>Haltestelle: Schlesisches Tor<\/p>\n\n\n\n<p>U-Bahn: U1, U3<\/p>\n\n\n\n<p>Bus: 165, 265, N1, N60, N65<\/p>\n\n\n\n<h4 class=\"wp-block-heading\"><strong>Erm\u00e4\u00dfigung mit dem Berlin-Ticket S<\/strong><\/h4>\n\n\n\n<p>Nein<\/p>\n\n\n\n<h4 class=\"wp-block-heading\"><strong>Angebot f\u00fcr Gefl\u00fcchtete<\/strong><\/h4>\n\n\n\n<p>Nein<\/p>\n\n\n\n<h4 class=\"wp-block-heading\"><strong>Eintritt<\/strong><\/h4>\n\n\n\n<p>Unterschiedlich, je nach Veranstaltung<\/p>\n<\/div>\n<\/div>\n<\/div><\/details>\n\n\n\n<details class=\"wp-block-themeisle-blocks-accordion-item\"><summary class=\"wp-block-themeisle-blocks-accordion-item__title\"><h2><strong>SO36<\/strong><img decoding=\"async\" class=\"wp-image-2991\" style=\"width: 60px;\" src=\"https:\/\/behinderung-und-flucht.isl-ev.de\/wp-content\/uploads\/2023\/02\/WKU-Icons_Sensible-Umgebung.svg\" alt=\"Sensible Umgebung Die Umgebung ist durch sensibilisiertes Personal diskriminierungsfrei gestaltet.\"><img decoding=\"async\" class=\"wp-image-2911\" style=\"width: 60px;\" src=\"https:\/\/behinderung-und-flucht.isl-ev.de\/wp-content\/uploads\/2023\/02\/WKU-Icons_Assistenzhund-willkommen.svg\" alt=\"Assistenzhund willkommen Es ist m\u00f6glich einen Assistenzhund mitzuf\u00fchren.\"><img decoding=\"async\" class=\"wp-image-2943\" style=\"width: 60px;\" src=\"https:\/\/behinderung-und-flucht.isl-ev.de\/wp-content\/uploads\/2023\/02\/WKU-Icons_Begleitperson-frei.svg\" alt=\"Begleitperson frei lnhaber*innen eines Schwerbehindertenausweises k\u00f6nnen eine Begleitperson kostenfrei mitbringen.\"><img decoding=\"async\" class=\"wp-image-2931\" style=\"width: 60px;\" src=\"https:\/\/behinderung-und-flucht.isl-ev.de\/wp-content\/uploads\/2023\/02\/WKU-Icons_Barrierefreie-Toilette.svg\" alt=\"Barrierefreie Toilette Die Toilette ist barrierefrei zug\u00e4nglich und rollstuhlgerecht eingerichtet\"><img decoding=\"async\" class=\"wp-image-2955\" style=\"width: 60px;\" src=\"https:\/\/behinderung-und-flucht.isl-ev.de\/wp-content\/uploads\/2023\/02\/WKU-Icons_Erhoehtes-Podest.svg\" alt=\"Erh\u00f6htes Podest Die Veranstaltungsst\u00e4tte verf\u00fcgt \u00fcber ein mit Rollstuhl befahr-bares, erh\u00f6htes Podest mit Blick auf die B\u00fchne.\"><img decoding=\"async\" class=\"wp-image-2931\" style=\"width: 60px;\" src=\"https:\/\/behinderung-und-flucht.isl-ev.de\/wp-content\/uploads\/2023\/02\/WKU-Icons_Barrierefreie-Toilette.svg\" alt=\"Barrierefreie Toilette Die Toilette ist barrierefrei zug\u00e4nglich und rollstuhlgerecht eingerichtet\"><\/h2><\/summary><div class=\"wp-block-themeisle-blocks-accordion-item__content\">\n<h3 class=\"wp-block-heading\">SO36<\/h3>\n\n\n\n<h4 class=\"wp-block-heading\">Erkl\u00e4rung<\/h4>\n\n\n\n<p>Das SO36 ist aus dem Berliner Nachtleben nicht mehr wegzudenken. Hier sind Konzerte verschiedener Musikrichtungen zu erleben: Punk, Rock, HipHop, Crossover, Techno und vieles mehr. Dabei treten sowohl bekannte K\u00fcnstler*innen, als auch Newcomer Bands auf der B\u00fchne auf. Au\u00dferdem findet im SO36 regelm\u00e4\u00dfig ein Flohmarkt statt.<\/p>\n\n\n\n<div class=\"wp-block-columns is-style-default is-layout-flex wp-container-core-columns-is-layout-9d6595d7 wp-block-columns-is-layout-flex\">\n<div class=\"wp-block-column is-layout-flow wp-block-column-is-layout-flow\">\n<h4 class=\"wp-block-heading\"><strong>Barrierefreiheit<\/strong><\/h4>\n\n\n\n<figure class=\"wp-block-table\"><table class=\"has-white-background-color has-background\"><tbody><tr><td><img decoding=\"async\" class=\"wp-image-2991\" style=\"width: 150px;\" src=\"https:\/\/behinderung-und-flucht.isl-ev.de\/wp-content\/uploads\/2023\/02\/WKU-Icons_Sensible-Umgebung.svg\" alt=\"Sensible Umgebung Die Umgebung ist durch sensibilisiertes Personal diskriminierungsfrei gestaltet.\"><\/td><td>sensible Umgebung<\/td><\/tr><tr><td><img decoding=\"async\" class=\"wp-image-2911\" style=\"width: NaNpx;\" src=\"https:\/\/behinderung-und-flucht.isl-ev.de\/wp-content\/uploads\/2023\/02\/WKU-Icons_Assistenzhund-willkommen.svg\" alt=\"Assistenzhund willkommen Es ist m\u00f6glich einen Assistenzhund mitzuf\u00fchren.\"><\/td><td>Assistenzhunde willkommen<\/td><\/tr><tr><td><img decoding=\"async\" class=\"wp-image-2943\" style=\"width: NaNpx;\" src=\"https:\/\/behinderung-und-flucht.isl-ev.de\/wp-content\/uploads\/2023\/02\/WKU-Icons_Begleitperson-frei.svg\" alt=\"Begleitperson frei lnhaber*innen eines Schwerbehindertenausweises k\u00f6nnen eine Begleitperson kostenfrei mitbringen.\"><\/td><td>Begleitperson frei<\/td><\/tr><tr><td><img decoding=\"async\" class=\"wp-image-2931\" style=\"width: NaNpx;\" src=\"https:\/\/behinderung-und-flucht.isl-ev.de\/wp-content\/uploads\/2023\/02\/WKU-Icons_Barrierefreie-Toilette.svg\" alt=\"Barrierefreie Toilette Die Toilette ist barrierefrei zug\u00e4nglich und rollstuhlgerecht eingerichtet\"><\/td><td>zug\u00e4nglich mit Rollstuhl<\/td><\/tr><tr><td><img decoding=\"async\" class=\"wp-image-2955\" style=\"width: NaNpx;\" src=\"https:\/\/behinderung-und-flucht.isl-ev.de\/wp-content\/uploads\/2023\/02\/WKU-Icons_Erhoehtes-Podest.svg\" alt=\"Erh\u00f6htes Podest Die Veranstaltungsst\u00e4tte verf\u00fcgt \u00fcber ein mit Rollstuhl befahr-bares, erh\u00f6htes Podest mit Blick auf die B\u00fchne.\"><\/td><td>erh\u00f6htes Podest<\/td><\/tr><tr><td><img decoding=\"async\" class=\"wp-image-2931\" style=\"width: NaNpx;\" src=\"https:\/\/behinderung-und-flucht.isl-ev.de\/wp-content\/uploads\/2023\/02\/WKU-Icons_Barrierefreie-Toilette.svg\" alt=\"Barrierefreie Toilette Die Toilette ist barrierefrei zug\u00e4nglich und rollstuhlgerecht eingerichtet\"><\/td><td>barrierefreie Toilette<\/td><\/tr><\/tbody><\/table><\/figure>\n\n\n\n<p><strong>Weitere Hinweise zur Barrierefreiheit<\/strong><\/p>\n\n\n\n<ul class=\"wp-block-list\">\n<li>aktuelle Informationen zur Barrierefreiheit:<a href=\"https:\/\/www.so36.com\/barrierefreiheit\">https:\/\/www.so36.com\/barrierefreiheit<\/a><\/li>\n\n\n\n<li>es sind Sitzs\u00e4cke als <strong>alternative Sitzm\u00f6glichkeiten<\/strong> vorhanden, sollten Sie diese nutzen wollen, m\u00fcssen Sie dies vor Ihrem Besuch anmelden (telefonisch unter 00 49 30 61 40 13 06 oder via E-Mail an post@so36.de)<\/li>\n\n\n\n<li>sollten Sie ein <strong>erh\u00f6hten Podest<\/strong> ben\u00f6tigen, m\u00fcssen Sie dies vorher anmelden (telefonisch unter 00 49 30 61 40 13 06 oder via E-Mail an post@so36.de)<\/li>\n<\/ul>\n<\/div>\n\n\n\n<div class=\"wp-block-column is-layout-flow wp-block-column-is-layout-flow\">\n<h4 class=\"wp-block-heading\">Kontaktdaten<\/h4>\n\n\n\n<p>Oranienstra\u00dfe 190<\/p>\n\n\n\n<p>10999 Berlin<\/p>\n\n\n\n<p>Telefon: 030 61 40 13 06<\/p>\n\n\n\n<p>E-Mail: <a href=\"mailto:post@so36.de\">post@so36.de<\/a><\/p>\n\n\n\n<p>Website: <a href=\"http:\/\/www.so36.de\">www.so36.de<\/a><\/p>\n\n\n\n<h4 class=\"wp-block-heading\"><strong>\u00d6ffnungszeiten<\/strong><\/h4>\n\n\n\n<p>Unterschiedlich, je nach Veranstaltung<\/p>\n\n\n\n<h4 class=\"wp-block-heading\"><strong>Erreichbarkeit mit \u00f6ffentlichen Verkehrsmitteln<\/strong><\/h4>\n\n\n\n<p>Haltestelle: Heinrichplatz<\/p>\n\n\n\n<p>Bus: M29<\/p>\n\n\n\n<p>Haltestelle: Kottbusser Tor<\/p>\n\n\n\n<p>U-Bahn: U1, U3, U8<\/p>\n\n\n\n<p>Bus: 140, N1, N8<\/p>\n\n\n\n<h4 class=\"wp-block-heading\"><strong>Erm\u00e4\u00dfigung mit dem Berlin-Ticket S<\/strong><\/h4>\n\n\n\n<p>Nein<\/p>\n\n\n\n<h4 class=\"wp-block-heading\"><strong>Angebot f\u00fcr Gefl\u00fcchtete<\/strong><\/h4>\n\n\n\n<p>Nein<\/p>\n\n\n\n<h4 class=\"wp-block-heading\"><strong>Eintritt<\/strong><\/h4>\n\n\n\n<p>Unterschiedlich, je nach Veranstaltung<\/p>\n<\/div>\n<\/div>\n<\/div><\/details>\n\n\n\n<details class=\"wp-block-themeisle-blocks-accordion-item\"><summary class=\"wp-block-themeisle-blocks-accordion-item__title\"><h2><strong>Astra Kulturhaus<\/strong><img decoding=\"async\" class=\"wp-image-2999\" style=\"width: 60px\" src=\"https:\/\/behinderung-und-flucht.isl-ev.de\/wp-content\/uploads\/2023\/02\/WKU-Icons_Zugaenglich-mit-Rollstuhl.svg\" alt=\"Zug\u00e4nglich mit Rollstuhl Den Gast erwarten keine Treppen, ggfs. ist eine Rampe vorhanden.\"><img decoding=\"async\" class=\"wp-image-2947\" style=\"width: 60px\" src=\"https:\/\/behinderung-und-flucht.isl-ev.de\/wp-content\/uploads\/2023\/02\/WKU-Icons_Behindertenparkplaetze-vorhanden.svg\" alt=\"Behindertenparkpl\u00e4tze vorhanden Es stehen gekennzeichnete Parkpl\u00e4tze in Eingangsn\u00e4he zur Verf\u00fcgung.\"><img decoding=\"async\" class=\"wp-image-2955\" style=\"width: 60px\" src=\"https:\/\/behinderung-und-flucht.isl-ev.de\/wp-content\/uploads\/2023\/02\/WKU-Icons_Erhoehtes-Podest.svg\" alt=\"Erh\u00f6htes Podest Die Veranstaltungsst\u00e4tte verf\u00fcgt \u00fcber ein mit Rollstuhl befahr-bares, erh\u00f6htes Podest mit Blick auf die B\u00fchne.\"><img decoding=\"async\" class=\"wp-image-2931\" style=\"width: 60px\" src=\"https:\/\/behinderung-und-flucht.isl-ev.de\/wp-content\/uploads\/2023\/02\/WKU-Icons_Barrierefreie-Toilette.svg\" alt=\"Barrierefreie Toilette Die Toilette ist barrierefrei zug\u00e4nglich und rollstuhlgerecht eingerichtet\"><\/h2><\/summary><div class=\"wp-block-themeisle-blocks-accordion-item__content\">\n<h3 class=\"wp-block-heading\">Astra Kulturhaus<\/h3>\n\n\n\n<h4 class=\"wp-block-heading\">Erkl\u00e4rung<\/h4>\n\n\n\n<p>Im Astra finden Konzerte von verschiedenen K\u00fcnstler*innen und Bands statt. Haupts\u00e4chlich kommen diese aus den Bereichen Pop und Rock. Regelm\u00e4\u00dfige Partys mit unterschiedlichen Mottos runden das kulturelle Angebot ab. 1500 Besucher*innen haben im Astra Platz.<\/p>\n\n\n\n<div class=\"wp-block-columns is-style-default is-layout-flex wp-container-core-columns-is-layout-9d6595d7 wp-block-columns-is-layout-flex\">\n<div class=\"wp-block-column is-layout-flow wp-block-column-is-layout-flow\">\n<h4 class=\"wp-block-heading\"><strong>Barrierefreiheit<\/strong><\/h4>\n\n\n\n<figure class=\"wp-block-table\"><table class=\"has-white-background-color has-background\"><tbody><tr><td><img decoding=\"async\" class=\"wp-image-2947\" style=\"width: 150px\" src=\"https:\/\/behinderung-und-flucht.isl-ev.de\/wp-content\/uploads\/2023\/02\/WKU-Icons_Behindertenparkplaetze-vorhanden.svg\" alt=\"Behindertenparkpl\u00e4tze vorhanden Es stehen gekennzeichnete Parkpl\u00e4tze in Eingangsn\u00e4he zur Verf\u00fcgung.\"><\/td><td>barrierefreier Parkplatz<\/td><\/tr><tr><td><img decoding=\"async\" class=\"wp-image-2999\" style=\"width: NaNpx\" src=\"https:\/\/behinderung-und-flucht.isl-ev.de\/wp-content\/uploads\/2023\/02\/WKU-Icons_Zugaenglich-mit-Rollstuhl.svg\" alt=\"Zug\u00e4nglich mit Rollstuhl Den Gast erwarten keine Treppen, ggfs. ist eine Rampe vorhanden.\"><\/td><td>zug\u00e4nglich mit Rollstuhl<\/td><\/tr><tr><td><img decoding=\"async\" class=\"wp-image-2955\" style=\"width: NaNpx\" src=\"https:\/\/behinderung-und-flucht.isl-ev.de\/wp-content\/uploads\/2023\/02\/WKU-Icons_Erhoehtes-Podest.svg\" alt=\"Erh\u00f6htes Podest Die Veranstaltungsst\u00e4tte verf\u00fcgt \u00fcber ein mit Rollstuhl befahr-bares, erh\u00f6htes Podest mit Blick auf die B\u00fchne.\"><\/td><td>erh\u00f6htes Podest<\/td><\/tr><tr><td><img decoding=\"async\" class=\"wp-image-2931\" style=\"width: NaNpx\" src=\"https:\/\/behinderung-und-flucht.isl-ev.de\/wp-content\/uploads\/2023\/02\/WKU-Icons_Barrierefreie-Toilette.svg\" alt=\"Barrierefreie Toilette Die Toilette ist barrierefrei zug\u00e4nglich und rollstuhlgerecht eingerichtet\"><\/td><td>barrierefreie Toilette<\/td><\/tr><\/tbody><\/table><\/figure>\n\n\n\n<p><strong>Weitere Hinweise zur Barrierefreiheit<\/strong><\/p>\n\n\n\n<ul class=\"wp-block-list\">\n<li>wenn Sie einen barrierefreien Parkplatz ben\u00f6tigen, m\u00fcssen Sie diesen beim Astra anfragen, da dieser nicht regul\u00e4r vorhanden ist<\/li>\n\n\n\n<li>ob die Begleitperson freien Eintritt hat muss beim jeweiligen Veranstalter erfragt werden<\/li>\n\n\n\n<li>die barrierefreie Toilette ist nur von vorne anfahrbar und es ist keine Notrufleine vorhanden<\/li>\n<\/ul>\n<\/div>\n\n\n\n<div class=\"wp-block-column is-layout-flow wp-block-column-is-layout-flow\">\n<h4 class=\"wp-block-heading\">Kontaktdaten<\/h4>\n\n\n\n<p>Revaler Str. 99<\/p>\n\n\n\n<p>10245 Berlin<\/p>\n\n\n\n<p>Telefon: 00 49 30 200 56 767 (kein Ticketverkauf)<\/p>\n\n\n\n<p>E-Mail: info@astra-berlin.de<\/p>\n\n\n\n<p>Website: <a href=\"https:\/\/www.astra-berlin.de\/pages\/das-astra\">https:\/\/www.astra-berlin.de\/pages\/das-astra<\/a><\/p>\n\n\n\n<h4 class=\"wp-block-heading\"><strong>\u00d6ffnungszeiten<\/strong><\/h4>\n\n\n\n<p>Unterschiedlich, je nach Veranstaltung<\/p>\n\n\n\n<h4 class=\"wp-block-heading\"><strong>Erreichbarkeit mit \u00f6ffentlichen Verkehrsmitteln<\/strong><\/h4>\n\n\n\n<p>Haltestelle: Warschauer Str.<\/p>\n\n\n\n<p>S-Bahn: S3, S5, S7, S8, S9, S75<\/p>\n\n\n\n<p>U-Bahn: U1, U3<\/p>\n\n\n\n<p>Stra\u00dfenbahn: M10, M13<\/p>\n\n\n\n<p>Bus: 300, 347, N1<\/p>\n\n\n\n<h4 class=\"wp-block-heading\"><strong>Erm\u00e4\u00dfigung mit dem Berlin-Ticket S<\/strong><\/h4>\n\n\n\n<p>Nein<\/p>\n\n\n\n<h4 class=\"wp-block-heading\"><strong>Angebot f\u00fcr Gefl\u00fcchtete<\/strong><\/h4>\n\n\n\n<p>Nein<\/p>\n\n\n\n<h4 class=\"wp-block-heading\"><strong>Eintritt<\/strong><\/h4>\n\n\n\n<p>Unterschiedlich, je nach Veranstaltung<\/p>\n<\/div>\n<\/div>\n<\/div><\/details>\n<\/div>\n\n\n\n<div class=\"wp-block-buttons is-horizontal is-content-justification-left is-layout-flex wp-container-core-buttons-is-layout-7e5fce0a wp-block-buttons-is-layout-flex\">\n<div class=\"wp-block-button has-custom-font-size has-small-font-size\"><a class=\"wp-block-button__link has-background wp-element-button\" href=\"https:\/\/behinderung-und-flucht.isl-ev.de\/kulturguide\/berlin\/\" style=\"border-radius:55px;background-color:#91025b;padding-top:var(--wp--preset--spacing--20);padding-right:var(--wp--preset--spacing--20);padding-bottom:var(--wp--preset--spacing--20);padding-left:var(--wp--preset--spacing--20)\">Zur\u00fcck zur \u00dcbersicht<\/a><\/div>\n<\/div>\n","protected":false},"excerpt":{"rendered":"","protected":false},"author":1,"featured_media":0,"parent":5550,"menu_order":4,"comment_status":"closed","ping_status":"closed","template":"","meta":{"ub_ctt_via":"","inline_featured_image":false,"_themeisle_gutenberg_block_has_review":false,"_mc_calendar":[],"footnotes":""},"categories":[],"tags":[],"class_list":["post-5560","page","type-page","status-publish","hentry","entry"],"featured_image_src":null,"yoast_head":"<!-- This site is optimized with the Yoast SEO plugin v21.4 - https:\/\/yoast.com\/wordpress\/plugins\/seo\/ -->\n<title>Concert - Infoseite der Interessenvertretung Selbstbestimmt Leben in Deutschland e.V.<\/title>\n<meta name=\"robots\" content=\"index, follow, max-snippet:-1, max-image-preview:large, max-video-preview:-1\" \/>\n<link rel=\"canonical\" href=\"https:\/\/behinderung-und-flucht.isl-ev.de\/en\/kulturguide\/berlin\/concert\/\" \/>\n<meta property=\"og:locale\" content=\"en_US\" \/>\n<meta property=\"og:type\" content=\"article\" \/>\n<meta property=\"og:title\" content=\"Concert - Infoseite der Interessenvertretung Selbstbestimmt Leben in Deutschland e.V.\" \/>\n<meta property=\"og:url\" content=\"https:\/\/behinderung-und-flucht.isl-ev.de\/en\/kulturguide\/berlin\/concert\/\" \/>\n<meta property=\"og:site_name\" content=\"Infoseite der Interessenvertretung Selbstbestimmt Leben in Deutschland e.V.\" \/>\n<meta property=\"article:modified_time\" content=\"2025-01-22T21:04:11+00:00\" \/>\n<meta property=\"og:image\" content=\"https:\/\/behinderung-und-flucht.isl-ev.de\/wp-content\/uploads\/2023\/02\/WKU-Icons_Zugaenglich-mit-Rollstuhl.svg\" \/>\n<meta name=\"twitter:card\" content=\"summary_large_image\" \/>\n<meta name=\"twitter:label1\" content=\"Est. reading time\" \/>\n\t<meta name=\"twitter:data1\" content=\"8 minutes\" \/>\n<script type=\"application\/ld+json\" class=\"yoast-schema-graph\">{\"@context\":\"https:\/\/schema.org\",\"@graph\":[{\"@type\":\"WebPage\",\"@id\":\"https:\/\/behinderung-und-flucht.isl-ev.de\/en\/kulturguide\/berlin\/concert\/\",\"url\":\"https:\/\/behinderung-und-flucht.isl-ev.de\/en\/kulturguide\/berlin\/concert\/\",\"name\":\"Concert - Infoseite der Interessenvertretung Selbstbestimmt Leben in Deutschland e.V.\",\"isPartOf\":{\"@id\":\"https:\/\/behinderung-und-flucht.isl-ev.de\/en\/#website\"},\"datePublished\":\"2023-10-30T20:34:02+00:00\",\"dateModified\":\"2025-01-22T21:04:11+00:00\",\"breadcrumb\":{\"@id\":\"https:\/\/behinderung-und-flucht.isl-ev.de\/en\/kulturguide\/berlin\/concert\/#breadcrumb\"},\"inLanguage\":\"en-US\",\"potentialAction\":[{\"@type\":\"ReadAction\",\"target\":[\"https:\/\/behinderung-und-flucht.isl-ev.de\/en\/kulturguide\/berlin\/concert\/\"]}]},{\"@type\":\"BreadcrumbList\",\"@id\":\"https:\/\/behinderung-und-flucht.isl-ev.de\/en\/kulturguide\/berlin\/concert\/#breadcrumb\",\"itemListElement\":[{\"@type\":\"ListItem\",\"position\":1,\"name\":\"Startseite\",\"item\":\"https:\/\/behinderung-und-flucht.isl-ev.de\/en\/\"},{\"@type\":\"ListItem\",\"position\":2,\"name\":\"Cultural Guide\",\"item\":\"https:\/\/behinderung-und-flucht.isl-ev.de\/en\/kulturguide\/\"},{\"@type\":\"ListItem\",\"position\":3,\"name\":\"Berlin\",\"item\":\"https:\/\/behinderung-und-flucht.isl-ev.de\/en\/kulturguide\/berlin\/\"},{\"@type\":\"ListItem\",\"position\":4,\"name\":\"Concert\"}]},{\"@type\":\"WebSite\",\"@id\":\"https:\/\/behinderung-und-flucht.isl-ev.de\/en\/#website\",\"url\":\"https:\/\/behinderung-und-flucht.isl-ev.de\/en\/\",\"name\":\"Infoseite f\u00fcr gefl\u00fcchtete Menschen mit Behinderungen oder chronischen Erkrankungen\",\"description\":\"Informationen f\u00fcr gefl\u00fcchtete Menschen mit Behinderungen oder chronischen Erkrankungen\",\"publisher\":{\"@id\":\"https:\/\/behinderung-und-flucht.isl-ev.de\/en\/#organization\"},\"alternateName\":\"Infoseite f\u00fcr gefl\u00fcchtete Menschen mit Behinderungen\",\"potentialAction\":[{\"@type\":\"SearchAction\",\"target\":{\"@type\":\"EntryPoint\",\"urlTemplate\":\"https:\/\/behinderung-und-flucht.isl-ev.de\/en\/?s={search_term_string}\"},\"query-input\":\"required name=search_term_string\"}],\"inLanguage\":\"en-US\"},{\"@type\":\"Organization\",\"@id\":\"https:\/\/behinderung-und-flucht.isl-ev.de\/en\/#organization\",\"name\":\"Infoseite der Interessenvertretung Selbstbestimmt Leben in Deutschland e.V.\",\"url\":\"https:\/\/behinderung-und-flucht.isl-ev.de\/en\/\",\"logo\":{\"@type\":\"ImageObject\",\"inLanguage\":\"en-US\",\"@id\":\"https:\/\/behinderung-und-flucht.isl-ev.de\/en\/#\/schema\/logo\/image\/\",\"url\":\"https:\/\/behinderung-und-flucht.isl-ev.de\/wp-content\/uploads\/2022\/09\/logo-infoseite-04.svg\",\"contentUrl\":\"https:\/\/behinderung-und-flucht.isl-ev.de\/wp-content\/uploads\/2022\/09\/logo-infoseite-04.svg\",\"caption\":\"Infoseite der Interessenvertretung Selbstbestimmt Leben in Deutschland e.V.\"},\"image\":{\"@id\":\"https:\/\/behinderung-und-flucht.isl-ev.de\/en\/#\/schema\/logo\/image\/\"}}]}<\/script>\n<!-- \/ Yoast SEO plugin. -->","yoast_head_json":{"title":"Concert - Infoseite der Interessenvertretung Selbstbestimmt Leben in Deutschland e.V.","robots":{"index":"index","follow":"follow","max-snippet":"max-snippet:-1","max-image-preview":"max-image-preview:large","max-video-preview":"max-video-preview:-1"},"canonical":"https:\/\/behinderung-und-flucht.isl-ev.de\/en\/kulturguide\/berlin\/concert\/","og_locale":"en_US","og_type":"article","og_title":"Concert - Infoseite der Interessenvertretung Selbstbestimmt Leben in Deutschland e.V.","og_url":"https:\/\/behinderung-und-flucht.isl-ev.de\/en\/kulturguide\/berlin\/concert\/","og_site_name":"Infoseite der Interessenvertretung Selbstbestimmt Leben in Deutschland e.V.","article_modified_time":"2025-01-22T21:04:11+00:00","og_image":[{"url":"https:\/\/behinderung-und-flucht.isl-ev.de\/wp-content\/uploads\/2023\/02\/WKU-Icons_Zugaenglich-mit-Rollstuhl.svg"}],"twitter_card":"summary_large_image","twitter_misc":{"Est. reading time":"8 minutes"},"schema":{"@context":"https:\/\/schema.org","@graph":[{"@type":"WebPage","@id":"https:\/\/behinderung-und-flucht.isl-ev.de\/en\/kulturguide\/berlin\/concert\/","url":"https:\/\/behinderung-und-flucht.isl-ev.de\/en\/kulturguide\/berlin\/concert\/","name":"Concert - Infoseite der Interessenvertretung Selbstbestimmt Leben in Deutschland e.V.","isPartOf":{"@id":"https:\/\/behinderung-und-flucht.isl-ev.de\/en\/#website"},"datePublished":"2023-10-30T20:34:02+00:00","dateModified":"2025-01-22T21:04:11+00:00","breadcrumb":{"@id":"https:\/\/behinderung-und-flucht.isl-ev.de\/en\/kulturguide\/berlin\/concert\/#breadcrumb"},"inLanguage":"en-US","potentialAction":[{"@type":"ReadAction","target":["https:\/\/behinderung-und-flucht.isl-ev.de\/en\/kulturguide\/berlin\/concert\/"]}]},{"@type":"BreadcrumbList","@id":"https:\/\/behinderung-und-flucht.isl-ev.de\/en\/kulturguide\/berlin\/concert\/#breadcrumb","itemListElement":[{"@type":"ListItem","position":1,"name":"Startseite","item":"https:\/\/behinderung-und-flucht.isl-ev.de\/en\/"},{"@type":"ListItem","position":2,"name":"Cultural Guide","item":"https:\/\/behinderung-und-flucht.isl-ev.de\/en\/kulturguide\/"},{"@type":"ListItem","position":3,"name":"Berlin","item":"https:\/\/behinderung-und-flucht.isl-ev.de\/en\/kulturguide\/berlin\/"},{"@type":"ListItem","position":4,"name":"Concert"}]},{"@type":"WebSite","@id":"https:\/\/behinderung-und-flucht.isl-ev.de\/en\/#website","url":"https:\/\/behinderung-und-flucht.isl-ev.de\/en\/","name":"Infoseite f\u00fcr gefl\u00fcchtete Menschen mit Behinderungen oder chronischen Erkrankungen","description":"Informationen f\u00fcr gefl\u00fcchtete Menschen mit Behinderungen oder chronischen Erkrankungen","publisher":{"@id":"https:\/\/behinderung-und-flucht.isl-ev.de\/en\/#organization"},"alternateName":"Infoseite f\u00fcr gefl\u00fcchtete Menschen mit Behinderungen","potentialAction":[{"@type":"SearchAction","target":{"@type":"EntryPoint","urlTemplate":"https:\/\/behinderung-und-flucht.isl-ev.de\/en\/?s={search_term_string}"},"query-input":"required name=search_term_string"}],"inLanguage":"en-US"},{"@type":"Organization","@id":"https:\/\/behinderung-und-flucht.isl-ev.de\/en\/#organization","name":"Infoseite der Interessenvertretung Selbstbestimmt Leben in Deutschland e.V.","url":"https:\/\/behinderung-und-flucht.isl-ev.de\/en\/","logo":{"@type":"ImageObject","inLanguage":"en-US","@id":"https:\/\/behinderung-und-flucht.isl-ev.de\/en\/#\/schema\/logo\/image\/","url":"https:\/\/behinderung-und-flucht.isl-ev.de\/wp-content\/uploads\/2022\/09\/logo-infoseite-04.svg","contentUrl":"https:\/\/behinderung-und-flucht.isl-ev.de\/wp-content\/uploads\/2022\/09\/logo-infoseite-04.svg","caption":"Infoseite der Interessenvertretung Selbstbestimmt Leben in Deutschland e.V."},"image":{"@id":"https:\/\/behinderung-und-flucht.isl-ev.de\/en\/#\/schema\/logo\/image\/"}}]}},"_links":{"self":[{"href":"https:\/\/behinderung-und-flucht.isl-ev.de\/en\/wp-json\/wp\/v2\/pages\/5560","targetHints":{"allow":["GET"]}}],"collection":[{"href":"https:\/\/behinderung-und-flucht.isl-ev.de\/en\/wp-json\/wp\/v2\/pages"}],"about":[{"href":"https:\/\/behinderung-und-flucht.isl-ev.de\/en\/wp-json\/wp\/v2\/types\/page"}],"author":[{"embeddable":true,"href":"https:\/\/behinderung-und-flucht.isl-ev.de\/en\/wp-json\/wp\/v2\/users\/1"}],"replies":[{"embeddable":true,"href":"https:\/\/behinderung-und-flucht.isl-ev.de\/en\/wp-json\/wp\/v2\/comments?post=5560"}],"version-history":[{"count":2,"href":"https:\/\/behinderung-und-flucht.isl-ev.de\/en\/wp-json\/wp\/v2\/pages\/5560\/revisions"}],"predecessor-version":[{"id":5661,"href":"https:\/\/behinderung-und-flucht.isl-ev.de\/en\/wp-json\/wp\/v2\/pages\/5560\/revisions\/5661"}],"up":[{"embeddable":true,"href":"https:\/\/behinderung-und-flucht.isl-ev.de\/en\/wp-json\/wp\/v2\/pages\/5550"}],"wp:attachment":[{"href":"https:\/\/behinderung-und-flucht.isl-ev.de\/en\/wp-json\/wp\/v2\/media?parent=5560"}],"wp:term":[{"taxonomy":"category","embeddable":true,"href":"https:\/\/behinderung-und-flucht.isl-ev.de\/en\/wp-json\/wp\/v2\/categories?post=5560"},{"taxonomy":"post_tag","embeddable":true,"href":"https:\/\/behinderung-und-flucht.isl-ev.de\/en\/wp-json\/wp\/v2\/tags?post=5560"}],"curies":[{"name":"wp","href":"https:\/\/api.w.org\/{rel}","templated":true}]}}