{"id":4826,"date":"2023-10-31T20:03:33","date_gmt":"2023-10-31T19:03:33","guid":{"rendered":"https:\/\/behinderung-und-flucht.isl-ev.de\/?page_id=4826"},"modified":"2023-12-14T23:13:21","modified_gmt":"2023-12-14T22:13:21","slug":"theater","status":"publish","type":"page","link":"https:\/\/behinderung-und-flucht.isl-ev.de\/en\/kulturguide\/hamburg\/theater\/","title":{"rendered":"Theater"},"content":{"rendered":"\n<p><\/p>\n\n\n\n<div id=\"wp-block-themeisle-blocks-accordion-35e4df50\" data-has-schema=\"false\" class=\"wp-block-themeisle-blocks-accordion exclusive has-gap\">\n<details class=\"wp-block-themeisle-blocks-accordion-item\"><summary class=\"wp-block-themeisle-blocks-accordion-item__title\"><h2><strong>Altonaer Theater<\/strong><img decoding=\"async\" class=\"wp-image-2999\" style=\"width: 60px\" src=\"https:\/\/behinderung-und-flucht.isl-ev.de\/wp-content\/uploads\/2023\/02\/WKU-Icons_Zugaenglich-mit-Rollstuhl.svg\" alt=\"Zug\u00e4nglich mit Rollstuhl Den Gast erwarten keine Treppen, ggfs. ist eine Rampe vorhanden.\"><img decoding=\"async\" class=\"wp-image-2931\" style=\"width: 60px\" src=\"https:\/\/behinderung-und-flucht.isl-ev.de\/wp-content\/uploads\/2023\/02\/WKU-Icons_Barrierefreie-Toilette.svg\" alt=\"Barrierefreie Toilette Die Toilette ist barrierefrei zug\u00e4nglich und rollstuhlgerecht eingerichtet\"><\/h2><\/summary><div class=\"wp-block-themeisle-blocks-accordion-item__content\">\n<h3 class=\"wp-block-heading\">Altonaer Theater<\/h3>\n\n\n\n<h4 class=\"wp-block-heading\">Erkl\u00e4rung<\/h4>\n\n\n\n<p>Im Altonaer Theater werden bekannte B\u00fccher als Theaterst\u00fccke aufgef\u00fchrt.&nbsp; Au\u00dferdem finden in diesem Theater Lesungen von verschiedenen Autor*innen statt.<\/p>\n\n\n\n<div class=\"wp-block-columns is-style-default is-layout-flex wp-container-core-columns-is-layout-9d6595d7 wp-block-columns-is-layout-flex\">\n<div class=\"wp-block-column is-layout-flow wp-block-column-is-layout-flow\">\n<h4 class=\"wp-block-heading\"><strong>Barrierefreiheit<\/strong><\/h4>\n\n\n\n<figure class=\"wp-block-table\"><table class=\"has-white-background-color has-background\"><tbody><tr><td><img decoding=\"async\" class=\"wp-image-2999\" style=\"width: 150px\" src=\"https:\/\/behinderung-und-flucht.isl-ev.de\/wp-content\/uploads\/2023\/02\/WKU-Icons_Zugaenglich-mit-Rollstuhl.svg\" alt=\"Zug\u00e4nglich mit Rollstuhl Den Gast erwarten keine Treppen, ggfs. ist eine Rampe vorhanden.\"><\/td><td>mit Rollstuhl zug\u00e4nglich<\/td><\/tr><tr><td><img decoding=\"async\" class=\"wp-image-2931\" style=\"width: 150px;\" src=\"https:\/\/behinderung-und-flucht.isl-ev.de\/wp-content\/uploads\/2023\/02\/WKU-Icons_Barrierefreie-Toilette.svg\" alt=\"Barrierefreie Toilette Die Toilette ist barrierefrei zug\u00e4nglich und rollstuhlgerecht eingerichtet\"><\/td><td>barrierefreie Toilette<\/td><\/tr><\/tbody><\/table><\/figure>\n\n\n\n<p><strong>Weitere Hinweise zur Barrierefreiheit<\/strong><\/p>\n\n\n\n<ul class=\"wp-block-list\">\n<li>aktuelle Informationen zur Barrierefreiheit vor Ort: <a href=\"https:\/\/www.altonaer-theater.de\/service\/barrierefreiheit\/\">https:\/\/www.altonaer-theater.de\/service\/barrierefreiheit\/<\/a><\/li>\n\n\n\n<li>Das Theater ist \u00fcber eine Rampe mit 13% Steigung zug\u00e4nglich<\/li>\n\n\n\n<li>Menschen mit Behinderung erhalten ab einem GdB von 50% erm\u00e4\u00dfigten Eintritt<\/li>\n\n\n\n<li>wenn ein B im Schwerbehindertenausweis vorhanden ist, erh\u00e4lt die Begleitperson ebenfalls erm\u00e4\u00dfigten Eintritt<\/li>\n\n\n\n<li>es befinden sich drei Rollstuhlpl\u00e4tze im Parkett des Theaters<\/li>\n\n\n\n<li>die Tageskasse ist nicht barrierefrei zug\u00e4nglich<\/li>\n<\/ul>\n<\/div>\n\n\n\n<div class=\"wp-block-column is-layout-flow wp-block-column-is-layout-flow\">\n<h4 class=\"wp-block-heading\">Kontaktdaten<\/h4>\n\n\n\n<p>Museumstra\u00dfe 17<\/p>\n\n\n\n<p>22765 Hamburg<\/p>\n\n\n\n<p>Telefon (Tickets): 00 49 40 39 90 58 70<\/p>\n\n\n\n<p>E-Mail (Tickets): <a href=\"mailto:tickets@altonaer-theater.de\">tickets@altonaer-theater.de<\/a><\/p>\n\n\n\n<p>Website: <a href=\"https:\/\/www.altonaer-theater.de\/\">https:\/\/www.altonaer-theater.de\/<\/a><\/p>\n\n\n\n<h4 class=\"wp-block-heading\"><strong>\u00d6ffnungszeiten<\/strong><\/h4>\n\n\n\n<p>Die Abendkasse \u00f6ffnet eine Stunde vor Vorstellungsbeginn<\/p>\n\n\n\n<h4 class=\"wp-block-heading\"><strong>Erreichbarkeit mit \u00f6ffentlichen Verkehrsmitteln<\/strong><\/h4>\n\n\n\n<p>Haltestelle Rathaus Altona<\/p>\n\n\n\n<p>Bus: 2, 15<\/p>\n\n\n\n<p>Haltestelle Bahnhof Altona<\/p>\n\n\n\n<p>S-Bahn: S1, S2, S3, S11, S21, S31<\/p>\n\n\n\n<p>Bus: 1, 2, 15, 16, 20, 25, 112, 113, 115, 150, 180, 183, 250, 288, 600, 601, 621, 641, 688<\/p>\n\n\n\n<h4 class=\"wp-block-heading\"><strong>Angebot f\u00fcr Gefl\u00fcchtete<\/strong><\/h4>\n\n\n\n<p>Nein<\/p>\n\n\n\n<h4 class=\"wp-block-heading\"><strong>Eintritt<\/strong><\/h4>\n\n\n\n<p>Ab 15\u20ac<\/p>\n<\/div>\n<\/div>\n<\/div><\/details>\n\n\n\n<details class=\"wp-block-themeisle-blocks-accordion-item\"><summary class=\"wp-block-themeisle-blocks-accordion-item__title\"><h2><strong>Deutsches Schauspielhaus<\/strong><img decoding=\"async\" class=\"wp-image-2911\" style=\"width: 60px\" src=\"https:\/\/behinderung-und-flucht.isl-ev.de\/wp-content\/uploads\/2023\/02\/WKU-Icons_Assistenzhund-willkommen.svg\" alt=\"Assistenzhund willkommen Es ist m\u00f6glich einen Assistenzhund mitzuf\u00fchren.\"><img decoding=\"async\" class=\"wp-image-2999\" style=\"width: 60px\" src=\"https:\/\/behinderung-und-flucht.isl-ev.de\/wp-content\/uploads\/2023\/02\/WKU-Icons_Zugaenglich-mit-Rollstuhl.svg\" alt=\"Zug\u00e4nglich mit Rollstuhl Den Gast erwarten keine Treppen, ggfs. ist eine Rampe vorhanden.\"><img decoding=\"async\" class=\"wp-image-2931\" style=\"width: 60px;\" src=\"https:\/\/behinderung-und-flucht.isl-ev.de\/wp-content\/uploads\/2023\/02\/WKU-Icons_Barrierefreie-Toilette.svg\" alt=\"Barrierefreie Toilette Die Toilette ist barrierefrei zug\u00e4nglich und rollstuhlgerecht eingerichtet\"><img decoding=\"async\" class=\"wp-image-2971\" style=\"width: 60px;\" src=\"https:\/\/behinderung-und-flucht.isl-ev.de\/wp-content\/uploads\/2023\/02\/WKU-Icons_Induktionsschleife-vorhanden.svg\" alt=\"Induktionsschleife vorhanden Tr\u00e4ger*innen eines H\u00f6rger\u00e4ts\/ Cl k\u00f6nnen Signale einer induktiven H\u00f6ranlage empfangen.\"><\/h2><\/summary><div class=\"wp-block-themeisle-blocks-accordion-item__content\">\n<h3 class=\"wp-block-heading\">Deutsches Schauspielhaus<\/h3>\n\n\n\n<h4 class=\"wp-block-heading\">Erkl\u00e4rung<\/h4>\n\n\n\n<p>Das Deutsche Schauspielhaus Hamburg ist das gr\u00f6\u00dfte Sprechtheater Deutschlands, hier finden 1200 Menschen Platz. Neben dem gro\u00dfen Haus k\u00f6nnen im MalerSaal und den B\u00fchnen des Jungen Schauspielhauses ebenfalls interessante Theaterst\u00fccke besucht werden.<\/p>\n\n\n\n<div class=\"wp-block-columns is-style-default is-layout-flex wp-container-core-columns-is-layout-9d6595d7 wp-block-columns-is-layout-flex\">\n<div class=\"wp-block-column is-layout-flow wp-block-column-is-layout-flow\">\n<h4 class=\"wp-block-heading\"><strong>Barrierefreiheit<\/strong><\/h4>\n\n\n\n<figure class=\"wp-block-table\"><table class=\"has-white-background-color has-background\"><tbody><tr><td><img decoding=\"async\" class=\"wp-image-2911\" style=\"width: 150px\" src=\"https:\/\/behinderung-und-flucht.isl-ev.de\/wp-content\/uploads\/2023\/02\/WKU-Icons_Assistenzhund-willkommen.svg\" alt=\"Assistenzhund willkommen Es ist m\u00f6glich einen Assistenzhund mitzuf\u00fchren.\"><\/td><td>Assistenzhunde willkommen<\/td><\/tr><tr><td><img decoding=\"async\" class=\"wp-image-2999\" style=\"width: NaNpx;\" src=\"https:\/\/behinderung-und-flucht.isl-ev.de\/wp-content\/uploads\/2023\/02\/WKU-Icons_Zugaenglich-mit-Rollstuhl.svg\" alt=\"Zug\u00e4nglich mit Rollstuhl Den Gast erwarten keine Treppen, ggfs. ist eine Rampe vorhanden.\"><\/td><td>zug\u00e4nglich mit Rollstuhl<\/td><\/tr><tr><td><img decoding=\"async\" class=\"wp-image-2931\" style=\"width: NaNpx;\" src=\"https:\/\/behinderung-und-flucht.isl-ev.de\/wp-content\/uploads\/2023\/02\/WKU-Icons_Barrierefreie-Toilette.svg\" alt=\"Barrierefreie Toilette Die Toilette ist barrierefrei zug\u00e4nglich und rollstuhlgerecht eingerichtet\"><\/td><td>barrierefreie Toilette<\/td><\/tr><tr><td><img decoding=\"async\" class=\"wp-image-2971\" style=\"width: NaNpx\" src=\"https:\/\/behinderung-und-flucht.isl-ev.de\/wp-content\/uploads\/2023\/02\/WKU-Icons_Induktionsschleife-vorhanden.svg\" alt=\"Induktionsschleife vorhanden Tr\u00e4ger*innen eines H\u00f6rger\u00e4ts\/ Cl k\u00f6nnen Signale einer induktiven H\u00f6ranlage empfangen.\"><\/td><td>Induktionsschleife vorhanden<\/td><\/tr><\/tbody><\/table><\/figure>\n\n\n\n<p><strong>Weitere Hinweise zur Barrierefreiheit<\/strong><\/p>\n\n\n\n<ul class=\"wp-block-list\">\n<li>aktuelle Informationen zur Barrierefreiheit vor Ort unter der Rubrik Barrierefreiheit: <a href=\"https:\/\/schauspielhaus.de\/ihr-besuch\">https:\/\/schauspielhaus.de\/ihr-besuch<\/a><\/li>\n\n\n\n<li>Menschen mit einem Grad der Behinderung von mindestens 50% erhalten eine Erm\u00e4\u00dfigung von 50%, wenn das Merkmal B im Schwerbehindertenausweis vermerkt ist, erh\u00e4lt die Begleitperson ebenfalls eine um 50% erm\u00e4\u00dfigte Karte<\/li>\n\n\n\n<li>die Rollstuhlpl\u00e4tze befinden sich im Parkett<\/li>\n\n\n\n<li>Informationen zur H\u00f6rverst\u00e4rkung im Schauspielhaus als PDF zum herunterladen: <a href=\"https:\/\/schauspielhaus.de\/sites\/default\/files\/2023-02\/Ansicht_DSH_095_Ho%CC%88rversta%CC%88rkung_Flyer_I.pdf\">https:\/\/schauspielhaus.de\/sites\/default\/files\/2023-02\/Ansicht_DSH_095_Ho%CC%88rversta%CC%88rkung_Flyer_I.pdf<\/a><\/li>\n<\/ul>\n<\/div>\n\n\n\n<div class=\"wp-block-column is-layout-flow wp-block-column-is-layout-flow\">\n<h4 class=\"wp-block-heading\">Kontaktdaten<\/h4>\n\n\n\n<p>Kirchenallee 39<\/p>\n\n\n\n<p>20099 Hamburg<\/p>\n\n\n\n<p>Telefon: 00 49 40 24 87 10<\/p>\n\n\n\n<p>E-Mail: <a href=\"mailto:kontakt@schauspielhaus.de\">kontakt@schauspielhaus.de<\/a><\/p>\n\n\n\n<p>Website: <a href=\"https:\/\/schauspielhaus.de\/\">https:\/\/schauspielhaus.de\/<\/a><\/p>\n\n\n\n<h4 class=\"wp-block-heading\"><strong>\u00d6ffnungszeiten<\/strong><\/h4>\n\n\n\n<p>Die Abendkasse \u00f6ffnet eine Stunde vor Vorstellungsbeginn<\/p>\n\n\n\n<h4 class=\"wp-block-heading\"><strong>Erreichbarkeit mit \u00f6ffentlichen Verkehrsmitteln<\/strong><\/h4>\n\n\n\n<p>Haltestelle Hauptbahnhof<\/p>\n\n\n\n<p>U-Bahn: U1 U2 U3 U4<\/p>\n\n\n\n<p>S-Bahn: S1, S2, S3, S11, S21, S31<\/p>\n\n\n\n<p>Haltestelle Hauptbahnhof \/ Kirchenallee<\/p>\n\n\n\n<p>Bus: 6, 17, 18, 606, 607<\/p>\n\n\n\n<h4 class=\"wp-block-heading\"><strong>Angebot f\u00fcr Gefl\u00fcchtete<\/strong><\/h4>\n\n\n\n<p>Nein<\/p>\n\n\n\n<h4 class=\"wp-block-heading\"><strong>Eintritt<\/strong><\/h4>\n\n\n\n<p>Ab 8\u20ac<\/p>\n<\/div>\n<\/div>\n<\/div><\/details>\n\n\n\n<details class=\"wp-block-themeisle-blocks-accordion-item\"><summary class=\"wp-block-themeisle-blocks-accordion-item__title\"><h2><strong>Ohnsorg-Theater<\/strong><img decoding=\"async\" class=\"wp-image-2911\" style=\"width: 60px\" src=\"https:\/\/behinderung-und-flucht.isl-ev.de\/wp-content\/uploads\/2023\/02\/WKU-Icons_Assistenzhund-willkommen.svg\" alt=\"Assistenzhund willkommen Es ist m\u00f6glich einen Assistenzhund mitzuf\u00fchren.\"><img decoding=\"async\" class=\"wp-image-2999\" style=\"width: 60px\" src=\"https:\/\/behinderung-und-flucht.isl-ev.de\/wp-content\/uploads\/2023\/02\/WKU-Icons_Zugaenglich-mit-Rollstuhl.svg\" alt=\"Zug\u00e4nglich mit Rollstuhl Den Gast erwarten keine Treppen, ggfs. ist eine Rampe vorhanden.\"><img decoding=\"async\" class=\"wp-image-2931\" style=\"width: 60px\" src=\"https:\/\/behinderung-und-flucht.isl-ev.de\/wp-content\/uploads\/2023\/02\/WKU-Icons_Barrierefreie-Toilette.svg\" alt=\"Barrierefreie Toilette Die Toilette ist barrierefrei zug\u00e4nglich und rollstuhlgerecht eingerichtet\"><img decoding=\"async\" class=\"wp-image-2971\" style=\"width: 60px\" src=\"https:\/\/behinderung-und-flucht.isl-ev.de\/wp-content\/uploads\/2023\/02\/WKU-Icons_Induktionsschleife-vorhanden.svg\" alt=\"Induktionsschleife vorhanden Tr\u00e4ger*innen eines H\u00f6rger\u00e4ts\/ Cl k\u00f6nnen Signale einer induktiven H\u00f6ranlage empfangen.\"><\/h2><\/summary><div class=\"wp-block-themeisle-blocks-accordion-item__content\">\n<h3 class=\"wp-block-heading\">Ohnsorg-Theater<\/h3>\n\n\n\n<h4 class=\"wp-block-heading\">Erkl\u00e4rung<\/h4>\n\n\n\n<p>Im Herzen der Stadt zeigt das Ohnsorg-Theater ein vielf\u00e4ltiges Programm: Kom\u00f6dien, ernste St\u00fccke, viel Musikalisches und auch f\u00fcr Kinder und Jugendliche ist im Ohnsorg Studio etwas dabei. Die meisten St\u00fccke am Ohnsorg-Theater sind zweisprachig auf Plattdeutsch und Hochdeutsch.<\/p>\n\n\n\n<div class=\"wp-block-columns is-style-default is-layout-flex wp-container-core-columns-is-layout-9d6595d7 wp-block-columns-is-layout-flex\">\n<div class=\"wp-block-column is-layout-flow wp-block-column-is-layout-flow\">\n<h4 class=\"wp-block-heading\"><strong>Barrierefreiheit<\/strong><\/h4>\n\n\n\n<figure class=\"wp-block-table\"><table class=\"has-white-background-color has-background\"><tbody><tr><td><img decoding=\"async\" class=\"wp-image-2911\" style=\"width: 150px\" src=\"https:\/\/behinderung-und-flucht.isl-ev.de\/wp-content\/uploads\/2023\/02\/WKU-Icons_Assistenzhund-willkommen.svg\" alt=\"Assistenzhund willkommen Es ist m\u00f6glich einen Assistenzhund mitzuf\u00fchren.\"><\/td><td>Assistenzhunde willkommen<\/td><\/tr><tr><td><img decoding=\"async\" class=\"wp-image-2999\" style=\"width: NaNpx\" src=\"https:\/\/behinderung-und-flucht.isl-ev.de\/wp-content\/uploads\/2023\/02\/WKU-Icons_Zugaenglich-mit-Rollstuhl.svg\" alt=\"Zug\u00e4nglich mit Rollstuhl Den Gast erwarten keine Treppen, ggfs. ist eine Rampe vorhanden.\"><\/td><td>zug\u00e4nglich mit Rollstuhl<\/td><\/tr><tr><td><img decoding=\"async\" class=\"wp-image-2931\" style=\"width: NaNpx\" src=\"https:\/\/behinderung-und-flucht.isl-ev.de\/wp-content\/uploads\/2023\/02\/WKU-Icons_Barrierefreie-Toilette.svg\" alt=\"Barrierefreie Toilette Die Toilette ist barrierefrei zug\u00e4nglich und rollstuhlgerecht eingerichtet\"><\/td><td>barrierefreie Toilette<\/td><\/tr><tr><td><img decoding=\"async\" class=\"wp-image-2971\" style=\"width: NaNpx\" src=\"https:\/\/behinderung-und-flucht.isl-ev.de\/wp-content\/uploads\/2023\/02\/WKU-Icons_Induktionsschleife-vorhanden.svg\" alt=\"Induktionsschleife vorhanden Tr\u00e4ger*innen eines H\u00f6rger\u00e4ts\/ Cl k\u00f6nnen Signale einer induktiven H\u00f6ranlage empfangen.\"><\/td><td>Induktionsschleife vorhanden<\/td><\/tr><\/tbody><\/table><\/figure>\n\n\n\n<p><strong>Weitere Hinweise zur Barrierefreiheit<\/strong><\/p>\n\n\n\n<ul class=\"wp-block-list\">\n<li>aktuelle Informationen zur Barrierefreiheit vor Ort: <a href=\"https:\/\/www.ohnsorg.de\/service\/barrierefreiheit-am-ohnsorg-theater\/\">https:\/\/www.ohnsorg.de\/service\/barrierefreiheit-am-ohnsorg-theater\/<\/a><\/li>\n\n\n\n<li>Im Eingangsbereich des Theaters befinden sich <strong>Schwellen<\/strong> unter 2 cm.<\/li>\n\n\n\n<li>ab einem Grad der Behinderung von 60% erhalten Menschen mit Behinderung 25% <strong>Erm\u00e4\u00dfigung<\/strong>, diese Erm\u00e4\u00dfigung gilt ebenfalls f\u00fcr die Begleitperson, wenn ein \u201cB\u201d im Schwerbehindertenausweis vorhanden ist<\/li>\n\n\n\n<li>die <strong>Rollstuhlpl\u00e4tze <\/strong>befinden sich im Parkett, diese sind nur telefonisch unter der 00 49 40 35 08 03 21 buchbar<\/li>\n\n\n\n<li>wenn Sie das Theater mit Ihrem <strong>Assistenzhund<\/strong> besuchen m\u00f6chten, m\u00fcssen Sie die Karten ebenfalls telefonisch unter der 00 49 40 35 08 03 21 buchen.<\/li>\n<\/ul>\n<\/div>\n\n\n\n<div class=\"wp-block-column is-layout-flow wp-block-column-is-layout-flow\">\n<h4 class=\"wp-block-heading\">Kontaktdaten<\/h4>\n\n\n\n<p>Heidi-Kabel-Platz 1<\/p>\n\n\n\n<p>20099 Hamburg<\/p>\n\n\n\n<p>Telefon: 00 49 40 35 08 03 0<\/p>\n\n\n\n<p>E-Mail: <a href=\"mailto:info@ohnsorg.de\">info@ohnsorg.de<\/a><\/p>\n\n\n\n<p>Website: <a href=\"https:\/\/www.ohnsorg.de\/\">https:\/\/www.ohnsorg.de\/<\/a><\/p>\n\n\n\n<h4 class=\"wp-block-heading\"><strong>\u00d6ffnungszeiten<\/strong><\/h4>\n\n\n\n<p>Unterschiedlich, je nach Veranstaltung<\/p>\n\n\n\n<h4 class=\"wp-block-heading\"><strong>Erreichbarkeit mit \u00f6ffentlichen Verkehrsmitteln<\/strong><\/h4>\n\n\n\n<p>Haltestelle Hauptbahnhof<\/p>\n\n\n\n<p>U-Bahn: U1 U2 U3 U4<\/p>\n\n\n\n<p>S-Bahn: S1, S2, S3, S11, S21, S31<\/p>\n\n\n\n<p>Haltestelle Hauptbahnhof \/ Kirchenallee<\/p>\n\n\n\n<p>Bus: 6, 17, 18, 606, 607<\/p>\n\n\n\n<h4 class=\"wp-block-heading\"><strong>Angebot f\u00fcr Gefl\u00fcchtete<\/strong><\/h4>\n\n\n\n<p>Nein<\/p>\n\n\n\n<h4 class=\"wp-block-heading\"><strong>Eintritt<\/strong><\/h4>\n\n\n\n<p>Ab 24\u20ac<\/p>\n<\/div>\n<\/div>\n<\/div><\/details>\n\n\n\n<details class=\"wp-block-themeisle-blocks-accordion-item\"><summary class=\"wp-block-themeisle-blocks-accordion-item__title\"><h2><strong>Schmidt Theater<\/strong><img decoding=\"async\" class=\"wp-image-2911\" style=\"width: 60px\" src=\"https:\/\/behinderung-und-flucht.isl-ev.de\/wp-content\/uploads\/2023\/02\/WKU-Icons_Assistenzhund-willkommen.svg\" alt=\"Assistenzhund willkommen Es ist m\u00f6glich einen Assistenzhund mitzuf\u00fchren.\"><img decoding=\"async\" class=\"wp-image-2999\" style=\"width: 60px\" src=\"https:\/\/behinderung-und-flucht.isl-ev.de\/wp-content\/uploads\/2023\/02\/WKU-Icons_Zugaenglich-mit-Rollstuhl.svg\" alt=\"Zug\u00e4nglich mit Rollstuhl Den Gast erwarten keine Treppen, ggfs. ist eine Rampe vorhanden.\"><img decoding=\"async\" class=\"wp-image-2931\" style=\"width: 60px\" src=\"https:\/\/behinderung-und-flucht.isl-ev.de\/wp-content\/uploads\/2023\/02\/WKU-Icons_Barrierefreie-Toilette.svg\" alt=\"Barrierefreie Toilette Die Toilette ist barrierefrei zug\u00e4nglich und rollstuhlgerecht eingerichtet\"><\/h2><\/summary><div class=\"wp-block-themeisle-blocks-accordion-item__content\">\n<h3 class=\"wp-block-heading\">Schmidt Theater<\/h3>\n\n\n\n<h4 class=\"wp-block-heading\">Erkl\u00e4rung<\/h4>\n\n\n\n<p>Auf den drei B\u00fchnen \u201cSchmidts Theater\u201d, \u201cSchmidts Tivoli\u201d und \u201cSchmidtchen\u201d werden eigene Musicalproduktionen, Comedy Shows und andere Unterhaltungs Shows dargeboten. Bis tief in die Nacht finden hier Vorstellungen statt, die im Jahr von circa 400.000 G\u00e4sten besucht werden.<\/p>\n\n\n\n<div class=\"wp-block-columns is-style-default is-layout-flex wp-container-core-columns-is-layout-9d6595d7 wp-block-columns-is-layout-flex\">\n<div class=\"wp-block-column is-layout-flow wp-block-column-is-layout-flow\">\n<h4 class=\"wp-block-heading\"><strong>Barrierefreiheit<\/strong><\/h4>\n\n\n\n<figure class=\"wp-block-table\"><table class=\"has-white-background-color has-background\"><tbody><tr><td><img decoding=\"async\" class=\"wp-image-2911\" style=\"width: 150px\" src=\"https:\/\/behinderung-und-flucht.isl-ev.de\/wp-content\/uploads\/2023\/02\/WKU-Icons_Assistenzhund-willkommen.svg\" alt=\"Assistenzhund willkommen Es ist m\u00f6glich einen Assistenzhund mitzuf\u00fchren.\"><\/td><td>Assistenzhunde willkommen<\/td><\/tr><tr><td><img decoding=\"async\" class=\"wp-image-2999\" style=\"width: NaNpx\" src=\"https:\/\/behinderung-und-flucht.isl-ev.de\/wp-content\/uploads\/2023\/02\/WKU-Icons_Zugaenglich-mit-Rollstuhl.svg\" alt=\"Zug\u00e4nglich mit Rollstuhl Den Gast erwarten keine Treppen, ggfs. ist eine Rampe vorhanden.\"><\/td><td>zug\u00e4nglich mit Rollstuhl<\/td><\/tr><tr><td><img decoding=\"async\" class=\"wp-image-2931\" style=\"width: NaNpx\" src=\"https:\/\/behinderung-und-flucht.isl-ev.de\/wp-content\/uploads\/2023\/02\/WKU-Icons_Barrierefreie-Toilette.svg\" alt=\"Barrierefreie Toilette Die Toilette ist barrierefrei zug\u00e4nglich und rollstuhlgerecht eingerichtet\"><\/td><td>barrierefreie Toilette<\/td><\/tr><\/tbody><\/table><\/figure>\n\n\n\n<p><strong>Weitere Hinweise zur Barrierefreiheit<\/strong><\/p>\n\n\n\n<ul class=\"wp-block-list\">\n<li>aktuelle Informationen zur Barrierefreiheit vor Ort: <a href=\"https:\/\/www.tivoli.de\/service-kontakt\/barrierefreiheit\">https:\/\/www.tivoli.de\/service-kontakt\/barrierefreiheit<\/a><\/li>\n\n\n\n<li><strong>Rollstuhlpl\u00e4tze<\/strong> m\u00fcssen telefonisch (00 49 40 31 77 88 61) oder per Mail (<a href=\"mailto:barrierefrei@tivoli.de\">barrierefrei@tivoli.de<\/a>) gebucht werden<\/li>\n\n\n\n<li>die <strong>barrierefreie Toilette <\/strong>im \u201cSchmidt Theater\u201d befindet sich im Untergeschoss. Der Zugang muss beim Personal erfragt werden.<\/li>\n\n\n\n<li>Der <strong>barrierefreie Zugang<\/strong> zum \u201cTivoli\u201d befindet sich am Hintereingang. Der Zugang muss beim Personal erfragt werden. Das Tivoli hat keine eigene barrierefreie Toilette, es kann die barrierefreie Toilette im Schmidt Theater genutzt werden. Der barrierefreie Weg betr\u00e4gt etwa 200 Meter.<\/li>\n\n\n\n<li>Menschen mit einem Grad der Behinderung ab 70 erhalten 50% <strong>Erm\u00e4\u00dfigung<\/strong>. Ist ein B im Behindertenausweis vermerkt, erh\u00e4lt die Begleitperson ebenfalls 50% Erm\u00e4\u00dfigung.<\/li>\n<\/ul>\n<\/div>\n\n\n\n<div class=\"wp-block-column is-layout-flow wp-block-column-is-layout-flow\">\n<h4 class=\"wp-block-heading\">Kontaktdaten<\/h4>\n\n\n\n<p>Spielbudenplatz 27-28<\/p>\n\n\n\n<p>20359 Hamburg<\/p>\n\n\n\n<p>Telefon: 00 49 40 31 77 88 0 (Empfang)<\/p>\n\n\n\n<p>E-Mail: <a href=\"mailto:info@tivoli.de\">info@tivoli.de<\/a><\/p>\n\n\n\n<p>Website: <a href=\"https:\/\/www.tivoli.de\/\">https:\/\/www.tivoli.de\/<\/a><\/p>\n\n\n\n<h4 class=\"wp-block-heading\"><strong>\u00d6ffnungszeiten<\/strong><\/h4>\n\n\n\n<p>Die Abendkasse \u00f6ffnet eine Stunde vor Vorstellungsbeginn<\/p>\n\n\n\n<h4 class=\"wp-block-heading\"><strong>Erreichbarkeit mit \u00f6ffentlichen Verkehrsmitteln<\/strong><\/h4>\n\n\n\n<p>Haltestelle St. Pauli<\/p>\n\n\n\n<p>U-Bahn: 3<\/p>\n\n\n\n<p>Bus: 16, 17<\/p>\n\n\n\n<p>Haltestelle Davidstra\u00dfe<\/p>\n\n\n\n<p>Bus: 16, 111, 112<\/p>\n\n\n\n<h4 class=\"wp-block-heading\"><strong>Angebot f\u00fcr Gefl\u00fcchtete<\/strong><\/h4>\n\n\n\n<p>Nein<\/p>\n\n\n\n<h4 class=\"wp-block-heading\"><strong>Eintritt<\/strong><\/h4>\n\n\n\n<p>Unterschiedlich, je nach Veranstaltung<\/p>\n<\/div>\n<\/div>\n<\/div><\/details>\n<\/div>\n\n\n\n<div class=\"wp-block-buttons is-horizontal is-content-justification-left is-layout-flex wp-container-core-buttons-is-layout-7e5fce0a wp-block-buttons-is-layout-flex\">\n<div class=\"wp-block-button has-custom-font-size has-small-font-size\"><a class=\"wp-block-button__link has-background wp-element-button\" href=\"https:\/\/behinderung-und-flucht.isl-ev.de\/kulturguide\/hamburg\/\" style=\"border-radius:55px;background-color:#91025b;padding-top:var(--wp--preset--spacing--20);padding-right:var(--wp--preset--spacing--20);padding-bottom:var(--wp--preset--spacing--20);padding-left:var(--wp--preset--spacing--20)\">Zur\u00fcck zur \u00dcbersicht<\/a><\/div>\n<\/div>\n","protected":false},"excerpt":{"rendered":"","protected":false},"author":1,"featured_media":0,"parent":4812,"menu_order":0,"comment_status":"closed","ping_status":"closed","template":"","meta":{"ub_ctt_via":"","inline_featured_image":false,"_themeisle_gutenberg_block_has_review":false,"_mc_calendar":[],"footnotes":""},"categories":[],"tags":[],"class_list":["post-4826","page","type-page","status-publish","hentry","entry"],"featured_image_src":null,"yoast_head":"<!-- This site is optimized with the Yoast SEO plugin v21.4 - https:\/\/yoast.com\/wordpress\/plugins\/seo\/ -->\n<title>Theater - Infoseite der Interessenvertretung Selbstbestimmt Leben in Deutschland e.V.<\/title>\n<meta name=\"robots\" content=\"index, follow, max-snippet:-1, max-image-preview:large, max-video-preview:-1\" \/>\n<link rel=\"canonical\" href=\"https:\/\/behinderung-und-flucht.isl-ev.de\/en\/kulturguide\/hamburg\/theater\/\" \/>\n<meta property=\"og:locale\" content=\"en_US\" \/>\n<meta property=\"og:type\" content=\"article\" \/>\n<meta property=\"og:title\" content=\"Theater - Infoseite der Interessenvertretung Selbstbestimmt Leben in Deutschland e.V.\" \/>\n<meta property=\"og:url\" content=\"https:\/\/behinderung-und-flucht.isl-ev.de\/en\/kulturguide\/hamburg\/theater\/\" \/>\n<meta property=\"og:site_name\" content=\"Infoseite der Interessenvertretung Selbstbestimmt Leben in Deutschland e.V.\" \/>\n<meta property=\"article:modified_time\" content=\"2023-12-14T22:13:21+00:00\" \/>\n<meta property=\"og:image\" content=\"https:\/\/behinderung-und-flucht.isl-ev.de\/wp-content\/uploads\/2023\/02\/WKU-Icons_Zugaenglich-mit-Rollstuhl.svg\" \/>\n<meta name=\"twitter:card\" content=\"summary_large_image\" \/>\n<meta name=\"twitter:label1\" content=\"Est. reading time\" \/>\n\t<meta name=\"twitter:data1\" content=\"10 minutes\" \/>\n<script type=\"application\/ld+json\" class=\"yoast-schema-graph\">{\"@context\":\"https:\/\/schema.org\",\"@graph\":[{\"@type\":\"WebPage\",\"@id\":\"https:\/\/behinderung-und-flucht.isl-ev.de\/en\/kulturguide\/hamburg\/theater\/\",\"url\":\"https:\/\/behinderung-und-flucht.isl-ev.de\/en\/kulturguide\/hamburg\/theater\/\",\"name\":\"Theater - Infoseite der Interessenvertretung Selbstbestimmt Leben in Deutschland e.V.\",\"isPartOf\":{\"@id\":\"https:\/\/behinderung-und-flucht.isl-ev.de\/en\/#website\"},\"datePublished\":\"2023-10-31T19:03:33+00:00\",\"dateModified\":\"2023-12-14T22:13:21+00:00\",\"breadcrumb\":{\"@id\":\"https:\/\/behinderung-und-flucht.isl-ev.de\/en\/kulturguide\/hamburg\/theater\/#breadcrumb\"},\"inLanguage\":\"en-US\",\"potentialAction\":[{\"@type\":\"ReadAction\",\"target\":[\"https:\/\/behinderung-und-flucht.isl-ev.de\/en\/kulturguide\/hamburg\/theater\/\"]}]},{\"@type\":\"BreadcrumbList\",\"@id\":\"https:\/\/behinderung-und-flucht.isl-ev.de\/en\/kulturguide\/hamburg\/theater\/#breadcrumb\",\"itemListElement\":[{\"@type\":\"ListItem\",\"position\":1,\"name\":\"Startseite\",\"item\":\"https:\/\/behinderung-und-flucht.isl-ev.de\/en\/\"},{\"@type\":\"ListItem\",\"position\":2,\"name\":\"Kulturguide\",\"item\":\"https:\/\/behinderung-und-flucht.isl-ev.de\/en\/kulturguide\/\"},{\"@type\":\"ListItem\",\"position\":3,\"name\":\"Hamburg\",\"item\":\"https:\/\/behinderung-und-flucht.isl-ev.de\/en\/kulturguide\/hamburg\/\"},{\"@type\":\"ListItem\",\"position\":4,\"name\":\"Theater\"}]},{\"@type\":\"WebSite\",\"@id\":\"https:\/\/behinderung-und-flucht.isl-ev.de\/en\/#website\",\"url\":\"https:\/\/behinderung-und-flucht.isl-ev.de\/en\/\",\"name\":\"Infoseite f\u00fcr gefl\u00fcchtete Menschen mit Behinderungen oder chronischen Erkrankungen\",\"description\":\"Informationen f\u00fcr gefl\u00fcchtete Menschen mit Behinderungen oder chronischen Erkrankungen\",\"publisher\":{\"@id\":\"https:\/\/behinderung-und-flucht.isl-ev.de\/en\/#organization\"},\"alternateName\":\"Infoseite f\u00fcr gefl\u00fcchtete Menschen mit Behinderungen\",\"potentialAction\":[{\"@type\":\"SearchAction\",\"target\":{\"@type\":\"EntryPoint\",\"urlTemplate\":\"https:\/\/behinderung-und-flucht.isl-ev.de\/en\/?s={search_term_string}\"},\"query-input\":\"required name=search_term_string\"}],\"inLanguage\":\"en-US\"},{\"@type\":\"Organization\",\"@id\":\"https:\/\/behinderung-und-flucht.isl-ev.de\/en\/#organization\",\"name\":\"Infoseite der Interessenvertretung Selbstbestimmt Leben in Deutschland e.V.\",\"url\":\"https:\/\/behinderung-und-flucht.isl-ev.de\/en\/\",\"logo\":{\"@type\":\"ImageObject\",\"inLanguage\":\"en-US\",\"@id\":\"https:\/\/behinderung-und-flucht.isl-ev.de\/en\/#\/schema\/logo\/image\/\",\"url\":\"https:\/\/behinderung-und-flucht.isl-ev.de\/wp-content\/uploads\/2022\/09\/logo-infoseite-04.svg\",\"contentUrl\":\"https:\/\/behinderung-und-flucht.isl-ev.de\/wp-content\/uploads\/2022\/09\/logo-infoseite-04.svg\",\"caption\":\"Infoseite der Interessenvertretung Selbstbestimmt Leben in Deutschland e.V.\"},\"image\":{\"@id\":\"https:\/\/behinderung-und-flucht.isl-ev.de\/en\/#\/schema\/logo\/image\/\"}}]}<\/script>\n<!-- \/ Yoast SEO plugin. -->","yoast_head_json":{"title":"Theater - Infoseite der Interessenvertretung Selbstbestimmt Leben in Deutschland e.V.","robots":{"index":"index","follow":"follow","max-snippet":"max-snippet:-1","max-image-preview":"max-image-preview:large","max-video-preview":"max-video-preview:-1"},"canonical":"https:\/\/behinderung-und-flucht.isl-ev.de\/en\/kulturguide\/hamburg\/theater\/","og_locale":"en_US","og_type":"article","og_title":"Theater - Infoseite der Interessenvertretung Selbstbestimmt Leben in Deutschland e.V.","og_url":"https:\/\/behinderung-und-flucht.isl-ev.de\/en\/kulturguide\/hamburg\/theater\/","og_site_name":"Infoseite der Interessenvertretung Selbstbestimmt Leben in Deutschland e.V.","article_modified_time":"2023-12-14T22:13:21+00:00","og_image":[{"url":"https:\/\/behinderung-und-flucht.isl-ev.de\/wp-content\/uploads\/2023\/02\/WKU-Icons_Zugaenglich-mit-Rollstuhl.svg"}],"twitter_card":"summary_large_image","twitter_misc":{"Est. reading time":"10 minutes"},"schema":{"@context":"https:\/\/schema.org","@graph":[{"@type":"WebPage","@id":"https:\/\/behinderung-und-flucht.isl-ev.de\/en\/kulturguide\/hamburg\/theater\/","url":"https:\/\/behinderung-und-flucht.isl-ev.de\/en\/kulturguide\/hamburg\/theater\/","name":"Theater - Infoseite der Interessenvertretung Selbstbestimmt Leben in Deutschland e.V.","isPartOf":{"@id":"https:\/\/behinderung-und-flucht.isl-ev.de\/en\/#website"},"datePublished":"2023-10-31T19:03:33+00:00","dateModified":"2023-12-14T22:13:21+00:00","breadcrumb":{"@id":"https:\/\/behinderung-und-flucht.isl-ev.de\/en\/kulturguide\/hamburg\/theater\/#breadcrumb"},"inLanguage":"en-US","potentialAction":[{"@type":"ReadAction","target":["https:\/\/behinderung-und-flucht.isl-ev.de\/en\/kulturguide\/hamburg\/theater\/"]}]},{"@type":"BreadcrumbList","@id":"https:\/\/behinderung-und-flucht.isl-ev.de\/en\/kulturguide\/hamburg\/theater\/#breadcrumb","itemListElement":[{"@type":"ListItem","position":1,"name":"Startseite","item":"https:\/\/behinderung-und-flucht.isl-ev.de\/en\/"},{"@type":"ListItem","position":2,"name":"Kulturguide","item":"https:\/\/behinderung-und-flucht.isl-ev.de\/en\/kulturguide\/"},{"@type":"ListItem","position":3,"name":"Hamburg","item":"https:\/\/behinderung-und-flucht.isl-ev.de\/en\/kulturguide\/hamburg\/"},{"@type":"ListItem","position":4,"name":"Theater"}]},{"@type":"WebSite","@id":"https:\/\/behinderung-und-flucht.isl-ev.de\/en\/#website","url":"https:\/\/behinderung-und-flucht.isl-ev.de\/en\/","name":"Infoseite f\u00fcr gefl\u00fcchtete Menschen mit Behinderungen oder chronischen Erkrankungen","description":"Informationen f\u00fcr gefl\u00fcchtete Menschen mit Behinderungen oder chronischen Erkrankungen","publisher":{"@id":"https:\/\/behinderung-und-flucht.isl-ev.de\/en\/#organization"},"alternateName":"Infoseite f\u00fcr gefl\u00fcchtete Menschen mit Behinderungen","potentialAction":[{"@type":"SearchAction","target":{"@type":"EntryPoint","urlTemplate":"https:\/\/behinderung-und-flucht.isl-ev.de\/en\/?s={search_term_string}"},"query-input":"required name=search_term_string"}],"inLanguage":"en-US"},{"@type":"Organization","@id":"https:\/\/behinderung-und-flucht.isl-ev.de\/en\/#organization","name":"Infoseite der Interessenvertretung Selbstbestimmt Leben in Deutschland e.V.","url":"https:\/\/behinderung-und-flucht.isl-ev.de\/en\/","logo":{"@type":"ImageObject","inLanguage":"en-US","@id":"https:\/\/behinderung-und-flucht.isl-ev.de\/en\/#\/schema\/logo\/image\/","url":"https:\/\/behinderung-und-flucht.isl-ev.de\/wp-content\/uploads\/2022\/09\/logo-infoseite-04.svg","contentUrl":"https:\/\/behinderung-und-flucht.isl-ev.de\/wp-content\/uploads\/2022\/09\/logo-infoseite-04.svg","caption":"Infoseite der Interessenvertretung Selbstbestimmt Leben in Deutschland e.V."},"image":{"@id":"https:\/\/behinderung-und-flucht.isl-ev.de\/en\/#\/schema\/logo\/image\/"}}]}},"_links":{"self":[{"href":"https:\/\/behinderung-und-flucht.isl-ev.de\/en\/wp-json\/wp\/v2\/pages\/4826","targetHints":{"allow":["GET"]}}],"collection":[{"href":"https:\/\/behinderung-und-flucht.isl-ev.de\/en\/wp-json\/wp\/v2\/pages"}],"about":[{"href":"https:\/\/behinderung-und-flucht.isl-ev.de\/en\/wp-json\/wp\/v2\/types\/page"}],"author":[{"embeddable":true,"href":"https:\/\/behinderung-und-flucht.isl-ev.de\/en\/wp-json\/wp\/v2\/users\/1"}],"replies":[{"embeddable":true,"href":"https:\/\/behinderung-und-flucht.isl-ev.de\/en\/wp-json\/wp\/v2\/comments?post=4826"}],"version-history":[{"count":12,"href":"https:\/\/behinderung-und-flucht.isl-ev.de\/en\/wp-json\/wp\/v2\/pages\/4826\/revisions"}],"predecessor-version":[{"id":5014,"href":"https:\/\/behinderung-und-flucht.isl-ev.de\/en\/wp-json\/wp\/v2\/pages\/4826\/revisions\/5014"}],"up":[{"embeddable":true,"href":"https:\/\/behinderung-und-flucht.isl-ev.de\/en\/wp-json\/wp\/v2\/pages\/4812"}],"wp:attachment":[{"href":"https:\/\/behinderung-und-flucht.isl-ev.de\/en\/wp-json\/wp\/v2\/media?parent=4826"}],"wp:term":[{"taxonomy":"category","embeddable":true,"href":"https:\/\/behinderung-und-flucht.isl-ev.de\/en\/wp-json\/wp\/v2\/categories?post=4826"},{"taxonomy":"post_tag","embeddable":true,"href":"https:\/\/behinderung-und-flucht.isl-ev.de\/en\/wp-json\/wp\/v2\/tags?post=4826"}],"curies":[{"name":"wp","href":"https:\/\/api.w.org\/{rel}","templated":true}]}}