{"id":4086,"date":"2023-04-17T22:13:06","date_gmt":"2023-04-17T20:13:06","guid":{"rendered":"https:\/\/behinderung-und-flucht.isl-ev.de\/?page_id=4086"},"modified":"2023-05-08T14:38:17","modified_gmt":"2023-05-08T12:38:17","slug":"hamburg","status":"publish","type":"page","link":"https:\/\/behinderung-und-flucht.isl-ev.de\/en\/beratung-selbsthilfe-en\/hamburg\/","title":{"rendered":"Hamburg"},"content":{"rendered":"\n<h4 class=\"wp-block-heading has-white-background-color has-background\">The translation is in progress and will be available soon.<\/h4>\n\n\n\n<h2 class=\"wp-block-heading\">Beratungs- und Informationsangebote von Hamburg:<\/h2>\n\n\n\n<div class=\"wp-block-columns has-white-background-color has-background is-layout-flex wp-container-core-columns-is-layout-f9777a04 wp-block-columns-is-layout-flex\" style=\"padding-top:var(--wp--preset--spacing--20);padding-right:var(--wp--preset--spacing--20);padding-bottom:var(--wp--preset--spacing--20);padding-left:var(--wp--preset--spacing--20)\">\n<div class=\"wp-block-column is-layout-flow wp-block-column-is-layout-flow\" style=\"flex-basis:66.66%\">\n<h3 class=\"wp-block-heading\" style=\"font-style:normal;font-weight:400\">Vernetzung Flucht Migration Hamburg<\/h3>\n\n\n\n<p><strong>Gerichtet an:<\/strong> Gefl\u00fcchtete Menschen mit und ohne Behinderungen<\/p>\n\n\n\n<p><strong>Angebot:<\/strong> Vernetzumgsseite f\u00fcr Flucht in Hamburg <\/p>\n\n\n\n<p><strong>Link:<\/strong><a href=\"https:\/\/www.vernetzung-migration-hamburg.de\/\"> <\/a><a href=\"https:\/\/www.vernetzung-migration-hamburg.de\/\">https:\/\/www.vernetzung-migration-hamburg.de\/<\/a><\/p>\n<\/div>\n\n\n\n<div class=\"wp-block-column is-layout-flow wp-block-column-is-layout-flow\" style=\"flex-basis:33.33%\">\n<p><\/p>\n<\/div>\n<\/div>\n\n\n\n<div class=\"wp-block-columns has-white-background-color has-background is-layout-flex wp-container-core-columns-is-layout-f9777a04 wp-block-columns-is-layout-flex\" style=\"padding-top:var(--wp--preset--spacing--20);padding-right:var(--wp--preset--spacing--20);padding-bottom:var(--wp--preset--spacing--20);padding-left:var(--wp--preset--spacing--20)\">\n<div class=\"wp-block-column is-layout-flow wp-block-column-is-layout-flow\" style=\"flex-basis:66.66%\">\n<h3 class=\"wp-block-heading\" style=\"font-style:normal;font-weight:400\">Jobsupport f\u00fcr Menschen mit Fluchterfahrung<\/h3>\n\n\n\n<p><strong>Gerichtet an:<\/strong> Jobsupport f\u00fcr Gefl\u00fcchtete mit gesundheitlichen Einschr\u00e4nkungen oder einer Behinderung<\/p>\n\n\n\n<p>Ansprechpartner: Agnes Hass<\/p>\n\n\n\n<p><strong>Angebot:<\/strong> Unterst\u00fctzung und Beratung in Bereich Job und Ausbildung<\/p>\n\n\n\n<p><strong>Link:<\/strong> <a href=\"https:\/\/www.vernetzung-migration-hamburg.de\/index.php?id=537&amp;ls-offer=6\">https:\/\/www.vernetzung-migration-hamburg.de\/index.php?id=537&amp;ls-offer=6<\/a><\/p>\n<\/div>\n\n\n\n<div class=\"wp-block-column is-layout-flow wp-block-column-is-layout-flow\" style=\"flex-basis:33.33%\">\n<p><strong>Adresse: <\/strong><br>Schlicksweg 39<\/p>\n\n\n\n<p><strong>Telefon:<\/strong> 040-309368-52<\/p>\n<\/div>\n<\/div>\n\n\n\n<div class=\"wp-block-columns has-white-background-color has-background is-layout-flex wp-container-core-columns-is-layout-f9777a04 wp-block-columns-is-layout-flex\" style=\"padding-top:var(--wp--preset--spacing--20);padding-right:var(--wp--preset--spacing--20);padding-bottom:var(--wp--preset--spacing--20);padding-left:var(--wp--preset--spacing--20)\">\n<div class=\"wp-block-column is-layout-flow wp-block-column-is-layout-flow\" style=\"flex-basis:66.66%\">\n<h3 class=\"wp-block-heading\" style=\"font-style:normal;font-weight:400\">Trauma-specific counselling<\/h3>\n\n\n\n<p><strong>Gerichtet an:<\/strong> Vollj\u00e4hrige Gefl\u00fcchtete Menschen mit psychische Problemen bzw. Traumatisierte<\/p>\n\n\n\n<p><strong>Angebot:<\/strong> Traumaspezifische Beratung<\/p>\n\n\n\n<p><strong>Sprache:<\/strong> Arabisch, Englisch, Farsi\/Dari, Kurmanci, Russisch; Sprachmittler:innen f\u00fcr alle ben\u00f6tigte Sprachen<\/p>\n\n\n\n<p><strong>Link:<\/strong> <a href=\"https:\/\/centra.hamburg\/en\/treatment\/counselling\/\">https:\/\/centra.hamburg\/en\/treatment\/counselling\/<\/a><\/p>\n<\/div>\n\n\n\n<div class=\"wp-block-column is-layout-flow wp-block-column-is-layout-flow\" style=\"flex-basis:33.33%\">\n<p><strong>Adresse: <\/strong><br>Heidenkampsweg 97<\/p>\n\n\n\n<p><strong>Telefon:<\/strong> 040\/23 20 522-22<\/p>\n<\/div>\n<\/div>\n\n\n\n<div class=\"wp-block-columns has-white-background-color has-background is-layout-flex wp-container-core-columns-is-layout-f9777a04 wp-block-columns-is-layout-flex\" style=\"padding-top:var(--wp--preset--spacing--20);padding-right:var(--wp--preset--spacing--20);padding-bottom:var(--wp--preset--spacing--20);padding-left:var(--wp--preset--spacing--20)\">\n<div class=\"wp-block-column is-layout-flow wp-block-column-is-layout-flow\" style=\"flex-basis:66.66%\">\n<h3 class=\"wp-block-heading\" style=\"font-style:normal;font-weight:400\">Hilfe f\u00fcr Menschen aus der Ukraine in Hamburg<\/h3>\n\n\n\n<p><strong>Gerichtet an:<\/strong> Gefl\u00fcchtete Menschen mit und ohne Behinderungen<\/p>\n\n\n\n<p><strong>Herkunftsl\u00e4nder:<\/strong> Ukraine<\/p>\n\n\n\n<p>Angebot: Hilfe f\u00fcr Menschen aus der Ukraine in Hamburg<\/p>\n\n\n\n<p><strong>Angebotsart:<\/strong> Diakonie-Treff Ankommen; Integrationspaten; Migrationsberatung; psychosoziale Beratung f\u00fcr Gefl\u00fcchtete; Zentrale Anlaufstelle Anerkennung (ZAA); Integrationszentrum; Schwangerenberatung<\/p>\n\n\n\n<p><strong>Link:<\/strong> <a href=\"https:\/\/www.diakonie-hamburg.de\/de\/rat-und-hilfe\/migration\/hilfe-fuer-menschen-aus-der-ukraine-in-hamburg\/index.html\"><\/a><a href=\"https:\/\/www.diakonie-hamburg.de\/de\/rat-und-hilfe\/migration\/hilfe-fuer-menschen-aus-der-ukraine-in-hamburg\/index.html\">https:\/\/www.diakonie-hamburg.de\/de\/rat-und-hilfe\/migration\/hilfe-fuer-menschen-aus-der-ukraine-in-hamburg\/index.html<\/a><\/p>\n<\/div>\n\n\n\n<div class=\"wp-block-column is-layout-flow wp-block-column-is-layout-flow\" style=\"flex-basis:33.33%\">\n<p><strong>Telefon:<\/strong> 040 30 620 300<\/p>\n<\/div>\n<\/div>\n\n\n\n<div class=\"wp-block-columns has-white-background-color has-background is-layout-flex wp-container-core-columns-is-layout-f9777a04 wp-block-columns-is-layout-flex\" style=\"padding-top:var(--wp--preset--spacing--20);padding-right:var(--wp--preset--spacing--20);padding-bottom:var(--wp--preset--spacing--20);padding-left:var(--wp--preset--spacing--20)\">\n<div class=\"wp-block-column is-layout-flow wp-block-column-is-layout-flow\" style=\"flex-basis:66.66%\">\n<h3 class=\"wp-block-heading\" style=\"font-style:normal;font-weight:400\">PSB Flucht<\/h3>\n\n\n\n<h4 class=\"wp-block-heading\">Psychosoziale Beratung f\u00fcr Fl\u00fcchtlinge<\/h4>\n\n\n\n<p><strong>Gerichtet an:<\/strong> Gefl\u00fcchtete Menschen mit psychische Problemen bzw. Traumatisierte<\/p>\n\n\n\n<p>Angebot: Schwerpunkt: Psychologische Beratung und Krisenintervention; Therapie; weitere Angebote: Sozialberatung; Gruppenangebote; Psychiatrische Sprechstunde; Weitervermittlung<\/p>\n\n\n\n<p><strong>Angebotsart:<\/strong> Vor Ort<\/p>\n\n\n\n<p><strong>Sprache:<\/strong> Dari, Farsi, Englisch, Russisch, Deutsch<\/p>\n\n\n\n<p><strong>Link:<\/strong> <a href=\"https:\/\/www.diakonie-hamburg.de\/de\/adressen\/PSB-Flucht-Psychosoziale-Beratung-fuer-Fluechtlinge\/\">https:\/\/www.diakonie-hamburg.de\/de\/adressen\/PSB-Flucht-Psychosoziale-Beratung-fuer-Fluechtlinge\/<\/a><\/p>\n<\/div>\n\n\n\n<div class=\"wp-block-column is-layout-flow wp-block-column-is-layout-flow\" style=\"flex-basis:33.33%\">\n<p><strong>Adresse:<\/strong> K\u00f6nigstra\u00dfe 54<\/p>\n\n\n\n<p><strong>Telefon:<\/strong> 040 30620-361<\/p>\n<\/div>\n<\/div>\n\n\n\n<div class=\"wp-block-columns has-white-background-color has-background is-layout-flex wp-container-core-columns-is-layout-f9777a04 wp-block-columns-is-layout-flex\" style=\"padding-top:var(--wp--preset--spacing--20);padding-right:var(--wp--preset--spacing--20);padding-bottom:var(--wp--preset--spacing--20);padding-left:var(--wp--preset--spacing--20)\">\n<div class=\"wp-block-column is-layout-flow wp-block-column-is-layout-flow\" style=\"flex-basis:66.66%\">\n<h3 class=\"wp-block-heading\" style=\"font-style:normal;font-weight:400\">Caritas Hamburg<\/h3>\n\n\n\n<h4 class=\"wp-block-heading\">Ukraine: Beratung und Projekte<\/h4>\n\n\n\n<p><strong>Gerichtet an:<\/strong> Gefl\u00fcchtete Menschen mit und ohne Behinderungen<\/p>\n\n\n\n<p><strong>Angebot:<\/strong> Ukraine: Beratung und Projekte<\/p>\n\n\n\n<p><strong>Angebotsart:<\/strong> Erst-Beratung; Beratung Drittstaatsangeh\u00f6rige; Kleiderkammer; Deutschkurse<\/p>\n\n\n\n<p><strong>Link:<\/strong> <a href=\"https:\/\/www.caritas-hamburg.de\/hilfe-und-beratung\/migration-und-flucht\/beratung\/ukraine-beratung-und-projekte\/ukraine-beratung-und-projekte\">https:\/\/www.caritas-hamburg.de\/hilfe-und-beratung\/migration-und-flucht\/beratung\/ukraine-beratung-und-projekte\/ukraine-beratung-und-projekte<\/a><\/p>\n<\/div>\n\n\n\n<div class=\"wp-block-column is-layout-flow wp-block-column-is-layout-flow\" style=\"flex-basis:33.33%\">\n<p><\/p>\n<\/div>\n<\/div>\n\n\n\n<div class=\"wp-block-columns has-white-background-color has-background is-layout-flex wp-container-core-columns-is-layout-f9777a04 wp-block-columns-is-layout-flex\" style=\"padding-top:var(--wp--preset--spacing--20);padding-right:var(--wp--preset--spacing--20);padding-bottom:var(--wp--preset--spacing--20);padding-left:var(--wp--preset--spacing--20)\">\n<div class=\"wp-block-column is-layout-flow wp-block-column-is-layout-flow\" style=\"flex-basis:66.66%\">\n<h3 class=\"wp-block-heading\" style=\"font-style:normal;font-weight:400\">Caritas Hamburg<\/h3>\n\n\n\n<h4 class=\"wp-block-heading\">Beratung<\/h4>\n\n\n\n<p><strong>Gerichtet an:<\/strong> Gefl\u00fcchtete Menschen mit und ohne Behinderungen<\/p>\n\n\n\n<p><strong>Angebot:<\/strong> Beratung<\/p>\n\n\n\n<p><strong>Link:<\/strong> <a href=\"https:\/\/www.caritas-hamburg.de\/hilfe-und-beratung\/migration-und-flucht\/beratung\/beratung\">https:\/\/www.caritas-hamburg.de\/hilfe-und-beratung\/migration-und-flucht\/beratung\/beratung<\/a><\/p>\n<\/div>\n\n\n\n<div class=\"wp-block-column is-layout-flow wp-block-column-is-layout-flow\" style=\"flex-basis:33.33%\">\n<p><\/p>\n<\/div>\n<\/div>\n\n\n\n<div class=\"wp-block-columns has-white-background-color has-background is-layout-flex wp-container-core-columns-is-layout-f9777a04 wp-block-columns-is-layout-flex\" style=\"padding-top:var(--wp--preset--spacing--20);padding-right:var(--wp--preset--spacing--20);padding-bottom:var(--wp--preset--spacing--20);padding-left:var(--wp--preset--spacing--20)\">\n<div class=\"wp-block-column is-layout-flow wp-block-column-is-layout-flow\" style=\"flex-basis:66.66%\">\n<h3 class=\"wp-block-heading\" style=\"font-style:normal;font-weight:400\">Caritas Hamburg<\/h3>\n\n\n\n<h4 class=\"wp-block-heading\">Ukraine: Beratung Drittstaatsangeh\u00f6rige<\/h4>\n\n\n\n<p><strong>Gerichtet an:<\/strong> Drittstaatsangeh\u00f6rige aus der Ukraine<\/p>\n\n\n\n<p>Herkunftsland: Ukraine ohne ukrainische Staatsb\u00fcrgerschaft<\/p>\n\n\n\n<p><strong>Angebot:<\/strong> <a href=\"Ukraine:\n  Beratung Drittstaatsangeh\u00f6rige\">Ukraine: Beratung Drittstaatsangeh\u00f6rige<\/a><\/p>\n\n\n\n<p><strong>Angebotsart:<\/strong> Vor Ort<\/p>\n\n\n\n<p><strong>Sprache:<\/strong> Deutsch, Englisch, Spanisch, Dari, Farsi, D\u00e4nisch<\/p>\n\n\n\n<p><strong>Link:<\/strong> <a href=\"https:\/\/www.caritas-hamburg.de\/hilfe-und-beratung\/migration-und-flucht\/beratung\/migration-und-flucht\/ukraine-beratung-drittstaatsangehoerige\">https:\/\/www.caritas-hamburg.de\/hilfe-und-beratung\/migration-und-flucht\/beratung\/migration-und-flucht\/ukraine-beratung-drittstaatsangehoerige<\/a><\/p>\n<\/div>\n\n\n\n<div class=\"wp-block-column is-layout-flow wp-block-column-is-layout-flow\" style=\"flex-basis:33.33%\">\n<p><strong>Telefon:<\/strong> 040 280 140-808<\/p>\n<\/div>\n<\/div>\n\n\n\n<div class=\"wp-block-columns has-white-background-color has-background is-layout-flex wp-container-core-columns-is-layout-f9777a04 wp-block-columns-is-layout-flex\" style=\"padding-top:var(--wp--preset--spacing--20);padding-right:var(--wp--preset--spacing--20);padding-bottom:var(--wp--preset--spacing--20);padding-left:var(--wp--preset--spacing--20)\">\n<div class=\"wp-block-column is-layout-flow wp-block-column-is-layout-flow\" style=\"flex-basis:66.66%\">\n<h3 class=\"wp-block-heading\" style=\"font-style:normal;font-weight:400\">Caritas Hamburg<\/h3>\n\n\n\n<h4 class=\"wp-block-heading\">H\u00e4rtefallberatung f\u00fcr Gefl\u00fcchtete<\/h4>\n\n\n\n<p><strong>Gerichtet an:<\/strong> Gefl\u00fcchtete mit drohender Abschiebung und im Dublin-Verfahren<\/p>\n\n\n\n<p><strong>Angebot:<\/strong> H\u00e4rtefallberatung&nbsp;<\/p>\n\n\n\n<p><strong>Angebotsart:<\/strong> Vor Ort<\/p>\n\n\n\n<p><strong>Link:<\/strong> <a href=\"https:\/\/www.caritas-hamburg.de\/hilfe-und-beratung\/migration-und-flucht\/beratung\/haertefallberatung\/haertefallberatung\">https:\/\/www.caritas-hamburg.de\/hilfe-und-beratung\/migration-und-flucht\/beratung\/haertefallberatung\/haertefallberatung<\/a><\/p>\n<\/div>\n\n\n\n<div class=\"wp-block-column is-layout-flow wp-block-column-is-layout-flow\" style=\"flex-basis:33.33%\">\n<p>Adresse: Danziger Stra\u00dfe 66&nbsp;<\/p>\n\n\n\n<p><strong>Telefon:<\/strong> 040 280 140 808<\/p>\n<\/div>\n<\/div>\n\n\n\n<div class=\"wp-block-columns has-white-background-color has-background is-layout-flex wp-container-core-columns-is-layout-f9777a04 wp-block-columns-is-layout-flex\" style=\"padding-top:var(--wp--preset--spacing--20);padding-right:var(--wp--preset--spacing--20);padding-bottom:var(--wp--preset--spacing--20);padding-left:var(--wp--preset--spacing--20)\">\n<div class=\"wp-block-column is-layout-flow wp-block-column-is-layout-flow\" style=\"flex-basis:66.66%\">\n<h3 class=\"wp-block-heading\" style=\"font-style:normal;font-weight:400\">Segemi<\/h3>\n\n\n\n<h4 class=\"wp-block-heading\">Psychosoziale Beratung<\/h4>\n\n\n\n<p><strong>Gerichtet an:<\/strong> Gefl\u00fcchtete Erwachsene, Kinder und Jugendliche mit seelischen Beeintr\u00e4chtigungen<\/p>\n\n\n\n<p><strong>Angebot:<\/strong> Psychosoziale Beratung<\/p>\n\n\n\n<p><strong>Angebotsart:<\/strong> Vor Ort<\/p>\n\n\n\n<p><strong>Sprache:<\/strong> Dolmetschgest\u00fctzte Gespr\u00e4che bei Bedarf<\/p>\n\n\n\n<p><strong>Link:<\/strong> <a href=\"https:\/\/www.segemi.org\/psychosoziale-beratung\">https:\/\/www.segemi.org\/psychosoziale-beratung<\/a><\/p>\n<\/div>\n\n\n\n<div class=\"wp-block-column is-layout-flow wp-block-column-is-layout-flow\" style=\"flex-basis:33.33%\">\n<p><strong>Telefon:<\/strong> 040 300 901 01<\/p>\n<\/div>\n<\/div>\n","protected":false},"excerpt":{"rendered":"<p>The translation is in progress and will be available soon. Beratungs- und Informationsangebote von Hamburg: Vernetzung Flucht Migration Hamburg Gerichtet an: Gefl\u00fcchtete Menschen mit und ohne Behinderungen Angebot: Vernetzumgsseite f\u00fcr Flucht in Hamburg Link: https:\/\/www.vernetzung-migration-hamburg.de\/ Jobsupport f\u00fcr Menschen mit Fluchterfahrung Gerichtet an: Jobsupport f\u00fcr Gefl\u00fcchtete mit gesundheitlichen Einschr\u00e4nkungen oder einer Behinderung Ansprechpartner: Agnes Hass Angebot:&hellip; <a class=\"more-link\" href=\"https:\/\/behinderung-und-flucht.isl-ev.de\/en\/beratung-selbsthilfe-en\/hamburg\/\">Continue reading <span class=\"screen-reader-text\">Hamburg<\/span><\/a><\/p>\n","protected":false},"author":1,"featured_media":0,"parent":763,"menu_order":0,"comment_status":"closed","ping_status":"closed","template":"","meta":{"ub_ctt_via":"","inline_featured_image":false,"_themeisle_gutenberg_block_has_review":false,"_mc_calendar":[],"footnotes":""},"categories":[],"tags":[],"class_list":["post-4086","page","type-page","status-publish","hentry","entry"],"featured_image_src":null,"yoast_head":"<!-- This site is optimized with the Yoast SEO plugin v21.4 - https:\/\/yoast.com\/wordpress\/plugins\/seo\/ -->\n<title>Hamburg - Infoseite der Interessenvertretung Selbstbestimmt Leben in Deutschland e.V.<\/title>\n<meta name=\"robots\" content=\"index, follow, max-snippet:-1, max-image-preview:large, max-video-preview:-1\" \/>\n<link rel=\"canonical\" href=\"https:\/\/behinderung-und-flucht.isl-ev.de\/en\/beratung-selbsthilfe-en\/hamburg\/\" \/>\n<meta property=\"og:locale\" content=\"en_US\" \/>\n<meta property=\"og:type\" content=\"article\" \/>\n<meta property=\"og:title\" content=\"Hamburg - Infoseite der Interessenvertretung Selbstbestimmt Leben in Deutschland e.V.\" \/>\n<meta property=\"og:description\" content=\"The translation is in progress and will be available soon. Beratungs- und Informationsangebote von Hamburg: Vernetzung Flucht Migration Hamburg Gerichtet an: Gefl\u00fcchtete Menschen mit und ohne Behinderungen Angebot: Vernetzumgsseite f\u00fcr Flucht in Hamburg Link: https:\/\/www.vernetzung-migration-hamburg.de\/ Jobsupport f\u00fcr Menschen mit Fluchterfahrung Gerichtet an: Jobsupport f\u00fcr Gefl\u00fcchtete mit gesundheitlichen Einschr\u00e4nkungen oder einer Behinderung Ansprechpartner: Agnes Hass Angebot:&hellip; Continue reading Hamburg\" \/>\n<meta property=\"og:url\" content=\"https:\/\/behinderung-und-flucht.isl-ev.de\/en\/beratung-selbsthilfe-en\/hamburg\/\" \/>\n<meta property=\"og:site_name\" content=\"Infoseite der Interessenvertretung Selbstbestimmt Leben in Deutschland e.V.\" \/>\n<meta property=\"article:modified_time\" content=\"2023-05-08T12:38:17+00:00\" \/>\n<meta name=\"twitter:card\" content=\"summary_large_image\" \/>\n<meta name=\"twitter:label1\" content=\"Est. reading time\" \/>\n\t<meta name=\"twitter:data1\" content=\"2 minutes\" \/>\n<script type=\"application\/ld+json\" class=\"yoast-schema-graph\">{\"@context\":\"https:\/\/schema.org\",\"@graph\":[{\"@type\":\"WebPage\",\"@id\":\"https:\/\/behinderung-und-flucht.isl-ev.de\/en\/beratung-selbsthilfe-en\/hamburg\/\",\"url\":\"https:\/\/behinderung-und-flucht.isl-ev.de\/en\/beratung-selbsthilfe-en\/hamburg\/\",\"name\":\"Hamburg - Infoseite der Interessenvertretung Selbstbestimmt Leben in Deutschland e.V.\",\"isPartOf\":{\"@id\":\"https:\/\/behinderung-und-flucht.isl-ev.de\/en\/#website\"},\"datePublished\":\"2023-04-17T20:13:06+00:00\",\"dateModified\":\"2023-05-08T12:38:17+00:00\",\"breadcrumb\":{\"@id\":\"https:\/\/behinderung-und-flucht.isl-ev.de\/en\/beratung-selbsthilfe-en\/hamburg\/#breadcrumb\"},\"inLanguage\":\"en-US\",\"potentialAction\":[{\"@type\":\"ReadAction\",\"target\":[\"https:\/\/behinderung-und-flucht.isl-ev.de\/en\/beratung-selbsthilfe-en\/hamburg\/\"]}]},{\"@type\":\"BreadcrumbList\",\"@id\":\"https:\/\/behinderung-und-flucht.isl-ev.de\/en\/beratung-selbsthilfe-en\/hamburg\/#breadcrumb\",\"itemListElement\":[{\"@type\":\"ListItem\",\"position\":1,\"name\":\"Startseite\",\"item\":\"https:\/\/behinderung-und-flucht.isl-ev.de\/en\/\"},{\"@type\":\"ListItem\",\"position\":2,\"name\":\"Counseling\/self-help\",\"item\":\"https:\/\/behinderung-und-flucht.isl-ev.de\/en\/beratung-selbsthilfe-en\/\"},{\"@type\":\"ListItem\",\"position\":3,\"name\":\"Hamburg\"}]},{\"@type\":\"WebSite\",\"@id\":\"https:\/\/behinderung-und-flucht.isl-ev.de\/en\/#website\",\"url\":\"https:\/\/behinderung-und-flucht.isl-ev.de\/en\/\",\"name\":\"Infoseite f\u00fcr gefl\u00fcchtete Menschen mit Behinderungen oder chronischen Erkrankungen\",\"description\":\"Informationen f\u00fcr gefl\u00fcchtete Menschen mit Behinderungen oder chronischen Erkrankungen\",\"publisher\":{\"@id\":\"https:\/\/behinderung-und-flucht.isl-ev.de\/en\/#organization\"},\"alternateName\":\"Infoseite f\u00fcr gefl\u00fcchtete Menschen mit Behinderungen\",\"potentialAction\":[{\"@type\":\"SearchAction\",\"target\":{\"@type\":\"EntryPoint\",\"urlTemplate\":\"https:\/\/behinderung-und-flucht.isl-ev.de\/en\/?s={search_term_string}\"},\"query-input\":\"required name=search_term_string\"}],\"inLanguage\":\"en-US\"},{\"@type\":\"Organization\",\"@id\":\"https:\/\/behinderung-und-flucht.isl-ev.de\/en\/#organization\",\"name\":\"Infoseite der Interessenvertretung Selbstbestimmt Leben in Deutschland e.V.\",\"url\":\"https:\/\/behinderung-und-flucht.isl-ev.de\/en\/\",\"logo\":{\"@type\":\"ImageObject\",\"inLanguage\":\"en-US\",\"@id\":\"https:\/\/behinderung-und-flucht.isl-ev.de\/en\/#\/schema\/logo\/image\/\",\"url\":\"https:\/\/behinderung-und-flucht.isl-ev.de\/wp-content\/uploads\/2022\/09\/logo-infoseite-04.svg\",\"contentUrl\":\"https:\/\/behinderung-und-flucht.isl-ev.de\/wp-content\/uploads\/2022\/09\/logo-infoseite-04.svg\",\"caption\":\"Infoseite der Interessenvertretung Selbstbestimmt Leben in Deutschland e.V.\"},\"image\":{\"@id\":\"https:\/\/behinderung-und-flucht.isl-ev.de\/en\/#\/schema\/logo\/image\/\"}}]}<\/script>\n<!-- \/ Yoast SEO plugin. -->","yoast_head_json":{"title":"Hamburg - Infoseite der Interessenvertretung Selbstbestimmt Leben in Deutschland e.V.","robots":{"index":"index","follow":"follow","max-snippet":"max-snippet:-1","max-image-preview":"max-image-preview:large","max-video-preview":"max-video-preview:-1"},"canonical":"https:\/\/behinderung-und-flucht.isl-ev.de\/en\/beratung-selbsthilfe-en\/hamburg\/","og_locale":"en_US","og_type":"article","og_title":"Hamburg - Infoseite der Interessenvertretung Selbstbestimmt Leben in Deutschland e.V.","og_description":"The translation is in progress and will be available soon. Beratungs- und Informationsangebote von Hamburg: Vernetzung Flucht Migration Hamburg Gerichtet an: Gefl\u00fcchtete Menschen mit und ohne Behinderungen Angebot: Vernetzumgsseite f\u00fcr Flucht in Hamburg Link: https:\/\/www.vernetzung-migration-hamburg.de\/ Jobsupport f\u00fcr Menschen mit Fluchterfahrung Gerichtet an: Jobsupport f\u00fcr Gefl\u00fcchtete mit gesundheitlichen Einschr\u00e4nkungen oder einer Behinderung Ansprechpartner: Agnes Hass Angebot:&hellip; Continue reading Hamburg","og_url":"https:\/\/behinderung-und-flucht.isl-ev.de\/en\/beratung-selbsthilfe-en\/hamburg\/","og_site_name":"Infoseite der Interessenvertretung Selbstbestimmt Leben in Deutschland e.V.","article_modified_time":"2023-05-08T12:38:17+00:00","twitter_card":"summary_large_image","twitter_misc":{"Est. reading time":"2 minutes"},"schema":{"@context":"https:\/\/schema.org","@graph":[{"@type":"WebPage","@id":"https:\/\/behinderung-und-flucht.isl-ev.de\/en\/beratung-selbsthilfe-en\/hamburg\/","url":"https:\/\/behinderung-und-flucht.isl-ev.de\/en\/beratung-selbsthilfe-en\/hamburg\/","name":"Hamburg - Infoseite der Interessenvertretung Selbstbestimmt Leben in Deutschland e.V.","isPartOf":{"@id":"https:\/\/behinderung-und-flucht.isl-ev.de\/en\/#website"},"datePublished":"2023-04-17T20:13:06+00:00","dateModified":"2023-05-08T12:38:17+00:00","breadcrumb":{"@id":"https:\/\/behinderung-und-flucht.isl-ev.de\/en\/beratung-selbsthilfe-en\/hamburg\/#breadcrumb"},"inLanguage":"en-US","potentialAction":[{"@type":"ReadAction","target":["https:\/\/behinderung-und-flucht.isl-ev.de\/en\/beratung-selbsthilfe-en\/hamburg\/"]}]},{"@type":"BreadcrumbList","@id":"https:\/\/behinderung-und-flucht.isl-ev.de\/en\/beratung-selbsthilfe-en\/hamburg\/#breadcrumb","itemListElement":[{"@type":"ListItem","position":1,"name":"Startseite","item":"https:\/\/behinderung-und-flucht.isl-ev.de\/en\/"},{"@type":"ListItem","position":2,"name":"Counseling\/self-help","item":"https:\/\/behinderung-und-flucht.isl-ev.de\/en\/beratung-selbsthilfe-en\/"},{"@type":"ListItem","position":3,"name":"Hamburg"}]},{"@type":"WebSite","@id":"https:\/\/behinderung-und-flucht.isl-ev.de\/en\/#website","url":"https:\/\/behinderung-und-flucht.isl-ev.de\/en\/","name":"Infoseite f\u00fcr gefl\u00fcchtete Menschen mit Behinderungen oder chronischen Erkrankungen","description":"Informationen f\u00fcr gefl\u00fcchtete Menschen mit Behinderungen oder chronischen Erkrankungen","publisher":{"@id":"https:\/\/behinderung-und-flucht.isl-ev.de\/en\/#organization"},"alternateName":"Infoseite f\u00fcr gefl\u00fcchtete Menschen mit Behinderungen","potentialAction":[{"@type":"SearchAction","target":{"@type":"EntryPoint","urlTemplate":"https:\/\/behinderung-und-flucht.isl-ev.de\/en\/?s={search_term_string}"},"query-input":"required name=search_term_string"}],"inLanguage":"en-US"},{"@type":"Organization","@id":"https:\/\/behinderung-und-flucht.isl-ev.de\/en\/#organization","name":"Infoseite der Interessenvertretung Selbstbestimmt Leben in Deutschland e.V.","url":"https:\/\/behinderung-und-flucht.isl-ev.de\/en\/","logo":{"@type":"ImageObject","inLanguage":"en-US","@id":"https:\/\/behinderung-und-flucht.isl-ev.de\/en\/#\/schema\/logo\/image\/","url":"https:\/\/behinderung-und-flucht.isl-ev.de\/wp-content\/uploads\/2022\/09\/logo-infoseite-04.svg","contentUrl":"https:\/\/behinderung-und-flucht.isl-ev.de\/wp-content\/uploads\/2022\/09\/logo-infoseite-04.svg","caption":"Infoseite der Interessenvertretung Selbstbestimmt Leben in Deutschland e.V."},"image":{"@id":"https:\/\/behinderung-und-flucht.isl-ev.de\/en\/#\/schema\/logo\/image\/"}}]}},"_links":{"self":[{"href":"https:\/\/behinderung-und-flucht.isl-ev.de\/en\/wp-json\/wp\/v2\/pages\/4086","targetHints":{"allow":["GET"]}}],"collection":[{"href":"https:\/\/behinderung-und-flucht.isl-ev.de\/en\/wp-json\/wp\/v2\/pages"}],"about":[{"href":"https:\/\/behinderung-und-flucht.isl-ev.de\/en\/wp-json\/wp\/v2\/types\/page"}],"author":[{"embeddable":true,"href":"https:\/\/behinderung-und-flucht.isl-ev.de\/en\/wp-json\/wp\/v2\/users\/1"}],"replies":[{"embeddable":true,"href":"https:\/\/behinderung-und-flucht.isl-ev.de\/en\/wp-json\/wp\/v2\/comments?post=4086"}],"version-history":[{"count":3,"href":"https:\/\/behinderung-und-flucht.isl-ev.de\/en\/wp-json\/wp\/v2\/pages\/4086\/revisions"}],"predecessor-version":[{"id":4295,"href":"https:\/\/behinderung-und-flucht.isl-ev.de\/en\/wp-json\/wp\/v2\/pages\/4086\/revisions\/4295"}],"up":[{"embeddable":true,"href":"https:\/\/behinderung-und-flucht.isl-ev.de\/en\/wp-json\/wp\/v2\/pages\/763"}],"wp:attachment":[{"href":"https:\/\/behinderung-und-flucht.isl-ev.de\/en\/wp-json\/wp\/v2\/media?parent=4086"}],"wp:term":[{"taxonomy":"category","embeddable":true,"href":"https:\/\/behinderung-und-flucht.isl-ev.de\/en\/wp-json\/wp\/v2\/categories?post=4086"},{"taxonomy":"post_tag","embeddable":true,"href":"https:\/\/behinderung-und-flucht.isl-ev.de\/en\/wp-json\/wp\/v2\/tags?post=4086"}],"curies":[{"name":"wp","href":"https:\/\/api.w.org\/{rel}","templated":true}]}}