{"id":3422,"date":"2023-03-01T20:26:34","date_gmt":"2023-03-01T19:26:34","guid":{"rendered":"https:\/\/behinderung-und-flucht.isl-ev.de\/?page_id=3422"},"modified":"2023-03-07T21:02:15","modified_gmt":"2023-03-07T20:02:15","slug":"weihnachtsmarkt","status":"publish","type":"page","link":"https:\/\/behinderung-und-flucht.isl-ev.de\/en\/kulturguide\/bonn\/weihnachtsmarkt\/","title":{"rendered":"Weihnachtsmarkt"},"content":{"rendered":"\n<p><\/p>\n\n\n\n<div id=\"wp-block-themeisle-blocks-accordion-35e4df50\" data-has-schema=\"false\" class=\"wp-block-themeisle-blocks-accordion exclusive has-gap\">\n<details class=\"wp-block-themeisle-blocks-accordion-item\"><summary class=\"wp-block-themeisle-blocks-accordion-item__title\"><h2><strong>Mittelalterlicher Weihnachtsmarkt Siegburg <\/strong>  <img decoding=\"async\" style=\"width: 50px\" src=\"https:\/\/behinderung-und-flucht.isl-ev.de\/wp-content\/uploads\/2023\/02\/WKU-Icons_Behindertenparkplaetze-vorhanden.svg\" alt=\"Behindertenparkpl\u00e4tze vorhanden Es stehen gekennzeichnete Parkpl\u00e4tze in Eingangsn\u00e4he zur Verf\u00fcgung.\"><img decoding=\"async\" src=\"https:\/\/behinderung-und-flucht.isl-ev.de\/wp-content\/uploads\/2023\/02\/WKU-Icons_Zugaenglich-mit-Rollstuhl.svg\" alt=\"Zug\u00e4nglich mit Rollstuhl Den Gast erwarten keine Treppen, ggfs. ist eine Rampe vorhanden.\" style=\"width: 50px\"><\/h2><\/summary><div class=\"wp-block-themeisle-blocks-accordion-item__content\">\n<h3 class=\"wp-block-heading\">Mittelalterlicher Weihnachtsmarkt Siegburg<\/h3>\n\n\n\n<h4 class=\"wp-block-heading\">Erkl\u00e4rung<\/h4>\n\n\n\n<p>Auf dem Mittelalter Weihnachtsmarkt f\u00fchlt man sich wie in einer vergangenen Zeit. Es gibt Gaukler, h\u00f6lzerne Marktst\u00e4nde, Fackeln und eine einmalige Atmosph\u00e4re. Lieder des Mittelalters werden vorgetragen, Gaukelei und Schabernack unterhalten das Publikum. Verschiedene Programmpunkte werden auf der B\u00fchne und verteilt auf der gesamten Marktfl\u00e4che gezeigt.<\/p>\n\n\n\n<div class=\"wp-block-columns is-style-default is-layout-flex wp-container-core-columns-is-layout-9d6595d7 wp-block-columns-is-layout-flex\">\n<div class=\"wp-block-column is-layout-flow wp-block-column-is-layout-flow\">\n<h4 class=\"wp-block-heading\"><strong>Barrierefreiheit<\/strong><\/h4>\n\n\n\n<figure class=\"wp-block-table\"><table class=\"has-white-background-color has-background\"><tbody><tr><td><img decoding=\"async\" src=\"https:\/\/behinderung-und-flucht.isl-ev.de\/wp-content\/uploads\/2023\/02\/WKU-Icons_Behindertenparkplaetze-vorhanden.svg\" alt=\"Behindertenparkpl\u00e4tze vorhanden Es stehen gekennzeichnete Parkpl\u00e4tze in Eingangsn\u00e4he zur Verf\u00fcgung.\" style=\"width: 150px\"><\/td><td>Behindertenparkpl\u00e4tze vorhanden<\/td><\/tr><tr><td><img decoding=\"async\" src=\"https:\/\/behinderung-und-flucht.isl-ev.de\/wp-content\/uploads\/2023\/02\/WKU-Icons_Zugaenglich-mit-Rollstuhl.svg\" alt=\"Zug\u00e4nglich mit Rollstuhl Den Gast erwarten keine Treppen, ggfs. ist eine Rampe vorhanden.\"><\/td><td>zug\u00e4nglich mit Rollstuhl<\/td><\/tr><\/tbody><\/table><\/figure>\n\n\n\n<p><strong>Weitere Hinweise zur Barrierefreiheit<\/strong><\/p>\n\n\n\n<ul class=\"wp-block-list\">\n<li>Behindertenparkpl\u00e4tze befinden sich unter anderem am Marktplatz<\/li>\n\n\n\n<li>n\u00e4chstgelegene, barrierefreie Toiletten:<br>im Stadtmuseum bis 17 Uhr (direkt am Markt)<br>im Kaufhof bis 20 Uhr (Kaiserstr.)<br>im Bahnhof (Europaplatz)<br>Es ist nicht bekannt, ob die genannten Toiletten dem DIN-Standard entsprechen<\/li>\n<\/ul>\n<\/div>\n\n\n\n<div class=\"wp-block-column is-layout-flow wp-block-column-is-layout-flow\">\n<h4 class=\"wp-block-heading\">Kontaktdaten<\/h4>\n\n\n\n<p>Marktplatz Siegburg<br>53721 Siegburg<br>Telefon: 00 49 22 41 10 27 53 3<br>E-Mail: weihnachtsmarkt@siegburg.de<br>Website: <a href=\"https:\/\/mittelalterlicher-markt-siegburg.de\">https:\/\/mittelalterlicher-markt-siegburg.de<\/a><\/p>\n\n\n\n<h4 class=\"wp-block-heading\"><strong>\u00d6ffnungszeiten<\/strong><\/h4>\n\n\n\n<p>25.11. bis 22.12.2023<br>Sonntag bis Donnerstag: 11:00 &#8211; 20:00 Uhr<br>Freitag und Samstag: 11:00 &#8211; 21:00 Uhr<\/p>\n\n\n\n<h4 class=\"wp-block-heading\"><strong>Erreichbarkeit mit \u00f6ffentlichen Verkehrsmitteln<\/strong><\/h4>\n\n\n\n<p>Haltestelle Siegburg \/ Bonn<br>Stadtbahnlinien 66 und 67<br>Buslinien 501, 502, 503, 509, 510, 511, 512, 513, 515, 527, 553, 555, 556, 557, 577, 640<\/p>\n\n\n\n<h4 class=\"wp-block-heading\"><strong>Bonn-Ausweis<\/strong><\/h4>\n\n\n\n<p>Nein<\/p>\n\n\n\n<h4 class=\"wp-block-heading\"><strong>Angebot f\u00fcr Gefl\u00fcchtete<\/strong><\/h4>\n\n\n\n<p>Nein<\/p>\n\n\n\n<h4 class=\"wp-block-heading\"><strong>Eintritt<\/strong><\/h4>\n\n\n\n<p>Eintritt frei<\/p>\n<\/div>\n<\/div>\n<\/div><\/details>\n\n\n\n<details class=\"wp-block-themeisle-blocks-accordion-item\"><summary class=\"wp-block-themeisle-blocks-accordion-item__title\"><h2><strong>Weihnachtsmarkt in der Bonner Innenstadt <\/strong> <img decoding=\"async\" style=\"width: 50px\" src=\"https:\/\/behinderung-und-flucht.isl-ev.de\/wp-content\/uploads\/2023\/02\/WKU-Icons_Leichte-Sprache.svg\" alt=\"Leichte Sprache Die Veranstaltungsinformationen stehen auch in leichter Sprache zur Verf\u00fcgung.\"><img decoding=\"async\" src=\"https:\/\/behinderung-und-flucht.isl-ev.de\/wp-content\/uploads\/2023\/02\/WKU-Icons_Zugaenglich-mit-Rollstuhl.svg\" alt=\"Zug\u00e4nglich mit Rollstuhl Den Gast erwarten keine Treppen, ggfs. ist eine Rampe vorhanden.\" style=\"width: 50px\"><\/h2><\/summary><div class=\"wp-block-themeisle-blocks-accordion-item__content\">\n<h3 class=\"wp-block-heading\">Weihnachtsmarkt in der Bonner Innenstadt<\/h3>\n\n\n\n<h4 class=\"wp-block-heading\">Erkl\u00e4rung<\/h4>\n\n\n\n<p>Der Weihnachtsmarkt bietet mit mehr als 160 verschiedenen St\u00e4nden ein vielf\u00e4ltiges Angebot.<\/p>\n\n\n\n<div class=\"wp-block-columns is-style-default is-layout-flex wp-container-core-columns-is-layout-9d6595d7 wp-block-columns-is-layout-flex\">\n<div class=\"wp-block-column is-layout-flow wp-block-column-is-layout-flow\">\n<h4 class=\"wp-block-heading\"><strong>Barrierefreiheit<\/strong><\/h4>\n\n\n\n<figure class=\"wp-block-table\"><table class=\"has-white-background-color has-background\"><tbody><tr><td><img decoding=\"async\" src=\"https:\/\/behinderung-und-flucht.isl-ev.de\/wp-content\/uploads\/2023\/02\/WKU-Icons_Leichte-Sprache.svg\" alt=\"Leichte Sprache Die Veranstaltungsinformationen stehen auch in leichter Sprache zur Verf\u00fcgung.\" style=\"width: 150px\"><\/td><td>Leichte Sprache<\/td><\/tr><tr><td><img decoding=\"async\" src=\"https:\/\/behinderung-und-flucht.isl-ev.de\/wp-content\/uploads\/2023\/02\/WKU-Icons_Zugaenglich-mit-Rollstuhl.svg\" alt=\"Zug\u00e4nglich mit Rollstuhl Den Gast erwarten keine Treppen, ggfs. ist eine Rampe vorhanden.\"><\/td><td>zug\u00e4nglich mit Rollstuhl<\/td><\/tr><\/tbody><\/table><\/figure>\n\n\n\n<p><strong>Weitere Hinweise zur Barrierefreiheit<\/strong><\/p>\n\n\n\n<ul class=\"wp-block-list\">\n<li>Information zum Weihnachtsmarkt in Leichter Sprache vorhanden<\/li>\n\n\n\n<li>ein barrierefreier Toilettenwagen befindet sich am M\u00fcnsterplatz zwischen Midi und Riesenrad und w\u00e4hrend der Gesch\u00e4fts\u00f6ffnungszeiten in den Gesch\u00e4ften rundherum, zum Beispiel Galeria Kaufhof, Sinn Leffers oder C&amp;A. <br>Es ist nicht bekannt, ob die genannten Toiletten dem DIN-Standard entsprechen<\/li>\n<\/ul>\n<\/div>\n\n\n\n<div class=\"wp-block-column is-layout-flow wp-block-column-is-layout-flow\">\n<h4 class=\"wp-block-heading\">Kontaktdaten<\/h4>\n\n\n\n<p>Bonner Innenstadt<br>Bottler-Platz, Friedensplatz, M\u00fclheimer Platz zw. Windeckstr., Vivatsgasse, Poststr. und M\u00fcnsterplatz<br>Website<strong>: <\/strong><a href=\"https:\/\/www.bonn.de\/bonn-erleben\/ausgehen-und-erleben\/weihnachtsmaerkte.php\">https:\/\/www.bonn.de\/bonn-erleben\/ausgehen-und-erleben\/weihnachtsmaerkte.php<\/a><\/p>\n\n\n\n<h4 class=\"wp-block-heading\"><strong>\u00d6ffnungszeiten<\/strong><\/h4>\n\n\n\n<p>ab dem 1. Advent bis zum 23.12.<br>sonntags bis donnerstags 11 bis 21 Uhr (Ausschank und Imbiss bis 21.30 Uhr)<br>freitags und samstags 11 bis 21 Uhr (Ausschank und Imbiss bis 22.30 Uhr)<\/p>\n\n\n\n<h4 class=\"wp-block-heading\"><strong>Erreichbarkeit mit \u00f6ffentlichen Verkehrsmitteln<\/strong><\/h4>\n\n\n\n<p>Haltestelle Bertha-von-Suttner-Platz<br>Stadtbahnlinien 62, 65, 66 und 67<br>Buslinien 529, 537, 550, 602, 603, 606, 607, 608, 609 und 640<\/p>\n\n\n\n<h4 class=\"wp-block-heading\"><strong>Bonn-Ausweis<\/strong><\/h4>\n\n\n\n<p>Nein<\/p>\n\n\n\n<h4 class=\"wp-block-heading\"><strong>Angebot f\u00fcr Gefl\u00fcchtete<\/strong><\/h4>\n\n\n\n<p>Nein<\/p>\n\n\n\n<h4 class=\"wp-block-heading\"><strong>Eintritt<\/strong><\/h4>\n\n\n\n<p>Eintritt frei<\/p>\n<\/div>\n<\/div>\n<\/div><\/details>\n<\/div>\n\n\n\n<div class=\"wp-block-buttons is-horizontal is-content-justification-left is-layout-flex wp-container-core-buttons-is-layout-7e5fce0a wp-block-buttons-is-layout-flex\">\n<div class=\"wp-block-button has-custom-font-size has-small-font-size\"><a class=\"wp-block-button__link has-background wp-element-button\" href=\"https:\/\/behinderung-und-flucht.isl-ev.de\/kulturguide\/bonn\/\" style=\"border-radius:55px;background-color:#91025b;padding-top:var(--wp--preset--spacing--20);padding-right:var(--wp--preset--spacing--20);padding-bottom:var(--wp--preset--spacing--20);padding-left:var(--wp--preset--spacing--20)\">Zur\u00fcck zur \u00dcbersicht<\/a><\/div>\n<\/div>\n","protected":false},"excerpt":{"rendered":"","protected":false},"author":1,"featured_media":0,"parent":2726,"menu_order":0,"comment_status":"closed","ping_status":"closed","template":"","meta":{"ub_ctt_via":"","inline_featured_image":false,"_themeisle_gutenberg_block_has_review":false,"_mc_calendar":[],"footnotes":""},"categories":[],"tags":[],"class_list":["post-3422","page","type-page","status-publish","hentry","entry"],"featured_image_src":null,"yoast_head":"<!-- This site is optimized with the Yoast SEO plugin v21.4 - https:\/\/yoast.com\/wordpress\/plugins\/seo\/ -->\n<title>Weihnachtsmarkt - Infoseite der Interessenvertretung Selbstbestimmt Leben in Deutschland e.V.<\/title>\n<meta name=\"robots\" content=\"index, follow, max-snippet:-1, max-image-preview:large, max-video-preview:-1\" \/>\n<link rel=\"canonical\" href=\"https:\/\/behinderung-und-flucht.isl-ev.de\/en\/kulturguide\/bonn\/weihnachtsmarkt\/\" \/>\n<meta property=\"og:locale\" content=\"en_US\" \/>\n<meta property=\"og:type\" content=\"article\" \/>\n<meta property=\"og:title\" content=\"Weihnachtsmarkt - Infoseite der Interessenvertretung Selbstbestimmt Leben in Deutschland e.V.\" \/>\n<meta property=\"og:url\" content=\"https:\/\/behinderung-und-flucht.isl-ev.de\/en\/kulturguide\/bonn\/weihnachtsmarkt\/\" \/>\n<meta property=\"og:site_name\" content=\"Infoseite der Interessenvertretung Selbstbestimmt Leben in Deutschland e.V.\" \/>\n<meta property=\"article:modified_time\" content=\"2023-03-07T20:02:15+00:00\" \/>\n<meta property=\"og:image\" content=\"https:\/\/behinderung-und-flucht.isl-ev.de\/wp-content\/uploads\/2023\/02\/WKU-Icons_Behindertenparkplaetze-vorhanden.svg\" \/>\n<meta name=\"twitter:card\" content=\"summary_large_image\" \/>\n<meta name=\"twitter:label1\" content=\"Est. reading time\" \/>\n\t<meta name=\"twitter:data1\" content=\"4 minutes\" \/>\n<script type=\"application\/ld+json\" class=\"yoast-schema-graph\">{\"@context\":\"https:\/\/schema.org\",\"@graph\":[{\"@type\":\"WebPage\",\"@id\":\"https:\/\/behinderung-und-flucht.isl-ev.de\/en\/kulturguide\/bonn\/weihnachtsmarkt\/\",\"url\":\"https:\/\/behinderung-und-flucht.isl-ev.de\/en\/kulturguide\/bonn\/weihnachtsmarkt\/\",\"name\":\"Weihnachtsmarkt - Infoseite der Interessenvertretung Selbstbestimmt Leben in Deutschland e.V.\",\"isPartOf\":{\"@id\":\"https:\/\/behinderung-und-flucht.isl-ev.de\/en\/#website\"},\"datePublished\":\"2023-03-01T19:26:34+00:00\",\"dateModified\":\"2023-03-07T20:02:15+00:00\",\"breadcrumb\":{\"@id\":\"https:\/\/behinderung-und-flucht.isl-ev.de\/en\/kulturguide\/bonn\/weihnachtsmarkt\/#breadcrumb\"},\"inLanguage\":\"en-US\",\"potentialAction\":[{\"@type\":\"ReadAction\",\"target\":[\"https:\/\/behinderung-und-flucht.isl-ev.de\/en\/kulturguide\/bonn\/weihnachtsmarkt\/\"]}]},{\"@type\":\"BreadcrumbList\",\"@id\":\"https:\/\/behinderung-und-flucht.isl-ev.de\/en\/kulturguide\/bonn\/weihnachtsmarkt\/#breadcrumb\",\"itemListElement\":[{\"@type\":\"ListItem\",\"position\":1,\"name\":\"Startseite\",\"item\":\"https:\/\/behinderung-und-flucht.isl-ev.de\/en\/\"},{\"@type\":\"ListItem\",\"position\":2,\"name\":\"Kulturguide\",\"item\":\"https:\/\/behinderung-und-flucht.isl-ev.de\/en\/kulturguide\/\"},{\"@type\":\"ListItem\",\"position\":3,\"name\":\"Bonn\",\"item\":\"https:\/\/behinderung-und-flucht.isl-ev.de\/en\/kulturguide\/bonn\/\"},{\"@type\":\"ListItem\",\"position\":4,\"name\":\"Weihnachtsmarkt\"}]},{\"@type\":\"WebSite\",\"@id\":\"https:\/\/behinderung-und-flucht.isl-ev.de\/en\/#website\",\"url\":\"https:\/\/behinderung-und-flucht.isl-ev.de\/en\/\",\"name\":\"Infoseite f\u00fcr gefl\u00fcchtete Menschen mit Behinderungen oder chronischen Erkrankungen\",\"description\":\"Informationen f\u00fcr gefl\u00fcchtete Menschen mit Behinderungen oder chronischen Erkrankungen\",\"publisher\":{\"@id\":\"https:\/\/behinderung-und-flucht.isl-ev.de\/en\/#organization\"},\"alternateName\":\"Infoseite f\u00fcr gefl\u00fcchtete Menschen mit Behinderungen\",\"potentialAction\":[{\"@type\":\"SearchAction\",\"target\":{\"@type\":\"EntryPoint\",\"urlTemplate\":\"https:\/\/behinderung-und-flucht.isl-ev.de\/en\/?s={search_term_string}\"},\"query-input\":\"required name=search_term_string\"}],\"inLanguage\":\"en-US\"},{\"@type\":\"Organization\",\"@id\":\"https:\/\/behinderung-und-flucht.isl-ev.de\/en\/#organization\",\"name\":\"Infoseite der Interessenvertretung Selbstbestimmt Leben in Deutschland e.V.\",\"url\":\"https:\/\/behinderung-und-flucht.isl-ev.de\/en\/\",\"logo\":{\"@type\":\"ImageObject\",\"inLanguage\":\"en-US\",\"@id\":\"https:\/\/behinderung-und-flucht.isl-ev.de\/en\/#\/schema\/logo\/image\/\",\"url\":\"https:\/\/behinderung-und-flucht.isl-ev.de\/wp-content\/uploads\/2022\/09\/logo-infoseite-04.svg\",\"contentUrl\":\"https:\/\/behinderung-und-flucht.isl-ev.de\/wp-content\/uploads\/2022\/09\/logo-infoseite-04.svg\",\"caption\":\"Infoseite der Interessenvertretung Selbstbestimmt Leben in Deutschland e.V.\"},\"image\":{\"@id\":\"https:\/\/behinderung-und-flucht.isl-ev.de\/en\/#\/schema\/logo\/image\/\"}}]}<\/script>\n<!-- \/ Yoast SEO plugin. -->","yoast_head_json":{"title":"Weihnachtsmarkt - Infoseite der Interessenvertretung Selbstbestimmt Leben in Deutschland e.V.","robots":{"index":"index","follow":"follow","max-snippet":"max-snippet:-1","max-image-preview":"max-image-preview:large","max-video-preview":"max-video-preview:-1"},"canonical":"https:\/\/behinderung-und-flucht.isl-ev.de\/en\/kulturguide\/bonn\/weihnachtsmarkt\/","og_locale":"en_US","og_type":"article","og_title":"Weihnachtsmarkt - Infoseite der Interessenvertretung Selbstbestimmt Leben in Deutschland e.V.","og_url":"https:\/\/behinderung-und-flucht.isl-ev.de\/en\/kulturguide\/bonn\/weihnachtsmarkt\/","og_site_name":"Infoseite der Interessenvertretung Selbstbestimmt Leben in Deutschland e.V.","article_modified_time":"2023-03-07T20:02:15+00:00","og_image":[{"url":"https:\/\/behinderung-und-flucht.isl-ev.de\/wp-content\/uploads\/2023\/02\/WKU-Icons_Behindertenparkplaetze-vorhanden.svg"}],"twitter_card":"summary_large_image","twitter_misc":{"Est. reading time":"4 minutes"},"schema":{"@context":"https:\/\/schema.org","@graph":[{"@type":"WebPage","@id":"https:\/\/behinderung-und-flucht.isl-ev.de\/en\/kulturguide\/bonn\/weihnachtsmarkt\/","url":"https:\/\/behinderung-und-flucht.isl-ev.de\/en\/kulturguide\/bonn\/weihnachtsmarkt\/","name":"Weihnachtsmarkt - Infoseite der Interessenvertretung Selbstbestimmt Leben in Deutschland e.V.","isPartOf":{"@id":"https:\/\/behinderung-und-flucht.isl-ev.de\/en\/#website"},"datePublished":"2023-03-01T19:26:34+00:00","dateModified":"2023-03-07T20:02:15+00:00","breadcrumb":{"@id":"https:\/\/behinderung-und-flucht.isl-ev.de\/en\/kulturguide\/bonn\/weihnachtsmarkt\/#breadcrumb"},"inLanguage":"en-US","potentialAction":[{"@type":"ReadAction","target":["https:\/\/behinderung-und-flucht.isl-ev.de\/en\/kulturguide\/bonn\/weihnachtsmarkt\/"]}]},{"@type":"BreadcrumbList","@id":"https:\/\/behinderung-und-flucht.isl-ev.de\/en\/kulturguide\/bonn\/weihnachtsmarkt\/#breadcrumb","itemListElement":[{"@type":"ListItem","position":1,"name":"Startseite","item":"https:\/\/behinderung-und-flucht.isl-ev.de\/en\/"},{"@type":"ListItem","position":2,"name":"Kulturguide","item":"https:\/\/behinderung-und-flucht.isl-ev.de\/en\/kulturguide\/"},{"@type":"ListItem","position":3,"name":"Bonn","item":"https:\/\/behinderung-und-flucht.isl-ev.de\/en\/kulturguide\/bonn\/"},{"@type":"ListItem","position":4,"name":"Weihnachtsmarkt"}]},{"@type":"WebSite","@id":"https:\/\/behinderung-und-flucht.isl-ev.de\/en\/#website","url":"https:\/\/behinderung-und-flucht.isl-ev.de\/en\/","name":"Infoseite f\u00fcr gefl\u00fcchtete Menschen mit Behinderungen oder chronischen Erkrankungen","description":"Informationen f\u00fcr gefl\u00fcchtete Menschen mit Behinderungen oder chronischen Erkrankungen","publisher":{"@id":"https:\/\/behinderung-und-flucht.isl-ev.de\/en\/#organization"},"alternateName":"Infoseite f\u00fcr gefl\u00fcchtete Menschen mit Behinderungen","potentialAction":[{"@type":"SearchAction","target":{"@type":"EntryPoint","urlTemplate":"https:\/\/behinderung-und-flucht.isl-ev.de\/en\/?s={search_term_string}"},"query-input":"required name=search_term_string"}],"inLanguage":"en-US"},{"@type":"Organization","@id":"https:\/\/behinderung-und-flucht.isl-ev.de\/en\/#organization","name":"Infoseite der Interessenvertretung Selbstbestimmt Leben in Deutschland e.V.","url":"https:\/\/behinderung-und-flucht.isl-ev.de\/en\/","logo":{"@type":"ImageObject","inLanguage":"en-US","@id":"https:\/\/behinderung-und-flucht.isl-ev.de\/en\/#\/schema\/logo\/image\/","url":"https:\/\/behinderung-und-flucht.isl-ev.de\/wp-content\/uploads\/2022\/09\/logo-infoseite-04.svg","contentUrl":"https:\/\/behinderung-und-flucht.isl-ev.de\/wp-content\/uploads\/2022\/09\/logo-infoseite-04.svg","caption":"Infoseite der Interessenvertretung Selbstbestimmt Leben in Deutschland e.V."},"image":{"@id":"https:\/\/behinderung-und-flucht.isl-ev.de\/en\/#\/schema\/logo\/image\/"}}]}},"_links":{"self":[{"href":"https:\/\/behinderung-und-flucht.isl-ev.de\/en\/wp-json\/wp\/v2\/pages\/3422","targetHints":{"allow":["GET"]}}],"collection":[{"href":"https:\/\/behinderung-und-flucht.isl-ev.de\/en\/wp-json\/wp\/v2\/pages"}],"about":[{"href":"https:\/\/behinderung-und-flucht.isl-ev.de\/en\/wp-json\/wp\/v2\/types\/page"}],"author":[{"embeddable":true,"href":"https:\/\/behinderung-und-flucht.isl-ev.de\/en\/wp-json\/wp\/v2\/users\/1"}],"replies":[{"embeddable":true,"href":"https:\/\/behinderung-und-flucht.isl-ev.de\/en\/wp-json\/wp\/v2\/comments?post=3422"}],"version-history":[{"count":6,"href":"https:\/\/behinderung-und-flucht.isl-ev.de\/en\/wp-json\/wp\/v2\/pages\/3422\/revisions"}],"predecessor-version":[{"id":3578,"href":"https:\/\/behinderung-und-flucht.isl-ev.de\/en\/wp-json\/wp\/v2\/pages\/3422\/revisions\/3578"}],"up":[{"embeddable":true,"href":"https:\/\/behinderung-und-flucht.isl-ev.de\/en\/wp-json\/wp\/v2\/pages\/2726"}],"wp:attachment":[{"href":"https:\/\/behinderung-und-flucht.isl-ev.de\/en\/wp-json\/wp\/v2\/media?parent=3422"}],"wp:term":[{"taxonomy":"category","embeddable":true,"href":"https:\/\/behinderung-und-flucht.isl-ev.de\/en\/wp-json\/wp\/v2\/categories?post=3422"},{"taxonomy":"post_tag","embeddable":true,"href":"https:\/\/behinderung-und-flucht.isl-ev.de\/en\/wp-json\/wp\/v2\/tags?post=3422"}],"curies":[{"name":"wp","href":"https:\/\/api.w.org\/{rel}","templated":true}]}}